{"id":3131,"date":"2010-03-23T20:50:07","date_gmt":"2010-03-23T20:50:07","guid":{"rendered":"http:\/\/www.kaminakeskus.ee\/?page_id=3131"},"modified":"2010-04-23T10:07:38","modified_gmt":"2010-04-23T10:07:38","slug":"abx","status":"publish","type":"page","link":"https:\/\/www.kaminakeskus.ee\/fi\/takat\/abx\/","title":{"rendered":"ABX"},"content":{"rendered":"<div class=\"pagecontent\">\n<div>\n<div>\n<h1>ABX<\/h1>\n<div>\n<div>\n<h3><a rel=\"lightbox\" href=\"http:\/\/www.kaminakeskus.ee\/docs\/gallery\/full\/e4W1d1D4g853o391a5e3.jpg\"><img decoding=\"async\" src=\"http:\/\/www.kaminakeskus.ee\/docs\/gallery\/13W795p7Q20115H892u5.jpg\" alt=\"\" width=\"120\" height=\"150\" \/><\/a><\/h3>\n<h4><strong>Arktis 4\/8<\/strong><br \/>\nTeho: 5\/8 KW<br \/>\nKorkeus: 986\/1090 mm<br \/>\nLeveys:  515\/645 mm<br \/>\nSyvyys: 376\/470 mm<br \/>\nHormin halkaisija: \u00d8 150 mm<br \/>\nV\u00e4ri:  harmaa graniitti, vuolukivikiuas, ruostumaton<\/p>\n<p><a href=\"http:\/\/www.kaminakeskus.ee\/107\/21\/22\/486\/fin\/takat\/takat\/abx\/arktis-4-8\"><strong>read  more<\/strong><\/a><\/h4>\n<\/div>\n<div>\n<h3><a rel=\"lightbox\" href=\"http:\/\/www.kaminakeskus.ee\/docs\/gallery\/full\/n581y1h4K1a4A5k4q3p2.jpg\"><img decoding=\"async\" src=\"http:\/\/www.kaminakeskus.ee\/docs\/gallery\/q162a5S2u4u5r262q324.jpg\" alt=\"\" width=\"120\" height=\"150\" \/><\/a><\/h3>\n<h4><strong>Troll<\/strong><br \/>\nTeho: 14 KW<br \/>\nKorkeus: 1127 mm<br \/>\nLeveys: 500 mm<br \/>\nSyvyys:  500 mm<br \/>\nHormin halkaisija: \u00d8 150 mm<\/p>\n<p><a href=\"http:\/\/www.kaminakeskus.ee\/107\/21\/22\/482\/fin\/takat\/takat\/abx\/troll\"><strong>read  more<\/strong><\/a><\/h4>\n<\/div>\n<div>\n<h3><a rel=\"lightbox\" href=\"http:\/\/www.kaminakeskus.ee\/docs\/gallery\/full\/q634n8k5J394o5u2s5m8.jpg\"><img decoding=\"async\" src=\"http:\/\/www.kaminakeskus.ee\/docs\/gallery\/12l795c7A2h6j136j3h8.jpg\" alt=\"\" width=\"120\" height=\"150\" \/><\/a><\/h3>\n<h4><strong>Polar 4\/6\/8<\/strong><br \/>\nTeho: 5\/6\/8 KW<br \/>\nKorkeus: 1086\/1108\/1230 mm<br \/>\nLeveys:  515\/596\/645 mm<br \/>\nSyvyys: 376\/445\/470 mm<br \/>\nHormin halkaisija: \u00d8 150 mm<br \/>\nV\u00e4ri:  harmaa graniitti, vuolukivikiuas, ruostumaton<\/p>\n<p><a href=\"http:\/\/www.kaminakeskus.ee\/107\/21\/22\/478\/fin\/takat\/takat\/abx\/polar-4-6-8\"><strong>read  more<\/strong><\/a><\/h4>\n<\/div>\n<p><img decoding=\"async\" src=\"http:\/\/www.kaminakeskus.ee\/docs\/pics\/abxlogo.gif\" alt=\"\" width=\"134\" height=\"47\" \/><\/p>\n<p><strong>KATSO VALMISTAJAN KOTISIVULLE:<\/strong><br \/>\n<a href=\"http:\/\/www.abx.cz\/index\/www\/katalog_krbova_kamna.php?lang=cz\">http:\/\/www.abx.cz\/index\/www\/katalog_krbova_kamna.php?lang=cz<\/a><\/p>\n<\/div>\n<\/div>\n<\/div>\n<\/div>\n","protected":false},"excerpt":{"rendered":"<p>ABX Arktis 4\/8 Teho: 5\/8 KW Korkeus: 986\/1090 mm Leveys:  [&#8230;]<\/p>\n","protected":false},"author":3,"featured_media":0,"parent":1550,"menu_order":0,"comment_status":"open","ping_status":"open","template":"tooted.php","meta":{"footnotes":""},"class_list":["post-3131","page","type-page","status-publish","hentry"],"yoast_head":"<!-- This site is optimized with the Yoast SEO Premium plugin v27.5 (Yoast SEO v27.5) - https:\/\/yoast.com\/product\/yoast-seo-premium-wordpress\/ -->\n<title>KaminaKeskus<\/title>\n<meta name=\"description\" content=\"Kaminate, pliitide, ahjude ja korstnate m\u00fc\u00fck\" \/>\n<meta name=\"robots\" content=\"index, follow, max-snippet:-1, max-image-preview:large, max-video-preview:-1\" \/>\n<link rel=\"canonical\" href=\"https:\/\/www.kaminakeskus.ee\/fi\/takat\/abx\/\" \/>\n<meta property=\"og:locale\" content=\"fi_FI\" \/>\n<meta property=\"og:type\" content=\"article\" \/>\n<meta property=\"og:title\" content=\"ABX - Kaminakeskus | Kaminad, Ahjud, Pliidid, Saunaahjud, Korstnad, Katlad\" \/>\n<meta property=\"og:description\" content=\"Kaminate, pliitide, ahjude ja korstnate m\u00fc\u00fck\" \/>\n<meta property=\"og:url\" content=\"https:\/\/www.kaminakeskus.ee\/fi\/takat\/abx\/\" \/>\n<meta property=\"og:site_name\" content=\"Kaminakeskus | Kaminad, Ahjud, Pliidid, Saunaahjud, Korstnad, Katlad\" \/>\n<meta property=\"article:publisher\" content=\"https:\/\/www.facebook.com\/kaminakeskus\/yoast\" \/>\n<meta property=\"article:modified_time\" content=\"2010-04-23T10:07:38+00:00\" \/>\n<meta property=\"og:image\" content=\"http:\/\/www.kaminakeskus.ee\/docs\/gallery\/13W795p7Q20115H892u5.jpg\" \/>\n<meta name=\"twitter:card\" content=\"summary_large_image\" \/>\n<script type=\"application\/ld+json\" class=\"yoast-schema-graph\">{\"@context\":\"https:\\\/\\\/schema.org\",\"@graph\":[{\"@type\":\"WebPage\",\"@id\":\"https:\\\/\\\/www.kaminakeskus.ee\\\/fi\\\/takat\\\/abx\\\/\",\"url\":\"https:\\\/\\\/www.kaminakeskus.ee\\\/fi\\\/takat\\\/abx\\\/\",\"name\":\"KaminaKeskus\",\"isPartOf\":{\"@id\":\"https:\\\/\\\/www.kaminakeskus.ee\\\/fi\\\/#website\"},\"primaryImageOfPage\":{\"@id\":\"https:\\\/\\\/www.kaminakeskus.ee\\\/fi\\\/takat\\\/abx\\\/#primaryimage\"},\"image\":{\"@id\":\"https:\\\/\\\/www.kaminakeskus.ee\\\/fi\\\/takat\\\/abx\\\/#primaryimage\"},\"thumbnailUrl\":\"http:\\\/\\\/www.kaminakeskus.ee\\\/docs\\\/gallery\\\/13W795p7Q20115H892u5.jpg\",\"datePublished\":\"2010-03-23T20:50:07+00:00\",\"dateModified\":\"2010-04-23T10:07:38+00:00\",\"description\":\"Kaminate, pliitide, ahjude ja korstnate m\u00fc\u00fck\",\"breadcrumb\":{\"@id\":\"https:\\\/\\\/www.kaminakeskus.ee\\\/fi\\\/takat\\\/abx\\\/#breadcrumb\"},\"inLanguage\":\"fi-FI\",\"potentialAction\":[{\"@type\":\"ReadAction\",\"target\":[\"https:\\\/\\\/www.kaminakeskus.ee\\\/fi\\\/takat\\\/abx\\\/\"]}]},{\"@type\":\"ImageObject\",\"inLanguage\":\"fi-FI\",\"@id\":\"https:\\\/\\\/www.kaminakeskus.ee\\\/fi\\\/takat\\\/abx\\\/#primaryimage\",\"url\":\"http:\\\/\\\/www.kaminakeskus.ee\\\/docs\\\/gallery\\\/13W795p7Q20115H892u5.jpg\",\"contentUrl\":\"http:\\\/\\\/www.kaminakeskus.ee\\\/docs\\\/gallery\\\/13W795p7Q20115H892u5.jpg\"},{\"@type\":\"BreadcrumbList\",\"@id\":\"https:\\\/\\\/www.kaminakeskus.ee\\\/fi\\\/takat\\\/abx\\\/#breadcrumb\",\"itemListElement\":[{\"@type\":\"ListItem\",\"position\":1,\"name\":\"Home\",\"item\":\"https:\\\/\\\/www.kaminakeskus.ee\\\/fi\\\/\"},{\"@type\":\"ListItem\",\"position\":2,\"name\":\"TAKAT 1\",\"item\":\"https:\\\/\\\/www.kaminakeskus.ee\\\/fi\\\/takat\\\/\"},{\"@type\":\"ListItem\",\"position\":3,\"name\":\"ABX\"}]},{\"@type\":\"WebSite\",\"@id\":\"https:\\\/\\\/www.kaminakeskus.ee\\\/fi\\\/#website\",\"url\":\"https:\\\/\\\/www.kaminakeskus.ee\\\/fi\\\/\",\"name\":\"Kaminakeskus | Kaminad, Ahjud, Pliidid, Saunaahjud, Korstnad, Korsten, Moodulkorsten, Katlad\",\"description\":\"Kamin Kaminad Ahi Ahjud Pliit Pliidid Korstnad Katlad\",\"publisher\":{\"@id\":\"https:\\\/\\\/www.kaminakeskus.ee\\\/fi\\\/#organization\"},\"potentialAction\":[{\"@type\":\"SearchAction\",\"target\":{\"@type\":\"EntryPoint\",\"urlTemplate\":\"https:\\\/\\\/www.kaminakeskus.ee\\\/fi\\\/?s={search_term_string}\"},\"query-input\":{\"@type\":\"PropertyValueSpecification\",\"valueRequired\":true,\"valueName\":\"search_term_string\"}}],\"inLanguage\":\"fi-FI\"},{\"@type\":[\"Organization\",\"Place\"],\"@id\":\"https:\\\/\\\/www.kaminakeskus.ee\\\/fi\\\/#organization\",\"name\":\"R\u00e4ndr\u00fc\u00fctel HP O\u00dc\",\"alternateName\":\"KaminaKeskus\",\"url\":\"https:\\\/\\\/www.kaminakeskus.ee\\\/\",\"logo\":{\"@type\":\"ImageObject\",\"inLanguage\":\"fi-FI\",\"@id\":\"https:\\\/\\\/www.kaminakeskus.ee\\\/fi\\\/#\\\/schema\\\/logo\\\/image\\\/\",\"url\":\"https:\\\/\\\/www.kaminakeskus.ee\\\/wp-content\\\/uploads\\\/2026\\\/02\\\/Kaminakeskus-logo-1-1.jpg\",\"contentUrl\":\"https:\\\/\\\/www.kaminakeskus.ee\\\/wp-content\\\/uploads\\\/2026\\\/02\\\/Kaminakeskus-logo-1-1.jpg\",\"width\":2068,\"height\":532,\"caption\":\"R\u00e4ndr\u00fc\u00fctel HP O\u00dc\"},\"image\":{\"@id\":\"https:\\\/\\\/www.kaminakeskus.ee\\\/fi\\\/#\\\/schema\\\/logo\\\/image\\\/\"},\"sameAs\":[\"https:\\\/\\\/www.facebook.com\\\/kaminakeskus\\\/yoast\"],\"description\":\"Sales of fireplaces, chimneys and related goods. Kaminate, ahjude, pliitide, korstnate ja nendega seotud toodete m\u00fc\u00fck.\",\"legalName\":\"R\u00e4ndr\u00fc\u00fctel HP O\u00dc\",\"foundingDate\":\"1997-05-13\",\"leiCode\":\"9845007FC4HB963C8D65\",\"numberOfEmployees\":{\"@type\":\"QuantitativeValue\",\"minValue\":\"1\",\"maxValue\":\"10\"},\"telephone\":[\"+372 5543239\",\"+372 58812360\"],\"contactPoint\":{\"@type\":\"ContactPoint\",\"telephone\":\"+372 5543239\",\"email\":\"kaminakeskus@gmail.com\"},\"email\":\"kaminakeskus@gmail.com\",\"vatID\":\"EE100831739\",\"taxID\":\"10208374\"}]}<\/script>\n<!-- \/ Yoast SEO Premium plugin. -->","yoast_head_json":{"title":"KaminaKeskus","description":"Kaminate, pliitide, ahjude ja korstnate m\u00fc\u00fck","robots":{"index":"index","follow":"follow","max-snippet":"max-snippet:-1","max-image-preview":"max-image-preview:large","max-video-preview":"max-video-preview:-1"},"canonical":"https:\/\/www.kaminakeskus.ee\/fi\/takat\/abx\/","og_locale":"fi_FI","og_type":"article","og_title":"ABX - Kaminakeskus | Kaminad, Ahjud, Pliidid, Saunaahjud, Korstnad, Katlad","og_description":"Kaminate, pliitide, ahjude ja korstnate m\u00fc\u00fck","og_url":"https:\/\/www.kaminakeskus.ee\/fi\/takat\/abx\/","og_site_name":"Kaminakeskus | Kaminad, Ahjud, Pliidid, Saunaahjud, Korstnad, Katlad","article_publisher":"https:\/\/www.facebook.com\/kaminakeskus\/yoast","article_modified_time":"2010-04-23T10:07:38+00:00","og_image":[{"url":"http:\/\/www.kaminakeskus.ee\/docs\/gallery\/13W795p7Q20115H892u5.jpg","type":"","width":"","height":""}],"twitter_card":"summary_large_image","schema":{"@context":"https:\/\/schema.org","@graph":[{"@type":"WebPage","@id":"https:\/\/www.kaminakeskus.ee\/fi\/takat\/abx\/","url":"https:\/\/www.kaminakeskus.ee\/fi\/takat\/abx\/","name":"KaminaKeskus","isPartOf":{"@id":"https:\/\/www.kaminakeskus.ee\/fi\/#website"},"primaryImageOfPage":{"@id":"https:\/\/www.kaminakeskus.ee\/fi\/takat\/abx\/#primaryimage"},"image":{"@id":"https:\/\/www.kaminakeskus.ee\/fi\/takat\/abx\/#primaryimage"},"thumbnailUrl":"http:\/\/www.kaminakeskus.ee\/docs\/gallery\/13W795p7Q20115H892u5.jpg","datePublished":"2010-03-23T20:50:07+00:00","dateModified":"2010-04-23T10:07:38+00:00","description":"Kaminate, pliitide, ahjude ja korstnate m\u00fc\u00fck","breadcrumb":{"@id":"https:\/\/www.kaminakeskus.ee\/fi\/takat\/abx\/#breadcrumb"},"inLanguage":"fi-FI","potentialAction":[{"@type":"ReadAction","target":["https:\/\/www.kaminakeskus.ee\/fi\/takat\/abx\/"]}]},{"@type":"ImageObject","inLanguage":"fi-FI","@id":"https:\/\/www.kaminakeskus.ee\/fi\/takat\/abx\/#primaryimage","url":"http:\/\/www.kaminakeskus.ee\/docs\/gallery\/13W795p7Q20115H892u5.jpg","contentUrl":"http:\/\/www.kaminakeskus.ee\/docs\/gallery\/13W795p7Q20115H892u5.jpg"},{"@type":"BreadcrumbList","@id":"https:\/\/www.kaminakeskus.ee\/fi\/takat\/abx\/#breadcrumb","itemListElement":[{"@type":"ListItem","position":1,"name":"Home","item":"https:\/\/www.kaminakeskus.ee\/fi\/"},{"@type":"ListItem","position":2,"name":"TAKAT 1","item":"https:\/\/www.kaminakeskus.ee\/fi\/takat\/"},{"@type":"ListItem","position":3,"name":"ABX"}]},{"@type":"WebSite","@id":"https:\/\/www.kaminakeskus.ee\/fi\/#website","url":"https:\/\/www.kaminakeskus.ee\/fi\/","name":"Kaminakeskus | Kaminad, Ahjud, Pliidid, Saunaahjud, Korstnad, Korsten, Moodulkorsten, Katlad","description":"Kamin Kaminad Ahi Ahjud Pliit Pliidid Korstnad Katlad","publisher":{"@id":"https:\/\/www.kaminakeskus.ee\/fi\/#organization"},"potentialAction":[{"@type":"SearchAction","target":{"@type":"EntryPoint","urlTemplate":"https:\/\/www.kaminakeskus.ee\/fi\/?s={search_term_string}"},"query-input":{"@type":"PropertyValueSpecification","valueRequired":true,"valueName":"search_term_string"}}],"inLanguage":"fi-FI"},{"@type":["Organization","Place"],"@id":"https:\/\/www.kaminakeskus.ee\/fi\/#organization","name":"R\u00e4ndr\u00fc\u00fctel HP O\u00dc","alternateName":"KaminaKeskus","url":"https:\/\/www.kaminakeskus.ee\/","logo":{"@type":"ImageObject","inLanguage":"fi-FI","@id":"https:\/\/www.kaminakeskus.ee\/fi\/#\/schema\/logo\/image\/","url":"https:\/\/www.kaminakeskus.ee\/wp-content\/uploads\/2026\/02\/Kaminakeskus-logo-1-1.jpg","contentUrl":"https:\/\/www.kaminakeskus.ee\/wp-content\/uploads\/2026\/02\/Kaminakeskus-logo-1-1.jpg","width":2068,"height":532,"caption":"R\u00e4ndr\u00fc\u00fctel HP O\u00dc"},"image":{"@id":"https:\/\/www.kaminakeskus.ee\/fi\/#\/schema\/logo\/image\/"},"sameAs":["https:\/\/www.facebook.com\/kaminakeskus\/yoast"],"description":"Sales of fireplaces, chimneys and related goods. Kaminate, ahjude, pliitide, korstnate ja nendega seotud toodete m\u00fc\u00fck.","legalName":"R\u00e4ndr\u00fc\u00fctel HP O\u00dc","foundingDate":"1997-05-13","leiCode":"9845007FC4HB963C8D65","numberOfEmployees":{"@type":"QuantitativeValue","minValue":"1","maxValue":"10"},"telephone":["+372 5543239","+372 58812360"],"contactPoint":{"@type":"ContactPoint","telephone":"+372 5543239","email":"kaminakeskus@gmail.com"},"email":"kaminakeskus@gmail.com","vatID":"EE100831739","taxID":"10208374"}]}},"_links":{"self":[{"href":"https:\/\/www.kaminakeskus.ee\/fi\/wp-json\/wp\/v2\/pages\/3131","targetHints":{"allow":["GET"]}}],"collection":[{"href":"https:\/\/www.kaminakeskus.ee\/fi\/wp-json\/wp\/v2\/pages"}],"about":[{"href":"https:\/\/www.kaminakeskus.ee\/fi\/wp-json\/wp\/v2\/types\/page"}],"author":[{"embeddable":true,"href":"https:\/\/www.kaminakeskus.ee\/fi\/wp-json\/wp\/v2\/users\/3"}],"replies":[{"embeddable":true,"href":"https:\/\/www.kaminakeskus.ee\/fi\/wp-json\/wp\/v2\/comments?post=3131"}],"version-history":[{"count":5,"href":"https:\/\/www.kaminakeskus.ee\/fi\/wp-json\/wp\/v2\/pages\/3131\/revisions"}],"predecessor-version":[{"id":4616,"href":"https:\/\/www.kaminakeskus.ee\/fi\/wp-json\/wp\/v2\/pages\/3131\/revisions\/4616"}],"up":[{"embeddable":true,"href":"https:\/\/www.kaminakeskus.ee\/fi\/wp-json\/wp\/v2\/pages\/1550"}],"wp:attachment":[{"href":"https:\/\/www.kaminakeskus.ee\/fi\/wp-json\/wp\/v2\/media?parent=3131"}],"curies":[{"name":"wp","href":"https:\/\/api.w.org\/{rel}","templated":true}]}}