{"id":53826,"date":"2021-08-18T07:15:19","date_gmt":"2021-08-18T07:15:19","guid":{"rendered":"https:\/\/www.kaminakeskus.ee\/takka-takat\/"},"modified":"2021-09-02T15:53:15","modified_gmt":"2021-09-02T15:53:15","slug":"takka-takat","status":"publish","type":"page","link":"https:\/\/www.kaminakeskus.ee\/fi\/takka-takat\/","title":{"rendered":"TAKKA TAKAT"},"content":{"rendered":"<p><div class=\"fusion-fullwidth fullwidth-box fusion-builder-row-1 fusion-flex-container hundred-percent-fullwidth non-hundred-percent-height-scrolling\" style=\"--awb-border-radius-top-left:0px;--awb-border-radius-top-right:0px;--awb-border-radius-bottom-right:0px;--awb-border-radius-bottom-left:0px;--awb-margin-top:40px;--awb-flex-wrap:wrap;\" ><div class=\"fusion-builder-row fusion-row fusion-flex-align-items-flex-start fusion-flex-content-wrap\" style=\"width:104% !important;max-width:104% !important;margin-left: calc(-4% \/ 2 );margin-right: calc(-4% \/ 2 );\"><div class=\"fusion-layout-column fusion_builder_column fusion-builder-column-0 fusion_builder_column_1_1 1_1 fusion-flex-column\" style=\"--awb-bg-size:cover;--awb-width-large:100%;--awb-margin-top-large:0px;--awb-spacing-right-large:1.92%;--awb-margin-bottom-large:20px;--awb-spacing-left-large:1.92%;--awb-width-medium:100%;--awb-order-medium:0;--awb-spacing-right-medium:1.92%;--awb-spacing-left-medium:1.92%;--awb-width-small:100%;--awb-order-small:0;--awb-spacing-right-small:1.92%;--awb-spacing-left-small:1.92%;\"><div class=\"fusion-column-wrapper fusion-column-has-shadow fusion-flex-justify-content-flex-start fusion-content-layout-column\"><div class=\"fusion-blog-shortcode fusion-blog-shortcode-1 fusion-blog-archive fusion-blog-layout-grid-wrapper fusion-blog-no\"><style type=\"text\/css\">.fusion-blog-shortcode-1 .fusion-blog-layout-grid .fusion-post-grid{padding:12.5px;}.fusion-blog-shortcode-1 .fusion-posts-container{margin-left: -12.5px !important; margin-right:-12.5px !important;}<\/style><div class=\"fusion-posts-container fusion-posts-container-no fusion-no-meta-info fusion-blog-rollover fusion-blog-layout-grid fusion-blog-layout-grid-4 isotope fusion-blog-equal-heights\" data-pages=\"0\" data-grid-col-space=\"25\" style=\"margin: -12.5px -12.5px 0;min-height:500px;\"><article id=\"blog-1-post-68964\" class=\"fusion-post-grid post-68964 post type-post status-publish format-standard hentry category-takat category-takat-takat category-takat-fireplace\">\n<div class=\"fusion-post-wrapper\" style=\"background-color:rgba(255,255,255,1);border:1px solid #a82c23;border-bottom-width:3px;\">\n\n<div class=\"fusion-post-content-wrapper\" style=\"padding:30px 25px 25px 25px;\"><div class=\"fusion-post-content post-content\"><h2 class=\"blog-shortcode-post-title entry-title\"><a href=\"https:\/\/www.kaminakeskus.ee\/fi\/kamin-rondale-keramik\/\">Kamin Rondale Keramik<\/a><\/h2><div class=\"fusion-post-content-container\"><div id=\"attachment_68959\" style=\"width: 78px\" class=\"wp-caption aligncenter\"><a href=\"https:\/\/www.kaminakeskus.ee\/wp-content\/uploads\/2023\/07\/kamin-RONDALE-Keramik-68x150.png\"><img decoding=\"async\" aria-describedby=\"caption-attachment-68959\" class=\"size-thumbnail wp-image-68959\" src=\"https:\/\/www.kaminakeskus.ee\/wp-content\/uploads\/2023\/07\/kamin-RONDALE-Keramik-68x150.png\" alt=\"\" width=\"68\" height=\"150\" srcset=\"https:\/\/www.kaminakeskus.ee\/wp-content\/uploads\/2023\/07\/kamin-RONDALE-Keramik-68x150.png 68w, https:\/\/www.kaminakeskus.ee\/wp-content\/uploads\/2023\/07\/kamin-RONDALE-Keramik-136x300.png 136w, https:\/\/www.kaminakeskus.ee\/wp-content\/uploads\/2023\/07\/kamin-RONDALE-Keramik-200x442.png 200w, https:\/\/www.kaminakeskus.ee\/wp-content\/uploads\/2023\/07\/kamin-RONDALE-Keramik-400x884.png 400w, https:\/\/www.kaminakeskus.ee\/wp-content\/uploads\/2023\/07\/kamin-RONDALE-Keramik-463x1024.png 463w, https:\/\/www.kaminakeskus.ee\/wp-content\/uploads\/2023\/07\/kamin-RONDALE-Keramik-600x1326.png 600w, https:\/\/www.kaminakeskus.ee\/wp-content\/uploads\/2023\/07\/kamin-RONDALE-Keramik-695x1536.png 695w, https:\/\/www.kaminakeskus.ee\/wp-content\/uploads\/2023\/07\/kamin-RONDALE-Keramik-768x1698.png 768w, https:\/\/www.kaminakeskus.ee\/wp-content\/uploads\/2023\/07\/kamin-RONDALE-Keramik-800x1768.png 800w, https:\/\/www.kaminakeskus.ee\/wp-content\/uploads\/2023\/07\/kamin-RONDALE-Keramik.png 870w\" sizes=\"(max-width: 68px) 100vw, 68px\" \/><\/a><p id=\"caption-attachment-68959\" class=\"wp-caption-text\"><strong>Kamin Rondale Keramik<\/strong><\/p><\/div>\n<p style=\"text-align: center;\">V\u00f5imsus: 5 kW<br \/>\nK\u00f6etav pind: 50m2<br \/>\nK\u00f5rgus: 1047 mm<br \/>\nLaius: 490 mm<br \/>\nS\u00fcgavus: 490 mm<br \/>\nL\u00f5\u00f5ri l\u00e4bim\u00f5\u00f5t: 150 mm<br \/>\nKaal: 112 kg<br \/>\n<a href=\"https:\/\/www.fireplace.de\/wp-content\/uploads\/Masszeichnung-RONDALE-Keramik-K6014-V01.pdf\">Joonis<\/a><br \/>\n<a href=\"https:\/\/www.fireplace.de\/wp-content\/uploads\/Produktdatenblatt-RONDALE-Keramik-K6014-1.pdf\">Tehnilised andmed<\/a><br \/>\n<strong>Hind: 2113\u20ac<\/strong><\/p>\n<\/div><\/div><\/div><div class=\"fusion-clearfix\"><\/div><\/div>\n<\/article>\n<article id=\"blog-1-post-68955\" class=\"fusion-post-grid post-68955 post type-post status-publish format-standard hentry category-takat category-takat-takat category-takat-fireplace\">\n<div class=\"fusion-post-wrapper\" style=\"background-color:rgba(255,255,255,1);border:1px solid #a82c23;border-bottom-width:3px;\">\n\n<div class=\"fusion-post-content-wrapper\" style=\"padding:30px 25px 25px 25px;\"><div class=\"fusion-post-content post-content\"><h2 class=\"blog-shortcode-post-title entry-title\"><a href=\"https:\/\/www.kaminakeskus.ee\/fi\/kamin-rondale-voolukiviga\/\">Kamin Rondale voolukiviga<\/a><\/h2><div class=\"fusion-post-content-container\"><div id=\"attachment_68950\" style=\"width: 94px\" class=\"wp-caption aligncenter\"><a href=\"https:\/\/www.kaminakeskus.ee\/wp-content\/uploads\/2023\/07\/kamin-RONDALE-voolukiviga-67x150.png\"><img decoding=\"async\" aria-describedby=\"caption-attachment-68950\" class=\" wp-image-68950\" src=\"https:\/\/www.kaminakeskus.ee\/wp-content\/uploads\/2023\/07\/kamin-RONDALE-voolukiviga-67x150.png\" alt=\"\" width=\"84\" height=\"188\" srcset=\"https:\/\/www.kaminakeskus.ee\/wp-content\/uploads\/2023\/07\/kamin-RONDALE-voolukiviga-67x150.png 67w, https:\/\/www.kaminakeskus.ee\/wp-content\/uploads\/2023\/07\/kamin-RONDALE-voolukiviga-134x300.png 134w, https:\/\/www.kaminakeskus.ee\/wp-content\/uploads\/2023\/07\/kamin-RONDALE-voolukiviga-200x448.png 200w, https:\/\/www.kaminakeskus.ee\/wp-content\/uploads\/2023\/07\/kamin-RONDALE-voolukiviga-400x895.png 400w, https:\/\/www.kaminakeskus.ee\/wp-content\/uploads\/2023\/07\/kamin-RONDALE-voolukiviga-458x1024.png 458w, https:\/\/www.kaminakeskus.ee\/wp-content\/uploads\/2023\/07\/kamin-RONDALE-voolukiviga-600x1343.png 600w, https:\/\/www.kaminakeskus.ee\/wp-content\/uploads\/2023\/07\/kamin-RONDALE-voolukiviga-686x1536.png 686w, https:\/\/www.kaminakeskus.ee\/wp-content\/uploads\/2023\/07\/kamin-RONDALE-voolukiviga-768x1719.png 768w, https:\/\/www.kaminakeskus.ee\/wp-content\/uploads\/2023\/07\/kamin-RONDALE-voolukiviga-800x1790.png 800w, https:\/\/www.kaminakeskus.ee\/wp-content\/uploads\/2023\/07\/kamin-RONDALE-voolukiviga.png 870w\" sizes=\"(max-width: 84px) 100vw, 84px\" \/><\/a><p id=\"caption-attachment-68950\" class=\"wp-caption-text\"><strong>Kamin Rondale voolukivi<\/strong><\/p><\/div>\n<p style=\"text-align: center;\">V\u00f5imsus: 5 kW<br \/>\nK\u00f6etav pind: 50m2<br \/>\nK\u00f5rgus: 1047 mm<br \/>\nLaius: 490 mm<br \/>\nS\u00fcgavus: 490 mm<br \/>\nL\u00f5\u00f5ri l\u00e4bim\u00f5\u00f5t: 150 mm<br \/>\nKaal: 119 kg<br \/>\n<a href=\"https:\/\/www.fireplace.de\/wp-content\/uploads\/Masszeichnung-RONDALE-Speckstein-K6013-V01.pdf\">Joonis<\/a><br \/>\n<a href=\"https:\/\/www.fireplace.de\/wp-content\/uploads\/Produktdatenblatt-RONDALE-Speckstein-K6013-2.pdf\">Tehnilised andmed<\/a><br \/>\n<strong>Hind: 1908\u20ac<\/strong><\/p>\n<\/div><\/div><\/div><div class=\"fusion-clearfix\"><\/div><\/div>\n<\/article>\n<article id=\"blog-1-post-68947\" class=\"fusion-post-grid post-68947 post type-post status-publish format-standard hentry category-takat category-takat-takat category-takat-fireplace\">\n<div class=\"fusion-post-wrapper\" style=\"background-color:rgba(255,255,255,1);border:1px solid #a82c23;border-bottom-width:3px;\">\n\n<div class=\"fusion-post-content-wrapper\" style=\"padding:30px 25px 25px 25px;\"><div class=\"fusion-post-content post-content\"><h2 class=\"blog-shortcode-post-title entry-title\"><a href=\"https:\/\/www.kaminakeskus.ee\/fi\/takka-rondale-terasta\/\">Takka Rondale ter\u00e4st\u00e4<\/a><\/h2><div class=\"fusion-post-content-container\"><div id=\"attachment_68941\" style=\"width: 99px\" class=\"wp-caption alignleft\"><a href=\"https:\/\/www.kaminakeskus.ee\/wp-content\/uploads\/2023\/07\/kamin-RONDALE-Steel-K6010-89x150.png\"><img decoding=\"async\" aria-describedby=\"caption-attachment-68941\" class=\"size-thumbnail wp-image-68940\" src=\"https:\/\/www.kaminakeskus.ee\/wp-content\/uploads\/2023\/07\/kamin-RONDALE-Steel-K6010-89x150.png\" alt=\"\" width=\"89\" height=\"150\" srcset=\"https:\/\/www.kaminakeskus.ee\/wp-content\/uploads\/2023\/07\/kamin-RONDALE-Steel-K6010-89x150.png 89w, https:\/\/www.kaminakeskus.ee\/wp-content\/uploads\/2023\/07\/kamin-RONDALE-Steel-K6010-177x300.png 177w, https:\/\/www.kaminakeskus.ee\/wp-content\/uploads\/2023\/07\/kamin-RONDALE-Steel-K6010-200x338.png 200w, https:\/\/www.kaminakeskus.ee\/wp-content\/uploads\/2023\/07\/kamin-RONDALE-Steel-K6010-400x677.png 400w, https:\/\/www.kaminakeskus.ee\/wp-content\/uploads\/2023\/07\/kamin-RONDALE-Steel-K6010-600x1015.png 600w, https:\/\/www.kaminakeskus.ee\/wp-content\/uploads\/2023\/07\/kamin-RONDALE-Steel-K6010-605x1024.png 605w, https:\/\/www.kaminakeskus.ee\/wp-content\/uploads\/2023\/07\/kamin-RONDALE-Steel-K6010-768x1299.png 768w, https:\/\/www.kaminakeskus.ee\/wp-content\/uploads\/2023\/07\/kamin-RONDALE-Steel-K6010-800x1354.png 800w, https:\/\/www.kaminakeskus.ee\/wp-content\/uploads\/2023\/07\/kamin-RONDALE-Steel-K6010.png 870w\" sizes=\"(max-width: 89px) 100vw, 89px\" \/><\/a><p id=\"caption-attachment-68941\" class=\"wp-caption-text\">Takka Rondale ter\u00e4st\u00e4<\/p><\/div>\n<p><strong>Takka Rondale ter\u00e4st\u00e4<\/strong><br \/>\nTeho: 5 kW<br \/>\nL\u00e4mmitetty alue: 50m2<br \/>\nKorkeus: 999 mm<br \/>\nLeveys: 490 mm<br \/>\nSyvyys: 490 mm<br \/>\nSavupiipun halkaisija: 150 mm<br \/>\nPaino: 112 kg<br \/>\n<a href=\"https:\/\/www.fireplace.de\/wp-content\/uploads\/Masszeichnung-RONDALE-Stahl-K6010-V02.pdf\">Suunnitelma<\/a><br \/>\n<a href=\"https:\/\/www.fireplace.de\/wp-content\/uploads\/Produktdatenblatt-RONDALE-Stahl-K6010.pdf\">Tekniset tiedot<\/a><br \/>\n<strong>Hinta: 1685 \u20ac<\/strong><\/p>\n<\/div><\/div><\/div><div class=\"fusion-clearfix\"><\/div><\/div>\n<\/article>\n<article id=\"blog-1-post-68920\" class=\"fusion-post-grid post-68920 post type-post status-publish format-standard hentry category-takat category-takat-takat category-takat-fireplace\">\n<div class=\"fusion-post-wrapper\" style=\"background-color:rgba(255,255,255,1);border:1px solid #a82c23;border-bottom-width:3px;\">\n\n<div class=\"fusion-post-content-wrapper\" style=\"padding:30px 25px 25px 25px;\"><div class=\"fusion-post-content post-content\"><h2 class=\"blog-shortcode-post-title entry-title\"><a href=\"https:\/\/www.kaminakeskus.ee\/fi\/kamin-monte-carlo-voolukiviga\/\">Takka Monte Carlon vuolukivell\u00e4<\/a><\/h2><div class=\"fusion-post-content-container\"><div id=\"attachment_68915\" style=\"width: 102px\" class=\"wp-caption aligncenter\"><a href=\"https:\/\/www.kaminakeskus.ee\/wp-content\/uploads\/2023\/07\/kamin-MONTE-CARLO-voolukivi-K5452-92x150.png\"><img decoding=\"async\" aria-describedby=\"caption-attachment-68915\" class=\"size-thumbnail wp-image-68914\" src=\"https:\/\/www.kaminakeskus.ee\/wp-content\/uploads\/2023\/07\/kamin-MONTE-CARLO-voolukivi-K5452-92x150.png\" alt=\"\" width=\"92\" height=\"150\" srcset=\"https:\/\/www.kaminakeskus.ee\/wp-content\/uploads\/2023\/07\/kamin-MONTE-CARLO-voolukivi-K5452-92x150.png 92w, https:\/\/www.kaminakeskus.ee\/wp-content\/uploads\/2023\/07\/kamin-MONTE-CARLO-voolukivi-K5452-184x300.png 184w, https:\/\/www.kaminakeskus.ee\/wp-content\/uploads\/2023\/07\/kamin-MONTE-CARLO-voolukivi-K5452-200x326.png 200w, https:\/\/www.kaminakeskus.ee\/wp-content\/uploads\/2023\/07\/kamin-MONTE-CARLO-voolukivi-K5452-400x651.png 400w, https:\/\/www.kaminakeskus.ee\/wp-content\/uploads\/2023\/07\/kamin-MONTE-CARLO-voolukivi-K5452-600x977.png 600w, https:\/\/www.kaminakeskus.ee\/wp-content\/uploads\/2023\/07\/kamin-MONTE-CARLO-voolukivi-K5452-629x1024.png 629w, https:\/\/www.kaminakeskus.ee\/wp-content\/uploads\/2023\/07\/kamin-MONTE-CARLO-voolukivi-K5452-768x1251.png 768w, https:\/\/www.kaminakeskus.ee\/wp-content\/uploads\/2023\/07\/kamin-MONTE-CARLO-voolukivi-K5452-800x1303.png 800w, https:\/\/www.kaminakeskus.ee\/wp-content\/uploads\/2023\/07\/kamin-MONTE-CARLO-voolukivi-K5452.png 870w\" sizes=\"(max-width: 92px) 100vw, 92px\" \/><\/a><p id=\"caption-attachment-68915\" class=\"wp-caption-text\"><strong>Takka Monte Carlo vuolukivi<\/strong><\/p><\/div>\n<p style=\"text-align: center;\">Teho: 5 kW<br \/>\nL\u00e4mmitetty alue: 50m2<br \/>\nKorkeus: 984 mm<br \/>\nLeveys: 520 mm<br \/>\nSyvyys: 413 mm<br \/>\nSavupiipun halkaisija: 150 mm<br \/>\nPaino: 125 kg<br \/>\n<a href=\"https:\/\/www.fireplace.de\/wp-content\/uploads\/Produktdatenblatt-MONTE-CARLO-Speckstein-K5452.pdf\">Tekniset tiedot<\/a><br \/>\n<strong>Hinta: 1940 euroa<\/strong><\/p>\n<\/div><\/div><\/div><div class=\"fusion-clearfix\"><\/div><\/div>\n<\/article>\n<article id=\"blog-1-post-68822\" class=\"fusion-post-grid post-68822 post type-post status-publish format-standard hentry category-takat category-takat-takat category-takat-fireplace\">\n<div class=\"fusion-post-wrapper\" style=\"background-color:rgba(255,255,255,1);border:1px solid #a82c23;border-bottom-width:3px;\">\n\n<div class=\"fusion-post-content-wrapper\" style=\"padding:30px 25px 25px 25px;\"><div class=\"fusion-post-content post-content\"><h2 class=\"blog-shortcode-post-title entry-title\"><a href=\"https:\/\/www.kaminakeskus.ee\/fi\/kamin-jakarta\/\">Kamin Jakarta<\/a><\/h2><div class=\"fusion-post-content-container\"><div id=\"attachment_68817\" style=\"width: 87px\" class=\"wp-caption aligncenter\"><a href=\"https:\/\/www.kaminakeskus.ee\/wp-content\/uploads\/2023\/07\/kamin_JAKARTA-Speckstein-Top-K6760-77x150.png\"><img decoding=\"async\" aria-describedby=\"caption-attachment-68817\" class=\"size-thumbnail wp-image-68817\" src=\"https:\/\/www.kaminakeskus.ee\/wp-content\/uploads\/2023\/07\/kamin_JAKARTA-Speckstein-Top-K6760-77x150.png\" alt=\"\" width=\"77\" height=\"150\" srcset=\"https:\/\/www.kaminakeskus.ee\/wp-content\/uploads\/2023\/07\/kamin_JAKARTA-Speckstein-Top-K6760-77x150.png 77w, https:\/\/www.kaminakeskus.ee\/wp-content\/uploads\/2023\/07\/kamin_JAKARTA-Speckstein-Top-K6760-154x300.png 154w, https:\/\/www.kaminakeskus.ee\/wp-content\/uploads\/2023\/07\/kamin_JAKARTA-Speckstein-Top-K6760-200x389.png 200w, https:\/\/www.kaminakeskus.ee\/wp-content\/uploads\/2023\/07\/kamin_JAKARTA-Speckstein-Top-K6760-400x778.png 400w, https:\/\/www.kaminakeskus.ee\/wp-content\/uploads\/2023\/07\/kamin_JAKARTA-Speckstein-Top-K6760-527x1024.png 527w, https:\/\/www.kaminakeskus.ee\/wp-content\/uploads\/2023\/07\/kamin_JAKARTA-Speckstein-Top-K6760-600x1167.png 600w, https:\/\/www.kaminakeskus.ee\/wp-content\/uploads\/2023\/07\/kamin_JAKARTA-Speckstein-Top-K6760-768x1494.png 768w, https:\/\/www.kaminakeskus.ee\/wp-content\/uploads\/2023\/07\/kamin_JAKARTA-Speckstein-Top-K6760-790x1536.png 790w, https:\/\/www.kaminakeskus.ee\/wp-content\/uploads\/2023\/07\/kamin_JAKARTA-Speckstein-Top-K6760-800x1556.png 800w, https:\/\/www.kaminakeskus.ee\/wp-content\/uploads\/2023\/07\/kamin_JAKARTA-Speckstein-Top-K6760.png 870w\" sizes=\"(max-width: 77px) 100vw, 77px\" \/><\/a><p id=\"caption-attachment-68817\" class=\"wp-caption-text\"><strong>Kamin Jakarta<\/strong><\/p><\/div>\n<p style=\"text-align: center;\">V\u00f5imsus: 6 kW<br \/>\nK\u00f6etav pind: 60m2<br \/>\nK\u00f5rgus: 1048 mm<br \/>\nLaius: 552 mm<br \/>\nS\u00fcgavus: 487 mm<br \/>\nL\u00f5\u00f5ri l\u00e4bim\u00f5\u00f5t: 150 mm<br \/>\nKaal: 101 kg<br \/>\n<a href=\"https:\/\/www.fireplace.de\/wp-content\/uploads\/produktdatenblatt-jakarta-speckstein-top-r6760-1.pdf\">Tehnilised andmed<\/a><br \/>\n<a href=\"https:\/\/www.fireplace.de\/wp-content\/uploads\/Masszeichnung-JAKARTA-Speckstein-Top-R6760-V02.pdf\">Joonis<\/a><br \/>\n<strong>Hind: 1510\u20ac<\/strong><\/p>\n<\/div><\/div><\/div><div class=\"fusion-clearfix\"><\/div><\/div>\n<\/article>\n<article id=\"blog-1-post-48492\" class=\"fusion-post-grid post-48492 post type-post status-publish format-standard hentry category-takat category-takat-fireplace\">\n<div class=\"fusion-post-wrapper\" style=\"background-color:rgba(255,255,255,1);border:1px solid #a82c23;border-bottom-width:3px;\">\n\n<div class=\"fusion-post-content-wrapper\" style=\"padding:30px 25px 25px 25px;\"><div class=\"fusion-post-content post-content\"><h2 class=\"blog-shortcode-post-title entry-title\"><a href=\"https:\/\/www.kaminakeskus.ee\/fi\/royal-takka\/\">Royal-takka<\/a><\/h2><div class=\"fusion-post-content-container\"><p><a href=\"http:\/\/www.kaminakeskus.ee\/wp-content\/uploads\/2020\/06\/kamin-fireplace-royal-1.jpg\"><img decoding=\"async\" class=\"size-thumbnail wp-image-28410 aligncenter\" src=\"http:\/\/www.kaminakeskus.ee\/wp-content\/uploads\/2020\/06\/kamin-fireplace-royal-1-150x150.jpg\" alt=\"\" width=\"150\" height=\"150\" srcset=\"https:\/\/www.kaminakeskus.ee\/wp-content\/uploads\/2020\/06\/kamin-fireplace-royal-1-150x150.jpg 150w, https:\/\/www.kaminakeskus.ee\/wp-content\/uploads\/2020\/06\/kamin-fireplace-royal-1.jpg 307w\" sizes=\"(max-width: 150px) 100vw, 150px\" \/><\/a><\/p>\n<p style=\"text-align: center;\"><a href=\"https:\/\/www.fireplace.de\/wp-content\/uploads\/Produktdatenblatt-ROYAL-Stahl-K6490-1.pdf\"><strong>Kulmatakka Royal<\/strong><\/a><br \/>\nTeho: 5 kW<br \/>\nL\u00e4mmitetty alue: 50m2<br \/>\nKorkeus: 1233 mm<br \/>\nLeveys: 450 mm<br \/>\nSyvyys: 450 mm<br \/>\nSavupiipun halkaisija: 150 mm<br \/>\nPaino: 147 kg<br \/>\n<a href=\"https:\/\/www.fireplace.de\/wp-content\/uploads\/Masszeichnung-ROYAL-K6490-V02.pdf\">Suunnitelma<\/a><br \/>\n<a href=\"https:\/\/www.fireplace.de\/wp-content\/uploads\/Produktdatenblatt-ROYAL-Stahl-K6490-1.pdf\">Tekniset tiedot<\/a><br \/>\n<strong>Hinta: 2774 euroa<br \/>\n<a href=\"https:\/\/www.fireplace.de\/wp-content\/uploads\/Waermespeichersteine-ROYAL-EMPIRE.pdf\">Ilmoittautuminen<\/a> : 185 EUR<\/strong><\/p>\n<\/div><\/div><\/div><div class=\"fusion-clearfix\"><\/div><\/div>\n<\/article>\n<article id=\"blog-1-post-48545\" class=\"fusion-post-grid post-48545 post type-post status-publish format-standard hentry category-takat category-takat-fireplace\">\n<div class=\"fusion-post-wrapper\" style=\"background-color:rgba(255,255,255,1);border:1px solid #a82c23;border-bottom-width:3px;\">\n\n<div class=\"fusion-post-content-wrapper\" style=\"padding:30px 25px 25px 25px;\"><div class=\"fusion-post-content post-content\"><h2 class=\"blog-shortcode-post-title entry-title\"><a href=\"https:\/\/www.kaminakeskus.ee\/fi\/kamin-isola\/\">Kamin Isola<\/a><\/h2><div class=\"fusion-post-content-container\"><div id=\"attachment_41824\" style=\"width: 160px\" class=\"wp-caption aligncenter\"><a href=\"https:\/\/www.kaminakeskus.ee\/wp-content\/uploads\/2020\/06\/Fireplace-Kaminofen-ISOLA-K6750-ent-min-150x150.jpg\"><img decoding=\"async\" aria-describedby=\"caption-attachment-41824\" class=\"size-thumbnail wp-image-26952\" src=\"https:\/\/www.kaminakeskus.ee\/wp-content\/uploads\/2020\/06\/Fireplace-Kaminofen-ISOLA-K6750-ent-min-150x150.jpg\" alt=\"\" width=\"150\" height=\"150\"><\/a><p id=\"caption-attachment-41824\" class=\"wp-caption-text\"><strong>Kamin Isola<\/strong><\/p><\/div>\n<p style=\"text-align: center;\">Teho: 6 kW<br \/>\nL\u00e4mmitetty alue: 60m2<br \/>\nKorkeus: 1215 mm<br \/>\nLeveys: 480 mm<br \/>\nSyvyys: 480 mm<br \/>\nSavupiipun halkaisija: 150 mm<br \/>\nPaino: 129 kg<br \/>\n<strong>Hinta: 2395 \u20ac<\/strong><\/p>\n<\/div><\/div><\/div><div class=\"fusion-clearfix\"><\/div><\/div>\n<\/article>\n<article id=\"blog-1-post-48571\" class=\"fusion-post-grid post-48571 post type-post status-publish format-standard hentry category-takat category-takat-fireplace\">\n<div class=\"fusion-post-wrapper\" style=\"background-color:rgba(255,255,255,1);border:1px solid #a82c23;border-bottom-width:3px;\">\n\n<div class=\"fusion-post-content-wrapper\" style=\"padding:30px 25px 25px 25px;\"><div class=\"fusion-post-content post-content\"><h2 class=\"blog-shortcode-post-title entry-title\"><a href=\"https:\/\/www.kaminakeskus.ee\/fi\/takka-amaranth-lasi\/\">Takka Amaranth-lasi<\/a><\/h2><div class=\"fusion-post-content-container\"><div id=\"attachment_41816\" style=\"width: 160px\" class=\"wp-caption aligncenter\"><a href=\"https:\/\/www.kaminakeskus.ee\/wp-content\/uploads\/2020\/06\/Fireplace-Kaminofen-AMARANT-K6240-ent-min-150x150.jpg\"><img decoding=\"async\" aria-describedby=\"caption-attachment-41816\" class=\"size-thumbnail wp-image-26943\" src=\"https:\/\/www.kaminakeskus.ee\/wp-content\/uploads\/2020\/06\/Fireplace-Kaminofen-AMARANT-K6240-ent-min-150x150.jpg\" alt=\"\" width=\"150\" height=\"150\"><\/a><p id=\"caption-attachment-41816\" class=\"wp-caption-text\"><strong>Takka Amaranth-lasi<\/strong><\/p><\/div>\n<p style=\"text-align: center;\">Teho: 5 kW<br \/>\nL\u00e4mmitetty alue: 50m2<br \/>\nKorkeus: 997 mm<br \/>\nLeveys: 480 mm<br \/>\nSyvyys: 480 mm<br \/>\nSavupiipun halkaisija: 150 mm<br \/>\nPaino: 109 kg<br \/>\n<a href=\"https:\/\/www.fireplace.de\/wp-content\/uploads\/produktdatenblatt-amarant-glas-k6240-5-kw.pdf\">Tekniset tiedot<\/a><br \/>\n<a href=\"https:\/\/www.fireplace.de\/wp-content\/uploads\/Masszeichnung-AMARANT-K6240-V07.pdf\">Suunnitelma<\/a><br \/>\n<strong>Hinta: 2023 \u20ac<\/strong><\/p>\n<\/div><\/div><\/div><div class=\"fusion-clearfix\"><\/div><\/div>\n<\/article>\n<article id=\"blog-1-post-47058\" class=\"fusion-post-grid post-47058 post type-post status-publish format-standard hentry category-takat category-takat-fireplace\">\n<div class=\"fusion-post-wrapper\" style=\"background-color:rgba(255,255,255,1);border:1px solid #a82c23;border-bottom-width:3px;\">\n\n<div class=\"fusion-post-content-wrapper\" style=\"padding:30px 25px 25px 25px;\"><div class=\"fusion-post-content post-content\"><h2 class=\"blog-shortcode-post-title entry-title\"><a href=\"https:\/\/www.kaminakeskus.ee\/fi\/takka-zaria-vuolukivi\/\">Takka Zaria vuolukivi<\/a><\/h2><div class=\"fusion-post-content-container\"><div id=\"attachment_38060\" style=\"width: 160px\" class=\"wp-caption aligncenter\"><a href=\"https:\/\/www.kaminakeskus.ee\/wp-content\/uploads\/2018\/05\/Kamin-ZARIA-voolukivi-150x150.jpg\"><img decoding=\"async\" aria-describedby=\"caption-attachment-38060\" class=\"size-thumbnail wp-image-21869\" src=\"https:\/\/www.kaminakeskus.ee\/wp-content\/uploads\/2018\/05\/Kamin-ZARIA-voolukivi-150x150.jpg\" alt=\"\" width=\"150\" height=\"150\"><\/a><p id=\"caption-attachment-38060\" class=\"wp-caption-text\"><strong>Takka Zaria vuolukivi<\/strong><\/p><\/div>\n<p style=\"text-align: center;\">Teho: 6 kW<br \/>\nL\u00e4mmitetty alue: 60m2<br \/>\nKorkeus: 983 mm<br \/>\nLeveys: 552 mm<br \/>\nSyvyys: 487 mm<br \/>\nSavupiipun halkaisija: 150 mm<br \/>\nPaino: 109 kg<br \/>\n<a href=\"https:\/\/www.fireplace.de\/wp-content\/uploads\/Masszeichnung-ZARIA-Speckstein-R5690-V03.pdf\">Suunnitelma<\/a><br \/>\n<a href=\"https:\/\/www.fireplace.de\/wp-content\/uploads\/Produktdatenblatt-ZARIA-Speckstein-K5690-1.pdf\">Tekniset tiedot<\/a><br \/>\n<strong>Hinta: 1658 \u20ac<\/strong><\/p>\n<\/div><\/div><\/div><div class=\"fusion-clearfix\"><\/div><\/div>\n<\/article>\n<article id=\"blog-1-post-46898\" class=\"fusion-post-grid post-46898 post type-post status-publish format-standard hentry category-takat category-takat-fireplace\">\n<div class=\"fusion-post-wrapper\" style=\"background-color:rgba(255,255,255,1);border:1px solid #a82c23;border-bottom-width:3px;\">\n\n<div class=\"fusion-post-content-wrapper\" style=\"padding:30px 25px 25px 25px;\"><div class=\"fusion-post-content post-content\"><h2 class=\"blog-shortcode-post-title entry-title\"><a href=\"https:\/\/www.kaminakeskus.ee\/fi\/takka-tuvalu\/\">Takka Tuvalu-vuolukivell\u00e4<\/a><\/h2><div class=\"fusion-post-content-container\"><div id=\"attachment_63678\" style=\"width: 160px\" class=\"wp-caption aligncenter\"><a href=\"https:\/\/www.kaminakeskus.ee\/wp-content\/uploads\/2018\/05\/kamin_TUVALU_voolukiviga-1-150x143.jpg\"><img decoding=\"async\" aria-describedby=\"caption-attachment-63678\" class=\"size-thumbnail wp-image-63677\" src=\"https:\/\/www.kaminakeskus.ee\/wp-content\/uploads\/2018\/05\/kamin_TUVALU_voolukiviga-1-150x143.jpg\" alt=\"Takka Tuvalu-vuolukivell\u00e4\" width=\"150\" height=\"143\" srcset=\"https:\/\/www.kaminakeskus.ee\/wp-content\/uploads\/2018\/05\/kamin_TUVALU_voolukiviga-1-150x143.jpg 150w, https:\/\/www.kaminakeskus.ee\/wp-content\/uploads\/2018\/05\/kamin_TUVALU_voolukiviga-1-200x191.jpg 200w, https:\/\/www.kaminakeskus.ee\/wp-content\/uploads\/2018\/05\/kamin_TUVALU_voolukiviga-1-300x287.jpg 300w, https:\/\/www.kaminakeskus.ee\/wp-content\/uploads\/2018\/05\/kamin_TUVALU_voolukiviga-1-400x382.jpg 400w, https:\/\/www.kaminakeskus.ee\/wp-content\/uploads\/2018\/05\/kamin_TUVALU_voolukiviga-1-600x574.jpg 600w, https:\/\/www.kaminakeskus.ee\/wp-content\/uploads\/2018\/05\/kamin_TUVALU_voolukiviga-1-768x734.jpg 768w, https:\/\/www.kaminakeskus.ee\/wp-content\/uploads\/2018\/05\/kamin_TUVALU_voolukiviga-1-800x765.jpg 800w, https:\/\/www.kaminakeskus.ee\/wp-content\/uploads\/2018\/05\/kamin_TUVALU_voolukiviga-1-1024x979.jpg 1024w, https:\/\/www.kaminakeskus.ee\/wp-content\/uploads\/2018\/05\/kamin_TUVALU_voolukiviga-1-1200x1147.jpg 1200w, https:\/\/www.kaminakeskus.ee\/wp-content\/uploads\/2018\/05\/kamin_TUVALU_voolukiviga-1-1536x1468.jpg 1536w, https:\/\/www.kaminakeskus.ee\/wp-content\/uploads\/2018\/05\/kamin_TUVALU_voolukiviga-1.jpg 1683w\" sizes=\"(max-width: 150px) 100vw, 150px\" \/><\/a><p id=\"caption-attachment-63678\" class=\"wp-caption-text\"><strong>Takka Tuvalu-vuolukivell\u00e4<\/strong><\/p><\/div>\n<p style=\"text-align: center;\">Teho: 6 kW<br \/>\n L\u00e4mmitetty pinta-ala: 60m2<br \/>\n Korkeus: 955 mm<br \/>\n Leveys: 530 mm<br \/>\n Syvyys: 367 mm<br \/>\n Savuhormin halkaisija: 150 mm<br \/>\n Paino: 105 kg<br \/>\n <a href=\"https:\/\/www.fireplace.de\/wp-content\/uploads\/Masszeichnung-TUVALU-Speckstein-Top-R5732-V03-1.pdf\">Piirustus<\/a><br \/>\n <a href=\"https:\/\/www.fireplace.de\/wp-content\/uploads\/Produktdatenblatt-TUVALU-Speckstein-Top-R5732-1.pdf\">Tekniset tiedot<\/a> <strong><br \/>\n<del>Hinta: 1059 euroa<\/del><br \/>\n <span style=\"color: #ff0000;\">Hinta: 998 euroa<\/span><\/strong><\/p>\n<\/div><\/div><\/div><div class=\"fusion-clearfix\"><\/div><\/div>\n<\/article>\n<article id=\"blog-1-post-46957\" class=\"fusion-post-grid post-46957 post type-post status-publish format-standard hentry category-takat category-takat-fireplace\">\n<div class=\"fusion-post-wrapper\" style=\"background-color:rgba(255,255,255,1);border:1px solid #a82c23;border-bottom-width:3px;\">\n\n<div class=\"fusion-post-content-wrapper\" style=\"padding:30px 25px 25px 25px;\"><div class=\"fusion-post-content post-content\"><h2 class=\"blog-shortcode-post-title entry-title\"><a href=\"https:\/\/www.kaminakeskus.ee\/fi\/torinon-takka-vuolukivi\/\">Torinon takka vuolukivi<\/a><\/h2><div class=\"fusion-post-content-container\"><div id=\"attachment_69000\" style=\"width: 83px\" class=\"wp-caption aligncenter\"><a href=\"https:\/\/www.kaminakeskus.ee\/wp-content\/uploads\/2018\/05\/kamin-TORINO-voolukiviga-73x150.png\"><img decoding=\"async\" aria-describedby=\"caption-attachment-69000\" class=\"size-thumbnail wp-image-68999\" src=\"https:\/\/www.kaminakeskus.ee\/wp-content\/uploads\/2018\/05\/kamin-TORINO-voolukiviga-73x150.png\" alt=\"\" width=\"73\" height=\"150\" srcset=\"https:\/\/www.kaminakeskus.ee\/wp-content\/uploads\/2018\/05\/kamin-TORINO-voolukiviga-73x150.png 73w, https:\/\/www.kaminakeskus.ee\/wp-content\/uploads\/2018\/05\/kamin-TORINO-voolukiviga-146x300.png 146w, https:\/\/www.kaminakeskus.ee\/wp-content\/uploads\/2018\/05\/kamin-TORINO-voolukiviga-200x410.png 200w, https:\/\/www.kaminakeskus.ee\/wp-content\/uploads\/2018\/05\/kamin-TORINO-voolukiviga-400x819.png 400w, https:\/\/www.kaminakeskus.ee\/wp-content\/uploads\/2018\/05\/kamin-TORINO-voolukiviga-500x1024.png 500w, https:\/\/www.kaminakeskus.ee\/wp-content\/uploads\/2018\/05\/kamin-TORINO-voolukiviga-600x1229.png 600w, https:\/\/www.kaminakeskus.ee\/wp-content\/uploads\/2018\/05\/kamin-TORINO-voolukiviga-750x1536.png 750w, https:\/\/www.kaminakeskus.ee\/wp-content\/uploads\/2018\/05\/kamin-TORINO-voolukiviga-768x1573.png 768w, https:\/\/www.kaminakeskus.ee\/wp-content\/uploads\/2018\/05\/kamin-TORINO-voolukiviga-800x1639.png 800w, https:\/\/www.kaminakeskus.ee\/wp-content\/uploads\/2018\/05\/kamin-TORINO-voolukiviga.png 870w\" sizes=\"(max-width: 73px) 100vw, 73px\" \/><\/a><p id=\"caption-attachment-69000\" class=\"wp-caption-text\"><strong>Torinon takka vuolukivi<\/strong><\/p><\/div>\n<p style=\"text-align: center;\">Teho: 6 kW<br \/>\nL\u00e4mmitetty alue: 60m2<br \/>\nKorkeus: 1180 mm<br \/>\nLeveys: 540 mm<br \/>\nSyvyys: 437 mm<br \/>\nSavupiipun halkaisija: 150 mm<br \/>\nPaino: 164 kg<br \/>\n<a href=\"https:\/\/www.fireplace.de\/wp-content\/uploads\/Masszeichnung-TORINO-Speckstein-K5924-V02.pdf\">Suunnitelma<\/a><br \/>\n<a href=\"https:\/\/www.fireplace.de\/wp-content\/uploads\/Produktdatenblatt-TORINO-Speckstein-K5924-1.pdf\">Tekniset tiedot<\/a><br \/>\n<strong>Hinta: 2098 \u20ac<\/strong><\/p>\n<\/div><\/div><\/div><div class=\"fusion-clearfix\"><\/div><\/div>\n<\/article>\n<article id=\"blog-1-post-46974\" class=\"fusion-post-grid post-46974 post type-post status-publish format-standard hentry category-takat category-takat-fireplace\">\n<div class=\"fusion-post-wrapper\" style=\"background-color:rgba(255,255,255,1);border:1px solid #a82c23;border-bottom-width:3px;\">\n\n<div class=\"fusion-post-content-wrapper\" style=\"padding:30px 25px 25px 25px;\"><div class=\"fusion-post-content post-content\"><h2 class=\"blog-shortcode-post-title entry-title\"><a href=\"https:\/\/www.kaminakeskus.ee\/fi\/takka-teramo-rlu-vuolukivi\/\">Takka Teramo RLU vuolukivi<\/a><\/h2><div class=\"fusion-post-content-container\"><div id=\"attachment_38048\" style=\"width: 160px\" class=\"wp-caption aligncenter\"><a href=\"https:\/\/www.kaminakeskus.ee\/wp-content\/uploads\/2018\/05\/Kamin-TERAMO-RLU-voolukivi-150x150.jpg\"><img decoding=\"async\" aria-describedby=\"caption-attachment-38048\" class=\"size-thumbnail wp-image-21860\" src=\"https:\/\/www.kaminakeskus.ee\/wp-content\/uploads\/2018\/05\/Kamin-TERAMO-RLU-voolukivi-150x150.jpg\" alt=\"\" width=\"150\" height=\"150\"><\/a><p id=\"caption-attachment-38048\" class=\"wp-caption-text\"><strong>Takka Teramo RLU vuolukivi<\/strong><\/p><\/div>\n<p style=\"text-align: center;\">Teho: 6 kW<br \/>\nL\u00e4mmitetty alue: 60m2<br \/>\nKorkeus: 1270 mm<br \/>\nLeveys: 540 mm<br \/>\nSyvyys: 445 mm<br \/>\nSavupiipun halkaisija: 150 mm<br \/>\nPaino: 207 kg<br \/>\n<a href=\"https:\/\/www.fireplace.de\/wp-content\/uploads\/Masszeichnung-SANTIAGO-Sandstein-R5662-V02.pdf\">Suunnitelma<\/a><br \/>\n<a href=\"https:\/\/www.fireplace.de\/wp-content\/uploads\/Produktdatenblatt-SANTIAGO-Sandstein-R5662.pdf\">Tekniset tiedot<\/a><br \/>\n<strong>Hinta: 2795 euroa<\/strong><\/p>\n<\/div><\/div><\/div><div class=\"fusion-clearfix\"><\/div><\/div>\n<\/article>\n<article id=\"blog-1-post-46893\" class=\"fusion-post-grid post-46893 post type-post status-publish format-standard hentry category-takat category-takat-fireplace\">\n<div class=\"fusion-post-wrapper\" style=\"background-color:rgba(255,255,255,1);border:1px solid #a82c23;border-bottom-width:3px;\">\n\n<div class=\"fusion-post-content-wrapper\" style=\"padding:30px 25px 25px 25px;\"><div class=\"fusion-post-content post-content\"><h2 class=\"blog-shortcode-post-title entry-title\"><a href=\"https:\/\/www.kaminakeskus.ee\/fi\/takka-santiago-hiekkakivi\/\">Takka Santiago hiekkakivi<\/a><\/h2><div class=\"fusion-post-content-container\"><div id=\"attachment_38040\" style=\"width: 160px\" class=\"wp-caption aligncenter\"><a href=\"https:\/\/www.kaminakeskus.ee\/wp-content\/uploads\/2018\/05\/Kamin-Santiago-liivakivi-150x150.jpg\"><img decoding=\"async\" aria-describedby=\"caption-attachment-38040\" class=\"size-thumbnail wp-image-21854\" src=\"https:\/\/www.kaminakeskus.ee\/wp-content\/uploads\/2018\/05\/Kamin-Santiago-liivakivi-150x150.jpg\" alt=\"\" width=\"150\" height=\"150\"><\/a><p id=\"caption-attachment-38040\" class=\"wp-caption-text\"><strong>Takka Santiago hiekkakivi<\/strong><\/p><\/div>\n<p style=\"text-align: center;\">Teho: 6 kW<br \/>\nL\u00e4mmitetty alue: 60m2<br \/>\nKorkeus: 1050 mm<br \/>\nLeveys: 530 mm<br \/>\nSyvyys: 367 mm<br \/>\nSavupiipun halkaisija: 150 mm<br \/>\nPaino: 111 kg<br \/>\n<a href=\"https:\/\/www.fireplace.de\/wp-content\/uploads\/Masszeichnung-SANTIAGO-Sandstein-R5662-V02.pdf\">Suunnitelma<\/a><br \/>\n<a href=\"https:\/\/www.fireplace.de\/wp-content\/uploads\/Produktdatenblatt-SANTIAGO-Sandstein-R5662.pdf\">Tekniset tiedot<\/a><br \/>\n<strong>Hind: 1479 EUR<\/strong><\/p>\n<\/div><\/div><\/div><div class=\"fusion-clearfix\"><\/div><\/div>\n<\/article>\n<article id=\"blog-1-post-46879\" class=\"fusion-post-grid post-46879 post type-post status-publish format-standard hentry category-takat category-takat-fireplace\">\n<div class=\"fusion-post-wrapper\" style=\"background-color:rgba(255,255,255,1);border:1px solid #a82c23;border-bottom-width:3px;\">\n\n<div class=\"fusion-post-content-wrapper\" style=\"padding:30px 25px 25px 25px;\"><div class=\"fusion-post-content post-content\"><h2 class=\"blog-shortcode-post-title entry-title\"><a href=\"https:\/\/www.kaminakeskus.ee\/fi\/takka-samba-vuolukivi\/\">Takka Samba vuolukivi<\/a><\/h2><div class=\"fusion-post-content-container\"><div id=\"attachment_38036\" style=\"width: 160px\" class=\"wp-caption aligncenter\"><a href=\"https:\/\/www.kaminakeskus.ee\/wp-content\/uploads\/2018\/05\/Kamin-Samba-voolukivi-150x150.jpg\"><img decoding=\"async\" aria-describedby=\"caption-attachment-38036\" class=\"size-thumbnail wp-image-21851\" src=\"https:\/\/www.kaminakeskus.ee\/wp-content\/uploads\/2018\/05\/Kamin-Samba-voolukivi-150x150.jpg\" alt=\"\" width=\"150\" height=\"150\"><\/a><p id=\"caption-attachment-38036\" class=\"wp-caption-text\"><strong>Takka Samba vuolukivi<\/strong><\/p><\/div>\n<p style=\"text-align: center;\">Teho: 6 kW<br \/>\nL\u00e4mmitetty alue: 60m2<br \/>\nKorkeus: 1175 mm<br \/>\nLeveys: 642 mm<br \/>\nSyvyys: 546 mm<br \/>\nSavupiipun halkaisija: 150 mm<br \/>\nPaino: 160 kg<br \/>\n<a href=\"https:\/\/www.fireplace.de\/wp-content\/uploads\/Masszeichnung-SAMBA-Speckstein-R2871-V00.pdf\">Suunnitelma<\/a><br \/>\n<a href=\"https:\/\/www.fireplace.de\/wp-content\/uploads\/Produktdatenblatt-SAMBA-Speckstein-R2871-1.pdf\">Tekniset tiedot<\/a><br \/>\n<strong>Hinta: 2169 \u20ac<\/strong><\/p>\n<\/div><\/div><\/div><div class=\"fusion-clearfix\"><\/div><\/div>\n<\/article>\n<article id=\"blog-1-post-46875\" class=\"fusion-post-grid post-46875 post type-post status-publish format-standard hentry category-takat category-takat-fireplace\">\n<div class=\"fusion-post-wrapper\" style=\"background-color:rgba(255,255,255,1);border:1px solid #a82c23;border-bottom-width:3px;\">\n\n<div class=\"fusion-post-content-wrapper\" style=\"padding:30px 25px 25px 25px;\"><div class=\"fusion-post-content post-content\"><h2 class=\"blog-shortcode-post-title entry-title\"><a href=\"https:\/\/www.kaminakeskus.ee\/fi\/takka-ronky-vuolukivi\/\">Takka R\u00f6nky vuolukivi<\/a><\/h2><div class=\"fusion-post-content-container\"><div id=\"attachment_38032\" style=\"width: 160px\" class=\"wp-caption aligncenter\"><a href=\"https:\/\/www.kaminakeskus.ee\/wp-content\/uploads\/2018\/05\/Kamin-R%C3%96NKY-voolukivi.jpg\"><img decoding=\"async\" aria-describedby=\"caption-attachment-38032\" class=\"size-thumbnail wp-image-21848\" src=\"https:\/\/www.kaminakeskus.ee\/wp-content\/uploads\/2018\/05\/Kamin-R%C3%96NKY-voolukivi-150x150.jpg\" alt=\"\" width=\"150\" height=\"150\"><\/a><p id=\"caption-attachment-38032\" class=\"wp-caption-text\"><strong>Takka R\u00f6nky vuolukivi<\/strong><\/p><\/div>\n<p style=\"text-align: center;\">Teho: 10 kW<br \/>\nL\u00e4mmitetty alue: 100m2<br \/>\nKorkeus: 977 mm<br \/>\nLeveys: 820 mm<br \/>\nSyvyys: 440 mm<br \/>\nSavupiipun halkaisija: 150 mm<br \/>\n<strong>Paino: 380 kg<\/strong><br \/>\n <a href=\"https:\/\/www.fireplace.de\/wp-content\/uploads\/Masszeichnung-ROeNKY-Speckstein-R2541-V00.pdf\">Suunnitelma<\/a><br \/>\n<a href=\"https:\/\/www.fireplace.de\/wp-content\/uploads\/Produktdatenblatt-ROeNKY-Speckstein-R2541.pdf\">Tekniset tiedot<\/a><br \/>\n <strong>Hinta: 3073 \u20ac<\/strong><\/p>\n<\/div><\/div><\/div><div class=\"fusion-clearfix\"><\/div><\/div>\n<\/article>\n<article id=\"blog-1-post-46857\" class=\"fusion-post-grid post-46857 post type-post status-publish format-standard hentry category-takat category-takat-fireplace\">\n<div class=\"fusion-post-wrapper\" style=\"background-color:rgba(255,255,255,1);border:1px solid #a82c23;border-bottom-width:3px;\">\n\n<div class=\"fusion-post-content-wrapper\" style=\"padding:30px 25px 25px 25px;\"><div class=\"fusion-post-content post-content\"><h2 class=\"blog-shortcode-post-title entry-title\"><a href=\"https:\/\/www.kaminakeskus.ee\/fi\/takka-phonizia-2-loticstone\/\">Takka PH\u00d6NIZIA 2 loticstone<\/a><\/h2><div class=\"fusion-post-content-container\"><div id=\"attachment_38020\" style=\"width: 160px\" class=\"wp-caption aligncenter\"><a href=\"https:\/\/www.kaminakeskus.ee\/wp-content\/uploads\/2018\/05\/Kamin-PH%C3%96NIZIA-2-loticstone.jpg\"><img decoding=\"async\" aria-describedby=\"caption-attachment-38020\" class=\"size-thumbnail wp-image-21839\" src=\"https:\/\/www.kaminakeskus.ee\/wp-content\/uploads\/2018\/05\/Kamin-PH%C3%96NIZIA-2-loticstone-150x150.jpg\" alt=\"\" width=\"150\" height=\"150\"><\/a><p id=\"caption-attachment-38020\" class=\"wp-caption-text\"><strong>Takka PH\u00d6NIZIA 2 loticstone<\/strong><\/p><\/div>\n<p style=\"text-align: center;\">Teho: 5 kW<br \/>\nL\u00e4mmitetty alue: 50m2<br \/>\nKorkeus: 1006 mm<br \/>\nLeveys: 492 mm<br \/>\nSyvyys: 410 mm<br \/>\nSavupiipun halkaisija: 150 mm<br \/>\nPaino: 106 kg<br \/>\n<a href=\"https:\/\/www.fireplace.de\/wp-content\/uploads\/produktdatenblatt-phonizia-loticstone-k5661.pdf\">Tekniset tiedot<\/a><br \/>\n<a href=\"https:\/\/www.fireplace.de\/wp-content\/uploads\/Masszeichnung-PHOeNIZIA-Loticstone-K5661-V00.pdf\">Suunnitelma<\/a><br \/>\n<strong>Hinta: 1815 \u20ac<\/strong><\/p>\n<\/div><\/div><\/div><div class=\"fusion-clearfix\"><\/div><\/div>\n<\/article>\n<article id=\"blog-1-post-46930\" class=\"fusion-post-grid post-46930 post type-post status-publish format-standard hentry category-takat category-takat-fireplace\">\n<div class=\"fusion-post-wrapper\" style=\"background-color:rgba(255,255,255,1);border:1px solid #a82c23;border-bottom-width:3px;\">\n\n<div class=\"fusion-post-content-wrapper\" style=\"padding:30px 25px 25px 25px;\"><div class=\"fusion-post-content post-content\"><h2 class=\"blog-shortcode-post-title entry-title\"><a href=\"https:\/\/www.kaminakeskus.ee\/fi\/takka-perondi-rlu-hiekkakivi\/\">Takka Perondi RLU hiekkakivi<\/a><\/h2><div class=\"fusion-post-content-container\"><div id=\"attachment_38016\" style=\"width: 160px\" class=\"wp-caption aligncenter\"><a href=\"https:\/\/www.kaminakeskus.ee\/wp-content\/uploads\/2018\/05\/Kamin-PERONDI-RLU-liivakivi-150x150.jpg\"><img decoding=\"async\" aria-describedby=\"caption-attachment-38016\" class=\"size-thumbnail wp-image-21836\" src=\"https:\/\/www.kaminakeskus.ee\/wp-content\/uploads\/2018\/05\/Kamin-PERONDI-RLU-liivakivi-150x150.jpg\" alt=\"\" width=\"150\" height=\"150\"><\/a><p id=\"caption-attachment-38016\" class=\"wp-caption-text\"><strong>Takka Perondi RLU hiekkakivi<\/strong><\/p><\/div>\n<p style=\"text-align: center;\">Teho: 5 kW<br \/>\nL\u00e4mmitetty alue: 50m2<br \/>\nKorkeus: 1513 mm<br \/>\nLeveys: 480 mm<br \/>\nSyvyys: 480 mm<br \/>\nSavupiipun halkaisija: 150 mm<br \/>\nPaino: 167 kg<br \/>\n<a href=\"https:\/\/www.fireplace.de\/wp-content\/uploads\/produktdatenblatt-perondi-sandstein-k6032.pdf\">Tekniset tiedot<\/a><br \/>\n<a href=\"https:\/\/www.fireplace.de\/wp-content\/uploads\/Masszeichnung-PERONDI-RLU-Sandstein-K6032-V03.pdf\">Suunnitelma<\/a><br \/>\n<strong>Hinta: 2699 \u20ac<\/strong><\/p>\n<\/div><\/div><\/div><div class=\"fusion-clearfix\"><\/div><\/div>\n<\/article>\n<article id=\"blog-1-post-49773\" class=\"fusion-post-grid post-49773 post type-post status-publish format-standard hentry category-takat category-takat-fireplace\">\n<div class=\"fusion-post-wrapper\" style=\"background-color:rgba(255,255,255,1);border:1px solid #a82c23;border-bottom-width:3px;\">\n\n<div class=\"fusion-post-content-wrapper\" style=\"padding:30px 25px 25px 25px;\"><div class=\"fusion-post-content post-content\"><h2 class=\"blog-shortcode-post-title entry-title\"><a href=\"https:\/\/www.kaminakeskus.ee\/fi\/takka-perondi-rlu-lasi\/\">Takka Perondi RLU lasi<\/a><\/h2><div class=\"fusion-post-content-container\"><div id=\"attachment_38012\" style=\"width: 160px\" class=\"wp-caption aligncenter\"><a href=\"https:\/\/www.kaminakeskus.ee\/wp-content\/uploads\/2018\/05\/Kamin-PERONDI-RLU-GLAS-150x150.jpg\"><img decoding=\"async\" aria-describedby=\"caption-attachment-38012\" class=\"size-thumbnail wp-image-21833\" src=\"https:\/\/www.kaminakeskus.ee\/wp-content\/uploads\/2018\/05\/Kamin-PERONDI-RLU-GLAS-150x150.jpg\" alt=\"\" width=\"150\" height=\"150\"><\/a><p id=\"caption-attachment-38012\" class=\"wp-caption-text\"><strong>Takka Perondi RLU lasi<\/strong><\/p><\/div>\n<p style=\"text-align: center;\">Teho: 5 kW<br \/>\nL\u00e4mmitetty alue: 50m2<br \/>\nKorkeus: 1490 mm<br \/>\nLeveys: 480 mm<br \/>\nSyvyys: 480 mm<br \/>\nSavupiipun halkaisija: 150 mm<br \/>\nPaino: 142 kg<br \/>\n<a href=\"https:\/\/www.fireplace.de\/wp-content\/uploads\/produktdatenblatt-perondi-sandstein-k6032.pdf\">Tekniset tiedot<\/a><br \/>\n<a href=\"https:\/\/www.fireplace.de\/wp-content\/uploads\/Masszeichnung-PERONDI-RLU-Sandstein-K6032-V03.pdf\">Suunnitelma<\/a><br \/>\n<strong>Hinta: 2508 \u20ac<\/strong><\/p>\n<\/div><\/div><\/div><div class=\"fusion-clearfix\"><\/div><\/div>\n<\/article>\n<article id=\"blog-1-post-49752\" class=\"fusion-post-grid post-49752 post type-post status-publish format-standard hentry category-takat category-takat-fireplace\">\n<div class=\"fusion-post-wrapper\" style=\"background-color:rgba(255,255,255,1);border:1px solid #a82c23;border-bottom-width:3px;\">\n\n<div class=\"fusion-post-content-wrapper\" style=\"padding:30px 25px 25px 25px;\"><div class=\"fusion-post-content post-content\"><h2 class=\"blog-shortcode-post-title entry-title\"><a href=\"https:\/\/www.kaminakeskus.ee\/fi\/takka-meltem-vuolukivi\/\">Takka Meltem vuolukivi<\/a><\/h2><div class=\"fusion-post-content-container\"><div id=\"attachment_38008\" style=\"width: 160px\" class=\"wp-caption aligncenter\"><a href=\"https:\/\/www.kaminakeskus.ee\/wp-content\/uploads\/2018\/05\/Kamin-MELTEMI-voolukivi-150x150.jpg\"><img decoding=\"async\" aria-describedby=\"caption-attachment-38008\" class=\"size-thumbnail wp-image-21829\" src=\"https:\/\/www.kaminakeskus.ee\/wp-content\/uploads\/2018\/05\/Kamin-MELTEMI-voolukivi-150x150.jpg\" alt=\"\" width=\"150\" height=\"150\"><\/a><p id=\"caption-attachment-38008\" class=\"wp-caption-text\"><strong>Takka Meltem vuolukivi<\/strong><\/p><\/div>\n<p style=\"text-align: center;\">Teho: 8 kW<br \/>\nL\u00e4mmitetty alue: 80m2<br \/>\nKorkeus: 1046 mm<br \/>\nLeveys: 656 mm<br \/>\nSyvyys: 524 mm<br \/>\nSavupiipun halkaisija: 150 mm<br \/>\nPaino: 274 kg<br \/>\n<a href=\"https:\/\/www.fireplace.de\/wp-content\/uploads\/produktdatenblatt-meltemi-speckstein-k3110-1.pdf\">Tekniset tiedot<\/a><br \/>\n<a href=\"https:\/\/www.fireplace.de\/wp-content\/uploads\/Masszeichnung-MELTEMI-Speckstein-K3100.pdf\">Suunnitelma<\/a><br \/>\n<strong>Hinta: 2769 EUR<\/strong><\/p>\n<\/div><\/div><\/div><div class=\"fusion-clearfix\"><\/div><\/div>\n<\/article>\n<article id=\"blog-1-post-49812\" class=\"fusion-post-grid post-49812 post type-post status-publish format-standard hentry category-takat category-takat-fireplace\">\n<div class=\"fusion-post-wrapper\" style=\"background-color:rgba(255,255,255,1);border:1px solid #a82c23;border-bottom-width:3px;\">\n\n<div class=\"fusion-post-content-wrapper\" style=\"padding:30px 25px 25px 25px;\"><div class=\"fusion-post-content post-content\"><h2 class=\"blog-shortcode-post-title entry-title\"><a href=\"https:\/\/www.kaminakeskus.ee\/fi\/takka-malta-vuolukivi\/\">Takka Malta vuolukivi<\/a><\/h2><div class=\"fusion-post-content-container\"><div id=\"attachment_38004\" style=\"width: 160px\" class=\"wp-caption aligncenter\"><a href=\"https:\/\/www.kaminakeskus.ee\/wp-content\/uploads\/2018\/05\/Kamin-Malta-voolukivi-150x150.jpg\"><img decoding=\"async\" aria-describedby=\"caption-attachment-38004\" class=\"size-thumbnail wp-image-21823\" src=\"https:\/\/www.kaminakeskus.ee\/wp-content\/uploads\/2018\/05\/Kamin-Malta-voolukivi-150x150.jpg\" alt=\"\" width=\"150\" height=\"150\"><\/a><p id=\"caption-attachment-38004\" class=\"wp-caption-text\"><strong>Kulmatakka Maltan vuolukivi<\/strong><\/p><\/div>\n<p style=\"text-align: center;\">Teho: 6 kW<br \/>\nL\u00e4mmitetty alue: 60m2<br \/>\nKorkeus: 1209 mm<br \/>\nLeveys: 680 mm<br \/>\nSyvyys: 501 mm<br \/>\nSavupiipun halkaisija: 150 mm<br \/>\nPaino: 160 kg<br \/>\n<a href=\"https:\/\/www.fireplace.de\/wp-content\/uploads\/produktdatenblatt-malta-speckstein-r3500-1.pdf\">Tekniset tiedot<\/a><br \/>\n<a href=\"https:\/\/www.fireplace.de\/wp-content\/uploads\/Masszeichnung-MALTA-Speckstein-R3500-V00.pdf\">Suunnitelma<\/a><br \/>\n<strong>Hinta: 1909 \u20ac<\/strong><\/p>\n<\/div><\/div><\/div><div class=\"fusion-clearfix\"><\/div><\/div>\n<\/article>\n<article id=\"blog-1-post-49746\" class=\"fusion-post-grid post-49746 post type-post status-publish format-standard hentry category-takat category-takat-fireplace\">\n<div class=\"fusion-post-wrapper\" style=\"background-color:rgba(255,255,255,1);border:1px solid #a82c23;border-bottom-width:3px;\">\n\n<div class=\"fusion-post-content-wrapper\" style=\"padding:30px 25px 25px 25px;\"><div class=\"fusion-post-content post-content\"><h2 class=\"blog-shortcode-post-title entry-title\"><a href=\"https:\/\/www.kaminakeskus.ee\/fi\/takka-lyonin-vuolukivi\/\">Kulmatakka Lyon vuolukivi<\/a><\/h2><div class=\"fusion-post-content-container\"><div id=\"attachment_78199\" style=\"width: 116px\" class=\"wp-caption aligncenter\"><a href=\"https:\/\/www.kaminakeskus.ee\/wp-content\/uploads\/2018\/05\/kamin-fireplace-lyon-voolukivi-106x150.png\"><img decoding=\"async\" aria-describedby=\"caption-attachment-78199\" class=\"size-thumbnail wp-image-78198\" src=\"https:\/\/www.kaminakeskus.ee\/wp-content\/uploads\/2018\/05\/kamin-fireplace-lyon-voolukivi-106x150.png\" alt=\"\" width=\"106\" height=\"150\" srcset=\"https:\/\/www.kaminakeskus.ee\/wp-content\/uploads\/2018\/05\/kamin-fireplace-lyon-voolukivi-106x150.png 106w, https:\/\/www.kaminakeskus.ee\/wp-content\/uploads\/2018\/05\/kamin-fireplace-lyon-voolukivi-200x282.png 200w, https:\/\/www.kaminakeskus.ee\/wp-content\/uploads\/2018\/05\/kamin-fireplace-lyon-voolukivi-213x300.png 213w, https:\/\/www.kaminakeskus.ee\/wp-content\/uploads\/2018\/05\/kamin-fireplace-lyon-voolukivi-400x565.png 400w, https:\/\/www.kaminakeskus.ee\/wp-content\/uploads\/2018\/05\/kamin-fireplace-lyon-voolukivi-600x847.png 600w, https:\/\/www.kaminakeskus.ee\/wp-content\/uploads\/2018\/05\/kamin-fireplace-lyon-voolukivi-725x1024.png 725w, https:\/\/www.kaminakeskus.ee\/wp-content\/uploads\/2018\/05\/kamin-fireplace-lyon-voolukivi-768x1084.png 768w, https:\/\/www.kaminakeskus.ee\/wp-content\/uploads\/2018\/05\/kamin-fireplace-lyon-voolukivi-800x1129.png 800w, https:\/\/www.kaminakeskus.ee\/wp-content\/uploads\/2018\/05\/kamin-fireplace-lyon-voolukivi.png 870w\" sizes=\"(max-width: 106px) 100vw, 106px\" \/><\/a><p id=\"caption-attachment-78199\" class=\"wp-caption-text\"><strong>Kulmatakka Lyon vuolukivi<\/strong><\/p><\/div>\n<p style=\"text-align: center;\">Teho: 8 kW<br \/>\nL\u00e4mmitetty alue: 80m2<br \/>\nKorkeus: 1076 mm<br \/>\nLeveys: 772 mm<br \/>\nSyvyys: 615 mm<br \/>\nSavupiipun halkaisija: 150 mm<br \/>\nPaino: 210 kg<br \/>\n<a href=\"https:\/\/www.fireplace.de\/wp-content\/uploads\/produktdatenblatt-lyon-speckstein-k1430-1.pdf\">Tekniset tiedot<\/a><br \/>\n<a href=\"https:\/\/www.fireplace.de\/wp-content\/uploads\/Masszeichnung-LYON-Speckstein-K1430-V00.pdf\">Suunnitelma<\/a><br \/>\n<strong>Hinta: 2670 \u20ac<\/strong><\/p>\n<\/div><\/div><\/div><div class=\"fusion-clearfix\"><\/div><\/div>\n<\/article>\n<article id=\"blog-1-post-49720\" class=\"fusion-post-grid post-49720 post type-post status-publish format-standard hentry category-takat category-takat-fireplace\">\n<div class=\"fusion-post-wrapper\" style=\"background-color:rgba(255,255,255,1);border:1px solid #a82c23;border-bottom-width:3px;\">\n\n<div class=\"fusion-post-content-wrapper\" style=\"padding:30px 25px 25px 25px;\"><div class=\"fusion-post-content post-content\"><h2 class=\"blog-shortcode-post-title entry-title\"><a href=\"https:\/\/www.kaminakeskus.ee\/fi\/takka-jakarta-vuolukivi\/\">Takka Jakarta vuolukivi<\/a><\/h2><div class=\"fusion-post-content-container\"><div id=\"attachment_37992\" style=\"width: 160px\" class=\"wp-caption aligncenter\"><a href=\"https:\/\/www.kaminakeskus.ee\/wp-content\/uploads\/2018\/05\/Kamin-Jakarta-voolukivi-150x150.jpg\"><img decoding=\"async\" aria-describedby=\"caption-attachment-37992\" class=\"size-thumbnail wp-image-21814\" src=\"https:\/\/www.kaminakeskus.ee\/wp-content\/uploads\/2018\/05\/Kamin-Jakarta-voolukivi-150x150.jpg\" alt=\"\" width=\"150\" height=\"150\"><\/a><p id=\"caption-attachment-37992\" class=\"wp-caption-text\"><strong>Takka Jakarta vuolukivi<\/strong><\/p><\/div>\n<p style=\"text-align: center;\">Teho: 6 kW<br \/>\nL\u00e4mmitetty alue: 60m2<br \/>\nKorkeus: 1050 mm<br \/>\nLeveys: 550 mm<br \/>\nSyvyys: 487 mm<br \/>\nSavupiipun halkaisija: 150 mm<br \/>\nPaino: 121 kg<br \/>\n<strong>Hinta: 1545 \u20ac<\/strong><\/p>\n<\/div><\/div><\/div><div class=\"fusion-clearfix\"><\/div><\/div>\n<\/article>\n<article id=\"blog-1-post-49806\" class=\"fusion-post-grid post-49806 post type-post status-publish format-standard hentry category-takat category-takat-fireplace\">\n<div class=\"fusion-post-wrapper\" style=\"background-color:rgba(255,255,255,1);border:1px solid #a82c23;border-bottom-width:3px;\">\n\n<div class=\"fusion-post-content-wrapper\" style=\"padding:30px 25px 25px 25px;\"><div class=\"fusion-post-content post-content\"><h2 class=\"blog-shortcode-post-title entry-title\"><a href=\"https:\/\/www.kaminakeskus.ee\/fi\/takka-hampurin-vuolukivi\/\">Takka Hampurin vuolukivi<\/a><\/h2><div class=\"fusion-post-content-container\"><div id=\"attachment_37988\" style=\"width: 160px\" class=\"wp-caption aligncenter\"><a href=\"https:\/\/www.kaminakeskus.ee\/wp-content\/uploads\/2018\/05\/Kamin-Hamburg-voolukivi-150x150.jpg\"><img decoding=\"async\" aria-describedby=\"caption-attachment-37988\" class=\"size-thumbnail wp-image-21811\" src=\"https:\/\/www.kaminakeskus.ee\/wp-content\/uploads\/2018\/05\/Kamin-Hamburg-voolukivi-150x150.jpg\" alt=\"\" width=\"150\" height=\"150\"><\/a><p id=\"caption-attachment-37988\" class=\"wp-caption-text\"><strong>Takka Hampurin vuolukivi<\/strong><\/p><\/div>\n<p style=\"text-align: center;\">Teho: 8 kW<br \/>\nL\u00e4mmitetty alue: 80m2<br \/>\nKorkeus: 1140 mm<br \/>\nLeveys: 590 mm<br \/>\nSyvyys: 465 mm<br \/>\nSavupiipun halkaisija: 150 mm<br \/>\nPaino: 160 kg<br \/>\n<a href=\"https:\/\/www.fireplace.de\/wp-content\/uploads\/produktdatenblatt-hamburg-speckstein-k2530-1.pdf\">Tekniset tiedot<\/a><br \/>\n<a href=\"https:\/\/www.fireplace.de\/wp-content\/uploads\/Masszeichnung-HAMBURG-Speckstein-K2530-V00.pdf\">Suunnitelma<\/a><br \/>\n<strong>Hinta: 2045 \u20ac<\/strong><\/p>\n<\/div><\/div><\/div><div class=\"fusion-clearfix\"><\/div><\/div>\n<\/article>\n<article id=\"blog-1-post-49759\" class=\"fusion-post-grid post-49759 post type-post status-publish format-standard hentry category-takat category-takat-fireplace\">\n<div class=\"fusion-post-wrapper\" style=\"background-color:rgba(255,255,255,1);border:1px solid #a82c23;border-bottom-width:3px;\">\n\n<div class=\"fusion-post-content-wrapper\" style=\"padding:30px 25px 25px 25px;\"><div class=\"fusion-post-content post-content\"><h2 class=\"blog-shortcode-post-title entry-title\"><a href=\"https:\/\/www.kaminakeskus.ee\/fi\/takka-florenz-keramik\/\">Takka Florenz Keramik<\/a><\/h2><div class=\"fusion-post-content-container\"><div id=\"attachment_37980\" style=\"width: 160px\" class=\"wp-caption aligncenter\"><a href=\"https:\/\/www.kaminakeskus.ee\/wp-content\/uploads\/2018\/05\/Kamin-pliit-Florenz-Keramik-150x150.jpg\"><img decoding=\"async\" aria-describedby=\"caption-attachment-37980\" class=\"size-thumbnail wp-image-21804\" src=\"https:\/\/www.kaminakeskus.ee\/wp-content\/uploads\/2018\/05\/Kamin-pliit-Florenz-Keramik-150x150.jpg\" alt=\"\" width=\"150\" height=\"150\"><\/a><p id=\"caption-attachment-37980\" class=\"wp-caption-text\"><strong>Takka Florenz Keramik<\/strong><\/p><\/div>\n<p style=\"text-align: center;\">Teho: 7 kW<br \/>\nKorkeus: 909 mm<br \/>\nLeveys: 660 mm<br \/>\nSyvyys: 541 mm<br \/>\nSavupiipun halkaisija: 150 mm<br \/>\nPaino: 150 kg<br \/>\nV\u00e4ri: punainen, vihre\u00e4<br \/>\n<a href=\"https:\/\/www.fireplace.de\/wp-content\/uploads\/produktdatenblatt-florenz-keramik-grun-k1551-1.pdf\">Tekniset tiedot<\/a><br \/>\n<a href=\"https:\/\/www.fireplace.de\/wp-content\/uploads\/Masszeichnung-FLORENZ-Keramik-K1551-V02.pdf\">Suunnitelma<\/a><br \/>\n<strong>Hinta: 2650 euroa<\/strong><\/p>\n<\/div><\/div><\/div><div class=\"fusion-clearfix\"><\/div><\/div>\n<\/article>\n<article id=\"blog-1-post-49723\" class=\"fusion-post-grid post-49723 post type-post status-publish format-standard hentry category-takat category-takat-fireplace\">\n<div class=\"fusion-post-wrapper\" style=\"background-color:rgba(255,255,255,1);border:1px solid #a82c23;border-bottom-width:3px;\">\n\n<div class=\"fusion-post-content-wrapper\" style=\"padding:30px 25px 25px 25px;\"><div class=\"fusion-post-content post-content\"><h2 class=\"blog-shortcode-post-title entry-title\"><a href=\"https:\/\/www.kaminakeskus.ee\/fi\/takka-durango-vuolukivi\/\">Takka Durango vuolukivi<\/a><\/h2><div class=\"fusion-post-content-container\"><div id=\"attachment_37976\" style=\"width: 160px\" class=\"wp-caption aligncenter\"><a href=\"https:\/\/www.kaminakeskus.ee\/wp-content\/uploads\/2018\/05\/Kamin-Durango-voolukivi-150x150.jpg\"><img decoding=\"async\" aria-describedby=\"caption-attachment-37976\" class=\"size-thumbnail wp-image-21801\" src=\"https:\/\/www.kaminakeskus.ee\/wp-content\/uploads\/2018\/05\/Kamin-Durango-voolukivi-150x150.jpg\" alt=\"\" width=\"150\" height=\"150\"><\/a><p id=\"caption-attachment-37976\" class=\"wp-caption-text\"><strong>Takka Durango vuolukivi<\/strong><\/p><\/div>\n<p style=\"text-align: center;\">Teho: 6 kW<br \/>\nL\u00e4mmitetty alue: 60m2<br \/>\nKorkeus: 1050 mm<br \/>\nLeveys: 550 mm<br \/>\nSyvyys: 487 mm<br \/>\nSavupiipun halkaisija: 150 mm<br \/>\nPaino: 121 kg<br \/>\n<a href=\"https:\/\/www.fireplace.de\/wp-content\/uploads\/produktdatenblatt-durango-speckstein-r5693-1.pdf\">Tekniset tiedot<\/a><br \/>\n<a href=\"https:\/\/www.fireplace.de\/wp-content\/uploads\/Masszeichnung-DURANGO-Speckstein-K5693-V01.pdf\">Suunnitelma<\/a><br \/>\n<strong>Hinta: 1636 \u20ac<\/strong><\/p>\n<\/div><\/div><\/div><div class=\"fusion-clearfix\"><\/div><\/div>\n<\/article>\n<article id=\"blog-1-post-49741\" class=\"fusion-post-grid post-49741 post type-post status-publish format-standard hentry category-takat category-takat-fireplace\">\n<div class=\"fusion-post-wrapper\" style=\"background-color:rgba(255,255,255,1);border:1px solid #a82c23;border-bottom-width:3px;\">\n\n<div class=\"fusion-post-content-wrapper\" style=\"padding:30px 25px 25px 25px;\"><div class=\"fusion-post-content post-content\"><h2 class=\"blog-shortcode-post-title entry-title\"><a href=\"https:\/\/www.kaminakeskus.ee\/fi\/takka-barcelona-vuolukivi\/\">Takka Barcelona vuolukivi<\/a><\/h2><div class=\"fusion-post-content-container\"><div id=\"attachment_41820\" style=\"width: 160px\" class=\"wp-caption aligncenter\"><a href=\"https:\/\/www.kaminakeskus.ee\/wp-content\/uploads\/2020\/06\/Fireplace-Kaminofen-BARCELONA-Speckstein-K3040-ent-min-150x150.jpg\"><img decoding=\"async\" aria-describedby=\"caption-attachment-41820\" class=\"size-thumbnail wp-image-26946\" src=\"https:\/\/www.kaminakeskus.ee\/wp-content\/uploads\/2020\/06\/Fireplace-Kaminofen-BARCELONA-Speckstein-K3040-ent-min-150x150.jpg\" alt=\"\" width=\"150\" height=\"150\"><\/a><p id=\"caption-attachment-41820\" class=\"wp-caption-text\"><strong>Takka Barcelona vuolukivi<\/strong><\/p><\/div>\n<p style=\"text-align: center;\">Teho: 8 kW<br \/>\nL\u00e4mmitetty alue: 80m2<br \/>\nKorkeus: 1187 mm<br \/>\nLeveys: 536 mm<br \/>\nSyvyys: 536 mm<br \/>\nSavupiipun halkaisija: 150 mm<br \/>\nPaino: 230 kg<br \/>\n<a href=\"https:\/\/www.fireplace.de\/wp-content\/uploads\/produktdatenblatt-barcelona-speckstein-k3040-1.pdf\">Tekniset tiedot<\/a><br \/>\n<a href=\"https:\/\/www.fireplace.de\/wp-content\/uploads\/Masszeichnung-BARCELONA-Speckstein-K3040-V00.pdf\">Suunnitelma<\/a><br \/>\n<strong>Hinta: 2139 \u20ac<\/strong><\/p>\n<\/div><\/div><\/div><div class=\"fusion-clearfix\"><\/div><\/div>\n<\/article>\n<article id=\"blog-1-post-49739\" class=\"fusion-post-grid post-49739 post type-post status-publish format-standard hentry category-takat category-takat-fireplace\">\n<div class=\"fusion-post-wrapper\" style=\"background-color:rgba(255,255,255,1);border:1px solid #a82c23;border-bottom-width:3px;\">\n\n<div class=\"fusion-post-content-wrapper\" style=\"padding:30px 25px 25px 25px;\"><div class=\"fusion-post-content post-content\"><h2 class=\"blog-shortcode-post-title entry-title\"><a href=\"https:\/\/www.kaminakeskus.ee\/fi\/takka-alicanten-vuolukivi\/\">Kamin Alicante voolukivi<\/a><\/h2><div class=\"fusion-post-content-container\"><div id=\"attachment_37964\" style=\"width: 160px\" class=\"wp-caption aligncenter\"><a href=\"https:\/\/www.kaminakeskus.ee\/wp-content\/uploads\/2018\/05\/Kamin-Alicante-voolukivi-150x150.jpg\"><img decoding=\"async\" aria-describedby=\"caption-attachment-37964\" class=\"size-thumbnail wp-image-21791\" src=\"https:\/\/www.kaminakeskus.ee\/wp-content\/uploads\/2018\/05\/Kamin-Alicante-voolukivi-150x150.jpg\" alt=\"Kamin Alicante voolukivi\" width=\"150\" height=\"150\"><\/a><p id=\"caption-attachment-37964\" class=\"wp-caption-text\"><strong>Kamin Alicante voolukivi<\/strong><\/p><\/div>\n<p style=\"text-align: center;\">Teho: 8 kW<br \/>\nL\u00e4mmitetty alue: 80m2<br \/>\nKorkeus: 1137 mm<br \/>\nLeveys: 595 mm<br \/>\nSyvyys: 469 mm<br \/>\nSavupiipun halkaisija: 150 mm<br \/>\nPaino: 185 kg<br \/>\n<a href=\"https:\/\/www.fireplace.de\/wp-content\/uploads\/produktdatenblatt-alicante-speckstein-k1263-2.pdf\">Tekniset tiedot<\/a><br \/>\n<a href=\"https:\/\/www.fireplace.de\/wp-content\/uploads\/Masszeichnung-ALICANTE-Speckstein-K1263-V01.pdf\">Suunnitelma<\/a><br \/>\n<strong>Hinta: 2039 \u20ac<\/strong><\/p>\n<\/div><\/div><\/div><div class=\"fusion-clearfix\"><\/div><\/div>\n<\/article>\n<article id=\"blog-1-post-49755\" class=\"fusion-post-grid post-49755 post type-post status-publish format-standard hentry category-takat category-takat-fireplace\">\n<div class=\"fusion-post-wrapper\" style=\"background-color:rgba(255,255,255,1);border:1px solid #a82c23;border-bottom-width:3px;\">\n\n<div class=\"fusion-post-content-wrapper\" style=\"padding:30px 25px 25px 25px;\"><div class=\"fusion-post-content post-content\"><h2 class=\"blog-shortcode-post-title entry-title\"><a href=\"https:\/\/www.kaminakeskus.ee\/fi\/takka-alicante-lotic\/\">Takka ALICANTE lotic<\/a><\/h2><div class=\"fusion-post-content-container\"><div id=\"attachment_37956\" style=\"width: 160px\" class=\"wp-caption aligncenter\"><a href=\"https:\/\/www.kaminakeskus.ee\/wp-content\/uploads\/2018\/05\/Kamin-Alicante-ls-150x150.jpg\"><img decoding=\"async\" aria-describedby=\"caption-attachment-37956\" class=\"size-thumbnail wp-image-21785\" src=\"https:\/\/www.kaminakeskus.ee\/wp-content\/uploads\/2018\/05\/Kamin-Alicante-ls-150x150.jpg\" alt=\"kamin ALICANTE loticstone\" width=\"150\" height=\"150\"><\/a><p id=\"caption-attachment-37956\" class=\"wp-caption-text\"><strong>Takka Alicante Lotic<\/strong><\/p><\/div>\n<p style=\"text-align: center;\">Teho: 8 kW<br \/>\nL\u00e4mmitetty alue: 80m2<br \/>\nKorkeus: 1137 mm<br \/>\nLeveys: 595 mm<br \/>\nSyvyys: 469 mm<br \/>\nSavupiipun halkaisija: 150 mm<br \/>\nPaino: 165 kg<br \/>\n<a href=\"https:\/\/www.fireplace.de\/wp-content\/uploads\/produktdatenblatt-alicante-sandtein-k1266-2.pdf\">Tekniset tiedot<\/a><br \/>\n<a href=\"https:\/\/www.fireplace.de\/wp-content\/uploads\/Masszeichnung-ALICANTE-Loticstein-K1266-V01.pdf\">Suunnitelma<\/a><br \/>\n<strong>Hinta: 2119 \u20ac<\/strong><\/p>\n<\/div><\/div><\/div><div class=\"fusion-clearfix\"><\/div><\/div>\n<\/article>\n<article id=\"blog-1-post-49750\" class=\"fusion-post-grid post-49750 post type-post status-publish format-standard hentry category-takat category-takat-fireplace\">\n<div class=\"fusion-post-wrapper\" style=\"background-color:rgba(255,255,255,1);border:1px solid #a82c23;border-bottom-width:3px;\">\n\n<div class=\"fusion-post-content-wrapper\" style=\"padding:30px 25px 25px 25px;\"><div class=\"fusion-post-content post-content\"><h2 class=\"blog-shortcode-post-title entry-title\"><a href=\"https:\/\/www.kaminakeskus.ee\/fi\/takka-adelaide-ceramic\/\">Kulmatakka ADELAIDE Keramik<\/a><\/h2><div class=\"fusion-post-content-container\"><div id=\"attachment_41812\" style=\"width: 160px\" class=\"wp-caption aligncenter\"><a href=\"https:\/\/www.kaminakeskus.ee\/wp-content\/uploads\/2020\/06\/Fireplace-Kaminofen-ADELAIDE-Plus-Keramik-Eck-mit-Haube-K5694-ent-min-150x150.jpg\"><img decoding=\"async\" aria-describedby=\"caption-attachment-41812\" class=\"size-thumbnail wp-image-26933\" src=\"https:\/\/www.kaminakeskus.ee\/wp-content\/uploads\/2020\/06\/Fireplace-Kaminofen-ADELAIDE-Plus-Keramik-Eck-mit-Haube-K5694-ent-min-150x150.jpg\" alt=\"\" width=\"150\" height=\"150\"><\/a><p id=\"caption-attachment-41812\" class=\"wp-caption-text\"><strong>Kulmatakka Adelaide<\/strong><\/p><\/div>\n<p style=\"text-align: center;\">Teho: 6 kW<br \/>\nL\u00e4mmitetty alue: 60m2<br \/>\nKorkeus: 1431 mm<br \/>\nLeveys: 704 mm<br \/>\nSyvyys: 442 mm<br \/>\nSavupiipun halkaisija: 150 mm<br \/>\nPaino: 150 kg<br \/>\n<a href=\"https:\/\/www.fireplace.de\/wp-content\/uploads\/produktdatenblatt-adelaide-keramik-r5694.pdf\">Tekniset tiedot<\/a><br \/>\n<a href=\"https:\/\/www.fireplace.de\/wp-content\/uploads\/Masszeichnung-ADELAIDE-Keramik-R5694-V02.pdf\">Suunnitelma<\/a><br \/>\n<strong>Hinta: 2694 euroa<br \/>\nL\u00e4mm\u00f6nvaraus: 185 EUR<\/strong><\/p>\n<\/div><\/div><\/div><div class=\"fusion-clearfix\"><\/div><\/div>\n<\/article>\n<article id=\"blog-1-post-49785\" class=\"fusion-post-grid post-49785 post type-post status-publish format-standard hentry category-takat category-takat-fireplace\">\n<div class=\"fusion-post-wrapper\" style=\"background-color:rgba(255,255,255,1);border:1px solid #a82c23;border-bottom-width:3px;\">\n\n<div class=\"fusion-post-content-wrapper\" style=\"padding:30px 25px 25px 25px;\"><div class=\"fusion-post-content post-content\"><h2 class=\"blog-shortcode-post-title entry-title\"><a href=\"https:\/\/www.kaminakeskus.ee\/fi\/takka-adamis-terasta\/\">Takka ADAMIS ter\u00e4st\u00e4<\/a><\/h2><div class=\"fusion-post-content-container\"><div id=\"attachment_37948\" style=\"width: 160px\" class=\"wp-caption aligncenter\"><a href=\"https:\/\/www.kaminakeskus.ee\/wp-content\/uploads\/2018\/05\/Kamin-Adamis-Stahl-150x150.jpg\"><img decoding=\"async\" aria-describedby=\"caption-attachment-37948\" class=\"size-thumbnail wp-image-21779\" src=\"https:\/\/www.kaminakeskus.ee\/wp-content\/uploads\/2018\/05\/Kamin-Adamis-Stahl-150x150.jpg\" alt=\"\" width=\"150\" height=\"150\"><\/a><p id=\"caption-attachment-37948\" class=\"wp-caption-text\"><strong>Takka Adamis ter\u00e4st\u00e4<\/strong><\/p><\/div>\n<p style=\"text-align: center;\">Teho: 7 kW<br \/>\nL\u00e4mmitetty alue: 70m2<br \/>\nKorkeus: 812 mm<br \/>\nLeveys: 792 mm<br \/>\nSyvyys: 436 mm<br \/>\nSavupiipun halkaisija: 150 mm<br \/>\nPaino: 170 kg<br \/>\n<a href=\"https:\/\/www.fireplace.de\/wp-content\/uploads\/produktdatenblatt-adamis-stahl-k6350-1.pdf\">Tekniset tiedot<\/a><br \/>\n<a href=\"https:\/\/www.fireplace.de\/wp-content\/uploads\/Masszeichnung-ADAMIS-Stahl-K6350-V02.pdf\">Suunnitelma<\/a><br \/>\n<strong>Hinta: 2330 euroa<\/strong><\/p>\n<\/div><\/div><\/div><div class=\"fusion-clearfix\"><\/div><\/div>\n<\/article>\n<article id=\"blog-1-post-49725\" class=\"fusion-post-grid post-49725 post type-post status-publish format-standard hentry category-takat category-takat-fireplace\">\n<div class=\"fusion-post-wrapper\" style=\"background-color:rgba(255,255,255,1);border:1px solid #a82c23;border-bottom-width:3px;\">\n\n<div class=\"fusion-post-content-wrapper\" style=\"padding:30px 25px 25px 25px;\"><div class=\"fusion-post-content post-content\"><h2 class=\"blog-shortcode-post-title entry-title\"><a href=\"https:\/\/www.kaminakeskus.ee\/fi\/takka-adamis-vuolukivi\/\">Takka ADAMIS vuolukivi<\/a><\/h2><div class=\"fusion-post-content-container\"><div id=\"attachment_37944\" style=\"width: 160px\" class=\"wp-caption aligncenter\"><a href=\"https:\/\/www.kaminakeskus.ee\/wp-content\/uploads\/2018\/05\/Kamin-Adamis-voolukivi-1-150x150.jpg\"><img decoding=\"async\" aria-describedby=\"caption-attachment-37944\" class=\"wp-image-21776 size-thumbnail\" src=\"https:\/\/www.kaminakeskus.ee\/wp-content\/uploads\/2018\/05\/Kamin-Adamis-voolukivi-1-150x150.jpg\" alt=\"\" width=\"150\" height=\"150\"><\/a><p id=\"caption-attachment-37944\" class=\"wp-caption-text\"><strong>Takka Adamis vuolukivi<\/strong><\/p><\/div>\n<p style=\"text-align: center;\">Teho: 7 kW<br \/>\nL\u00e4mmitetty alue: 70m2<br \/>\nKorkeus: 849 mm<br \/>\nLeveys: 792 mm<br \/>\nSyvyys: 436 mm<br \/>\nSavupiipun halkaisija: 150 mm<br \/>\nPaino: 215 kg<br \/>\n<a href=\"https:\/\/www.fireplace.de\/wp-content\/uploads\/produktdatenblatt-adamis-speckstein-k6355-1.pdf\">Tekniset tiedot<\/a><br \/>\n<a href=\"https:\/\/www.fireplace.de\/wp-content\/uploads\/Masszeichnung-ADAMIS-Speckstein-K6355-V03.pdf\">Suunnitelma<\/a><br \/>\n<strong>Hinta: 2880 euroa<\/strong><\/p>\n<\/div><\/div><\/div><div class=\"fusion-clearfix\"><\/div><\/div>\n<\/article>\n<div class=\"fusion-clearfix\"><\/div><\/div><\/div><\/div><\/div><\/div><\/div><div class=\"fusion-fullwidth fullwidth-box fusion-builder-row-2 fusion-flex-container nonhundred-percent-fullwidth non-hundred-percent-height-scrolling\" style=\"--awb-border-radius-top-left:0px;--awb-border-radius-top-right:0px;--awb-border-radius-bottom-right:0px;--awb-border-radius-bottom-left:0px;--awb-flex-wrap:wrap;\" ><div class=\"fusion-builder-row fusion-row fusion-flex-align-items-flex-start fusion-flex-content-wrap\" style=\"max-width:2392px;margin-left: calc(-4% \/ 2 );margin-right: calc(-4% \/ 2 );\"><div class=\"fusion-layout-column fusion_builder_column fusion-builder-column-1 fusion_builder_column_1_1 1_1 fusion-flex-column\" style=\"--awb-bg-size:cover;--awb-width-large:100%;--awb-margin-top-large:0px;--awb-spacing-right-large:1.92%;--awb-margin-bottom-large:20px;--awb-spacing-left-large:1.92%;--awb-width-medium:100%;--awb-order-medium:0;--awb-spacing-right-medium:1.92%;--awb-spacing-left-medium:1.92%;--awb-width-small:100%;--awb-order-small:0;--awb-spacing-right-small:1.92%;--awb-spacing-left-small:1.92%;\"><div class=\"fusion-column-wrapper fusion-column-has-shadow fusion-flex-justify-content-flex-start fusion-content-layout-column\"><\/div><\/div><\/div><\/div><\/p>\n","protected":false},"excerpt":{"rendered":"","protected":false},"author":3,"featured_media":0,"parent":0,"menu_order":0,"comment_status":"closed","ping_status":"closed","template":"","meta":{"footnotes":""},"class_list":["post-53826","page","type-page","status-publish","hentry"],"yoast_head":"<!-- This site is optimized with the Yoast SEO Premium plugin v27.5 (Yoast SEO v27.5) - https:\/\/yoast.com\/product\/yoast-seo-premium-wordpress\/ -->\n<title>KaminaKeskus<\/title>\n<meta name=\"description\" content=\"Kaminate, pliitide, ahjude ja korstnate m\u00fc\u00fck\" \/>\n<meta name=\"robots\" content=\"index, follow, max-snippet:-1, max-image-preview:large, max-video-preview:-1\" \/>\n<link rel=\"canonical\" href=\"https:\/\/www.kaminakeskus.ee\/fi\/takka-takat\/\" \/>\n<meta property=\"og:locale\" content=\"fi_FI\" \/>\n<meta property=\"og:type\" content=\"article\" \/>\n<meta property=\"og:title\" content=\"TAKKA TAKAT - Kaminakeskus | Kaminad, Ahjud, Pliidid, Saunaahjud, Korstnad, Katlad\" \/>\n<meta property=\"og:description\" content=\"Kaminate, pliitide, ahjude ja korstnate m\u00fc\u00fck\" \/>\n<meta property=\"og:url\" content=\"https:\/\/www.kaminakeskus.ee\/fi\/takka-takat\/\" \/>\n<meta property=\"og:site_name\" content=\"Kaminakeskus | Kaminad, Ahjud, Pliidid, Saunaahjud, Korstnad, Katlad\" \/>\n<meta property=\"article:publisher\" content=\"https:\/\/www.facebook.com\/kaminakeskus\/yoast\" \/>\n<meta property=\"article:modified_time\" content=\"2021-09-02T15:53:15+00:00\" \/>\n<meta name=\"twitter:card\" content=\"summary_large_image\" \/>\n<meta name=\"twitter:label1\" content=\"Est. reading time\" \/>\n\t<meta name=\"twitter:data1\" content=\"6 minutes\" \/>\n<script type=\"application\/ld+json\" class=\"yoast-schema-graph\">{\"@context\":\"https:\\\/\\\/schema.org\",\"@graph\":[{\"@type\":\"WebPage\",\"@id\":\"https:\\\/\\\/www.kaminakeskus.ee\\\/fi\\\/takka-takat\\\/\",\"url\":\"https:\\\/\\\/www.kaminakeskus.ee\\\/fi\\\/takka-takat\\\/\",\"name\":\"KaminaKeskus\",\"isPartOf\":{\"@id\":\"https:\\\/\\\/www.kaminakeskus.ee\\\/fi\\\/#website\"},\"datePublished\":\"2021-08-18T07:15:19+00:00\",\"dateModified\":\"2021-09-02T15:53:15+00:00\",\"description\":\"Kaminate, pliitide, ahjude ja korstnate m\u00fc\u00fck\",\"breadcrumb\":{\"@id\":\"https:\\\/\\\/www.kaminakeskus.ee\\\/fi\\\/takka-takat\\\/#breadcrumb\"},\"inLanguage\":\"fi-FI\",\"potentialAction\":[{\"@type\":\"ReadAction\",\"target\":[\"https:\\\/\\\/www.kaminakeskus.ee\\\/fi\\\/takka-takat\\\/\"]}]},{\"@type\":\"BreadcrumbList\",\"@id\":\"https:\\\/\\\/www.kaminakeskus.ee\\\/fi\\\/takka-takat\\\/#breadcrumb\",\"itemListElement\":[{\"@type\":\"ListItem\",\"position\":1,\"name\":\"Home\",\"item\":\"https:\\\/\\\/www.kaminakeskus.ee\\\/fi\\\/\"},{\"@type\":\"ListItem\",\"position\":2,\"name\":\"TAKKA TAKAT\"}]},{\"@type\":\"WebSite\",\"@id\":\"https:\\\/\\\/www.kaminakeskus.ee\\\/fi\\\/#website\",\"url\":\"https:\\\/\\\/www.kaminakeskus.ee\\\/fi\\\/\",\"name\":\"Kaminakeskus | Kaminad, Ahjud, Pliidid, Saunaahjud, Korstnad, Korsten, Moodulkorsten, Katlad\",\"description\":\"Kamin Kaminad Ahi Ahjud Pliit Pliidid Korstnad Katlad\",\"publisher\":{\"@id\":\"https:\\\/\\\/www.kaminakeskus.ee\\\/fi\\\/#organization\"},\"potentialAction\":[{\"@type\":\"SearchAction\",\"target\":{\"@type\":\"EntryPoint\",\"urlTemplate\":\"https:\\\/\\\/www.kaminakeskus.ee\\\/fi\\\/?s={search_term_string}\"},\"query-input\":{\"@type\":\"PropertyValueSpecification\",\"valueRequired\":true,\"valueName\":\"search_term_string\"}}],\"inLanguage\":\"fi-FI\"},{\"@type\":[\"Organization\",\"Place\"],\"@id\":\"https:\\\/\\\/www.kaminakeskus.ee\\\/fi\\\/#organization\",\"name\":\"R\u00e4ndr\u00fc\u00fctel HP O\u00dc\",\"alternateName\":\"KaminaKeskus\",\"url\":\"https:\\\/\\\/www.kaminakeskus.ee\\\/\",\"logo\":{\"@type\":\"ImageObject\",\"inLanguage\":\"fi-FI\",\"@id\":\"https:\\\/\\\/www.kaminakeskus.ee\\\/fi\\\/#\\\/schema\\\/logo\\\/image\\\/\",\"url\":\"https:\\\/\\\/www.kaminakeskus.ee\\\/wp-content\\\/uploads\\\/2026\\\/02\\\/Kaminakeskus-logo-1-1.jpg\",\"contentUrl\":\"https:\\\/\\\/www.kaminakeskus.ee\\\/wp-content\\\/uploads\\\/2026\\\/02\\\/Kaminakeskus-logo-1-1.jpg\",\"width\":2068,\"height\":532,\"caption\":\"R\u00e4ndr\u00fc\u00fctel HP O\u00dc\"},\"image\":{\"@id\":\"https:\\\/\\\/www.kaminakeskus.ee\\\/fi\\\/#\\\/schema\\\/logo\\\/image\\\/\"},\"sameAs\":[\"https:\\\/\\\/www.facebook.com\\\/kaminakeskus\\\/yoast\"],\"description\":\"Sales of fireplaces, chimneys and related goods. Kaminate, ahjude, pliitide, korstnate ja nendega seotud toodete m\u00fc\u00fck.\",\"legalName\":\"R\u00e4ndr\u00fc\u00fctel HP O\u00dc\",\"foundingDate\":\"1997-05-13\",\"leiCode\":\"9845007FC4HB963C8D65\",\"numberOfEmployees\":{\"@type\":\"QuantitativeValue\",\"minValue\":\"1\",\"maxValue\":\"10\"},\"telephone\":[\"+372 5543239\",\"+372 58812360\"],\"contactPoint\":{\"@type\":\"ContactPoint\",\"telephone\":\"+372 5543239\",\"email\":\"kaminakeskus@gmail.com\"},\"email\":\"kaminakeskus@gmail.com\",\"vatID\":\"EE100831739\",\"taxID\":\"10208374\"}]}<\/script>\n<!-- \/ Yoast SEO Premium plugin. -->","yoast_head_json":{"title":"KaminaKeskus","description":"Kaminate, pliitide, ahjude ja korstnate m\u00fc\u00fck","robots":{"index":"index","follow":"follow","max-snippet":"max-snippet:-1","max-image-preview":"max-image-preview:large","max-video-preview":"max-video-preview:-1"},"canonical":"https:\/\/www.kaminakeskus.ee\/fi\/takka-takat\/","og_locale":"fi_FI","og_type":"article","og_title":"TAKKA TAKAT - Kaminakeskus | Kaminad, Ahjud, Pliidid, Saunaahjud, Korstnad, Katlad","og_description":"Kaminate, pliitide, ahjude ja korstnate m\u00fc\u00fck","og_url":"https:\/\/www.kaminakeskus.ee\/fi\/takka-takat\/","og_site_name":"Kaminakeskus | Kaminad, Ahjud, Pliidid, Saunaahjud, Korstnad, Katlad","article_publisher":"https:\/\/www.facebook.com\/kaminakeskus\/yoast","article_modified_time":"2021-09-02T15:53:15+00:00","twitter_card":"summary_large_image","twitter_misc":{"Est. reading time":"6 minutes"},"schema":{"@context":"https:\/\/schema.org","@graph":[{"@type":"WebPage","@id":"https:\/\/www.kaminakeskus.ee\/fi\/takka-takat\/","url":"https:\/\/www.kaminakeskus.ee\/fi\/takka-takat\/","name":"KaminaKeskus","isPartOf":{"@id":"https:\/\/www.kaminakeskus.ee\/fi\/#website"},"datePublished":"2021-08-18T07:15:19+00:00","dateModified":"2021-09-02T15:53:15+00:00","description":"Kaminate, pliitide, ahjude ja korstnate m\u00fc\u00fck","breadcrumb":{"@id":"https:\/\/www.kaminakeskus.ee\/fi\/takka-takat\/#breadcrumb"},"inLanguage":"fi-FI","potentialAction":[{"@type":"ReadAction","target":["https:\/\/www.kaminakeskus.ee\/fi\/takka-takat\/"]}]},{"@type":"BreadcrumbList","@id":"https:\/\/www.kaminakeskus.ee\/fi\/takka-takat\/#breadcrumb","itemListElement":[{"@type":"ListItem","position":1,"name":"Home","item":"https:\/\/www.kaminakeskus.ee\/fi\/"},{"@type":"ListItem","position":2,"name":"TAKKA TAKAT"}]},{"@type":"WebSite","@id":"https:\/\/www.kaminakeskus.ee\/fi\/#website","url":"https:\/\/www.kaminakeskus.ee\/fi\/","name":"Kaminakeskus | Kaminad, Ahjud, Pliidid, Saunaahjud, Korstnad, Korsten, Moodulkorsten, Katlad","description":"Kamin Kaminad Ahi Ahjud Pliit Pliidid Korstnad Katlad","publisher":{"@id":"https:\/\/www.kaminakeskus.ee\/fi\/#organization"},"potentialAction":[{"@type":"SearchAction","target":{"@type":"EntryPoint","urlTemplate":"https:\/\/www.kaminakeskus.ee\/fi\/?s={search_term_string}"},"query-input":{"@type":"PropertyValueSpecification","valueRequired":true,"valueName":"search_term_string"}}],"inLanguage":"fi-FI"},{"@type":["Organization","Place"],"@id":"https:\/\/www.kaminakeskus.ee\/fi\/#organization","name":"R\u00e4ndr\u00fc\u00fctel HP O\u00dc","alternateName":"KaminaKeskus","url":"https:\/\/www.kaminakeskus.ee\/","logo":{"@type":"ImageObject","inLanguage":"fi-FI","@id":"https:\/\/www.kaminakeskus.ee\/fi\/#\/schema\/logo\/image\/","url":"https:\/\/www.kaminakeskus.ee\/wp-content\/uploads\/2026\/02\/Kaminakeskus-logo-1-1.jpg","contentUrl":"https:\/\/www.kaminakeskus.ee\/wp-content\/uploads\/2026\/02\/Kaminakeskus-logo-1-1.jpg","width":2068,"height":532,"caption":"R\u00e4ndr\u00fc\u00fctel HP O\u00dc"},"image":{"@id":"https:\/\/www.kaminakeskus.ee\/fi\/#\/schema\/logo\/image\/"},"sameAs":["https:\/\/www.facebook.com\/kaminakeskus\/yoast"],"description":"Sales of fireplaces, chimneys and related goods. Kaminate, ahjude, pliitide, korstnate ja nendega seotud toodete m\u00fc\u00fck.","legalName":"R\u00e4ndr\u00fc\u00fctel HP O\u00dc","foundingDate":"1997-05-13","leiCode":"9845007FC4HB963C8D65","numberOfEmployees":{"@type":"QuantitativeValue","minValue":"1","maxValue":"10"},"telephone":["+372 5543239","+372 58812360"],"contactPoint":{"@type":"ContactPoint","telephone":"+372 5543239","email":"kaminakeskus@gmail.com"},"email":"kaminakeskus@gmail.com","vatID":"EE100831739","taxID":"10208374"}]}},"_links":{"self":[{"href":"https:\/\/www.kaminakeskus.ee\/fi\/wp-json\/wp\/v2\/pages\/53826","targetHints":{"allow":["GET"]}}],"collection":[{"href":"https:\/\/www.kaminakeskus.ee\/fi\/wp-json\/wp\/v2\/pages"}],"about":[{"href":"https:\/\/www.kaminakeskus.ee\/fi\/wp-json\/wp\/v2\/types\/page"}],"author":[{"embeddable":true,"href":"https:\/\/www.kaminakeskus.ee\/fi\/wp-json\/wp\/v2\/users\/3"}],"replies":[{"embeddable":true,"href":"https:\/\/www.kaminakeskus.ee\/fi\/wp-json\/wp\/v2\/comments?post=53826"}],"version-history":[{"count":3,"href":"https:\/\/www.kaminakeskus.ee\/fi\/wp-json\/wp\/v2\/pages\/53826\/revisions"}],"predecessor-version":[{"id":53846,"href":"https:\/\/www.kaminakeskus.ee\/fi\/wp-json\/wp\/v2\/pages\/53826\/revisions\/53846"}],"wp:attachment":[{"href":"https:\/\/www.kaminakeskus.ee\/fi\/wp-json\/wp\/v2\/media?parent=53826"}],"curies":[{"name":"wp","href":"https:\/\/api.w.org\/{rel}","templated":true}]}}