{"id":53914,"date":"2021-08-18T09:37:58","date_gmt":"2021-08-18T09:37:58","guid":{"rendered":"https:\/\/www.kaminakeskus.ee\/lanordica-takat\/"},"modified":"2021-09-02T15:54:05","modified_gmt":"2021-09-02T15:54:05","slug":"lanordica-takat","status":"publish","type":"page","link":"https:\/\/www.kaminakeskus.ee\/fi\/lanordica-takat\/","title":{"rendered":"LANORDICA TAKAT"},"content":{"rendered":"<p><div class=\"fusion-fullwidth fullwidth-box fusion-builder-row-1 fusion-flex-container hundred-percent-fullwidth non-hundred-percent-height-scrolling\" style=\"--awb-border-radius-top-left:0px;--awb-border-radius-top-right:0px;--awb-border-radius-bottom-right:0px;--awb-border-radius-bottom-left:0px;--awb-margin-top:40px;--awb-flex-wrap:wrap;\" ><div class=\"fusion-builder-row fusion-row fusion-flex-align-items-flex-start fusion-flex-content-wrap\" style=\"width:104% !important;max-width:104% !important;margin-left: calc(-4% \/ 2 );margin-right: calc(-4% \/ 2 );\"><div class=\"fusion-layout-column fusion_builder_column fusion-builder-column-0 fusion_builder_column_1_1 1_1 fusion-flex-column\" style=\"--awb-bg-size:cover;--awb-width-large:100%;--awb-margin-top-large:0px;--awb-spacing-right-large:1.92%;--awb-margin-bottom-large:20px;--awb-spacing-left-large:1.92%;--awb-width-medium:100%;--awb-order-medium:0;--awb-spacing-right-medium:1.92%;--awb-spacing-left-medium:1.92%;--awb-width-small:100%;--awb-order-small:0;--awb-spacing-right-small:1.92%;--awb-spacing-left-small:1.92%;\"><div class=\"fusion-column-wrapper fusion-column-has-shadow fusion-flex-justify-content-flex-start fusion-content-layout-column\"><div class=\"fusion-blog-shortcode fusion-blog-shortcode-1 fusion-blog-archive fusion-blog-layout-grid-wrapper fusion-blog-no\"><style type=\"text\/css\">.fusion-blog-shortcode-1 .fusion-blog-layout-grid .fusion-post-grid{padding:12.5px;}.fusion-blog-shortcode-1 .fusion-posts-container{margin-left: -12.5px !important; margin-right:-12.5px !important;}<\/style><div class=\"fusion-posts-container fusion-posts-container-no fusion-no-meta-info fusion-blog-rollover fusion-blog-layout-grid fusion-blog-layout-grid-4 isotope fusion-blog-equal-heights\" data-pages=\"0\" data-grid-col-space=\"25\" style=\"margin: -12.5px -12.5px 0;min-height:500px;\"><article id=\"blog-1-post-86526\" class=\"fusion-post-grid post-86526 post type-post status-publish format-standard hentry category-pellettitakat-fi category-pellettitakat-extraflame category-takat category-takat-lanordica\">\n<div class=\"fusion-post-wrapper\" style=\"background-color:rgba(255,255,255,1);border:1px solid #a82c23;border-bottom-width:3px;\">\n\n<div class=\"fusion-post-content-wrapper\" style=\"padding:30px 25px 25px 25px;\"><div class=\"fusion-post-content post-content\"><h2 class=\"blog-shortcode-post-title entry-title\"><a href=\"https:\/\/www.kaminakeskus.ee\/fi\/hubriidkamin-lanordica-margaret-gres-ostuni-puupellet\/\">H\u00fcbriidkamin LaNordica Margaret Gres Ostuni(puu+pellet)<\/a><\/h2><div class=\"fusion-post-content-container\"><div id=\"attachment_86521\" style=\"width: 157px\" class=\"wp-caption aligncenter\"><a href=\"https:\/\/www.kaminakeskus.ee\/wp-content\/uploads\/2026\/03\/hubriidkamin-lanordica-MARGARET-GRES-ostuni-223x300.webp\"><img decoding=\"async\" aria-describedby=\"caption-attachment-86521\" class=\"wp-image-86521\" title=\"H\u00fcbriidkamin LaNordica Margaret Gres Ostuni(puu+pellet)\" src=\"https:\/\/www.kaminakeskus.ee\/wp-content\/uploads\/2026\/03\/hubriidkamin-lanordica-MARGARET-GRES-ostuni-223x300.webp\" alt=\"H\u00fcbriidkamin LaNordica Margaret Gres Ostuni(puu+pellet)\" width=\"147\" height=\"198\" srcset=\"https:\/\/www.kaminakeskus.ee\/wp-content\/uploads\/2026\/03\/hubriidkamin-lanordica-MARGARET-GRES-ostuni-112x150.webp 112w, https:\/\/www.kaminakeskus.ee\/wp-content\/uploads\/2026\/03\/hubriidkamin-lanordica-MARGARET-GRES-ostuni-200x269.webp 200w, https:\/\/www.kaminakeskus.ee\/wp-content\/uploads\/2026\/03\/hubriidkamin-lanordica-MARGARET-GRES-ostuni-223x300.webp 223w, https:\/\/www.kaminakeskus.ee\/wp-content\/uploads\/2026\/03\/hubriidkamin-lanordica-MARGARET-GRES-ostuni-400x538.webp 400w, https:\/\/www.kaminakeskus.ee\/wp-content\/uploads\/2026\/03\/hubriidkamin-lanordica-MARGARET-GRES-ostuni-600x806.webp 600w, https:\/\/www.kaminakeskus.ee\/wp-content\/uploads\/2026\/03\/hubriidkamin-lanordica-MARGARET-GRES-ostuni.webp 640w\" sizes=\"(max-width: 147px) 100vw, 147px\" \/><\/a><p id=\"caption-attachment-86521\" class=\"wp-caption-text\"><strong>H\u00fcbriidkamin LaNordica Margaret Gres Ostuni(puu+pellet)<\/strong><\/p><\/div>\n<p style=\"text-align: center;\">V\u00f5imsus: 3-10kW<br \/>\nK\u00f5rgus: 1157mm<br \/>\nLaius: 890mm<br \/>\nS\u00fcgavus: 532mm<br \/>\nPelleti maht: 30kg<br \/>\nKulu:0,8-2,3kg\/h<br \/>\nKaal: 280kg<br \/>\nV\u00e4rv: Gres Ostuni<br \/>\n<a href=\"https:\/\/www.lanordica-extraflame.com\/en\/la-nordica\/hybrid-stoves\/margaret-gres\">Tehnilised andmed<\/a><br \/>\n<strong>Hind: 6215 EUR<\/strong><\/p>\n<\/div><\/div><\/div><div class=\"fusion-clearfix\"><\/div><\/div>\n<\/article>\n<article id=\"blog-1-post-86517\" class=\"fusion-post-grid post-86517 post type-post status-publish format-standard hentry category-pellettitakat-fi category-pellettitakat-extraflame category-takat category-takat-lanordica\">\n<div class=\"fusion-post-wrapper\" style=\"background-color:rgba(255,255,255,1);border:1px solid #a82c23;border-bottom-width:3px;\">\n\n<div class=\"fusion-post-content-wrapper\" style=\"padding:30px 25px 25px 25px;\"><div class=\"fusion-post-content post-content\"><h2 class=\"blog-shortcode-post-title entry-title\"><a href=\"https:\/\/www.kaminakeskus.ee\/fi\/hubriidkamin-lanordica-margaret-grespuupellet\/\">H\u00fcbriidkamin LaNordica Margaret Gres(puu+pellet)<\/a><\/h2><div class=\"fusion-post-content-container\"><div id=\"attachment_86512\" style=\"width: 149px\" class=\"wp-caption aligncenter\"><a href=\"https:\/\/www.kaminakeskus.ee\/wp-content\/uploads\/2026\/03\/hubriidkamin-lanordica-MARGARET-GRES-223x300.webp\"><img decoding=\"async\" aria-describedby=\"caption-attachment-86512\" class=\"wp-image-86512\" title=\"H\u00fcbriidkamin LaNordica Margaret Gres(puu+pellet)\" src=\"https:\/\/www.kaminakeskus.ee\/wp-content\/uploads\/2026\/03\/hubriidkamin-lanordica-MARGARET-GRES-223x300.webp\" alt=\"H\u00fcbriidkamin LaNordica Margaret Gres(puu+pellet)\" width=\"139\" height=\"187\" srcset=\"https:\/\/www.kaminakeskus.ee\/wp-content\/uploads\/2026\/03\/hubriidkamin-lanordica-MARGARET-GRES-112x150.webp 112w, https:\/\/www.kaminakeskus.ee\/wp-content\/uploads\/2026\/03\/hubriidkamin-lanordica-MARGARET-GRES-200x269.webp 200w, https:\/\/www.kaminakeskus.ee\/wp-content\/uploads\/2026\/03\/hubriidkamin-lanordica-MARGARET-GRES-223x300.webp 223w, https:\/\/www.kaminakeskus.ee\/wp-content\/uploads\/2026\/03\/hubriidkamin-lanordica-MARGARET-GRES-400x538.webp 400w, https:\/\/www.kaminakeskus.ee\/wp-content\/uploads\/2026\/03\/hubriidkamin-lanordica-MARGARET-GRES-600x806.webp 600w, https:\/\/www.kaminakeskus.ee\/wp-content\/uploads\/2026\/03\/hubriidkamin-lanordica-MARGARET-GRES.webp 640w\" sizes=\"(max-width: 139px) 100vw, 139px\" \/><\/a><p id=\"caption-attachment-86512\" class=\"wp-caption-text\"><strong>H\u00fcbriidkamin LaNordica Margaret Gres(puu+pellet)<\/strong><\/p><\/div>\n<p style=\"text-align: center;\">V\u00f5imsus: 3 \u2013 10kW<br \/>\nK\u00f5rgus: 1157mm<br \/>\nLaius: 890mm<br \/>\nS\u00fcgavus: 532mm<br \/>\nPelleti maht: 30kg<br \/>\nKulu:0,8-2,3kg\/h<br \/>\nKaal: 280kg<br \/>\nV\u00e4rv: Gres corten<br \/>\n<a href=\"https:\/\/www.lanordica-extraflame.com\/en\/la-nordica\/hybrid-stoves\/margaret-gres\">Tehnilised andmed<\/a><br \/>\n<strong>Hind: 6215 EUR<\/strong><\/p>\n<\/div><\/div><\/div><div class=\"fusion-clearfix\"><\/div><\/div>\n<\/article>\n<article id=\"blog-1-post-86508\" class=\"fusion-post-grid post-86508 post type-post status-publish format-standard hentry category-pellettitakat-fi category-pellettitakat-extraflame category-takat category-takat-lanordica\">\n<div class=\"fusion-post-wrapper\" style=\"background-color:rgba(255,255,255,1);border:1px solid #a82c23;border-bottom-width:3px;\">\n\n<div class=\"fusion-post-content-wrapper\" style=\"padding:30px 25px 25px 25px;\"><div class=\"fusion-post-content post-content\"><h2 class=\"blog-shortcode-post-title entry-title\"><a href=\"https:\/\/www.kaminakeskus.ee\/fi\/hubriidkamin-lanordica-margaret-kivipuupellet\/\">H\u00fcbriidkamin LaNordica Margaret kivi(puu+pellet)<\/a><\/h2><div class=\"fusion-post-content-container\"><div id=\"attachment_86503\" style=\"width: 166px\" class=\"wp-caption aligncenter\"><a href=\"https:\/\/www.kaminakeskus.ee\/wp-content\/uploads\/2026\/03\/kamin-lanordica-Margaret-hubriid-kivi-300x300.webp\"><img decoding=\"async\" aria-describedby=\"caption-attachment-86503\" class=\"wp-image-86503\" title=\"H\u00fcbriidkamin LaNordica Margaret kivi(puu+pellet)\" src=\"https:\/\/www.kaminakeskus.ee\/wp-content\/uploads\/2026\/03\/kamin-lanordica-Margaret-hubriid-kivi-300x300.webp\" alt=\"H\u00fcbriidkamin LaNordica Margaret kivi(puu+pellet)\" width=\"156\" height=\"156\" srcset=\"https:\/\/www.kaminakeskus.ee\/wp-content\/uploads\/2026\/03\/kamin-lanordica-Margaret-hubriid-kivi-66x66.webp 66w, https:\/\/www.kaminakeskus.ee\/wp-content\/uploads\/2026\/03\/kamin-lanordica-Margaret-hubriid-kivi-150x150.webp 150w, https:\/\/www.kaminakeskus.ee\/wp-content\/uploads\/2026\/03\/kamin-lanordica-Margaret-hubriid-kivi-200x200.webp 200w, https:\/\/www.kaminakeskus.ee\/wp-content\/uploads\/2026\/03\/kamin-lanordica-Margaret-hubriid-kivi-300x300.webp 300w, https:\/\/www.kaminakeskus.ee\/wp-content\/uploads\/2026\/03\/kamin-lanordica-Margaret-hubriid-kivi-400x400.webp 400w, https:\/\/www.kaminakeskus.ee\/wp-content\/uploads\/2026\/03\/kamin-lanordica-Margaret-hubriid-kivi-600x600.webp 600w, https:\/\/www.kaminakeskus.ee\/wp-content\/uploads\/2026\/03\/kamin-lanordica-Margaret-hubriid-kivi-768x768.webp 768w, https:\/\/www.kaminakeskus.ee\/wp-content\/uploads\/2026\/03\/kamin-lanordica-Margaret-hubriid-kivi-800x800.webp 800w, https:\/\/www.kaminakeskus.ee\/wp-content\/uploads\/2026\/03\/kamin-lanordica-Margaret-hubriid-kivi.webp 1000w\" sizes=\"(max-width: 156px) 100vw, 156px\" \/><\/a><p id=\"caption-attachment-86503\" class=\"wp-caption-text\"><strong>H\u00fcbriidkamin LaNordica Margaret kivi(puu+pellet)<\/strong><\/p><\/div>\n<p style=\"text-align: center;\">V\u00f5imsus: 3 \u2013 10kW<br \/>\nK\u00f5rgus: 1157mm<br \/>\nLaius: 890mm<br \/>\nS\u00fcgavus: 532mm<br \/>\nPelleti maht: 30kg<br \/>\nKulu:0,8- 2,3kg\/h<br \/>\nKaal: 280kg<br \/>\nV\u00e4rv: Kivi<br \/>\n<a href=\"https:\/\/www.lanordica-extraflame.com\/en\/la-nordica\/hybrid-stoves\/margaret-petra\">Tehnilised andmed<\/a><br \/>\n<strong>Hind: 6215 EUR<\/strong><\/p>\n<\/div><\/div><\/div><div class=\"fusion-clearfix\"><\/div><\/div>\n<\/article>\n<article id=\"blog-1-post-63029\" class=\"fusion-post-grid post-63029 post type-post status-publish format-standard hentry category-takat category-takat-takat category-takat-lanordica\">\n<div class=\"fusion-post-wrapper\" style=\"background-color:rgba(255,255,255,1);border:1px solid #a82c23;border-bottom-width:3px;\">\n\n<div class=\"fusion-post-content-wrapper\" style=\"padding:30px 25px 25px 25px;\"><div class=\"fusion-post-content post-content\"><h2 class=\"blog-shortcode-post-title entry-title\"><a href=\"https:\/\/www.kaminakeskus.ee\/fi\/malmkamin-jennifer-2-0\/\">Malmkamin Jennifer 2.0<\/a><\/h2><div class=\"fusion-post-content-container\"><div id=\"attachment_63024\" style=\"width: 160px\" class=\"wp-caption alignnone\"><a href=\"https:\/\/www.kaminakeskus.ee\/wp-content\/uploads\/2022\/10\/malmkamin_jennifer2.0.jpg\"><img decoding=\"async\" aria-describedby=\"caption-attachment-63024\" class=\"wp-image-63025 size-thumbnail\" src=\"https:\/\/www.kaminakeskus.ee\/wp-content\/uploads\/2022\/10\/malmkamin_jennifer2.0-150x140.jpg\" alt=\"\" width=\"150\" height=\"140\" srcset=\"https:\/\/www.kaminakeskus.ee\/wp-content\/uploads\/2022\/10\/malmkamin_jennifer2.0-150x140.jpg 150w, https:\/\/www.kaminakeskus.ee\/wp-content\/uploads\/2022\/10\/malmkamin_jennifer2.0-200x186.jpg 200w, https:\/\/www.kaminakeskus.ee\/wp-content\/uploads\/2022\/10\/malmkamin_jennifer2.0-300x279.jpg 300w, https:\/\/www.kaminakeskus.ee\/wp-content\/uploads\/2022\/10\/malmkamin_jennifer2.0-400x373.jpg 400w, https:\/\/www.kaminakeskus.ee\/wp-content\/uploads\/2022\/10\/malmkamin_jennifer2.0.jpg 582w\" sizes=\"(max-width: 150px) 100vw, 150px\" \/><\/a><p id=\"caption-attachment-63024\" class=\"wp-caption-text\">Malmkamin Jennifer 2.0<\/p><\/div>\n<p><strong>Malmkamin Jennifer 2.0<\/strong><br \/>\nV\u00f5imsus: 7,7 KW<br \/>\nK\u00f5rgus: 870mm<br \/>\nLaius: 702mm<br \/>\nS\u00fcgavus: 478 mm<br \/>\nKaal: 141kg<br \/>\nL\u00f5\u00f5ri l\u00e4bim\u00f5\u00f5t: \u00d8 150 mm<br \/>\n<strong>Hind: 1450 <\/strong><strong>EUR<\/strong><\/p>\n<\/div><\/div><\/div><div class=\"fusion-clearfix\"><\/div><\/div>\n<\/article>\n<article id=\"blog-1-post-51340\" class=\"fusion-post-grid post-51340 post type-post status-publish format-standard hentry category-takat-takat category-takat-lanordica\">\n<div class=\"fusion-post-wrapper\" style=\"background-color:rgba(255,255,255,1);border:1px solid #a82c23;border-bottom-width:3px;\">\n\n<div class=\"fusion-post-content-wrapper\" style=\"padding:30px 25px 25px 25px;\"><div class=\"fusion-post-content post-content\"><h2 class=\"blog-shortcode-post-title entry-title\"><a href=\"https:\/\/www.kaminakeskus.ee\/fi\/gemma-forno\/\">Gemma Forno<\/a><\/h2><div class=\"fusion-post-content-container\"><div id=\"attachment_39724\" style=\"width: 160px\" class=\"wp-caption alignleft\"><a href=\"https:\/\/www.kaminakeskus.ee\/wp-content\/uploads\/2019\/05\/gemma-forno.jpg\"><img decoding=\"async\" aria-describedby=\"caption-attachment-39724\" class=\"size-thumbnail wp-image-39724\" src=\"https:\/\/www.kaminakeskus.ee\/wp-content\/uploads\/2019\/05\/gemma-forno-150x150.jpg\" alt=\"\" width=\"150\" height=\"150\"><\/a><p id=\"caption-attachment-39724\" class=\"wp-caption-text\">Gemma Forno<\/p><\/div>\n<p><strong><a href=\"https:\/\/www.lanordica-extraflame.com\/en\/products\/wood-stoves\/gemma-forno\">Takka uunilla<\/a><br \/>\n<a href=\"https:\/\/www.lanordica-extraflame.com\/en\/products\/wood-stoves\/gemma-forno\">Gemma Forno <\/a><\/strong><br \/>\nTeho: 7 KW<br \/>\nKorkeus: 1207mm<br \/>\nLeveys: 460mm<br \/>\nSyvyys: 495 mm<br \/>\nPaino: 134kg<br \/>\nSavupiipun halkaisija: \u00d8 120 mm<br \/>\nV\u00e4ri: Punainen, beige, vuolukivi<br \/>\n<span style=\"color: #ff0000;\"><strong><span style=\"color: #000000;\">Hinta: 1714<\/span><\/strong> <span style=\"color: #000000;\"><strong>euroa<\/strong><\/span><\/span><\/p>\n<\/div><\/div><\/div><div class=\"fusion-clearfix\"><\/div><\/div>\n<\/article>\n<article id=\"blog-1-post-51504\" class=\"fusion-post-grid post-51504 post type-post status-publish format-standard hentry category-takat-takat category-takat-lanordica\">\n<div class=\"fusion-post-wrapper\" style=\"background-color:rgba(255,255,255,1);border:1px solid #a82c23;border-bottom-width:3px;\">\n\n<div class=\"fusion-post-content-wrapper\" style=\"padding:30px 25px 25px 25px;\"><div class=\"fusion-post-content post-content\"><h2 class=\"blog-shortcode-post-title entry-title\"><a href=\"https:\/\/www.kaminakeskus.ee\/fi\/takka-gemma\/\">Takka LaNordica Gemma<\/a><\/h2><div class=\"fusion-post-content-container\"><p><a href=\"https:\/\/www.kaminakeskus.ee\/wp-content\/uploads\/2015\/09\/Gemma-Elegance_BO_amb-150x150.jpg\"><img decoding=\"async\" class=\"wp-image-19066 size-thumbnail aligncenter\" title=\"Gemma_bordeaux\" src=\"https:\/\/www.kaminakeskus.ee\/wp-content\/uploads\/2015\/09\/Gemma-Elegance_BO_amb-150x150.jpg\" alt=\"Takka LaNordica Gemma\" width=\"150\" height=\"150\"><\/a><\/p>\n<p style=\"text-align: center;\"><a href=\"https:\/\/www.lanordica-extraflame.com\/en\/products\/wood-stoves\/gemma\"><strong>Takka Gemma<\/strong><\/a><br \/>\n Teho: 6 kW<br \/>\n Korkeus: 840 mm<br \/>\n Leveys: 460 mm<br \/>\n Syvyys: 495 mm<br \/>\n Paino: 98 kg<br \/>\n Savuhormin halkaisija: \u00d8 120 mm<br \/>\n V\u00e4ri: Punainen; kermanv\u00e4rinen; kivenharmaa<br \/>\n <strong>Hinta: 1069 euroa<\/strong><\/p>\n<\/div><\/div><\/div><div class=\"fusion-clearfix\"><\/div><\/div>\n<\/article>\n<article id=\"blog-1-post-51547\" class=\"fusion-post-grid post-51547 post type-post status-publish format-standard hentry category-takat-takat category-takat-lanordica\">\n<div class=\"fusion-post-wrapper\" style=\"background-color:rgba(255,255,255,1);border:1px solid #a82c23;border-bottom-width:3px;\">\n\n<div class=\"fusion-post-content-wrapper\" style=\"padding:30px 25px 25px 25px;\"><div class=\"fusion-post-content post-content\"><h2 class=\"blog-shortcode-post-title entry-title\"><a href=\"https:\/\/www.kaminakeskus.ee\/fi\/rossella-plus-sisaltaa-forno-evon\/\">Rossella Plus sis\u00e4lt\u00e4\u00e4 Forno Evon<\/a><\/h2><div class=\"fusion-post-content-container\"><div id=\"attachment_39720\" style=\"width: 160px\" class=\"wp-caption alignleft\"><a href=\"https:\/\/www.kaminakeskus.ee\/wp-content\/uploads\/2019\/05\/Rossella-Plus-Forno-Evo-150x150.jpg\"><img decoding=\"async\" aria-describedby=\"caption-attachment-39720\" class=\"size-thumbnail wp-image-23942\" src=\"https:\/\/www.kaminakeskus.ee\/wp-content\/uploads\/2019\/05\/Rossella-Plus-Forno-Evo-150x150.jpg\" alt=\"\" width=\"150\" height=\"150\"><\/a><p id=\"caption-attachment-39720\" class=\"wp-caption-text\">Rossella Plus con Forno<\/p><\/div>\n<p><strong><a href=\"https:\/\/www.lanordica-extraflame.com\/en\/products\/wood-stoves\/rossella-plus-forno-evo\">Takka-uuni<\/a><br \/>\n<a href=\"https:\/\/www.lanordica-extraflame.com\/en\/products\/wood-stoves\/rossella-plus-forno-evo\">Rossella Plus con Forno<\/a><\/strong><br \/>\nTeho: 8 KW<br \/>\nKorkeus: 1359 mm<br \/>\nLeveys: 559 mm<br \/>\nSyvyys: 536 mm<br \/>\nPaino: 195 \/ 219kg<br \/>\nSavupiipun halkaisija: \u00d8 130 mm<br \/>\nV\u00e4ri: Punainen, kerma, vuolukivi<br \/>\n<strong>Hinta: 2439<\/strong> <strong>euroa<\/strong><\/p>\n<\/div><\/div><\/div><div class=\"fusion-clearfix\"><\/div><\/div>\n<\/article>\n<article id=\"blog-1-post-51125\" class=\"fusion-post-grid post-51125 post type-post status-publish format-standard hentry category-takat-takat category-takat-lanordica\">\n<div class=\"fusion-post-wrapper\" style=\"background-color:rgba(255,255,255,1);border:1px solid #a82c23;border-bottom-width:3px;\">\n\n<div class=\"fusion-post-content-wrapper\" style=\"padding:30px 25px 25px 25px;\"><div class=\"fusion-post-content post-content\"><h2 class=\"blog-shortcode-post-title entry-title\"><a href=\"https:\/\/www.kaminakeskus.ee\/fi\/rosella-plus\/\">Rosella Plus<\/a><\/h2><div class=\"fusion-post-content-container\"><div id=\"attachment_39716\" style=\"width: 160px\" class=\"wp-caption alignleft\"><a href=\"https:\/\/www.kaminakeskus.ee\/wp-content\/uploads\/2019\/05\/Rossella-Plus.jpg\"><img decoding=\"async\" aria-describedby=\"caption-attachment-39716\" class=\"size-thumbnail wp-image-23939\" src=\"https:\/\/www.kaminakeskus.ee\/wp-content\/uploads\/2019\/05\/Rossella-Plus-150x150.jpg\" alt=\"\" width=\"150\" height=\"150\"><\/a><p id=\"caption-attachment-39716\" class=\"wp-caption-text\">Rosella Plus<\/p><\/div>\n<p><strong><a href=\"https:\/\/www.lanordica-extraflame.com\/en\/products\/wood-stoves\/rossella-plus\">Takka<\/a><br \/>\n<a href=\"https:\/\/www.lanordica-extraflame.com\/en\/products\/wood-stoves\/rossella-plus\">Rossella Plus <\/a><\/strong><br \/>\nTeho: 8 KW<br \/>\nKorkeus: 915mm<br \/>\nLeveys: 559 mm<br \/>\nSyvyys: 536 mm<br \/>\nPaino: 156kg<br \/>\nSavupiipun halkaisija: \u00d8 130 mm<br \/>\nV\u00e4ri: Vuolukivi, beige, punainen<br \/>\n<strong>Hinta: 1453<\/strong><strong> EUR<\/strong><\/p>\n<\/div><\/div><\/div><div class=\"fusion-clearfix\"><\/div><\/div>\n<\/article>\n<article id=\"blog-1-post-51408\" class=\"fusion-post-grid post-51408 post type-post status-publish format-standard hentry category-takat-takat category-takat-lanordica\">\n<div class=\"fusion-post-wrapper\" style=\"background-color:rgba(255,255,255,1);border:1px solid #a82c23;border-bottom-width:3px;\">\n\n<div class=\"fusion-post-content-wrapper\" style=\"padding:30px 25px 25px 25px;\"><div class=\"fusion-post-content post-content\"><h2 class=\"blog-shortcode-post-title entry-title\"><a href=\"https:\/\/www.kaminakeskus.ee\/fi\/rosella-r1\/\">Rosella R1<\/a><\/h2><div class=\"fusion-post-content-container\"><div id=\"attachment_39728\" style=\"width: 160px\" class=\"wp-caption alignleft\"><a href=\"https:\/\/www.kaminakeskus.ee\/wp-content\/uploads\/2019\/05\/Rossella-R1.jpg\"><img decoding=\"async\" aria-describedby=\"caption-attachment-39728\" class=\"size-thumbnail wp-image-23946\" src=\"https:\/\/www.kaminakeskus.ee\/wp-content\/uploads\/2019\/05\/Rossella-R1-150x150.jpg\" alt=\"\" width=\"150\" height=\"150\"><\/a><p id=\"caption-attachment-39728\" class=\"wp-caption-text\">Rossella R1<\/p><\/div>\n<p><a href=\"https:\/\/www.lanordica-extraflame.com\/en\/products\/wood-stoves\/rossella-r1-bii\"><strong>Takka Rossella R1<\/strong><\/a><br \/>\nTeho: 8,8 KW<br \/>\nKorkeus: 915mm<br \/>\nLeveys: 578 mm<br \/>\nSyvyys: 586 mm<br \/>\nPaino: 155kg<br \/>\nSavupiipun halkaisija: \u00d8 130 mm<br \/>\nV\u00e4ri: viininpunainen, kerma, vuolukivi, valkoinen<br \/>\n<strong>Hinta: 1382<\/strong><strong> EUR<\/strong><\/p>\n<\/div><\/div><\/div><div class=\"fusion-clearfix\"><\/div><\/div>\n<\/article>\n<article id=\"blog-1-post-51451\" class=\"fusion-post-grid post-51451 post type-post status-publish format-standard hentry category-takat-takat category-takat-lanordica\">\n<div class=\"fusion-post-wrapper\" style=\"background-color:rgba(255,255,255,1);border:1px solid #a82c23;border-bottom-width:3px;\">\n\n<div class=\"fusion-post-content-wrapper\" style=\"padding:30px 25px 25px 25px;\"><div class=\"fusion-post-content post-content\"><h2 class=\"blog-shortcode-post-title entry-title\"><a href=\"https:\/\/www.kaminakeskus.ee\/fi\/ester-forno-evo\/\">Ester Forno Evo<\/a><\/h2><div class=\"fusion-post-content-container\"><div id=\"attachment_39732\" style=\"width: 160px\" class=\"wp-caption alignleft\"><a href=\"https:\/\/www.kaminakeskus.ee\/wp-content\/uploads\/2019\/05\/Ester-Forno-evo-150x150.jpg\"><img decoding=\"async\" aria-describedby=\"caption-attachment-39732\" class=\"size-thumbnail wp-image-23950\" src=\"https:\/\/www.kaminakeskus.ee\/wp-content\/uploads\/2019\/05\/Ester-Forno-evo-150x150.jpg\" alt=\"\" width=\"150\" height=\"150\"><\/a><p id=\"caption-attachment-39732\" class=\"wp-caption-text\">Ester Forno Evo<\/p><\/div>\n<p><a href=\"https:\/\/www.lanordica-extraflame.com\/en\/products\/wood-stoves\/ester-forno-evo\"><strong>Takka<br \/>\nEster Forno Evo<\/strong><\/a><br \/>\nTeho: 8,2 KW<br \/>\nKorkeus: 1300mm<br \/>\nLeveys: 540 mm<br \/>\nSyvyys: 478 mm<br \/>\nPaino: 317kg<br \/>\nSavupiipun halkaisija: \u00d8 130 mm<br \/>\nV\u00e4ri: Vuolukivi<br \/>\n<strong>Hinta: 3499 euroa<\/strong><\/p>\n<\/div><\/div><\/div><div class=\"fusion-clearfix\"><\/div><\/div>\n<\/article>\n<article id=\"blog-1-post-51247\" class=\"fusion-post-grid post-51247 post type-post status-publish format-standard hentry category-takat-takat category-takat-lanordica\">\n<div class=\"fusion-post-wrapper\" style=\"background-color:rgba(255,255,255,1);border:1px solid #a82c23;border-bottom-width:3px;\">\n\n<div class=\"fusion-post-content-wrapper\" style=\"padding:30px 25px 25px 25px;\"><div class=\"fusion-post-content post-content\"><h2 class=\"blog-shortcode-post-title entry-title\"><a href=\"https:\/\/www.kaminakeskus.ee\/fi\/kamin-ester\/\">Takka LaNordica Ester<\/a><\/h2><div class=\"fusion-post-content-container\"><div id=\"attachment_36212\" style=\"width: 160px\" class=\"wp-caption alignleft\"><a href=\"http:\/\/www.kaminakeskus.ee\/wp-content\/uploads\/2015\/09\/Ester_PT_amb.jpg\"><img decoding=\"async\" aria-describedby=\"caption-attachment-36212\" class=\"wp-image-19071 size-thumbnail\" title=\"Ester\" src=\"http:\/\/www.kaminakeskus.ee\/wp-content\/uploads\/2015\/09\/Ester_PT_amb-150x150.jpg\" width=\"150\" height=\"150\" srcset=\"https:\/\/www.kaminakeskus.ee\/wp-content\/uploads\/2015\/09\/Ester_PT_amb-150x150.jpg 150w, https:\/\/www.kaminakeskus.ee\/wp-content\/uploads\/2015\/09\/Ester_PT_amb.jpg 582w\" sizes=\"(max-width: 150px) 100vw, 150px\" \/><\/a><p id=\"caption-attachment-36212\" class=\"wp-caption-text\">Kamin Ester<\/p><\/div>\n<p><a href=\"https:\/\/www.lanordica-extraflame.com\/en\/products\/wood-stoves\/ester\"><strong>Kamin Ester<\/strong><\/a><br \/>\nTeho: 7,5 KW<br \/>\nKorkeus: 950mm<br \/>\nLeveys: 540 mm<br \/>\nSyvyys: 478 mm<br \/>\nPaino: 243 kg<br \/>\nSavupiipun halkaisija: \u00d8 130 mm<br \/>\nV\u00e4ri: Kivi<br \/>\n<strong><del>Hinta: 2399 EUR<\/del><br \/>\n<span style=\"color: #ff0000;\">Hinta: 2149 euroa<\/span><\/strong><\/p>\n<\/div><\/div><\/div><div class=\"fusion-clearfix\"><\/div><\/div>\n<\/article>\n<article id=\"blog-1-post-50969\" class=\"fusion-post-grid post-50969 post type-post status-publish format-standard hentry category-takat-takat category-takat-lanordica\">\n<div class=\"fusion-post-wrapper\" style=\"background-color:rgba(255,255,255,1);border:1px solid #a82c23;border-bottom-width:3px;\">\n\n<div class=\"fusion-post-content-wrapper\" style=\"padding:30px 25px 25px 25px;\"><div class=\"fusion-post-content post-content\"><h2 class=\"blog-shortcode-post-title entry-title\"><a href=\"https:\/\/www.kaminakeskus.ee\/fi\/aasia\/\">Aasia<\/a><\/h2><div class=\"fusion-post-content-container\"><div id=\"attachment_36220\" style=\"width: 160px\" class=\"wp-caption alignleft\"><a href=\"http:\/\/www.kaminakeskus.ee\/wp-content\/uploads\/2015\/09\/Asia_PT_amb.jpg\"><img decoding=\"async\" aria-describedby=\"caption-attachment-36220\" class=\"wp-image-36220 size-thumbnail\" title=\"Aasia\" src=\"https:\/\/www.kaminakeskus.ee\/wp-content\/uploads\/2015\/09\/Asia_PT_amb-150x150.jpg\" width=\"150\" height=\"150\"><\/a><p id=\"caption-attachment-36220\" class=\"wp-caption-text\">Aasia<\/p><\/div>\n<p><a href=\"https:\/\/www.lanordica-extraflame.com\/en\/products\/wood-stoves\/asia\"><strong>Kamin Aasia<\/strong><\/a><br \/>\nTeho: 6 KW<br \/>\nKorkeus: 930mm<br \/>\nLeveys: 438 mm<br \/>\nSyvyys: 470 mm<br \/>\nPaino: 159 kg<br \/>\nSavupiipun halkaisija: \u00d8 120 mm<br \/>\nV\u00e4ri: Vuolukivi<br \/>\n<strong>Hinta: 1380<\/strong> <strong>euroa<\/strong><\/p>\n<\/div><\/div><\/div><div class=\"fusion-clearfix\"><\/div><\/div>\n<\/article>\n<article id=\"blog-1-post-51276\" class=\"fusion-post-grid post-51276 post type-post status-publish format-standard hentry category-takat-takat category-takat-lanordica\">\n<div class=\"fusion-post-wrapper\" style=\"background-color:rgba(255,255,255,1);border:1px solid #a82c23;border-bottom-width:3px;\">\n\n<div class=\"fusion-post-content-wrapper\" style=\"padding:30px 25px 25px 25px;\"><div class=\"fusion-post-content post-content\"><h2 class=\"blog-shortcode-post-title entry-title\"><a href=\"https:\/\/www.kaminakeskus.ee\/fi\/gisella\/\">Gisella<\/a><\/h2><div class=\"fusion-post-content-container\"><div id=\"attachment_39736\" style=\"width: 160px\" class=\"wp-caption alignleft\"><a href=\"https:\/\/www.kaminakeskus.ee\/wp-content\/uploads\/2019\/05\/Kamin-Gisella.jpg\"><img decoding=\"async\" aria-describedby=\"caption-attachment-39736\" class=\"size-thumbnail wp-image-23960\" src=\"https:\/\/www.kaminakeskus.ee\/wp-content\/uploads\/2019\/05\/Kamin-Gisella-150x150.jpg\" alt=\"\" width=\"150\" height=\"150\"><\/a><p id=\"caption-attachment-39736\" class=\"wp-caption-text\">Kamin Gisella<\/p><\/div>\n<p><a href=\"https:\/\/www.lanordica-extraflame.com\/en\/products\/wood-stoves\/gisella\"><strong>Kamin Gisella<\/strong><\/a><br \/>\nTeho: 8 KW<br \/>\nKorkeus: 950mm<br \/>\nLeveys: 570 mm<br \/>\nSyvyys: 560 mm<br \/>\nPaino: 135kg<br \/>\nSavupiipun halkaisija: \u00d8 130 mm<br \/>\nV\u00e4ri: viininpunainen, cappuccino<br \/>\n<strong>Hinta: 1486 EUR<\/strong><\/p>\n<\/div><\/div><\/div><div class=\"fusion-clearfix\"><\/div><\/div>\n<\/article>\n<article id=\"blog-1-post-51487\" class=\"fusion-post-grid post-51487 post type-post status-publish format-standard hentry category-takat-takat category-takat-lanordica\">\n<div class=\"fusion-post-wrapper\" style=\"background-color:rgba(255,255,255,1);border:1px solid #a82c23;border-bottom-width:3px;\">\n\n<div class=\"fusion-post-content-wrapper\" style=\"padding:30px 25px 25px 25px;\"><div class=\"fusion-post-content post-content\"><h2 class=\"blog-shortcode-post-title entry-title\"><a href=\"https:\/\/www.kaminakeskus.ee\/fi\/malmkamin-candy\/\">Malmkamin Candy<\/a><\/h2><div class=\"fusion-post-content-container\"><div id=\"attachment_36148\" style=\"width: 160px\" class=\"wp-caption alignleft\"><a href=\"https:\/\/www.kaminakeskus.ee\/wp-content\/uploads\/2015\/09\/Candy_amb-150x150.jpg\"><img decoding=\"async\" aria-describedby=\"caption-attachment-36148\" class=\"wp-image-18986 size-thumbnail\" src=\"https:\/\/www.kaminakeskus.ee\/wp-content\/uploads\/2015\/09\/Candy_amb-150x150.jpg\" alt=\"\" width=\"150\" height=\"150\"><\/a><p id=\"caption-attachment-36148\" class=\"wp-caption-text\">Malmkamin Candy<\/p><\/div>\n<p><a href=\"https:\/\/www.lanordica-extraflame.com\/en\/products\/wood-stoves\/candy\"><strong>Malmkamin Candy<\/strong><\/a><br \/>\nTeho: 7,2 KW<br \/>\nKorkeus: 890mm<br \/>\nLeveys: 404mm<br \/>\nSyvyys: 397 mm<br \/>\nPaino: 85kg<br \/>\nSavupiipun halkaisija: \u00d8 120 mm<br \/>\nV\u00e4ri musta<br \/>\n<strong>Hinta: 1044<\/strong><strong><span style=\"color: #000000;\"> <\/span>euroa<\/strong><\/p>\n<p>&nbsp;<\/p>\n<\/div><\/div><\/div><div class=\"fusion-clearfix\"><\/div><\/div>\n<\/article>\n<article id=\"blog-1-post-51360\" class=\"fusion-post-grid post-51360 post type-post status-publish format-standard hentry category-takat-takat category-takat-lanordica\">\n<div class=\"fusion-post-wrapper\" style=\"background-color:rgba(255,255,255,1);border:1px solid #a82c23;border-bottom-width:3px;\">\n\n<div class=\"fusion-post-content-wrapper\" style=\"padding:30px 25px 25px 25px;\"><div class=\"fusion-post-content post-content\"><h2 class=\"blog-shortcode-post-title entry-title\"><a href=\"https:\/\/www.kaminakeskus.ee\/fi\/isotta-con-forno\/\">Isotta Con Forno<\/a><\/h2><div class=\"fusion-post-content-container\"><div id=\"attachment_36120\" style=\"width: 160px\" class=\"wp-caption alignleft\"><a href=\"https:\/\/www.kaminakeskus.ee\/wp-content\/uploads\/2015\/09\/Isotta-con-Forno_amb-150x150.jpg\"><img decoding=\"async\" aria-describedby=\"caption-attachment-36120\" class=\"wp-image-18964 size-thumbnail\" title=\"Isotta Con Forno\" src=\"https:\/\/www.kaminakeskus.ee\/wp-content\/uploads\/2015\/09\/Isotta-con-Forno_amb-150x150.jpg\" alt=\"\" width=\"150\" height=\"150\"><\/a><p id=\"caption-attachment-36120\" class=\"wp-caption-text\">Isotta con Forno<\/p><\/div>\n<p><a href=\"https:\/\/www.lanordica-extraflame.com\/en\/products\/wood-stoves\/isotta-forno\"><strong>Valurauta takka uunilla<\/strong><\/a><br \/>\n<a href=\"https:\/\/www.lanordica-extraflame.com\/en\/products\/wood-stoves\/isotta-forno\"><strong>Isotta con Forno<\/strong><\/a><br \/>\nTeho: 11,5 KW<br \/>\nKorkeus: 1244mm<br \/>\nLeveys: 795 mm<br \/>\nSyvyys: 530 mm<br \/>\nPaino: 296kg<br \/>\nSavupiipun halkaisija: \u00d8 150 mm<br \/>\nV\u00e4ri: Antrasiitti<br \/>\n<strong>Hinta: 3095<\/strong> <strong>euroa<\/strong><\/p>\n<p>&nbsp;<\/p>\n<\/div><\/div><\/div><div class=\"fusion-clearfix\"><\/div><\/div>\n<\/article>\n<article id=\"blog-1-post-51384\" class=\"fusion-post-grid post-51384 post type-post status-publish format-standard hentry category-takat-takat category-takat-lanordica\">\n<div class=\"fusion-post-wrapper\" style=\"background-color:rgba(255,255,255,1);border:1px solid #a82c23;border-bottom-width:3px;\">\n\n<div class=\"fusion-post-content-wrapper\" style=\"padding:30px 25px 25px 25px;\"><div class=\"fusion-post-content post-content\"><h2 class=\"blog-shortcode-post-title entry-title\"><a href=\"https:\/\/www.kaminakeskus.ee\/fi\/takka-isotta-evo\/\">Takka Isotta Evo<\/a><\/h2><div class=\"fusion-post-content-container\"><div id=\"attachment_34584\" style=\"width: 160px\" class=\"wp-caption alignleft\"><a href=\"https:\/\/www.kaminakeskus.ee\/wp-content\/uploads\/2015\/09\/Isotta-Evo-150x150.png\"><img decoding=\"async\" aria-describedby=\"caption-attachment-34584\" class=\"wp-image-15010 size-thumbnail\" title=\"Isotta Evo\" src=\"https:\/\/www.kaminakeskus.ee\/wp-content\/uploads\/2015\/09\/Isotta-Evo-150x150.png\" alt=\"takat, uunit, uunit, kattilat, kiukaat, savupiiput, savupiiput, moduulipiiput\" width=\"150\" height=\"150\"><\/a><p id=\"caption-attachment-34584\" class=\"wp-caption-text\">Isotta Evo<\/p><\/div>\n<p><a href=\"https:\/\/www.lanordica-extraflame.com\/en\/products\/wood-stoves\/isotta-evo\"><strong>Malmkamin<\/strong><\/a><br \/>\n<a href=\"https:\/\/www.lanordica-extraflame.com\/en\/products\/wood-stoves\/isotta-evo\"><strong>Isotta Evo<\/strong><\/a><br \/>\nTeho: 11,9 KW<br \/>\nKorkeus: 775mm<br \/>\nLeveys: 790mm<br \/>\nSyvyys: 660 mm<br \/>\nPaino: 205kg<br \/>\nSavupiipun halkaisija: \u00d8 150 mm<br \/>\nV\u00e4ri: Antrasiitti<br \/>\n<strong>Hinta: 2139 euroa<\/strong><\/p>\n<p>&nbsp;<\/p>\n<\/div><\/div><\/div><div class=\"fusion-clearfix\"><\/div><\/div>\n<\/article>\n<article id=\"blog-1-post-50883\" class=\"fusion-post-grid post-50883 post type-post status-publish format-standard hentry category-takat-takat category-takat-lanordica\">\n<div class=\"fusion-post-wrapper\" style=\"background-color:rgba(255,255,255,1);border:1px solid #a82c23;border-bottom-width:3px;\">\n\n<div class=\"fusion-post-content-wrapper\" style=\"padding:30px 25px 25px 25px;\"><div class=\"fusion-post-content post-content\"><h2 class=\"blog-shortcode-post-title entry-title\"><a href=\"https:\/\/www.kaminakeskus.ee\/fi\/isotta-con-cerchi-evo\/\">Kamin Isotta CC Lean<\/a><\/h2><div class=\"fusion-post-content-container\"><div id=\"attachment_36144\" style=\"width: 160px\" class=\"wp-caption alignleft\"><a href=\"https:\/\/www.kaminakeskus.ee\/wp-content\/uploads\/2015\/09\/Isotta-con-Cerchi-Evo_amb-150x150.jpg\"><img decoding=\"async\" aria-describedby=\"caption-attachment-36144\" class=\"wp-image-18984 size-thumbnail\" title=\"Isotta con cerchi Evo\" src=\"https:\/\/www.kaminakeskus.ee\/wp-content\/uploads\/2015\/09\/Isotta-con-Cerchi-Evo_amb-150x150.jpg\" alt=\"\" width=\"150\" height=\"150\"><\/a><p id=\"caption-attachment-36144\" class=\"wp-caption-text\">Takka Isotta CC Lean<\/p><\/div>\n<p> <strong>Valurautainen takka<\/strong><br \/>\n <strong>Isotta CC Lean<\/strong><br \/>\n Teho: 4,9\u20139,3 kW<br \/>\n Korkeus: 830 mm<br \/>\n Leveys: 790 mm<br \/>\n Syvyys: 660 mm<br \/>\n Paino: 223 kg<br \/>\n Hormin halkaisija: \u00d8 150 mm<br \/>\n V\u00e4ri: Antrasiitti<br \/>\n <strong>Hinta: 2230 euroa<\/strong><\/p>\n<p>&nbsp;<\/p>\n<\/div><\/div><\/div><div class=\"fusion-clearfix\"><\/div><\/div>\n<\/article>\n<article id=\"blog-1-post-51581\" class=\"fusion-post-grid post-51581 post type-post status-publish format-standard hentry category-takat-takat category-takat-lanordica\">\n<div class=\"fusion-post-wrapper\" style=\"background-color:rgba(255,255,255,1);border:1px solid #a82c23;border-bottom-width:3px;\">\n\n<div class=\"fusion-post-content-wrapper\" style=\"padding:30px 25px 25px 25px;\"><div class=\"fusion-post-content post-content\"><h2 class=\"blog-shortcode-post-title entry-title\"><a href=\"https:\/\/www.kaminakeskus.ee\/fi\/takka-isetta-evo\/\">Takka Isetta Evo<\/a><\/h2><div class=\"fusion-post-content-container\"><div id=\"attachment_34576\" style=\"width: 160px\" class=\"wp-caption alignleft\"><a href=\"http:\/\/www.kaminakeskus.ee\/wp-content\/uploads\/2015\/09\/Isetta-Evo.png\"><img decoding=\"async\" aria-describedby=\"caption-attachment-34576\" class=\"wp-image-34576 size-thumbnail\" title=\"Isetta Evo\" src=\"https:\/\/www.kaminakeskus.ee\/wp-content\/uploads\/2015\/09\/Isetta-Evo-150x150.png\" alt=\"takat, uunit, liedet, kattilat, saunakiuat, savupiiput, savupiippu, modulaariset savupiiput\" width=\"150\" height=\"150\"><\/a><p id=\"caption-attachment-34576\" class=\"wp-caption-text\">Malmkamin Isetta Evo<\/p><\/div>\n<p><a href=\"https:\/\/www.lanordica-extraflame.com\/en\/products\/wood-stoves\/isetta-evo\"><strong>Malmkamin Isetta Evo<\/strong><\/a><br \/>\nTeho: 7,7 KW<br \/>\nKorkeus: 706 mm<br \/>\nLeveys: 600mm<br \/>\nSyvyys: 450mm<br \/>\nPaino: 154kg<br \/>\nSavupiipun halkaisija: \u00d8 150 mm<br \/>\nV\u00e4ri: Antrasiitti<br \/>\n<strong>Hinta: 1640 euroa<\/strong><\/p>\n<p>&nbsp;<\/p>\n<p>&nbsp;<\/p>\n<\/div><\/div><\/div><div class=\"fusion-clearfix\"><\/div><\/div>\n<\/article>\n<article id=\"blog-1-post-50953\" class=\"fusion-post-grid post-50953 post type-post status-publish format-standard hentry category-takat-takat category-takat-lanordica\">\n<div class=\"fusion-post-wrapper\" style=\"background-color:rgba(255,255,255,1);border:1px solid #a82c23;border-bottom-width:3px;\">\n\n<div class=\"fusion-post-content-wrapper\" style=\"padding:30px 25px 25px 25px;\"><div class=\"fusion-post-content post-content\"><h2 class=\"blog-shortcode-post-title entry-title\"><a href=\"https:\/\/www.kaminakeskus.ee\/fi\/takka-isetta-con-cerchi-evo\/\">Takka Isetta con cerchi Evo<\/a><\/h2><div class=\"fusion-post-content-container\"><div id=\"attachment_36140\" style=\"width: 160px\" class=\"wp-caption alignleft\"><a href=\"http:\/\/www.kaminakeskus.ee\/wp-content\/uploads\/2015\/09\/Isetta-con-Cerchi-Evo_amb.jpg\"><img decoding=\"async\" aria-describedby=\"caption-attachment-36140\" class=\"wp-image-36140 size-thumbnail\" title=\"Isetta con cerchi Evo\" src=\"https:\/\/www.kaminakeskus.ee\/wp-content\/uploads\/2015\/09\/Isetta-con-Cerchi-Evo_amb-150x150.jpg\" alt=\"\" width=\"150\" height=\"150\"><\/a><p id=\"caption-attachment-36140\" class=\"wp-caption-text\">Takka Isetta con cerchi EVO<\/p><\/div>\n<p><a href=\"https:\/\/www.lanordica-extraflame.com\/en\/products\/wood-stoves\/isetta-con-cerchi-evo\"><strong>Valurautainen liesi<\/strong><\/a><br \/>\n<a href=\"https:\/\/www.lanordica-extraflame.com\/en\/products\/wood-stoves\/isetta-con-cerchi-evo\"><strong>Isetta con cerchi Evo<\/strong><\/a><br \/>\nTeho: 7,7 KW<br \/>\nKorkeus: 760mm<br \/>\nLeveys: 660mm<br \/>\nSyvyys: 590 mm<br \/>\nPaino: 164kg<br \/>\nSavupiipun halkaisija: \u00d8 150 mm<br \/>\nV\u00e4ri: Antrasiitti<br \/>\n<strong>Hinta: <span style=\"color: #000000;\">1640<\/span> euroa<\/strong><\/p>\n<\/div><\/div><\/div><div class=\"fusion-clearfix\"><\/div><\/div>\n<\/article>\n<article id=\"blog-1-post-51304\" class=\"fusion-post-grid post-51304 post type-post status-publish format-standard hentry category-takat-takat category-takat-lanordica\">\n<div class=\"fusion-post-wrapper\" style=\"background-color:rgba(255,255,255,1);border:1px solid #a82c23;border-bottom-width:3px;\">\n\n<div class=\"fusion-post-content-wrapper\" style=\"padding:30px 25px 25px 25px;\"><div class=\"fusion-post-content post-content\"><h2 class=\"blog-shortcode-post-title entry-title\"><a href=\"https:\/\/www.kaminakeskus.ee\/fi\/takka-giulietta-x\/\">Takka LaNordica Giulietta X<\/a><\/h2><div class=\"fusion-post-content-container\"><div id=\"attachment_36124\" style=\"width: 160px\" class=\"wp-caption aligncenter\"><a href=\"https:\/\/www.kaminakeskus.ee\/wp-content\/uploads\/2015\/09\/Giulietta_amb-150x150.jpg\"><img decoding=\"async\" aria-describedby=\"caption-attachment-36124\" class=\"wp-image-18971 size-thumbnail\" title=\"Takka Lanordica Giulietta X\" src=\"https:\/\/www.kaminakeskus.ee\/wp-content\/uploads\/2015\/09\/Giulietta_amb-150x150.jpg\" alt=\"Takka Lanordica Giulietta X\" width=\"150\" height=\"150\"><\/a><p id=\"caption-attachment-36124\" class=\"wp-caption-text\"><strong>Takka Giulietta X<\/strong><\/p><\/div>\n<p style=\"text-align: center;\">Teho: 6,6 kW<br \/>\n Korkeus: 706 mm<br \/>\n Leveys: 487 mm<br \/>\n Syvyys: 430 mm<br \/>\n Paino: 117 kg<br \/>\n Savuhormin halkaisija: \u00d8 120 mm<br \/>\n V\u00e4ri: Antrasiitti<br \/>\n <strong>Hinta: 1250<\/strong> <strong>euroa<\/strong><\/p>\n<\/div><\/div><\/div><div class=\"fusion-clearfix\"><\/div><\/div>\n<\/article>\n<article id=\"blog-1-post-51652\" class=\"fusion-post-grid post-51652 post type-post status-publish format-standard hentry category-takat-takat category-takat-lanordica\">\n<div class=\"fusion-post-wrapper\" style=\"background-color:rgba(255,255,255,1);border:1px solid #a82c23;border-bottom-width:3px;\">\n\n<div class=\"fusion-post-content-wrapper\" style=\"padding:30px 25px 25px 25px;\"><div class=\"fusion-post-content post-content\"><h2 class=\"blog-shortcode-post-title entry-title\"><a href=\"https:\/\/www.kaminakeskus.ee\/fi\/astrid-takka\/\">Astrid takka<\/a><\/h2><div class=\"fusion-post-content-container\"><div id=\"attachment_36136\" style=\"width: 160px\" class=\"wp-caption alignleft\"><a href=\"http:\/\/www.kaminakeskus.ee\/wp-content\/uploads\/2015\/09\/Astrid_PT_amb.jpg\"><img decoding=\"async\" aria-describedby=\"caption-attachment-36136\" class=\"wp-image-18978 size-thumbnail\" title=\"Astrid\" src=\"https:\/\/www.kaminakeskus.ee\/wp-content\/uploads\/2015\/09\/Astrid_PT_amb-150x150.jpg\" alt=\"\" width=\"150\" height=\"150\"><\/a><p id=\"caption-attachment-36136\" class=\"wp-caption-text\">Astrid takka<\/p><\/div>\n<p><a href=\"https:\/\/www.lanordica-extraflame.com\/en\/products\/wood-stoves\/astrid\"><strong>Astrid takka<\/strong><\/a><br \/>\nTeho: 9,2 KW<br \/>\nKorkeus: 984mm<br \/>\nLeveys: 758 mm<br \/>\nSyvyys: 550mm<br \/>\nPaino: 214kg<br \/>\nSavupiipun halkaisija: \u00d8 160 mm<br \/>\nV\u00e4ri: Luonnonkivi-musta<br \/>\n<strong>Hinta: 2449 EUR<\/strong><\/p>\n<\/div><\/div><\/div><div class=\"fusion-clearfix\"><\/div><\/div>\n<\/article>\n<article id=\"blog-1-post-50943\" class=\"fusion-post-grid post-50943 post type-post status-publish format-standard hentry category-takat-takat category-takat-lanordica\">\n<div class=\"fusion-post-wrapper\" style=\"background-color:rgba(255,255,255,1);border:1px solid #a82c23;border-bottom-width:3px;\">\n\n<div class=\"fusion-post-content-wrapper\" style=\"padding:30px 25px 25px 25px;\"><div class=\"fusion-post-content post-content\"><h2 class=\"blog-shortcode-post-title entry-title\"><a href=\"https:\/\/www.kaminakeskus.ee\/fi\/kamin-flo\/\">Kamin Flo<\/a><\/h2><div class=\"fusion-post-content-container\"><div id=\"attachment_34552\" style=\"width: 160px\" class=\"wp-caption alignleft\"><a href=\"http:\/\/www.kaminakeskus.ee\/wp-content\/uploads\/2015\/09\/9308_Flo_Emozionale16-9.jpg\"><img decoding=\"async\" aria-describedby=\"caption-attachment-34552\" class=\"wp-image-14981 size-thumbnail\" title=\"9308_Flo_Emozionale16-9\" src=\"https:\/\/www.kaminakeskus.ee\/wp-content\/uploads\/2015\/09\/9308_Flo_Emozionale16-9-150x150.jpg\" alt=\"takat, uunit, liedet, kattilat, saunakiuat, savupiiput, savupiippu, modulaariset savupiiput\" width=\"150\" height=\"150\"><\/a><p id=\"caption-attachment-34552\" class=\"wp-caption-text\">Takka FLO<\/p><\/div>\n<p><a href=\"https:\/\/www.lanordica-extraflame.com\/en\/products\/wood-stoves\/flo\"><strong>Kamin FL\u00d2<\/strong><\/a><br \/>\nTeho: 8,3 KW<br \/>\nKorkeus: 1200mm<br \/>\nLeveys: 678 mm<br \/>\nSyvyys: 560 mm<br \/>\nPaino: 194kg<br \/>\nSavupiipun halkaisija: \u00d8 150 mm<br \/>\nV\u00e4ri: Valkoinen, punainen<br \/>\n<strong>Hinta: 2197<\/strong><strong> EUR<\/strong><\/p>\n<\/div><\/div><\/div><div class=\"fusion-clearfix\"><\/div><\/div>\n<\/article>\n<article id=\"blog-1-post-51501\" class=\"fusion-post-grid post-51501 post type-post status-publish format-standard hentry category-takat-takat category-takat-lanordica\">\n<div class=\"fusion-post-wrapper\" style=\"background-color:rgba(255,255,255,1);border:1px solid #a82c23;border-bottom-width:3px;\">\n\n<div class=\"fusion-post-content-wrapper\" style=\"padding:30px 25px 25px 25px;\"><div class=\"fusion-post-content post-content\"><h2 class=\"blog-shortcode-post-title entry-title\"><a href=\"https:\/\/www.kaminakeskus.ee\/fi\/kamin-zen\/\">Kamin Zen<\/a><\/h2><div class=\"fusion-post-content-container\"><div id=\"attachment_36164\" style=\"width: 160px\" class=\"wp-caption alignleft\"><a href=\"http:\/\/www.kaminakeskus.ee\/wp-content\/uploads\/2015\/09\/Zen_PT_amb.jpg\"><img decoding=\"async\" aria-describedby=\"caption-attachment-36164\" class=\"wp-image-18995 size-thumbnail\" title=\"Zen\" src=\"https:\/\/www.kaminakeskus.ee\/wp-content\/uploads\/2015\/09\/Zen_PT_amb-150x150.jpg\" alt=\"\" width=\"150\" height=\"150\"><\/a><p id=\"caption-attachment-36164\" class=\"wp-caption-text\">Kamin Zen<\/p><\/div>\n<p><a href=\"https:\/\/www.lanordica-extraflame.com\/en\/products\/wood-stoves\/zen\"><strong>Kamin Zen<\/strong><\/a><br \/>\nTeho: 7,5 KW<br \/>\nKorkeus: 1300mm<br \/>\nLeveys: 425 mm<br \/>\nSyvyys: 460 mm<br \/>\nPaino: 199kg<br \/>\nSavupiipun halkaisija: \u00d8 130 mm<br \/>\nV\u00e4ri: Luonnonkivi-musta<br \/>\n<strong>Hinta: 3425 EUR<\/strong><\/p>\n<\/div><\/div><\/div><div class=\"fusion-clearfix\"><\/div><\/div>\n<\/article>\n<article id=\"blog-1-post-51030\" class=\"fusion-post-grid post-51030 post type-post status-publish format-standard hentry category-takat-takat category-takat-lanordica\">\n<div class=\"fusion-post-wrapper\" style=\"background-color:rgba(255,255,255,1);border:1px solid #a82c23;border-bottom-width:3px;\">\n\n<div class=\"fusion-post-content-wrapper\" style=\"padding:30px 25px 25px 25px;\"><div class=\"fusion-post-content post-content\"><h2 class=\"blog-shortcode-post-title entry-title\"><a href=\"https:\/\/www.kaminakeskus.ee\/fi\/takka-helga\/\">Takka Helga<\/a><\/h2><div class=\"fusion-post-content-container\"><div id=\"attachment_36180\" style=\"width: 160px\" class=\"wp-caption alignleft\"><a href=\"http:\/\/www.kaminakeskus.ee\/wp-content\/uploads\/2015\/09\/Helga_PT_scont.jpg\"><img decoding=\"async\" aria-describedby=\"caption-attachment-36180\" class=\"wp-image-19005 size-thumbnail\" title=\"9339_Helga_VarCol_PT\" src=\"http:\/\/www.kaminakeskus.ee\/wp-content\/uploads\/2015\/09\/Helga_PT_scont-150x150.jpg\" width=\"150\" height=\"150\" srcset=\"https:\/\/www.kaminakeskus.ee\/wp-content\/uploads\/2015\/09\/Helga_PT_scont-150x150.jpg 150w, https:\/\/www.kaminakeskus.ee\/wp-content\/uploads\/2015\/09\/Helga_PT_scont.jpg 582w\" sizes=\"(max-width: 150px) 100vw, 150px\" \/><\/a><p id=\"caption-attachment-36180\" class=\"wp-caption-text\">Kamin Helga PT<\/p><\/div>\n<p><a href=\"https:\/\/www.lanordica-extraflame.com\/en\/products\/wood-stoves\/helga\"><strong>Helga Evo Pietra<\/strong><\/a><br \/>\nTeho: 7,3 KW<br \/>\nKorkeus: 1122mm<br \/>\nLeveys: 524 mm<br \/>\nSyvyys: 509 mm<br \/>\nPaino: 183kg<br \/>\nSavupiipun halkaisija: \u00d8 130 mm<br \/>\nV\u00e4ri: Vuolukivi<br \/>\n<strong>Hinta: 1889 EUR<\/strong><\/p>\n<p>&nbsp;<\/p>\n<\/div><\/div><\/div><div class=\"fusion-clearfix\"><\/div><\/div>\n<\/article>\n<div class=\"fusion-clearfix\"><\/div><\/div><\/div><\/div><\/div><\/div><\/div><div class=\"fusion-fullwidth fullwidth-box fusion-builder-row-2 fusion-flex-container nonhundred-percent-fullwidth non-hundred-percent-height-scrolling\" style=\"--awb-border-radius-top-left:0px;--awb-border-radius-top-right:0px;--awb-border-radius-bottom-right:0px;--awb-border-radius-bottom-left:0px;--awb-flex-wrap:wrap;\" ><div class=\"fusion-builder-row fusion-row fusion-flex-align-items-flex-start fusion-flex-content-wrap\" style=\"max-width:2392px;margin-left: calc(-4% \/ 2 );margin-right: calc(-4% \/ 2 );\"><div class=\"fusion-layout-column fusion_builder_column fusion-builder-column-1 fusion_builder_column_1_1 1_1 fusion-flex-column\" style=\"--awb-bg-size:cover;--awb-width-large:100%;--awb-margin-top-large:0px;--awb-spacing-right-large:1.92%;--awb-margin-bottom-large:20px;--awb-spacing-left-large:1.92%;--awb-width-medium:100%;--awb-order-medium:0;--awb-spacing-right-medium:1.92%;--awb-spacing-left-medium:1.92%;--awb-width-small:100%;--awb-order-small:0;--awb-spacing-right-small:1.92%;--awb-spacing-left-small:1.92%;\"><div class=\"fusion-column-wrapper fusion-column-has-shadow fusion-flex-justify-content-flex-start fusion-content-layout-column\"><\/div><\/div><\/div><\/div><\/p>\n","protected":false},"excerpt":{"rendered":"<p>ei<\/p>\n","protected":false},"author":3,"featured_media":0,"parent":0,"menu_order":0,"comment_status":"closed","ping_status":"closed","template":"","meta":{"footnotes":""},"class_list":["post-53914","page","type-page","status-publish","hentry"],"yoast_head":"<!-- This site is optimized with the Yoast SEO Premium plugin v27.5 (Yoast SEO v27.5) - https:\/\/yoast.com\/product\/yoast-seo-premium-wordpress\/ -->\n<title>KaminaKeskus<\/title>\n<meta name=\"description\" content=\"Kaminate, pliitide, ahjude ja korstnate m\u00fc\u00fck\" \/>\n<meta name=\"robots\" content=\"index, follow, max-snippet:-1, max-image-preview:large, max-video-preview:-1\" \/>\n<link rel=\"canonical\" href=\"https:\/\/www.kaminakeskus.ee\/fi\/lanordica-takat\/\" \/>\n<meta property=\"og:locale\" content=\"fi_FI\" \/>\n<meta property=\"og:type\" content=\"article\" \/>\n<meta property=\"og:title\" content=\"LANORDICA TAKAT - Kaminakeskus | Kaminad, Ahjud, Pliidid, Saunaahjud, Korstnad, Katlad\" \/>\n<meta property=\"og:description\" content=\"Kaminate, pliitide, ahjude ja korstnate m\u00fc\u00fck\" \/>\n<meta property=\"og:url\" content=\"https:\/\/www.kaminakeskus.ee\/fi\/lanordica-takat\/\" \/>\n<meta property=\"og:site_name\" content=\"Kaminakeskus | Kaminad, Ahjud, Pliidid, Saunaahjud, Korstnad, Katlad\" \/>\n<meta property=\"article:publisher\" content=\"https:\/\/www.facebook.com\/kaminakeskus\/yoast\" \/>\n<meta property=\"article:modified_time\" content=\"2021-09-02T15:54:05+00:00\" \/>\n<meta name=\"twitter:card\" content=\"summary_large_image\" \/>\n<meta name=\"twitter:label1\" content=\"Est. reading time\" \/>\n\t<meta name=\"twitter:data1\" content=\"6 minutes\" \/>\n<script type=\"application\/ld+json\" class=\"yoast-schema-graph\">{\"@context\":\"https:\\\/\\\/schema.org\",\"@graph\":[{\"@type\":\"WebPage\",\"@id\":\"https:\\\/\\\/www.kaminakeskus.ee\\\/fi\\\/lanordica-takat\\\/\",\"url\":\"https:\\\/\\\/www.kaminakeskus.ee\\\/fi\\\/lanordica-takat\\\/\",\"name\":\"KaminaKeskus\",\"isPartOf\":{\"@id\":\"https:\\\/\\\/www.kaminakeskus.ee\\\/fi\\\/#website\"},\"datePublished\":\"2021-08-18T09:37:58+00:00\",\"dateModified\":\"2021-09-02T15:54:05+00:00\",\"description\":\"Kaminate, pliitide, ahjude ja korstnate m\u00fc\u00fck\",\"breadcrumb\":{\"@id\":\"https:\\\/\\\/www.kaminakeskus.ee\\\/fi\\\/lanordica-takat\\\/#breadcrumb\"},\"inLanguage\":\"fi-FI\",\"potentialAction\":[{\"@type\":\"ReadAction\",\"target\":[\"https:\\\/\\\/www.kaminakeskus.ee\\\/fi\\\/lanordica-takat\\\/\"]}]},{\"@type\":\"BreadcrumbList\",\"@id\":\"https:\\\/\\\/www.kaminakeskus.ee\\\/fi\\\/lanordica-takat\\\/#breadcrumb\",\"itemListElement\":[{\"@type\":\"ListItem\",\"position\":1,\"name\":\"Home\",\"item\":\"https:\\\/\\\/www.kaminakeskus.ee\\\/fi\\\/\"},{\"@type\":\"ListItem\",\"position\":2,\"name\":\"LANORDICA TAKAT\"}]},{\"@type\":\"WebSite\",\"@id\":\"https:\\\/\\\/www.kaminakeskus.ee\\\/fi\\\/#website\",\"url\":\"https:\\\/\\\/www.kaminakeskus.ee\\\/fi\\\/\",\"name\":\"Kaminakeskus | Kaminad, Ahjud, Pliidid, Saunaahjud, Korstnad, Korsten, Moodulkorsten, Katlad\",\"description\":\"Kamin Kaminad Ahi Ahjud Pliit Pliidid Korstnad Katlad\",\"publisher\":{\"@id\":\"https:\\\/\\\/www.kaminakeskus.ee\\\/fi\\\/#organization\"},\"potentialAction\":[{\"@type\":\"SearchAction\",\"target\":{\"@type\":\"EntryPoint\",\"urlTemplate\":\"https:\\\/\\\/www.kaminakeskus.ee\\\/fi\\\/?s={search_term_string}\"},\"query-input\":{\"@type\":\"PropertyValueSpecification\",\"valueRequired\":true,\"valueName\":\"search_term_string\"}}],\"inLanguage\":\"fi-FI\"},{\"@type\":[\"Organization\",\"Place\"],\"@id\":\"https:\\\/\\\/www.kaminakeskus.ee\\\/fi\\\/#organization\",\"name\":\"R\u00e4ndr\u00fc\u00fctel HP O\u00dc\",\"alternateName\":\"KaminaKeskus\",\"url\":\"https:\\\/\\\/www.kaminakeskus.ee\\\/\",\"logo\":{\"@type\":\"ImageObject\",\"inLanguage\":\"fi-FI\",\"@id\":\"https:\\\/\\\/www.kaminakeskus.ee\\\/fi\\\/#\\\/schema\\\/logo\\\/image\\\/\",\"url\":\"https:\\\/\\\/www.kaminakeskus.ee\\\/wp-content\\\/uploads\\\/2026\\\/02\\\/Kaminakeskus-logo-1-1.jpg\",\"contentUrl\":\"https:\\\/\\\/www.kaminakeskus.ee\\\/wp-content\\\/uploads\\\/2026\\\/02\\\/Kaminakeskus-logo-1-1.jpg\",\"width\":2068,\"height\":532,\"caption\":\"R\u00e4ndr\u00fc\u00fctel HP O\u00dc\"},\"image\":{\"@id\":\"https:\\\/\\\/www.kaminakeskus.ee\\\/fi\\\/#\\\/schema\\\/logo\\\/image\\\/\"},\"sameAs\":[\"https:\\\/\\\/www.facebook.com\\\/kaminakeskus\\\/yoast\"],\"description\":\"Sales of fireplaces, chimneys and related goods. Kaminate, ahjude, pliitide, korstnate ja nendega seotud toodete m\u00fc\u00fck.\",\"legalName\":\"R\u00e4ndr\u00fc\u00fctel HP O\u00dc\",\"foundingDate\":\"1997-05-13\",\"leiCode\":\"9845007FC4HB963C8D65\",\"numberOfEmployees\":{\"@type\":\"QuantitativeValue\",\"minValue\":\"1\",\"maxValue\":\"10\"},\"telephone\":[\"+372 5543239\",\"+372 58812360\"],\"contactPoint\":{\"@type\":\"ContactPoint\",\"telephone\":\"+372 5543239\",\"email\":\"kaminakeskus@gmail.com\"},\"email\":\"kaminakeskus@gmail.com\",\"vatID\":\"EE100831739\",\"taxID\":\"10208374\"}]}<\/script>\n<!-- \/ Yoast SEO Premium plugin. -->","yoast_head_json":{"title":"KaminaKeskus","description":"Kaminate, pliitide, ahjude ja korstnate m\u00fc\u00fck","robots":{"index":"index","follow":"follow","max-snippet":"max-snippet:-1","max-image-preview":"max-image-preview:large","max-video-preview":"max-video-preview:-1"},"canonical":"https:\/\/www.kaminakeskus.ee\/fi\/lanordica-takat\/","og_locale":"fi_FI","og_type":"article","og_title":"LANORDICA TAKAT - Kaminakeskus | Kaminad, Ahjud, Pliidid, Saunaahjud, Korstnad, Katlad","og_description":"Kaminate, pliitide, ahjude ja korstnate m\u00fc\u00fck","og_url":"https:\/\/www.kaminakeskus.ee\/fi\/lanordica-takat\/","og_site_name":"Kaminakeskus | Kaminad, Ahjud, Pliidid, Saunaahjud, Korstnad, Katlad","article_publisher":"https:\/\/www.facebook.com\/kaminakeskus\/yoast","article_modified_time":"2021-09-02T15:54:05+00:00","twitter_card":"summary_large_image","twitter_misc":{"Est. reading time":"6 minutes"},"schema":{"@context":"https:\/\/schema.org","@graph":[{"@type":"WebPage","@id":"https:\/\/www.kaminakeskus.ee\/fi\/lanordica-takat\/","url":"https:\/\/www.kaminakeskus.ee\/fi\/lanordica-takat\/","name":"KaminaKeskus","isPartOf":{"@id":"https:\/\/www.kaminakeskus.ee\/fi\/#website"},"datePublished":"2021-08-18T09:37:58+00:00","dateModified":"2021-09-02T15:54:05+00:00","description":"Kaminate, pliitide, ahjude ja korstnate m\u00fc\u00fck","breadcrumb":{"@id":"https:\/\/www.kaminakeskus.ee\/fi\/lanordica-takat\/#breadcrumb"},"inLanguage":"fi-FI","potentialAction":[{"@type":"ReadAction","target":["https:\/\/www.kaminakeskus.ee\/fi\/lanordica-takat\/"]}]},{"@type":"BreadcrumbList","@id":"https:\/\/www.kaminakeskus.ee\/fi\/lanordica-takat\/#breadcrumb","itemListElement":[{"@type":"ListItem","position":1,"name":"Home","item":"https:\/\/www.kaminakeskus.ee\/fi\/"},{"@type":"ListItem","position":2,"name":"LANORDICA TAKAT"}]},{"@type":"WebSite","@id":"https:\/\/www.kaminakeskus.ee\/fi\/#website","url":"https:\/\/www.kaminakeskus.ee\/fi\/","name":"Kaminakeskus | Kaminad, Ahjud, Pliidid, Saunaahjud, Korstnad, Korsten, Moodulkorsten, Katlad","description":"Kamin Kaminad Ahi Ahjud Pliit Pliidid Korstnad Katlad","publisher":{"@id":"https:\/\/www.kaminakeskus.ee\/fi\/#organization"},"potentialAction":[{"@type":"SearchAction","target":{"@type":"EntryPoint","urlTemplate":"https:\/\/www.kaminakeskus.ee\/fi\/?s={search_term_string}"},"query-input":{"@type":"PropertyValueSpecification","valueRequired":true,"valueName":"search_term_string"}}],"inLanguage":"fi-FI"},{"@type":["Organization","Place"],"@id":"https:\/\/www.kaminakeskus.ee\/fi\/#organization","name":"R\u00e4ndr\u00fc\u00fctel HP O\u00dc","alternateName":"KaminaKeskus","url":"https:\/\/www.kaminakeskus.ee\/","logo":{"@type":"ImageObject","inLanguage":"fi-FI","@id":"https:\/\/www.kaminakeskus.ee\/fi\/#\/schema\/logo\/image\/","url":"https:\/\/www.kaminakeskus.ee\/wp-content\/uploads\/2026\/02\/Kaminakeskus-logo-1-1.jpg","contentUrl":"https:\/\/www.kaminakeskus.ee\/wp-content\/uploads\/2026\/02\/Kaminakeskus-logo-1-1.jpg","width":2068,"height":532,"caption":"R\u00e4ndr\u00fc\u00fctel HP O\u00dc"},"image":{"@id":"https:\/\/www.kaminakeskus.ee\/fi\/#\/schema\/logo\/image\/"},"sameAs":["https:\/\/www.facebook.com\/kaminakeskus\/yoast"],"description":"Sales of fireplaces, chimneys and related goods. Kaminate, ahjude, pliitide, korstnate ja nendega seotud toodete m\u00fc\u00fck.","legalName":"R\u00e4ndr\u00fc\u00fctel HP O\u00dc","foundingDate":"1997-05-13","leiCode":"9845007FC4HB963C8D65","numberOfEmployees":{"@type":"QuantitativeValue","minValue":"1","maxValue":"10"},"telephone":["+372 5543239","+372 58812360"],"contactPoint":{"@type":"ContactPoint","telephone":"+372 5543239","email":"kaminakeskus@gmail.com"},"email":"kaminakeskus@gmail.com","vatID":"EE100831739","taxID":"10208374"}]}},"_links":{"self":[{"href":"https:\/\/www.kaminakeskus.ee\/fi\/wp-json\/wp\/v2\/pages\/53914","targetHints":{"allow":["GET"]}}],"collection":[{"href":"https:\/\/www.kaminakeskus.ee\/fi\/wp-json\/wp\/v2\/pages"}],"about":[{"href":"https:\/\/www.kaminakeskus.ee\/fi\/wp-json\/wp\/v2\/types\/page"}],"author":[{"embeddable":true,"href":"https:\/\/www.kaminakeskus.ee\/fi\/wp-json\/wp\/v2\/users\/3"}],"replies":[{"embeddable":true,"href":"https:\/\/www.kaminakeskus.ee\/fi\/wp-json\/wp\/v2\/comments?post=53914"}],"version-history":[{"count":1,"href":"https:\/\/www.kaminakeskus.ee\/fi\/wp-json\/wp\/v2\/pages\/53914\/revisions"}],"predecessor-version":[{"id":53919,"href":"https:\/\/www.kaminakeskus.ee\/fi\/wp-json\/wp\/v2\/pages\/53914\/revisions\/53919"}],"wp:attachment":[{"href":"https:\/\/www.kaminakeskus.ee\/fi\/wp-json\/wp\/v2\/media?parent=53914"}],"curies":[{"name":"wp","href":"https:\/\/api.w.org\/{rel}","templated":true}]}}