{"id":53935,"date":"2021-08-18T09:18:01","date_gmt":"2021-08-18T09:18:01","guid":{"rendered":"https:\/\/www.kaminakeskus.ee\/takat-denia\/"},"modified":"2021-09-02T15:54:39","modified_gmt":"2021-09-02T15:54:39","slug":"takat-denia","status":"publish","type":"page","link":"https:\/\/www.kaminakeskus.ee\/fi\/takat-denia\/","title":{"rendered":"TAKAT DENIA"},"content":{"rendered":"<p><div class=\"fusion-fullwidth fullwidth-box fusion-builder-row-1 fusion-flex-container hundred-percent-fullwidth non-hundred-percent-height-scrolling\" style=\"--awb-border-radius-top-left:0px;--awb-border-radius-top-right:0px;--awb-border-radius-bottom-right:0px;--awb-border-radius-bottom-left:0px;--awb-margin-top:40px;--awb-flex-wrap:wrap;\" ><div class=\"fusion-builder-row fusion-row fusion-flex-align-items-flex-start fusion-flex-content-wrap\" style=\"width:104% !important;max-width:104% !important;margin-left: calc(-4% \/ 2 );margin-right: calc(-4% \/ 2 );\"><div class=\"fusion-layout-column fusion_builder_column fusion-builder-column-0 fusion_builder_column_1_1 1_1 fusion-flex-column\" style=\"--awb-bg-size:cover;--awb-width-large:100%;--awb-margin-top-large:0px;--awb-spacing-right-large:1.92%;--awb-margin-bottom-large:20px;--awb-spacing-left-large:1.92%;--awb-width-medium:100%;--awb-order-medium:0;--awb-spacing-right-medium:1.92%;--awb-spacing-left-medium:1.92%;--awb-width-small:100%;--awb-order-small:0;--awb-spacing-right-small:1.92%;--awb-spacing-left-small:1.92%;\"><div class=\"fusion-column-wrapper fusion-column-has-shadow fusion-flex-justify-content-flex-start fusion-content-layout-column\"><div class=\"fusion-blog-shortcode fusion-blog-shortcode-1 fusion-blog-archive fusion-blog-layout-grid-wrapper fusion-blog-no\"><style type=\"text\/css\">.fusion-blog-shortcode-1 .fusion-blog-layout-grid .fusion-post-grid{padding:12.5px;}.fusion-blog-shortcode-1 .fusion-posts-container{margin-left: -12.5px !important; margin-right:-12.5px !important;}<\/style><div class=\"fusion-posts-container fusion-posts-container-no fusion-no-meta-info fusion-blog-rollover fusion-blog-layout-grid fusion-blog-layout-grid-4 isotope fusion-blog-equal-heights\" data-pages=\"0\" data-grid-col-space=\"25\" style=\"margin: -12.5px -12.5px 0;min-height:500px;\"><article id=\"blog-1-post-76725\" class=\"fusion-post-grid post-76725 post type-post status-publish format-standard hentry category-takat-fi category-takat category-takat-takat category-takat-denia\">\n<div class=\"fusion-post-wrapper\" style=\"background-color:rgba(255,255,255,1);border:1px solid #a82c23;border-bottom-width:3px;\">\n\n<div class=\"fusion-post-content-wrapper\" style=\"padding:30px 25px 25px 25px;\"><div class=\"fusion-post-content post-content\"><h2 class=\"blog-shortcode-post-title entry-title\"><a href=\"https:\/\/www.kaminakeskus.ee\/fi\/kamin-denia-innsbruck-moka\/\">Kamin Denia Innsbruck Moka<\/a><\/h2><div class=\"fusion-post-content-container\"><div id=\"attachment_76720\" style=\"width: 179px\" class=\"wp-caption aligncenter\"><a href=\"https:\/\/www.kaminakeskus.ee\/wp-content\/uploads\/2024\/04\/kamin-denia-innsbruck-moka-150x113.jpeg\"><img decoding=\"async\" aria-describedby=\"caption-attachment-76720\" class=\" wp-image-76720\" src=\"https:\/\/www.kaminakeskus.ee\/wp-content\/uploads\/2024\/04\/kamin-denia-innsbruck-moka-150x113.jpeg\" alt=\"\" width=\"169\" height=\"127\" srcset=\"https:\/\/www.kaminakeskus.ee\/wp-content\/uploads\/2024\/04\/kamin-denia-innsbruck-moka-150x113.jpeg 150w, https:\/\/www.kaminakeskus.ee\/wp-content\/uploads\/2024\/04\/kamin-denia-innsbruck-moka-200x150.jpeg 200w, https:\/\/www.kaminakeskus.ee\/wp-content\/uploads\/2024\/04\/kamin-denia-innsbruck-moka-300x225.jpeg 300w, https:\/\/www.kaminakeskus.ee\/wp-content\/uploads\/2024\/04\/kamin-denia-innsbruck-moka-400x300.jpeg 400w, https:\/\/www.kaminakeskus.ee\/wp-content\/uploads\/2024\/04\/kamin-denia-innsbruck-moka-600x451.jpeg 600w, https:\/\/www.kaminakeskus.ee\/wp-content\/uploads\/2024\/04\/kamin-denia-innsbruck-moka-768x577.jpeg 768w, https:\/\/www.kaminakeskus.ee\/wp-content\/uploads\/2024\/04\/kamin-denia-innsbruck-moka-800x601.jpeg 800w, https:\/\/www.kaminakeskus.ee\/wp-content\/uploads\/2024\/04\/kamin-denia-innsbruck-moka-1024x769.jpeg 1024w, https:\/\/www.kaminakeskus.ee\/wp-content\/uploads\/2024\/04\/kamin-denia-innsbruck-moka.jpeg 1200w\" sizes=\"(max-width: 169px) 100vw, 169px\" \/><\/a><p id=\"caption-attachment-76720\" class=\"wp-caption-text\"><strong>Kamin Innsbruck Moka<\/strong><\/p><\/div>\n<p style=\"text-align: center;\">V\u00f5imsus: 7,8kW<br \/>\nK\u00f5rgus: 990mm<br \/>\nLaius: 500mm<br \/>\nS\u00fcgavus: 445mm<br \/>\nL\u00f5\u00f5ri l\u00e4bim\u00f5\u00f5t: 150mm<br \/>\nKaal: 150kg<br \/>\n<strong>Hind: 2260 EUR<\/strong><\/p>\n<\/div><\/div><\/div><div class=\"fusion-clearfix\"><\/div><\/div>\n<\/article>\n<article id=\"blog-1-post-76716\" class=\"fusion-post-grid post-76716 post type-post status-publish format-standard hentry category-takat category-takat-takat category-takat-fi category-takat-denia\">\n<div class=\"fusion-post-wrapper\" style=\"background-color:rgba(255,255,255,1);border:1px solid #a82c23;border-bottom-width:3px;\">\n\n<div class=\"fusion-post-content-wrapper\" style=\"padding:30px 25px 25px 25px;\"><div class=\"fusion-post-content post-content\"><h2 class=\"blog-shortcode-post-title entry-title\"><a href=\"https:\/\/www.kaminakeskus.ee\/fi\/kamin-denia-innsbruck-soapstone\/\">Kamin Denia Innsbruck Soapstone<\/a><\/h2><div class=\"fusion-post-content-container\"><div id=\"attachment_76711\" style=\"width: 188px\" class=\"wp-caption aligncenter\"><a href=\"https:\/\/www.kaminakeskus.ee\/wp-content\/uploads\/2024\/04\/kamin-innsbruck-soap-denia-150x113.jpeg\"><img decoding=\"async\" aria-describedby=\"caption-attachment-76711\" class=\" wp-image-76711\" src=\"https:\/\/www.kaminakeskus.ee\/wp-content\/uploads\/2024\/04\/kamin-innsbruck-soap-denia-150x113.jpeg\" alt=\"\" width=\"178\" height=\"134\" srcset=\"https:\/\/www.kaminakeskus.ee\/wp-content\/uploads\/2024\/04\/kamin-innsbruck-soap-denia-150x113.jpeg 150w, https:\/\/www.kaminakeskus.ee\/wp-content\/uploads\/2024\/04\/kamin-innsbruck-soap-denia-200x150.jpeg 200w, https:\/\/www.kaminakeskus.ee\/wp-content\/uploads\/2024\/04\/kamin-innsbruck-soap-denia-300x225.jpeg 300w, https:\/\/www.kaminakeskus.ee\/wp-content\/uploads\/2024\/04\/kamin-innsbruck-soap-denia-400x300.jpeg 400w, https:\/\/www.kaminakeskus.ee\/wp-content\/uploads\/2024\/04\/kamin-innsbruck-soap-denia-600x451.jpeg 600w, https:\/\/www.kaminakeskus.ee\/wp-content\/uploads\/2024\/04\/kamin-innsbruck-soap-denia-768x577.jpeg 768w, https:\/\/www.kaminakeskus.ee\/wp-content\/uploads\/2024\/04\/kamin-innsbruck-soap-denia-800x601.jpeg 800w, https:\/\/www.kaminakeskus.ee\/wp-content\/uploads\/2024\/04\/kamin-innsbruck-soap-denia-1024x769.jpeg 1024w, https:\/\/www.kaminakeskus.ee\/wp-content\/uploads\/2024\/04\/kamin-innsbruck-soap-denia.jpeg 1200w\" sizes=\"(max-width: 178px) 100vw, 178px\" \/><\/a><p id=\"caption-attachment-76711\" class=\"wp-caption-text\"><strong>Kamin Innsbruck Soapstone<\/strong><\/p><\/div>\n<p style=\"text-align: center;\">V\u00f5imsus: 7,8kW<br \/>\nK\u00f5rgus: 990mm<br \/>\nLaius: 500mm<br \/>\nS\u00fcgavus: 445mm<br \/>\nL\u00f5\u00f5ri l\u00e4bim\u00f5\u00f5t: 150mm<br \/>\nKaal: 150kg<br \/>\n<strong>Hind: 2199 EUR<\/strong><\/p>\n<\/div><\/div><\/div><div class=\"fusion-clearfix\"><\/div><\/div>\n<\/article>\n<article id=\"blog-1-post-63754\" class=\"fusion-post-grid post-63754 post type-post status-publish format-standard hentry category-takat category-takat-takat category-takat-denia\">\n<div class=\"fusion-post-wrapper\" style=\"background-color:rgba(255,255,255,1);border:1px solid #a82c23;border-bottom-width:3px;\">\n\n<div class=\"fusion-post-content-wrapper\" style=\"padding:30px 25px 25px 25px;\"><div class=\"fusion-post-content post-content\"><h2 class=\"blog-shortcode-post-title entry-title\"><a href=\"https:\/\/www.kaminakeskus.ee\/fi\/kamin-denia-swing\/\">Takka Denia Swing<\/a><\/h2><div class=\"fusion-post-content-container\"><div id=\"attachment_63750\" style=\"width: 160px\" class=\"wp-caption aligncenter\"><a href=\"https:\/\/www.kaminakeskus.ee\/wp-content\/uploads\/2022\/12\/kamin_denia_swing-150x89.jpg\"><img decoding=\"async\" aria-describedby=\"caption-attachment-63750\" class=\"size-thumbnail wp-image-63749\" src=\"https:\/\/www.kaminakeskus.ee\/wp-content\/uploads\/2022\/12\/kamin_denia_swing-150x89.jpg\" alt=\"\" width=\"150\" height=\"89\" srcset=\"https:\/\/www.kaminakeskus.ee\/wp-content\/uploads\/2022\/12\/kamin_denia_swing-150x89.jpg 150w, https:\/\/www.kaminakeskus.ee\/wp-content\/uploads\/2022\/12\/kamin_denia_swing-200x119.jpg 200w, https:\/\/www.kaminakeskus.ee\/wp-content\/uploads\/2022\/12\/kamin_denia_swing-300x179.jpg 300w, https:\/\/www.kaminakeskus.ee\/wp-content\/uploads\/2022\/12\/kamin_denia_swing-400x238.jpg 400w, https:\/\/www.kaminakeskus.ee\/wp-content\/uploads\/2022\/12\/kamin_denia_swing.jpg 537w\" sizes=\"(max-width: 150px) 100vw, 150px\" \/><\/a><p id=\"caption-attachment-63750\" class=\"wp-caption-text\"><strong>Takka Denia Swing<\/strong><\/p><\/div>\n<p style=\"text-align: center;\">Teho: 8,9 kW<br \/>\nKorkeus: 923 mm<br \/>\nLeveys: 1000mm<br \/>\nSyvyys: 486 mm<br \/>\nSavupiipun halkaisija: 200mm<br \/>\nPaino: 235 kg<br \/>\n<strong>Hinta: 3350 euroa<\/strong><\/p>\n<\/div><\/div><\/div><div class=\"fusion-clearfix\"><\/div><\/div>\n<\/article>\n<article id=\"blog-1-post-63745\" class=\"fusion-post-grid post-63745 post type-post status-publish format-standard hentry category-takat category-takat-takat category-takat-denia\">\n<div class=\"fusion-post-wrapper\" style=\"background-color:rgba(255,255,255,1);border:1px solid #a82c23;border-bottom-width:3px;\">\n\n<div class=\"fusion-post-content-wrapper\" style=\"padding:30px 25px 25px 25px;\"><div class=\"fusion-post-content post-content\"><h2 class=\"blog-shortcode-post-title entry-title\"><a href=\"https:\/\/www.kaminakeskus.ee\/fi\/kamin-denia-linz-wall\/\">Kamin Denia Linz Wall<\/a><\/h2><div class=\"fusion-post-content-container\"><div id=\"attachment_63740\" style=\"width: 160px\" class=\"wp-caption aligncenter\"><a href=\"https:\/\/www.kaminakeskus.ee\/wp-content\/uploads\/2022\/12\/kamin_denia_linz_wall-1-150x148.png\"><img decoding=\"async\" aria-describedby=\"caption-attachment-63740\" class=\"size-thumbnail wp-image-63740\" src=\"https:\/\/www.kaminakeskus.ee\/wp-content\/uploads\/2022\/12\/kamin_denia_linz_wall-1-150x148.png\" alt=\"\" width=\"150\" height=\"148\" srcset=\"https:\/\/www.kaminakeskus.ee\/wp-content\/uploads\/2022\/12\/kamin_denia_linz_wall-1-66x66.png 66w, https:\/\/www.kaminakeskus.ee\/wp-content\/uploads\/2022\/12\/kamin_denia_linz_wall-1-150x148.png 150w, https:\/\/www.kaminakeskus.ee\/wp-content\/uploads\/2022\/12\/kamin_denia_linz_wall-1-200x197.png 200w, https:\/\/www.kaminakeskus.ee\/wp-content\/uploads\/2022\/12\/kamin_denia_linz_wall-1-300x295.png 300w, https:\/\/www.kaminakeskus.ee\/wp-content\/uploads\/2022\/12\/kamin_denia_linz_wall-1-400x394.png 400w, https:\/\/www.kaminakeskus.ee\/wp-content\/uploads\/2022\/12\/kamin_denia_linz_wall-1.png 495w\" sizes=\"(max-width: 150px) 100vw, 150px\" \/><\/a><p id=\"caption-attachment-63740\" class=\"wp-caption-text\"><strong>Kamin Denia Linz Wall<\/strong><\/p><\/div>\n<p style=\"text-align: center;\">V\u00f5imsus: 8kW<br \/>\nK\u00f5rgus: 793mm<br \/>\nLaius: 500mm<br \/>\nS\u00fcgavus: 546mm<br \/>\nL\u00f5\u00f5ri l\u00e4bim\u00f5\u00f5t: 150mm<br \/>\nKaal: 102kg<br \/>\n<strong>Hind: 2688 EUR<\/strong><\/p>\n<\/div><\/div><\/div><div class=\"fusion-clearfix\"><\/div><\/div>\n<\/article>\n<article id=\"blog-1-post-45427\" class=\"fusion-post-grid post-45427 post type-post status-publish format-standard hentry category-takat category-takat-denia\">\n<div class=\"fusion-post-wrapper\" style=\"background-color:rgba(255,255,255,1);border:1px solid #a82c23;border-bottom-width:3px;\">\n\n<div class=\"fusion-post-content-wrapper\" style=\"padding:30px 25px 25px 25px;\"><div class=\"fusion-post-content post-content\"><h2 class=\"blog-shortcode-post-title entry-title\"><a href=\"https:\/\/www.kaminakeskus.ee\/fi\/takka-denia-panoraamaseina\/\">Takka Denia-panoraamasein\u00e4<\/a><\/h2><div class=\"fusion-post-content-container\"><div id=\"attachment_76760\" style=\"width: 192px\" class=\"wp-caption aligncenter\"><a href=\"https:\/\/www.kaminakeskus.ee\/wp-content\/uploads\/2020\/08\/kamin-denia-panoramic-wall-150x95.png\"><img decoding=\"async\" aria-describedby=\"caption-attachment-76760\" class=\" wp-image-76759\" src=\"https:\/\/www.kaminakeskus.ee\/wp-content\/uploads\/2020\/08\/kamin-denia-panoramic-wall-150x95.png\" alt=\"\" width=\"182\" height=\"115\" srcset=\"https:\/\/www.kaminakeskus.ee\/wp-content\/uploads\/2020\/08\/kamin-denia-panoramic-wall-150x95.png 150w, https:\/\/www.kaminakeskus.ee\/wp-content\/uploads\/2020\/08\/kamin-denia-panoramic-wall-200x127.png 200w, https:\/\/www.kaminakeskus.ee\/wp-content\/uploads\/2020\/08\/kamin-denia-panoramic-wall-300x190.png 300w, https:\/\/www.kaminakeskus.ee\/wp-content\/uploads\/2020\/08\/kamin-denia-panoramic-wall-320x202.png 320w, https:\/\/www.kaminakeskus.ee\/wp-content\/uploads\/2020\/08\/kamin-denia-panoramic-wall-400x253.png 400w, https:\/\/www.kaminakeskus.ee\/wp-content\/uploads\/2020\/08\/kamin-denia-panoramic-wall-600x380.png 600w, https:\/\/www.kaminakeskus.ee\/wp-content\/uploads\/2020\/08\/kamin-denia-panoramic-wall-700x441.png 700w, https:\/\/www.kaminakeskus.ee\/wp-content\/uploads\/2020\/08\/kamin-denia-panoramic-wall-768x486.png 768w, https:\/\/www.kaminakeskus.ee\/wp-content\/uploads\/2020\/08\/kamin-denia-panoramic-wall-800x506.png 800w, https:\/\/www.kaminakeskus.ee\/wp-content\/uploads\/2020\/08\/kamin-denia-panoramic-wall-1024x648.png 1024w, https:\/\/www.kaminakeskus.ee\/wp-content\/uploads\/2020\/08\/kamin-denia-panoramic-wall-1200x759.png 1200w, https:\/\/www.kaminakeskus.ee\/wp-content\/uploads\/2020\/08\/kamin-denia-panoramic-wall-1536x972.png 1536w\" sizes=\"(max-width: 182px) 100vw, 182px\" \/><\/a><p id=\"caption-attachment-76760\" class=\"wp-caption-text\"><strong>Takka panoraamasein\u00e4<\/strong><\/p><\/div>\n<p style=\"text-align: center;\">Teho: 8,9 kW<br \/>\nKorkeus: 702mm<br \/>\nLeveys: 1091mm<br \/>\nSyvyys: 465 mm<br \/>\nSavupiipun halkaisija: 150mm<br \/>\nPaino: 190kg<br \/>\n<strong>Hinta: 2429 EUR<\/strong><\/p>\n<\/div><\/div><\/div><div class=\"fusion-clearfix\"><\/div><\/div>\n<\/article>\n<article id=\"blog-1-post-45463\" class=\"fusion-post-grid post-45463 post type-post status-publish format-standard hentry category-takat category-takat-denia\">\n<div class=\"fusion-post-wrapper\" style=\"background-color:rgba(255,255,255,1);border:1px solid #a82c23;border-bottom-width:3px;\">\n\n<div class=\"fusion-post-content-wrapper\" style=\"padding:30px 25px 25px 25px;\"><div class=\"fusion-post-content post-content\"><h2 class=\"blog-shortcode-post-title entry-title\"><a href=\"https:\/\/www.kaminakeskus.ee\/fi\/kamin-denia-suomi\/\">Kamin Denia Suomi<\/a><\/h2><div class=\"fusion-post-content-container\"><div id=\"attachment_42320\" style=\"width: 160px\" class=\"wp-caption aligncenter\"><a href=\"https:\/\/www.kaminakeskus.ee\/wp-content\/uploads\/2020\/08\/kamin-denia-finland-150x150.jpg\"><img decoding=\"async\" aria-describedby=\"caption-attachment-42320\" class=\"size-thumbnail wp-image-27427\" src=\"https:\/\/www.kaminakeskus.ee\/wp-content\/uploads\/2020\/08\/kamin-denia-finland-150x150.jpg\" alt=\"\" width=\"150\" height=\"150\"><\/a><p id=\"caption-attachment-42320\" class=\"wp-caption-text\"><strong>Kamin Suomi<\/strong><\/p><\/div>\n<p style=\"text-align: center;\">Teho: 7,2 kW<br \/>\nKorkeus: 854mm<br \/>\nLeveys: 796 mm<br \/>\nSyvyys: 463 mm<br \/>\nSavupiipun halkaisija: 150mm<br \/>\nPaino: 198kg<br \/>\n<strong>Hinta: 2325 euroa<\/strong><\/p>\n<\/div><\/div><\/div><div class=\"fusion-clearfix\"><\/div><\/div>\n<\/article>\n<article id=\"blog-1-post-45488\" class=\"fusion-post-grid post-45488 post type-post status-publish format-standard hentry category-takat category-takat-denia\">\n<div class=\"fusion-post-wrapper\" style=\"background-color:rgba(255,255,255,1);border:1px solid #a82c23;border-bottom-width:3px;\">\n\n<div class=\"fusion-post-content-wrapper\" style=\"padding:30px 25px 25px 25px;\"><div class=\"fusion-post-content post-content\"><h2 class=\"blog-shortcode-post-title entry-title\"><a href=\"https:\/\/www.kaminakeskus.ee\/fi\/takka-denia-lambda-sand\/\">Takka Denia Lambda Sand<\/a><\/h2><div class=\"fusion-post-content-container\"><div id=\"attachment_42316\" style=\"width: 160px\" class=\"wp-caption aligncenter\"><a href=\"https:\/\/www.kaminakeskus.ee\/wp-content\/uploads\/2020\/08\/kamin-lambda-sand-150x150.jpg\"><img decoding=\"async\" aria-describedby=\"caption-attachment-42316\" class=\"size-thumbnail wp-image-27424\" src=\"https:\/\/www.kaminakeskus.ee\/wp-content\/uploads\/2020\/08\/kamin-lambda-sand-150x150.jpg\" alt=\"\" width=\"150\" height=\"150\"><\/a><p id=\"caption-attachment-42316\" class=\"wp-caption-text\"><strong>Takka Lambda Sand<\/strong><\/p><\/div>\n<p style=\"text-align: center;\">Teho: 8kW<br \/>\nKorkeus: 1038 mm<br \/>\nLeveys: 556 mm<br \/>\nSyvyys: 500mm<br \/>\nSavupiipun halkaisija: 150mm<br \/>\nPaino: 193kg<br \/>\n<strong>Hinta: 2365 euroa<\/strong><\/p>\n<\/div><\/div><\/div><div class=\"fusion-clearfix\"><\/div><\/div>\n<\/article>\n<article id=\"blog-1-post-48801\" class=\"fusion-post-grid post-48801 post type-post status-publish format-standard hentry category-takat category-takat-denia\">\n<div class=\"fusion-post-wrapper\" style=\"background-color:rgba(255,255,255,1);border:1px solid #a82c23;border-bottom-width:3px;\">\n\n<div class=\"fusion-post-content-wrapper\" style=\"padding:30px 25px 25px 25px;\"><div class=\"fusion-post-content post-content\"><h2 class=\"blog-shortcode-post-title entry-title\"><a href=\"https:\/\/www.kaminakeskus.ee\/fi\/takka-denia-lambda-saippua\/\">Takka Denia Lambda saippua<\/a><\/h2><div class=\"fusion-post-content-container\"><div id=\"attachment_42312\" style=\"width: 160px\" class=\"wp-caption aligncenter\"><a href=\"https:\/\/www.kaminakeskus.ee\/wp-content\/uploads\/2020\/08\/kamin-denia-lambda-soap-150x150.jpg\"><img decoding=\"async\" aria-describedby=\"caption-attachment-42312\" class=\"size-thumbnail wp-image-27421\" src=\"https:\/\/www.kaminakeskus.ee\/wp-content\/uploads\/2020\/08\/kamin-denia-lambda-soap-150x150.jpg\" alt=\"\" width=\"150\" height=\"150\"><\/a><p id=\"caption-attachment-42312\" class=\"wp-caption-text\"><strong>Takka Lambda saippua<\/strong><\/p><\/div>\n<p style=\"text-align: center;\">Teho: 8kW<br \/>\nKorkeus: 1038 mm<br \/>\nLeveys: 556 mm<br \/>\nSyvyys: 500mm<br \/>\nSavupiipun halkaisija: 150mm<br \/>\nPaino: 193kg<br \/>\n<strong>Hinta: 2239 euroa<\/strong><\/p>\n<\/div><\/div><\/div><div class=\"fusion-clearfix\"><\/div><\/div>\n<\/article>\n<article id=\"blog-1-post-48896\" class=\"fusion-post-grid post-48896 post type-post status-publish format-standard hentry category-takat category-takat-denia\">\n<div class=\"fusion-post-wrapper\" style=\"background-color:rgba(255,255,255,1);border:1px solid #a82c23;border-bottom-width:3px;\">\n\n<div class=\"fusion-post-content-wrapper\" style=\"padding:30px 25px 25px 25px;\"><div class=\"fusion-post-content post-content\"><h2 class=\"blog-shortcode-post-title entry-title\"><a href=\"https:\/\/www.kaminakeskus.ee\/fi\/takka-denia-panoramic\/\">Takka Denia Panoramic<\/a><\/h2><div class=\"fusion-post-content-container\"><div id=\"attachment_42308\" style=\"width: 160px\" class=\"wp-caption aligncenter\"><a href=\"https:\/\/www.kaminakeskus.ee\/wp-content\/uploads\/2020\/08\/kamin-denia-panoramic-150x150.jpg\"><img decoding=\"async\" aria-describedby=\"caption-attachment-42308\" class=\"size-thumbnail wp-image-27418\" src=\"https:\/\/www.kaminakeskus.ee\/wp-content\/uploads\/2020\/08\/kamin-denia-panoramic-150x150.jpg\" alt=\"\" width=\"150\" height=\"150\"><\/a><p id=\"caption-attachment-42308\" class=\"wp-caption-text\"><strong>Takka panoraama<\/strong><\/p><\/div>\n<p style=\"text-align: center;\">Teho: 8,9 kW<br \/>\nKorkeus: 943 mm<br \/>\nLeveys: 1091mm<br \/>\nSyvyys: 465 mm<br \/>\nSavupiipun halkaisija: 150mm<br \/>\nPaino: 246kg<br \/>\n<strong>Hinta: 2225 EUR<br \/>\nPohja: 715 euroa<\/strong><\/p>\n<\/div><\/div><\/div><div class=\"fusion-clearfix\"><\/div><\/div>\n<\/article>\n<article id=\"blog-1-post-48961\" class=\"fusion-post-grid post-48961 post type-post status-publish format-standard hentry category-takat category-takat-denia\">\n<div class=\"fusion-post-wrapper\" style=\"background-color:rgba(255,255,255,1);border:1px solid #a82c23;border-bottom-width:3px;\">\n\n<div class=\"fusion-post-content-wrapper\" style=\"padding:30px 25px 25px 25px;\"><div class=\"fusion-post-content post-content\"><h2 class=\"blog-shortcode-post-title entry-title\"><a href=\"https:\/\/www.kaminakeskus.ee\/fi\/takka-denia-firex\/\">Takka Denia Firex<\/a><\/h2><div class=\"fusion-post-content-container\"><div id=\"attachment_42304\" style=\"width: 160px\" class=\"wp-caption aligncenter\"><a href=\"https:\/\/www.kaminakeskus.ee\/wp-content\/uploads\/2020\/08\/kamin-denia-firex-150x150.jpg\"><img decoding=\"async\" aria-describedby=\"caption-attachment-42304\" class=\"size-thumbnail wp-image-27415\" src=\"https:\/\/www.kaminakeskus.ee\/wp-content\/uploads\/2020\/08\/kamin-denia-firex-150x150.jpg\" alt=\"\" width=\"150\" height=\"150\"><\/a><p id=\"caption-attachment-42304\" class=\"wp-caption-text\"><strong>Takka Denia Firex<\/strong><\/p><\/div>\n<p style=\"text-align: center;\">Teho: 7,2 kW<br \/>\nKorkeus: 879 mm<br \/>\nLeveys: 857 mm<br \/>\nSyvyys: 469 mm<br \/>\nSavupiipun halkaisija: 150mm<br \/>\nPaino: 228kg<br \/>\n<strong>Hinta: 2699 euroa<\/strong><\/p>\n<\/div><\/div><\/div><div class=\"fusion-clearfix\"><\/div><\/div>\n<\/article>\n<article id=\"blog-1-post-48994\" class=\"fusion-post-grid post-48994 post type-post status-publish format-standard hentry category-takat category-takat-denia\">\n<div class=\"fusion-post-wrapper\" style=\"background-color:rgba(255,255,255,1);border:1px solid #a82c23;border-bottom-width:3px;\">\n\n<div class=\"fusion-post-content-wrapper\" style=\"padding:30px 25px 25px 25px;\"><div class=\"fusion-post-content post-content\"><h2 class=\"blog-shortcode-post-title entry-title\"><a href=\"https:\/\/www.kaminakeskus.ee\/fi\/takka-denia-elyps\/\">Takka Denia Elyps<\/a><\/h2><div class=\"fusion-post-content-container\"><div id=\"attachment_42300\" style=\"width: 160px\" class=\"wp-caption aligncenter\"><a href=\"https:\/\/www.kaminakeskus.ee\/wp-content\/uploads\/2020\/08\/kamin-denia-elyps-150x150.jpg\"><img decoding=\"async\" aria-describedby=\"caption-attachment-42300\" class=\"size-thumbnail wp-image-27412\" src=\"https:\/\/www.kaminakeskus.ee\/wp-content\/uploads\/2020\/08\/kamin-denia-elyps-150x150.jpg\" alt=\"\" width=\"150\" height=\"150\"><\/a><p id=\"caption-attachment-42300\" class=\"wp-caption-text\"><strong>Takka Denia Elyps<\/strong><\/p><\/div>\n<p style=\"text-align: center;\">Teho: 7,8 kW<br \/>\nKorkeus: 890mm<br \/>\nLeveys: 780 mm<br \/>\nSyvyys: 451 mm<br \/>\nSavupiipun halkaisija: 150mm<br \/>\nPaino: 162kg<br \/>\n<strong>Hinta: 3070 euroa<\/strong><\/p>\n<\/div><\/div><\/div><div class=\"fusion-clearfix\"><\/div><\/div>\n<\/article>\n<article id=\"blog-1-post-48688\" class=\"fusion-post-grid post-48688 post type-post status-publish format-standard hentry category-takat category-takat-denia\">\n<div class=\"fusion-post-wrapper\" style=\"background-color:rgba(255,255,255,1);border:1px solid #a82c23;border-bottom-width:3px;\">\n\n<div class=\"fusion-post-content-wrapper\" style=\"padding:30px 25px 25px 25px;\"><div class=\"fusion-post-content post-content\"><h2 class=\"blog-shortcode-post-title entry-title\"><a href=\"https:\/\/www.kaminakeskus.ee\/fi\/takka-denia-attitude-wall\/\">Takka Denia Attitude Wall<\/a><\/h2><div class=\"fusion-post-content-container\"><div id=\"attachment_42292\" style=\"width: 160px\" class=\"wp-caption aligncenter\"><a href=\"https:\/\/www.kaminakeskus.ee\/wp-content\/uploads\/2020\/08\/kamin-attitude-wall-150x150.jpg\"><img decoding=\"async\" aria-describedby=\"caption-attachment-42292\" class=\"size-thumbnail wp-image-27406\" src=\"https:\/\/www.kaminakeskus.ee\/wp-content\/uploads\/2020\/08\/kamin-attitude-wall-150x150.jpg\" alt=\"\" width=\"150\" height=\"150\"><\/a><p id=\"caption-attachment-42292\" class=\"wp-caption-text\"><strong>Takka Asenne Sein\u00e4<\/strong><\/p><\/div>\n<p style=\"text-align: center;\">Teho: 7,2 kW<br \/>\nKorkeus: 647 mm<br \/>\nLeveys: 796 mm<br \/>\nSyvyys: 595 mm<br \/>\nSavupiipun halkaisija: 150mm<br \/>\nPaino: 182kg<br \/>\n<strong>Hinta: 2800 euroa<\/strong><\/p>\n<\/div><\/div><\/div><div class=\"fusion-clearfix\"><\/div><\/div>\n<\/article>\n<article id=\"blog-1-post-49057\" class=\"fusion-post-grid post-49057 post type-post status-publish format-standard hentry category-takat category-takat-denia\">\n<div class=\"fusion-post-wrapper\" style=\"background-color:rgba(255,255,255,1);border:1px solid #a82c23;border-bottom-width:3px;\">\n\n<div class=\"fusion-post-content-wrapper\" style=\"padding:30px 25px 25px 25px;\"><div class=\"fusion-post-content post-content\"><h2 class=\"blog-shortcode-post-title entry-title\"><a href=\"https:\/\/www.kaminakeskus.ee\/fi\/takka-denia-elyps-wall\/\">Takka Denia Elyps Wall<\/a><\/h2><div class=\"fusion-post-content-container\"><div id=\"attachment_42288\" style=\"width: 160px\" class=\"wp-caption aligncenter\"><a href=\"https:\/\/www.kaminakeskus.ee\/wp-content\/uploads\/2020\/08\/kamin-denia-elyps-wall-150x150.jpg\"><img decoding=\"async\" aria-describedby=\"caption-attachment-42288\" class=\"wp-image-27403 size-thumbnail\" src=\"https:\/\/www.kaminakeskus.ee\/wp-content\/uploads\/2020\/08\/kamin-denia-elyps-wall-150x150.jpg\" alt=\"\" width=\"150\" height=\"150\"><\/a><p id=\"caption-attachment-42288\" class=\"wp-caption-text\"><strong>Takka Elyps-sein\u00e4<\/strong><\/p><\/div>\n<p style=\"text-align: center;\">Teho: 7,8 kW<br \/>\nKorkeus: 601mm<br \/>\nLeveys: 780 mm<br \/>\nSyvyys: 451 mm<br \/>\nSavupiipun halkaisija: 150mm<br \/>\nPaino: 156kg<br \/>\n<strong>Hinta: 3174 euroa<\/strong><\/p>\n<\/div><\/div><\/div><div class=\"fusion-clearfix\"><\/div><\/div>\n<\/article>\n<article id=\"blog-1-post-48964\" class=\"fusion-post-grid post-48964 post type-post status-publish format-standard hentry category-takat category-takat-denia\">\n<div class=\"fusion-post-wrapper\" style=\"background-color:rgba(255,255,255,1);border:1px solid #a82c23;border-bottom-width:3px;\">\n\n<div class=\"fusion-post-content-wrapper\" style=\"padding:30px 25px 25px 25px;\"><div class=\"fusion-post-content post-content\"><h2 class=\"blog-shortcode-post-title entry-title\"><a href=\"https:\/\/www.kaminakeskus.ee\/fi\/kamin-denia-kioto\/\">Kamin Denia Kioto<\/a><\/h2><div class=\"fusion-post-content-container\"><div id=\"attachment_42284\" style=\"width: 160px\" class=\"wp-caption aligncenter\"><a href=\"https:\/\/www.kaminakeskus.ee\/wp-content\/uploads\/2020\/08\/kamin-denia-kyoto-150x150.jpg\"><img decoding=\"async\" aria-describedby=\"caption-attachment-42284\" class=\"wp-image-27400 size-thumbnail\" src=\"https:\/\/www.kaminakeskus.ee\/wp-content\/uploads\/2020\/08\/kamin-denia-kyoto-150x150.jpg\" alt=\"\" width=\"150\" height=\"150\"><\/a><p id=\"caption-attachment-42284\" class=\"wp-caption-text\"><strong>Kamin Kioto<\/strong><\/p><\/div>\n<p style=\"text-align: center;\">Teho: 8kW<br \/>\nKorkeus: 1147 mm<br \/>\nLeveys: 514 mm<br \/>\nSyvyys: 460 mm<br \/>\nSavupiipun halkaisija: 150mm<br \/>\nPaino: 151kg<br \/>\n<strong>Hinta: 1800 euroa<\/strong><\/p>\n<\/div><\/div><\/div><div class=\"fusion-clearfix\"><\/div><\/div>\n<\/article>\n<article id=\"blog-1-post-49050\" class=\"fusion-post-grid post-49050 post type-post status-publish format-standard hentry category-takat category-takat-denia\">\n<div class=\"fusion-post-wrapper\" style=\"background-color:rgba(255,255,255,1);border:1px solid #a82c23;border-bottom-width:3px;\">\n\n<div class=\"fusion-post-content-wrapper\" style=\"padding:30px 25px 25px 25px;\"><div class=\"fusion-post-content post-content\"><h2 class=\"blog-shortcode-post-title entry-title\"><a href=\"https:\/\/www.kaminakeskus.ee\/fi\/takka-denia-vega\/\">Takka Denia Vega<\/a><\/h2><div class=\"fusion-post-content-container\"><div id=\"attachment_42296\" style=\"width: 160px\" class=\"wp-caption aligncenter\"><a href=\"https:\/\/www.kaminakeskus.ee\/wp-content\/uploads\/2020\/08\/kamin-denia-vega-1-150x150.jpg\"><img decoding=\"async\" aria-describedby=\"caption-attachment-42296\" class=\"size-thumbnail wp-image-27409\" src=\"https:\/\/www.kaminakeskus.ee\/wp-content\/uploads\/2020\/08\/kamin-denia-vega-1-150x150.jpg\" alt=\"\" width=\"150\" height=\"150\"><\/a><p id=\"caption-attachment-42296\" class=\"wp-caption-text\"><strong>Takka Vega<\/strong><\/p><\/div>\n<p style=\"text-align: center;\">Teho: 8kW<br \/>\nKorkeus: 1039mm<br \/>\nLeveys: 500mm<br \/>\nSyvyys: 445 mm<br \/>\nSavupiipun halkaisija: 150mm<br \/>\nPaino: 144kg<br \/>\n<strong>Hinta: 2169 EUR<\/strong><\/p>\n<\/div><\/div><\/div><div class=\"fusion-clearfix\"><\/div><\/div>\n<\/article>\n<article id=\"blog-1-post-48793\" class=\"fusion-post-grid post-48793 post type-post status-publish format-standard hentry category-takat category-takat-denia\">\n<div class=\"fusion-post-wrapper\" style=\"background-color:rgba(255,255,255,1);border:1px solid #a82c23;border-bottom-width:3px;\">\n\n<div class=\"fusion-post-content-wrapper\" style=\"padding:30px 25px 25px 25px;\"><div class=\"fusion-post-content post-content\"><h2 class=\"blog-shortcode-post-title entry-title\"><a href=\"https:\/\/www.kaminakeskus.ee\/fi\/takka-denia-innsbruck\/\">Takka Denia Innsbruck<\/a><\/h2><div class=\"fusion-post-content-container\"><div id=\"attachment_42276\" style=\"width: 160px\" class=\"wp-caption aligncenter\"><a href=\"https:\/\/www.kaminakeskus.ee\/wp-content\/uploads\/2020\/08\/kamin-denia-innsbruck-150x150.jpg\"><img decoding=\"async\" aria-describedby=\"caption-attachment-42276\" class=\"wp-image-27392 size-thumbnail\" src=\"https:\/\/www.kaminakeskus.ee\/wp-content\/uploads\/2020\/08\/kamin-denia-innsbruck-150x150.jpg\" alt=\"\" width=\"150\" height=\"150\"><\/a><p id=\"caption-attachment-42276\" class=\"wp-caption-text\"><strong>Takka Innsbruck<\/strong><\/p><\/div>\n<p style=\"text-align: center;\">Teho: 7,8 kW<br \/>\nKorkeus: 990mm<br \/>\nLeveys: 500mm<br \/>\nSyvyys: 445 mm<br \/>\nSavupiipun halkaisija: 150mm<br \/>\nPaino: 137kg<br \/>\n<strong>Hinta: 2070 euroa<\/strong><\/p>\n<\/div><\/div><\/div><div class=\"fusion-clearfix\"><\/div><\/div>\n<\/article>\n<div class=\"fusion-clearfix\"><\/div><\/div><\/div><\/div><\/div><\/div><\/div><div class=\"fusion-fullwidth fullwidth-box fusion-builder-row-2 fusion-flex-container nonhundred-percent-fullwidth non-hundred-percent-height-scrolling\" style=\"--awb-border-radius-top-left:0px;--awb-border-radius-top-right:0px;--awb-border-radius-bottom-right:0px;--awb-border-radius-bottom-left:0px;--awb-flex-wrap:wrap;\" ><div class=\"fusion-builder-row fusion-row fusion-flex-align-items-flex-start fusion-flex-content-wrap\" style=\"max-width:2392px;margin-left: calc(-4% \/ 2 );margin-right: calc(-4% \/ 2 );\"><div class=\"fusion-layout-column fusion_builder_column fusion-builder-column-1 fusion_builder_column_1_1 1_1 fusion-flex-column\" style=\"--awb-bg-size:cover;--awb-width-large:100%;--awb-margin-top-large:0px;--awb-spacing-right-large:1.92%;--awb-margin-bottom-large:20px;--awb-spacing-left-large:1.92%;--awb-width-medium:100%;--awb-order-medium:0;--awb-spacing-right-medium:1.92%;--awb-spacing-left-medium:1.92%;--awb-width-small:100%;--awb-order-small:0;--awb-spacing-right-small:1.92%;--awb-spacing-left-small:1.92%;\"><div class=\"fusion-column-wrapper fusion-column-has-shadow fusion-flex-justify-content-flex-start fusion-content-layout-column\"><\/div><\/div><\/div><\/div><\/p>\n","protected":false},"excerpt":{"rendered":"","protected":false},"author":3,"featured_media":0,"parent":0,"menu_order":0,"comment_status":"closed","ping_status":"closed","template":"","meta":{"footnotes":""},"class_list":["post-53935","page","type-page","status-publish","hentry"],"yoast_head":"<!-- This site is optimized with the Yoast SEO Premium plugin v27.5 (Yoast SEO v27.5) - https:\/\/yoast.com\/product\/yoast-seo-premium-wordpress\/ -->\n<title>KaminaKeskus<\/title>\n<meta name=\"description\" content=\"Kaminate, pliitide, ahjude ja korstnate m\u00fc\u00fck\" \/>\n<meta name=\"robots\" content=\"index, follow, max-snippet:-1, max-image-preview:large, max-video-preview:-1\" \/>\n<link rel=\"canonical\" href=\"https:\/\/www.kaminakeskus.ee\/fi\/takat-denia\/\" \/>\n<meta property=\"og:locale\" content=\"fi_FI\" \/>\n<meta property=\"og:type\" content=\"article\" \/>\n<meta property=\"og:title\" content=\"TAKAT DENIA - Kaminakeskus | Kaminad, Ahjud, Pliidid, Saunaahjud, Korstnad, Katlad\" \/>\n<meta property=\"og:description\" content=\"Kaminate, pliitide, ahjude ja korstnate m\u00fc\u00fck\" \/>\n<meta property=\"og:url\" content=\"https:\/\/www.kaminakeskus.ee\/fi\/takat-denia\/\" \/>\n<meta property=\"og:site_name\" content=\"Kaminakeskus | Kaminad, Ahjud, Pliidid, Saunaahjud, Korstnad, Katlad\" \/>\n<meta property=\"article:publisher\" content=\"https:\/\/www.facebook.com\/kaminakeskus\/yoast\" \/>\n<meta property=\"article:modified_time\" content=\"2021-09-02T15:54:39+00:00\" \/>\n<meta name=\"twitter:card\" content=\"summary_large_image\" \/>\n<meta name=\"twitter:label1\" content=\"Est. reading time\" \/>\n\t<meta name=\"twitter:data1\" content=\"6 minutes\" \/>\n<script type=\"application\/ld+json\" class=\"yoast-schema-graph\">{\"@context\":\"https:\\\/\\\/schema.org\",\"@graph\":[{\"@type\":\"WebPage\",\"@id\":\"https:\\\/\\\/www.kaminakeskus.ee\\\/fi\\\/takat-denia\\\/\",\"url\":\"https:\\\/\\\/www.kaminakeskus.ee\\\/fi\\\/takat-denia\\\/\",\"name\":\"KaminaKeskus\",\"isPartOf\":{\"@id\":\"https:\\\/\\\/www.kaminakeskus.ee\\\/fi\\\/#website\"},\"datePublished\":\"2021-08-18T09:18:01+00:00\",\"dateModified\":\"2021-09-02T15:54:39+00:00\",\"description\":\"Kaminate, pliitide, ahjude ja korstnate m\u00fc\u00fck\",\"breadcrumb\":{\"@id\":\"https:\\\/\\\/www.kaminakeskus.ee\\\/fi\\\/takat-denia\\\/#breadcrumb\"},\"inLanguage\":\"fi-FI\",\"potentialAction\":[{\"@type\":\"ReadAction\",\"target\":[\"https:\\\/\\\/www.kaminakeskus.ee\\\/fi\\\/takat-denia\\\/\"]}]},{\"@type\":\"BreadcrumbList\",\"@id\":\"https:\\\/\\\/www.kaminakeskus.ee\\\/fi\\\/takat-denia\\\/#breadcrumb\",\"itemListElement\":[{\"@type\":\"ListItem\",\"position\":1,\"name\":\"Home\",\"item\":\"https:\\\/\\\/www.kaminakeskus.ee\\\/fi\\\/\"},{\"@type\":\"ListItem\",\"position\":2,\"name\":\"TAKAT DENIA\"}]},{\"@type\":\"WebSite\",\"@id\":\"https:\\\/\\\/www.kaminakeskus.ee\\\/fi\\\/#website\",\"url\":\"https:\\\/\\\/www.kaminakeskus.ee\\\/fi\\\/\",\"name\":\"Kaminakeskus | Kaminad, Ahjud, Pliidid, Saunaahjud, Korstnad, Korsten, Moodulkorsten, Katlad\",\"description\":\"Kamin Kaminad Ahi Ahjud Pliit Pliidid Korstnad Katlad\",\"publisher\":{\"@id\":\"https:\\\/\\\/www.kaminakeskus.ee\\\/fi\\\/#organization\"},\"potentialAction\":[{\"@type\":\"SearchAction\",\"target\":{\"@type\":\"EntryPoint\",\"urlTemplate\":\"https:\\\/\\\/www.kaminakeskus.ee\\\/fi\\\/?s={search_term_string}\"},\"query-input\":{\"@type\":\"PropertyValueSpecification\",\"valueRequired\":true,\"valueName\":\"search_term_string\"}}],\"inLanguage\":\"fi-FI\"},{\"@type\":[\"Organization\",\"Place\"],\"@id\":\"https:\\\/\\\/www.kaminakeskus.ee\\\/fi\\\/#organization\",\"name\":\"R\u00e4ndr\u00fc\u00fctel HP O\u00dc\",\"alternateName\":\"KaminaKeskus\",\"url\":\"https:\\\/\\\/www.kaminakeskus.ee\\\/\",\"logo\":{\"@type\":\"ImageObject\",\"inLanguage\":\"fi-FI\",\"@id\":\"https:\\\/\\\/www.kaminakeskus.ee\\\/fi\\\/#\\\/schema\\\/logo\\\/image\\\/\",\"url\":\"https:\\\/\\\/www.kaminakeskus.ee\\\/wp-content\\\/uploads\\\/2026\\\/02\\\/Kaminakeskus-logo-1-1.jpg\",\"contentUrl\":\"https:\\\/\\\/www.kaminakeskus.ee\\\/wp-content\\\/uploads\\\/2026\\\/02\\\/Kaminakeskus-logo-1-1.jpg\",\"width\":2068,\"height\":532,\"caption\":\"R\u00e4ndr\u00fc\u00fctel HP O\u00dc\"},\"image\":{\"@id\":\"https:\\\/\\\/www.kaminakeskus.ee\\\/fi\\\/#\\\/schema\\\/logo\\\/image\\\/\"},\"sameAs\":[\"https:\\\/\\\/www.facebook.com\\\/kaminakeskus\\\/yoast\"],\"description\":\"Sales of fireplaces, chimneys and related goods. Kaminate, ahjude, pliitide, korstnate ja nendega seotud toodete m\u00fc\u00fck.\",\"legalName\":\"R\u00e4ndr\u00fc\u00fctel HP O\u00dc\",\"foundingDate\":\"1997-05-13\",\"leiCode\":\"9845007FC4HB963C8D65\",\"numberOfEmployees\":{\"@type\":\"QuantitativeValue\",\"minValue\":\"1\",\"maxValue\":\"10\"},\"telephone\":[\"+372 5543239\",\"+372 58812360\"],\"contactPoint\":{\"@type\":\"ContactPoint\",\"telephone\":\"+372 5543239\",\"email\":\"kaminakeskus@gmail.com\"},\"email\":\"kaminakeskus@gmail.com\",\"vatID\":\"EE100831739\",\"taxID\":\"10208374\"}]}<\/script>\n<!-- \/ Yoast SEO Premium plugin. -->","yoast_head_json":{"title":"KaminaKeskus","description":"Kaminate, pliitide, ahjude ja korstnate m\u00fc\u00fck","robots":{"index":"index","follow":"follow","max-snippet":"max-snippet:-1","max-image-preview":"max-image-preview:large","max-video-preview":"max-video-preview:-1"},"canonical":"https:\/\/www.kaminakeskus.ee\/fi\/takat-denia\/","og_locale":"fi_FI","og_type":"article","og_title":"TAKAT DENIA - Kaminakeskus | Kaminad, Ahjud, Pliidid, Saunaahjud, Korstnad, Katlad","og_description":"Kaminate, pliitide, ahjude ja korstnate m\u00fc\u00fck","og_url":"https:\/\/www.kaminakeskus.ee\/fi\/takat-denia\/","og_site_name":"Kaminakeskus | Kaminad, Ahjud, Pliidid, Saunaahjud, Korstnad, Katlad","article_publisher":"https:\/\/www.facebook.com\/kaminakeskus\/yoast","article_modified_time":"2021-09-02T15:54:39+00:00","twitter_card":"summary_large_image","twitter_misc":{"Est. reading time":"6 minutes"},"schema":{"@context":"https:\/\/schema.org","@graph":[{"@type":"WebPage","@id":"https:\/\/www.kaminakeskus.ee\/fi\/takat-denia\/","url":"https:\/\/www.kaminakeskus.ee\/fi\/takat-denia\/","name":"KaminaKeskus","isPartOf":{"@id":"https:\/\/www.kaminakeskus.ee\/fi\/#website"},"datePublished":"2021-08-18T09:18:01+00:00","dateModified":"2021-09-02T15:54:39+00:00","description":"Kaminate, pliitide, ahjude ja korstnate m\u00fc\u00fck","breadcrumb":{"@id":"https:\/\/www.kaminakeskus.ee\/fi\/takat-denia\/#breadcrumb"},"inLanguage":"fi-FI","potentialAction":[{"@type":"ReadAction","target":["https:\/\/www.kaminakeskus.ee\/fi\/takat-denia\/"]}]},{"@type":"BreadcrumbList","@id":"https:\/\/www.kaminakeskus.ee\/fi\/takat-denia\/#breadcrumb","itemListElement":[{"@type":"ListItem","position":1,"name":"Home","item":"https:\/\/www.kaminakeskus.ee\/fi\/"},{"@type":"ListItem","position":2,"name":"TAKAT DENIA"}]},{"@type":"WebSite","@id":"https:\/\/www.kaminakeskus.ee\/fi\/#website","url":"https:\/\/www.kaminakeskus.ee\/fi\/","name":"Kaminakeskus | Kaminad, Ahjud, Pliidid, Saunaahjud, Korstnad, Korsten, Moodulkorsten, Katlad","description":"Kamin Kaminad Ahi Ahjud Pliit Pliidid Korstnad Katlad","publisher":{"@id":"https:\/\/www.kaminakeskus.ee\/fi\/#organization"},"potentialAction":[{"@type":"SearchAction","target":{"@type":"EntryPoint","urlTemplate":"https:\/\/www.kaminakeskus.ee\/fi\/?s={search_term_string}"},"query-input":{"@type":"PropertyValueSpecification","valueRequired":true,"valueName":"search_term_string"}}],"inLanguage":"fi-FI"},{"@type":["Organization","Place"],"@id":"https:\/\/www.kaminakeskus.ee\/fi\/#organization","name":"R\u00e4ndr\u00fc\u00fctel HP O\u00dc","alternateName":"KaminaKeskus","url":"https:\/\/www.kaminakeskus.ee\/","logo":{"@type":"ImageObject","inLanguage":"fi-FI","@id":"https:\/\/www.kaminakeskus.ee\/fi\/#\/schema\/logo\/image\/","url":"https:\/\/www.kaminakeskus.ee\/wp-content\/uploads\/2026\/02\/Kaminakeskus-logo-1-1.jpg","contentUrl":"https:\/\/www.kaminakeskus.ee\/wp-content\/uploads\/2026\/02\/Kaminakeskus-logo-1-1.jpg","width":2068,"height":532,"caption":"R\u00e4ndr\u00fc\u00fctel HP O\u00dc"},"image":{"@id":"https:\/\/www.kaminakeskus.ee\/fi\/#\/schema\/logo\/image\/"},"sameAs":["https:\/\/www.facebook.com\/kaminakeskus\/yoast"],"description":"Sales of fireplaces, chimneys and related goods. Kaminate, ahjude, pliitide, korstnate ja nendega seotud toodete m\u00fc\u00fck.","legalName":"R\u00e4ndr\u00fc\u00fctel HP O\u00dc","foundingDate":"1997-05-13","leiCode":"9845007FC4HB963C8D65","numberOfEmployees":{"@type":"QuantitativeValue","minValue":"1","maxValue":"10"},"telephone":["+372 5543239","+372 58812360"],"contactPoint":{"@type":"ContactPoint","telephone":"+372 5543239","email":"kaminakeskus@gmail.com"},"email":"kaminakeskus@gmail.com","vatID":"EE100831739","taxID":"10208374"}]}},"_links":{"self":[{"href":"https:\/\/www.kaminakeskus.ee\/fi\/wp-json\/wp\/v2\/pages\/53935","targetHints":{"allow":["GET"]}}],"collection":[{"href":"https:\/\/www.kaminakeskus.ee\/fi\/wp-json\/wp\/v2\/pages"}],"about":[{"href":"https:\/\/www.kaminakeskus.ee\/fi\/wp-json\/wp\/v2\/types\/page"}],"author":[{"embeddable":true,"href":"https:\/\/www.kaminakeskus.ee\/fi\/wp-json\/wp\/v2\/users\/3"}],"replies":[{"embeddable":true,"href":"https:\/\/www.kaminakeskus.ee\/fi\/wp-json\/wp\/v2\/comments?post=53935"}],"version-history":[{"count":3,"href":"https:\/\/www.kaminakeskus.ee\/fi\/wp-json\/wp\/v2\/pages\/53935\/revisions"}],"predecessor-version":[{"id":53977,"href":"https:\/\/www.kaminakeskus.ee\/fi\/wp-json\/wp\/v2\/pages\/53935\/revisions\/53977"}],"wp:attachment":[{"href":"https:\/\/www.kaminakeskus.ee\/fi\/wp-json\/wp\/v2\/media?parent=53935"}],"curies":[{"name":"wp","href":"https:\/\/api.w.org\/{rel}","templated":true}]}}