{"id":53936,"date":"2021-08-18T09:39:26","date_gmt":"2021-08-18T09:39:26","guid":{"rendered":"https:\/\/www.kaminakeskus.ee\/tuulitasot\/"},"modified":"2021-09-02T15:54:16","modified_gmt":"2021-09-02T15:54:16","slug":"tuulitasot","status":"publish","type":"page","link":"https:\/\/www.kaminakeskus.ee\/fi\/tuulitasot\/","title":{"rendered":"TUULITASOT"},"content":{"rendered":"<p><div class=\"fusion-fullwidth fullwidth-box fusion-builder-row-1 fusion-flex-container hundred-percent-fullwidth non-hundred-percent-height-scrolling\" style=\"--awb-border-radius-top-left:0px;--awb-border-radius-top-right:0px;--awb-border-radius-bottom-right:0px;--awb-border-radius-bottom-left:0px;--awb-margin-top:40px;--awb-flex-wrap:wrap;\" ><div class=\"fusion-builder-row fusion-row fusion-flex-align-items-flex-start fusion-flex-content-wrap\" style=\"width:104% !important;max-width:104% !important;margin-left: calc(-4% \/ 2 );margin-right: calc(-4% \/ 2 );\"><div class=\"fusion-layout-column fusion_builder_column fusion-builder-column-0 fusion_builder_column_1_1 1_1 fusion-flex-column\" style=\"--awb-bg-size:cover;--awb-width-large:100%;--awb-margin-top-large:0px;--awb-spacing-right-large:1.92%;--awb-margin-bottom-large:20px;--awb-spacing-left-large:1.92%;--awb-width-medium:100%;--awb-order-medium:0;--awb-spacing-right-medium:1.92%;--awb-spacing-left-medium:1.92%;--awb-width-small:100%;--awb-order-small:0;--awb-spacing-right-small:1.92%;--awb-spacing-left-small:1.92%;\"><div class=\"fusion-column-wrapper fusion-column-has-shadow fusion-flex-justify-content-flex-start fusion-content-layout-column\"><div class=\"fusion-blog-shortcode fusion-blog-shortcode-1 fusion-blog-archive fusion-blog-layout-grid-wrapper fusion-blog-no\"><style type=\"text\/css\">.fusion-blog-shortcode-1 .fusion-blog-layout-grid .fusion-post-grid{padding:12.5px;}.fusion-blog-shortcode-1 .fusion-posts-container{margin-left: -12.5px !important; margin-right:-12.5px !important;}<\/style><div class=\"fusion-posts-container fusion-posts-container-no fusion-no-meta-info fusion-blog-rollover fusion-blog-layout-grid fusion-blog-layout-grid-4 isotope fusion-blog-equal-heights\" data-pages=\"0\" data-grid-col-space=\"25\" style=\"margin: -12.5px -12.5px 0;min-height:500px;\"><article id=\"blog-1-post-69047\" class=\"fusion-post-grid post-69047 post type-post status-publish format-standard hentry category-erikoistarjouksia-fi category-alennus-tuotteille-1 category-takat-takat category-takat category-takat-plamen\">\n<div class=\"fusion-post-wrapper\" style=\"background-color:rgba(255,255,255,1);border:1px solid #a82c23;border-bottom-width:3px;\">\n\n<div class=\"fusion-post-content-wrapper\" style=\"padding:30px 25px 25px 25px;\"><div class=\"fusion-post-content post-content\"><h2 class=\"blog-shortcode-post-title entry-title\"><a href=\"https:\/\/www.kaminakeskus.ee\/fi\/malmkamin-amity-3\/\">Valurautatakka Amity 3<\/a><\/h2><div class=\"fusion-post-content-container\"><div id=\"attachment_69043\" style=\"width: 160px\" class=\"wp-caption alignleft\"><a href=\"https:\/\/www.kaminakeskus.ee\/wp-content\/uploads\/2023\/07\/malmkamin_plamen_amity-3-150x150.jpg\"><img decoding=\"async\" aria-describedby=\"caption-attachment-69043\" class=\"size-thumbnail wp-image-69042\" src=\"https:\/\/www.kaminakeskus.ee\/wp-content\/uploads\/2023\/07\/malmkamin_plamen_amity-3-150x150.jpg\" alt=\"\" width=\"150\" height=\"150\" srcset=\"https:\/\/www.kaminakeskus.ee\/wp-content\/uploads\/2023\/07\/malmkamin_plamen_amity-3-66x66.jpg 66w, https:\/\/www.kaminakeskus.ee\/wp-content\/uploads\/2023\/07\/malmkamin_plamen_amity-3-150x150.jpg 150w, https:\/\/www.kaminakeskus.ee\/wp-content\/uploads\/2023\/07\/malmkamin_plamen_amity-3-200x200.jpg 200w, https:\/\/www.kaminakeskus.ee\/wp-content\/uploads\/2023\/07\/malmkamin_plamen_amity-3-300x300.jpg 300w, https:\/\/www.kaminakeskus.ee\/wp-content\/uploads\/2023\/07\/malmkamin_plamen_amity-3-400x400.jpg 400w, https:\/\/www.kaminakeskus.ee\/wp-content\/uploads\/2023\/07\/malmkamin_plamen_amity-3.jpg 486w\" sizes=\"(max-width: 150px) 100vw, 150px\" \/><\/a><p id=\"caption-attachment-69043\" class=\"wp-caption-text\">Valurautatakka Amity 3<\/p><\/div>\n<p><strong>Yst\u00e4v\u00e4llisyys 3<\/strong><br \/>\nTeho: 8 KW<br \/>\nKorkeus: 764 mm<br \/>\nLeveys: 597 mm<br \/>\nSyvyys: 519 mm<br \/>\nSavupiipun halkaisija: \u00d8 120 mm<br \/>\nPaino: 129 kg<br \/>\nV\u00e4ri: antrasiitti<br \/>\n<strong><del>Hinta: 898 EUR<\/del><br \/>\n<span style=\"color: #ff0000;\">Hinta: 694 EUR<\/span><\/strong><\/p>\n<\/div><\/div><\/div><div class=\"fusion-clearfix\"><\/div><\/div>\n<\/article>\n<article id=\"blog-1-post-68502\" class=\"fusion-post-grid post-68502 post type-post status-publish format-standard hentry category-erikoistarjouksia-fi category-alennus-tuotteille-1 category-takat category-takat-takat category-takat-plamen\">\n<div class=\"fusion-post-wrapper\" style=\"background-color:rgba(255,255,255,1);border:1px solid #a82c23;border-bottom-width:3px;\">\n\n<div class=\"fusion-post-content-wrapper\" style=\"padding:30px 25px 25px 25px;\"><div class=\"fusion-post-content post-content\"><h2 class=\"blog-shortcode-post-title entry-title\"><a href=\"https:\/\/www.kaminakeskus.ee\/fi\/malmkamin-plamen-alberto\/\">Valurautatakka Plamen Alberto<\/a><\/h2><div class=\"fusion-post-content-container\"><div id=\"attachment_68494\" style=\"width: 113px\" class=\"wp-caption alignleft\"><a href=\"https:\/\/www.kaminakeskus.ee\/wp-content\/uploads\/2023\/06\/malmkamin_plamen_alberto-103x150.png\"><img decoding=\"async\" aria-describedby=\"caption-attachment-68494\" class=\"size-thumbnail wp-image-68493\" src=\"https:\/\/www.kaminakeskus.ee\/wp-content\/uploads\/2023\/06\/malmkamin_plamen_alberto-103x150.png\" alt=\"\" width=\"103\" height=\"150\" srcset=\"https:\/\/www.kaminakeskus.ee\/wp-content\/uploads\/2023\/06\/malmkamin_plamen_alberto-103x150.png 103w, https:\/\/www.kaminakeskus.ee\/wp-content\/uploads\/2023\/06\/malmkamin_plamen_alberto-200x292.png 200w, https:\/\/www.kaminakeskus.ee\/wp-content\/uploads\/2023\/06\/malmkamin_plamen_alberto-206x300.png 206w, https:\/\/www.kaminakeskus.ee\/wp-content\/uploads\/2023\/06\/malmkamin_plamen_alberto-400x584.png 400w, https:\/\/www.kaminakeskus.ee\/wp-content\/uploads\/2023\/06\/malmkamin_plamen_alberto-600x875.png 600w, https:\/\/www.kaminakeskus.ee\/wp-content\/uploads\/2023\/06\/malmkamin_plamen_alberto-702x1024.png 702w, https:\/\/www.kaminakeskus.ee\/wp-content\/uploads\/2023\/06\/malmkamin_plamen_alberto-768x1121.png 768w, https:\/\/www.kaminakeskus.ee\/wp-content\/uploads\/2023\/06\/malmkamin_plamen_alberto-800x1167.png 800w, https:\/\/www.kaminakeskus.ee\/wp-content\/uploads\/2023\/06\/malmkamin_plamen_alberto-1053x1536.png 1053w, https:\/\/www.kaminakeskus.ee\/wp-content\/uploads\/2023\/06\/malmkamin_plamen_alberto-1200x1751.png 1200w, https:\/\/www.kaminakeskus.ee\/wp-content\/uploads\/2023\/06\/malmkamin_plamen_alberto-1404x2048.png 1404w, https:\/\/www.kaminakeskus.ee\/wp-content\/uploads\/2023\/06\/malmkamin_plamen_alberto.png 1708w\" sizes=\"(max-width: 103px) 100vw, 103px\" \/><\/a><p id=\"caption-attachment-68494\" class=\"wp-caption-text\">Valurautatakka Plamen Alberto<\/p><\/div>\n<p><strong>Alberto<\/strong><br \/>\nTeho: 8,6-11 kW<br \/>\nKorkeus: 829 mm<br \/>\nLeveys: 630 mm<br \/>\nSyvyys: 441 mm<br \/>\nSavupiipun halkaisija: \u00d8 150 mm<br \/>\nPaino: 140 kg<br \/>\nV\u00e4ri musta<br \/>\n<strong><del>Hinta: 987 euroa<\/del><br \/>\n<span style=\"color: #ff0000;\">Hinta: 864 euroa<\/span><\/strong><\/p>\n<\/div><\/div><\/div><div class=\"fusion-clearfix\"><\/div><\/div>\n<\/article>\n<article id=\"blog-1-post-66151\" class=\"fusion-post-grid post-66151 post type-post status-publish format-standard hentry category-takat category-takat-takat category-takat-plamen\">\n<div class=\"fusion-post-wrapper\" style=\"background-color:rgba(255,255,255,1);border:1px solid #a82c23;border-bottom-width:3px;\">\n\n<div class=\"fusion-post-content-wrapper\" style=\"padding:30px 25px 25px 25px;\"><div class=\"fusion-post-content post-content\"><h2 class=\"blog-shortcode-post-title entry-title\"><a href=\"https:\/\/www.kaminakeskus.ee\/fi\/malmkamin-plamen-trenk\/\">Valurautatakka Plamen Trenk<\/a><\/h2><div class=\"fusion-post-content-container\"><div id=\"attachment_66147\" style=\"width: 91px\" class=\"wp-caption aligncenter\"><a href=\"https:\/\/www.kaminakeskus.ee\/wp-content\/uploads\/2023\/03\/malmkamin-plamen-trenk-81x150.png\"><img decoding=\"async\" aria-describedby=\"caption-attachment-66147\" class=\"size-thumbnail wp-image-66146\" src=\"https:\/\/www.kaminakeskus.ee\/wp-content\/uploads\/2023\/03\/malmkamin-plamen-trenk-81x150.png\" alt=\"\" width=\"81\" height=\"150\" srcset=\"https:\/\/www.kaminakeskus.ee\/wp-content\/uploads\/2023\/03\/malmkamin-plamen-trenk-81x150.png 81w, https:\/\/www.kaminakeskus.ee\/wp-content\/uploads\/2023\/03\/malmkamin-plamen-trenk-163x300.png 163w, https:\/\/www.kaminakeskus.ee\/wp-content\/uploads\/2023\/03\/malmkamin-plamen-trenk-200x369.png 200w, https:\/\/www.kaminakeskus.ee\/wp-content\/uploads\/2023\/03\/malmkamin-plamen-trenk.png 298w\" sizes=\"(max-width: 81px) 100vw, 81px\" \/><\/a><p id=\"caption-attachment-66147\" class=\"wp-caption-text\">Valurautatakka Trenk<\/p><\/div>\n<p style=\"text-align: center;\"><strong>Kouluttaa<\/strong><br \/>\nTeho: 8 KW<br \/>\nKorkeus: 750 mm<br \/>\nLeveys: 350 mm<br \/>\nSyvyys: 650 mm<br \/>\nSavupiipun halkaisija: \u00d8 120 mm<br \/>\nPaino: 57 kg<br \/>\nV\u00e4ri musta<br \/>\n<strong>Hinta: 548 EUR<\/strong><\/p>\n<\/div><\/div><\/div><div class=\"fusion-clearfix\"><\/div><\/div>\n<\/article>\n<article id=\"blog-1-post-66106\" class=\"fusion-post-grid post-66106 post type-post status-publish format-standard hentry category-takat category-takat-takat category-takat-plamen\">\n<div class=\"fusion-post-wrapper\" style=\"background-color:rgba(255,255,255,1);border:1px solid #a82c23;border-bottom-width:3px;\">\n\n<div class=\"fusion-post-content-wrapper\" style=\"padding:30px 25px 25px 25px;\"><div class=\"fusion-post-content post-content\"><h2 class=\"blog-shortcode-post-title entry-title\"><a href=\"https:\/\/www.kaminakeskus.ee\/fi\/malmkamin-plamen-julia\/\">Malmkamin Plamen Julia<\/a><\/h2><div class=\"fusion-post-content-container\"><div id=\"attachment_66097\" style=\"width: 80px\" class=\"wp-caption aligncenter\"><a href=\"https:\/\/www.kaminakeskus.ee\/wp-content\/uploads\/2023\/03\/malmkamin_plamen_julia-70x150.jpg\"><img decoding=\"async\" aria-describedby=\"caption-attachment-66097\" class=\"size-thumbnail wp-image-66097\" src=\"https:\/\/www.kaminakeskus.ee\/wp-content\/uploads\/2023\/03\/malmkamin_plamen_julia-70x150.jpg\" alt=\"\" width=\"70\" height=\"150\" srcset=\"https:\/\/www.kaminakeskus.ee\/wp-content\/uploads\/2023\/03\/malmkamin_plamen_julia-70x150.jpg 70w, https:\/\/www.kaminakeskus.ee\/wp-content\/uploads\/2023\/03\/malmkamin_plamen_julia-140x300.jpg 140w, https:\/\/www.kaminakeskus.ee\/wp-content\/uploads\/2023\/03\/malmkamin_plamen_julia.jpg 200w\" sizes=\"(max-width: 70px) 100vw, 70px\" \/><\/a><p id=\"caption-attachment-66097\" class=\"wp-caption-text\">Malmkamin Plamen Julia<\/p><\/div>\n<p style=\"text-align: center;\"><strong>Plamen Julia<\/strong><br \/>\nV\u00f5imsus: 8 KW<br \/>\nK\u00f5rgus: 1130 mm<br \/>\nLaius: 500 mm<br \/>\nS\u00fcgavus: 607 mm<br \/>\nL\u00f5\u00f5ri l\u00e4bim\u00f5\u00f5t: \u00d8 120 mm<br \/>\n\u00dchendus: Tagant<br \/>\nV\u00e4rv: Must; hall<br \/>\n<strong>Hind: 653 EUR<\/strong><\/p>\n<\/div><\/div><\/div><div class=\"fusion-clearfix\"><\/div><\/div>\n<\/article>\n<article id=\"blog-1-post-66092\" class=\"fusion-post-grid post-66092 post type-post status-publish format-standard hentry category-takat-takat category-takat category-takat-plamen\">\n<div class=\"fusion-post-wrapper\" style=\"background-color:rgba(255,255,255,1);border:1px solid #a82c23;border-bottom-width:3px;\">\n\n<div class=\"fusion-post-content-wrapper\" style=\"padding:30px 25px 25px 25px;\"><div class=\"fusion-post-content post-content\"><h2 class=\"blog-shortcode-post-title entry-title\"><a href=\"https:\/\/www.kaminakeskus.ee\/fi\/kamin-plamen-eco-minimal-50\/\">Kamin Plamen Eco Minimal 50<\/a><\/h2><div class=\"fusion-post-content-container\"><div id=\"attachment_66087\" style=\"width: 160px\" class=\"wp-caption aligncenter\"><a href=\"https:\/\/www.kaminakeskus.ee\/wp-content\/uploads\/2023\/03\/kamin_plamen_Eco-Minimal-50-150x145.png\"><img decoding=\"async\" aria-describedby=\"caption-attachment-66087\" class=\"size-thumbnail wp-image-66087\" src=\"https:\/\/www.kaminakeskus.ee\/wp-content\/uploads\/2023\/03\/kamin_plamen_Eco-Minimal-50-150x145.png\" alt=\"\" width=\"150\" height=\"145\" srcset=\"https:\/\/www.kaminakeskus.ee\/wp-content\/uploads\/2023\/03\/kamin_plamen_Eco-Minimal-50-150x145.png 150w, https:\/\/www.kaminakeskus.ee\/wp-content\/uploads\/2023\/03\/kamin_plamen_Eco-Minimal-50-200x193.png 200w, https:\/\/www.kaminakeskus.ee\/wp-content\/uploads\/2023\/03\/kamin_plamen_Eco-Minimal-50-300x290.png 300w, https:\/\/www.kaminakeskus.ee\/wp-content\/uploads\/2023\/03\/kamin_plamen_Eco-Minimal-50-400x386.png 400w, https:\/\/www.kaminakeskus.ee\/wp-content\/uploads\/2023\/03\/kamin_plamen_Eco-Minimal-50.png 550w\" sizes=\"(max-width: 150px) 100vw, 150px\" \/><\/a><p id=\"caption-attachment-66087\" class=\"wp-caption-text\">Kamin Eco Minimal 50<\/p><\/div>\n<p style=\"text-align: center;\"><strong>Eco Minimal 50<\/strong><br \/>\nV\u00f5imsus: 8 KW<br \/>\nK\u00f5rgus: 780 mm<br \/>\nLaius: 838 mm<br \/>\nS\u00fcgavus: 503 mm<br \/>\nL\u00f5\u00f5ri l\u00e4bim\u00f5\u00f5t: \u00d8 120 mm<br \/>\n\u00dchendus: Pealt; tagant<br \/>\nV\u00e4rv: Must<br \/>\n<strong>Hind: 1218 EUR<\/strong><\/p>\n<\/div><\/div><\/div><div class=\"fusion-clearfix\"><\/div><\/div>\n<\/article>\n<article id=\"blog-1-post-66080\" class=\"fusion-post-grid post-66080 post type-post status-publish format-standard hentry category-takat-takat category-takat category-takat-plamen\">\n<div class=\"fusion-post-wrapper\" style=\"background-color:rgba(255,255,255,1);border:1px solid #a82c23;border-bottom-width:3px;\">\n\n<div class=\"fusion-post-content-wrapper\" style=\"padding:30px 25px 25px 25px;\"><div class=\"fusion-post-content post-content\"><h2 class=\"blog-shortcode-post-title entry-title\"><a href=\"https:\/\/www.kaminakeskus.ee\/fi\/malmkamin-plamen-eco-minimal-35\/\">Malmkamin Plamen Eco Minimal 35<\/a><\/h2><div class=\"fusion-post-content-container\"><div id=\"attachment_66075\" style=\"width: 137px\" class=\"wp-caption aligncenter\"><a href=\"https:\/\/www.kaminakeskus.ee\/wp-content\/uploads\/2023\/03\/malmkamin-plamen-eco-minimal-35-127x150.jpg\"><img decoding=\"async\" aria-describedby=\"caption-attachment-66075\" class=\"size-thumbnail wp-image-66075\" src=\"https:\/\/www.kaminakeskus.ee\/wp-content\/uploads\/2023\/03\/malmkamin-plamen-eco-minimal-35-127x150.jpg\" alt=\"\" width=\"127\" height=\"150\" srcset=\"https:\/\/www.kaminakeskus.ee\/wp-content\/uploads\/2023\/03\/malmkamin-plamen-eco-minimal-35-127x150.jpg 127w, https:\/\/www.kaminakeskus.ee\/wp-content\/uploads\/2023\/03\/malmkamin-plamen-eco-minimal-35-200x237.jpg 200w, https:\/\/www.kaminakeskus.ee\/wp-content\/uploads\/2023\/03\/malmkamin-plamen-eco-minimal-35.jpg 211w\" sizes=\"(max-width: 127px) 100vw, 127px\" \/><\/a><p id=\"caption-attachment-66075\" class=\"wp-caption-text\">Malmkamin Eco Minimal 35<\/p><\/div>\n<p style=\"text-align: center;\"><strong>Eco Minimal 35<\/strong><br \/>\nV\u00f5imsus: 9 KW<br \/>\nK\u00f5rgus: 862 mm<br \/>\nLaius: 718 mm<br \/>\nS\u00fcgavus: 503 mm<br \/>\nL\u00f5\u00f5ri l\u00e4bim\u00f5\u00f5t: \u00d8 120 mm<br \/>\n\u00dchendus: Pealt; tagant<br \/>\nV\u00e4rv: Must<br \/>\n<strong>Hind: 1218 EUR<\/strong><\/p>\n<\/div><\/div><\/div><div class=\"fusion-clearfix\"><\/div><\/div>\n<\/article>\n<article id=\"blog-1-post-66071\" class=\"fusion-post-grid post-66071 post type-post status-publish format-standard hentry category-takat category-takat-takat category-takat-plamen\">\n<div class=\"fusion-post-wrapper\" style=\"background-color:rgba(255,255,255,1);border:1px solid #a82c23;border-bottom-width:3px;\">\n\n<div class=\"fusion-post-content-wrapper\" style=\"padding:30px 25px 25px 25px;\"><div class=\"fusion-post-content post-content\"><h2 class=\"blog-shortcode-post-title entry-title\"><a href=\"https:\/\/www.kaminakeskus.ee\/fi\/takka-plamen-dora-10-n\/\">Takka Plamen Dora 10 N<\/a><\/h2><div class=\"fusion-post-content-container\"><div id=\"attachment_66067\" style=\"width: 72px\" class=\"wp-caption aligncenter\"><a href=\"https:\/\/www.kaminakeskus.ee\/wp-content\/uploads\/2023\/03\/kamin_plamen_Dora-10-62x150.png\"><img decoding=\"async\" aria-describedby=\"caption-attachment-66067\" class=\"size-thumbnail wp-image-66066\" src=\"https:\/\/www.kaminakeskus.ee\/wp-content\/uploads\/2023\/03\/kamin_plamen_Dora-10-62x150.png\" alt=\"\" width=\"62\" height=\"150\" srcset=\"https:\/\/www.kaminakeskus.ee\/wp-content\/uploads\/2023\/03\/kamin_plamen_Dora-10-62x150.png 62w, https:\/\/www.kaminakeskus.ee\/wp-content\/uploads\/2023\/03\/kamin_plamen_Dora-10-125x300.png 125w, https:\/\/www.kaminakeskus.ee\/wp-content\/uploads\/2023\/03\/kamin_plamen_Dora-10-200x480.png 200w, https:\/\/www.kaminakeskus.ee\/wp-content\/uploads\/2023\/03\/kamin_plamen_Dora-10.png 229w\" sizes=\"(max-width: 62px) 100vw, 62px\" \/><\/a><p id=\"caption-attachment-66067\" class=\"wp-caption-text\">Takka Dora 10 N<\/p><\/div>\n<p style=\"text-align: center;\"><strong>Dora 10 N<\/strong><br \/>\nTeho: 7 KW<br \/>\nKorkeus: 987 mm<br \/>\nLeveys: 380 mm<br \/>\nSyvyys: 435 mm<br \/>\nSavupiipun halkaisija: \u00d8 118 mm<br \/>\nV\u00e4ri: vihre\u00e4 ja musta<br \/>\n<strong>Hinta: 518 euroa<\/strong><\/p>\n<\/div><\/div><\/div><div class=\"fusion-clearfix\"><\/div><\/div>\n<\/article>\n<article id=\"blog-1-post-66047\" class=\"fusion-post-grid post-66047 post type-post status-publish format-standard hentry category-takat category-takat-takat category-takat-plamen\">\n<div class=\"fusion-post-wrapper\" style=\"background-color:rgba(255,255,255,1);border:1px solid #a82c23;border-bottom-width:3px;\">\n\n<div class=\"fusion-post-content-wrapper\" style=\"padding:30px 25px 25px 25px;\"><div class=\"fusion-post-content post-content\"><h2 class=\"blog-shortcode-post-title entry-title\"><a href=\"https:\/\/www.kaminakeskus.ee\/fi\/marmkamin-aria\/\">Marmkamin Aria<\/a><\/h2><div class=\"fusion-post-content-container\"><div id=\"attachment_66043\" style=\"width: 96px\" class=\"wp-caption aligncenter\"><a href=\"https:\/\/www.kaminakeskus.ee\/wp-content\/uploads\/2023\/03\/malmkamin_plamen_aria-86x150.jpg\"><img decoding=\"async\" aria-describedby=\"caption-attachment-66043\" class=\"size-thumbnail wp-image-66042\" src=\"https:\/\/www.kaminakeskus.ee\/wp-content\/uploads\/2023\/03\/malmkamin_plamen_aria-86x150.jpg\" alt=\"\" width=\"86\" height=\"150\" srcset=\"https:\/\/www.kaminakeskus.ee\/wp-content\/uploads\/2023\/03\/malmkamin_plamen_aria-86x150.jpg 86w, https:\/\/www.kaminakeskus.ee\/wp-content\/uploads\/2023\/03\/malmkamin_plamen_aria-171x300.jpg 171w, https:\/\/www.kaminakeskus.ee\/wp-content\/uploads\/2023\/03\/malmkamin_plamen_aria-200x350.jpg 200w, https:\/\/www.kaminakeskus.ee\/wp-content\/uploads\/2023\/03\/malmkamin_plamen_aria.jpg 314w\" sizes=\"(max-width: 86px) 100vw, 86px\" \/><\/a><p id=\"caption-attachment-66043\" class=\"wp-caption-text\">Valurautatakka Aria<\/p><\/div>\n<p style=\"text-align: center;\"><strong>Aaria<\/strong><br \/>\nTeho: 8 KW<br \/>\nKorkeus: 1001 mm<br \/>\nLeveys: 450 mm<br \/>\nSyvyys: 400 mm<br \/>\nSavupiipun halkaisija: \u00d8 150 mm<br \/>\nPaino: 118 kg<br \/>\nV\u00e4ri musta<br \/>\n<strong>Hinta: 1041 EUR<\/strong><\/p>\n<\/div><\/div><\/div><div class=\"fusion-clearfix\"><\/div><\/div>\n<\/article>\n<article id=\"blog-1-post-65746\" class=\"fusion-post-grid post-65746 post type-post status-publish format-standard hentry category-takat category-takat-takat category-takat-plamen\">\n<div class=\"fusion-post-wrapper\" style=\"background-color:rgba(255,255,255,1);border:1px solid #a82c23;border-bottom-width:3px;\">\n\n<div class=\"fusion-post-content-wrapper\" style=\"padding:30px 25px 25px 25px;\"><div class=\"fusion-post-content post-content\"><h2 class=\"blog-shortcode-post-title entry-title\"><a href=\"https:\/\/www.kaminakeskus.ee\/fi\/malmkamin-plamen-gala\/\">Valurautatakka Plamen Gala<\/a><\/h2><div class=\"fusion-post-content-container\"><div id=\"attachment_65740\" style=\"width: 92px\" class=\"wp-caption aligncenter\"><a href=\"https:\/\/www.kaminakeskus.ee\/wp-content\/uploads\/2023\/03\/malmkamin_plamen_gala-71x150.png\"><img decoding=\"async\" aria-describedby=\"caption-attachment-65740\" class=\" wp-image-65739\" src=\"https:\/\/www.kaminakeskus.ee\/wp-content\/uploads\/2023\/03\/malmkamin_plamen_gala-71x150.png\" alt=\"\" width=\"82\" height=\"173\" srcset=\"https:\/\/www.kaminakeskus.ee\/wp-content\/uploads\/2023\/03\/malmkamin_plamen_gala-71x150.png 71w, https:\/\/www.kaminakeskus.ee\/wp-content\/uploads\/2023\/03\/malmkamin_plamen_gala-142x300.png 142w, https:\/\/www.kaminakeskus.ee\/wp-content\/uploads\/2023\/03\/malmkamin_plamen_gala-200x423.png 200w, https:\/\/www.kaminakeskus.ee\/wp-content\/uploads\/2023\/03\/malmkamin_plamen_gala.png 260w\" sizes=\"(max-width: 82px) 100vw, 82px\" \/><\/a><p id=\"caption-attachment-65740\" class=\"wp-caption-text\">Valurautatakka Plamen Gala<\/p><\/div>\n<p style=\"text-align: center;\"><strong>Gala<\/strong><br \/>\nTeho: 8 KW<br \/>\nKorkeus: 981 mm<br \/>\nLeveys: 450 mm<br \/>\nSyvyys: 400 mm<br \/>\nSavupiipun halkaisija: \u00d8 150 mm<br \/>\nPaino: 108 kg<br \/>\nV\u00e4ri musta<br \/>\n<strong>Hinta: 997 euroa<\/strong><\/p>\n<p>&nbsp;<\/p>\n<\/div><\/div><\/div><div class=\"fusion-clearfix\"><\/div><\/div>\n<\/article>\n<article id=\"blog-1-post-65735\" class=\"fusion-post-grid post-65735 post type-post status-publish format-standard hentry category-takat category-takat-takat category-takat-plamen\">\n<div class=\"fusion-post-wrapper\" style=\"background-color:rgba(255,255,255,1);border:1px solid #a82c23;border-bottom-width:3px;\">\n\n<div class=\"fusion-post-content-wrapper\" style=\"padding:30px 25px 25px 25px;\"><div class=\"fusion-post-content post-content\"><h2 class=\"blog-shortcode-post-title entry-title\"><a href=\"https:\/\/www.kaminakeskus.ee\/fi\/malmkamin-nera\/\">Valurautatakka Nera<\/a><\/h2><div class=\"fusion-post-content-container\"><div id=\"attachment_65731\" style=\"width: 74px\" class=\"wp-caption aligncenter\"><a href=\"https:\/\/www.kaminakeskus.ee\/wp-content\/uploads\/2023\/03\/malmkamin_plamen_nera-64x150.png\"><img decoding=\"async\" aria-describedby=\"caption-attachment-65731\" class=\"size-thumbnail wp-image-65730\" src=\"https:\/\/www.kaminakeskus.ee\/wp-content\/uploads\/2023\/03\/malmkamin_plamen_nera-64x150.png\" alt=\"\" width=\"64\" height=\"150\" srcset=\"https:\/\/www.kaminakeskus.ee\/wp-content\/uploads\/2023\/03\/malmkamin_plamen_nera-64x150.png 64w, https:\/\/www.kaminakeskus.ee\/wp-content\/uploads\/2023\/03\/malmkamin_plamen_nera-128x300.png 128w, https:\/\/www.kaminakeskus.ee\/wp-content\/uploads\/2023\/03\/malmkamin_plamen_nera-200x468.png 200w, https:\/\/www.kaminakeskus.ee\/wp-content\/uploads\/2023\/03\/malmkamin_plamen_nera.png 235w\" sizes=\"(max-width: 64px) 100vw, 64px\" \/><\/a><p id=\"caption-attachment-65731\" class=\"wp-caption-text\">Valurautatakka Nera<\/p><\/div>\n<p style=\"text-align: center;\"><strong>Nera<\/strong><br \/>\nTeho: 13 KW<br \/>\nKorkeus: 1185 mm<br \/>\nLeveys: 480 mm<br \/>\nSyvyys: 490 mm<br \/>\nSavupiipun halkaisija: \u00d8 150 mm<br \/>\nPaino: 157 kg<br \/>\nV\u00e4ri musta<br \/>\n<strong>Hinta: 1388 euroa<\/strong><\/p>\n<\/div><\/div><\/div><div class=\"fusion-clearfix\"><\/div><\/div>\n<\/article>\n<article id=\"blog-1-post-65750\" class=\"fusion-post-grid post-65750 post type-post status-publish format-standard hentry category-takat category-takat-takat category-takat-plamen\">\n<div class=\"fusion-post-wrapper\" style=\"background-color:rgba(255,255,255,1);border:1px solid #a82c23;border-bottom-width:3px;\">\n\n<div class=\"fusion-post-content-wrapper\" style=\"padding:30px 25px 25px 25px;\"><div class=\"fusion-post-content post-content\"><h2 class=\"blog-shortcode-post-title entry-title\"><a href=\"https:\/\/www.kaminakeskus.ee\/fi\/malmkamin-tara\/\">Valurautatakka Aita<\/a><\/h2><div class=\"fusion-post-content-container\"><div id=\"attachment_65725\" style=\"width: 75px\" class=\"wp-caption aligncenter\"><a href=\"https:\/\/www.kaminakeskus.ee\/wp-content\/uploads\/2023\/03\/malmkamin_plamen_tara-65x150.png\"><img decoding=\"async\" aria-describedby=\"caption-attachment-65725\" class=\"size-thumbnail wp-image-65724\" src=\"https:\/\/www.kaminakeskus.ee\/wp-content\/uploads\/2023\/03\/malmkamin_plamen_tara-65x150.png\" alt=\"\" width=\"65\" height=\"150\" srcset=\"https:\/\/www.kaminakeskus.ee\/wp-content\/uploads\/2023\/03\/malmkamin_plamen_tara-65x150.png 65w, https:\/\/www.kaminakeskus.ee\/wp-content\/uploads\/2023\/03\/malmkamin_plamen_tara.png 95w\" sizes=\"(max-width: 65px) 100vw, 65px\" \/><\/a><p id=\"caption-attachment-65725\" class=\"wp-caption-text\">Valurautatakka Aita<\/p><\/div>\n<p style=\"text-align: center;\"><strong>Aita<\/strong><br \/>\nTeho: 6 KW<br \/>\nKorkeus: 858 mm<br \/>\nLeveys: 383 mm<br \/>\nSyvyys: 377 mm<br \/>\nSavupiipun halkaisija: \u00d8 120 mm<br \/>\nPaino: 85 kg<br \/>\nV\u00e4ri musta<br \/>\n<strong>Hinta: 661 EUR<\/strong><\/p>\n<\/div><\/div><\/div><div class=\"fusion-clearfix\"><\/div><\/div>\n<\/article>\n<article id=\"blog-1-post-50262\" class=\"fusion-post-grid post-50262 post type-post status-publish format-standard hentry category-takat-plamen\">\n<div class=\"fusion-post-wrapper\" style=\"background-color:rgba(255,255,255,1);border:1px solid #a82c23;border-bottom-width:3px;\">\n\n<div class=\"fusion-post-content-wrapper\" style=\"padding:30px 25px 25px 25px;\"><div class=\"fusion-post-content post-content\"><h2 class=\"blog-shortcode-post-title entry-title\"><a href=\"https:\/\/www.kaminakeskus.ee\/fi\/plamen\/\">Plamen<\/a><\/h2><div class=\"fusion-post-content-container\"><p><a href=\"http:\/\/www.plamen.hr\/\" target=\"_blank\" rel=\"noopener\">Katso valmistajan verkkosivusto<\/a><\/p>\n<\/div><\/div><\/div><div class=\"fusion-clearfix\"><\/div><\/div>\n<\/article>\n<article id=\"blog-1-post-50375\" class=\"fusion-post-grid post-50375 post type-post status-publish format-standard hentry category-erikoistarjouksia-fi category-alennus-tuotteille-1 category-takat-plamen\">\n<div class=\"fusion-post-wrapper\" style=\"background-color:rgba(255,255,255,1);border:1px solid #a82c23;border-bottom-width:3px;\">\n\n<div class=\"fusion-post-content-wrapper\" style=\"padding:30px 25px 25px 25px;\"><div class=\"fusion-post-content post-content\"><h2 class=\"blog-shortcode-post-title entry-title\"><a href=\"https:\/\/www.kaminakeskus.ee\/fi\/malmkamin-plamen-tena\/\">Malmkamin Plamen Tena<\/a><\/h2><div class=\"fusion-post-content-container\"><div id=\"attachment_66432\" style=\"width: 160px\" class=\"wp-caption aligncenter\"><a href=\"https:\/\/www.kaminakeskus.ee\/wp-content\/uploads\/2010\/10\/malmkamin_plamen_tena-150x150.png\"><img decoding=\"async\" aria-describedby=\"caption-attachment-66432\" class=\"wp-image-66431 size-thumbnail\" title=\"Malmkamin Plamen Tena\" src=\"https:\/\/www.kaminakeskus.ee\/wp-content\/uploads\/2010\/10\/malmkamin_plamen_tena-150x150.png\" alt=\"Malmkamin Plamen Tena\" width=\"150\" height=\"150\" srcset=\"https:\/\/www.kaminakeskus.ee\/wp-content\/uploads\/2010\/10\/malmkamin_plamen_tena-66x66.png 66w, https:\/\/www.kaminakeskus.ee\/wp-content\/uploads\/2010\/10\/malmkamin_plamen_tena-150x150.png 150w, https:\/\/www.kaminakeskus.ee\/wp-content\/uploads\/2010\/10\/malmkamin_plamen_tena-200x200.png 200w, https:\/\/www.kaminakeskus.ee\/wp-content\/uploads\/2010\/10\/malmkamin_plamen_tena-300x300.png 300w, https:\/\/www.kaminakeskus.ee\/wp-content\/uploads\/2010\/10\/malmkamin_plamen_tena-400x400.png 400w, https:\/\/www.kaminakeskus.ee\/wp-content\/uploads\/2010\/10\/malmkamin_plamen_tena.png 550w\" sizes=\"(max-width: 150px) 100vw, 150px\" \/><\/a><p id=\"caption-attachment-66432\" class=\"wp-caption-text\"><strong>Malmkamin Plamen Tena<\/strong><\/p><\/div>\n<p style=\"text-align: center;\">V\u00f5imsus: 7-11 KW<br \/>\nK\u00f5rgus: 750 mm<br \/>\nLaius: 750 mm<br \/>\nS\u00fcgavus: 450 mm<br \/>\nL\u00f5\u00f5ri l\u00e4bim\u00f5\u00f5t: \u00d8 150 mm<br \/>\nV\u00e4rv: must<br \/>\n<strong><br \/>\n  <del>Hind: 1097 EUR<\/del><\/p>\n<p>  <span style=\"color: #ff0000;\">Hind: 883 EUR<\/span><\/p>\n<p><\/strong><a href=\"http:\/\/www.plamen.hr\/proizvodi_za_vrstu.asp?vrsta=2\" target=\"_blank\" rel=\"noopener\">Vaata tootja kodulehte<\/a><\/p>\n<\/div><\/div><\/div><div class=\"fusion-clearfix\"><\/div><\/div>\n<\/article>\n<article id=\"blog-1-post-50339\" class=\"fusion-post-grid post-50339 post type-post status-publish format-standard hentry category-takat-plamen\">\n<div class=\"fusion-post-wrapper\" style=\"background-color:rgba(255,255,255,1);border:1px solid #a82c23;border-bottom-width:3px;\">\n\n<div class=\"fusion-post-content-wrapper\" style=\"padding:30px 25px 25px 25px;\"><div class=\"fusion-post-content post-content\"><h2 class=\"blog-shortcode-post-title entry-title\"><a href=\"https:\/\/www.kaminakeskus.ee\/fi\/dora-8\/\">Dora 8<\/a><\/h2><div class=\"fusion-post-content-container\"><div class=\"mceTemp\">\n<dl id=\"attachment_5439\" class=\"wp-caption alignnone\" style=\"width: 160px;\">\n<dt class=\"wp-caption-dt\"><a href=\"http:\/\/www.kaminakeskus.ee\/docs\/gallery\/full\/dora_kamin_kaminad_kamins_takka_fireplace_%D0%9A%D0%B0%D0%BC%D0%B8%D0%BD_f_d6j141E1h1.jpg\"><img decoding=\"async\" class=\"size-thumbnail wp-image-5439\" title=\"Dora 8  \" src=\"http:\/\/www.kaminakeskus.ee\/docs\/gallery\/full\/dora_kamin_kaminad_kamins_takka_fireplace_%D0%9A%D0%B0%D0%BC%D0%B8%D0%BD_f_d6j141E1h1.jpg\" alt=\"takat, uunit, liedet, kattilat, saunakiuat, savupiiput, savupiippu, modulaariset savupiiput\" width=\"150\" height=\"150\"><\/a><\/dt>\n<dd class=\"wp-caption-dd\">Dora 8 <\/dd>\n<\/dl>\n<\/div>\n<p><strong>Dora 8<\/strong><br \/>\nTeho: 6 KW<br \/>\nKorkeus: 860 mm<br \/>\nLeveys: 380 mm<br \/>\nSyvyys: 420 mm<br \/>\nSavupiipun halkaisija: \u00d8 118 mm<br \/>\nV\u00e4ri: vihre\u00e4 ja musta<\/p>\n<p><a href=\"http:\/\/www.plamen.hr\/proizvodi_za_vrstu.asp?vrsta=2\" target=\"_blank\" rel=\"noopener\">Katso valmistajan verkkosivusto<\/a><\/p>\n<\/div><\/div><\/div><div class=\"fusion-clearfix\"><\/div><\/div>\n<\/article>\n<article id=\"blog-1-post-49926\" class=\"fusion-post-grid post-49926 post type-post status-publish format-standard hentry category-takat-plamen\">\n<div class=\"fusion-post-wrapper\" style=\"background-color:rgba(255,255,255,1);border:1px solid #a82c23;border-bottom-width:3px;\">\n\n<div class=\"fusion-post-content-wrapper\" style=\"padding:30px 25px 25px 25px;\"><div class=\"fusion-post-content post-content\"><h2 class=\"blog-shortcode-post-title entry-title\"><a href=\"https:\/\/www.kaminakeskus.ee\/fi\/takka-maestral\/\">Takka Maestral<\/a><\/h2><div class=\"fusion-post-content-container\"><div id=\"attachment_66110\" style=\"width: 160px\" class=\"wp-caption aligncenter\"><a href=\"https:\/\/www.kaminakeskus.ee\/wp-content\/uploads\/2010\/05\/kamin-plamen-maestral-n-150x150.jpg\"><img decoding=\"async\" aria-describedby=\"caption-attachment-66110\" class=\"size-thumbnail wp-image-66109\" src=\"https:\/\/www.kaminakeskus.ee\/wp-content\/uploads\/2010\/05\/kamin-plamen-maestral-n-150x150.jpg\" alt=\"\" width=\"150\" height=\"150\" srcset=\"https:\/\/www.kaminakeskus.ee\/wp-content\/uploads\/2010\/05\/kamin-plamen-maestral-n-66x66.jpg 66w, https:\/\/www.kaminakeskus.ee\/wp-content\/uploads\/2010\/05\/kamin-plamen-maestral-n-150x150.jpg 150w, https:\/\/www.kaminakeskus.ee\/wp-content\/uploads\/2010\/05\/kamin-plamen-maestral-n-200x200.jpg 200w, https:\/\/www.kaminakeskus.ee\/wp-content\/uploads\/2010\/05\/kamin-plamen-maestral-n-300x300.jpg 300w, https:\/\/www.kaminakeskus.ee\/wp-content\/uploads\/2010\/05\/kamin-plamen-maestral-n-400x400.jpg 400w, https:\/\/www.kaminakeskus.ee\/wp-content\/uploads\/2010\/05\/kamin-plamen-maestral-n.jpg 550w\" sizes=\"(max-width: 150px) 100vw, 150px\" \/><\/a><p id=\"caption-attachment-66110\" class=\"wp-caption-text\">Takka Maestral N<\/p><\/div>\n<p style=\"text-align: center;\"><strong>Maestral N<\/strong><br \/>\nTeho: 6 KW<br \/>\nKorkeus: 945 mm<br \/>\nLeveys: 450 mm<br \/>\nSyvyys: 478 mm<br \/>\nSavupiipun halkaisija: \u00d8 120 mm<br \/>\nV\u00e4ri: punainen, sininen, ruskea, beige<br \/>\nPaino: 83 kg<br \/>\n<strong>Hinta: 601 euroa<\/strong><\/p>\n<\/div><\/div><\/div><div class=\"fusion-clearfix\"><\/div><\/div>\n<\/article>\n<article id=\"blog-1-post-49829\" class=\"fusion-post-grid post-49829 post type-post status-publish format-standard hentry category-takat-takat category-takat-plamen\">\n<div class=\"fusion-post-wrapper\" style=\"background-color:rgba(255,255,255,1);border:1px solid #a82c23;border-bottom-width:3px;\">\n\n<div class=\"fusion-post-content-wrapper\" style=\"padding:30px 25px 25px 25px;\"><div class=\"fusion-post-content post-content\"><h2 class=\"blog-shortcode-post-title entry-title\"><a href=\"https:\/\/www.kaminakeskus.ee\/fi\/plamen-glas-franklin\/\">Plamen Glas Franklin<\/a><\/h2><div class=\"fusion-post-content-container\"><div id=\"attachment_29556\" style=\"width: 160px\" class=\"wp-caption alignnone\"><a href=\"http:\/\/www.kaminakeskus.ee\/wp-content\/uploads\/2010\/05\/franklin_gl_1.jpg\"><img decoding=\"async\" aria-describedby=\"caption-attachment-29556\" class=\"size-thumbnail wp-image-5374\" title=\"Takka lasi Franklin\" src=\"http:\/\/www.kaminakeskus.ee\/wp-content\/uploads\/2010\/05\/franklin_gl_1-150x150.jpg\" alt=\"takat, uunit, liedet, kattilat, saunakiuat, savupiiput, savupiippu, modulaariset savupiiput\" width=\"150\" height=\"150\" srcset=\"https:\/\/www.kaminakeskus.ee\/wp-content\/uploads\/2010\/05\/franklin_gl_1-150x150.jpg 150w, https:\/\/www.kaminakeskus.ee\/wp-content\/uploads\/2010\/05\/franklin_gl_1.jpg 300w\" sizes=\"(max-width: 150px) 100vw, 150px\" \/><\/a><p id=\"caption-attachment-29556\" class=\"wp-caption-text\">Takka lasi Franklin<\/p><\/div>\n<p><strong>Plamen Glas Franklin<\/strong><br \/>\nTeho: 10 KW<br \/>\nKorkeus: 800 mm<br \/>\nLeveys: 860 mm<br \/>\nSyvyys: 630 mm<br \/>\nSavupiipun halkaisija: \u00d8 150 mm<br \/>\n<span style=\"color: #000000;\"><strong> Hinta: 1034 euroa<\/strong><\/span><\/p>\n<\/div><\/div><\/div><div class=\"fusion-clearfix\"><\/div><\/div>\n<\/article>\n<div class=\"fusion-clearfix\"><\/div><\/div><\/div><\/div><\/div><\/div><\/div><div class=\"fusion-fullwidth fullwidth-box fusion-builder-row-2 fusion-flex-container nonhundred-percent-fullwidth non-hundred-percent-height-scrolling\" style=\"--awb-border-radius-top-left:0px;--awb-border-radius-top-right:0px;--awb-border-radius-bottom-right:0px;--awb-border-radius-bottom-left:0px;--awb-flex-wrap:wrap;\" ><div class=\"fusion-builder-row fusion-row fusion-flex-align-items-flex-start fusion-flex-content-wrap\" style=\"max-width:2392px;margin-left: calc(-4% \/ 2 );margin-right: calc(-4% \/ 2 );\"><div class=\"fusion-layout-column fusion_builder_column fusion-builder-column-1 fusion_builder_column_1_1 1_1 fusion-flex-column\" style=\"--awb-bg-size:cover;--awb-width-large:100%;--awb-margin-top-large:0px;--awb-spacing-right-large:1.92%;--awb-margin-bottom-large:20px;--awb-spacing-left-large:1.92%;--awb-width-medium:100%;--awb-order-medium:0;--awb-spacing-right-medium:1.92%;--awb-spacing-left-medium:1.92%;--awb-width-small:100%;--awb-order-small:0;--awb-spacing-right-small:1.92%;--awb-spacing-left-small:1.92%;\"><div class=\"fusion-column-wrapper fusion-column-has-shadow fusion-flex-justify-content-flex-start fusion-content-layout-column\"><\/div><\/div><\/div><\/div><\/p>\n","protected":false},"excerpt":{"rendered":"","protected":false},"author":3,"featured_media":0,"parent":0,"menu_order":0,"comment_status":"closed","ping_status":"closed","template":"","meta":{"footnotes":""},"class_list":["post-53936","page","type-page","status-publish","hentry"],"yoast_head":"<!-- This site is optimized with the Yoast SEO Premium plugin v27.5 (Yoast SEO v27.5) - https:\/\/yoast.com\/product\/yoast-seo-premium-wordpress\/ -->\n<title>KaminaKeskus<\/title>\n<meta name=\"description\" content=\"Kaminate, pliitide, ahjude ja korstnate m\u00fc\u00fck\" \/>\n<meta name=\"robots\" content=\"index, follow, max-snippet:-1, max-image-preview:large, max-video-preview:-1\" \/>\n<link rel=\"canonical\" href=\"https:\/\/www.kaminakeskus.ee\/fi\/tuulitasot\/\" \/>\n<meta property=\"og:locale\" content=\"fi_FI\" \/>\n<meta property=\"og:type\" content=\"article\" \/>\n<meta property=\"og:title\" content=\"TUULITASOT - Kaminakeskus | Kaminad, Ahjud, Pliidid, Saunaahjud, Korstnad, Katlad\" \/>\n<meta property=\"og:description\" content=\"Kaminate, pliitide, ahjude ja korstnate m\u00fc\u00fck\" \/>\n<meta property=\"og:url\" content=\"https:\/\/www.kaminakeskus.ee\/fi\/tuulitasot\/\" \/>\n<meta property=\"og:site_name\" content=\"Kaminakeskus | Kaminad, Ahjud, Pliidid, Saunaahjud, Korstnad, Katlad\" \/>\n<meta property=\"article:publisher\" content=\"https:\/\/www.facebook.com\/kaminakeskus\/yoast\" \/>\n<meta property=\"article:modified_time\" content=\"2021-09-02T15:54:16+00:00\" \/>\n<meta name=\"twitter:card\" content=\"summary_large_image\" \/>\n<meta name=\"twitter:label1\" content=\"Est. reading time\" \/>\n\t<meta name=\"twitter:data1\" content=\"6 minutes\" \/>\n<script type=\"application\/ld+json\" class=\"yoast-schema-graph\">{\"@context\":\"https:\\\/\\\/schema.org\",\"@graph\":[{\"@type\":\"WebPage\",\"@id\":\"https:\\\/\\\/www.kaminakeskus.ee\\\/fi\\\/tuulitasot\\\/\",\"url\":\"https:\\\/\\\/www.kaminakeskus.ee\\\/fi\\\/tuulitasot\\\/\",\"name\":\"KaminaKeskus\",\"isPartOf\":{\"@id\":\"https:\\\/\\\/www.kaminakeskus.ee\\\/fi\\\/#website\"},\"datePublished\":\"2021-08-18T09:39:26+00:00\",\"dateModified\":\"2021-09-02T15:54:16+00:00\",\"description\":\"Kaminate, pliitide, ahjude ja korstnate m\u00fc\u00fck\",\"breadcrumb\":{\"@id\":\"https:\\\/\\\/www.kaminakeskus.ee\\\/fi\\\/tuulitasot\\\/#breadcrumb\"},\"inLanguage\":\"fi-FI\",\"potentialAction\":[{\"@type\":\"ReadAction\",\"target\":[\"https:\\\/\\\/www.kaminakeskus.ee\\\/fi\\\/tuulitasot\\\/\"]}]},{\"@type\":\"BreadcrumbList\",\"@id\":\"https:\\\/\\\/www.kaminakeskus.ee\\\/fi\\\/tuulitasot\\\/#breadcrumb\",\"itemListElement\":[{\"@type\":\"ListItem\",\"position\":1,\"name\":\"Home\",\"item\":\"https:\\\/\\\/www.kaminakeskus.ee\\\/fi\\\/\"},{\"@type\":\"ListItem\",\"position\":2,\"name\":\"TUULITASOT\"}]},{\"@type\":\"WebSite\",\"@id\":\"https:\\\/\\\/www.kaminakeskus.ee\\\/fi\\\/#website\",\"url\":\"https:\\\/\\\/www.kaminakeskus.ee\\\/fi\\\/\",\"name\":\"Kaminakeskus | Kaminad, Ahjud, Pliidid, Saunaahjud, Korstnad, Korsten, Moodulkorsten, Katlad\",\"description\":\"Kamin Kaminad Ahi Ahjud Pliit Pliidid Korstnad Katlad\",\"publisher\":{\"@id\":\"https:\\\/\\\/www.kaminakeskus.ee\\\/fi\\\/#organization\"},\"potentialAction\":[{\"@type\":\"SearchAction\",\"target\":{\"@type\":\"EntryPoint\",\"urlTemplate\":\"https:\\\/\\\/www.kaminakeskus.ee\\\/fi\\\/?s={search_term_string}\"},\"query-input\":{\"@type\":\"PropertyValueSpecification\",\"valueRequired\":true,\"valueName\":\"search_term_string\"}}],\"inLanguage\":\"fi-FI\"},{\"@type\":[\"Organization\",\"Place\"],\"@id\":\"https:\\\/\\\/www.kaminakeskus.ee\\\/fi\\\/#organization\",\"name\":\"R\u00e4ndr\u00fc\u00fctel HP O\u00dc\",\"alternateName\":\"KaminaKeskus\",\"url\":\"https:\\\/\\\/www.kaminakeskus.ee\\\/\",\"logo\":{\"@type\":\"ImageObject\",\"inLanguage\":\"fi-FI\",\"@id\":\"https:\\\/\\\/www.kaminakeskus.ee\\\/fi\\\/#\\\/schema\\\/logo\\\/image\\\/\",\"url\":\"https:\\\/\\\/www.kaminakeskus.ee\\\/wp-content\\\/uploads\\\/2026\\\/02\\\/Kaminakeskus-logo-1-1.jpg\",\"contentUrl\":\"https:\\\/\\\/www.kaminakeskus.ee\\\/wp-content\\\/uploads\\\/2026\\\/02\\\/Kaminakeskus-logo-1-1.jpg\",\"width\":2068,\"height\":532,\"caption\":\"R\u00e4ndr\u00fc\u00fctel HP O\u00dc\"},\"image\":{\"@id\":\"https:\\\/\\\/www.kaminakeskus.ee\\\/fi\\\/#\\\/schema\\\/logo\\\/image\\\/\"},\"sameAs\":[\"https:\\\/\\\/www.facebook.com\\\/kaminakeskus\\\/yoast\"],\"description\":\"Sales of fireplaces, chimneys and related goods. Kaminate, ahjude, pliitide, korstnate ja nendega seotud toodete m\u00fc\u00fck.\",\"legalName\":\"R\u00e4ndr\u00fc\u00fctel HP O\u00dc\",\"foundingDate\":\"1997-05-13\",\"leiCode\":\"9845007FC4HB963C8D65\",\"numberOfEmployees\":{\"@type\":\"QuantitativeValue\",\"minValue\":\"1\",\"maxValue\":\"10\"},\"telephone\":[\"+372 5543239\",\"+372 58812360\"],\"contactPoint\":{\"@type\":\"ContactPoint\",\"telephone\":\"+372 5543239\",\"email\":\"kaminakeskus@gmail.com\"},\"email\":\"kaminakeskus@gmail.com\",\"vatID\":\"EE100831739\",\"taxID\":\"10208374\"}]}<\/script>\n<!-- \/ Yoast SEO Premium plugin. -->","yoast_head_json":{"title":"KaminaKeskus","description":"Kaminate, pliitide, ahjude ja korstnate m\u00fc\u00fck","robots":{"index":"index","follow":"follow","max-snippet":"max-snippet:-1","max-image-preview":"max-image-preview:large","max-video-preview":"max-video-preview:-1"},"canonical":"https:\/\/www.kaminakeskus.ee\/fi\/tuulitasot\/","og_locale":"fi_FI","og_type":"article","og_title":"TUULITASOT - Kaminakeskus | Kaminad, Ahjud, Pliidid, Saunaahjud, Korstnad, Katlad","og_description":"Kaminate, pliitide, ahjude ja korstnate m\u00fc\u00fck","og_url":"https:\/\/www.kaminakeskus.ee\/fi\/tuulitasot\/","og_site_name":"Kaminakeskus | Kaminad, Ahjud, Pliidid, Saunaahjud, Korstnad, Katlad","article_publisher":"https:\/\/www.facebook.com\/kaminakeskus\/yoast","article_modified_time":"2021-09-02T15:54:16+00:00","twitter_card":"summary_large_image","twitter_misc":{"Est. reading time":"6 minutes"},"schema":{"@context":"https:\/\/schema.org","@graph":[{"@type":"WebPage","@id":"https:\/\/www.kaminakeskus.ee\/fi\/tuulitasot\/","url":"https:\/\/www.kaminakeskus.ee\/fi\/tuulitasot\/","name":"KaminaKeskus","isPartOf":{"@id":"https:\/\/www.kaminakeskus.ee\/fi\/#website"},"datePublished":"2021-08-18T09:39:26+00:00","dateModified":"2021-09-02T15:54:16+00:00","description":"Kaminate, pliitide, ahjude ja korstnate m\u00fc\u00fck","breadcrumb":{"@id":"https:\/\/www.kaminakeskus.ee\/fi\/tuulitasot\/#breadcrumb"},"inLanguage":"fi-FI","potentialAction":[{"@type":"ReadAction","target":["https:\/\/www.kaminakeskus.ee\/fi\/tuulitasot\/"]}]},{"@type":"BreadcrumbList","@id":"https:\/\/www.kaminakeskus.ee\/fi\/tuulitasot\/#breadcrumb","itemListElement":[{"@type":"ListItem","position":1,"name":"Home","item":"https:\/\/www.kaminakeskus.ee\/fi\/"},{"@type":"ListItem","position":2,"name":"TUULITASOT"}]},{"@type":"WebSite","@id":"https:\/\/www.kaminakeskus.ee\/fi\/#website","url":"https:\/\/www.kaminakeskus.ee\/fi\/","name":"Kaminakeskus | Kaminad, Ahjud, Pliidid, Saunaahjud, Korstnad, Korsten, Moodulkorsten, Katlad","description":"Kamin Kaminad Ahi Ahjud Pliit Pliidid Korstnad Katlad","publisher":{"@id":"https:\/\/www.kaminakeskus.ee\/fi\/#organization"},"potentialAction":[{"@type":"SearchAction","target":{"@type":"EntryPoint","urlTemplate":"https:\/\/www.kaminakeskus.ee\/fi\/?s={search_term_string}"},"query-input":{"@type":"PropertyValueSpecification","valueRequired":true,"valueName":"search_term_string"}}],"inLanguage":"fi-FI"},{"@type":["Organization","Place"],"@id":"https:\/\/www.kaminakeskus.ee\/fi\/#organization","name":"R\u00e4ndr\u00fc\u00fctel HP O\u00dc","alternateName":"KaminaKeskus","url":"https:\/\/www.kaminakeskus.ee\/","logo":{"@type":"ImageObject","inLanguage":"fi-FI","@id":"https:\/\/www.kaminakeskus.ee\/fi\/#\/schema\/logo\/image\/","url":"https:\/\/www.kaminakeskus.ee\/wp-content\/uploads\/2026\/02\/Kaminakeskus-logo-1-1.jpg","contentUrl":"https:\/\/www.kaminakeskus.ee\/wp-content\/uploads\/2026\/02\/Kaminakeskus-logo-1-1.jpg","width":2068,"height":532,"caption":"R\u00e4ndr\u00fc\u00fctel HP O\u00dc"},"image":{"@id":"https:\/\/www.kaminakeskus.ee\/fi\/#\/schema\/logo\/image\/"},"sameAs":["https:\/\/www.facebook.com\/kaminakeskus\/yoast"],"description":"Sales of fireplaces, chimneys and related goods. Kaminate, ahjude, pliitide, korstnate ja nendega seotud toodete m\u00fc\u00fck.","legalName":"R\u00e4ndr\u00fc\u00fctel HP O\u00dc","foundingDate":"1997-05-13","leiCode":"9845007FC4HB963C8D65","numberOfEmployees":{"@type":"QuantitativeValue","minValue":"1","maxValue":"10"},"telephone":["+372 5543239","+372 58812360"],"contactPoint":{"@type":"ContactPoint","telephone":"+372 5543239","email":"kaminakeskus@gmail.com"},"email":"kaminakeskus@gmail.com","vatID":"EE100831739","taxID":"10208374"}]}},"_links":{"self":[{"href":"https:\/\/www.kaminakeskus.ee\/fi\/wp-json\/wp\/v2\/pages\/53936","targetHints":{"allow":["GET"]}}],"collection":[{"href":"https:\/\/www.kaminakeskus.ee\/fi\/wp-json\/wp\/v2\/pages"}],"about":[{"href":"https:\/\/www.kaminakeskus.ee\/fi\/wp-json\/wp\/v2\/types\/page"}],"author":[{"embeddable":true,"href":"https:\/\/www.kaminakeskus.ee\/fi\/wp-json\/wp\/v2\/users\/3"}],"replies":[{"embeddable":true,"href":"https:\/\/www.kaminakeskus.ee\/fi\/wp-json\/wp\/v2\/comments?post=53936"}],"version-history":[{"count":1,"href":"https:\/\/www.kaminakeskus.ee\/fi\/wp-json\/wp\/v2\/pages\/53936\/revisions"}],"predecessor-version":[{"id":53942,"href":"https:\/\/www.kaminakeskus.ee\/fi\/wp-json\/wp\/v2\/pages\/53936\/revisions\/53942"}],"wp:attachment":[{"href":"https:\/\/www.kaminakeskus.ee\/fi\/wp-json\/wp\/v2\/media?parent=53936"}],"curies":[{"name":"wp","href":"https:\/\/api.w.org\/{rel}","templated":true}]}}