{"id":53963,"date":"2021-08-18T07:01:44","date_gmt":"2021-08-18T07:01:44","guid":{"rendered":"https:\/\/www.kaminakeskus.ee\/takat-kratki\/"},"modified":"2021-09-02T15:54:38","modified_gmt":"2021-09-02T15:54:38","slug":"takat-kratki","status":"publish","type":"page","link":"https:\/\/www.kaminakeskus.ee\/fi\/takat-kratki\/","title":{"rendered":"TAKAT KRATKI"},"content":{"rendered":"<p><div class=\"fusion-fullwidth fullwidth-box fusion-builder-row-1 fusion-flex-container hundred-percent-fullwidth non-hundred-percent-height-scrolling\" style=\"--awb-border-radius-top-left:0px;--awb-border-radius-top-right:0px;--awb-border-radius-bottom-right:0px;--awb-border-radius-bottom-left:0px;--awb-margin-top:40px;--awb-flex-wrap:wrap;\" ><div class=\"fusion-builder-row fusion-row fusion-flex-align-items-flex-start fusion-flex-content-wrap\" style=\"width:104% !important;max-width:104% !important;margin-left: calc(-4% \/ 2 );margin-right: calc(-4% \/ 2 );\"><div class=\"fusion-layout-column fusion_builder_column fusion-builder-column-0 fusion_builder_column_1_1 1_1 fusion-flex-column\" style=\"--awb-bg-size:cover;--awb-width-large:100%;--awb-margin-top-large:0px;--awb-spacing-right-large:1.92%;--awb-margin-bottom-large:20px;--awb-spacing-left-large:1.92%;--awb-width-medium:100%;--awb-order-medium:0;--awb-spacing-right-medium:1.92%;--awb-spacing-left-medium:1.92%;--awb-width-small:100%;--awb-order-small:0;--awb-spacing-right-small:1.92%;--awb-spacing-left-small:1.92%;\"><div class=\"fusion-column-wrapper fusion-column-has-shadow fusion-flex-justify-content-flex-start fusion-content-layout-column\"><div class=\"fusion-blog-shortcode fusion-blog-shortcode-1 fusion-blog-archive fusion-blog-layout-grid-wrapper fusion-blog-no\"><style type=\"text\/css\">.fusion-blog-shortcode-1 .fusion-blog-layout-grid .fusion-post-grid{padding:12.5px;}.fusion-blog-shortcode-1 .fusion-posts-container{margin-left: -12.5px !important; margin-right:-12.5px !important;}<\/style><div class=\"fusion-posts-container fusion-posts-container-no fusion-no-meta-info fusion-blog-rollover fusion-blog-layout-grid fusion-blog-layout-grid-4 isotope fusion-blog-equal-heights\" data-pages=\"0\" data-grid-col-space=\"25\" style=\"margin: -12.5px -12.5px 0;min-height:500px;\"><article id=\"blog-1-post-84335\" class=\"fusion-post-grid post-84335 post type-post status-publish format-standard hentry category-takat category-takat-takat category-takat-kratki\">\n<div class=\"fusion-post-wrapper\" style=\"background-color:rgba(255,255,255,1);border:1px solid #a82c23;border-bottom-width:3px;\">\n\n<div class=\"fusion-post-content-wrapper\" style=\"padding:30px 25px 25px 25px;\"><div class=\"fusion-post-content post-content\"><h2 class=\"blog-shortcode-post-title entry-title\"><a href=\"https:\/\/www.kaminakeskus.ee\/fi\/kamin-ren-s-hele-sisu\/\">Kamin REN S hele sisu<\/a><\/h2><div class=\"fusion-post-content-container\"><div id=\"attachment_84330\" style=\"width: 189px\" class=\"wp-caption aligncenter\"><a href=\"https:\/\/www.kaminakeskus.ee\/wp-content\/uploads\/2025\/07\/kamin-kratki-ren-s-hele-sisu-150x150.avif\"><img decoding=\"async\" aria-describedby=\"caption-attachment-84330\" class=\"wp-image-84330 \" src=\"https:\/\/www.kaminakeskus.ee\/wp-content\/uploads\/2025\/07\/kamin-kratki-ren-s-hele-sisu-150x150.avif\" alt=\"Kamin REN S hele sisu\" width=\"179\" height=\"179\" srcset=\"https:\/\/www.kaminakeskus.ee\/wp-content\/uploads\/2025\/07\/kamin-kratki-ren-s-hele-sisu-66x66.avif 66w, https:\/\/www.kaminakeskus.ee\/wp-content\/uploads\/2025\/07\/kamin-kratki-ren-s-hele-sisu-150x150.avif 150w, https:\/\/www.kaminakeskus.ee\/wp-content\/uploads\/2025\/07\/kamin-kratki-ren-s-hele-sisu-200x200.avif 200w, https:\/\/www.kaminakeskus.ee\/wp-content\/uploads\/2025\/07\/kamin-kratki-ren-s-hele-sisu-300x300.avif 300w, https:\/\/www.kaminakeskus.ee\/wp-content\/uploads\/2025\/07\/kamin-kratki-ren-s-hele-sisu-400x400.avif 400w, https:\/\/www.kaminakeskus.ee\/wp-content\/uploads\/2025\/07\/kamin-kratki-ren-s-hele-sisu.avif 500w\" sizes=\"(max-width: 179px) 100vw, 179px\" \/><\/a><p id=\"caption-attachment-84330\" class=\"wp-caption-text\"><strong>Kamin REN S hele sisu<\/strong><\/p><\/div>\n<p style=\"text-align: center;\">V\u00f5imsus: 4,3-10,3 kW<br \/>\nK\u00f5rgus: 1357 mm<br \/>\nLaius: 452 mm<br \/>\nS\u00fcgavus: 452 mm<br \/>\nL\u00f5\u00f5ri l\u00e4bim\u00f5\u00f5t: 150 mm<br \/>\n\u00dchendus: Pealt\/tagant<br \/>\nSuitsugaasid: 250\u00b0C<br \/>\nKaal: 159 kg<br \/>\n<strong>Hind: 2265 EUR<\/strong><\/p>\n<\/div><\/div><\/div><div class=\"fusion-clearfix\"><\/div><\/div>\n<\/article>\n<article id=\"blog-1-post-84326\" class=\"fusion-post-grid post-84326 post type-post status-publish format-standard hentry category-takat-takat category-takat category-takat-kratki\">\n<div class=\"fusion-post-wrapper\" style=\"background-color:rgba(255,255,255,1);border:1px solid #a82c23;border-bottom-width:3px;\">\n\n<div class=\"fusion-post-content-wrapper\" style=\"padding:30px 25px 25px 25px;\"><div class=\"fusion-post-content post-content\"><h2 class=\"blog-shortcode-post-title entry-title\"><a href=\"https:\/\/www.kaminakeskus.ee\/fi\/kamin-ren-s-must-sisu\/\">Kamin REN S must sisu<\/a><\/h2><div class=\"fusion-post-content-container\"><div id=\"attachment_84321\" style=\"width: 198px\" class=\"wp-caption aligncenter\"><a href=\"https:\/\/www.kaminakeskus.ee\/wp-content\/uploads\/2025\/07\/kamin-ren-s-must-sisu-150x150.avif\"><img decoding=\"async\" aria-describedby=\"caption-attachment-84321\" class=\"wp-image-84321 \" src=\"https:\/\/www.kaminakeskus.ee\/wp-content\/uploads\/2025\/07\/kamin-ren-s-must-sisu-150x150.avif\" alt=\"Kamin REN S must sisu\" width=\"188\" height=\"188\" srcset=\"https:\/\/www.kaminakeskus.ee\/wp-content\/uploads\/2025\/07\/kamin-ren-s-must-sisu-66x66.avif 66w, https:\/\/www.kaminakeskus.ee\/wp-content\/uploads\/2025\/07\/kamin-ren-s-must-sisu-150x150.avif 150w, https:\/\/www.kaminakeskus.ee\/wp-content\/uploads\/2025\/07\/kamin-ren-s-must-sisu-200x200.avif 200w, https:\/\/www.kaminakeskus.ee\/wp-content\/uploads\/2025\/07\/kamin-ren-s-must-sisu-300x300.avif 300w, https:\/\/www.kaminakeskus.ee\/wp-content\/uploads\/2025\/07\/kamin-ren-s-must-sisu-400x400.avif 400w, https:\/\/www.kaminakeskus.ee\/wp-content\/uploads\/2025\/07\/kamin-ren-s-must-sisu.avif 500w\" sizes=\"(max-width: 188px) 100vw, 188px\" \/><\/a><p id=\"caption-attachment-84321\" class=\"wp-caption-text\"><strong>Kamin REN S must sisu<\/strong><\/p><\/div>\n<p style=\"text-align: center;\">V\u00f5imsus: 4,3-10,3 kW<br \/>\nK\u00f5rgus: 1357 mm<br \/>\nLaius: 452 mm<br \/>\nS\u00fcgavus: 452 mm<br \/>\nL\u00f5\u00f5ri l\u00e4bim\u00f5\u00f5t: 150 mm<br \/>\n\u00dchendus: Pealt\/tagant<br \/>\nSuitsugaasid: 250\u00b0C<br \/>\nKaal: 159 kg<br \/>\n<strong>Hind: 2375 EUR<\/strong><\/p>\n<\/div><\/div><\/div><div class=\"fusion-clearfix\"><\/div><\/div>\n<\/article>\n<article id=\"blog-1-post-84317\" class=\"fusion-post-grid post-84317 post type-post status-publish format-standard hentry category-takat-takat category-takat category-takat-kratki\">\n<div class=\"fusion-post-wrapper\" style=\"background-color:rgba(255,255,255,1);border:1px solid #a82c23;border-bottom-width:3px;\">\n\n<div class=\"fusion-post-content-wrapper\" style=\"padding:30px 25px 25px 25px;\"><div class=\"fusion-post-content post-content\"><h2 class=\"blog-shortcode-post-title entry-title\"><a href=\"https:\/\/www.kaminakeskus.ee\/fi\/kamin-kratki-ren-m-hele-sisu\/\">Kamin Kratki REN M hele sisu<\/a><\/h2><div class=\"fusion-post-content-container\"><div id=\"attachment_84312\" style=\"width: 160px\" class=\"wp-caption aligncenter\"><a href=\"https:\/\/www.kaminakeskus.ee\/wp-content\/uploads\/2025\/07\/kamin-kratki-ren-m-hele-sisu-1-150x150.avif\"><img decoding=\"async\" aria-describedby=\"caption-attachment-84312\" class=\"wp-image-84312 size-thumbnail\" src=\"https:\/\/www.kaminakeskus.ee\/wp-content\/uploads\/2025\/07\/kamin-kratki-ren-m-hele-sisu-1-150x150.avif\" alt=\"Kamin REN M hele sisu\" width=\"150\" height=\"150\" srcset=\"https:\/\/www.kaminakeskus.ee\/wp-content\/uploads\/2025\/07\/kamin-kratki-ren-m-hele-sisu-1-66x66.avif 66w, https:\/\/www.kaminakeskus.ee\/wp-content\/uploads\/2025\/07\/kamin-kratki-ren-m-hele-sisu-1-150x150.avif 150w, https:\/\/www.kaminakeskus.ee\/wp-content\/uploads\/2025\/07\/kamin-kratki-ren-m-hele-sisu-1-200x200.avif 200w, https:\/\/www.kaminakeskus.ee\/wp-content\/uploads\/2025\/07\/kamin-kratki-ren-m-hele-sisu-1-300x300.avif 300w, https:\/\/www.kaminakeskus.ee\/wp-content\/uploads\/2025\/07\/kamin-kratki-ren-m-hele-sisu-1-400x400.avif 400w, https:\/\/www.kaminakeskus.ee\/wp-content\/uploads\/2025\/07\/kamin-kratki-ren-m-hele-sisu-1-600x600.avif 600w, https:\/\/www.kaminakeskus.ee\/wp-content\/uploads\/2025\/07\/kamin-kratki-ren-m-hele-sisu-1-768x768.avif 768w, https:\/\/www.kaminakeskus.ee\/wp-content\/uploads\/2025\/07\/kamin-kratki-ren-m-hele-sisu-1-800x800.avif 800w, https:\/\/www.kaminakeskus.ee\/wp-content\/uploads\/2025\/07\/kamin-kratki-ren-m-hele-sisu-1.avif 1000w\" sizes=\"(max-width: 150px) 100vw, 150px\" \/><\/a><p id=\"caption-attachment-84312\" class=\"wp-caption-text\"><strong>Kamin REN M hele sisu<\/strong><\/p><\/div>\n<p style=\"text-align: center;\">V\u00f5imsus: 4,3-10,3 kW<br \/>\nK\u00f5rgus: 1557 mm<br \/>\nLaius: 452 mm<br \/>\nS\u00fcgavus: 452 mm<br \/>\nL\u00f5\u00f5ri l\u00e4bim\u00f5\u00f5t: 150 mm<br \/>\n\u00dchendus: Pealt\/tagant<br \/>\nSuitsugaasid: 250\u00b0C<br \/>\nKaal: 165 kg<br \/>\n<strong>Hind: 2275 EUR<\/strong><\/p>\n<\/div><\/div><\/div><div class=\"fusion-clearfix\"><\/div><\/div>\n<\/article>\n<article id=\"blog-1-post-84304\" class=\"fusion-post-grid post-84304 post type-post status-publish format-standard hentry category-takat category-takat-takat category-takat-kratki\">\n<div class=\"fusion-post-wrapper\" style=\"background-color:rgba(255,255,255,1);border:1px solid #a82c23;border-bottom-width:3px;\">\n\n<div class=\"fusion-post-content-wrapper\" style=\"padding:30px 25px 25px 25px;\"><div class=\"fusion-post-content post-content\"><h2 class=\"blog-shortcode-post-title entry-title\"><a href=\"https:\/\/www.kaminakeskus.ee\/fi\/kamin-kratki-ren-m-must-sisu\/\">Kamin Kratki REN M must sisu<\/a><\/h2><div class=\"fusion-post-content-container\"><div id=\"attachment_84298\" style=\"width: 202px\" class=\"wp-caption aligncenter\"><a href=\"https:\/\/www.kaminakeskus.ee\/wp-content\/uploads\/2025\/07\/kamin-kratki-ren-m-must-sisu-150x150.avif\"><img decoding=\"async\" aria-describedby=\"caption-attachment-84298\" class=\"wp-image-84298 \" title=\"Kamin Kratki REN M must sisu\" src=\"https:\/\/www.kaminakeskus.ee\/wp-content\/uploads\/2025\/07\/kamin-kratki-ren-m-must-sisu-150x150.avif\" alt=\"Kamin Kratki REN M must sisu\" width=\"192\" height=\"192\" srcset=\"https:\/\/www.kaminakeskus.ee\/wp-content\/uploads\/2025\/07\/kamin-kratki-ren-m-must-sisu-66x66.avif 66w, https:\/\/www.kaminakeskus.ee\/wp-content\/uploads\/2025\/07\/kamin-kratki-ren-m-must-sisu-150x150.avif 150w, https:\/\/www.kaminakeskus.ee\/wp-content\/uploads\/2025\/07\/kamin-kratki-ren-m-must-sisu-200x200.avif 200w, https:\/\/www.kaminakeskus.ee\/wp-content\/uploads\/2025\/07\/kamin-kratki-ren-m-must-sisu-300x300.avif 300w, https:\/\/www.kaminakeskus.ee\/wp-content\/uploads\/2025\/07\/kamin-kratki-ren-m-must-sisu-400x400.avif 400w, https:\/\/www.kaminakeskus.ee\/wp-content\/uploads\/2025\/07\/kamin-kratki-ren-m-must-sisu-600x600.avif 600w, https:\/\/www.kaminakeskus.ee\/wp-content\/uploads\/2025\/07\/kamin-kratki-ren-m-must-sisu-768x768.avif 768w, https:\/\/www.kaminakeskus.ee\/wp-content\/uploads\/2025\/07\/kamin-kratki-ren-m-must-sisu-800x800.avif 800w, https:\/\/www.kaminakeskus.ee\/wp-content\/uploads\/2025\/07\/kamin-kratki-ren-m-must-sisu.avif 1000w\" sizes=\"(max-width: 192px) 100vw, 192px\" \/><\/a><p id=\"caption-attachment-84298\" class=\"wp-caption-text\"><strong>Kamin REN M must sisu<\/strong><\/p><\/div>\n<p style=\"text-align: center;\">V\u00f5imsus: 4,3-10,3 kW<br \/>\nK\u00f5rgus: 1557 mm<br \/>\nLaius: 452 mm<br \/>\nS\u00fcgavus: 452 mm<br \/>\nL\u00f5\u00f5ri l\u00e4bim\u00f5\u00f5t: 150 mm<br \/>\n\u00dchendus: Pealt\/tagant<br \/>\nSuitsugaasid: 250\u00b0C<br \/>\nKaal: 165 kg<br \/>\n<strong>Hind: 2388 EUR<\/strong><\/p>\n<\/div><\/div><\/div><div class=\"fusion-clearfix\"><\/div><\/div>\n<\/article>\n<article id=\"blog-1-post-84294\" class=\"fusion-post-grid post-84294 post type-post status-publish format-standard hentry category-takat category-takat-takat category-takat-kratki\">\n<div class=\"fusion-post-wrapper\" style=\"background-color:rgba(255,255,255,1);border:1px solid #a82c23;border-bottom-width:3px;\">\n\n<div class=\"fusion-post-content-wrapper\" style=\"padding:30px 25px 25px 25px;\"><div class=\"fusion-post-content post-content\"><h2 class=\"blog-shortcode-post-title entry-title\"><a href=\"https:\/\/www.kaminakeskus.ee\/fi\/kamin-kratki-ren-l-hele-sisu\/\">Kamin Kratki REN L hele sisu<\/a><\/h2><div class=\"fusion-post-content-container\"><div id=\"attachment_84288\" style=\"width: 182px\" class=\"wp-caption aligncenter\"><a href=\"https:\/\/www.kaminakeskus.ee\/wp-content\/uploads\/2025\/07\/kamin-kratki-ren-m-hele-sisu-150x150.avif\"><img decoding=\"async\" aria-describedby=\"caption-attachment-84288\" class=\"wp-image-84288 \" src=\"https:\/\/www.kaminakeskus.ee\/wp-content\/uploads\/2025\/07\/kamin-kratki-ren-m-hele-sisu-150x150.avif\" alt=\"Kamin Kratki REN L hele sisu\" width=\"172\" height=\"172\" srcset=\"https:\/\/www.kaminakeskus.ee\/wp-content\/uploads\/2025\/07\/kamin-kratki-ren-m-hele-sisu-66x66.avif 66w, https:\/\/www.kaminakeskus.ee\/wp-content\/uploads\/2025\/07\/kamin-kratki-ren-m-hele-sisu-150x150.avif 150w, https:\/\/www.kaminakeskus.ee\/wp-content\/uploads\/2025\/07\/kamin-kratki-ren-m-hele-sisu-200x200.avif 200w, https:\/\/www.kaminakeskus.ee\/wp-content\/uploads\/2025\/07\/kamin-kratki-ren-m-hele-sisu-300x300.avif 300w, https:\/\/www.kaminakeskus.ee\/wp-content\/uploads\/2025\/07\/kamin-kratki-ren-m-hele-sisu-400x400.avif 400w, https:\/\/www.kaminakeskus.ee\/wp-content\/uploads\/2025\/07\/kamin-kratki-ren-m-hele-sisu-600x600.avif 600w, https:\/\/www.kaminakeskus.ee\/wp-content\/uploads\/2025\/07\/kamin-kratki-ren-m-hele-sisu-768x768.avif 768w, https:\/\/www.kaminakeskus.ee\/wp-content\/uploads\/2025\/07\/kamin-kratki-ren-m-hele-sisu-800x800.avif 800w, https:\/\/www.kaminakeskus.ee\/wp-content\/uploads\/2025\/07\/kamin-kratki-ren-m-hele-sisu.avif 1000w\" sizes=\"(max-width: 172px) 100vw, 172px\" \/><\/a><p id=\"caption-attachment-84288\" class=\"wp-caption-text\"><strong>Kamin Kratki REN L hele sisu<\/strong><\/p><\/div>\n<p style=\"text-align: center;\">V\u00f5imsus: 4,3-10,3 kW<br \/>\nK\u00f5rgus: 1757 mm<br \/>\nLaius: 452 mm<br \/>\nS\u00fcgavus: 452 mm<br \/>\nL\u00f5\u00f5ri l\u00e4bim\u00f5\u00f5t: 150 mm<br \/>\n\u00dchendus: Pealt\/tagant<br \/>\nSuitsugaasid: 250\u00b0C<br \/>\nKaal: 170 kg<br \/>\n<strong>Hind: 2375 EUR<\/strong><\/p>\n<\/div><\/div><\/div><div class=\"fusion-clearfix\"><\/div><\/div>\n<\/article>\n<article id=\"blog-1-post-84284\" class=\"fusion-post-grid post-84284 post type-post status-publish format-standard hentry category-takat category-takat-takat category-takat-kratki\">\n<div class=\"fusion-post-wrapper\" style=\"background-color:rgba(255,255,255,1);border:1px solid #a82c23;border-bottom-width:3px;\">\n\n<div class=\"fusion-post-content-wrapper\" style=\"padding:30px 25px 25px 25px;\"><div class=\"fusion-post-content post-content\"><h2 class=\"blog-shortcode-post-title entry-title\"><a href=\"https:\/\/www.kaminakeskus.ee\/fi\/kamin-kratki-ren-l-must-sisu\/\">Kamin Kratki REN L must sisu<\/a><\/h2><div class=\"fusion-post-content-container\"><div id=\"attachment_84279\" style=\"width: 214px\" class=\"wp-caption aligncenter\"><a href=\"https:\/\/www.kaminakeskus.ee\/wp-content\/uploads\/2025\/07\/kamin-kratki-ren-l-must-sisu-150x150.avif\"><img decoding=\"async\" aria-describedby=\"caption-attachment-84279\" class=\"wp-image-84279 \" src=\"https:\/\/www.kaminakeskus.ee\/wp-content\/uploads\/2025\/07\/kamin-kratki-ren-l-must-sisu-150x150.avif\" alt=\"Kamin REN L must sisu\" width=\"204\" height=\"204\" srcset=\"https:\/\/www.kaminakeskus.ee\/wp-content\/uploads\/2025\/07\/kamin-kratki-ren-l-must-sisu-66x66.avif 66w, https:\/\/www.kaminakeskus.ee\/wp-content\/uploads\/2025\/07\/kamin-kratki-ren-l-must-sisu-150x150.avif 150w, https:\/\/www.kaminakeskus.ee\/wp-content\/uploads\/2025\/07\/kamin-kratki-ren-l-must-sisu-200x200.avif 200w, https:\/\/www.kaminakeskus.ee\/wp-content\/uploads\/2025\/07\/kamin-kratki-ren-l-must-sisu-300x300.avif 300w, https:\/\/www.kaminakeskus.ee\/wp-content\/uploads\/2025\/07\/kamin-kratki-ren-l-must-sisu-400x400.avif 400w, https:\/\/www.kaminakeskus.ee\/wp-content\/uploads\/2025\/07\/kamin-kratki-ren-l-must-sisu-600x600.avif 600w, https:\/\/www.kaminakeskus.ee\/wp-content\/uploads\/2025\/07\/kamin-kratki-ren-l-must-sisu-768x768.avif 768w, https:\/\/www.kaminakeskus.ee\/wp-content\/uploads\/2025\/07\/kamin-kratki-ren-l-must-sisu-800x800.avif 800w, https:\/\/www.kaminakeskus.ee\/wp-content\/uploads\/2025\/07\/kamin-kratki-ren-l-must-sisu.avif 1000w\" sizes=\"(max-width: 204px) 100vw, 204px\" \/><\/a><p id=\"caption-attachment-84279\" class=\"wp-caption-text\"><strong>Kamin REN L must sisu<\/strong><\/p><\/div>\n<p style=\"text-align: center;\">V\u00f5imsus: 4,3-10,3 kW<br \/>\nK\u00f5rgus: 1757 mm<br \/>\nLaius: 452 mm<br \/>\nS\u00fcgavus: 452 mm<br \/>\nL\u00f5\u00f5ri l\u00e4bim\u00f5\u00f5t: 150 mm<br \/>\n\u00dchendus: Pealt\/tagant<br \/>\nSuitsugaasid: 250\u00b0C<br \/>\nKaal: 170 kg<br \/>\n<strong>Hind: 2444 EUR<\/strong><\/p>\n<\/div><\/div><\/div><div class=\"fusion-clearfix\"><\/div><\/div>\n<\/article>\n<article id=\"blog-1-post-82855\" class=\"fusion-post-grid post-82855 post type-post status-publish format-standard hentry category-takat category-takat-takat category-takat-kratki\">\n<div class=\"fusion-post-wrapper\" style=\"background-color:rgba(255,255,255,1);border:1px solid #a82c23;border-bottom-width:3px;\">\n\n<div class=\"fusion-post-content-wrapper\" style=\"padding:30px 25px 25px 25px;\"><div class=\"fusion-post-content post-content\"><h2 class=\"blog-shortcode-post-title entry-title\"><a href=\"https:\/\/www.kaminakeskus.ee\/fi\/kamin-floki-parem-fokos-grafite\/\">Kamin Floki parem Fokos Grafite<\/a><\/h2><div class=\"fusion-post-content-container\"><div id=\"attachment_82849\" style=\"width: 160px\" class=\"wp-caption aligncenter\"><a href=\"https:\/\/www.kaminakeskus.ee\/wp-content\/uploads\/2025\/05\/kamin-floki-parem-fokos-grafite-150x150.avif\"><img decoding=\"async\" aria-describedby=\"caption-attachment-82849\" class=\"size-thumbnail wp-image-82849\" src=\"https:\/\/www.kaminakeskus.ee\/wp-content\/uploads\/2025\/05\/kamin-floki-parem-fokos-grafite-150x150.avif\" alt=\"\" width=\"150\" height=\"150\" srcset=\"https:\/\/www.kaminakeskus.ee\/wp-content\/uploads\/2025\/05\/kamin-floki-parem-fokos-grafite-66x66.avif 66w, https:\/\/www.kaminakeskus.ee\/wp-content\/uploads\/2025\/05\/kamin-floki-parem-fokos-grafite-150x150.avif 150w, https:\/\/www.kaminakeskus.ee\/wp-content\/uploads\/2025\/05\/kamin-floki-parem-fokos-grafite-200x200.avif 200w, https:\/\/www.kaminakeskus.ee\/wp-content\/uploads\/2025\/05\/kamin-floki-parem-fokos-grafite-300x300.avif 300w, https:\/\/www.kaminakeskus.ee\/wp-content\/uploads\/2025\/05\/kamin-floki-parem-fokos-grafite-400x400.avif 400w, https:\/\/www.kaminakeskus.ee\/wp-content\/uploads\/2025\/05\/kamin-floki-parem-fokos-grafite.avif 500w\" sizes=\"(max-width: 150px) 100vw, 150px\" \/><\/a><p id=\"caption-attachment-82849\" class=\"wp-caption-text\"><strong>Kamin Floki parem Fokos Grafite<\/strong><\/p><\/div>\n<p style=\"text-align: center;\">V\u00f5imsus: 3,5-11kW<br \/>\nK\u00f5rgus: 1783mm<br \/>\nLaius: 845mm<br \/>\nS\u00fcgavus: 565mm<br \/>\nKaal: 279kg<br \/>\nL\u00f5\u00f5ri m\u00f5\u00f5t: 160mm<br \/>\nSuitsugaasi temp: 270<br \/>\n<strong>Hind: 4888 EUR<\/strong><\/p>\n<\/div><\/div><\/div><div class=\"fusion-clearfix\"><\/div><\/div>\n<\/article>\n<article id=\"blog-1-post-82845\" class=\"fusion-post-grid post-82845 post type-post status-publish format-standard hentry category-takat category-takat-takat category-takat-kratki\">\n<div class=\"fusion-post-wrapper\" style=\"background-color:rgba(255,255,255,1);border:1px solid #a82c23;border-bottom-width:3px;\">\n\n<div class=\"fusion-post-content-wrapper\" style=\"padding:30px 25px 25px 25px;\"><div class=\"fusion-post-content post-content\"><h2 class=\"blog-shortcode-post-title entry-title\"><a href=\"https:\/\/www.kaminakeskus.ee\/fi\/kamin-floki-vasak-oxide-moro\/\">Kamin Floki vasak Oxide Moro<\/a><\/h2><div class=\"fusion-post-content-container\"><div id=\"attachment_82840\" style=\"width: 160px\" class=\"wp-caption aligncenter\"><a href=\"https:\/\/www.kaminakeskus.ee\/wp-content\/uploads\/2025\/05\/kamin-floki-vasak-oxide-moro-150x150.avif\"><img decoding=\"async\" aria-describedby=\"caption-attachment-82840\" class=\"wp-image-82840 size-thumbnail\" title=\"Kamin Floki vasak Oxide Moro\" src=\"https:\/\/www.kaminakeskus.ee\/wp-content\/uploads\/2025\/05\/kamin-floki-vasak-oxide-moro-150x150.avif\" alt=\"Kamin Floki vasak Oxide Moro\" width=\"150\" height=\"150\" srcset=\"https:\/\/www.kaminakeskus.ee\/wp-content\/uploads\/2025\/05\/kamin-floki-vasak-oxide-moro-66x66.avif 66w, https:\/\/www.kaminakeskus.ee\/wp-content\/uploads\/2025\/05\/kamin-floki-vasak-oxide-moro-150x150.avif 150w, https:\/\/www.kaminakeskus.ee\/wp-content\/uploads\/2025\/05\/kamin-floki-vasak-oxide-moro-200x200.avif 200w, https:\/\/www.kaminakeskus.ee\/wp-content\/uploads\/2025\/05\/kamin-floki-vasak-oxide-moro-300x300.avif 300w, https:\/\/www.kaminakeskus.ee\/wp-content\/uploads\/2025\/05\/kamin-floki-vasak-oxide-moro-400x400.avif 400w, https:\/\/www.kaminakeskus.ee\/wp-content\/uploads\/2025\/05\/kamin-floki-vasak-oxide-moro.avif 500w\" sizes=\"(max-width: 150px) 100vw, 150px\" \/><\/a><p id=\"caption-attachment-82840\" class=\"wp-caption-text\"><strong>Kamin Floki vasak Oxide Moro<\/strong><\/p><\/div>\n<p style=\"text-align: center;\">V\u00f5imsus: 3,5-11kW<br \/>\nK\u00f5rgus: 1783mm<br \/>\nLaius: 845mm<br \/>\nS\u00fcgavus: 565mm<br \/>\nKaal: 279kg<br \/>\nL\u00f5\u00f5ri m\u00f5\u00f5t: 160mm<br \/>\nSuitsugaasi temp: 270\u00b0C<br \/>\n<strong>Hind: 4888 EUR<\/strong><\/p>\n<\/div><\/div><\/div><div class=\"fusion-clearfix\"><\/div><\/div>\n<\/article>\n<article id=\"blog-1-post-82836\" class=\"fusion-post-grid post-82836 post type-post status-publish format-standard hentry category-takat category-takat-takat category-takat-kratki\">\n<div class=\"fusion-post-wrapper\" style=\"background-color:rgba(255,255,255,1);border:1px solid #a82c23;border-bottom-width:3px;\">\n\n<div class=\"fusion-post-content-wrapper\" style=\"padding:30px 25px 25px 25px;\"><div class=\"fusion-post-content post-content\"><h2 class=\"blog-shortcode-post-title entry-title\"><a href=\"https:\/\/www.kaminakeskus.ee\/fi\/kamin-floki-parem-oxide-moro\/\">Kamin Floki parem Oxide Moro<\/a><\/h2><div class=\"fusion-post-content-container\"><div id=\"attachment_82831\" style=\"width: 160px\" class=\"wp-caption aligncenter\"><a href=\"https:\/\/www.kaminakeskus.ee\/wp-content\/uploads\/2025\/05\/kamina-floki-parem-oxide-moro-150x150.avif\"><img decoding=\"async\" aria-describedby=\"caption-attachment-82831\" class=\"wp-image-82831 size-thumbnail\" title=\"Kamin Floki parem Oxide Moro\" src=\"https:\/\/www.kaminakeskus.ee\/wp-content\/uploads\/2025\/05\/kamina-floki-parem-oxide-moro-150x150.avif\" alt=\"Kamin Floki parem Oxide Moro\" width=\"150\" height=\"150\" srcset=\"https:\/\/www.kaminakeskus.ee\/wp-content\/uploads\/2025\/05\/kamina-floki-parem-oxide-moro-66x66.avif 66w, https:\/\/www.kaminakeskus.ee\/wp-content\/uploads\/2025\/05\/kamina-floki-parem-oxide-moro-150x150.avif 150w, https:\/\/www.kaminakeskus.ee\/wp-content\/uploads\/2025\/05\/kamina-floki-parem-oxide-moro-200x200.avif 200w, https:\/\/www.kaminakeskus.ee\/wp-content\/uploads\/2025\/05\/kamina-floki-parem-oxide-moro-300x300.avif 300w, https:\/\/www.kaminakeskus.ee\/wp-content\/uploads\/2025\/05\/kamina-floki-parem-oxide-moro-400x400.avif 400w, https:\/\/www.kaminakeskus.ee\/wp-content\/uploads\/2025\/05\/kamina-floki-parem-oxide-moro.avif 500w\" sizes=\"(max-width: 150px) 100vw, 150px\" \/><\/a><p id=\"caption-attachment-82831\" class=\"wp-caption-text\"><strong>Kamin Floki parem Oxide Moro<\/strong><\/p><\/div>\n<p style=\"text-align: center;\">V\u00f5imsus: 3,5-11kW<br \/>\nK\u00f5rgus: 1783mm<br \/>\nLaius: 845mm<br \/>\nS\u00fcgavus: 565mm<br \/>\nKaal: 279kg<br \/>\nL\u00f5\u00f5ri m\u00f5\u00f5t: 160mm<br \/>\nSuitsugaasi temp: 270\u00b0C<br \/>\n<strong>Hind: 4888 EUR<\/strong><\/p>\n<\/div><\/div><\/div><div class=\"fusion-clearfix\"><\/div><\/div>\n<\/article>\n<article id=\"blog-1-post-82827\" class=\"fusion-post-grid post-82827 post type-post status-publish format-standard hentry category-takat-takat category-takat category-takat-kratki\">\n<div class=\"fusion-post-wrapper\" style=\"background-color:rgba(255,255,255,1);border:1px solid #a82c23;border-bottom-width:3px;\">\n\n<div class=\"fusion-post-content-wrapper\" style=\"padding:30px 25px 25px 25px;\"><div class=\"fusion-post-content post-content\"><h2 class=\"blog-shortcode-post-title entry-title\"><a href=\"https:\/\/www.kaminakeskus.ee\/fi\/kamin-floki-vasak-oxide-bianco\/\">Kamin Floki vasak Oxide Bianco<\/a><\/h2><div class=\"fusion-post-content-container\"><div id=\"attachment_82822\" style=\"width: 160px\" class=\"wp-caption aligncenter\"><a href=\"https:\/\/www.kaminakeskus.ee\/wp-content\/uploads\/2025\/05\/kamin-floki-vasak-oxide-bianco-150x150.avif\"><img decoding=\"async\" aria-describedby=\"caption-attachment-82822\" class=\"wp-image-82822 size-thumbnail\" title=\"Kamin Floki vasak Oxide Bianco\" src=\"https:\/\/www.kaminakeskus.ee\/wp-content\/uploads\/2025\/05\/kamin-floki-vasak-oxide-bianco-150x150.avif\" alt=\"Kamin Floki vasak Oxide Bianco\" width=\"150\" height=\"150\" srcset=\"https:\/\/www.kaminakeskus.ee\/wp-content\/uploads\/2025\/05\/kamin-floki-vasak-oxide-bianco-66x66.avif 66w, https:\/\/www.kaminakeskus.ee\/wp-content\/uploads\/2025\/05\/kamin-floki-vasak-oxide-bianco-150x150.avif 150w, https:\/\/www.kaminakeskus.ee\/wp-content\/uploads\/2025\/05\/kamin-floki-vasak-oxide-bianco-200x200.avif 200w, https:\/\/www.kaminakeskus.ee\/wp-content\/uploads\/2025\/05\/kamin-floki-vasak-oxide-bianco-300x300.avif 300w, https:\/\/www.kaminakeskus.ee\/wp-content\/uploads\/2025\/05\/kamin-floki-vasak-oxide-bianco-400x400.avif 400w, https:\/\/www.kaminakeskus.ee\/wp-content\/uploads\/2025\/05\/kamin-floki-vasak-oxide-bianco.avif 500w\" sizes=\"(max-width: 150px) 100vw, 150px\" \/><\/a><p id=\"caption-attachment-82822\" class=\"wp-caption-text\"><strong>Kamin Floki vasak Oxide Bianco<\/strong><\/p><\/div>\n<p style=\"text-align: center;\">V\u00f5imsus: 3,5-11kW<br \/>\nK\u00f5rgus: 1783mm<br \/>\nLaius: 845mm<br \/>\nS\u00fcgavus: 565mm<br \/>\nKaal: 279kg<br \/>\nL\u00f5\u00f5ri m\u00f5\u00f5t: 160mm<br \/>\nSuitsugaasi temp: 270\u00b0C<br \/>\n<strong>Hind: 4888 EUR<\/strong><\/p>\n<\/div><\/div><\/div><div class=\"fusion-clearfix\"><\/div><\/div>\n<\/article>\n<article id=\"blog-1-post-82813\" class=\"fusion-post-grid post-82813 post type-post status-publish format-standard hentry category-takat-takat category-takat category-takat-kratki\">\n<div class=\"fusion-post-wrapper\" style=\"background-color:rgba(255,255,255,1);border:1px solid #a82c23;border-bottom-width:3px;\">\n\n<div class=\"fusion-post-content-wrapper\" style=\"padding:30px 25px 25px 25px;\"><div class=\"fusion-post-content post-content\"><h2 class=\"blog-shortcode-post-title entry-title\"><a href=\"https:\/\/www.kaminakeskus.ee\/fi\/kamin-floki-parem-oxide-bianco\/\">Kamin Floki parem Oxide Bianco<\/a><\/h2><div class=\"fusion-post-content-container\"><div id=\"attachment_82808\" style=\"width: 160px\" class=\"wp-caption aligncenter\"><a href=\"https:\/\/www.kaminakeskus.ee\/wp-content\/uploads\/2025\/05\/kamin-floki-parem-oxide-bianco-150x150.avif\"><img decoding=\"async\" aria-describedby=\"caption-attachment-82808\" class=\"size-thumbnail wp-image-82808\" src=\"https:\/\/www.kaminakeskus.ee\/wp-content\/uploads\/2025\/05\/kamin-floki-parem-oxide-bianco-150x150.avif\" alt=\"\" width=\"150\" height=\"150\" srcset=\"https:\/\/www.kaminakeskus.ee\/wp-content\/uploads\/2025\/05\/kamin-floki-parem-oxide-bianco-66x66.avif 66w, https:\/\/www.kaminakeskus.ee\/wp-content\/uploads\/2025\/05\/kamin-floki-parem-oxide-bianco-150x150.avif 150w, https:\/\/www.kaminakeskus.ee\/wp-content\/uploads\/2025\/05\/kamin-floki-parem-oxide-bianco-200x200.avif 200w, https:\/\/www.kaminakeskus.ee\/wp-content\/uploads\/2025\/05\/kamin-floki-parem-oxide-bianco-300x300.avif 300w, https:\/\/www.kaminakeskus.ee\/wp-content\/uploads\/2025\/05\/kamin-floki-parem-oxide-bianco-400x400.avif 400w, https:\/\/www.kaminakeskus.ee\/wp-content\/uploads\/2025\/05\/kamin-floki-parem-oxide-bianco.avif 500w\" sizes=\"(max-width: 150px) 100vw, 150px\" \/><\/a><p id=\"caption-attachment-82808\" class=\"wp-caption-text\"><strong>Kamin Floki parem Oxide Bianco<\/strong><\/p><\/div>\n<p style=\"text-align: center;\">V\u00f5imsus: 3,5-11kW<br \/>\nK\u00f5rgus: 1783mm<br \/>\nLaius: 845mm<br \/>\nS\u00fcgavus: 565mm<br \/>\nKaal: 279kg<br \/>\nL\u00f5\u00f5ri m\u00f5\u00f5t: 160mm<br \/>\nSuitsugaasi temp: 270<br \/>\n<strong>Hind: 4888 EUR<\/strong><\/p>\n<\/div><\/div><\/div><div class=\"fusion-clearfix\"><\/div><\/div>\n<\/article>\n<article id=\"blog-1-post-80298\" class=\"fusion-post-grid post-80298 post type-post status-publish format-standard hentry category-takat category-takat-kratki\">\n<div class=\"fusion-post-wrapper\" style=\"background-color:rgba(255,255,255,1);border:1px solid #a82c23;border-bottom-width:3px;\">\n\n<div class=\"fusion-post-content-wrapper\" style=\"padding:30px 25px 25px 25px;\"><div class=\"fusion-post-content post-content\"><h2 class=\"blog-shortcode-post-title entry-title\"><a href=\"https:\/\/www.kaminakeskus.ee\/fi\/kamin-kratki-skadi-hele-sisu\/\">Kamin Kratki Skadi hele sisu<\/a><\/h2><div class=\"fusion-post-content-container\"><div id=\"attachment_80293\" style=\"width: 160px\" class=\"wp-caption aligncenter\"><a href=\"https:\/\/www.kaminakeskus.ee\/wp-content\/uploads\/2024\/11\/kamin-kratki-skadi-hele-sisu-150x150.avif\"><img decoding=\"async\" aria-describedby=\"caption-attachment-80293\" class=\"size-thumbnail wp-image-80293\" src=\"https:\/\/www.kaminakeskus.ee\/wp-content\/uploads\/2024\/11\/kamin-kratki-skadi-hele-sisu-150x150.avif\" alt=\"\" width=\"150\" height=\"150\" srcset=\"https:\/\/www.kaminakeskus.ee\/wp-content\/uploads\/2024\/11\/kamin-kratki-skadi-hele-sisu-66x66.avif 66w, https:\/\/www.kaminakeskus.ee\/wp-content\/uploads\/2024\/11\/kamin-kratki-skadi-hele-sisu-150x150.avif 150w, https:\/\/www.kaminakeskus.ee\/wp-content\/uploads\/2024\/11\/kamin-kratki-skadi-hele-sisu-200x200.avif 200w, https:\/\/www.kaminakeskus.ee\/wp-content\/uploads\/2024\/11\/kamin-kratki-skadi-hele-sisu-300x300.avif 300w, https:\/\/www.kaminakeskus.ee\/wp-content\/uploads\/2024\/11\/kamin-kratki-skadi-hele-sisu-400x400.avif 400w, https:\/\/www.kaminakeskus.ee\/wp-content\/uploads\/2024\/11\/kamin-kratki-skadi-hele-sisu.avif 500w\" sizes=\"(max-width: 150px) 100vw, 150px\" \/><\/a><p id=\"caption-attachment-80293\" class=\"wp-caption-text\"><strong>Kamin Skadi hele sisu<\/strong><\/p><\/div>\n<p style=\"text-align: center;\">V\u00f5imsus: 5,5 kw<br \/>\nK\u00f5rgus: 1027 mm<br \/>\nLaius: 495 mm<br \/>\nS\u00fcgavus: 495 mm<br \/>\nL\u00f5\u00f5ri l\u00e4bim\u00f5\u00f5t: 150 mm<br \/>\nKaal: 117 kG<br \/>\n<strong>Hind: 2005 EUR<\/strong><\/p>\n<\/div><\/div><\/div><div class=\"fusion-clearfix\"><\/div><\/div>\n<\/article>\n<article id=\"blog-1-post-80289\" class=\"fusion-post-grid post-80289 post type-post status-publish format-standard hentry category-takat category-takat-kratki\">\n<div class=\"fusion-post-wrapper\" style=\"background-color:rgba(255,255,255,1);border:1px solid #a82c23;border-bottom-width:3px;\">\n\n<div class=\"fusion-post-content-wrapper\" style=\"padding:30px 25px 25px 25px;\"><div class=\"fusion-post-content post-content\"><h2 class=\"blog-shortcode-post-title entry-title\"><a href=\"https:\/\/www.kaminakeskus.ee\/fi\/kamin-kratki-skadi-must-sisu\/\">Kamin Kratki Skadi must sisu<\/a><\/h2><div class=\"fusion-post-content-container\"><div id=\"attachment_80284\" style=\"width: 160px\" class=\"wp-caption aligncenter\"><a href=\"https:\/\/www.kaminakeskus.ee\/wp-content\/uploads\/2024\/11\/kamin-kratki-skadi-150x150.avif\"><img decoding=\"async\" aria-describedby=\"caption-attachment-80284\" class=\"wp-image-80284 size-thumbnail\" title=\"Kamin Skadi must sisu\" src=\"https:\/\/www.kaminakeskus.ee\/wp-content\/uploads\/2024\/11\/kamin-kratki-skadi-150x150.avif\" alt=\"Kamin Skadi must sisu\" width=\"150\" height=\"150\" srcset=\"https:\/\/www.kaminakeskus.ee\/wp-content\/uploads\/2024\/11\/kamin-kratki-skadi-66x66.avif 66w, https:\/\/www.kaminakeskus.ee\/wp-content\/uploads\/2024\/11\/kamin-kratki-skadi-150x150.avif 150w, https:\/\/www.kaminakeskus.ee\/wp-content\/uploads\/2024\/11\/kamin-kratki-skadi-200x200.avif 200w, https:\/\/www.kaminakeskus.ee\/wp-content\/uploads\/2024\/11\/kamin-kratki-skadi-300x300.avif 300w, https:\/\/www.kaminakeskus.ee\/wp-content\/uploads\/2024\/11\/kamin-kratki-skadi-400x400.avif 400w, https:\/\/www.kaminakeskus.ee\/wp-content\/uploads\/2024\/11\/kamin-kratki-skadi.avif 500w\" sizes=\"(max-width: 150px) 100vw, 150px\" \/><\/a><p id=\"caption-attachment-80284\" class=\"wp-caption-text\"><strong>Kamin Skadi must sisu<\/strong><\/p><\/div>\n<p style=\"text-align: center;\">V\u00f5imsus: 5,5kW<br \/>\nK\u00f5rgus: 1027mm<br \/>\nLaius: 495mm<br \/>\nS\u00fcgavus: 495mm<br \/>\nL\u00f5\u00f5ri l\u00e4bim\u00f5\u00f5t: 150mm<br \/>\nKaal: 117kg<br \/>\n<strong>Hind: 2105 EUR<\/strong><\/p>\n<\/div><\/div><\/div><div class=\"fusion-clearfix\"><\/div><\/div>\n<\/article>\n<article id=\"blog-1-post-79395\" class=\"fusion-post-grid post-79395 post type-post status-publish format-standard hentry category-takat category-takat-takat category-takat-kratki\">\n<div class=\"fusion-post-wrapper\" style=\"background-color:rgba(255,255,255,1);border:1px solid #a82c23;border-bottom-width:3px;\">\n\n<div class=\"fusion-post-content-wrapper\" style=\"padding:30px 25px 25px 25px;\"><div class=\"fusion-post-content post-content\"><h2 class=\"blog-shortcode-post-title entry-title\"><a href=\"https:\/\/www.kaminakeskus.ee\/fi\/kamin-erik-must\/\">Kamin Erik must<\/a><\/h2><div class=\"fusion-post-content-container\"><div id=\"attachment_79390\" style=\"width: 160px\" class=\"wp-caption aligncenter\"><a href=\"https:\/\/www.kaminakeskus.ee\/wp-content\/uploads\/2024\/09\/kamin-erik-must-150x150.avif\"><img decoding=\"async\" aria-describedby=\"caption-attachment-79390\" class=\"size-thumbnail wp-image-79390\" src=\"https:\/\/www.kaminakeskus.ee\/wp-content\/uploads\/2024\/09\/kamin-erik-must-150x150.avif\" alt=\"\" width=\"150\" height=\"150\" srcset=\"https:\/\/www.kaminakeskus.ee\/wp-content\/uploads\/2024\/09\/kamin-erik-must-66x66.avif 66w, https:\/\/www.kaminakeskus.ee\/wp-content\/uploads\/2024\/09\/kamin-erik-must-150x150.avif 150w, https:\/\/www.kaminakeskus.ee\/wp-content\/uploads\/2024\/09\/kamin-erik-must-200x200.avif 200w, https:\/\/www.kaminakeskus.ee\/wp-content\/uploads\/2024\/09\/kamin-erik-must-300x300.avif 300w, https:\/\/www.kaminakeskus.ee\/wp-content\/uploads\/2024\/09\/kamin-erik-must-400x400.avif 400w, https:\/\/www.kaminakeskus.ee\/wp-content\/uploads\/2024\/09\/kamin-erik-must.avif 500w\" sizes=\"(max-width: 150px) 100vw, 150px\" \/><\/a><p id=\"caption-attachment-79390\" class=\"wp-caption-text\"><strong>Kamin Erik must<\/strong><\/p><\/div>\n<p style=\"text-align: center;\">V\u00f5imsus: 2,8-8,5 kw<br \/>\nK\u00f5rgus: 1039 mm<br \/>\nLaius: 528 mm<br \/>\nS\u00fcgavus: 422 mm<br \/>\nL\u00f5\u00f5ri l\u00e4bim\u00f5\u00f5t: 150 mm<br \/>\nKaal: 113 kG<br \/>\n<strong>Hind: 1889 EUR<\/strong><\/p>\n<\/div><\/div><\/div><div class=\"fusion-clearfix\"><\/div><\/div>\n<\/article>\n<article id=\"blog-1-post-79386\" class=\"fusion-post-grid post-79386 post type-post status-publish format-standard hentry category-takat-takat category-takat category-takat-kratki\">\n<div class=\"fusion-post-wrapper\" style=\"background-color:rgba(255,255,255,1);border:1px solid #a82c23;border-bottom-width:3px;\">\n\n<div class=\"fusion-post-content-wrapper\" style=\"padding:30px 25px 25px 25px;\"><div class=\"fusion-post-content post-content\"><h2 class=\"blog-shortcode-post-title entry-title\"><a href=\"https:\/\/www.kaminakeskus.ee\/fi\/kamin-erik-serpentino\/\">Kamin Erik serpentino<\/a><\/h2><div class=\"fusion-post-content-container\"><div id=\"attachment_79381\" style=\"width: 160px\" class=\"wp-caption aligncenter\"><a href=\"https:\/\/www.kaminakeskus.ee\/wp-content\/uploads\/2024\/09\/kamin-erik-serpentino-150x150.avif\"><img decoding=\"async\" aria-describedby=\"caption-attachment-79381\" class=\"wp-image-79381 size-thumbnail\" title=\"Kamin Erik serpentino\" src=\"https:\/\/www.kaminakeskus.ee\/wp-content\/uploads\/2024\/09\/kamin-erik-serpentino-150x150.avif\" alt=\"Kamin Erik serpentino\" width=\"150\" height=\"150\" srcset=\"https:\/\/www.kaminakeskus.ee\/wp-content\/uploads\/2024\/09\/kamin-erik-serpentino-66x66.avif 66w, https:\/\/www.kaminakeskus.ee\/wp-content\/uploads\/2024\/09\/kamin-erik-serpentino-150x150.avif 150w, https:\/\/www.kaminakeskus.ee\/wp-content\/uploads\/2024\/09\/kamin-erik-serpentino-200x200.avif 200w, https:\/\/www.kaminakeskus.ee\/wp-content\/uploads\/2024\/09\/kamin-erik-serpentino-300x300.avif 300w, https:\/\/www.kaminakeskus.ee\/wp-content\/uploads\/2024\/09\/kamin-erik-serpentino-400x400.avif 400w, https:\/\/www.kaminakeskus.ee\/wp-content\/uploads\/2024\/09\/kamin-erik-serpentino.avif 500w\" sizes=\"(max-width: 150px) 100vw, 150px\" \/><\/a><p id=\"caption-attachment-79381\" class=\"wp-caption-text\"><strong>Kamin Erik serpentino<\/strong><\/p><\/div>\n<p style=\"text-align: center;\">V\u00f5imsus: 2,8-8,5kW<br \/>\nK\u00f5rgus: 1039mm<br \/>\nLaius: 528mm<br \/>\nS\u00fcgavus: 422mm<br \/>\nL\u00f5\u00f5ri l\u00e4bim\u00f5\u00f5t: 150mm<br \/>\nKaal: 161kg<br \/>\n<strong>Hind: 2199 EUR<\/strong><\/p>\n<\/div><\/div><\/div><div class=\"fusion-clearfix\"><\/div><\/div>\n<\/article>\n<article id=\"blog-1-post-79377\" class=\"fusion-post-grid post-79377 post type-post status-publish format-standard hentry category-takat category-takat-takat category-takat-kratki\">\n<div class=\"fusion-post-wrapper\" style=\"background-color:rgba(255,255,255,1);border:1px solid #a82c23;border-bottom-width:3px;\">\n\n<div class=\"fusion-post-content-wrapper\" style=\"padding:30px 25px 25px 25px;\"><div class=\"fusion-post-content post-content\"><h2 class=\"blog-shortcode-post-title entry-title\"><a href=\"https:\/\/www.kaminakeskus.ee\/fi\/kamin-kratki-erik-kuld-satiin\/\">Kamin Kratki Erik kuld satiin<\/a><\/h2><div class=\"fusion-post-content-container\"><div id=\"attachment_79372\" style=\"width: 160px\" class=\"wp-caption aligncenter\"><a href=\"https:\/\/www.kaminakeskus.ee\/wp-content\/uploads\/2024\/09\/kamin-erik-kuld-satiin-150x150.avif\"><img decoding=\"async\" aria-describedby=\"caption-attachment-79372\" class=\"wp-image-79372 size-thumbnail\" title=\"Kamin Kratki Erik kuld satiin\" src=\"https:\/\/www.kaminakeskus.ee\/wp-content\/uploads\/2024\/09\/kamin-erik-kuld-satiin-150x150.avif\" alt=\"Kamin Kratki Erik kuld satiin\" width=\"150\" height=\"150\" srcset=\"https:\/\/www.kaminakeskus.ee\/wp-content\/uploads\/2024\/09\/kamin-erik-kuld-satiin-66x66.avif 66w, https:\/\/www.kaminakeskus.ee\/wp-content\/uploads\/2024\/09\/kamin-erik-kuld-satiin-150x150.avif 150w, https:\/\/www.kaminakeskus.ee\/wp-content\/uploads\/2024\/09\/kamin-erik-kuld-satiin-200x200.avif 200w, https:\/\/www.kaminakeskus.ee\/wp-content\/uploads\/2024\/09\/kamin-erik-kuld-satiin-300x300.avif 300w, https:\/\/www.kaminakeskus.ee\/wp-content\/uploads\/2024\/09\/kamin-erik-kuld-satiin-400x400.avif 400w, https:\/\/www.kaminakeskus.ee\/wp-content\/uploads\/2024\/09\/kamin-erik-kuld-satiin.avif 500w\" sizes=\"(max-width: 150px) 100vw, 150px\" \/><\/a><p id=\"caption-attachment-79372\" class=\"wp-caption-text\"><strong>Kamin Erik kuld satiin<\/strong><\/p><\/div>\n<p style=\"text-align: center;\">V\u00f5imsus: 2,8-8,5kw<br \/>\nK\u00f5rgus: 1039mm<br \/>\nLaius: 528mm<br \/>\nS\u00fcgavus: 422mm<br \/>\nL\u00f5\u00f5ri l\u00e4bim\u00f5\u00f5t: 150mm<br \/>\nKaal: 161kg<br \/>\n<strong>Hind: 2199 EUR<\/strong><\/p>\n<\/div><\/div><\/div><div class=\"fusion-clearfix\"><\/div><\/div>\n<\/article>\n<article id=\"blog-1-post-79368\" class=\"fusion-post-grid post-79368 post type-post status-publish format-standard hentry category-takat category-takat-takat category-takat-kratki\">\n<div class=\"fusion-post-wrapper\" style=\"background-color:rgba(255,255,255,1);border:1px solid #a82c23;border-bottom-width:3px;\">\n\n<div class=\"fusion-post-content-wrapper\" style=\"padding:30px 25px 25px 25px;\"><div class=\"fusion-post-content post-content\"><h2 class=\"blog-shortcode-post-title entry-title\"><a href=\"https:\/\/www.kaminakeskus.ee\/fi\/kamin-kratki-erik-grafiit-satiin\/\">Kamin Kratki Erik grafiit satiin<\/a><\/h2><div class=\"fusion-post-content-container\"><div id=\"attachment_79363\" style=\"width: 160px\" class=\"wp-caption aligncenter\"><a href=\"https:\/\/www.kaminakeskus.ee\/wp-content\/uploads\/2024\/09\/kamin-erik-grafiit-satiin-150x150.avif\"><img decoding=\"async\" aria-describedby=\"caption-attachment-79363\" class=\"wp-image-79363 size-thumbnail\" title=\"Kamin Kratki Erik grafiit satiin\" src=\"https:\/\/www.kaminakeskus.ee\/wp-content\/uploads\/2024\/09\/kamin-erik-grafiit-satiin-150x150.avif\" alt=\"Kamin Kratki Erik grafiit satiin\" width=\"150\" height=\"150\" srcset=\"https:\/\/www.kaminakeskus.ee\/wp-content\/uploads\/2024\/09\/kamin-erik-grafiit-satiin-66x66.avif 66w, https:\/\/www.kaminakeskus.ee\/wp-content\/uploads\/2024\/09\/kamin-erik-grafiit-satiin-150x150.avif 150w, https:\/\/www.kaminakeskus.ee\/wp-content\/uploads\/2024\/09\/kamin-erik-grafiit-satiin-200x200.avif 200w, https:\/\/www.kaminakeskus.ee\/wp-content\/uploads\/2024\/09\/kamin-erik-grafiit-satiin-300x300.avif 300w, https:\/\/www.kaminakeskus.ee\/wp-content\/uploads\/2024\/09\/kamin-erik-grafiit-satiin-400x400.avif 400w, https:\/\/www.kaminakeskus.ee\/wp-content\/uploads\/2024\/09\/kamin-erik-grafiit-satiin.avif 500w\" sizes=\"(max-width: 150px) 100vw, 150px\" \/><\/a><p id=\"caption-attachment-79363\" class=\"wp-caption-text\"><strong>Kamin Erik grafiit satiin<\/strong><\/p><\/div>\n<p style=\"text-align: center;\">V\u00f5imsus: 2,8-8,5kW<br \/>\nK\u00f5rgus: 1039mm<br \/>\nLaius: 528mm<br \/>\nS\u00fcgavus: 422mm<br \/>\nL\u00f5\u00f5ri l\u00e4bim\u00f5\u00f5t: 150mm<br \/>\nKaal: 161kg<br \/>\n<strong>Hind: 2199 EUR<\/strong><\/p>\n<\/div><\/div><\/div><div class=\"fusion-clearfix\"><\/div><\/div>\n<\/article>\n<article id=\"blog-1-post-79346\" class=\"fusion-post-grid post-79346 post type-post status-publish format-standard hentry category-takat category-takat-takat category-takat-kratki\">\n<div class=\"fusion-post-wrapper\" style=\"background-color:rgba(255,255,255,1);border:1px solid #a82c23;border-bottom-width:3px;\">\n\n<div class=\"fusion-post-content-wrapper\" style=\"padding:30px 25px 25px 25px;\"><div class=\"fusion-post-content post-content\"><h2 class=\"blog-shortcode-post-title entry-title\"><a href=\"https:\/\/www.kaminakeskus.ee\/fi\/kamin-erik-valge\/\">Kamin Erik valge<\/a><\/h2><div class=\"fusion-post-content-container\"><div id=\"attachment_79341\" style=\"width: 160px\" class=\"wp-caption aligncenter\"><a href=\"https:\/\/www.kaminakeskus.ee\/wp-content\/uploads\/2024\/09\/kamin-kratki-erik-valge-naturaalne-150x150.avif\"><img decoding=\"async\" aria-describedby=\"caption-attachment-79341\" class=\"wp-image-79341 size-thumbnail\" title=\"Kamin Erik valge\" src=\"https:\/\/www.kaminakeskus.ee\/wp-content\/uploads\/2024\/09\/kamin-kratki-erik-valge-naturaalne-150x150.avif\" alt=\"Kamin Erik valge\" width=\"150\" height=\"150\" srcset=\"https:\/\/www.kaminakeskus.ee\/wp-content\/uploads\/2024\/09\/kamin-kratki-erik-valge-naturaalne-66x66.avif 66w, https:\/\/www.kaminakeskus.ee\/wp-content\/uploads\/2024\/09\/kamin-kratki-erik-valge-naturaalne-150x150.avif 150w, https:\/\/www.kaminakeskus.ee\/wp-content\/uploads\/2024\/09\/kamin-kratki-erik-valge-naturaalne-200x200.avif 200w, https:\/\/www.kaminakeskus.ee\/wp-content\/uploads\/2024\/09\/kamin-kratki-erik-valge-naturaalne-300x300.avif 300w, https:\/\/www.kaminakeskus.ee\/wp-content\/uploads\/2024\/09\/kamin-kratki-erik-valge-naturaalne-400x400.avif 400w, https:\/\/www.kaminakeskus.ee\/wp-content\/uploads\/2024\/09\/kamin-kratki-erik-valge-naturaalne.avif 500w\" sizes=\"(max-width: 150px) 100vw, 150px\" \/><\/a><p id=\"caption-attachment-79341\" class=\"wp-caption-text\"><strong>Kamin Erik valge<\/strong><\/p><\/div>\n<p style=\"text-align: center;\">V\u00f5imsus: 2,8-8,5kw<br \/>\nK\u00f5rgus: 1039mm<br \/>\nLaius: 528mm<br \/>\nS\u00fcgavus: 422mm<br \/>\nL\u00f5\u00f5ri l\u00e4bim\u00f5\u00f5t: 150mm<br \/>\nKaal: 161kg<br \/>\n<strong>Hind: 2199 EUR<\/strong><\/p>\n<\/div><\/div><\/div><div class=\"fusion-clearfix\"><\/div><\/div>\n<\/article>\n<article id=\"blog-1-post-79333\" class=\"fusion-post-grid post-79333 post type-post status-publish format-standard hentry category-takat category-takat-takat category-takat-kratki\">\n<div class=\"fusion-post-wrapper\" style=\"background-color:rgba(255,255,255,1);border:1px solid #a82c23;border-bottom-width:3px;\">\n\n<div class=\"fusion-post-content-wrapper\" style=\"padding:30px 25px 25px 25px;\"><div class=\"fusion-post-content post-content\"><h2 class=\"blog-shortcode-post-title entry-title\"><a href=\"https:\/\/www.kaminakeskus.ee\/fi\/kamin-erik-valge-satiin\/\">Kamin Erik valge satiin<\/a><\/h2><div class=\"fusion-post-content-container\"><div id=\"attachment_79328\" style=\"width: 160px\" class=\"wp-caption aligncenter\"><a href=\"https:\/\/www.kaminakeskus.ee\/wp-content\/uploads\/2024\/09\/kamin-erik-valge-satiin-150x150.avif\"><img decoding=\"async\" aria-describedby=\"caption-attachment-79328\" class=\"wp-image-79328 size-thumbnail\" src=\"https:\/\/www.kaminakeskus.ee\/wp-content\/uploads\/2024\/09\/kamin-erik-valge-satiin-150x150.avif\" alt=\"\" width=\"150\" height=\"150\" srcset=\"https:\/\/www.kaminakeskus.ee\/wp-content\/uploads\/2024\/09\/kamin-erik-valge-satiin-66x66.avif 66w, https:\/\/www.kaminakeskus.ee\/wp-content\/uploads\/2024\/09\/kamin-erik-valge-satiin-150x150.avif 150w, https:\/\/www.kaminakeskus.ee\/wp-content\/uploads\/2024\/09\/kamin-erik-valge-satiin-200x200.avif 200w, https:\/\/www.kaminakeskus.ee\/wp-content\/uploads\/2024\/09\/kamin-erik-valge-satiin-300x300.avif 300w, https:\/\/www.kaminakeskus.ee\/wp-content\/uploads\/2024\/09\/kamin-erik-valge-satiin-400x400.avif 400w, https:\/\/www.kaminakeskus.ee\/wp-content\/uploads\/2024\/09\/kamin-erik-valge-satiin.avif 500w\" sizes=\"(max-width: 150px) 100vw, 150px\" \/><\/a><p id=\"caption-attachment-79328\" class=\"wp-caption-text\"><strong>Kamin Erik valge satiin<\/strong><\/p><\/div>\n<p style=\"text-align: center;\">V\u00f5imsus: 2,8-8,5 kw<br \/>\nK\u00f5rgus: 1039 mm<br \/>\nLaius: 528 mm<br \/>\nS\u00fcgavus: 422 mm<br \/>\nL\u00f5\u00f5ri l\u00e4bim\u00f5\u00f5t: 150 mm<br \/>\nKaal: 161 kG<br \/>\n<strong>Hind: 2199 EUR<\/strong><\/p>\n<\/div><\/div><\/div><div class=\"fusion-clearfix\"><\/div><\/div>\n<\/article>\n<article id=\"blog-1-post-75898\" class=\"fusion-post-grid post-75898 post type-post status-publish format-standard hentry category-takat-takat category-takat-kratki\">\n<div class=\"fusion-post-wrapper\" style=\"background-color:rgba(255,255,255,1);border:1px solid #a82c23;border-bottom-width:3px;\">\n\n<div class=\"fusion-post-content-wrapper\" style=\"padding:30px 25px 25px 25px;\"><div class=\"fusion-post-content post-content\"><h2 class=\"blog-shortcode-post-title entry-title\"><a href=\"https:\/\/www.kaminakeskus.ee\/fi\/kamin-kratki-enyo-r\/\">Kamin Kratki Enyo R<\/a><\/h2><div class=\"fusion-post-content-container\"><div id=\"attachment_75887\" style=\"width: 160px\" class=\"wp-caption aligncenter\"><a href=\"https:\/\/www.kaminakeskus.ee\/wp-content\/uploads\/2024\/04\/kamin_kratki_enyo_r-150x150.avif\"><img decoding=\"async\" aria-describedby=\"caption-attachment-75887\" class=\"size-thumbnail wp-image-75887\" src=\"https:\/\/www.kaminakeskus.ee\/wp-content\/uploads\/2024\/04\/kamin_kratki_enyo_r-150x150.avif\" alt=\"\" width=\"150\" height=\"150\" srcset=\"https:\/\/www.kaminakeskus.ee\/wp-content\/uploads\/2024\/04\/kamin_kratki_enyo_r-66x66.avif 66w, https:\/\/www.kaminakeskus.ee\/wp-content\/uploads\/2024\/04\/kamin_kratki_enyo_r-150x150.avif 150w, https:\/\/www.kaminakeskus.ee\/wp-content\/uploads\/2024\/04\/kamin_kratki_enyo_r-200x200.avif 200w, https:\/\/www.kaminakeskus.ee\/wp-content\/uploads\/2024\/04\/kamin_kratki_enyo_r-300x300.avif 300w, https:\/\/www.kaminakeskus.ee\/wp-content\/uploads\/2024\/04\/kamin_kratki_enyo_r-400x400.avif 400w, https:\/\/www.kaminakeskus.ee\/wp-content\/uploads\/2024\/04\/kamin_kratki_enyo_r.avif 500w\" sizes=\"(max-width: 150px) 100vw, 150px\" \/><\/a><p id=\"caption-attachment-75887\" class=\"wp-caption-text\"><strong>Kamin Enyo R<\/strong><\/p><\/div>\n<p style=\"text-align: center;\">V\u00f5imsus: 6-10 kW<br \/>\nK\u00f5rgus: 1128mm<br \/>\nLaius: 509mm<br \/>\nS\u00fcgavus: 434mm<br \/>\nL\u00f5\u00f5ri l\u00e4bim\u00f5\u00f5t: 150mm<br \/>\n\u00dchendus: Pealt\/tagant<br \/>\nSuitsugaasid: 220\u00b0C<br \/>\nKaal: 170kg<br \/>\n<strong>Hind: 2160 EUR<\/strong><\/p>\n<\/div><\/div><\/div><div class=\"fusion-clearfix\"><\/div><\/div>\n<\/article>\n<article id=\"blog-1-post-75883\" class=\"fusion-post-grid post-75883 post type-post status-publish format-standard hentry category-takat-takat category-takat-kratki\">\n<div class=\"fusion-post-wrapper\" style=\"background-color:rgba(255,255,255,1);border:1px solid #a82c23;border-bottom-width:3px;\">\n\n<div class=\"fusion-post-content-wrapper\" style=\"padding:30px 25px 25px 25px;\"><div class=\"fusion-post-content post-content\"><h2 class=\"blog-shortcode-post-title entry-title\"><a href=\"https:\/\/www.kaminakeskus.ee\/fi\/kamin-kratki-enyo\/\">Kamin Kratki Enyo<\/a><\/h2><div class=\"fusion-post-content-container\"><div id=\"attachment_75878\" style=\"width: 160px\" class=\"wp-caption aligncenter\"><a href=\"https:\/\/www.kaminakeskus.ee\/wp-content\/uploads\/2024\/04\/kamin_kratki_enyo-150x150.avif\"><img decoding=\"async\" aria-describedby=\"caption-attachment-75878\" class=\"size-thumbnail wp-image-75878\" src=\"https:\/\/www.kaminakeskus.ee\/wp-content\/uploads\/2024\/04\/kamin_kratki_enyo-150x150.avif\" alt=\"\" width=\"150\" height=\"150\" srcset=\"https:\/\/www.kaminakeskus.ee\/wp-content\/uploads\/2024\/04\/kamin_kratki_enyo-66x66.avif 66w, https:\/\/www.kaminakeskus.ee\/wp-content\/uploads\/2024\/04\/kamin_kratki_enyo-150x150.avif 150w, https:\/\/www.kaminakeskus.ee\/wp-content\/uploads\/2024\/04\/kamin_kratki_enyo-200x200.avif 200w, https:\/\/www.kaminakeskus.ee\/wp-content\/uploads\/2024\/04\/kamin_kratki_enyo-300x300.avif 300w, https:\/\/www.kaminakeskus.ee\/wp-content\/uploads\/2024\/04\/kamin_kratki_enyo-400x400.avif 400w, https:\/\/www.kaminakeskus.ee\/wp-content\/uploads\/2024\/04\/kamin_kratki_enyo.avif 500w\" sizes=\"(max-width: 150px) 100vw, 150px\" \/><\/a><p id=\"caption-attachment-75878\" class=\"wp-caption-text\"><strong>Kamin Enyo<\/strong><\/p><\/div>\n<p style=\"text-align: center;\">V\u00f5imsus: 6-10 kW<br \/>\nK\u00f5rgus: 1128mm<br \/>\nLaius: 501mm<br \/>\nS\u00fcgavus: 391mm<br \/>\nL\u00f5\u00f5ri l\u00e4bim\u00f5\u00f5t: 150mm<br \/>\n\u00dchendus: Pealt\/tagant<br \/>\nSuitsugaasid: 220\u00b0C<br \/>\nKaal: 179kg<br \/>\n<strong>Hind: 1940 EUR<\/strong><\/p>\n<\/div><\/div><\/div><div class=\"fusion-clearfix\"><\/div><\/div>\n<\/article>\n<article id=\"blog-1-post-75874\" class=\"fusion-post-grid post-75874 post type-post status-publish format-standard hentry category-takat-takat category-takat-kratki\">\n<div class=\"fusion-post-wrapper\" style=\"background-color:rgba(255,255,255,1);border:1px solid #a82c23;border-bottom-width:3px;\">\n\n<div class=\"fusion-post-content-wrapper\" style=\"padding:30px 25px 25px 25px;\"><div class=\"fusion-post-content post-content\"><h2 class=\"blog-shortcode-post-title entry-title\"><a href=\"https:\/\/www.kaminakeskus.ee\/fi\/kamin-kratki-inga\/\">Kamin Kratki Inga<\/a><\/h2><div class=\"fusion-post-content-container\"><div id=\"attachment_75869\" style=\"width: 160px\" class=\"wp-caption aligncenter\"><a href=\"https:\/\/www.kaminakeskus.ee\/wp-content\/uploads\/2024\/04\/kamin_kratki_inga-150x150.avif\"><img decoding=\"async\" aria-describedby=\"caption-attachment-75869\" class=\"size-thumbnail wp-image-75869\" src=\"https:\/\/www.kaminakeskus.ee\/wp-content\/uploads\/2024\/04\/kamin_kratki_inga-150x150.avif\" alt=\"\" width=\"150\" height=\"150\" srcset=\"https:\/\/www.kaminakeskus.ee\/wp-content\/uploads\/2024\/04\/kamin_kratki_inga-66x66.avif 66w, https:\/\/www.kaminakeskus.ee\/wp-content\/uploads\/2024\/04\/kamin_kratki_inga-150x150.avif 150w, https:\/\/www.kaminakeskus.ee\/wp-content\/uploads\/2024\/04\/kamin_kratki_inga-200x200.avif 200w, https:\/\/www.kaminakeskus.ee\/wp-content\/uploads\/2024\/04\/kamin_kratki_inga-300x300.avif 300w, https:\/\/www.kaminakeskus.ee\/wp-content\/uploads\/2024\/04\/kamin_kratki_inga-400x400.avif 400w, https:\/\/www.kaminakeskus.ee\/wp-content\/uploads\/2024\/04\/kamin_kratki_inga.avif 500w\" sizes=\"(max-width: 150px) 100vw, 150px\" \/><\/a><p id=\"caption-attachment-75869\" class=\"wp-caption-text\"><strong>Kamin Inga<\/strong><\/p><\/div>\n<p style=\"text-align: center;\">V\u00f5imsus: 8-11 kW<br \/>\nK\u00f5rgus: 1466mm<br \/>\nLaius: 538mm<br \/>\nS\u00fcgavus: 468mm<br \/>\nL\u00f5\u00f5ri l\u00e4bim\u00f5\u00f5t: 150mm<br \/>\n\u00dchendus: Pealt\/tagant<br \/>\nSuitsugaasid: 300\u00b0C<br \/>\nKaal: 203kg<br \/>\n<strong>Hind: 2599 EUR<br \/>\n<\/strong><\/p>\n<\/div><\/div><\/div><div class=\"fusion-clearfix\"><\/div><\/div>\n<\/article>\n<article id=\"blog-1-post-75865\" class=\"fusion-post-grid post-75865 post type-post status-publish format-standard hentry category-takat-takat category-takat-kratki\">\n<div class=\"fusion-post-wrapper\" style=\"background-color:rgba(255,255,255,1);border:1px solid #a82c23;border-bottom-width:3px;\">\n\n<div class=\"fusion-post-content-wrapper\" style=\"padding:30px 25px 25px 25px;\"><div class=\"fusion-post-content post-content\"><h2 class=\"blog-shortcode-post-title entry-title\"><a href=\"https:\/\/www.kaminakeskus.ee\/fi\/kamin-kratki-tofa\/\">Kamin Kratki Tofa<\/a><\/h2><div class=\"fusion-post-content-container\"><div id=\"attachment_75860\" style=\"width: 160px\" class=\"wp-caption aligncenter\"><a href=\"https:\/\/www.kaminakeskus.ee\/wp-content\/uploads\/2024\/04\/kamin_kratki_tofa-150x150.avif\"><img decoding=\"async\" aria-describedby=\"caption-attachment-75860\" class=\"size-thumbnail wp-image-75860\" src=\"https:\/\/www.kaminakeskus.ee\/wp-content\/uploads\/2024\/04\/kamin_kratki_tofa-150x150.avif\" alt=\"\" width=\"150\" height=\"150\" srcset=\"https:\/\/www.kaminakeskus.ee\/wp-content\/uploads\/2024\/04\/kamin_kratki_tofa-66x66.avif 66w, https:\/\/www.kaminakeskus.ee\/wp-content\/uploads\/2024\/04\/kamin_kratki_tofa-150x150.avif 150w, https:\/\/www.kaminakeskus.ee\/wp-content\/uploads\/2024\/04\/kamin_kratki_tofa-200x200.avif 200w, https:\/\/www.kaminakeskus.ee\/wp-content\/uploads\/2024\/04\/kamin_kratki_tofa-300x300.avif 300w, https:\/\/www.kaminakeskus.ee\/wp-content\/uploads\/2024\/04\/kamin_kratki_tofa-400x400.avif 400w, https:\/\/www.kaminakeskus.ee\/wp-content\/uploads\/2024\/04\/kamin_kratki_tofa.avif 500w\" sizes=\"(max-width: 150px) 100vw, 150px\" \/><\/a><p id=\"caption-attachment-75860\" class=\"wp-caption-text\"><strong>Kamin Tofa<\/strong><\/p><\/div>\n<p style=\"text-align: center;\">V\u00f5imsus: 6-10 kW<br \/>\nK\u00f5rgus: 1262mm<br \/>\nLaius: 589mm<br \/>\nS\u00fcgavus: 500mm<br \/>\nL\u00f5\u00f5ri l\u00e4bim\u00f5\u00f5t: 150mm<br \/>\n\u00dchendus: Pealt\/tagant<br \/>\nSuitsugaasid: 280\u00b0C<br \/>\nKaal: 162kg<br \/>\n<strong>Hind: 2140 EUR<br \/>\nHeleda sisuga: 2030 EUR<\/strong><\/p>\n<\/div><\/div><\/div><div class=\"fusion-clearfix\"><\/div><\/div>\n<\/article>\n<article id=\"blog-1-post-75848\" class=\"fusion-post-grid post-75848 post type-post status-publish format-standard hentry category-takat-takat category-takat-kratki\">\n<div class=\"fusion-post-wrapper\" style=\"background-color:rgba(255,255,255,1);border:1px solid #a82c23;border-bottom-width:3px;\">\n\n<div class=\"fusion-post-content-wrapper\" style=\"padding:30px 25px 25px 25px;\"><div class=\"fusion-post-content post-content\"><h2 class=\"blog-shortcode-post-title entry-title\"><a href=\"https:\/\/www.kaminakeskus.ee\/fi\/kamin-kratki-runa\/\">Kamin kratki Runa<\/a><\/h2><div class=\"fusion-post-content-container\"><div id=\"attachment_75843\" style=\"width: 160px\" class=\"wp-caption aligncenter\"><a href=\"https:\/\/www.kaminakeskus.ee\/wp-content\/uploads\/2024\/04\/kamin_kratki_runa-150x150.avif\"><img decoding=\"async\" aria-describedby=\"caption-attachment-75843\" class=\"size-thumbnail wp-image-75843\" src=\"https:\/\/www.kaminakeskus.ee\/wp-content\/uploads\/2024\/04\/kamin_kratki_runa-150x150.avif\" alt=\"\" width=\"150\" height=\"150\" srcset=\"https:\/\/www.kaminakeskus.ee\/wp-content\/uploads\/2024\/04\/kamin_kratki_runa-66x66.avif 66w, https:\/\/www.kaminakeskus.ee\/wp-content\/uploads\/2024\/04\/kamin_kratki_runa-150x150.avif 150w, https:\/\/www.kaminakeskus.ee\/wp-content\/uploads\/2024\/04\/kamin_kratki_runa-200x200.avif 200w, https:\/\/www.kaminakeskus.ee\/wp-content\/uploads\/2024\/04\/kamin_kratki_runa-300x300.avif 300w, https:\/\/www.kaminakeskus.ee\/wp-content\/uploads\/2024\/04\/kamin_kratki_runa-400x400.avif 400w, https:\/\/www.kaminakeskus.ee\/wp-content\/uploads\/2024\/04\/kamin_kratki_runa.avif 500w\" sizes=\"(max-width: 150px) 100vw, 150px\" \/><\/a><p id=\"caption-attachment-75843\" class=\"wp-caption-text\"><strong>Kamin Runa<\/strong><\/p><\/div>\n<p style=\"text-align: center;\">V\u00f5imsus: 6-10 kW<br \/>\nK\u00f5rgus: 1252mm<br \/>\nLaius: 592mm<br \/>\nS\u00fcgavus: 516mm<br \/>\nL\u00f5\u00f5ri l\u00e4bim\u00f5\u00f5t: 150mm<br \/>\n\u00dchendus: Pealt\/tagant<br \/>\nSuitsugaasid: 280\u00b0C<br \/>\nKaal: 180kg<br \/>\n<strong>Hind: 2030 EUR<br \/>\nMusta sisuga: 2140 EUR<\/strong><\/p>\n<\/div><\/div><\/div><div class=\"fusion-clearfix\"><\/div><\/div>\n<\/article>\n<article id=\"blog-1-post-75620\" class=\"fusion-post-grid post-75620 post type-post status-publish format-standard hentry category-takat-takat category-takat-kratki\">\n<div class=\"fusion-post-wrapper\" style=\"background-color:rgba(255,255,255,1);border:1px solid #a82c23;border-bottom-width:3px;\">\n\n<div class=\"fusion-post-content-wrapper\" style=\"padding:30px 25px 25px 25px;\"><div class=\"fusion-post-content post-content\"><h2 class=\"blog-shortcode-post-title entry-title\"><a href=\"https:\/\/www.kaminakeskus.ee\/fi\/nurgakamin-tora-m-valge\/\">Nurgakamin Tora M valge<\/a><\/h2><div class=\"fusion-post-content-container\"><div id=\"attachment_75615\" style=\"width: 160px\" class=\"wp-caption aligncenter\"><a href=\"https:\/\/www.kaminakeskus.ee\/wp-content\/uploads\/2024\/03\/nurgakamin_tora_m_lacobel_bialy_valge-150x150.jpeg\"><img decoding=\"async\" aria-describedby=\"caption-attachment-75615\" class=\"size-thumbnail wp-image-75615\" src=\"https:\/\/www.kaminakeskus.ee\/wp-content\/uploads\/2024\/03\/nurgakamin_tora_m_lacobel_bialy_valge-150x150.jpeg\" alt=\"\" width=\"150\" height=\"150\" srcset=\"https:\/\/www.kaminakeskus.ee\/wp-content\/uploads\/2024\/03\/nurgakamin_tora_m_lacobel_bialy_valge-66x66.jpeg 66w, https:\/\/www.kaminakeskus.ee\/wp-content\/uploads\/2024\/03\/nurgakamin_tora_m_lacobel_bialy_valge-150x150.jpeg 150w, https:\/\/www.kaminakeskus.ee\/wp-content\/uploads\/2024\/03\/nurgakamin_tora_m_lacobel_bialy_valge-200x200.jpeg 200w, https:\/\/www.kaminakeskus.ee\/wp-content\/uploads\/2024\/03\/nurgakamin_tora_m_lacobel_bialy_valge-300x300.jpeg 300w, https:\/\/www.kaminakeskus.ee\/wp-content\/uploads\/2024\/03\/nurgakamin_tora_m_lacobel_bialy_valge-400x400.jpeg 400w, https:\/\/www.kaminakeskus.ee\/wp-content\/uploads\/2024\/03\/nurgakamin_tora_m_lacobel_bialy_valge.jpeg 500w\" sizes=\"(max-width: 150px) 100vw, 150px\" \/><\/a><p id=\"caption-attachment-75615\" class=\"wp-caption-text\"><strong>Nurgakamin Tora M valge<\/strong><\/p><\/div>\n<p style=\"text-align: center;\">V\u00f5imsus: 8-11 kW<br \/>\nK\u00f5rgus: 1443mm<br \/>\nLaius: 435mm<br \/>\nS\u00fcgavus: 435mm<br \/>\nL\u00f5\u00f5ri l\u00e4bim\u00f5\u00f5t: 150mm<br \/>\n\u00dchendus: Pealt\/tagant<br \/>\nSuitsugaasid: 300\u00b0C<br \/>\nKaal: 183kg<br \/>\n<strong>Hind: 2298 EUR<\/strong><\/p>\n<\/div><\/div><\/div><div class=\"fusion-clearfix\"><\/div><\/div>\n<\/article>\n<article id=\"blog-1-post-75611\" class=\"fusion-post-grid post-75611 post type-post status-publish format-standard hentry category-takat-takat category-takat-kratki\">\n<div class=\"fusion-post-wrapper\" style=\"background-color:rgba(255,255,255,1);border:1px solid #a82c23;border-bottom-width:3px;\">\n\n<div class=\"fusion-post-content-wrapper\" style=\"padding:30px 25px 25px 25px;\"><div class=\"fusion-post-content post-content\"><h2 class=\"blog-shortcode-post-title entry-title\"><a href=\"https:\/\/www.kaminakeskus.ee\/fi\/nurgakamin-tora-m-pruun\/\">Nurgakamin Tora M pruun<\/a><\/h2><div class=\"fusion-post-content-container\"><div id=\"attachment_75606\" style=\"width: 160px\" class=\"wp-caption aligncenter\"><a href=\"https:\/\/www.kaminakeskus.ee\/wp-content\/uploads\/2024\/03\/nurgakamin_tora_m_oxide_moro_pruun-150x150.jpeg\"><img decoding=\"async\" aria-describedby=\"caption-attachment-75606\" class=\"size-thumbnail wp-image-75606\" src=\"https:\/\/www.kaminakeskus.ee\/wp-content\/uploads\/2024\/03\/nurgakamin_tora_m_oxide_moro_pruun-150x150.jpeg\" alt=\"\" width=\"150\" height=\"150\" srcset=\"https:\/\/www.kaminakeskus.ee\/wp-content\/uploads\/2024\/03\/nurgakamin_tora_m_oxide_moro_pruun-66x66.jpeg 66w, https:\/\/www.kaminakeskus.ee\/wp-content\/uploads\/2024\/03\/nurgakamin_tora_m_oxide_moro_pruun-150x150.jpeg 150w, https:\/\/www.kaminakeskus.ee\/wp-content\/uploads\/2024\/03\/nurgakamin_tora_m_oxide_moro_pruun-200x200.jpeg 200w, https:\/\/www.kaminakeskus.ee\/wp-content\/uploads\/2024\/03\/nurgakamin_tora_m_oxide_moro_pruun-300x300.jpeg 300w, https:\/\/www.kaminakeskus.ee\/wp-content\/uploads\/2024\/03\/nurgakamin_tora_m_oxide_moro_pruun-400x400.jpeg 400w, https:\/\/www.kaminakeskus.ee\/wp-content\/uploads\/2024\/03\/nurgakamin_tora_m_oxide_moro_pruun.jpeg 500w\" sizes=\"(max-width: 150px) 100vw, 150px\" \/><\/a><p id=\"caption-attachment-75606\" class=\"wp-caption-text\"><strong>Nurgakamin Tora M pruun<\/strong><\/p><\/div>\n<p style=\"text-align: center;\">V\u00f5imsus: 8-11 kW<br \/>\nK\u00f5rgus: 1443mm<br \/>\nLaius: 435mm<br \/>\nS\u00fcgavus: 435mm<br \/>\nL\u00f5\u00f5ri l\u00e4bim\u00f5\u00f5t: 150mm<br \/>\n\u00dchendus: Pealt\/tagant<br \/>\nSuitsugaasid: 300\u00b0C<br \/>\nKaal: 183kg<br \/>\n<strong>Hind: 2408 EUR<\/strong><\/p>\n<\/div><\/div><\/div><div class=\"fusion-clearfix\"><\/div><\/div>\n<\/article>\n<article id=\"blog-1-post-75602\" class=\"fusion-post-grid post-75602 post type-post status-publish format-standard hentry category-takat-takat category-takat-kratki\">\n<div class=\"fusion-post-wrapper\" style=\"background-color:rgba(255,255,255,1);border:1px solid #a82c23;border-bottom-width:3px;\">\n\n<div class=\"fusion-post-content-wrapper\" style=\"padding:30px 25px 25px 25px;\"><div class=\"fusion-post-content post-content\"><h2 class=\"blog-shortcode-post-title entry-title\"><a href=\"https:\/\/www.kaminakeskus.ee\/fi\/nurgakamin-tora-s-beez\/\">Nurgakamin Tora S beez<\/a><\/h2><div class=\"fusion-post-content-container\"><div id=\"attachment_75597\" style=\"width: 160px\" class=\"wp-caption aligncenter\"><a href=\"https:\/\/www.kaminakeskus.ee\/wp-content\/uploads\/2024\/03\/nurgakamin_tora_s_sale_fokos_beez-150x150.jpeg\"><img decoding=\"async\" aria-describedby=\"caption-attachment-75597\" class=\"size-thumbnail wp-image-75597\" src=\"https:\/\/www.kaminakeskus.ee\/wp-content\/uploads\/2024\/03\/nurgakamin_tora_s_sale_fokos_beez-150x150.jpeg\" alt=\"\" width=\"150\" height=\"150\" srcset=\"https:\/\/www.kaminakeskus.ee\/wp-content\/uploads\/2024\/03\/nurgakamin_tora_s_sale_fokos_beez-66x66.jpeg 66w, https:\/\/www.kaminakeskus.ee\/wp-content\/uploads\/2024\/03\/nurgakamin_tora_s_sale_fokos_beez-150x150.jpeg 150w, https:\/\/www.kaminakeskus.ee\/wp-content\/uploads\/2024\/03\/nurgakamin_tora_s_sale_fokos_beez-200x200.jpeg 200w, https:\/\/www.kaminakeskus.ee\/wp-content\/uploads\/2024\/03\/nurgakamin_tora_s_sale_fokos_beez-300x300.jpeg 300w, https:\/\/www.kaminakeskus.ee\/wp-content\/uploads\/2024\/03\/nurgakamin_tora_s_sale_fokos_beez-400x400.jpeg 400w, https:\/\/www.kaminakeskus.ee\/wp-content\/uploads\/2024\/03\/nurgakamin_tora_s_sale_fokos_beez.jpeg 500w\" sizes=\"(max-width: 150px) 100vw, 150px\" \/><\/a><p id=\"caption-attachment-75597\" class=\"wp-caption-text\"><strong>Nurgakamin Tora S beez<\/strong><\/p><\/div>\n<p style=\"text-align: center;\">V\u00f5imsus: 8-11 kW<br \/>\nK\u00f5rgus: 1243mm<br \/>\nLaius: 435mm<br \/>\nS\u00fcgavus: 435mm<br \/>\nL\u00f5\u00f5ri l\u00e4bim\u00f5\u00f5t: 150mm<br \/>\n\u00dchendus: Pealt\/tagant<br \/>\nSuitsugaasid: 300\u00b0C<br \/>\nKaal: 145kg<br \/>\n<strong>Hind: 2350 EUR<\/strong><\/p>\n<\/div><\/div><\/div><div class=\"fusion-clearfix\"><\/div><\/div>\n<\/article>\n<article id=\"blog-1-post-75593\" class=\"fusion-post-grid post-75593 post type-post status-publish format-standard hentry category-takat-fi category-takat-kratki\">\n<div class=\"fusion-post-wrapper\" style=\"background-color:rgba(255,255,255,1);border:1px solid #a82c23;border-bottom-width:3px;\">\n\n<div class=\"fusion-post-content-wrapper\" style=\"padding:30px 25px 25px 25px;\"><div class=\"fusion-post-content post-content\"><h2 class=\"blog-shortcode-post-title entry-title\"><a href=\"https:\/\/www.kaminakeskus.ee\/fi\/nurgakamin-tora-m-hall\/\">Nurgakamin Tora M hall<\/a><\/h2><div class=\"fusion-post-content-container\"><div id=\"attachment_75588\" style=\"width: 160px\" class=\"wp-caption aligncenter\"><a href=\"https:\/\/www.kaminakeskus.ee\/wp-content\/uploads\/2024\/03\/nurgakamin_tora_m_naturali_pietra_di_savoia_grigia_hall-150x150.jpeg\"><img decoding=\"async\" aria-describedby=\"caption-attachment-75588\" class=\"wp-image-75588 size-thumbnail\" title=\"Nurgakamin Tora M hall\" src=\"https:\/\/www.kaminakeskus.ee\/wp-content\/uploads\/2024\/03\/nurgakamin_tora_m_naturali_pietra_di_savoia_grigia_hall-150x150.jpeg\" alt=\"Nurgakamin Tora M hall\" width=\"150\" height=\"150\" srcset=\"https:\/\/www.kaminakeskus.ee\/wp-content\/uploads\/2024\/03\/nurgakamin_tora_m_naturali_pietra_di_savoia_grigia_hall-66x66.jpeg 66w, https:\/\/www.kaminakeskus.ee\/wp-content\/uploads\/2024\/03\/nurgakamin_tora_m_naturali_pietra_di_savoia_grigia_hall-150x150.jpeg 150w, https:\/\/www.kaminakeskus.ee\/wp-content\/uploads\/2024\/03\/nurgakamin_tora_m_naturali_pietra_di_savoia_grigia_hall-200x200.jpeg 200w, https:\/\/www.kaminakeskus.ee\/wp-content\/uploads\/2024\/03\/nurgakamin_tora_m_naturali_pietra_di_savoia_grigia_hall-300x300.jpeg 300w, https:\/\/www.kaminakeskus.ee\/wp-content\/uploads\/2024\/03\/nurgakamin_tora_m_naturali_pietra_di_savoia_grigia_hall-400x400.jpeg 400w, https:\/\/www.kaminakeskus.ee\/wp-content\/uploads\/2024\/03\/nurgakamin_tora_m_naturali_pietra_di_savoia_grigia_hall.jpeg 500w\" sizes=\"(max-width: 150px) 100vw, 150px\" \/><\/a><p id=\"caption-attachment-75588\" class=\"wp-caption-text\"><strong>Nurgakamin Tora M hall<\/strong><\/p><\/div>\n<p style=\"text-align: center;\">V\u00f5imsus: 8-11kW<br \/>\nK\u00f5rgus: 1443mm<br \/>\nLaius: 435mm<br \/>\nS\u00fcgavus: 435mm<br \/>\nL\u00f5\u00f5ri l\u00e4bim\u00f5\u00f5t: 150mm<br \/>\n\u00dchendus: Pealt\/tagant<br \/>\nSuitsugaasid: 300\u00b0C<br \/>\nKaal: 183kg<br \/>\n<strong>Hind: 2408 EUR<\/strong><\/p>\n<\/div><\/div><\/div><div class=\"fusion-clearfix\"><\/div><\/div>\n<\/article>\n<article id=\"blog-1-post-75581\" class=\"fusion-post-grid post-75581 post type-post status-publish format-standard hentry category-kaminad-2 category-kaminad-kratki\">\n<div class=\"fusion-post-wrapper\" style=\"background-color:rgba(255,255,255,1);border:1px solid #a82c23;border-bottom-width:3px;\">\n\n<div class=\"fusion-post-content-wrapper\" style=\"padding:30px 25px 25px 25px;\"><div class=\"fusion-post-content post-content\"><h2 class=\"blog-shortcode-post-title entry-title\"><a href=\"https:\/\/www.kaminakeskus.ee\/fi\/nurgakamin-tora-l-antratsiit\/\">Nurgakamin Tora L antratsiit<\/a><\/h2><div class=\"fusion-post-content-container\"><div id=\"attachment_75582\" style=\"width: 160px\" class=\"wp-caption aligncenter\"><a href=\"https:\/\/www.kaminakeskus.ee\/wp-content\/uploads\/2024\/03\/nurgakamin_tora_l_pietradi_savoia_antracite_black.jpeg\"><img decoding=\"async\" aria-describedby=\"caption-attachment-75582\" class=\"size-thumbnail wp-image-75582\" src=\"https:\/\/www.kaminakeskus.ee\/wp-content\/uploads\/2024\/03\/nurgakamin_tora_l_pietradi_savoia_antracite_black-150x150.jpeg\" alt=\"\" width=\"150\" height=\"150\" srcset=\"https:\/\/www.kaminakeskus.ee\/wp-content\/uploads\/2024\/03\/nurgakamin_tora_l_pietradi_savoia_antracite_black-66x66.jpeg 66w, https:\/\/www.kaminakeskus.ee\/wp-content\/uploads\/2024\/03\/nurgakamin_tora_l_pietradi_savoia_antracite_black-150x150.jpeg 150w, https:\/\/www.kaminakeskus.ee\/wp-content\/uploads\/2024\/03\/nurgakamin_tora_l_pietradi_savoia_antracite_black-200x200.jpeg 200w, https:\/\/www.kaminakeskus.ee\/wp-content\/uploads\/2024\/03\/nurgakamin_tora_l_pietradi_savoia_antracite_black-300x300.jpeg 300w, https:\/\/www.kaminakeskus.ee\/wp-content\/uploads\/2024\/03\/nurgakamin_tora_l_pietradi_savoia_antracite_black-400x400.jpeg 400w, https:\/\/www.kaminakeskus.ee\/wp-content\/uploads\/2024\/03\/nurgakamin_tora_l_pietradi_savoia_antracite_black.jpeg 500w\" sizes=\"(max-width: 150px) 100vw, 150px\" \/><\/a><p id=\"caption-attachment-75582\" class=\"wp-caption-text\"><strong>Nurgakamin Tora L antratsiit<\/strong><\/p><\/div>\n<div>\n<div style=\"text-align: center;\">V\u00f5imsus: 8-11 kW<br \/>\nK\u00f5rgus: 1643mm<br \/>\nLaius: 435mm<br \/>\nS\u00fcgavus: 435mm<br \/>\nL\u00f5\u00f5ri l\u00e4bim\u00f5\u00f5t: 150mm<br \/>\n\u00dchendus: Pealt\/tagant<br \/>\nSuitsugaasid: 300\u00b0C<br \/>\nKaal: 228kg<br \/>\n<strong>Hind: 2465 EUR<\/strong><\/div>\n<\/div>\n<\/div><\/div><\/div><div class=\"fusion-clearfix\"><\/div><\/div>\n<\/article>\n<article id=\"blog-1-post-72170\" class=\"fusion-post-grid post-72170 post type-post status-publish format-standard hentry category-takat-fi category-takat category-takat-takat category-takat-kratki\">\n<div class=\"fusion-post-wrapper\" style=\"background-color:rgba(255,255,255,1);border:1px solid #a82c23;border-bottom-width:3px;\">\n\n<div class=\"fusion-post-content-wrapper\" style=\"padding:30px 25px 25px 25px;\"><div class=\"fusion-post-content post-content\"><h2 class=\"blog-shortcode-post-title entry-title\"><a href=\"https:\/\/www.kaminakeskus.ee\/fi\/kamin-kratki-tora-l8\/\">Kamin Kratki Tora\/L8<\/a><\/h2><div class=\"fusion-post-content-container\"><div id=\"attachment_72165\" style=\"width: 160px\" class=\"wp-caption aligncenter\"><a href=\"https:\/\/www.kaminakeskus.ee\/wp-content\/uploads\/2023\/11\/kamin_kratki_tora_l8-150x150.webp\"><img decoding=\"async\" aria-describedby=\"caption-attachment-72165\" class=\"size-thumbnail wp-image-72165\" src=\"https:\/\/www.kaminakeskus.ee\/wp-content\/uploads\/2023\/11\/kamin_kratki_tora_l8-150x150.webp\" alt=\"\" width=\"150\" height=\"150\" srcset=\"https:\/\/www.kaminakeskus.ee\/wp-content\/uploads\/2023\/11\/kamin_kratki_tora_l8-66x66.webp 66w, https:\/\/www.kaminakeskus.ee\/wp-content\/uploads\/2023\/11\/kamin_kratki_tora_l8-150x150.webp 150w, https:\/\/www.kaminakeskus.ee\/wp-content\/uploads\/2023\/11\/kamin_kratki_tora_l8-200x200.webp 200w, https:\/\/www.kaminakeskus.ee\/wp-content\/uploads\/2023\/11\/kamin_kratki_tora_l8-300x300.webp 300w, https:\/\/www.kaminakeskus.ee\/wp-content\/uploads\/2023\/11\/kamin_kratki_tora_l8-400x400.webp 400w, https:\/\/www.kaminakeskus.ee\/wp-content\/uploads\/2023\/11\/kamin_kratki_tora_l8-600x600.webp 600w, https:\/\/www.kaminakeskus.ee\/wp-content\/uploads\/2023\/11\/kamin_kratki_tora_l8.webp 650w\" sizes=\"(max-width: 150px) 100vw, 150px\" \/><\/a><p id=\"caption-attachment-72165\" class=\"wp-caption-text\">Kamin Tora\/L8<\/p><\/div>\n<p style=\"text-align: center;\"><strong>Tora\/L8 Nero Assoluto<\/strong><br \/>\nV\u00f5imsus: 8kW<br \/>\nK\u00f5rgus: 1643mm<br \/>\nLaius: 435mm<br \/>\nS\u00fcgavus: 435mm<br \/>\nKaal: 153kg<br \/>\nL\u00f5\u00f5ri m\u00f5\u00f5t: 150mm<br \/>\nSuitsugaasi temp: 300<br \/>\n<strong>Hind: 2270 EUR<\/strong><\/p>\n<\/div><\/div><\/div><div class=\"fusion-clearfix\"><\/div><\/div>\n<\/article>\n<article id=\"blog-1-post-72160\" class=\"fusion-post-grid post-72160 post type-post status-publish format-standard hentry category-takat-takat category-takat category-takat-kratki\">\n<div class=\"fusion-post-wrapper\" style=\"background-color:rgba(255,255,255,1);border:1px solid #a82c23;border-bottom-width:3px;\">\n\n<div class=\"fusion-post-content-wrapper\" style=\"padding:30px 25px 25px 25px;\"><div class=\"fusion-post-content post-content\"><h2 class=\"blog-shortcode-post-title entry-title\"><a href=\"https:\/\/www.kaminakeskus.ee\/fi\/kamin-kratki-tora-s-8-nero-assoluto\/\">Kamin Kratki Tora\/S 8 Nero Assoluto<\/a><\/h2><div class=\"fusion-post-content-container\"><div id=\"attachment_72155\" style=\"width: 160px\" class=\"wp-caption aligncenter\"><a href=\"https:\/\/www.kaminakeskus.ee\/wp-content\/uploads\/2023\/11\/kamin_kratki_tora_s_nero_assoluto-150x150.png\"><img decoding=\"async\" aria-describedby=\"caption-attachment-72155\" class=\"size-thumbnail wp-image-72155\" src=\"https:\/\/www.kaminakeskus.ee\/wp-content\/uploads\/2023\/11\/kamin_kratki_tora_s_nero_assoluto-150x150.png\" alt=\"\" width=\"150\" height=\"150\" srcset=\"https:\/\/www.kaminakeskus.ee\/wp-content\/uploads\/2023\/11\/kamin_kratki_tora_s_nero_assoluto-66x66.png 66w, https:\/\/www.kaminakeskus.ee\/wp-content\/uploads\/2023\/11\/kamin_kratki_tora_s_nero_assoluto-150x150.png 150w, https:\/\/www.kaminakeskus.ee\/wp-content\/uploads\/2023\/11\/kamin_kratki_tora_s_nero_assoluto-200x200.png 200w, https:\/\/www.kaminakeskus.ee\/wp-content\/uploads\/2023\/11\/kamin_kratki_tora_s_nero_assoluto-300x300.png 300w, https:\/\/www.kaminakeskus.ee\/wp-content\/uploads\/2023\/11\/kamin_kratki_tora_s_nero_assoluto-400x400.png 400w, https:\/\/www.kaminakeskus.ee\/wp-content\/uploads\/2023\/11\/kamin_kratki_tora_s_nero_assoluto-600x600.png 600w, https:\/\/www.kaminakeskus.ee\/wp-content\/uploads\/2023\/11\/kamin_kratki_tora_s_nero_assoluto.png 650w\" sizes=\"(max-width: 150px) 100vw, 150px\" \/><\/a><p id=\"caption-attachment-72155\" class=\"wp-caption-text\">Kamin Tora\/S8 Nero Assoluto<\/p><\/div>\n<p style=\"text-align: center;\"><strong>Tora\/S8 Nero Assoluto<\/strong><br \/>\nV\u00f5imsus: 8kW<br \/>\nK\u00f5rgus: 1243mm<br \/>\nLaius: 435mm<br \/>\nS\u00fcgavus: 435mm<br \/>\nKaal: 142kg<br \/>\nL\u00f5\u00f5ri m\u00f5\u00f5t: 150mm<br \/>\nSuitsugaasi temp: 300<br \/>\n<strong>Hind: 2155 EUR<\/strong><\/p>\n<\/div><\/div><\/div><div class=\"fusion-clearfix\"><\/div><\/div>\n<\/article>\n<article id=\"blog-1-post-71101\" class=\"fusion-post-grid post-71101 post type-post status-publish format-standard hentry category-kaminad category-kaminad-kratki\">\n<div class=\"fusion-post-wrapper\" style=\"background-color:rgba(255,255,255,1);border:1px solid #a82c23;border-bottom-width:3px;\">\n\n<div class=\"fusion-post-content-wrapper\" style=\"padding:30px 25px 25px 25px;\"><div class=\"fusion-post-content post-content\"><h2 class=\"blog-shortcode-post-title entry-title\"><a href=\"https:\/\/www.kaminakeskus.ee\/fi\/malmkamin-kratki-koza-k10\/\">Malmkamin Kratki Koza K10<\/a><\/h2><div class=\"fusion-post-content-container\"><div id=\"attachment_71102\" style=\"width: 160px\" class=\"wp-caption alignleft\"><a href=\"https:\/\/www.kaminakeskus.ee\/wp-content\/uploads\/2023\/10\/malmkamin-kratki-koza-k10.png\"><img decoding=\"async\" aria-describedby=\"caption-attachment-71102\" class=\"size-thumbnail wp-image-71102\" src=\"https:\/\/www.kaminakeskus.ee\/wp-content\/uploads\/2023\/10\/malmkamin-kratki-koza-k10-150x150.png\" alt=\"\" width=\"150\" height=\"150\" srcset=\"https:\/\/www.kaminakeskus.ee\/wp-content\/uploads\/2023\/10\/malmkamin-kratki-koza-k10-66x66.png 66w, https:\/\/www.kaminakeskus.ee\/wp-content\/uploads\/2023\/10\/malmkamin-kratki-koza-k10-150x150.png 150w, https:\/\/www.kaminakeskus.ee\/wp-content\/uploads\/2023\/10\/malmkamin-kratki-koza-k10-200x200.png 200w, https:\/\/www.kaminakeskus.ee\/wp-content\/uploads\/2023\/10\/malmkamin-kratki-koza-k10-300x300.png 300w, https:\/\/www.kaminakeskus.ee\/wp-content\/uploads\/2023\/10\/malmkamin-kratki-koza-k10-400x400.png 400w, https:\/\/www.kaminakeskus.ee\/wp-content\/uploads\/2023\/10\/malmkamin-kratki-koza-k10-600x600.png 600w, https:\/\/www.kaminakeskus.ee\/wp-content\/uploads\/2023\/10\/malmkamin-kratki-koza-k10.png 650w\" sizes=\"(max-width: 150px) 100vw, 150px\" \/><\/a><p id=\"caption-attachment-71102\" class=\"wp-caption-text\">Malmkamin Koza K10<\/p><\/div>\n<p><strong>Koza K10<\/strong><br \/>\nV\u00f5imsus: 10 kW<br \/>\nK\u00f5rgus: 730mm<br \/>\nLaius: 389mm<br \/>\nS\u00fcgavus: 548mm<br \/>\nL\u00f5\u00f5ri l\u00e4bim\u00f5\u00f5t: 130 v\u00f5i 150mm<br \/>\nKaal: 109kg<br \/>\n<strong>Hind: 955 EUR<\/strong><\/p>\n<\/div><\/div><\/div><div class=\"fusion-clearfix\"><\/div><\/div>\n<\/article>\n<article id=\"blog-1-post-71098\" class=\"fusion-post-grid post-71098 post type-post status-publish format-standard hentry category-takat-takat category-takat-kratki\">\n<div class=\"fusion-post-wrapper\" style=\"background-color:rgba(255,255,255,1);border:1px solid #a82c23;border-bottom-width:3px;\">\n\n<div class=\"fusion-post-content-wrapper\" style=\"padding:30px 25px 25px 25px;\"><div class=\"fusion-post-content post-content\"><h2 class=\"blog-shortcode-post-title entry-title\"><a href=\"https:\/\/www.kaminakeskus.ee\/fi\/kamin-kratki-rollo-black-salvestav\/\">Kamin Kratki Rollo black salvestav<\/a><\/h2><div class=\"fusion-post-content-container\"><div id=\"attachment_71093\" style=\"width: 160px\" class=\"wp-caption alignleft\"><a href=\"https:\/\/www.kaminakeskus.ee\/wp-content\/uploads\/2023\/10\/kamin-kratki-rollo-black-salvestav-150x150.png\"><img decoding=\"async\" aria-describedby=\"caption-attachment-71093\" class=\"size-thumbnail wp-image-71093\" src=\"https:\/\/www.kaminakeskus.ee\/wp-content\/uploads\/2023\/10\/kamin-kratki-rollo-black-salvestav-150x150.png\" alt=\"\" width=\"150\" height=\"150\" srcset=\"https:\/\/www.kaminakeskus.ee\/wp-content\/uploads\/2023\/10\/kamin-kratki-rollo-black-salvestav-66x66.png 66w, https:\/\/www.kaminakeskus.ee\/wp-content\/uploads\/2023\/10\/kamin-kratki-rollo-black-salvestav-150x150.png 150w, https:\/\/www.kaminakeskus.ee\/wp-content\/uploads\/2023\/10\/kamin-kratki-rollo-black-salvestav-200x200.png 200w, https:\/\/www.kaminakeskus.ee\/wp-content\/uploads\/2023\/10\/kamin-kratki-rollo-black-salvestav-300x300.png 300w, https:\/\/www.kaminakeskus.ee\/wp-content\/uploads\/2023\/10\/kamin-kratki-rollo-black-salvestav-400x400.png 400w, https:\/\/www.kaminakeskus.ee\/wp-content\/uploads\/2023\/10\/kamin-kratki-rollo-black-salvestav-600x600.png 600w, https:\/\/www.kaminakeskus.ee\/wp-content\/uploads\/2023\/10\/kamin-kratki-rollo-black-salvestav.png 650w\" sizes=\"(max-width: 150px) 100vw, 150px\" \/><\/a><p id=\"caption-attachment-71093\" class=\"wp-caption-text\">Kamin Rollo Black salvestav<\/p><\/div>\n<p><strong>Kamin Rollo Black salvestav<\/strong><br \/>\nV\u00f5imsus: 5,5-10,5kW<br \/>\nK\u00f5rgus: 1317mm<br \/>\nLaius: 526mm<br \/>\nS\u00fcgavus: 420mm<br \/>\nL\u00f5\u00f5ri l\u00e4bim\u00f5\u00f5t: 150mm<br \/>\nKaal: 188kg<br \/>\n<strong>Hind: 1705 EUR<\/strong><\/p>\n<\/div><\/div><\/div><div class=\"fusion-clearfix\"><\/div><\/div>\n<\/article>\n<article id=\"blog-1-post-71089\" class=\"fusion-post-grid post-71089 post type-post status-publish format-standard hentry category-takat-takat category-takat-kratki\">\n<div class=\"fusion-post-wrapper\" style=\"background-color:rgba(255,255,255,1);border:1px solid #a82c23;border-bottom-width:3px;\">\n\n<div class=\"fusion-post-content-wrapper\" style=\"padding:30px 25px 25px 25px;\"><div class=\"fusion-post-content post-content\"><h2 class=\"blog-shortcode-post-title entry-title\"><a href=\"https:\/\/www.kaminakeskus.ee\/fi\/kamin-kratki-rollo-salvestusrongastega\/\">Kamin Kratki Rollo salvestusr\u00f5ngastega<\/a><\/h2><div class=\"fusion-post-content-container\"><div id=\"attachment_71084\" style=\"width: 160px\" class=\"wp-caption alignleft\"><a href=\"https:\/\/www.kaminakeskus.ee\/wp-content\/uploads\/2023\/10\/kamin-kratki-rollo-accumulation-salvestus-150x150.png\"><img decoding=\"async\" aria-describedby=\"caption-attachment-71084\" class=\"size-thumbnail wp-image-71084\" src=\"https:\/\/www.kaminakeskus.ee\/wp-content\/uploads\/2023\/10\/kamin-kratki-rollo-accumulation-salvestus-150x150.png\" alt=\"\" width=\"150\" height=\"150\" srcset=\"https:\/\/www.kaminakeskus.ee\/wp-content\/uploads\/2023\/10\/kamin-kratki-rollo-accumulation-salvestus-66x66.png 66w, https:\/\/www.kaminakeskus.ee\/wp-content\/uploads\/2023\/10\/kamin-kratki-rollo-accumulation-salvestus-150x150.png 150w, https:\/\/www.kaminakeskus.ee\/wp-content\/uploads\/2023\/10\/kamin-kratki-rollo-accumulation-salvestus-200x200.png 200w, https:\/\/www.kaminakeskus.ee\/wp-content\/uploads\/2023\/10\/kamin-kratki-rollo-accumulation-salvestus-300x300.png 300w, https:\/\/www.kaminakeskus.ee\/wp-content\/uploads\/2023\/10\/kamin-kratki-rollo-accumulation-salvestus-400x400.png 400w, https:\/\/www.kaminakeskus.ee\/wp-content\/uploads\/2023\/10\/kamin-kratki-rollo-accumulation-salvestus-600x600.png 600w, https:\/\/www.kaminakeskus.ee\/wp-content\/uploads\/2023\/10\/kamin-kratki-rollo-accumulation-salvestus.png 650w\" sizes=\"(max-width: 150px) 100vw, 150px\" \/><\/a><p id=\"caption-attachment-71084\" class=\"wp-caption-text\">Kamin Rollo salvestusr\u00f5ngastega<\/p><\/div>\n<p><strong>Kamin Rollo salvestav<\/strong><br \/>\nV\u00f5imsus: 5,5-10,5kW<br \/>\nK\u00f5rgus: 1317mm<br \/>\nLaius: 526mm<br \/>\nS\u00fcgavus: 420mm<br \/>\nL\u00f5\u00f5ri l\u00e4bim\u00f5\u00f5t: 150mm<br \/>\nKaal: 188kg<br \/>\n<strong>Hind: 1599 EUR<\/strong><\/p>\n<\/div><\/div><\/div><div class=\"fusion-clearfix\"><\/div><\/div>\n<\/article>\n<article id=\"blog-1-post-70850\" class=\"fusion-post-grid post-70850 post type-post status-publish format-standard hentry category-takat-takat category-takat-kratki\">\n<div class=\"fusion-post-wrapper\" style=\"background-color:rgba(255,255,255,1);border:1px solid #a82c23;border-bottom-width:3px;\">\n\n<div class=\"fusion-post-content-wrapper\" style=\"padding:30px 25px 25px 25px;\"><div class=\"fusion-post-content post-content\"><h2 class=\"blog-shortcode-post-title entry-title\"><a href=\"https:\/\/www.kaminakeskus.ee\/fi\/kaminakomplekt-floki-8kw-parem-nurk-zimbabwe-nero-graniit\/\">Kaminakomplekt Floki 8kW parem nurk zimbabwe nero graniit<\/a><\/h2><div class=\"fusion-post-content-container\"><div id=\"attachment_70843\" style=\"width: 160px\" class=\"wp-caption alignleft\"><a href=\"https:\/\/www.kaminakeskus.ee\/wp-content\/uploads\/2023\/09\/kaminakomplekt-floki-parem_zimbaboe_nero-150x150.png\"><img decoding=\"async\" aria-describedby=\"caption-attachment-70843\" class=\"size-thumbnail wp-image-70843\" src=\"https:\/\/www.kaminakeskus.ee\/wp-content\/uploads\/2023\/09\/kaminakomplekt-floki-parem_zimbaboe_nero-150x150.png\" alt=\"\" width=\"150\" height=\"150\" srcset=\"https:\/\/www.kaminakeskus.ee\/wp-content\/uploads\/2023\/09\/kaminakomplekt-floki-parem_zimbaboe_nero-66x66.png 66w, https:\/\/www.kaminakeskus.ee\/wp-content\/uploads\/2023\/09\/kaminakomplekt-floki-parem_zimbaboe_nero-150x150.png 150w, https:\/\/www.kaminakeskus.ee\/wp-content\/uploads\/2023\/09\/kaminakomplekt-floki-parem_zimbaboe_nero-200x200.png 200w, https:\/\/www.kaminakeskus.ee\/wp-content\/uploads\/2023\/09\/kaminakomplekt-floki-parem_zimbaboe_nero-300x300.png 300w, https:\/\/www.kaminakeskus.ee\/wp-content\/uploads\/2023\/09\/kaminakomplekt-floki-parem_zimbaboe_nero-400x400.png 400w, https:\/\/www.kaminakeskus.ee\/wp-content\/uploads\/2023\/09\/kaminakomplekt-floki-parem_zimbaboe_nero-600x600.png 600w, https:\/\/www.kaminakeskus.ee\/wp-content\/uploads\/2023\/09\/kaminakomplekt-floki-parem_zimbaboe_nero.png 650w\" sizes=\"(max-width: 150px) 100vw, 150px\" \/><\/a><p id=\"caption-attachment-70843\" class=\"wp-caption-text\">Kaminakomplekt Floki parem Zimbabwe Nero graniit<\/p><\/div>\n<p><strong>Floki parem Zimbabwe Nero\u00a0<\/strong><br \/>\nV\u00f5imsus: 3,5-11kW<br \/>\nK\u00f5rgus: 1783mm<br \/>\nLaius: 845mm<br \/>\nS\u00fcgavus: 565mm<br \/>\nKaal: 200 kg<br \/>\nL\u00f5\u00f5ri m\u00f5\u00f5t: 160mm<br \/>\nSuitsugaasi temp: 270<br \/>\n<strong>Hind: 4888 EUR<\/strong><\/p>\n<\/div><\/div><\/div><div class=\"fusion-clearfix\"><\/div><\/div>\n<\/article>\n<article id=\"blog-1-post-70837\" class=\"fusion-post-grid post-70837 post type-post status-publish format-standard hentry category-takat-takat category-takat-kratki\">\n<div class=\"fusion-post-wrapper\" style=\"background-color:rgba(255,255,255,1);border:1px solid #a82c23;border-bottom-width:3px;\">\n\n<div class=\"fusion-post-content-wrapper\" style=\"padding:30px 25px 25px 25px;\"><div class=\"fusion-post-content post-content\"><h2 class=\"blog-shortcode-post-title entry-title\"><a href=\"https:\/\/www.kaminakeskus.ee\/fi\/kaminakomplekt-floki-8kw-vasak-nurk-zimbabwe-nero-graniit\/\">Kaminakomplekt Floki 8kW vasak nurk Zimbabwe Nero graniit<\/a><\/h2><div class=\"fusion-post-content-container\"><div id=\"attachment_70828\" style=\"width: 160px\" class=\"wp-caption alignleft\"><a href=\"https:\/\/www.kaminakeskus.ee\/wp-content\/uploads\/2023\/09\/kaminakomplekt-floki-vasak-nurk_zimbaboe_nero-150x150.png\"><img decoding=\"async\" aria-describedby=\"caption-attachment-70828\" class=\"size-thumbnail wp-image-70828\" src=\"https:\/\/www.kaminakeskus.ee\/wp-content\/uploads\/2023\/09\/kaminakomplekt-floki-vasak-nurk_zimbaboe_nero-150x150.png\" alt=\"\" width=\"150\" height=\"150\" srcset=\"https:\/\/www.kaminakeskus.ee\/wp-content\/uploads\/2023\/09\/kaminakomplekt-floki-vasak-nurk_zimbaboe_nero-66x66.png 66w, https:\/\/www.kaminakeskus.ee\/wp-content\/uploads\/2023\/09\/kaminakomplekt-floki-vasak-nurk_zimbaboe_nero-150x150.png 150w, https:\/\/www.kaminakeskus.ee\/wp-content\/uploads\/2023\/09\/kaminakomplekt-floki-vasak-nurk_zimbaboe_nero-200x200.png 200w, https:\/\/www.kaminakeskus.ee\/wp-content\/uploads\/2023\/09\/kaminakomplekt-floki-vasak-nurk_zimbaboe_nero-300x300.png 300w, https:\/\/www.kaminakeskus.ee\/wp-content\/uploads\/2023\/09\/kaminakomplekt-floki-vasak-nurk_zimbaboe_nero-400x400.png 400w, https:\/\/www.kaminakeskus.ee\/wp-content\/uploads\/2023\/09\/kaminakomplekt-floki-vasak-nurk_zimbaboe_nero-600x600.png 600w, https:\/\/www.kaminakeskus.ee\/wp-content\/uploads\/2023\/09\/kaminakomplekt-floki-vasak-nurk_zimbaboe_nero.png 650w\" sizes=\"(max-width: 150px) 100vw, 150px\" \/><\/a><p id=\"caption-attachment-70828\" class=\"wp-caption-text\">Kaminakomplekt Floki vasak Zimbabwe Nero graniit<\/p><\/div>\n<p><strong>Floki vasak Zimbabwe Nero\u00a0<\/strong><br \/>\nV\u00f5imsus: 3,5-11kW<br \/>\nK\u00f5rgus: 1783mm<br \/>\nLaius: 845mm<br \/>\nS\u00fcgavus: 565mm<br \/>\nKaal: 200 kg<br \/>\nL\u00f5\u00f5ri m\u00f5\u00f5t: 160mm<br \/>\nSuitsugaasi temp: 270<br \/>\n<strong>Hind: 4888 EUR<\/strong><\/p>\n<\/div><\/div><\/div><div class=\"fusion-clearfix\"><\/div><\/div>\n<\/article>\n<article id=\"blog-1-post-70820\" class=\"fusion-post-grid post-70820 post type-post status-publish format-standard hentry category-takat-takat category-takat-kratki\">\n<div class=\"fusion-post-wrapper\" style=\"background-color:rgba(255,255,255,1);border:1px solid #a82c23;border-bottom-width:3px;\">\n\n<div class=\"fusion-post-content-wrapper\" style=\"padding:30px 25px 25px 25px;\"><div class=\"fusion-post-content post-content\"><h2 class=\"blog-shortcode-post-title entry-title\"><a href=\"https:\/\/www.kaminakeskus.ee\/fi\/kaminakomplekt-floki-8kw-parem-nurk-indian-black-graniit\/\">Kaminakomplekt Floki 8kW parem nurk Indian Black graniit<\/a><\/h2><div class=\"fusion-post-content-container\"><div id=\"attachment_70811\" style=\"width: 160px\" class=\"wp-caption alignleft\"><a href=\"https:\/\/www.kaminakeskus.ee\/wp-content\/uploads\/2023\/09\/Kaminakomplekt-Floki-8kW-parem-nurk-Indian-Black-graniit-150x150.png\"><img decoding=\"async\" aria-describedby=\"caption-attachment-70811\" class=\"size-thumbnail wp-image-70811\" src=\"https:\/\/www.kaminakeskus.ee\/wp-content\/uploads\/2023\/09\/Kaminakomplekt-Floki-8kW-parem-nurk-Indian-Black-graniit-150x150.png\" alt=\"\" width=\"150\" height=\"150\" srcset=\"https:\/\/www.kaminakeskus.ee\/wp-content\/uploads\/2023\/09\/Kaminakomplekt-Floki-8kW-parem-nurk-Indian-Black-graniit-66x66.png 66w, https:\/\/www.kaminakeskus.ee\/wp-content\/uploads\/2023\/09\/Kaminakomplekt-Floki-8kW-parem-nurk-Indian-Black-graniit-150x150.png 150w, https:\/\/www.kaminakeskus.ee\/wp-content\/uploads\/2023\/09\/Kaminakomplekt-Floki-8kW-parem-nurk-Indian-Black-graniit-200x200.png 200w, https:\/\/www.kaminakeskus.ee\/wp-content\/uploads\/2023\/09\/Kaminakomplekt-Floki-8kW-parem-nurk-Indian-Black-graniit-300x300.png 300w, https:\/\/www.kaminakeskus.ee\/wp-content\/uploads\/2023\/09\/Kaminakomplekt-Floki-8kW-parem-nurk-Indian-Black-graniit-400x400.png 400w, https:\/\/www.kaminakeskus.ee\/wp-content\/uploads\/2023\/09\/Kaminakomplekt-Floki-8kW-parem-nurk-Indian-Black-graniit-600x600.png 600w, https:\/\/www.kaminakeskus.ee\/wp-content\/uploads\/2023\/09\/Kaminakomplekt-Floki-8kW-parem-nurk-Indian-Black-graniit.png 650w\" sizes=\"(max-width: 150px) 100vw, 150px\" \/><\/a><p id=\"caption-attachment-70811\" class=\"wp-caption-text\">Kaminakomplekt Floki 8kW parem nurk Indian Black graniit<\/p><\/div>\n<p><strong>Floki parem Indian Black<\/strong><br \/>\nV\u00f5imsus: 3,5-11kW<br \/>\nK\u00f5rgus: 1783mm<br \/>\nLaius: 845mm<br \/>\nS\u00fcgavus: 565mm<br \/>\nKaal: 200 kg<br \/>\nL\u00f5\u00f5ri m\u00f5\u00f5t: 160mm<br \/>\nSuitsugaasi temp: 270<br \/>\n<strong>Hind: 4888 EUR<\/strong><\/p>\n<\/div><\/div><\/div><div class=\"fusion-clearfix\"><\/div><\/div>\n<\/article>\n<article id=\"blog-1-post-70806\" class=\"fusion-post-grid post-70806 post type-post status-publish format-standard hentry category-takat-takat category-takat-kratki\">\n<div class=\"fusion-post-wrapper\" style=\"background-color:rgba(255,255,255,1);border:1px solid #a82c23;border-bottom-width:3px;\">\n\n<div class=\"fusion-post-content-wrapper\" style=\"padding:30px 25px 25px 25px;\"><div class=\"fusion-post-content post-content\"><h2 class=\"blog-shortcode-post-title entry-title\"><a href=\"https:\/\/www.kaminakeskus.ee\/fi\/kaminakomplekt-floki-8kw-vasak-nurk-indian-black-graniit\/\">Kaminakomplekt Floki 8kW vasak nurk Indian Black graniit<\/a><\/h2><div class=\"fusion-post-content-container\"><div id=\"attachment_70791\" style=\"width: 160px\" class=\"wp-caption alignleft\"><a href=\"https:\/\/www.kaminakeskus.ee\/wp-content\/uploads\/2023\/09\/kaminakomplekt-floki-vasak-nurk-indian-black-graniit-1-150x150.png\"><img decoding=\"async\" aria-describedby=\"caption-attachment-70791\" class=\"size-thumbnail wp-image-70791\" src=\"https:\/\/www.kaminakeskus.ee\/wp-content\/uploads\/2023\/09\/kaminakomplekt-floki-vasak-nurk-indian-black-graniit-1-150x150.png\" alt=\"\" width=\"150\" height=\"150\" srcset=\"https:\/\/www.kaminakeskus.ee\/wp-content\/uploads\/2023\/09\/kaminakomplekt-floki-vasak-nurk-indian-black-graniit-1-66x66.png 66w, https:\/\/www.kaminakeskus.ee\/wp-content\/uploads\/2023\/09\/kaminakomplekt-floki-vasak-nurk-indian-black-graniit-1-150x150.png 150w, https:\/\/www.kaminakeskus.ee\/wp-content\/uploads\/2023\/09\/kaminakomplekt-floki-vasak-nurk-indian-black-graniit-1-200x200.png 200w, https:\/\/www.kaminakeskus.ee\/wp-content\/uploads\/2023\/09\/kaminakomplekt-floki-vasak-nurk-indian-black-graniit-1-300x300.png 300w, https:\/\/www.kaminakeskus.ee\/wp-content\/uploads\/2023\/09\/kaminakomplekt-floki-vasak-nurk-indian-black-graniit-1-400x400.png 400w, https:\/\/www.kaminakeskus.ee\/wp-content\/uploads\/2023\/09\/kaminakomplekt-floki-vasak-nurk-indian-black-graniit-1-600x600.png 600w, https:\/\/www.kaminakeskus.ee\/wp-content\/uploads\/2023\/09\/kaminakomplekt-floki-vasak-nurk-indian-black-graniit-1.png 650w\" sizes=\"(max-width: 150px) 100vw, 150px\" \/><\/a><p id=\"caption-attachment-70791\" class=\"wp-caption-text\">Kaminakomplekt Floki 8kW vasak nurk Indian Black graniit<\/p><\/div>\n<p><strong>Floki vasak Indian Black<\/strong><br \/>\nV\u00f5imsus: 3,5-11kW<br \/>\nK\u00f5rgus: 1783mm<br \/>\nLaius: 845mm<br \/>\nS\u00fcgavus: 565mm<br \/>\nKaal: 200 kg<br \/>\nL\u00f5\u00f5ri m\u00f5\u00f5t: 160mm<br \/>\nSuitsugaasi temp: 270<br \/>\n<strong>Hind: 4888 EUR<\/strong><\/p>\n<\/div><\/div><\/div><div class=\"fusion-clearfix\"><\/div><\/div>\n<\/article>\n<article id=\"blog-1-post-68339\" class=\"fusion-post-grid post-68339 post type-post status-publish format-standard hentry category-takat category-takat-takat category-takat-kratki\">\n<div class=\"fusion-post-wrapper\" style=\"background-color:rgba(255,255,255,1);border:1px solid #a82c23;border-bottom-width:3px;\">\n\n<div class=\"fusion-post-content-wrapper\" style=\"padding:30px 25px 25px 25px;\"><div class=\"fusion-post-content post-content\"><h2 class=\"blog-shortcode-post-title entry-title\"><a href=\"https:\/\/www.kaminakeskus.ee\/fi\/kamin-rollo\/\">Takka Rollo<\/a><\/h2><div class=\"fusion-post-content-container\"><div id=\"attachment_68334\" style=\"width: 160px\" class=\"wp-caption alignleft\"><a href=\"https:\/\/www.kaminakeskus.ee\/wp-content\/uploads\/2023\/06\/kamin_kratki_rollo-150x150.png\"><img decoding=\"async\" aria-describedby=\"caption-attachment-68334\" class=\"size-thumbnail wp-image-68333\" src=\"https:\/\/www.kaminakeskus.ee\/wp-content\/uploads\/2023\/06\/kamin_kratki_rollo-150x150.png\" alt=\"\" width=\"150\" height=\"150\" srcset=\"https:\/\/www.kaminakeskus.ee\/wp-content\/uploads\/2023\/06\/kamin_kratki_rollo-66x66.png 66w, https:\/\/www.kaminakeskus.ee\/wp-content\/uploads\/2023\/06\/kamin_kratki_rollo-150x150.png 150w, https:\/\/www.kaminakeskus.ee\/wp-content\/uploads\/2023\/06\/kamin_kratki_rollo-200x200.png 200w, https:\/\/www.kaminakeskus.ee\/wp-content\/uploads\/2023\/06\/kamin_kratki_rollo-300x300.png 300w, https:\/\/www.kaminakeskus.ee\/wp-content\/uploads\/2023\/06\/kamin_kratki_rollo-400x400.png 400w, https:\/\/www.kaminakeskus.ee\/wp-content\/uploads\/2023\/06\/kamin_kratki_rollo-600x600.png 600w, https:\/\/www.kaminakeskus.ee\/wp-content\/uploads\/2023\/06\/kamin_kratki_rollo.png 650w\" sizes=\"(max-width: 150px) 100vw, 150px\" \/><\/a><p id=\"caption-attachment-68334\" class=\"wp-caption-text\">Takka Rollo<\/p><\/div>\n<p><strong>Takka Rollo<\/strong><br \/>\nTeho: 5,5-10,5 kW<br \/>\nKorkeus: 976 mm<br \/>\nLeveys: 526 mm<br \/>\nSyvyys: 420mm<br \/>\nSavupiipun halkaisija: 150mm<br \/>\nPaino: 103kg<br \/>\n<strong>Hinta: 1085 euroa<\/strong><\/p>\n<\/div><\/div><\/div><div class=\"fusion-clearfix\"><\/div><\/div>\n<\/article>\n<article id=\"blog-1-post-66488\" class=\"fusion-post-grid post-66488 post type-post status-publish format-standard hentry category-takat category-takat-takat category-takat-kratki\">\n<div class=\"fusion-post-wrapper\" style=\"background-color:rgba(255,255,255,1);border:1px solid #a82c23;border-bottom-width:3px;\">\n\n<div class=\"fusion-post-content-wrapper\" style=\"padding:30px 25px 25px 25px;\"><div class=\"fusion-post-content post-content\"><h2 class=\"blog-shortcode-post-title entry-title\"><a href=\"https:\/\/www.kaminakeskus.ee\/fi\/kaminasudamik-lucy-12-tunnel\/\">Takka tulisija Lucy 12 Tunnel<\/a><\/h2><div class=\"fusion-post-content-container\"><div id=\"attachment_66484\" style=\"width: 160px\" class=\"wp-caption aligncenter\"><a href=\"https:\/\/www.kaminakeskus.ee\/wp-content\/uploads\/2023\/04\/kaminasudamik_lucy_12_tunnel-150x150.png\"><img decoding=\"async\" aria-describedby=\"caption-attachment-66484\" class=\"size-thumbnail wp-image-66483\" src=\"https:\/\/www.kaminakeskus.ee\/wp-content\/uploads\/2023\/04\/kaminasudamik_lucy_12_tunnel-150x150.png\" alt=\"\" width=\"150\" height=\"150\" srcset=\"https:\/\/www.kaminakeskus.ee\/wp-content\/uploads\/2023\/04\/kaminasudamik_lucy_12_tunnel-66x66.png 66w, https:\/\/www.kaminakeskus.ee\/wp-content\/uploads\/2023\/04\/kaminasudamik_lucy_12_tunnel-150x150.png 150w, https:\/\/www.kaminakeskus.ee\/wp-content\/uploads\/2023\/04\/kaminasudamik_lucy_12_tunnel-200x200.png 200w, https:\/\/www.kaminakeskus.ee\/wp-content\/uploads\/2023\/04\/kaminasudamik_lucy_12_tunnel-300x300.png 300w, https:\/\/www.kaminakeskus.ee\/wp-content\/uploads\/2023\/04\/kaminasudamik_lucy_12_tunnel-400x400.png 400w, https:\/\/www.kaminakeskus.ee\/wp-content\/uploads\/2023\/04\/kaminasudamik_lucy_12_tunnel-600x600.png 600w, https:\/\/www.kaminakeskus.ee\/wp-content\/uploads\/2023\/04\/kaminasudamik_lucy_12_tunnel.png 650w\" sizes=\"(max-width: 150px) 100vw, 150px\" \/><\/a><p id=\"caption-attachment-66484\" class=\"wp-caption-text\">Takka tulisija Lucy 12 Tunnel<\/p><\/div>\n<p style=\"text-align: center;\"><strong> Lucy 12 tunneli<\/strong><br \/>\nTeho: 12kW<br \/>\nKorkeus: 1287 mm<br \/>\nLeveys: 654mm<br \/>\nSyvyys: 420mm<br \/>\nPaino: 165kg<br \/>\nSavupiipun halkaisija: 200mm<br \/>\n<strong>Hinta: 1920 EUR<\/strong><\/p>\n<\/div><\/div><\/div><div class=\"fusion-clearfix\"><\/div><\/div>\n<\/article>\n<article id=\"blog-1-post-45880\" class=\"fusion-post-grid post-45880 post type-post status-publish format-standard hentry category-takat category-takat-kratki category-takkasydamet category-takkasydamet-kratki\">\n<div class=\"fusion-post-wrapper\" style=\"background-color:rgba(255,255,255,1);border:1px solid #a82c23;border-bottom-width:3px;\">\n\n<div class=\"fusion-post-content-wrapper\" style=\"padding:30px 25px 25px 25px;\"><div class=\"fusion-post-content post-content\"><h2 class=\"blog-shortcode-post-title entry-title\"><a href=\"https:\/\/www.kaminakeskus.ee\/fi\/takka-simple-8-vasen-musta\/\">Takka Simple 8 vasen musta<\/a><\/h2><div class=\"fusion-post-content-container\"><div id=\"attachment_42972\" style=\"width: 160px\" class=\"wp-caption alignleft\"><a href=\"https:\/\/www.kaminakeskus.ee\/wp-content\/uploads\/2021\/01\/kamin-simple-8-vasak-must-150x150.png\"><img decoding=\"async\" aria-describedby=\"caption-attachment-42972\" class=\"size-thumbnail wp-image-42972\" src=\"https:\/\/www.kaminakeskus.ee\/wp-content\/uploads\/2021\/01\/kamin-simple-8-vasak-must-150x150.png\" alt=\"\" width=\"150\" height=\"150\" srcset=\"https:\/\/www.kaminakeskus.ee\/wp-content\/uploads\/2021\/01\/kamin-simple-8-vasak-must-150x150.png 150w, https:\/\/www.kaminakeskus.ee\/wp-content\/uploads\/2021\/01\/kamin-simple-8-vasak-must-300x300.png 300w, https:\/\/www.kaminakeskus.ee\/wp-content\/uploads\/2021\/01\/kamin-simple-8-vasak-must-768x768.png 768w, https:\/\/www.kaminakeskus.ee\/wp-content\/uploads\/2021\/01\/kamin-simple-8-vasak-must.png 960w\" sizes=\"(max-width: 150px) 100vw, 150px\" \/><\/a><p id=\"caption-attachment-42972\" class=\"wp-caption-text\">Takka Simple 8 vasen musta<\/p><\/div>\n<p><strong>Simple 8 BOX musta vasen<\/strong><br \/>\nTeho: 3-10kW<br \/>\nKorkeus: 1874mm<br \/>\nLeveys: 787 mm<br \/>\nSyvyys: 547 mm<br \/>\nSavupiipun halkaisija: 200mm<br \/>\n<strong>Hinta: 2699 euroa<\/strong><\/p>\n<\/div><\/div><\/div><div class=\"fusion-clearfix\"><\/div><\/div>\n<\/article>\n<article id=\"blog-1-post-45792\" class=\"fusion-post-grid post-45792 post type-post status-publish format-standard hentry category-takat category-takat-kratki category-takkasydamet category-takkasydamet-kratki\">\n<div class=\"fusion-post-wrapper\" style=\"background-color:rgba(255,255,255,1);border:1px solid #a82c23;border-bottom-width:3px;\">\n\n<div class=\"fusion-post-content-wrapper\" style=\"padding:30px 25px 25px 25px;\"><div class=\"fusion-post-content post-content\"><h2 class=\"blog-shortcode-post-title entry-title\"><a href=\"https:\/\/www.kaminakeskus.ee\/fi\/takka-simple-8-oikea-musta\/\">Takka Simple 8 oikea musta<\/a><\/h2><div class=\"fusion-post-content-container\"><div id=\"attachment_42968\" style=\"width: 160px\" class=\"wp-caption alignleft\"><a href=\"http:\/\/www.kaminakeskus.ee\/wp-content\/uploads\/2021\/01\/kamin-simple-8-parem-must.png\"><img decoding=\"async\" aria-describedby=\"caption-attachment-42968\" class=\"size-thumbnail wp-image-42968\" src=\"https:\/\/www.kaminakeskus.ee\/wp-content\/uploads\/2021\/01\/kamin-simple-8-parem-must-150x150.png\" alt=\"\" width=\"150\" height=\"150\" srcset=\"https:\/\/www.kaminakeskus.ee\/wp-content\/uploads\/2021\/01\/kamin-simple-8-parem-must-150x150.png 150w, https:\/\/www.kaminakeskus.ee\/wp-content\/uploads\/2021\/01\/kamin-simple-8-parem-must-300x300.png 300w, https:\/\/www.kaminakeskus.ee\/wp-content\/uploads\/2021\/01\/kamin-simple-8-parem-must-768x768.png 768w, https:\/\/www.kaminakeskus.ee\/wp-content\/uploads\/2021\/01\/kamin-simple-8-parem-must.png 960w\" sizes=\"(max-width: 150px) 100vw, 150px\" \/><\/a><p id=\"caption-attachment-42968\" class=\"wp-caption-text\">Takka Simple 8 Box oikea musta<\/p><\/div>\n<p><strong>Yksinkertainen 8 BOX musta parempi<\/strong><br \/>\nTeho: 3-10kW<br \/>\nKorkeus: 1874mm<br \/>\nLeveys: 787 mm<br \/>\nSyvyys: 547 mm<br \/>\nSavupiipun halkaisija: 200mm<br \/>\n<strong>Hinta: 2699 euroa<\/strong><\/p>\n<\/div><\/div><\/div><div class=\"fusion-clearfix\"><\/div><\/div>\n<\/article>\n<article id=\"blog-1-post-45858\" class=\"fusion-post-grid post-45858 post type-post status-publish format-standard hentry category-takat-kratki category-takkasydamet category-takkasydamet-kratki\">\n<div class=\"fusion-post-wrapper\" style=\"background-color:rgba(255,255,255,1);border:1px solid #a82c23;border-bottom-width:3px;\">\n\n<div class=\"fusion-post-content-wrapper\" style=\"padding:30px 25px 25px 25px;\"><div class=\"fusion-post-content post-content\"><h2 class=\"blog-shortcode-post-title entry-title\"><a href=\"https:\/\/www.kaminakeskus.ee\/fi\/takka-simple-8-vasen-valkoinen\/\">Takka Simple 8 vasen valkoinen<\/a><\/h2><div class=\"fusion-post-content-container\"><div id=\"attachment_42964\" style=\"width: 160px\" class=\"wp-caption alignleft\"><a href=\"https:\/\/www.kaminakeskus.ee\/wp-content\/uploads\/2021\/01\/kamin-simple-8-vasak-valge-150x150.png\"><img decoding=\"async\" aria-describedby=\"caption-attachment-42964\" class=\"size-thumbnail wp-image-42964\" src=\"https:\/\/www.kaminakeskus.ee\/wp-content\/uploads\/2021\/01\/kamin-simple-8-vasak-valge-150x150.png\" alt=\"\" width=\"150\" height=\"150\" srcset=\"https:\/\/www.kaminakeskus.ee\/wp-content\/uploads\/2021\/01\/kamin-simple-8-vasak-valge-150x150.png 150w, https:\/\/www.kaminakeskus.ee\/wp-content\/uploads\/2021\/01\/kamin-simple-8-vasak-valge-300x300.png 300w, https:\/\/www.kaminakeskus.ee\/wp-content\/uploads\/2021\/01\/kamin-simple-8-vasak-valge-768x768.png 768w, https:\/\/www.kaminakeskus.ee\/wp-content\/uploads\/2021\/01\/kamin-simple-8-vasak-valge.png 960w\" sizes=\"(max-width: 150px) 100vw, 150px\" \/><\/a><p id=\"caption-attachment-42964\" class=\"wp-caption-text\">Takka Simple 8 vasen valkoinen<\/p><\/div>\n<p><strong>Simple 8 BOX valkoinen vasen<\/strong><br \/>\nTeho: 3-10kW<br \/>\nKorkeus: 1874mm<br \/>\nLeveys: 787 mm<br \/>\nSyvyys: 547 mm<br \/>\nSavupiipun halkaisija: 200mm<br \/>\n<strong>Hinta: 2699 euroa<\/strong><\/p>\n<\/div><\/div><\/div><div class=\"fusion-clearfix\"><\/div><\/div>\n<\/article>\n<article id=\"blog-1-post-45892\" class=\"fusion-post-grid post-45892 post type-post status-publish format-standard hentry category-takat-kratki category-takkasydamet category-takkasydamet-kratki\">\n<div class=\"fusion-post-wrapper\" style=\"background-color:rgba(255,255,255,1);border:1px solid #a82c23;border-bottom-width:3px;\">\n\n<div class=\"fusion-post-content-wrapper\" style=\"padding:30px 25px 25px 25px;\"><div class=\"fusion-post-content post-content\"><h2 class=\"blog-shortcode-post-title entry-title\"><a href=\"https:\/\/www.kaminakeskus.ee\/fi\/takka-simple-8-oikea-valkoinen\/\">Takka SIMPLE 8 oikea valkoinen<\/a><\/h2><div class=\"fusion-post-content-container\"><div id=\"attachment_42960\" style=\"width: 160px\" class=\"wp-caption alignleft\"><a href=\"https:\/\/www.kaminakeskus.ee\/wp-content\/uploads\/2021\/01\/kamin-simple-8-parem-valge-150x150.png\"><img decoding=\"async\" aria-describedby=\"caption-attachment-42960\" class=\"size-thumbnail wp-image-42960\" src=\"https:\/\/www.kaminakeskus.ee\/wp-content\/uploads\/2021\/01\/kamin-simple-8-parem-valge-150x150.png\" alt=\"\" width=\"150\" height=\"150\" srcset=\"https:\/\/www.kaminakeskus.ee\/wp-content\/uploads\/2021\/01\/kamin-simple-8-parem-valge-150x150.png 150w, https:\/\/www.kaminakeskus.ee\/wp-content\/uploads\/2021\/01\/kamin-simple-8-parem-valge-300x300.png 300w, https:\/\/www.kaminakeskus.ee\/wp-content\/uploads\/2021\/01\/kamin-simple-8-parem-valge-768x768.png 768w, https:\/\/www.kaminakeskus.ee\/wp-content\/uploads\/2021\/01\/kamin-simple-8-parem-valge.png 960w\" sizes=\"(max-width: 150px) 100vw, 150px\" \/><\/a><p id=\"caption-attachment-42960\" class=\"wp-caption-text\">Takka Simple 8 Box oikea valkoinen<\/p><\/div>\n<p><strong>Yksinkertainen 8 BOX valkoinen parempi<\/strong><br \/>\nTeho: 3-10kW<br \/>\nKorkeus: 1874mm<br \/>\nLeveys: 787 mm<br \/>\nSyvyys: 547 mm<br \/>\nSavupiipun halkaisija: 200mm<br \/>\n<strong>Hinta: 2699 euroa<\/strong><\/p>\n<\/div><\/div><\/div><div class=\"fusion-clearfix\"><\/div><\/div>\n<\/article>\n<article id=\"blog-1-post-48623\" class=\"fusion-post-grid post-48623 post type-post status-publish format-standard hentry category-takat category-takat-takat category-takat-kratki\">\n<div class=\"fusion-post-wrapper\" style=\"background-color:rgba(255,255,255,1);border:1px solid #a82c23;border-bottom-width:3px;\">\n\n<div class=\"fusion-post-content-wrapper\" style=\"padding:30px 25px 25px 25px;\"><div class=\"fusion-post-content post-content\"><h2 class=\"blog-shortcode-post-title entry-title\"><a href=\"https:\/\/www.kaminakeskus.ee\/fi\/takka-blanka-8-keramiikkaa\/\">Takka Blanka 8 keramiikkaa<\/a><\/h2><div class=\"fusion-post-content-container\"><div id=\"attachment_41972\" style=\"width: 160px\" class=\"wp-caption alignleft\"><a href=\"https:\/\/www.kaminakeskus.ee\/wp-content\/uploads\/2020\/07\/kamin-blanka-8-keraamika.png\"><img decoding=\"async\" aria-describedby=\"caption-attachment-41972\" class=\"size-thumbnail wp-image-41972\" src=\"https:\/\/www.kaminakeskus.ee\/wp-content\/uploads\/2020\/07\/kamin-blanka-8-keraamika-150x150.png\" alt=\"\" width=\"150\" height=\"150\" srcset=\"https:\/\/www.kaminakeskus.ee\/wp-content\/uploads\/2020\/07\/kamin-blanka-8-keraamika-150x150.png 150w, https:\/\/www.kaminakeskus.ee\/wp-content\/uploads\/2020\/07\/kamin-blanka-8-keraamika-300x300.png 300w, https:\/\/www.kaminakeskus.ee\/wp-content\/uploads\/2020\/07\/kamin-blanka-8-keraamika-768x768.png 768w, https:\/\/www.kaminakeskus.ee\/wp-content\/uploads\/2020\/07\/kamin-blanka-8-keraamika.png 960w\" sizes=\"(max-width: 150px) 100vw, 150px\" \/><\/a><p id=\"caption-attachment-41972\" class=\"wp-caption-text\">Takka Blanka 8 keramiikkaa<\/p><\/div>\n<p><strong>Blanka 8 keramiikkaa<\/strong><br \/>\nTeho: 8 kw<br \/>\nKorkeus: 1365 mm<br \/>\nLeveys: 715 mm<br \/>\nSyvyys: 598 mm<br \/>\nSavupiipun halkaisija: 160 mm<br \/>\nPaino: 247 kg<br \/>\n<strong>Hinta: 3959 euroa <\/strong><\/p>\n<\/div><\/div><\/div><div class=\"fusion-clearfix\"><\/div><\/div>\n<\/article>\n<article id=\"blog-1-post-48239\" class=\"fusion-post-grid post-48239 post type-post status-publish format-standard hentry category-takat category-takat-kratki category-takkasydamet category-takkasydamet-kratki\">\n<div class=\"fusion-post-wrapper\" style=\"background-color:rgba(255,255,255,1);border:1px solid #a82c23;border-bottom-width:3px;\">\n\n<div class=\"fusion-post-content-wrapper\" style=\"padding:30px 25px 25px 25px;\"><div class=\"fusion-post-content post-content\"><h2 class=\"blog-shortcode-post-title entry-title\"><a href=\"https:\/\/www.kaminakeskus.ee\/fi\/takka-nbc7-easybox-musta\/\">Takka NBC7 EASYBOX musta<\/a><\/h2><div class=\"fusion-post-content-container\"><div id=\"attachment_41316\" style=\"width: 160px\" class=\"wp-caption alignleft\"><a href=\"https:\/\/www.kaminakeskus.ee\/wp-content\/uploads\/2020\/03\/Kamin-nbc7-easybox-must.png\"><img decoding=\"async\" aria-describedby=\"caption-attachment-41316\" class=\"size-thumbnail wp-image-41316\" src=\"https:\/\/www.kaminakeskus.ee\/wp-content\/uploads\/2020\/03\/Kamin-nbc7-easybox-must-150x150.png\" alt=\"\" width=\"150\" height=\"150\" srcset=\"https:\/\/www.kaminakeskus.ee\/wp-content\/uploads\/2020\/03\/Kamin-nbc7-easybox-must-150x150.png 150w, https:\/\/www.kaminakeskus.ee\/wp-content\/uploads\/2020\/03\/Kamin-nbc7-easybox-must-300x300.png 300w, https:\/\/www.kaminakeskus.ee\/wp-content\/uploads\/2020\/03\/Kamin-nbc7-easybox-must-768x768.png 768w, https:\/\/www.kaminakeskus.ee\/wp-content\/uploads\/2020\/03\/Kamin-nbc7-easybox-must.png 960w\" sizes=\"(max-width: 150px) 100vw, 150px\" \/><\/a><p id=\"caption-attachment-41316\" class=\"wp-caption-text\">Takka NBC7 EASYBOX musta<\/p><\/div>\n<p><strong>NBC7 EASYBOX musta<\/strong><br \/>\nTeho: 3-9kW<br \/>\nKorkeus: 1801mm<br \/>\nLeveys: 842 mm<br \/>\nSyvyys: 603 mm<br \/>\nSavupiipun halkaisija: 160mm<br \/>\nPaino: 328kg<br \/>\n<strong>Hinta: 5175 euroa<\/strong><\/p>\n<\/div><\/div><\/div><div class=\"fusion-clearfix\"><\/div><\/div>\n<\/article>\n<article id=\"blog-1-post-48209\" class=\"fusion-post-grid post-48209 post type-post status-publish format-standard hentry category-takat category-takat-kratki category-takkasydamet category-takkasydamet-kratki\">\n<div class=\"fusion-post-wrapper\" style=\"background-color:rgba(255,255,255,1);border:1px solid #a82c23;border-bottom-width:3px;\">\n\n<div class=\"fusion-post-content-wrapper\" style=\"padding:30px 25px 25px 25px;\"><div class=\"fusion-post-content post-content\"><h2 class=\"blog-shortcode-post-title entry-title\"><a href=\"https:\/\/www.kaminakeskus.ee\/fi\/nbc-7-home-easy-box-valkoinen\/\">NBC 7 HOME EASY BOX valkoinen<\/a><\/h2><div class=\"fusion-post-content-container\"><div id=\"attachment_41312\" style=\"width: 160px\" class=\"wp-caption alignleft\"><a href=\"https:\/\/www.kaminakeskus.ee\/wp-content\/uploads\/2020\/03\/Kamin-nbc7-easybox-valge.png\"><img decoding=\"async\" aria-describedby=\"caption-attachment-41312\" class=\"size-thumbnail wp-image-41312\" src=\"https:\/\/www.kaminakeskus.ee\/wp-content\/uploads\/2020\/03\/Kamin-nbc7-easybox-valge-150x150.png\" alt=\"\" width=\"150\" height=\"150\" srcset=\"https:\/\/www.kaminakeskus.ee\/wp-content\/uploads\/2020\/03\/Kamin-nbc7-easybox-valge-150x150.png 150w, https:\/\/www.kaminakeskus.ee\/wp-content\/uploads\/2020\/03\/Kamin-nbc7-easybox-valge-300x300.png 300w, https:\/\/www.kaminakeskus.ee\/wp-content\/uploads\/2020\/03\/Kamin-nbc7-easybox-valge-768x768.png 768w, https:\/\/www.kaminakeskus.ee\/wp-content\/uploads\/2020\/03\/Kamin-nbc7-easybox-valge.png 960w\" sizes=\"(max-width: 150px) 100vw, 150px\" \/><\/a><p id=\"caption-attachment-41312\" class=\"wp-caption-text\">Takka NBC7 EASYBOX valkoinen<\/p><\/div>\n<p><strong>NBC7 EASYBOX valkoinen<\/strong><br \/>\nTeho: 3-9kW<br \/>\nKorkeus: 1801mm<br \/>\nLeveys: 842 mm<br \/>\nSyvyys: 603 mm<br \/>\nSavupiipun halkaisija: 160mm<br \/>\nPaino: 328kg<br \/>\nV\u00e4ri valkoinen; musta<br \/>\n<strong>Hinta: 5175 euroa<\/strong><\/p>\n<\/div><\/div><\/div><div class=\"fusion-clearfix\"><\/div><\/div>\n<\/article>\n<article id=\"blog-1-post-48205\" class=\"fusion-post-grid post-48205 post type-post status-publish format-standard hentry category-takat-takat category-takat-kratki\">\n<div class=\"fusion-post-wrapper\" style=\"background-color:rgba(255,255,255,1);border:1px solid #a82c23;border-bottom-width:3px;\">\n\n<div class=\"fusion-post-content-wrapper\" style=\"padding:30px 25px 25px 25px;\"><div class=\"fusion-post-content post-content\"><h2 class=\"blog-shortcode-post-title entry-title\"><a href=\"https:\/\/www.kaminakeskus.ee\/fi\/takka-titan-glass-panoramic\/\">Takka Titan Glass Panoramic<\/a><\/h2><div class=\"fusion-post-content-container\"><div id=\"attachment_41304\" style=\"width: 160px\" class=\"wp-caption alignleft\"><a href=\"https:\/\/www.kaminakeskus.ee\/wp-content\/uploads\/2020\/02\/kamin-titan-glass-panoramic-150x150.png\"><img decoding=\"async\" aria-describedby=\"caption-attachment-41304\" class=\"size-thumbnail wp-image-26067\" src=\"https:\/\/www.kaminakeskus.ee\/wp-content\/uploads\/2020\/02\/kamin-titan-glass-panoramic-150x150.png\" alt=\"\" width=\"150\" height=\"150\" srcset=\"https:\/\/www.kaminakeskus.ee\/wp-content\/uploads\/2020\/02\/kamin-titan-glass-panoramic-150x150.png 150w, https:\/\/www.kaminakeskus.ee\/wp-content\/uploads\/2020\/02\/kamin-titan-glass-panoramic-300x300.png 300w, https:\/\/www.kaminakeskus.ee\/wp-content\/uploads\/2020\/02\/kamin-titan-glass-panoramic-768x768.png 768w, https:\/\/www.kaminakeskus.ee\/wp-content\/uploads\/2020\/02\/kamin-titan-glass-panoramic.png 960w\" sizes=\"(max-width: 150px) 100vw, 150px\" \/><\/a><p id=\"caption-attachment-41304\" class=\"wp-caption-text\">Takka Titan Glass Panoramic<\/p><\/div>\n<p><strong>Takka Titan Glass<br \/>\nPanoraama<\/strong><br \/>\nTeho: 8-14 kW<br \/>\nKorkeus: 1137 mm<br \/>\nLeveys: 530 mm<br \/>\nSyvyys: 475 mm<br \/>\nSavupiipun halkaisija: 150mm<br \/>\nPaino: 148kg<br \/>\n<strong>Hinta: 1915 EUR<\/strong><\/p>\n<\/div><\/div><\/div><div class=\"fusion-clearfix\"><\/div><\/div>\n<\/article>\n<article id=\"blog-1-post-48232\" class=\"fusion-post-grid post-48232 post type-post status-publish format-standard hentry category-takat category-takat-kratki\">\n<div class=\"fusion-post-wrapper\" style=\"background-color:rgba(255,255,255,1);border:1px solid #a82c23;border-bottom-width:3px;\">\n\n<div class=\"fusion-post-content-wrapper\" style=\"padding:30px 25px 25px 25px;\"><div class=\"fusion-post-content post-content\"><h2 class=\"blog-shortcode-post-title entry-title\"><a href=\"https:\/\/www.kaminakeskus.ee\/fi\/takka-koza-titan-glass\/\">Takka Koza Titan Glass<\/a><\/h2><div class=\"fusion-post-content-container\"><div id=\"attachment_41300\" style=\"width: 160px\" class=\"wp-caption alignleft\"><a href=\"https:\/\/www.kaminakeskus.ee\/wp-content\/uploads\/2020\/02\/kamin-titan-glass.png\"><img decoding=\"async\" aria-describedby=\"caption-attachment-41300\" class=\"size-thumbnail wp-image-26064\" src=\"https:\/\/www.kaminakeskus.ee\/wp-content\/uploads\/2020\/02\/kamin-titan-glass-150x150.png\" alt=\"\" width=\"150\" height=\"150\" srcset=\"https:\/\/www.kaminakeskus.ee\/wp-content\/uploads\/2020\/02\/kamin-titan-glass-150x150.png 150w, https:\/\/www.kaminakeskus.ee\/wp-content\/uploads\/2020\/02\/kamin-titan-glass-300x300.png 300w, https:\/\/www.kaminakeskus.ee\/wp-content\/uploads\/2020\/02\/kamin-titan-glass-768x768.png 768w, https:\/\/www.kaminakeskus.ee\/wp-content\/uploads\/2020\/02\/kamin-titan-glass.png 960w\" sizes=\"(max-width: 150px) 100vw, 150px\" \/><\/a><p id=\"caption-attachment-41300\" class=\"wp-caption-text\">Takka Titan Glass<\/p><\/div>\n<p><strong>Takka Titan Glass<\/strong><br \/>\nTeho: 8-14 kW<br \/>\nKorkeus: 1137 mm<br \/>\nLeveys: 530 mm<br \/>\nSyvyys: 419 mm<br \/>\nSavupiipun halkaisija: 150mm<br \/>\nPaino: 150kg<br \/>\n<strong>Hinta: 1270 EUR<\/strong><\/p>\n<\/div><\/div><\/div><div class=\"fusion-clearfix\"><\/div><\/div>\n<\/article>\n<article id=\"blog-1-post-48075\" class=\"fusion-post-grid post-48075 post type-post status-publish format-standard hentry category-takat category-takat-takat category-takat-kratki\">\n<div class=\"fusion-post-wrapper\" style=\"background-color:rgba(255,255,255,1);border:1px solid #a82c23;border-bottom-width:3px;\">\n\n<div class=\"fusion-post-content-wrapper\" style=\"padding:30px 25px 25px 25px;\"><div class=\"fusion-post-content post-content\"><h2 class=\"blog-shortcode-post-title entry-title\"><a href=\"https:\/\/www.kaminakeskus.ee\/fi\/takka-kratki-k5-pidikkeella\/\">Takka Kratki K5-pidikkeell\u00e4<\/a><\/h2><div class=\"fusion-post-content-container\"><div id=\"attachment_40236\" style=\"width: 160px\" class=\"wp-caption alignleft\"><a href=\"https:\/\/www.kaminakeskus.ee\/wp-content\/uploads\/2019\/07\/kamin-kratki-k5-kapiga.png\"><img decoding=\"async\" aria-describedby=\"caption-attachment-40236\" class=\"size-thumbnail wp-image-24654\" src=\"https:\/\/www.kaminakeskus.ee\/wp-content\/uploads\/2019\/07\/kamin-kratki-k5-kapiga-150x150.png\" alt=\"\" width=\"150\" height=\"150\" srcset=\"https:\/\/www.kaminakeskus.ee\/wp-content\/uploads\/2019\/07\/kamin-kratki-k5-kapiga-150x150.png 150w, https:\/\/www.kaminakeskus.ee\/wp-content\/uploads\/2019\/07\/kamin-kratki-k5-kapiga-300x300.png 300w, https:\/\/www.kaminakeskus.ee\/wp-content\/uploads\/2019\/07\/kamin-kratki-k5-kapiga-768x768.png 768w, https:\/\/www.kaminakeskus.ee\/wp-content\/uploads\/2019\/07\/kamin-kratki-k5-kapiga.png 960w\" sizes=\"(max-width: 150px) 100vw, 150px\" \/><\/a><p id=\"caption-attachment-40236\" class=\"wp-caption-text\">Takka Kratki K5-pidikkeell\u00e4<\/p><\/div>\n<p><strong>Takka K5-pidikkeell\u00e4<\/strong><br \/>\nTeho: 7 kw<br \/>\nKorkeus: 942 mm<br \/>\nLeveys: 462 mm<br \/>\nSyvyys: 400 mm<br \/>\nSavupiipun halkaisija: 150 mm<br \/>\nPaino: 132 kg<br \/>\n<strong>Hinta: 735 EUR <\/strong><\/p>\n<\/div><\/div><\/div><div class=\"fusion-clearfix\"><\/div><\/div>\n<\/article>\n<article id=\"blog-1-post-48167\" class=\"fusion-post-grid post-48167 post type-post status-publish format-standard hentry category-takat-takat category-takat category-takat-kratki\">\n<div class=\"fusion-post-wrapper\" style=\"background-color:rgba(255,255,255,1);border:1px solid #a82c23;border-bottom-width:3px;\">\n\n<div class=\"fusion-post-content-wrapper\" style=\"padding:30px 25px 25px 25px;\"><div class=\"fusion-post-content post-content\"><h2 class=\"blog-shortcode-post-title entry-title\"><a href=\"https:\/\/www.kaminakeskus.ee\/fi\/takka-kratki-picard\/\">Takka Kratki Picard<\/a><\/h2><div class=\"fusion-post-content-container\"><div id=\"attachment_40232\" style=\"width: 160px\" class=\"wp-caption alignleft\"><a href=\"https:\/\/www.kaminakeskus.ee\/wp-content\/uploads\/2019\/07\/kamin-kratki-picard.png\"><img decoding=\"async\" aria-describedby=\"caption-attachment-40232\" class=\"size-thumbnail wp-image-40232\" src=\"https:\/\/www.kaminakeskus.ee\/wp-content\/uploads\/2019\/07\/kamin-kratki-picard-150x150.png\" alt=\"\" width=\"150\" height=\"150\" srcset=\"https:\/\/www.kaminakeskus.ee\/wp-content\/uploads\/2019\/07\/kamin-kratki-picard-150x150.png 150w, https:\/\/www.kaminakeskus.ee\/wp-content\/uploads\/2019\/07\/kamin-kratki-picard-300x300.png 300w, https:\/\/www.kaminakeskus.ee\/wp-content\/uploads\/2019\/07\/kamin-kratki-picard-768x768.png 768w, https:\/\/www.kaminakeskus.ee\/wp-content\/uploads\/2019\/07\/kamin-kratki-picard.png 960w\" sizes=\"(max-width: 150px) 100vw, 150px\" \/><\/a><p id=\"caption-attachment-40232\" class=\"wp-caption-text\">Takka Kratki Picard<\/p><\/div>\n<p><strong>Kamin Picard<\/strong><br \/>\nTeho: 9 kw<br \/>\nKorkeus: 1261 mm<br \/>\nLeveys: 518 mm<br \/>\nSyvyys: 522 mm<br \/>\nSavupiipun halkaisija: 150 mm<br \/>\nPaino: 137 kg<br \/>\n<strong>Hinta: 1425 euroa <\/strong><\/p>\n<\/div><\/div><\/div><div class=\"fusion-clearfix\"><\/div><\/div>\n<\/article>\n<article id=\"blog-1-post-48143\" class=\"fusion-post-grid post-48143 post type-post status-publish format-standard hentry category-takat category-takat-takat category-takat-kratki\">\n<div class=\"fusion-post-wrapper\" style=\"background-color:rgba(255,255,255,1);border:1px solid #a82c23;border-bottom-width:3px;\">\n\n<div class=\"fusion-post-content-wrapper\" style=\"padding:30px 25px 25px 25px;\"><div class=\"fusion-post-content post-content\"><h2 class=\"blog-shortcode-post-title entry-title\"><a href=\"https:\/\/www.kaminakeskus.ee\/fi\/kamin-kratki-proton\/\">Kamin Kratki Proton<\/a><\/h2><div class=\"fusion-post-content-container\"><div id=\"attachment_40228\" style=\"width: 160px\" class=\"wp-caption aligncenter\"><a href=\"https:\/\/www.kaminakeskus.ee\/wp-content\/uploads\/2019\/07\/Kamin-kratki-proton-150x150.png\"><img decoding=\"async\" aria-describedby=\"caption-attachment-40228\" class=\"size-thumbnail wp-image-24648\" src=\"https:\/\/www.kaminakeskus.ee\/wp-content\/uploads\/2019\/07\/Kamin-kratki-proton-150x150.png\" alt=\"\" width=\"150\" height=\"150\" srcset=\"https:\/\/www.kaminakeskus.ee\/wp-content\/uploads\/2019\/07\/Kamin-kratki-proton-150x150.png 150w, https:\/\/www.kaminakeskus.ee\/wp-content\/uploads\/2019\/07\/Kamin-kratki-proton-300x300.png 300w, https:\/\/www.kaminakeskus.ee\/wp-content\/uploads\/2019\/07\/Kamin-kratki-proton-768x768.png 768w, https:\/\/www.kaminakeskus.ee\/wp-content\/uploads\/2019\/07\/Kamin-kratki-proton.png 960w\" sizes=\"(max-width: 150px) 100vw, 150px\" \/><\/a><p id=\"caption-attachment-40228\" class=\"wp-caption-text\">Kamin Kratki Proton<\/p><\/div>\n<p style=\"text-align: center;\"><strong>Takka Proton<\/strong><br \/>\nTeho: 8 kw<br \/>\nKorkeus: 1125 mm<br \/>\nLeveys: 535 mm<br \/>\nSyvyys: 438 mm<br \/>\nSavupiipun halkaisija: 150 mm<br \/>\nPaino: 143 kg<br \/>\n<strong>Hinta: 1550 euroa  <\/strong><\/p>\n<\/div><\/div><\/div><div class=\"fusion-clearfix\"><\/div><\/div>\n<\/article>\n<article id=\"blog-1-post-48158\" class=\"fusion-post-grid post-48158 post type-post status-publish format-standard hentry category-takat category-takat-takat category-takat-kratki\">\n<div class=\"fusion-post-wrapper\" style=\"background-color:rgba(255,255,255,1);border:1px solid #a82c23;border-bottom-width:3px;\">\n\n<div class=\"fusion-post-content-wrapper\" style=\"padding:30px 25px 25px 25px;\"><div class=\"fusion-post-content post-content\"><h2 class=\"blog-shortcode-post-title entry-title\"><a href=\"https:\/\/www.kaminakeskus.ee\/fi\/takka-kratki-hyperion\/\">Takka Kratki Hyperion<\/a><\/h2><div class=\"fusion-post-content-container\"><div id=\"attachment_40224\" style=\"width: 160px\" class=\"wp-caption alignleft\"><a href=\"https:\/\/www.kaminakeskus.ee\/wp-content\/uploads\/2019\/07\/Kamin-kratki-epsilon.png\"><img decoding=\"async\" aria-describedby=\"caption-attachment-40224\" class=\"size-thumbnail wp-image-24645\" src=\"https:\/\/www.kaminakeskus.ee\/wp-content\/uploads\/2019\/07\/Kamin-kratki-epsilon-150x150.png\" alt=\"\" width=\"150\" height=\"150\" srcset=\"https:\/\/www.kaminakeskus.ee\/wp-content\/uploads\/2019\/07\/Kamin-kratki-epsilon-150x150.png 150w, https:\/\/www.kaminakeskus.ee\/wp-content\/uploads\/2019\/07\/Kamin-kratki-epsilon-300x300.png 300w, https:\/\/www.kaminakeskus.ee\/wp-content\/uploads\/2019\/07\/Kamin-kratki-epsilon-768x768.png 768w, https:\/\/www.kaminakeskus.ee\/wp-content\/uploads\/2019\/07\/Kamin-kratki-epsilon.png 960w\" sizes=\"(max-width: 150px) 100vw, 150px\" \/><\/a><p id=\"caption-attachment-40224\" class=\"wp-caption-text\">Hyperion-takka<\/p><\/div>\n<p><strong>Hyperion-takka<\/strong><br \/>\nTeho: 8 kw<br \/>\nKorkeus: 1156 mm<br \/>\nLeveys: 595 mm<br \/>\nSyvyys: 513 mm<br \/>\nSavupiipun halkaisija: 150 mm<br \/>\nPaino: 143 kg<br \/>\n<strong>Hinta: 948 EUR <\/strong><\/p>\n<\/div><\/div><\/div><div class=\"fusion-clearfix\"><\/div><\/div>\n<\/article>\n<article id=\"blog-1-post-48089\" class=\"fusion-post-grid post-48089 post type-post status-publish format-standard hentry category-takat category-takat-takat category-takat-kratki\">\n<div class=\"fusion-post-wrapper\" style=\"background-color:rgba(255,255,255,1);border:1px solid #a82c23;border-bottom-width:3px;\">\n\n<div class=\"fusion-post-content-wrapper\" style=\"padding:30px 25px 25px 25px;\"><div class=\"fusion-post-content post-content\"><h2 class=\"blog-shortcode-post-title entry-title\"><a href=\"https:\/\/www.kaminakeskus.ee\/fi\/kamin-kronos\/\">Kamin Kronos<\/a><\/h2><div class=\"fusion-post-content-container\"><div id=\"attachment_40220\" style=\"width: 160px\" class=\"wp-caption alignleft\"><a href=\"https:\/\/www.kaminakeskus.ee\/wp-content\/uploads\/2019\/07\/Kamin-titan.png\"><img decoding=\"async\" aria-describedby=\"caption-attachment-40220\" class=\"size-thumbnail wp-image-24642\" src=\"https:\/\/www.kaminakeskus.ee\/wp-content\/uploads\/2019\/07\/Kamin-titan-150x150.png\" alt=\"\" width=\"150\" height=\"150\" srcset=\"https:\/\/www.kaminakeskus.ee\/wp-content\/uploads\/2019\/07\/Kamin-titan-150x150.png 150w, https:\/\/www.kaminakeskus.ee\/wp-content\/uploads\/2019\/07\/Kamin-titan-300x300.png 300w, https:\/\/www.kaminakeskus.ee\/wp-content\/uploads\/2019\/07\/Kamin-titan-768x768.png 768w, https:\/\/www.kaminakeskus.ee\/wp-content\/uploads\/2019\/07\/Kamin-titan.png 960w\" sizes=\"(max-width: 150px) 100vw, 150px\" \/><\/a><p id=\"caption-attachment-40220\" class=\"wp-caption-text\">Kamin Kronos<\/p><\/div>\n<p><strong>Kamin Kronos<\/strong><br \/>\nTeho: 11 kw<br \/>\nKorkeus: 1137 mm<br \/>\nLeveys: 530 mm<br \/>\nSyvyys: 475 mm<br \/>\nSavupiipun halkaisija: 150 mm<br \/>\nPaino: 139 kg<br \/>\n<strong>Hinta: 1018 EUR <\/strong><\/p>\n<\/div><\/div><\/div><div class=\"fusion-clearfix\"><\/div><\/div>\n<\/article>\n<article id=\"blog-1-post-48109\" class=\"fusion-post-grid post-48109 post type-post status-publish format-standard hentry category-takat category-takat-takat category-takat-kratki\">\n<div class=\"fusion-post-wrapper\" style=\"background-color:rgba(255,255,255,1);border:1px solid #a82c23;border-bottom-width:3px;\">\n\n<div class=\"fusion-post-content-wrapper\" style=\"padding:30px 25px 25px 25px;\"><div class=\"fusion-post-content post-content\"><h2 class=\"blog-shortcode-post-title entry-title\"><a href=\"https:\/\/www.kaminakeskus.ee\/fi\/kamin-gersemi-w\/\">Kamin Gersemi W<\/a><\/h2><div class=\"fusion-post-content-container\"><div id=\"attachment_40216\" style=\"width: 160px\" class=\"wp-caption alignleft\"><a href=\"https:\/\/www.kaminakeskus.ee\/wp-content\/uploads\/2019\/07\/Kamin-falcon-9w.png\"><img decoding=\"async\" aria-describedby=\"caption-attachment-40216\" class=\"size-thumbnail wp-image-24639\" src=\"https:\/\/www.kaminakeskus.ee\/wp-content\/uploads\/2019\/07\/Kamin-falcon-9w-150x150.png\" alt=\"\" width=\"150\" height=\"150\" srcset=\"https:\/\/www.kaminakeskus.ee\/wp-content\/uploads\/2019\/07\/Kamin-falcon-9w-150x150.png 150w, https:\/\/www.kaminakeskus.ee\/wp-content\/uploads\/2019\/07\/Kamin-falcon-9w-300x300.png 300w, https:\/\/www.kaminakeskus.ee\/wp-content\/uploads\/2019\/07\/Kamin-falcon-9w-768x768.png 768w, https:\/\/www.kaminakeskus.ee\/wp-content\/uploads\/2019\/07\/Kamin-falcon-9w.png 960w\" sizes=\"(max-width: 150px) 100vw, 150px\" \/><\/a><p id=\"caption-attachment-40216\" class=\"wp-caption-text\">Kamin Gersemi W<\/p><\/div>\n<p><strong>Kamin Gersemi W<\/strong><br \/>\nTeho: 9 kw<br \/>\nKorkeus: 1243 mm<br \/>\nLeveys: 563 mm<br \/>\nSyvyys: 452 mm<br \/>\nSavupiipun halkaisija: 150 mm<br \/>\nPaino: 147 kg<br \/>\n<strong>Hinta: 1244 EUR <\/strong><\/p>\n<\/div><\/div><\/div><div class=\"fusion-clearfix\"><\/div><\/div>\n<\/article>\n<article id=\"blog-1-post-48166\" class=\"fusion-post-grid post-48166 post type-post status-publish format-standard hentry category-takat category-takat-takat category-takat-kratki\">\n<div class=\"fusion-post-wrapper\" style=\"background-color:rgba(255,255,255,1);border:1px solid #a82c23;border-bottom-width:3px;\">\n\n<div class=\"fusion-post-content-wrapper\" style=\"padding:30px 25px 25px 25px;\"><div class=\"fusion-post-content post-content\"><h2 class=\"blog-shortcode-post-title entry-title\"><a href=\"https:\/\/www.kaminakeskus.ee\/fi\/kamin-gersemi-v\/\">Kamin Gersemi V<\/a><\/h2><div class=\"fusion-post-content-container\"><div id=\"attachment_40212\" style=\"width: 160px\" class=\"wp-caption alignleft\"><a href=\"https:\/\/www.kaminakeskus.ee\/wp-content\/uploads\/2019\/07\/Kamin-falcon-9-view-150x150.png\"><img decoding=\"async\" aria-describedby=\"caption-attachment-40212\" class=\"wp-image-24636 size-thumbnail\" src=\"https:\/\/www.kaminakeskus.ee\/wp-content\/uploads\/2019\/07\/Kamin-falcon-9-view-150x150.png\" alt=\"\" width=\"150\" height=\"150\" srcset=\"https:\/\/www.kaminakeskus.ee\/wp-content\/uploads\/2019\/07\/Kamin-falcon-9-view-150x150.png 150w, https:\/\/www.kaminakeskus.ee\/wp-content\/uploads\/2019\/07\/Kamin-falcon-9-view-300x300.png 300w, https:\/\/www.kaminakeskus.ee\/wp-content\/uploads\/2019\/07\/Kamin-falcon-9-view-768x768.png 768w, https:\/\/www.kaminakeskus.ee\/wp-content\/uploads\/2019\/07\/Kamin-falcon-9-view.png 960w\" sizes=\"(max-width: 150px) 100vw, 150px\" \/><\/a><p id=\"caption-attachment-40212\" class=\"wp-caption-text\">Kamin Gersemi V<\/p><\/div>\n<p><strong>Kamin Gersemi V<\/strong><br \/>\nTeho: 9 kw<br \/>\nKorkeus: 1057 mm<br \/>\nLeveys: 550 mm<br \/>\nSyvyys: 450 mm<br \/>\nSavupiipun halkaisija: 150 mm<br \/>\nPaino: 128 kg<br \/>\n<strong>Hinta: 1975 EUR <\/strong><\/p>\n<\/div><\/div><\/div><div class=\"fusion-clearfix\"><\/div><\/div>\n<\/article>\n<article id=\"blog-1-post-48131\" class=\"fusion-post-grid post-48131 post type-post status-publish format-standard hentry category-takat category-takat-takat category-takat-kratki\">\n<div class=\"fusion-post-wrapper\" style=\"background-color:rgba(255,255,255,1);border:1px solid #a82c23;border-bottom-width:3px;\">\n\n<div class=\"fusion-post-content-wrapper\" style=\"padding:30px 25px 25px 25px;\"><div class=\"fusion-post-content post-content\"><h2 class=\"blog-shortcode-post-title entry-title\"><a href=\"https:\/\/www.kaminakeskus.ee\/fi\/kamin-gersemi\/\">Kamin Gersemi<\/a><\/h2><div class=\"fusion-post-content-container\"><div id=\"attachment_40208\" style=\"width: 160px\" class=\"wp-caption alignleft\"><a href=\"https:\/\/www.kaminakeskus.ee\/wp-content\/uploads\/2019\/07\/Kamin-falcon-9-150x150.png\"><img decoding=\"async\" aria-describedby=\"caption-attachment-40208\" class=\"size-thumbnail wp-image-24633\" src=\"https:\/\/www.kaminakeskus.ee\/wp-content\/uploads\/2019\/07\/Kamin-falcon-9-150x150.png\" alt=\"\" width=\"150\" height=\"150\" srcset=\"https:\/\/www.kaminakeskus.ee\/wp-content\/uploads\/2019\/07\/Kamin-falcon-9-150x150.png 150w, https:\/\/www.kaminakeskus.ee\/wp-content\/uploads\/2019\/07\/Kamin-falcon-9-300x300.png 300w, https:\/\/www.kaminakeskus.ee\/wp-content\/uploads\/2019\/07\/Kamin-falcon-9-768x768.png 768w, https:\/\/www.kaminakeskus.ee\/wp-content\/uploads\/2019\/07\/Kamin-falcon-9.png 960w\" sizes=\"(max-width: 150px) 100vw, 150px\" \/><\/a><p id=\"caption-attachment-40208\" class=\"wp-caption-text\">Kamin Gersemi<\/p><\/div>\n<p><strong>Kamin Gersemi<br \/>\n<\/strong> Teho: 10 kw<br \/>\nKorkeus: 1057 mm<br \/>\nLeveys: 550 mm<br \/>\nSyvyys: 450 mm<br \/>\nSavupiipun halkaisija: 150 mm<br \/>\nPaino: 132 kg<strong><br \/>\n<del> Hinta: 1237 EUR<\/del><br \/>\n<span style=\"color: #ff0000;\"> Hinta: 1150 EUR<\/span><\/strong><\/p>\n<\/div><\/div><\/div><div class=\"fusion-clearfix\"><\/div><\/div>\n<\/article>\n<article id=\"blog-1-post-47356\" class=\"fusion-post-grid post-47356 post type-post status-publish format-standard hentry category-takat category-takat-kratki\">\n<div class=\"fusion-post-wrapper\" style=\"background-color:rgba(255,255,255,1);border:1px solid #a82c23;border-bottom-width:3px;\">\n\n<div class=\"fusion-post-content-wrapper\" style=\"padding:30px 25px 25px 25px;\"><div class=\"fusion-post-content post-content\"><h2 class=\"blog-shortcode-post-title entry-title\"><a href=\"https:\/\/www.kaminakeskus.ee\/fi\/kamin-kratki-tatra\/\">Takka Kratki Antares 10<\/a><\/h2><div class=\"fusion-post-content-container\"><div id=\"attachment_38684\" style=\"width: 160px\" class=\"wp-caption alignleft\"><a href=\"https:\/\/www.kaminakeskus.ee\/kamin-kratki-antares\/\" rel=\"attachment wp-att-22672\"><img decoding=\"async\" aria-describedby=\"caption-attachment-38684\" class=\"size-thumbnail wp-image-38684\" src=\"https:\/\/www.kaminakeskus.ee\/wp-content\/uploads\/2018\/12\/Kamin-Kratki-Antares-150x150.png\" alt=\"\" width=\"150\" height=\"150\" srcset=\"https:\/\/www.kaminakeskus.ee\/wp-content\/uploads\/2018\/12\/Kamin-Kratki-Antares-150x150.png 150w, https:\/\/www.kaminakeskus.ee\/wp-content\/uploads\/2018\/12\/Kamin-Kratki-Antares-300x300.png 300w, https:\/\/www.kaminakeskus.ee\/wp-content\/uploads\/2018\/12\/Kamin-Kratki-Antares-768x768.png 768w, https:\/\/www.kaminakeskus.ee\/wp-content\/uploads\/2018\/12\/Kamin-Kratki-Antares.png 960w\" sizes=\"(max-width: 150px) 100vw, 150px\" \/><\/a><p id=\"caption-attachment-38684\" class=\"wp-caption-text\">Takka Antares 10<\/p><\/div>\n<p><strong>Takka Antares 10<\/strong><br \/>\n Teho: 10kw<br \/>\nKorkeus: 1501 mm<br \/>\nLeveys: 522 mm<br \/>\nSyvyys: 522 mm<br \/>\nSavupiipun halkaisija: 150 mm<br \/>\nPaino: 186 kg<br \/>\n <strong>Hinta: 2427 euroa<\/strong><\/p>\n<\/div><\/div><\/div><div class=\"fusion-clearfix\"><\/div><\/div>\n<\/article>\n<article id=\"blog-1-post-49465\" class=\"fusion-post-grid post-49465 post type-post status-publish format-standard hentry category-takat-takat category-takat-kratki\">\n<div class=\"fusion-post-wrapper\" style=\"background-color:rgba(255,255,255,1);border:1px solid #a82c23;border-bottom-width:3px;\">\n\n<div class=\"fusion-post-content-wrapper\" style=\"padding:30px 25px 25px 25px;\"><div class=\"fusion-post-content post-content\"><h2 class=\"blog-shortcode-post-title entry-title\"><a href=\"https:\/\/www.kaminakeskus.ee\/fi\/takka-inga\/\">Kamin Kratki Thor 8 View<\/a><\/h2><div class=\"fusion-post-content-container\"><div id=\"attachment_40508\" style=\"width: 160px\" class=\"wp-caption alignleft\"><a href=\"https:\/\/www.kaminakeskus.ee\/wp-content\/uploads\/2019\/09\/Kamin-thor-8-wiev-150x150.png\"><img decoding=\"async\" aria-describedby=\"caption-attachment-40508\" class=\"size-thumbnail wp-image-24980\" src=\"https:\/\/www.kaminakeskus.ee\/wp-content\/uploads\/2019\/09\/Kamin-thor-8-wiev-150x150.png\" alt=\"\" width=\"150\" height=\"150\" srcset=\"https:\/\/www.kaminakeskus.ee\/wp-content\/uploads\/2019\/09\/Kamin-thor-8-wiev-150x150.png 150w, https:\/\/www.kaminakeskus.ee\/wp-content\/uploads\/2019\/09\/Kamin-thor-8-wiev-300x300.png 300w, https:\/\/www.kaminakeskus.ee\/wp-content\/uploads\/2019\/09\/Kamin-thor-8-wiev-768x768.png 768w, https:\/\/www.kaminakeskus.ee\/wp-content\/uploads\/2019\/09\/Kamin-thor-8-wiev.png 960w\" sizes=\"(max-width: 150px) 100vw, 150px\" \/><\/a><p id=\"caption-attachment-40508\" class=\"wp-caption-text\">Takka Thor 8 N\u00e4kym\u00e4<\/p><\/div>\n<p><strong>Thor 8 -n\u00e4kym\u00e4<\/strong><br \/>\n Teho: 8kw<br \/>\nKorkeus: 1224 mm<br \/>\nLeveys: 521 mm<br \/>\nSyvyys: 438 mm<br \/>\nSavupiipun halkaisija: 150 mm<br \/>\nPaino: 140 kg<br \/>\n <strong>Hinta: 2299 euroa<\/strong><\/p>\n<\/div><\/div><\/div><div class=\"fusion-clearfix\"><\/div><\/div>\n<\/article>\n<article id=\"blog-1-post-49412\" class=\"fusion-post-grid post-49412 post type-post status-publish format-standard hentry category-takat-takat category-takat-kratki\">\n<div class=\"fusion-post-wrapper\" style=\"background-color:rgba(255,255,255,1);border:1px solid #a82c23;border-bottom-width:3px;\">\n\n<div class=\"fusion-post-content-wrapper\" style=\"padding:30px 25px 25px 25px;\"><div class=\"fusion-post-content post-content\"><h2 class=\"blog-shortcode-post-title entry-title\"><a href=\"https:\/\/www.kaminakeskus.ee\/fi\/zeuksen-takka\/\">Kamin Kratki Thor 8<\/a><\/h2><div class=\"fusion-post-content-container\"><div id=\"attachment_40428\" style=\"width: 160px\" class=\"wp-caption alignleft\"><a href=\"https:\/\/www.kaminakeskus.ee\/wp-content\/uploads\/2019\/08\/Kamin-kratki-thor-8-150x150.png\"><img decoding=\"async\" aria-describedby=\"caption-attachment-40428\" class=\"size-thumbnail wp-image-24891\" src=\"https:\/\/www.kaminakeskus.ee\/wp-content\/uploads\/2019\/08\/Kamin-kratki-thor-8-150x150.png\" alt=\"\" width=\"150\" height=\"150\" srcset=\"https:\/\/www.kaminakeskus.ee\/wp-content\/uploads\/2019\/08\/Kamin-kratki-thor-8-150x150.png 150w, https:\/\/www.kaminakeskus.ee\/wp-content\/uploads\/2019\/08\/Kamin-kratki-thor-8-300x300.png 300w, https:\/\/www.kaminakeskus.ee\/wp-content\/uploads\/2019\/08\/Kamin-kratki-thor-8-768x768.png 768w, https:\/\/www.kaminakeskus.ee\/wp-content\/uploads\/2019\/08\/Kamin-kratki-thor-8.png 960w\" sizes=\"(max-width: 150px) 100vw, 150px\" \/><\/a><p id=\"caption-attachment-40428\" class=\"wp-caption-text\">Takka Thor 8<\/p><\/div>\n<p><strong>Takka Thor 8<\/strong><br \/>\n Teho: 8kw<br \/>\nKorkeus: 1286 mm<br \/>\nLeveys: 452 mm<br \/>\nSyvyys: 452 mm<br \/>\nSavupiipun halkaisija: 150 mm<br \/>\nPaino: 147 kg<br \/>\n <strong>Hinta: 2058 euroa<\/strong><\/p>\n<\/div><\/div><\/div><div class=\"fusion-clearfix\"><\/div><\/div>\n<\/article>\n<article id=\"blog-1-post-51785\" class=\"fusion-post-grid post-51785 post type-post status-publish format-standard hentry category-takat-takat category-takat-kratki\">\n<div class=\"fusion-post-wrapper\" style=\"background-color:rgba(255,255,255,1);border:1px solid #a82c23;border-bottom-width:3px;\">\n\n<div class=\"fusion-post-content-wrapper\" style=\"padding:30px 25px 25px 25px;\"><div class=\"fusion-post-content post-content\"><h2 class=\"blog-shortcode-post-title entry-title\"><a href=\"https:\/\/www.kaminakeskus.ee\/fi\/kamin-themis\/\">Takka Juno 12 valkoinen<\/a><\/h2><div class=\"fusion-post-content-container\"><div id=\"attachment_35980\" style=\"width: 160px\" class=\"wp-caption alignleft\"><a href=\"http:\/\/www.kaminakeskus.ee\/wp-content\/uploads\/2016\/12\/Arke-12-valge.png\"><img decoding=\"async\" aria-describedby=\"caption-attachment-35980\" class=\"size-thumbnail wp-image-35980\" src=\"https:\/\/www.kaminakeskus.ee\/wp-content\/uploads\/2016\/12\/Arke-12-valge-150x150.png\" alt=\"Takka Arke 12 valkoinen\" width=\"150\" height=\"150\" srcset=\"https:\/\/www.kaminakeskus.ee\/wp-content\/uploads\/2016\/12\/Arke-12-valge-150x150.png 150w, https:\/\/www.kaminakeskus.ee\/wp-content\/uploads\/2016\/12\/Arke-12-valge-300x300.png 300w, https:\/\/www.kaminakeskus.ee\/wp-content\/uploads\/2016\/12\/Arke-12-valge.png 960w\" sizes=\"(max-width: 150px) 100vw, 150px\" \/><\/a><p id=\"caption-attachment-35980\" class=\"wp-caption-text\">Takka Juno 12 valkoinen<\/p><\/div>\n<p><strong>Juno 12 valkoinen<\/strong><br \/>\n Teho: 12kw<br \/>\nKorkeus: 885,5 mm<br \/>\nLeveys: 889 mm<br \/>\nSyvyys: 451 mm<br \/>\nSavupiipun halkaisija: 160 mm<br \/>\nPaino: 180 kg<br \/>\nV\u00e4ri valkoinen<br \/>\n <strong><strong>Hinta: 1699 euroa<\/strong><\/strong><\/p>\n<\/div><\/div><\/div><div class=\"fusion-clearfix\"><\/div><\/div>\n<\/article>\n<article id=\"blog-1-post-52072\" class=\"fusion-post-grid post-52072 post type-post status-publish format-standard hentry category-takat-takat category-takat-kratki\">\n<div class=\"fusion-post-wrapper\" style=\"background-color:rgba(255,255,255,1);border:1px solid #a82c23;border-bottom-width:3px;\">\n\n<div class=\"fusion-post-content-wrapper\" style=\"padding:30px 25px 25px 25px;\"><div class=\"fusion-post-content post-content\"><h2 class=\"blog-shortcode-post-title entry-title\"><a href=\"https:\/\/www.kaminakeskus.ee\/fi\/kamin-themis-2\/\">Takka Juno 12 musta<\/a><\/h2><div class=\"fusion-post-content-container\"><div id=\"attachment_35976\" style=\"width: 160px\" class=\"wp-caption alignleft\"><a href=\"http:\/\/www.kaminakeskus.ee\/wp-content\/uploads\/2016\/12\/Arke-12-must.png\"><img decoding=\"async\" aria-describedby=\"caption-attachment-35976\" class=\"size-thumbnail wp-image-35976\" src=\"https:\/\/www.kaminakeskus.ee\/wp-content\/uploads\/2016\/12\/Arke-12-must-150x150.png\" alt=\"Takka Arke 12 musta\" width=\"150\" height=\"150\" srcset=\"https:\/\/www.kaminakeskus.ee\/wp-content\/uploads\/2016\/12\/Arke-12-must-150x150.png 150w, https:\/\/www.kaminakeskus.ee\/wp-content\/uploads\/2016\/12\/Arke-12-must-300x300.png 300w, https:\/\/www.kaminakeskus.ee\/wp-content\/uploads\/2016\/12\/Arke-12-must.png 960w\" sizes=\"(max-width: 150px) 100vw, 150px\" \/><\/a><p id=\"caption-attachment-35976\" class=\"wp-caption-text\">Takka Juno 12 musta<\/p><\/div>\n<p><strong>Juno 12 musta<\/strong><br \/>\n Teho: 12kw<br \/>\nKorkeus: 885,5 mm<br \/>\nLeveys: 889 mm<br \/>\nSyvyys: 451 mm<br \/>\nSavupiipun halkaisija: 160 mm<br \/>\nPaino: 180 kg<br \/>\nV\u00e4ri valkoinen<br \/>\n <strong>Hinta: 1699 euroa<\/strong><\/p>\n<\/div><\/div><\/div><div class=\"fusion-clearfix\"><\/div><\/div>\n<\/article>\n<article id=\"blog-1-post-51862\" class=\"fusion-post-grid post-51862 post type-post status-publish format-standard hentry category-takat-takat category-takat-kratki\">\n<div class=\"fusion-post-wrapper\" style=\"background-color:rgba(255,255,255,1);border:1px solid #a82c23;border-bottom-width:3px;\">\n\n<div class=\"fusion-post-content-wrapper\" style=\"padding:30px 25px 25px 25px;\"><div class=\"fusion-post-content post-content\"><h2 class=\"blog-shortcode-post-title entry-title\"><a href=\"https:\/\/www.kaminakeskus.ee\/fi\/kamin-okeanos\/\">Takka Orbit<\/a><\/h2><div class=\"fusion-post-content-container\"><p><a href=\"https:\/\/www.kaminakeskus.ee\/wp-content\/uploads\/2016\/12\/Koza-Orbit-150x150.png\"><img decoding=\"async\" class=\"size-thumbnail wp-image-18588 aligncenter\" src=\"https:\/\/www.kaminakeskus.ee\/wp-content\/uploads\/2016\/12\/Koza-Orbit-150x150.png\" alt=\"takka Koza Orbit\" width=\"150\" height=\"150\" srcset=\"https:\/\/www.kaminakeskus.ee\/wp-content\/uploads\/2016\/12\/Koza-Orbit-150x150.png 150w, https:\/\/www.kaminakeskus.ee\/wp-content\/uploads\/2016\/12\/Koza-Orbit-300x300.png 300w, https:\/\/www.kaminakeskus.ee\/wp-content\/uploads\/2016\/12\/Koza-Orbit.png 960w\" sizes=\"(max-width: 150px) 100vw, 150px\" \/><\/a><\/p>\n<p style=\"text-align: center;\"><strong>Takka Orbit<br \/>\n<\/strong> Teho: 8 kW<br \/>\n Korkeus: 914 mm<br \/>\n Leveys: 475 mm<br \/>\n Syvyys: 570 mm<br \/>\n Savuhormin halkaisija: 150 mm<br \/>\n Paino: 99 kg <strong><br \/>\n<strong>Hinta: 1373 euroa<\/strong><br \/>\n<\/strong><\/p>\n<\/div><\/div><\/div><div class=\"fusion-clearfix\"><\/div><\/div>\n<\/article>\n<article id=\"blog-1-post-51796\" class=\"fusion-post-grid post-51796 post type-post status-publish format-standard hentry category-takat-takat category-takat category-takat-kratki\">\n<div class=\"fusion-post-wrapper\" style=\"background-color:rgba(255,255,255,1);border:1px solid #a82c23;border-bottom-width:3px;\">\n\n<div class=\"fusion-post-content-wrapper\" style=\"padding:30px 25px 25px 25px;\"><div class=\"fusion-post-content post-content\"><h2 class=\"blog-shortcode-post-title entry-title\"><a href=\"https:\/\/www.kaminakeskus.ee\/fi\/koza-eir-lasi\/\">Koza AB S\/N\/O\/DR LASI<\/a><\/h2><div class=\"fusion-post-content-container\"><div id=\"attachment_35844\" style=\"width: 160px\" class=\"wp-caption alignleft\"><a href=\"https:\/\/www.kaminakeskus.ee\/wp-content\/uploads\/2016\/08\/Koza-absnglass-150x150.jpg\"><img decoding=\"async\" aria-describedby=\"caption-attachment-35844\" class=\"wp-image-18316 size-thumbnail\" src=\"https:\/\/www.kaminakeskus.ee\/wp-content\/uploads\/2016\/08\/Koza-absnglass-150x150.jpg\" alt=\"Koza AB \/ S \/ N \/ LASI\" width=\"150\" height=\"150\"><\/a><p id=\"caption-attachment-35844\" class=\"wp-caption-text\">Kamin AB S\/N\/O\/DR GLASS<\/p><\/div>\n<p><strong>Kamin AB S\/N\/O\/DR GLASS<\/strong><br \/>\nTeho: 8 kw<br \/>\nKorkeus: 1109 mm<br \/>\nLeveys: 528 mm<br \/>\nSyvyys: 422 mm<br \/>\nSavupiipun halkaisija: 150 mm<br \/>\nPaino: 120 kg<br \/>\n<strong>Hinta: 2249 EUR 360\u00b0 k\u00e4\u00e4ntyv\u00e4ll\u00e4 jalalla<\/strong><\/p>\n<\/div><\/div><\/div><div class=\"fusion-clearfix\"><\/div><\/div>\n<\/article>\n<article id=\"blog-1-post-52102\" class=\"fusion-post-grid post-52102 post type-post status-publish format-standard hentry category-takat category-takat-takat category-takat-kratki\">\n<div class=\"fusion-post-wrapper\" style=\"background-color:rgba(255,255,255,1);border:1px solid #a82c23;border-bottom-width:3px;\">\n\n<div class=\"fusion-post-content-wrapper\" style=\"padding:30px 25px 25px 25px;\"><div class=\"fusion-post-content post-content\"><h2 class=\"blog-shortcode-post-title entry-title\"><a href=\"https:\/\/www.kaminakeskus.ee\/fi\/takka-eir-valkoinen\/\">Takka Eir valkoinen<\/a><\/h2><div class=\"fusion-post-content-container\"><div id=\"attachment_38556\" style=\"width: 160px\" class=\"wp-caption alignleft\"><a href=\"https:\/\/www.kaminakeskus.ee\/wp-content\/uploads\/2018\/09\/Kamin-AB-SNODR-white.png\"><img decoding=\"async\" aria-describedby=\"caption-attachment-38556\" class=\"wp-image-22400 size-thumbnail\" src=\"https:\/\/www.kaminakeskus.ee\/wp-content\/uploads\/2018\/09\/Kamin-AB-SNODR-white-150x150.png\" alt=\"\" width=\"150\" height=\"150\" srcset=\"https:\/\/www.kaminakeskus.ee\/wp-content\/uploads\/2018\/09\/Kamin-AB-SNODR-white-150x150.png 150w, https:\/\/www.kaminakeskus.ee\/wp-content\/uploads\/2018\/09\/Kamin-AB-SNODR-white-300x300.png 300w, https:\/\/www.kaminakeskus.ee\/wp-content\/uploads\/2018\/09\/Kamin-AB-SNODR-white-768x768.png 768w, https:\/\/www.kaminakeskus.ee\/wp-content\/uploads\/2018\/09\/Kamin-AB-SNODR-white.png 960w\" sizes=\"(max-width: 150px) 100vw, 150px\" \/><\/a><p id=\"caption-attachment-38556\" class=\"wp-caption-text\">Takka Eir valkoinen<\/p><\/div>\n<p><strong>Takka Eir valkoinen<br \/>\n<\/strong> K\u00e4\u00e4ntyv\u00e4 jalka<br \/>\nTeho: 8 kw<br \/>\nKorkeus: 1125 mm<br \/>\nLeveys: 524 mm<br \/>\nSyvyys: 418 mm<br \/>\nSavupiipun halkaisija: 150 mm<br \/>\nPaino: 105 kg<br \/>\nV\u00e4ri: Punainen, musta, valkoinen<br \/>\n<strong>Hinta: 1359 EUR<\/strong><\/p>\n<\/div><\/div><\/div><div class=\"fusion-clearfix\"><\/div><\/div>\n<\/article>\n<article id=\"blog-1-post-52097\" class=\"fusion-post-grid post-52097 post type-post status-publish format-standard hentry category-takat category-takat-takat category-takat-kratki\">\n<div class=\"fusion-post-wrapper\" style=\"background-color:rgba(255,255,255,1);border:1px solid #a82c23;border-bottom-width:3px;\">\n\n<div class=\"fusion-post-content-wrapper\" style=\"padding:30px 25px 25px 25px;\"><div class=\"fusion-post-content post-content\"><h2 class=\"blog-shortcode-post-title entry-title\"><a href=\"https:\/\/www.kaminakeskus.ee\/fi\/takka-eir-levysoittimella\/\">Takka Eir levysoittimella<\/a><\/h2><div class=\"fusion-post-content-container\"><div id=\"attachment_35836\" style=\"width: 160px\" class=\"wp-caption alignleft\"><a href=\"http:\/\/www.kaminakeskus.ee\/wp-content\/uploads\/2016\/08\/KOZAABSNOGLASSKAFELBIALY.jpg\"><img decoding=\"async\" aria-describedby=\"caption-attachment-35836\" class=\"size-thumbnail wp-image-18308\" src=\"http:\/\/www.kaminakeskus.ee\/wp-content\/uploads\/2016\/08\/KOZAABSNOGLASSKAFELBIALY-150x150.jpg\" alt=\"Koza AB\/S\/N\/O\/Glass\/kahel\" width=\"150\" height=\"150\" srcset=\"https:\/\/www.kaminakeskus.ee\/wp-content\/uploads\/2016\/08\/KOZAABSNOGLASSKAFELBIALY-150x150.jpg 150w, https:\/\/www.kaminakeskus.ee\/wp-content\/uploads\/2016\/08\/KOZAABSNOGLASSKAFELBIALY.jpg 248w\" sizes=\"(max-width: 150px) 100vw, 150px\" \/><\/a><p id=\"caption-attachment-35836\" class=\"wp-caption-text\">Takka Eir levysoittimella<\/p><\/div>\n<p><strong>Takka Eir levysoittimella<\/strong><br \/>\nTeho: 8 kw<br \/>\nKorkeus: 1125 mm<br \/>\nLeveys: 524 mm<br \/>\nSyvyys: 420 mm<br \/>\nSavupiipun halkaisija: 150 mm<br \/>\nPaino: 120 kg<br \/>\nV\u00e4ri: Punainen, musta, valkoinen<br \/>\n<strong>Hinta: 1410 EUR<\/strong><\/p>\n<\/div><\/div><\/div><div class=\"fusion-clearfix\"><\/div><\/div>\n<\/article>\n<article id=\"blog-1-post-51914\" class=\"fusion-post-grid post-51914 post type-post status-publish format-standard hentry category-takat category-takat-takat category-takat-kratki\">\n<div class=\"fusion-post-wrapper\" style=\"background-color:rgba(255,255,255,1);border:1px solid #a82c23;border-bottom-width:3px;\">\n\n<div class=\"fusion-post-content-wrapper\" style=\"padding:30px 25px 25px 25px;\"><div class=\"fusion-post-content post-content\"><h2 class=\"blog-shortcode-post-title entry-title\"><a href=\"https:\/\/www.kaminakeskus.ee\/fi\/kamin-phoibe\/\">Kamin Koza AB S \/ 2<\/a><\/h2><div class=\"fusion-post-content-container\"><div id=\"attachment_35832\" style=\"width: 160px\" class=\"wp-caption alignleft\"><a href=\"http:\/\/www.kaminakeskus.ee\/wp-content\/uploads\/2016\/08\/Koza-abs2.jpg\"><img decoding=\"async\" aria-describedby=\"caption-attachment-35832\" class=\"size-thumbnail wp-image-35832\" src=\"https:\/\/www.kaminakeskus.ee\/wp-content\/uploads\/2016\/08\/Koza-abs2-150x150.jpg\" alt=\"Kamin Koza AB \/ S \/ 2\" width=\"150\" height=\"150\"><\/a><p id=\"caption-attachment-35832\" class=\"wp-caption-text\">Kamin Koza AB S \/ 2<\/p><\/div>\n<p><strong>Kamin Koza AB S \/ 2<\/strong><br \/>\nTeho: 10 kw<br \/>\nKorkeus: 1052 mm<br \/>\nLeveys: 649\/751 mm<br \/>\nSyvyys: 450 mm<br \/>\nSavupiipun halkaisija: 150 mm<br \/>\nPaino: 142 kg<br \/>\n<strong>Hinta: 1399 EUR<\/strong><\/p>\n<\/div><\/div><\/div><div class=\"fusion-clearfix\"><\/div><\/div>\n<\/article>\n<article id=\"blog-1-post-51671\" class=\"fusion-post-grid post-51671 post type-post status-publish format-standard hentry category-takat-takat category-takat category-takat-kratki\">\n<div class=\"fusion-post-wrapper\" style=\"background-color:rgba(255,255,255,1);border:1px solid #a82c23;border-bottom-width:3px;\">\n\n<div class=\"fusion-post-content-wrapper\" style=\"padding:30px 25px 25px 25px;\"><div class=\"fusion-post-content post-content\"><h2 class=\"blog-shortcode-post-title entry-title\"><a href=\"https:\/\/www.kaminakeskus.ee\/fi\/takka-nadia-8-swarovski\/\">Takka Nadia 8 Swarovski<\/a><\/h2><div class=\"fusion-post-content-container\"><div id=\"attachment_35412\" style=\"width: 160px\" class=\"wp-caption alignleft\"><a href=\"http:\/\/www.kaminakeskus.ee\/wp-content\/uploads\/2016\/01\/Nadia-8-Swarovski.jpg\"><img decoding=\"async\" aria-describedby=\"caption-attachment-35412\" class=\"wp-image-35412 size-thumbnail\" src=\"https:\/\/www.kaminakeskus.ee\/wp-content\/uploads\/2016\/01\/Nadia-8-Swarovski-150x150.jpg\" alt=\"takat, uunit, liedet, kattilat, saunakiuat, savupiiput, savupiippu, modulaariset savupiiput\" width=\"150\" height=\"150\"><\/a><p id=\"caption-attachment-35412\" class=\"wp-caption-text\">Takka Nadia 8 Swarovski<\/p><\/div>\n<p><strong>Takka Nadia 8 Swarovski<\/strong><br \/>\nTeho: 7 kw<br \/>\nKorkeus: 1570 mm<br \/>\nLeveys: 700 mm<br \/>\nSyvyys: 461,5 mm<br \/>\nSavupiipun halkaisija: 200 mm<br \/>\nPaino: 235 kg<br \/>\n<strong>Hinta: 2881 EUR <\/strong><\/p>\n<\/div><\/div><\/div><div class=\"fusion-clearfix\"><\/div><\/div>\n<\/article>\n<article id=\"blog-1-post-52010\" class=\"fusion-post-grid post-52010 post type-post status-publish format-standard hentry category-takat category-takat-takat category-takat-kratki\">\n<div class=\"fusion-post-wrapper\" style=\"background-color:rgba(255,255,255,1);border:1px solid #a82c23;border-bottom-width:3px;\">\n\n<div class=\"fusion-post-content-wrapper\" style=\"padding:30px 25px 25px 25px;\"><div class=\"fusion-post-content post-content\"><h2 class=\"blog-shortcode-post-title entry-title\"><a href=\"https:\/\/www.kaminakeskus.ee\/fi\/takka-wk440-5\/\">Takka WK440 5<\/a><\/h2><div class=\"fusion-post-content-container\"><div id=\"attachment_35404\" style=\"width: 160px\" class=\"wp-caption alignleft\"><a href=\"http:\/\/www.kaminakeskus.ee\/wp-content\/uploads\/2016\/01\/WK440-5.jpg\"><img decoding=\"async\" aria-describedby=\"caption-attachment-35404\" class=\"wp-image-35404 size-thumbnail\" src=\"https:\/\/www.kaminakeskus.ee\/wp-content\/uploads\/2016\/01\/WK440-5-150x150.jpg\" alt=\"takat, uunit, liedet, kattilat, saunakiuat, savupiiput, savupiippu, modulaariset savupiiput\" width=\"150\" height=\"150\"><\/a><p id=\"caption-attachment-35404\" class=\"wp-caption-text\">Takka WK440 5<\/p><\/div>\n<p><strong>Takka WK440 5<\/strong><br \/>\nTeho: 6,5 kW<br \/>\nKorkeus: 748 mm<br \/>\nLeveys: 750 mm<br \/>\nSyvyys: 377 mm<br \/>\nSavupiipun halkaisija: 130 mm<br \/>\nPaino: 130 kg<br \/>\n<strong>Hinta: 2268 euroa <\/strong><\/p>\n<\/div><\/div><\/div><div class=\"fusion-clearfix\"><\/div><\/div>\n<\/article>\n<article id=\"blog-1-post-52208\" class=\"fusion-post-grid post-52208 post type-post status-publish format-standard hentry category-takat category-takat-takat category-takat-kratki\">\n<div class=\"fusion-post-wrapper\" style=\"background-color:rgba(255,255,255,1);border:1px solid #a82c23;border-bottom-width:3px;\">\n\n<div class=\"fusion-post-content-wrapper\" style=\"padding:30px 25px 25px 25px;\"><div class=\"fusion-post-content post-content\"><h2 class=\"blog-shortcode-post-title entry-title\"><a href=\"https:\/\/www.kaminakeskus.ee\/fi\/malmkamin-koza-k6\/\">Malmkamin Koza K6<\/a><\/h2><div class=\"fusion-post-content-container\"><div id=\"attachment_35176\" style=\"width: 160px\" class=\"wp-caption alignleft\"><a href=\"http:\/\/www.kaminakeskus.ee\/wp-content\/uploads\/2015\/09\/K6-tava.jpg\"><img decoding=\"async\" aria-describedby=\"caption-attachment-35176\" class=\"wp-image-15563 size-thumbnail\" title=\"K6-harjoitus\" src=\"http:\/\/www.kaminakeskus.ee\/wp-content\/uploads\/2015\/09\/K6-tava-150x150.jpg\" alt=\"takat, uunit, liedet, kattilat, saunakiuat, savupiiput, savupiippu, modulaariset savupiiput\" width=\"150\" height=\"150\" srcset=\"https:\/\/www.kaminakeskus.ee\/wp-content\/uploads\/2015\/09\/K6-tava-150x150.jpg 150w, https:\/\/www.kaminakeskus.ee\/wp-content\/uploads\/2015\/09\/K6-tava.jpg 269w\" sizes=\"(max-width: 150px) 100vw, 150px\" \/><\/a><p id=\"caption-attachment-35176\" class=\"wp-caption-text\">Malmkamin Koza K6<\/p><\/div>\n<p><strong>Takka KOZA K6<\/strong><br \/>\nTeho: 8 kw<br \/>\nKorkeus: 630 mm<br \/>\nLeveys: 578 mm<br \/>\nSyvyys: 490 mm<br \/>\nSavupiipun halkaisija: 130\/150 mm<br \/>\nPaino: 120 kg<br \/>\n<strong>Hinta: 929 EUR <\/strong><\/p>\n<\/div><\/div><\/div><div class=\"fusion-clearfix\"><\/div><\/div>\n<\/article>\n<article id=\"blog-1-post-51883\" class=\"fusion-post-grid post-51883 post type-post status-publish format-standard hentry category-takat category-takat-takat category-takat-kratki\">\n<div class=\"fusion-post-wrapper\" style=\"background-color:rgba(255,255,255,1);border:1px solid #a82c23;border-bottom-width:3px;\">\n\n<div class=\"fusion-post-content-wrapper\" style=\"padding:30px 25px 25px 25px;\"><div class=\"fusion-post-content post-content\"><h2 class=\"blog-shortcode-post-title entry-title\"><a href=\"https:\/\/www.kaminakeskus.ee\/fi\/malmkamin-koza-k9\/\">Malmkamin Koza K9<\/a><\/h2><div class=\"fusion-post-content-container\"><div id=\"attachment_35172\" style=\"width: 160px\" class=\"wp-caption alignleft\"><a href=\"http:\/\/www.kaminakeskus.ee\/wp-content\/uploads\/2015\/09\/K9-tava.jpg\"><img decoding=\"async\" aria-describedby=\"caption-attachment-35172\" class=\"wp-image-15559 size-thumbnail\" title=\"K9-harjoitus\" src=\"http:\/\/www.kaminakeskus.ee\/wp-content\/uploads\/2015\/09\/K9-tava-150x150.jpg\" alt=\"takat, uunit, liedet, kattilat, saunakiuat, savupiiput, savupiippu, modulaariset savupiiput\" width=\"150\" height=\"150\" srcset=\"https:\/\/www.kaminakeskus.ee\/wp-content\/uploads\/2015\/09\/K9-tava-150x150.jpg 150w, https:\/\/www.kaminakeskus.ee\/wp-content\/uploads\/2015\/09\/K9-tava.jpg 269w\" sizes=\"(max-width: 150px) 100vw, 150px\" \/><\/a><p id=\"caption-attachment-35172\" class=\"wp-caption-text\">Malmkamin Koza K9<\/p><\/div>\n<p><strong>Takka KOZA K9<\/strong><br \/>\nTeho: 10 kw<br \/>\nKorkeus: 660 mm<br \/>\nLeveys: 766 mm<br \/>\nSyvyys: 546 mm<br \/>\nSavupiipun halkaisija: 130\/150 mm<br \/>\nPaino: 160 kg<br \/>\n<strong>Hinta: 1129 EUR <\/strong><\/p>\n<\/div><\/div><\/div><div class=\"fusion-clearfix\"><\/div><\/div>\n<\/article>\n<article id=\"blog-1-post-51844\" class=\"fusion-post-grid post-51844 post type-post status-publish format-standard hentry category-alennus-4 category-takat-takat category-takat category-takat-kratki\">\n<div class=\"fusion-post-wrapper\" style=\"background-color:rgba(255,255,255,1);border:1px solid #a82c23;border-bottom-width:3px;\">\n\n<div class=\"fusion-post-content-wrapper\" style=\"padding:30px 25px 25px 25px;\"><div class=\"fusion-post-content post-content\"><h2 class=\"blog-shortcode-post-title entry-title\"><a href=\"https:\/\/www.kaminakeskus.ee\/fi\/malmkamin-koza-k8-t\/\">Malmkamin Koza K8 \/ T<\/a><\/h2><div class=\"fusion-post-content-container\"><div id=\"attachment_37812\" style=\"width: 160px\" class=\"wp-caption alignleft\"><a href=\"https:\/\/www.kaminakeskus.ee\/wp-content\/uploads\/2018\/02\/Malmkamin_Koza_K8_tunnel.jpg\"><img decoding=\"async\" aria-describedby=\"caption-attachment-37812\" class=\"wp-image-21529 size-thumbnail\" src=\"http:\/\/www.kaminakeskus.ee\/wp-content\/uploads\/2018\/02\/Malmkamin_Koza_K8_tunnel-150x150.jpg\" alt=\"\" width=\"150\" height=\"150\" srcset=\"https:\/\/www.kaminakeskus.ee\/wp-content\/uploads\/2018\/02\/Malmkamin_Koza_K8_tunnel-150x150.jpg 150w, https:\/\/www.kaminakeskus.ee\/wp-content\/uploads\/2018\/02\/Malmkamin_Koza_K8_tunnel.jpg 269w\" sizes=\"(max-width: 150px) 100vw, 150px\" \/><\/a><p id=\"caption-attachment-37812\" class=\"wp-caption-text\">Valurauta takka Koza K8 \/ T tunnelilla<\/p><\/div>\n<p><strong>Takka KOZA K8 \/ T<\/strong><br \/>\nTeho: 9 kw<br \/>\nKorkeus: 626 mm<br \/>\nLeveys: 666 mm<br \/>\nSyvyys: 382 mm<br \/>\nSavupiipun halkaisija: 130 mm<br \/>\nPaino: 127 kg<br \/>\n<strong>Hinta: 1154 euroa<\/strong><del><strong><br \/>\n<\/strong><\/del><\/p>\n<\/div><\/div><\/div><div class=\"fusion-clearfix\"><\/div><\/div>\n<\/article>\n<article id=\"blog-1-post-51787\" class=\"fusion-post-grid post-51787 post type-post status-publish format-standard hentry category-takat category-takat-takat category-takat-kratki\">\n<div class=\"fusion-post-wrapper\" style=\"background-color:rgba(255,255,255,1);border:1px solid #a82c23;border-bottom-width:3px;\">\n\n<div class=\"fusion-post-content-wrapper\" style=\"padding:30px 25px 25px 25px;\"><div class=\"fusion-post-content post-content\"><h2 class=\"blog-shortcode-post-title entry-title\"><a href=\"https:\/\/www.kaminakeskus.ee\/fi\/kamin-koza-k8\/\">Kamin Koza K8<\/a><\/h2><div class=\"fusion-post-content-container\"><div id=\"attachment_35164\" style=\"width: 160px\" class=\"wp-caption alignleft\"><a href=\"http:\/\/www.kaminakeskus.ee\/wp-content\/uploads\/2015\/09\/K8.jpg\"><img decoding=\"async\" aria-describedby=\"caption-attachment-35164\" class=\"wp-image-15551 size-thumbnail\" title=\"K8\" src=\"http:\/\/www.kaminakeskus.ee\/wp-content\/uploads\/2015\/09\/K8-150x150.jpg\" alt=\"takat, uunit, liedet, kattilat, saunakiuat, savupiiput, savupiippu, modulaariset savupiiput\" width=\"150\" height=\"150\" srcset=\"https:\/\/www.kaminakeskus.ee\/wp-content\/uploads\/2015\/09\/K8-150x150.jpg 150w, https:\/\/www.kaminakeskus.ee\/wp-content\/uploads\/2015\/09\/K8.jpg 269w\" sizes=\"(max-width: 150px) 100vw, 150px\" \/><\/a><p id=\"caption-attachment-35164\" class=\"wp-caption-text\">Malmkamin Koza K8<\/p><\/div>\n<p><strong>Takka KOZA K8<\/strong><br \/>\nTeho: 9 kw<br \/>\nKorkeus: 626 mm<br \/>\nLeveys: 666 mm<br \/>\nSyvyys: 382 mm<br \/>\nSavupiipun halkaisija: 130 mm<br \/>\nPaino: 127 kg<br \/>\n<span style=\"color: #000000;\"><strong>Hinta: 1018 euroa <\/strong><\/span><\/p>\n<\/div><\/div><\/div><div class=\"fusion-clearfix\"><\/div><\/div>\n<\/article>\n<article id=\"blog-1-post-52008\" class=\"fusion-post-grid post-52008 post type-post status-publish format-standard hentry category-takat category-takat-takat category-takat-kratki\">\n<div class=\"fusion-post-wrapper\" style=\"background-color:rgba(255,255,255,1);border:1px solid #a82c23;border-bottom-width:3px;\">\n\n<div class=\"fusion-post-content-wrapper\" style=\"padding:30px 25px 25px 25px;\"><div class=\"fusion-post-content post-content\"><h2 class=\"blog-shortcode-post-title entry-title\"><a href=\"https:\/\/www.kaminakeskus.ee\/fi\/koza-ab-s-n-k\/\">Koza AB \/ S \/ N \/ K<\/a><\/h2><div class=\"fusion-post-content-container\"><div id=\"attachment_38736\" style=\"width: 160px\" class=\"wp-caption alignleft\"><a href=\"https:\/\/www.kaminakeskus.ee\/koza-ab-n-k-b\/\" rel=\"attachment wp-att-22760\"><img decoding=\"async\" aria-describedby=\"caption-attachment-38736\" class=\"wp-image-22760 size-thumbnail\" src=\"https:\/\/www.kaminakeskus.ee\/wp-content\/uploads\/2019\/02\/koza-ab-n-k-b-150x150.png\" alt=\"\" width=\"150\" height=\"150\" srcset=\"https:\/\/www.kaminakeskus.ee\/wp-content\/uploads\/2019\/02\/koza-ab-n-k-b-150x150.png 150w, https:\/\/www.kaminakeskus.ee\/wp-content\/uploads\/2019\/02\/koza-ab-n-k-b.png 240w\" sizes=\"(max-width: 150px) 100vw, 150px\" \/><\/a><p id=\"caption-attachment-38736\" class=\"wp-caption-text\">Kamin Koza \/ AB \/ N \/ K \/ B<\/p><\/div>\n<p><strong>KAMO KOZA \/ AB \/ S \/ N \/ K<\/strong><br \/>\nTeho: 8 kw<br \/>\nKorkeus: 1086 mm<br \/>\nLeveys: 528 mm<br \/>\nSyvyys: 422 mm<br \/>\nSavupiipun halkaisija: 150 mm<br \/>\nPaino: 105 kg<br \/>\nV\u00e4ri: valkoinen, musta, punainen<br \/>\n<strong>Hinta: 1204 EUR <\/strong><\/p>\n<\/div><\/div><\/div><div class=\"fusion-clearfix\"><\/div><\/div>\n<\/article>\n<article id=\"blog-1-post-51579\" class=\"fusion-post-grid post-51579 post type-post status-publish format-standard hentry category-takat-takat category-takat category-takat-kratki\">\n<div class=\"fusion-post-wrapper\" style=\"background-color:rgba(255,255,255,1);border:1px solid #a82c23;border-bottom-width:3px;\">\n\n<div class=\"fusion-post-content-wrapper\" style=\"padding:30px 25px 25px 25px;\"><div class=\"fusion-post-content post-content\"><h2 class=\"blog-shortcode-post-title entry-title\"><a href=\"https:\/\/www.kaminakeskus.ee\/fi\/kamin-koza-ab-s-k\/\">Kamin Koza AB \/ S \/ K<\/a><\/h2><div class=\"fusion-post-content-container\"><div id=\"attachment_35156\" style=\"width: 160px\" class=\"wp-caption alignleft\"><a href=\"http:\/\/www.kaminakeskus.ee\/wp-content\/uploads\/2015\/09\/Koza-ABSK.jpg\"><img decoding=\"async\" aria-describedby=\"caption-attachment-35156\" class=\"wp-image-35156 size-thumbnail\" title=\"Koza ABSK\" src=\"https:\/\/www.kaminakeskus.ee\/wp-content\/uploads\/2015\/09\/Koza-ABSK-150x150.jpg\" alt=\"takat, uunit, liedet, kattilat, saunakiuat, savupiiput, savupiippu, modulaariset savupiiput\" width=\"150\" height=\"150\"><\/a><p id=\"caption-attachment-35156\" class=\"wp-caption-text\">Takka KOZA \/ AB \/ S \/ K<\/p><\/div>\n<p><strong>Takka KOZA \/ AB \/ S \/ K<\/strong><br \/>\nTeho: 8 kw<br \/>\nKorkeus: 1052 mm<br \/>\nLeveys: 528 mm<br \/>\nSyvyys: 422 mm<br \/>\nSavupiipun halkaisija: 150 mm<br \/>\nPaino: 116 kg<br \/>\nV\u00e4ri: Punainen, musta, valkoinen<br \/>\n<strong>Hinta: 1800 euroa<\/strong><\/p>\n<\/div><\/div><\/div><div class=\"fusion-clearfix\"><\/div><\/div>\n<\/article>\n<article id=\"blog-1-post-52268\" class=\"fusion-post-grid post-52268 post type-post status-publish format-standard hentry category-takat category-takat-takat category-takat-kratki\">\n<div class=\"fusion-post-wrapper\" style=\"background-color:rgba(255,255,255,1);border:1px solid #a82c23;border-bottom-width:3px;\">\n\n<div class=\"fusion-post-content-wrapper\" style=\"padding:30px 25px 25px 25px;\"><div class=\"fusion-post-content post-content\"><h2 class=\"blog-shortcode-post-title entry-title\"><a href=\"https:\/\/www.kaminakeskus.ee\/fi\/koza-ab-s-n\/\">takka Koza AB \/ S \/ N \/ DR<\/a><\/h2><div class=\"fusion-post-content-container\"><div id=\"attachment_38560\" style=\"width: 160px\" class=\"wp-caption alignleft\"><a href=\"https:\/\/www.kaminakeskus.ee\/wp-content\/uploads\/2018\/09\/Kamin-Koza-ABSNDR-150x150.png\"><img decoding=\"async\" aria-describedby=\"caption-attachment-38560\" class=\"wp-image-22402 size-thumbnail\" title=\"ABSN\" src=\"https:\/\/www.kaminakeskus.ee\/wp-content\/uploads\/2018\/09\/Kamin-Koza-ABSNDR-150x150.png\" alt=\"\" width=\"150\" height=\"150\" srcset=\"https:\/\/www.kaminakeskus.ee\/wp-content\/uploads\/2018\/09\/Kamin-Koza-ABSNDR-150x150.png 150w, https:\/\/www.kaminakeskus.ee\/wp-content\/uploads\/2018\/09\/Kamin-Koza-ABSNDR-300x300.png 300w, https:\/\/www.kaminakeskus.ee\/wp-content\/uploads\/2018\/09\/Kamin-Koza-ABSNDR-768x768.png 768w, https:\/\/www.kaminakeskus.ee\/wp-content\/uploads\/2018\/09\/Kamin-Koza-ABSNDR.png 960w\" sizes=\"(max-width: 150px) 100vw, 150px\" \/><\/a><p id=\"caption-attachment-38560\" class=\"wp-caption-text\">Kamin Koza AB \/ S \/ N \/ DR<\/p><\/div>\n<p><strong>KAMOS KOZA AB \/ S \/ N \/ DR<\/strong><br \/>\nTeho: 8 kw<br \/>\nKorkeus: 1086 mm<br \/>\nLeveys: 528 mm<br \/>\nSyvyys: 422 mm<br \/>\nSavupiipun halkaisija: 150 mm<br \/>\nPaino: 107 kg<br \/>\n<strong>Hinta: 1435 euroa<br \/>\nK\u00e4\u00e4ntyv\u00e4ll\u00e4 jalalla: 1650 EUR<br \/>\n<\/strong><\/p>\n<\/div><\/div><\/div><div class=\"fusion-clearfix\"><\/div><\/div>\n<\/article>\n<article id=\"blog-1-post-51929\" class=\"fusion-post-grid post-51929 post type-post status-publish format-standard hentry category-takat category-takat-takat category-takat-kratki\">\n<div class=\"fusion-post-wrapper\" style=\"background-color:rgba(255,255,255,1);border:1px solid #a82c23;border-bottom-width:3px;\">\n\n<div class=\"fusion-post-content-wrapper\" style=\"padding:30px 25px 25px 25px;\"><div class=\"fusion-post-content post-content\"><h2 class=\"blog-shortcode-post-title entry-title\"><a href=\"https:\/\/www.kaminakeskus.ee\/fi\/kamin-koza-ab-s\/\">Kamin Koza AB S.<\/a><\/h2><div class=\"fusion-post-content-container\"><div id=\"attachment_35148\" style=\"width: 160px\" class=\"wp-caption alignleft\"><a href=\"http:\/\/www.kaminakeskus.ee\/wp-content\/uploads\/2015\/09\/Koza-AB-S.jpg\"><img decoding=\"async\" aria-describedby=\"caption-attachment-35148\" class=\"wp-image-15533 size-thumbnail\" title=\"Koza AB S\" src=\"http:\/\/www.kaminakeskus.ee\/wp-content\/uploads\/2015\/09\/Koza-AB-S-150x150.jpg\" alt=\"takat, uunit, liedet, kattilat, saunakiuat, savupiiput, savupiippu, modulaariset savupiiput\" width=\"150\" height=\"150\" srcset=\"https:\/\/www.kaminakeskus.ee\/wp-content\/uploads\/2015\/09\/Koza-AB-S-150x150.jpg 150w, https:\/\/www.kaminakeskus.ee\/wp-content\/uploads\/2015\/09\/Koza-AB-S.jpg 269w\" sizes=\"(max-width: 150px) 100vw, 150px\" \/><\/a><p id=\"caption-attachment-35148\" class=\"wp-caption-text\">Kamin KOZA \/ AB S.<\/p><\/div>\n<p><strong>Kamin KOZA \/ AB S.<\/strong><br \/>\nTeho: 8 kw<br \/>\nKorkeus: 1052 mm<br \/>\nLeveys: 528 mm<br \/>\nSyvyys: 422 mm<br \/>\nSavupiipun halkaisija: 150 mm<br \/>\nPaino: 126 kg<br \/>\n<strong>Hinta: 1349 EUR <\/strong><\/p>\n<\/div><\/div><\/div><div class=\"fusion-clearfix\"><\/div><\/div>\n<\/article>\n<article id=\"blog-1-post-52078\" class=\"fusion-post-grid post-52078 post type-post status-publish format-standard hentry category-takat category-takat-takat category-takat-kratki\">\n<div class=\"fusion-post-wrapper\" style=\"background-color:rgba(255,255,255,1);border:1px solid #a82c23;border-bottom-width:3px;\">\n\n<div class=\"fusion-post-content-wrapper\" style=\"padding:30px 25px 25px 25px;\"><div class=\"fusion-post-content post-content\"><h2 class=\"blog-shortcode-post-title entry-title\"><a href=\"https:\/\/www.kaminakeskus.ee\/fi\/takka-k5\/\">Takka K5<\/a><\/h2><div class=\"fusion-post-content-container\"><div id=\"attachment_35144\" style=\"width: 160px\" class=\"wp-caption alignleft\"><a href=\"http:\/\/www.kaminakeskus.ee\/wp-content\/uploads\/2015\/09\/K5.jpg\"><img decoding=\"async\" aria-describedby=\"caption-attachment-35144\" class=\"wp-image-15530 size-thumbnail\" title=\"K5\" src=\"http:\/\/www.kaminakeskus.ee\/wp-content\/uploads\/2015\/09\/K5-150x150.jpg\" alt=\"takat, uunit, liedet, kattilat, saunakiuat, savupiiput, savupiippu, modulaariset savupiiput\" width=\"150\" height=\"150\" srcset=\"https:\/\/www.kaminakeskus.ee\/wp-content\/uploads\/2015\/09\/K5-150x150.jpg 150w, https:\/\/www.kaminakeskus.ee\/wp-content\/uploads\/2015\/09\/K5.jpg 269w\" sizes=\"(max-width: 150px) 100vw, 150px\" \/><\/a><p id=\"caption-attachment-35144\" class=\"wp-caption-text\">Takka K5<\/p><\/div>\n<p><strong>Takka K5<\/strong><br \/>\nTeho: 7 kw<br \/>\nKorkeus: 628 mm<br \/>\nLeveys: 452 mm<br \/>\nSyvyys: 406 mm<br \/>\nSavupiipun halkaisija: 130\/150 mm<br \/>\nPaino: 118 kg<br \/>\n<strong>Hinta: 669 EUR <\/strong><\/p>\n<\/div><\/div><\/div><div class=\"fusion-clearfix\"><\/div><\/div>\n<\/article>\n<article id=\"blog-1-post-51720\" class=\"fusion-post-grid post-51720 post type-post status-publish format-standard hentry category-takat category-takat-takat category-takat-kratki\">\n<div class=\"fusion-post-wrapper\" style=\"background-color:rgba(255,255,255,1);border:1px solid #a82c23;border-bottom-width:3px;\">\n\n<div class=\"fusion-post-content-wrapper\" style=\"padding:30px 25px 25px 25px;\"><div class=\"fusion-post-content post-content\"><h2 class=\"blog-shortcode-post-title entry-title\"><a href=\"https:\/\/www.kaminakeskus.ee\/fi\/kamin-koza-ab\/\">Kamin Koza \/ AB<\/a><\/h2><div class=\"fusion-post-content-container\"><p><a href=\"http:\/\/www.kaminakeskus.ee\/wp-content\/uploads\/2015\/09\/Koza-AB.jpg\"><img decoding=\"async\" class=\"alignleft size-thumbnail wp-image-15527\" title=\"Koza AB\" src=\"http:\/\/www.kaminakeskus.ee\/wp-content\/uploads\/2015\/09\/Koza-AB-150x150.jpg\" alt=\"takat, uunit, liedet, kattilat, saunakiuat, savupiiput, savupiippu, modulaariset savupiiput\" width=\"150\" height=\"150\" srcset=\"https:\/\/www.kaminakeskus.ee\/wp-content\/uploads\/2015\/09\/Koza-AB-150x150.jpg 150w, https:\/\/www.kaminakeskus.ee\/wp-content\/uploads\/2015\/09\/Koza-AB.jpg 269w\" sizes=\"(max-width: 150px) 100vw, 150px\" \/><\/a><\/p>\n<p><strong>Kamin KOZA \/ AB<\/strong><br \/>\nTeho: 8 kw<br \/>\nKorkeus: 1052 mm<br \/>\nLeveys: 528 mm<br \/>\nSyvyys: 422 mm<br \/>\nSavupiipun halkaisija: 150 mm<br \/>\nPaino: 145 kg<br \/>\n<strong>Hinta: 919 EUR<\/strong><\/p>\n<\/div><\/div><\/div><div class=\"fusion-clearfix\"><\/div><\/div>\n<\/article>\n<article id=\"blog-1-post-51362\" class=\"fusion-post-grid post-51362 post type-post status-publish format-standard hentry category-alennus-4 category-kaminad-kaminad category-kaminad-kratki category-takat category-takat-kratki category-toodete-sooduspakkumised-4\">\n<div class=\"fusion-post-wrapper\" style=\"background-color:rgba(255,255,255,1);border:1px solid #a82c23;border-bottom-width:3px;\">\n\n<div class=\"fusion-post-content-wrapper\" style=\"padding:30px 25px 25px 25px;\"><div class=\"fusion-post-content post-content\"><h2 class=\"blog-shortcode-post-title entry-title\"><a href=\"https:\/\/www.kaminakeskus.ee\/fi\/malmkamin-k-7\/\">Malmkamin K-7<\/a><\/h2><div class=\"fusion-post-content-container\"><div id=\"attachment_34336\" style=\"width: 160px\" class=\"wp-caption alignleft\"><a href=\"http:\/\/www.kaminakeskus.ee\/wp-content\/uploads\/2015\/06\/Malmkamin-K-71.jpg\"><img decoding=\"async\" aria-describedby=\"caption-attachment-34336\" class=\"size-full wp-image-34336\" title=\"Malmkamin K-7\" src=\"http:\/\/www.kaminakeskus.ee\/wp-content\/uploads\/2015\/06\/Malmkamin-K-71-e1435649221317.jpg\" alt=\"takat, uunit, liedet, kattilat, saunakiuat, savupiiput, savupiippu, modulaariset savupiiput\" width=\"150\" height=\"161\"><\/a><p id=\"caption-attachment-34336\" class=\"wp-caption-text\">Malmkamin K-7<\/p><\/div>\n<p><strong><br \/>\nTakka K-7<\/strong><br \/>\nTeho: 3-8 kw<br \/>\nKorkeus: 557 mm<br \/>\nLeveys: 536 mm<br \/>\nSyvyys: 413 mm<br \/>\nSavupiipun halkaisija: 130 mm<br \/>\nPaino: 79 kg<br \/>\n<span style=\"color: #ff0000;\"><strong><span style=\"color: #000000;\">Hinta: 497 euroa<\/span> <\/strong><\/span><\/p>\n<\/div><\/div><\/div><div class=\"fusion-clearfix\"><\/div><\/div>\n<\/article>\n<div class=\"fusion-clearfix\"><\/div><\/div><\/div><\/div><\/div><\/div><\/div><div class=\"fusion-fullwidth fullwidth-box fusion-builder-row-2 fusion-flex-container nonhundred-percent-fullwidth non-hundred-percent-height-scrolling\" style=\"--awb-border-radius-top-left:0px;--awb-border-radius-top-right:0px;--awb-border-radius-bottom-right:0px;--awb-border-radius-bottom-left:0px;--awb-flex-wrap:wrap;\" ><div class=\"fusion-builder-row fusion-row fusion-flex-align-items-flex-start fusion-flex-content-wrap\" style=\"max-width:2392px;margin-left: calc(-4% \/ 2 );margin-right: calc(-4% \/ 2 );\"><div class=\"fusion-layout-column fusion_builder_column fusion-builder-column-1 fusion_builder_column_1_1 1_1 fusion-flex-column\" style=\"--awb-bg-size:cover;--awb-width-large:100%;--awb-margin-top-large:0px;--awb-spacing-right-large:1.92%;--awb-margin-bottom-large:20px;--awb-spacing-left-large:1.92%;--awb-width-medium:100%;--awb-order-medium:0;--awb-spacing-right-medium:1.92%;--awb-spacing-left-medium:1.92%;--awb-width-small:100%;--awb-order-small:0;--awb-spacing-right-small:1.92%;--awb-spacing-left-small:1.92%;\"><div class=\"fusion-column-wrapper fusion-column-has-shadow fusion-flex-justify-content-flex-start fusion-content-layout-column\"><\/div><\/div><\/div><\/div><\/p>\n","protected":false},"excerpt":{"rendered":"","protected":false},"author":3,"featured_media":0,"parent":0,"menu_order":0,"comment_status":"closed","ping_status":"closed","template":"","meta":{"footnotes":""},"class_list":["post-53963","page","type-page","status-publish","hentry"],"yoast_head":"<!-- This site is optimized with the Yoast SEO Premium plugin v27.5 (Yoast SEO v27.5) - https:\/\/yoast.com\/product\/yoast-seo-premium-wordpress\/ -->\n<title>KaminaKeskus<\/title>\n<meta name=\"description\" content=\"Kaminate, pliitide, ahjude ja korstnate m\u00fc\u00fck\" \/>\n<meta name=\"robots\" content=\"index, follow, max-snippet:-1, max-image-preview:large, max-video-preview:-1\" \/>\n<link rel=\"canonical\" href=\"https:\/\/www.kaminakeskus.ee\/fi\/takat-kratki\/\" \/>\n<meta property=\"og:locale\" content=\"fi_FI\" \/>\n<meta property=\"og:type\" content=\"article\" \/>\n<meta property=\"og:title\" content=\"TAKAT KRATKI - Kaminakeskus | Kaminad, Ahjud, Pliidid, Saunaahjud, Korstnad, Katlad\" \/>\n<meta property=\"og:description\" content=\"Kaminate, pliitide, ahjude ja korstnate m\u00fc\u00fck\" \/>\n<meta property=\"og:url\" content=\"https:\/\/www.kaminakeskus.ee\/fi\/takat-kratki\/\" \/>\n<meta property=\"og:site_name\" content=\"Kaminakeskus | Kaminad, Ahjud, Pliidid, Saunaahjud, Korstnad, Katlad\" \/>\n<meta property=\"article:publisher\" content=\"https:\/\/www.facebook.com\/kaminakeskus\/yoast\" \/>\n<meta property=\"article:modified_time\" content=\"2021-09-02T15:54:38+00:00\" \/>\n<meta name=\"twitter:card\" content=\"summary_large_image\" \/>\n<meta name=\"twitter:label1\" content=\"Est. reading time\" \/>\n\t<meta name=\"twitter:data1\" content=\"6 minutes\" \/>\n<script type=\"application\/ld+json\" class=\"yoast-schema-graph\">{\"@context\":\"https:\\\/\\\/schema.org\",\"@graph\":[{\"@type\":\"WebPage\",\"@id\":\"https:\\\/\\\/www.kaminakeskus.ee\\\/fi\\\/takat-kratki\\\/\",\"url\":\"https:\\\/\\\/www.kaminakeskus.ee\\\/fi\\\/takat-kratki\\\/\",\"name\":\"KaminaKeskus\",\"isPartOf\":{\"@id\":\"https:\\\/\\\/www.kaminakeskus.ee\\\/fi\\\/#website\"},\"datePublished\":\"2021-08-18T07:01:44+00:00\",\"dateModified\":\"2021-09-02T15:54:38+00:00\",\"description\":\"Kaminate, pliitide, ahjude ja korstnate m\u00fc\u00fck\",\"breadcrumb\":{\"@id\":\"https:\\\/\\\/www.kaminakeskus.ee\\\/fi\\\/takat-kratki\\\/#breadcrumb\"},\"inLanguage\":\"fi-FI\",\"potentialAction\":[{\"@type\":\"ReadAction\",\"target\":[\"https:\\\/\\\/www.kaminakeskus.ee\\\/fi\\\/takat-kratki\\\/\"]}]},{\"@type\":\"BreadcrumbList\",\"@id\":\"https:\\\/\\\/www.kaminakeskus.ee\\\/fi\\\/takat-kratki\\\/#breadcrumb\",\"itemListElement\":[{\"@type\":\"ListItem\",\"position\":1,\"name\":\"Home\",\"item\":\"https:\\\/\\\/www.kaminakeskus.ee\\\/fi\\\/\"},{\"@type\":\"ListItem\",\"position\":2,\"name\":\"TAKAT KRATKI\"}]},{\"@type\":\"WebSite\",\"@id\":\"https:\\\/\\\/www.kaminakeskus.ee\\\/fi\\\/#website\",\"url\":\"https:\\\/\\\/www.kaminakeskus.ee\\\/fi\\\/\",\"name\":\"Kaminakeskus | Kaminad, Ahjud, Pliidid, Saunaahjud, Korstnad, Korsten, Moodulkorsten, Katlad\",\"description\":\"Kamin Kaminad Ahi Ahjud Pliit Pliidid Korstnad Katlad\",\"publisher\":{\"@id\":\"https:\\\/\\\/www.kaminakeskus.ee\\\/fi\\\/#organization\"},\"potentialAction\":[{\"@type\":\"SearchAction\",\"target\":{\"@type\":\"EntryPoint\",\"urlTemplate\":\"https:\\\/\\\/www.kaminakeskus.ee\\\/fi\\\/?s={search_term_string}\"},\"query-input\":{\"@type\":\"PropertyValueSpecification\",\"valueRequired\":true,\"valueName\":\"search_term_string\"}}],\"inLanguage\":\"fi-FI\"},{\"@type\":[\"Organization\",\"Place\"],\"@id\":\"https:\\\/\\\/www.kaminakeskus.ee\\\/fi\\\/#organization\",\"name\":\"R\u00e4ndr\u00fc\u00fctel HP O\u00dc\",\"alternateName\":\"KaminaKeskus\",\"url\":\"https:\\\/\\\/www.kaminakeskus.ee\\\/\",\"logo\":{\"@type\":\"ImageObject\",\"inLanguage\":\"fi-FI\",\"@id\":\"https:\\\/\\\/www.kaminakeskus.ee\\\/fi\\\/#\\\/schema\\\/logo\\\/image\\\/\",\"url\":\"https:\\\/\\\/www.kaminakeskus.ee\\\/wp-content\\\/uploads\\\/2026\\\/02\\\/Kaminakeskus-logo-1-1.jpg\",\"contentUrl\":\"https:\\\/\\\/www.kaminakeskus.ee\\\/wp-content\\\/uploads\\\/2026\\\/02\\\/Kaminakeskus-logo-1-1.jpg\",\"width\":2068,\"height\":532,\"caption\":\"R\u00e4ndr\u00fc\u00fctel HP O\u00dc\"},\"image\":{\"@id\":\"https:\\\/\\\/www.kaminakeskus.ee\\\/fi\\\/#\\\/schema\\\/logo\\\/image\\\/\"},\"sameAs\":[\"https:\\\/\\\/www.facebook.com\\\/kaminakeskus\\\/yoast\"],\"description\":\"Sales of fireplaces, chimneys and related goods. Kaminate, ahjude, pliitide, korstnate ja nendega seotud toodete m\u00fc\u00fck.\",\"legalName\":\"R\u00e4ndr\u00fc\u00fctel HP O\u00dc\",\"foundingDate\":\"1997-05-13\",\"leiCode\":\"9845007FC4HB963C8D65\",\"numberOfEmployees\":{\"@type\":\"QuantitativeValue\",\"minValue\":\"1\",\"maxValue\":\"10\"},\"telephone\":[\"+372 5543239\",\"+372 58812360\"],\"contactPoint\":{\"@type\":\"ContactPoint\",\"telephone\":\"+372 5543239\",\"email\":\"kaminakeskus@gmail.com\"},\"email\":\"kaminakeskus@gmail.com\",\"vatID\":\"EE100831739\",\"taxID\":\"10208374\"}]}<\/script>\n<!-- \/ Yoast SEO Premium plugin. -->","yoast_head_json":{"title":"KaminaKeskus","description":"Kaminate, pliitide, ahjude ja korstnate m\u00fc\u00fck","robots":{"index":"index","follow":"follow","max-snippet":"max-snippet:-1","max-image-preview":"max-image-preview:large","max-video-preview":"max-video-preview:-1"},"canonical":"https:\/\/www.kaminakeskus.ee\/fi\/takat-kratki\/","og_locale":"fi_FI","og_type":"article","og_title":"TAKAT KRATKI - Kaminakeskus | Kaminad, Ahjud, Pliidid, Saunaahjud, Korstnad, Katlad","og_description":"Kaminate, pliitide, ahjude ja korstnate m\u00fc\u00fck","og_url":"https:\/\/www.kaminakeskus.ee\/fi\/takat-kratki\/","og_site_name":"Kaminakeskus | Kaminad, Ahjud, Pliidid, Saunaahjud, Korstnad, Katlad","article_publisher":"https:\/\/www.facebook.com\/kaminakeskus\/yoast","article_modified_time":"2021-09-02T15:54:38+00:00","twitter_card":"summary_large_image","twitter_misc":{"Est. reading time":"6 minutes"},"schema":{"@context":"https:\/\/schema.org","@graph":[{"@type":"WebPage","@id":"https:\/\/www.kaminakeskus.ee\/fi\/takat-kratki\/","url":"https:\/\/www.kaminakeskus.ee\/fi\/takat-kratki\/","name":"KaminaKeskus","isPartOf":{"@id":"https:\/\/www.kaminakeskus.ee\/fi\/#website"},"datePublished":"2021-08-18T07:01:44+00:00","dateModified":"2021-09-02T15:54:38+00:00","description":"Kaminate, pliitide, ahjude ja korstnate m\u00fc\u00fck","breadcrumb":{"@id":"https:\/\/www.kaminakeskus.ee\/fi\/takat-kratki\/#breadcrumb"},"inLanguage":"fi-FI","potentialAction":[{"@type":"ReadAction","target":["https:\/\/www.kaminakeskus.ee\/fi\/takat-kratki\/"]}]},{"@type":"BreadcrumbList","@id":"https:\/\/www.kaminakeskus.ee\/fi\/takat-kratki\/#breadcrumb","itemListElement":[{"@type":"ListItem","position":1,"name":"Home","item":"https:\/\/www.kaminakeskus.ee\/fi\/"},{"@type":"ListItem","position":2,"name":"TAKAT KRATKI"}]},{"@type":"WebSite","@id":"https:\/\/www.kaminakeskus.ee\/fi\/#website","url":"https:\/\/www.kaminakeskus.ee\/fi\/","name":"Kaminakeskus | Kaminad, Ahjud, Pliidid, Saunaahjud, Korstnad, Korsten, Moodulkorsten, Katlad","description":"Kamin Kaminad Ahi Ahjud Pliit Pliidid Korstnad Katlad","publisher":{"@id":"https:\/\/www.kaminakeskus.ee\/fi\/#organization"},"potentialAction":[{"@type":"SearchAction","target":{"@type":"EntryPoint","urlTemplate":"https:\/\/www.kaminakeskus.ee\/fi\/?s={search_term_string}"},"query-input":{"@type":"PropertyValueSpecification","valueRequired":true,"valueName":"search_term_string"}}],"inLanguage":"fi-FI"},{"@type":["Organization","Place"],"@id":"https:\/\/www.kaminakeskus.ee\/fi\/#organization","name":"R\u00e4ndr\u00fc\u00fctel HP O\u00dc","alternateName":"KaminaKeskus","url":"https:\/\/www.kaminakeskus.ee\/","logo":{"@type":"ImageObject","inLanguage":"fi-FI","@id":"https:\/\/www.kaminakeskus.ee\/fi\/#\/schema\/logo\/image\/","url":"https:\/\/www.kaminakeskus.ee\/wp-content\/uploads\/2026\/02\/Kaminakeskus-logo-1-1.jpg","contentUrl":"https:\/\/www.kaminakeskus.ee\/wp-content\/uploads\/2026\/02\/Kaminakeskus-logo-1-1.jpg","width":2068,"height":532,"caption":"R\u00e4ndr\u00fc\u00fctel HP O\u00dc"},"image":{"@id":"https:\/\/www.kaminakeskus.ee\/fi\/#\/schema\/logo\/image\/"},"sameAs":["https:\/\/www.facebook.com\/kaminakeskus\/yoast"],"description":"Sales of fireplaces, chimneys and related goods. Kaminate, ahjude, pliitide, korstnate ja nendega seotud toodete m\u00fc\u00fck.","legalName":"R\u00e4ndr\u00fc\u00fctel HP O\u00dc","foundingDate":"1997-05-13","leiCode":"9845007FC4HB963C8D65","numberOfEmployees":{"@type":"QuantitativeValue","minValue":"1","maxValue":"10"},"telephone":["+372 5543239","+372 58812360"],"contactPoint":{"@type":"ContactPoint","telephone":"+372 5543239","email":"kaminakeskus@gmail.com"},"email":"kaminakeskus@gmail.com","vatID":"EE100831739","taxID":"10208374"}]}},"_links":{"self":[{"href":"https:\/\/www.kaminakeskus.ee\/fi\/wp-json\/wp\/v2\/pages\/53963","targetHints":{"allow":["GET"]}}],"collection":[{"href":"https:\/\/www.kaminakeskus.ee\/fi\/wp-json\/wp\/v2\/pages"}],"about":[{"href":"https:\/\/www.kaminakeskus.ee\/fi\/wp-json\/wp\/v2\/types\/page"}],"author":[{"embeddable":true,"href":"https:\/\/www.kaminakeskus.ee\/fi\/wp-json\/wp\/v2\/users\/3"}],"replies":[{"embeddable":true,"href":"https:\/\/www.kaminakeskus.ee\/fi\/wp-json\/wp\/v2\/comments?post=53963"}],"version-history":[{"count":1,"href":"https:\/\/www.kaminakeskus.ee\/fi\/wp-json\/wp\/v2\/pages\/53963\/revisions"}],"predecessor-version":[{"id":53975,"href":"https:\/\/www.kaminakeskus.ee\/fi\/wp-json\/wp\/v2\/pages\/53963\/revisions\/53975"}],"wp:attachment":[{"href":"https:\/\/www.kaminakeskus.ee\/fi\/wp-json\/wp\/v2\/media?parent=53963"}],"curies":[{"name":"wp","href":"https:\/\/api.w.org\/{rel}","templated":true}]}}