{"id":54121,"date":"2021-08-18T09:43:09","date_gmt":"2021-08-18T09:43:09","guid":{"rendered":"https:\/\/www.kaminakeskus.ee\/takkaus-defro\/"},"modified":"2021-09-02T15:56:21","modified_gmt":"2021-09-02T15:56:21","slug":"takkaus-defro","status":"publish","type":"page","link":"https:\/\/www.kaminakeskus.ee\/fi\/takkaus-defro\/","title":{"rendered":"TAKKAUS DEFRO"},"content":{"rendered":"<p><div class=\"fusion-fullwidth fullwidth-box fusion-builder-row-1 fusion-flex-container hundred-percent-fullwidth non-hundred-percent-height-scrolling\" style=\"--awb-border-radius-top-left:0px;--awb-border-radius-top-right:0px;--awb-border-radius-bottom-right:0px;--awb-border-radius-bottom-left:0px;--awb-margin-top:40px;--awb-flex-wrap:wrap;\" ><div class=\"fusion-builder-row fusion-row fusion-flex-align-items-flex-start fusion-flex-content-wrap\" style=\"width:104% !important;max-width:104% !important;margin-left: calc(-4% \/ 2 );margin-right: calc(-4% \/ 2 );\"><div class=\"fusion-layout-column fusion_builder_column fusion-builder-column-0 fusion_builder_column_1_1 1_1 fusion-flex-column\" style=\"--awb-bg-size:cover;--awb-width-large:100%;--awb-margin-top-large:0px;--awb-spacing-right-large:1.92%;--awb-margin-bottom-large:20px;--awb-spacing-left-large:1.92%;--awb-width-medium:100%;--awb-order-medium:0;--awb-spacing-right-medium:1.92%;--awb-spacing-left-medium:1.92%;--awb-width-small:100%;--awb-order-small:0;--awb-spacing-right-small:1.92%;--awb-spacing-left-small:1.92%;\"><div class=\"fusion-column-wrapper fusion-column-has-shadow fusion-flex-justify-content-flex-start fusion-content-layout-column\"><div class=\"fusion-blog-shortcode fusion-blog-shortcode-1 fusion-blog-archive fusion-blog-layout-grid-wrapper fusion-blog-no\"><style type=\"text\/css\">.fusion-blog-shortcode-1 .fusion-blog-layout-grid .fusion-post-grid{padding:12.5px;}.fusion-blog-shortcode-1 .fusion-posts-container{margin-left: -12.5px !important; margin-right:-12.5px !important;}<\/style><div class=\"fusion-posts-container fusion-posts-container-no fusion-no-meta-info fusion-blog-rollover fusion-blog-layout-grid fusion-blog-layout-grid-4 isotope fusion-blog-equal-heights\" data-pages=\"0\" data-grid-col-space=\"25\" style=\"margin: -12.5px -12.5px 0;min-height:500px;\"><article id=\"blog-1-post-59707\" class=\"fusion-post-grid post-59707 post type-post status-publish format-standard hentry category-takat category-takat-defro\">\n<div class=\"fusion-post-wrapper\" style=\"background-color:rgba(255,255,255,1);border:1px solid #a82c23;border-bottom-width:3px;\">\n\n<div class=\"fusion-post-content-wrapper\" style=\"padding:30px 25px 25px 25px;\"><div class=\"fusion-post-content post-content\"><h2 class=\"blog-shortcode-post-title entry-title\"><a href=\"https:\/\/www.kaminakeskus.ee\/fi\/kamin-intra-xsm-c-ver-compact-1\/\">Takka Intra XSM C ver. KOMPAKTI 1<\/a><\/h2><div class=\"fusion-post-content-container\"><div id=\"attachment_59703\" style=\"width: 310px\" class=\"wp-caption alignnone\"><a href=\"https:\/\/www.kaminakeskus.ee\/wp-content\/uploads\/2022\/05\/Kamin_Intra_XSM_C_COMPACT-1-300x200.jpg\"><img decoding=\"async\" aria-describedby=\"caption-attachment-59703\" class=\"wp-image-59702 size-medium\" src=\"https:\/\/www.kaminakeskus.ee\/wp-content\/uploads\/2022\/05\/Kamin_Intra_XSM_C_COMPACT-1-300x200.jpg\" alt=\"\" width=\"300\" height=\"200\" srcset=\"https:\/\/www.kaminakeskus.ee\/wp-content\/uploads\/2022\/05\/Kamin_Intra_XSM_C_COMPACT-1-150x100.jpg 150w, https:\/\/www.kaminakeskus.ee\/wp-content\/uploads\/2022\/05\/Kamin_Intra_XSM_C_COMPACT-1-200x133.jpg 200w, https:\/\/www.kaminakeskus.ee\/wp-content\/uploads\/2022\/05\/Kamin_Intra_XSM_C_COMPACT-1-300x200.jpg 300w, https:\/\/www.kaminakeskus.ee\/wp-content\/uploads\/2022\/05\/Kamin_Intra_XSM_C_COMPACT-1-400x267.jpg 400w, https:\/\/www.kaminakeskus.ee\/wp-content\/uploads\/2022\/05\/Kamin_Intra_XSM_C_COMPACT-1.jpg 600w\" sizes=\"(max-width: 300px) 100vw, 300px\" \/><\/a><p id=\"caption-attachment-59703\" class=\"wp-caption-text\">Takka Intra XSM C ver. KOMPAKTI 1<\/p><\/div>\n<p>Teho: 8 kW<br \/>\nL\u00e4mmitetty alue: 80m2<br \/>\nKorkeus: 1589 mm<br \/>\nLeveys: 586 mm<br \/>\nSyvyys: 511 mm<br \/>\nSavupiipun halkaisija: 150 mm<br \/>\nPaino: 230 kg<br \/>\nSavukaasut: 250\u00b0C<br \/>\nV\u00e4ri musta<br \/>\n<span style=\"color: #000000;\"><strong>Hinta: 3348 euroa<br \/>\nHinta: 3519 EUR (tumma sis\u00e4lt\u00f6)<\/strong><\/span><\/p>\n<\/div><\/div><\/div><div class=\"fusion-clearfix\"><\/div><\/div>\n<\/article>\n<article id=\"blog-1-post-45729\" class=\"fusion-post-grid post-45729 post type-post status-publish format-standard hentry category-takat category-takat-defro\">\n<div class=\"fusion-post-wrapper\" style=\"background-color:rgba(255,255,255,1);border:1px solid #a82c23;border-bottom-width:3px;\">\n\n<div class=\"fusion-post-content-wrapper\" style=\"padding:30px 25px 25px 25px;\"><div class=\"fusion-post-content post-content\"><h2 class=\"blog-shortcode-post-title entry-title\"><a href=\"https:\/\/www.kaminakeskus.ee\/fi\/kulmatakka-defro-quadroom\/\">Kulmatakka Defro Quadroom<\/a><\/h2><div class=\"fusion-post-content-container\"><div id=\"attachment_42776\" style=\"width: 160px\" class=\"wp-caption alignnone\"><a href=\"http:\/\/www.kaminakeskus.ee\/wp-content\/uploads\/2020\/12\/nurgakamin-defro-QUADROOM.png\"><img decoding=\"async\" aria-describedby=\"caption-attachment-42776\" class=\"wp-image-42776 size-thumbnail\" src=\"https:\/\/www.kaminakeskus.ee\/wp-content\/uploads\/2020\/12\/nurgakamin-defro-QUADROOM-150x150.png\" alt=\"\" width=\"150\" height=\"150\"><\/a><p id=\"caption-attachment-42776\" class=\"wp-caption-text\">Kulmatakka Defro Quadroom<\/p><\/div>\n<p><strong>Takka &#8211; Nelj\u00e4n hengen huone<br \/>\n<\/strong> Teho: 9,6 kW<br \/>\nL\u00e4mmitetty alue: 96m2<br \/>\nKorkeus: 1400 mm<br \/>\nLeveys: 472 mm<br \/>\nSyvyys: 472 mm<br \/>\nSavupiipun halkaisija: 150 mm<br \/>\nPaino: 170 kg<br \/>\n<span style=\"color: #ff0000;\"><strong>Musta v\u00e4ri: 1949 EUR<\/strong><\/span><br \/>\n<strong>Valkoinen v\u00e4ri: 2320 EUR<\/strong><\/p>\n<\/div><\/div><\/div><div class=\"fusion-clearfix\"><\/div><\/div>\n<\/article>\n<article id=\"blog-1-post-48157\" class=\"fusion-post-grid post-48157 post type-post status-publish format-standard hentry category-takat category-takat-defro category-takat-defro-fi category-takat-defro-fi-2\">\n<div class=\"fusion-post-wrapper\" style=\"background-color:rgba(255,255,255,1);border:1px solid #a82c23;border-bottom-width:3px;\">\n\n<div class=\"fusion-post-content-wrapper\" style=\"padding:30px 25px 25px 25px;\"><div class=\"fusion-post-content post-content\"><h2 class=\"blog-shortcode-post-title entry-title\"><a href=\"https:\/\/www.kaminakeskus.ee\/fi\/takka-defro-oval\/\">Takka DEFRO OVAL<\/a><\/h2><div class=\"fusion-post-content-container\"><div id=\"attachment_40172\" style=\"width: 160px\" class=\"wp-caption alignleft\"><a href=\"https:\/\/www.kaminakeskus.ee\/wp-content\/uploads\/2019\/07\/kamin-defro-oval.jpg\"><img decoding=\"async\" aria-describedby=\"caption-attachment-40172\" class=\"size-thumbnail wp-image-40172\" src=\"https:\/\/www.kaminakeskus.ee\/wp-content\/uploads\/2019\/07\/kamin-defro-oval-150x150.jpg\" alt=\"\" width=\"150\" height=\"150\"><\/a><p id=\"caption-attachment-40172\" class=\"wp-caption-text\">Takka DEFRO OVAL<\/p><\/div>\n<p><strong>Takka DEFRO OVAL<\/strong><br \/>\nTeho: 9 kW<br \/>\nL\u00e4mmitetty alue: 90m2<br \/>\nKorkeus: 1153 mm<br \/>\nLeveys: 633 mm<br \/>\nSyvyys: 507 mm<br \/>\nSavupiipun halkaisija: 150 mm<br \/>\nPaino: 170 kg<br \/>\nV\u00e4ri musta<br \/>\n<del><strong>Hinta: 1957 euroa<\/strong><\/del><br \/>\n<span style=\"color: #ff0000;\"><strong>Hinta: 1760 euroa<\/strong><\/span><\/p>\n<\/div><\/div><\/div><div class=\"fusion-clearfix\"><\/div><\/div>\n<\/article>\n<article id=\"blog-1-post-48171\" class=\"fusion-post-grid post-48171 post type-post status-publish format-standard hentry category-takat category-takat-defro-fi-2 category-takat-defro category-takat-defro-fi\">\n<div class=\"fusion-post-wrapper\" style=\"background-color:rgba(255,255,255,1);border:1px solid #a82c23;border-bottom-width:3px;\">\n\n<div class=\"fusion-post-content-wrapper\" style=\"padding:30px 25px 25px 25px;\"><div class=\"fusion-post-content post-content\"><h2 class=\"blog-shortcode-post-title entry-title\"><a href=\"https:\/\/www.kaminakeskus.ee\/fi\/kamin-defro-orti\/\">Kamin Defro ORTI<\/a><\/h2><div class=\"fusion-post-content-container\"><div id=\"attachment_40168\" style=\"width: 160px\" class=\"wp-caption alignleft\"><a href=\"https:\/\/www.kaminakeskus.ee\/wp-content\/uploads\/2019\/07\/Kamin-defro-orti-1-150x150.jpg\"><img decoding=\"async\" aria-describedby=\"caption-attachment-40168\" class=\"size-thumbnail wp-image-24594\" src=\"https:\/\/www.kaminakeskus.ee\/wp-content\/uploads\/2019\/07\/Kamin-defro-orti-1-150x150.jpg\" alt=\"\" width=\"150\" height=\"150\"><\/a><p id=\"caption-attachment-40168\" class=\"wp-caption-text\">Kamin Defro ORTI<\/p><\/div>\n<p><strong>Kamin Defro ORTI<\/strong><br \/>\nTeho: 9 kW<br \/>\nL\u00e4mmitetty alue: 90m2<br \/>\nKorkeus: 1120 mm<br \/>\nLeveys: 560 mm<br \/>\nSyvyys: 421 mm<br \/>\nSavupiipun halkaisija: 150 mm<br \/>\nPaino: 170 kg<br \/>\nV\u00e4ri: Musta, kulta, punainen, valkoinen<br \/>\n<del><strong>Hinta: 2132 EUR<\/strong><\/del><br \/>\n<span style=\"color: #ff0000;\"><strong>Hinta: 2024 euroa<\/strong><\/span><\/p>\n<\/div><\/div><\/div><div class=\"fusion-clearfix\"><\/div><\/div>\n<\/article>\n<article id=\"blog-1-post-47887\" class=\"fusion-post-grid post-47887 post type-post status-publish format-standard hentry category-takat category-takat-takat category-takat-defro-fi category-takat-defro-fi-2 category-takat-defro\">\n<div class=\"fusion-post-wrapper\" style=\"background-color:rgba(255,255,255,1);border:1px solid #a82c23;border-bottom-width:3px;\">\n\n<div class=\"fusion-post-content-wrapper\" style=\"padding:30px 25px 25px 25px;\"><div class=\"fusion-post-content post-content\"><h2 class=\"blog-shortcode-post-title entry-title\"><a href=\"https:\/\/www.kaminakeskus.ee\/fi\/takka-solum-log\/\">Takka Solum Log<\/a><\/h2><div class=\"fusion-post-content-container\"><div id=\"attachment_39820\" style=\"width: 160px\" class=\"wp-caption alignleft\"><a href=\"https:\/\/www.kaminakeskus.ee\/wp-content\/uploads\/2019\/06\/Kamin-Solum-Log-150x150.jpg\"><img decoding=\"async\" aria-describedby=\"caption-attachment-39820\" class=\"size-thumbnail wp-image-24127\" src=\"https:\/\/www.kaminakeskus.ee\/wp-content\/uploads\/2019\/06\/Kamin-Solum-Log-150x150.jpg\" alt=\"\" width=\"150\" height=\"150\"><\/a><p id=\"caption-attachment-39820\" class=\"wp-caption-text\">Takka Solum Log<\/p><\/div>\n<p><strong>Takka SOLUM LOG<br \/>\n<\/strong> Teho: 9 kW<br \/>\nL\u00e4mmitetty alue: 90m2<br \/>\nKorkeus: 1189 mm<br \/>\nLeveys: 599 mm<br \/>\nSyvyys: 399 mm<br \/>\nSavupiipun halkaisija: 150 mm<br \/>\nPaino: 170 kg<br \/>\nV\u00e4ri: Musta, kulta, punainen, valkoinen<br \/>\n<span style=\"color: #000000;\"><strong>Hinta: 1730 EUR<\/strong><\/span><\/p>\n<\/div><\/div><\/div><div class=\"fusion-clearfix\"><\/div><\/div>\n<\/article>\n<article id=\"blog-1-post-47879\" class=\"fusion-post-grid post-47879 post type-post status-publish format-standard hentry category-takat category-takat-takat category-takat-defro\">\n<div class=\"fusion-post-wrapper\" style=\"background-color:rgba(255,255,255,1);border:1px solid #a82c23;border-bottom-width:3px;\">\n\n<div class=\"fusion-post-content-wrapper\" style=\"padding:30px 25px 25px 25px;\"><div class=\"fusion-post-content post-content\"><h2 class=\"blog-shortcode-post-title entry-title\"><a href=\"https:\/\/www.kaminakeskus.ee\/fi\/takka-solum-top\/\">Takka Solum Top<\/a><\/h2><div class=\"fusion-post-content-container\"><div id=\"attachment_39816\" style=\"width: 160px\" class=\"wp-caption alignleft\"><a href=\"https:\/\/www.kaminakeskus.ee\/wp-content\/uploads\/2019\/06\/Kamin-Solum-Top.jpg\"><img decoding=\"async\" aria-describedby=\"caption-attachment-39816\" class=\"size-thumbnail wp-image-39816\" src=\"https:\/\/www.kaminakeskus.ee\/wp-content\/uploads\/2019\/06\/Kamin-Solum-Top-150x150.jpg\" alt=\"\" width=\"150\" height=\"150\"><\/a><p id=\"caption-attachment-39816\" class=\"wp-caption-text\">Takka Solum Top<\/p><\/div>\n<p><strong>Takka SOLUM TOP<br \/>\n<\/strong> Teho: 9 kW<br \/>\nL\u00e4mmitetty alue: 90m2<br \/>\nKorkeus: 1177 mm<br \/>\nLeveys: 599 mm<br \/>\nSyvyys: 399 mm<br \/>\nSavupiipun halkaisija: 150 mm<br \/>\nPaino: 170 kg<br \/>\nV\u00e4ri: Musta, kulta, punainen, valkoinen<br \/>\n<strong>Hinta: 1500 EUR<\/strong><\/p>\n<\/div><\/div><\/div><div class=\"fusion-clearfix\"><\/div><\/div>\n<\/article>\n<article id=\"blog-1-post-47907\" class=\"fusion-post-grid post-47907 post type-post status-publish format-standard hentry category-takat category-takat-takat category-takat-defro\">\n<div class=\"fusion-post-wrapper\" style=\"background-color:rgba(255,255,255,1);border:1px solid #a82c23;border-bottom-width:3px;\">\n\n<div class=\"fusion-post-content-wrapper\" style=\"padding:30px 25px 25px 25px;\"><div class=\"fusion-post-content post-content\"><h2 class=\"blog-shortcode-post-title entry-title\"><a href=\"https:\/\/www.kaminakeskus.ee\/fi\/kamin-solum\/\">Kamin Solum<\/a><\/h2><div class=\"fusion-post-content-container\"><div id=\"attachment_39812\" style=\"width: 160px\" class=\"wp-caption alignleft\"><a href=\"https:\/\/www.kaminakeskus.ee\/wp-content\/uploads\/2019\/06\/Kamin-Solum.jpg\"><img decoding=\"async\" aria-describedby=\"caption-attachment-39812\" class=\"size-thumbnail wp-image-39812\" src=\"https:\/\/www.kaminakeskus.ee\/wp-content\/uploads\/2019\/06\/Kamin-Solum-150x150.jpg\" alt=\"\" width=\"150\" height=\"150\"><\/a><p id=\"caption-attachment-39812\" class=\"wp-caption-text\">Kamin Solum<\/p><\/div>\n<p><strong>Takka SOLUM<br \/>\n<\/strong> Teho: 9 kW<br \/>\nL\u00e4mmitetty alue: 90m2<br \/>\nKorkeus: 1156 mm<br \/>\nLeveys: 599 mm<br \/>\nSyvyys: 399 mm<br \/>\nSavupiipun halkaisija: 150 mm<br \/>\nPaino: 170 kg<br \/>\nV\u00e4ri: Musta, kulta, punainen, valkoinen<br \/>\n<strong>Hinta: 1500 EUR<\/strong><\/p>\n<\/div><\/div><\/div><div class=\"fusion-clearfix\"><\/div><\/div>\n<\/article>\n<article id=\"blog-1-post-47855\" class=\"fusion-post-grid post-47855 post type-post status-publish format-standard hentry category-takat category-takat-takat category-takat-defro\">\n<div class=\"fusion-post-wrapper\" style=\"background-color:rgba(255,255,255,1);border:1px solid #a82c23;border-bottom-width:3px;\">\n\n<div class=\"fusion-post-content-wrapper\" style=\"padding:30px 25px 25px 25px;\"><div class=\"fusion-post-content post-content\"><h2 class=\"blog-shortcode-post-title entry-title\"><a href=\"https:\/\/www.kaminakeskus.ee\/fi\/takka-ignis\/\">Takka IGNIS<\/a><\/h2><div class=\"fusion-post-content-container\"><div id=\"attachment_39808\" style=\"width: 160px\" class=\"wp-caption alignleft\"><a href=\"https:\/\/www.kaminakeskus.ee\/wp-content\/uploads\/2019\/06\/Kamin-Ignis.jpg\"><img decoding=\"async\" aria-describedby=\"caption-attachment-39808\" class=\"size-thumbnail wp-image-39808\" src=\"https:\/\/www.kaminakeskus.ee\/wp-content\/uploads\/2019\/06\/Kamin-Ignis-150x150.jpg\" alt=\"\" width=\"150\" height=\"150\"><\/a><p id=\"caption-attachment-39808\" class=\"wp-caption-text\">Takka IGNIS<\/p><\/div>\n<p><strong>Takka IGNIS<br \/>\n<\/strong> Teho: 9 kW<br \/>\nL\u00e4mmitetty alue: 90m2<br \/>\nKorkeus: 1139 mm<br \/>\nLeveys: 600 mm<br \/>\nSyvyys: 398 mm<br \/>\nSavupiipun halkaisija: 150 mm<br \/>\nPaino: 170 kg<br \/>\nV\u00e4ri: Musta, kulta, punainen, valkoinen<br \/>\n<span style=\"color: #000000;\"><strong>Hinta: 1680 euroa<\/strong><\/span><\/p>\n<\/div><\/div><\/div><div class=\"fusion-clearfix\"><\/div><\/div>\n<\/article>\n<article id=\"blog-1-post-47930\" class=\"fusion-post-grid post-47930 post type-post status-publish format-standard hentry category-takat category-takat-takat category-takat-defro\">\n<div class=\"fusion-post-wrapper\" style=\"background-color:rgba(255,255,255,1);border:1px solid #a82c23;border-bottom-width:3px;\">\n\n<div class=\"fusion-post-content-wrapper\" style=\"padding:30px 25px 25px 25px;\"><div class=\"fusion-post-content post-content\"><h2 class=\"blog-shortcode-post-title entry-title\"><a href=\"https:\/\/www.kaminakeskus.ee\/fi\/takka-orbis-log\/\">Takka ORBIS LOG<\/a><\/h2><div class=\"fusion-post-content-container\"><div id=\"attachment_39804\" style=\"width: 160px\" class=\"wp-caption alignleft\"><a href=\"https:\/\/www.kaminakeskus.ee\/wp-content\/uploads\/2019\/06\/Kamin-Orbis-Log-150x150.png\"><img decoding=\"async\" aria-describedby=\"caption-attachment-39804\" class=\"size-thumbnail wp-image-24114\" src=\"https:\/\/www.kaminakeskus.ee\/wp-content\/uploads\/2019\/06\/Kamin-Orbis-Log-150x150.png\" alt=\"\" width=\"150\" height=\"150\" srcset=\"https:\/\/www.kaminakeskus.ee\/wp-content\/uploads\/2019\/06\/Kamin-Orbis-Log-150x150.png 150w, https:\/\/www.kaminakeskus.ee\/wp-content\/uploads\/2019\/06\/Kamin-Orbis-Log-300x300.png 300w, https:\/\/www.kaminakeskus.ee\/wp-content\/uploads\/2019\/06\/Kamin-Orbis-Log.png 444w\" sizes=\"(max-width: 150px) 100vw, 150px\" \/><\/a><p id=\"caption-attachment-39804\" class=\"wp-caption-text\">Takka ORBIS LOG<\/p><\/div>\n<p><strong>Takka ORBIS LOG<br \/>\n<\/strong> Teho: 9 kW<br \/>\nL\u00e4mmitetty alue: 90m2<br \/>\nKorkeus: 1184 mm<br \/>\nLeveys: 576 mm<br \/>\nSyvyys: 502 mm<br \/>\nSavupiipun halkaisija: 150 mm<br \/>\nPaino: 170 kg<br \/>\nV\u00e4ri: Musta, kulta, punainen, valkoinen<br \/>\n<span style=\"color: #000000;\"><strong><del>Hinta: 2143 EUR<\/del><br \/>\n<span style=\"color: #ff0000;\">Hinta: 2035 euroa<\/span><\/strong><\/span><\/p>\n<\/div><\/div><\/div><div class=\"fusion-clearfix\"><\/div><\/div>\n<\/article>\n<article id=\"blog-1-post-47903\" class=\"fusion-post-grid post-47903 post type-post status-publish format-standard hentry category-takat category-takat-takat category-takat-defro\">\n<div class=\"fusion-post-wrapper\" style=\"background-color:rgba(255,255,255,1);border:1px solid #a82c23;border-bottom-width:3px;\">\n\n<div class=\"fusion-post-content-wrapper\" style=\"padding:30px 25px 25px 25px;\"><div class=\"fusion-post-content post-content\"><h2 class=\"blog-shortcode-post-title entry-title\"><a href=\"https:\/\/www.kaminakeskus.ee\/fi\/takka-orbis-top\/\">Takka ORBIS TOP<\/a><\/h2><div class=\"fusion-post-content-container\"><div id=\"attachment_39800\" style=\"width: 160px\" class=\"wp-caption alignleft\"><a href=\"https:\/\/www.kaminakeskus.ee\/wp-content\/uploads\/2019\/06\/Kamin-Orbis-Top.jpg\"><img decoding=\"async\" aria-describedby=\"caption-attachment-39800\" class=\"size-thumbnail wp-image-39800\" src=\"https:\/\/www.kaminakeskus.ee\/wp-content\/uploads\/2019\/06\/Kamin-Orbis-Top-150x150.jpg\" alt=\"\" width=\"150\" height=\"150\"><\/a><p id=\"caption-attachment-39800\" class=\"wp-caption-text\">Takka ORBIS TOP<\/p><\/div>\n<p><strong>Takka ORBIS TOP<br \/>\n<\/strong> Teho: 9 kW<br \/>\nL\u00e4mmitetty alue: 90m2<br \/>\nKorkeus: 1170 mm<br \/>\nLeveys: 576 mm<br \/>\nSyvyys: 502 mm<br \/>\nSavupiipun halkaisija: 150 mm<br \/>\nPaino: 170 kg<br \/>\nV\u00e4ri: Musta, kulta, punainen, valkoinen<br \/>\n<span style=\"color: #ff0000;\"><strong>Hinta: 2035 euroa<\/strong><\/span><\/p>\n<\/div><\/div><\/div><div class=\"fusion-clearfix\"><\/div><\/div>\n<\/article>\n<article id=\"blog-1-post-47876\" class=\"fusion-post-grid post-47876 post type-post status-publish format-standard hentry category-takat category-takat-defro\">\n<div class=\"fusion-post-wrapper\" style=\"background-color:rgba(255,255,255,1);border:1px solid #a82c23;border-bottom-width:3px;\">\n\n<div class=\"fusion-post-content-wrapper\" style=\"padding:30px 25px 25px 25px;\"><div class=\"fusion-post-content post-content\"><h2 class=\"blog-shortcode-post-title entry-title\"><a href=\"https:\/\/www.kaminakeskus.ee\/fi\/takka-orbis\/\">Takka ORBIS<\/a><\/h2><div class=\"fusion-post-content-container\"><div id=\"attachment_39796\" style=\"width: 160px\" class=\"wp-caption alignleft\"><a href=\"https:\/\/www.kaminakeskus.ee\/wp-content\/uploads\/2019\/06\/Kamin-Orbis.jpg\"><img decoding=\"async\" aria-describedby=\"caption-attachment-39796\" class=\"size-thumbnail wp-image-39796\" src=\"https:\/\/www.kaminakeskus.ee\/wp-content\/uploads\/2019\/06\/Kamin-Orbis-150x150.jpg\" alt=\"\" width=\"150\" height=\"150\"><\/a><p id=\"caption-attachment-39796\" class=\"wp-caption-text\">Takka ORBIS<\/p><\/div>\n<p><strong>Takka ORBIS<br \/>\n<\/strong> Teho: 9 kW<br \/>\nL\u00e4mmitetty alue: 90m2<br \/>\nKorkeus: 1184 mm<br \/>\nLeveys: 576 mm<br \/>\nSyvyys: 502 mm<br \/>\nSavupiipun halkaisija: 150 mm<br \/>\nPaino: 170 kg<br \/>\nV\u00e4ri: Musta, kulta, punainen, valkoinen<br \/>\n<strong>Hinta: 1865 euroa<\/strong><\/p>\n<\/div><\/div><\/div><div class=\"fusion-clearfix\"><\/div><\/div>\n<\/article>\n<div class=\"fusion-clearfix\"><\/div><\/div><\/div><\/div><\/div><\/div><\/div><div class=\"fusion-fullwidth fullwidth-box fusion-builder-row-2 fusion-flex-container nonhundred-percent-fullwidth non-hundred-percent-height-scrolling\" style=\"--awb-border-radius-top-left:0px;--awb-border-radius-top-right:0px;--awb-border-radius-bottom-right:0px;--awb-border-radius-bottom-left:0px;--awb-flex-wrap:wrap;\" ><div class=\"fusion-builder-row fusion-row fusion-flex-align-items-flex-start fusion-flex-content-wrap\" style=\"max-width:2392px;margin-left: calc(-4% \/ 2 );margin-right: calc(-4% \/ 2 );\"><div class=\"fusion-layout-column fusion_builder_column fusion-builder-column-1 fusion_builder_column_1_1 1_1 fusion-flex-column\" style=\"--awb-bg-size:cover;--awb-width-large:100%;--awb-margin-top-large:0px;--awb-spacing-right-large:1.92%;--awb-margin-bottom-large:20px;--awb-spacing-left-large:1.92%;--awb-width-medium:100%;--awb-order-medium:0;--awb-spacing-right-medium:1.92%;--awb-spacing-left-medium:1.92%;--awb-width-small:100%;--awb-order-small:0;--awb-spacing-right-small:1.92%;--awb-spacing-left-small:1.92%;\"><div class=\"fusion-column-wrapper fusion-column-has-shadow fusion-flex-justify-content-flex-start fusion-content-layout-column\"><\/div><\/div><\/div><\/div><\/p>\n","protected":false},"excerpt":{"rendered":"","protected":false},"author":3,"featured_media":0,"parent":0,"menu_order":0,"comment_status":"closed","ping_status":"closed","template":"","meta":{"footnotes":""},"class_list":["post-54121","page","type-page","status-publish","hentry"],"yoast_head":"<!-- This site is optimized with the Yoast SEO Premium plugin v27.5 (Yoast SEO v27.5) - https:\/\/yoast.com\/product\/yoast-seo-premium-wordpress\/ -->\n<title>KaminaKeskus<\/title>\n<meta name=\"description\" content=\"Kaminate, pliitide, ahjude ja korstnate m\u00fc\u00fck\" \/>\n<meta name=\"robots\" content=\"index, follow, max-snippet:-1, max-image-preview:large, max-video-preview:-1\" \/>\n<link rel=\"canonical\" href=\"https:\/\/www.kaminakeskus.ee\/fi\/takkaus-defro\/\" \/>\n<meta property=\"og:locale\" content=\"fi_FI\" \/>\n<meta property=\"og:type\" content=\"article\" \/>\n<meta property=\"og:title\" content=\"TAKKAUS DEFRO - Kaminakeskus | Kaminad, Ahjud, Pliidid, Saunaahjud, Korstnad, Katlad\" \/>\n<meta property=\"og:description\" content=\"Kaminate, pliitide, ahjude ja korstnate m\u00fc\u00fck\" \/>\n<meta property=\"og:url\" content=\"https:\/\/www.kaminakeskus.ee\/fi\/takkaus-defro\/\" \/>\n<meta property=\"og:site_name\" content=\"Kaminakeskus | Kaminad, Ahjud, Pliidid, Saunaahjud, Korstnad, Katlad\" \/>\n<meta property=\"article:publisher\" content=\"https:\/\/www.facebook.com\/kaminakeskus\/yoast\" \/>\n<meta property=\"article:modified_time\" content=\"2021-09-02T15:56:21+00:00\" \/>\n<meta name=\"twitter:card\" content=\"summary_large_image\" \/>\n<meta name=\"twitter:label1\" content=\"Est. reading time\" \/>\n\t<meta name=\"twitter:data1\" content=\"6 minutes\" \/>\n<script type=\"application\/ld+json\" class=\"yoast-schema-graph\">{\"@context\":\"https:\\\/\\\/schema.org\",\"@graph\":[{\"@type\":\"WebPage\",\"@id\":\"https:\\\/\\\/www.kaminakeskus.ee\\\/fi\\\/takkaus-defro\\\/\",\"url\":\"https:\\\/\\\/www.kaminakeskus.ee\\\/fi\\\/takkaus-defro\\\/\",\"name\":\"KaminaKeskus\",\"isPartOf\":{\"@id\":\"https:\\\/\\\/www.kaminakeskus.ee\\\/fi\\\/#website\"},\"datePublished\":\"2021-08-18T09:43:09+00:00\",\"dateModified\":\"2021-09-02T15:56:21+00:00\",\"description\":\"Kaminate, pliitide, ahjude ja korstnate m\u00fc\u00fck\",\"breadcrumb\":{\"@id\":\"https:\\\/\\\/www.kaminakeskus.ee\\\/fi\\\/takkaus-defro\\\/#breadcrumb\"},\"inLanguage\":\"fi-FI\",\"potentialAction\":[{\"@type\":\"ReadAction\",\"target\":[\"https:\\\/\\\/www.kaminakeskus.ee\\\/fi\\\/takkaus-defro\\\/\"]}]},{\"@type\":\"BreadcrumbList\",\"@id\":\"https:\\\/\\\/www.kaminakeskus.ee\\\/fi\\\/takkaus-defro\\\/#breadcrumb\",\"itemListElement\":[{\"@type\":\"ListItem\",\"position\":1,\"name\":\"Home\",\"item\":\"https:\\\/\\\/www.kaminakeskus.ee\\\/fi\\\/\"},{\"@type\":\"ListItem\",\"position\":2,\"name\":\"TAKKAUS DEFRO\"}]},{\"@type\":\"WebSite\",\"@id\":\"https:\\\/\\\/www.kaminakeskus.ee\\\/fi\\\/#website\",\"url\":\"https:\\\/\\\/www.kaminakeskus.ee\\\/fi\\\/\",\"name\":\"Kaminakeskus | Kaminad, Ahjud, Pliidid, Saunaahjud, Korstnad, Korsten, Moodulkorsten, Katlad\",\"description\":\"Kamin Kaminad Ahi Ahjud Pliit Pliidid Korstnad Katlad\",\"publisher\":{\"@id\":\"https:\\\/\\\/www.kaminakeskus.ee\\\/fi\\\/#organization\"},\"potentialAction\":[{\"@type\":\"SearchAction\",\"target\":{\"@type\":\"EntryPoint\",\"urlTemplate\":\"https:\\\/\\\/www.kaminakeskus.ee\\\/fi\\\/?s={search_term_string}\"},\"query-input\":{\"@type\":\"PropertyValueSpecification\",\"valueRequired\":true,\"valueName\":\"search_term_string\"}}],\"inLanguage\":\"fi-FI\"},{\"@type\":[\"Organization\",\"Place\"],\"@id\":\"https:\\\/\\\/www.kaminakeskus.ee\\\/fi\\\/#organization\",\"name\":\"R\u00e4ndr\u00fc\u00fctel HP O\u00dc\",\"alternateName\":\"KaminaKeskus\",\"url\":\"https:\\\/\\\/www.kaminakeskus.ee\\\/\",\"logo\":{\"@type\":\"ImageObject\",\"inLanguage\":\"fi-FI\",\"@id\":\"https:\\\/\\\/www.kaminakeskus.ee\\\/fi\\\/#\\\/schema\\\/logo\\\/image\\\/\",\"url\":\"https:\\\/\\\/www.kaminakeskus.ee\\\/wp-content\\\/uploads\\\/2026\\\/02\\\/Kaminakeskus-logo-1-1.jpg\",\"contentUrl\":\"https:\\\/\\\/www.kaminakeskus.ee\\\/wp-content\\\/uploads\\\/2026\\\/02\\\/Kaminakeskus-logo-1-1.jpg\",\"width\":2068,\"height\":532,\"caption\":\"R\u00e4ndr\u00fc\u00fctel HP O\u00dc\"},\"image\":{\"@id\":\"https:\\\/\\\/www.kaminakeskus.ee\\\/fi\\\/#\\\/schema\\\/logo\\\/image\\\/\"},\"sameAs\":[\"https:\\\/\\\/www.facebook.com\\\/kaminakeskus\\\/yoast\"],\"description\":\"Sales of fireplaces, chimneys and related goods. Kaminate, ahjude, pliitide, korstnate ja nendega seotud toodete m\u00fc\u00fck.\",\"legalName\":\"R\u00e4ndr\u00fc\u00fctel HP O\u00dc\",\"foundingDate\":\"1997-05-13\",\"leiCode\":\"9845007FC4HB963C8D65\",\"numberOfEmployees\":{\"@type\":\"QuantitativeValue\",\"minValue\":\"1\",\"maxValue\":\"10\"},\"telephone\":[\"+372 5543239\",\"+372 58812360\"],\"contactPoint\":{\"@type\":\"ContactPoint\",\"telephone\":\"+372 5543239\",\"email\":\"kaminakeskus@gmail.com\"},\"email\":\"kaminakeskus@gmail.com\",\"vatID\":\"EE100831739\",\"taxID\":\"10208374\"}]}<\/script>\n<!-- \/ Yoast SEO Premium plugin. -->","yoast_head_json":{"title":"KaminaKeskus","description":"Kaminate, pliitide, ahjude ja korstnate m\u00fc\u00fck","robots":{"index":"index","follow":"follow","max-snippet":"max-snippet:-1","max-image-preview":"max-image-preview:large","max-video-preview":"max-video-preview:-1"},"canonical":"https:\/\/www.kaminakeskus.ee\/fi\/takkaus-defro\/","og_locale":"fi_FI","og_type":"article","og_title":"TAKKAUS DEFRO - Kaminakeskus | Kaminad, Ahjud, Pliidid, Saunaahjud, Korstnad, Katlad","og_description":"Kaminate, pliitide, ahjude ja korstnate m\u00fc\u00fck","og_url":"https:\/\/www.kaminakeskus.ee\/fi\/takkaus-defro\/","og_site_name":"Kaminakeskus | Kaminad, Ahjud, Pliidid, Saunaahjud, Korstnad, Katlad","article_publisher":"https:\/\/www.facebook.com\/kaminakeskus\/yoast","article_modified_time":"2021-09-02T15:56:21+00:00","twitter_card":"summary_large_image","twitter_misc":{"Est. reading time":"6 minutes"},"schema":{"@context":"https:\/\/schema.org","@graph":[{"@type":"WebPage","@id":"https:\/\/www.kaminakeskus.ee\/fi\/takkaus-defro\/","url":"https:\/\/www.kaminakeskus.ee\/fi\/takkaus-defro\/","name":"KaminaKeskus","isPartOf":{"@id":"https:\/\/www.kaminakeskus.ee\/fi\/#website"},"datePublished":"2021-08-18T09:43:09+00:00","dateModified":"2021-09-02T15:56:21+00:00","description":"Kaminate, pliitide, ahjude ja korstnate m\u00fc\u00fck","breadcrumb":{"@id":"https:\/\/www.kaminakeskus.ee\/fi\/takkaus-defro\/#breadcrumb"},"inLanguage":"fi-FI","potentialAction":[{"@type":"ReadAction","target":["https:\/\/www.kaminakeskus.ee\/fi\/takkaus-defro\/"]}]},{"@type":"BreadcrumbList","@id":"https:\/\/www.kaminakeskus.ee\/fi\/takkaus-defro\/#breadcrumb","itemListElement":[{"@type":"ListItem","position":1,"name":"Home","item":"https:\/\/www.kaminakeskus.ee\/fi\/"},{"@type":"ListItem","position":2,"name":"TAKKAUS DEFRO"}]},{"@type":"WebSite","@id":"https:\/\/www.kaminakeskus.ee\/fi\/#website","url":"https:\/\/www.kaminakeskus.ee\/fi\/","name":"Kaminakeskus | Kaminad, Ahjud, Pliidid, Saunaahjud, Korstnad, Korsten, Moodulkorsten, Katlad","description":"Kamin Kaminad Ahi Ahjud Pliit Pliidid Korstnad Katlad","publisher":{"@id":"https:\/\/www.kaminakeskus.ee\/fi\/#organization"},"potentialAction":[{"@type":"SearchAction","target":{"@type":"EntryPoint","urlTemplate":"https:\/\/www.kaminakeskus.ee\/fi\/?s={search_term_string}"},"query-input":{"@type":"PropertyValueSpecification","valueRequired":true,"valueName":"search_term_string"}}],"inLanguage":"fi-FI"},{"@type":["Organization","Place"],"@id":"https:\/\/www.kaminakeskus.ee\/fi\/#organization","name":"R\u00e4ndr\u00fc\u00fctel HP O\u00dc","alternateName":"KaminaKeskus","url":"https:\/\/www.kaminakeskus.ee\/","logo":{"@type":"ImageObject","inLanguage":"fi-FI","@id":"https:\/\/www.kaminakeskus.ee\/fi\/#\/schema\/logo\/image\/","url":"https:\/\/www.kaminakeskus.ee\/wp-content\/uploads\/2026\/02\/Kaminakeskus-logo-1-1.jpg","contentUrl":"https:\/\/www.kaminakeskus.ee\/wp-content\/uploads\/2026\/02\/Kaminakeskus-logo-1-1.jpg","width":2068,"height":532,"caption":"R\u00e4ndr\u00fc\u00fctel HP O\u00dc"},"image":{"@id":"https:\/\/www.kaminakeskus.ee\/fi\/#\/schema\/logo\/image\/"},"sameAs":["https:\/\/www.facebook.com\/kaminakeskus\/yoast"],"description":"Sales of fireplaces, chimneys and related goods. Kaminate, ahjude, pliitide, korstnate ja nendega seotud toodete m\u00fc\u00fck.","legalName":"R\u00e4ndr\u00fc\u00fctel HP O\u00dc","foundingDate":"1997-05-13","leiCode":"9845007FC4HB963C8D65","numberOfEmployees":{"@type":"QuantitativeValue","minValue":"1","maxValue":"10"},"telephone":["+372 5543239","+372 58812360"],"contactPoint":{"@type":"ContactPoint","telephone":"+372 5543239","email":"kaminakeskus@gmail.com"},"email":"kaminakeskus@gmail.com","vatID":"EE100831739","taxID":"10208374"}]}},"_links":{"self":[{"href":"https:\/\/www.kaminakeskus.ee\/fi\/wp-json\/wp\/v2\/pages\/54121","targetHints":{"allow":["GET"]}}],"collection":[{"href":"https:\/\/www.kaminakeskus.ee\/fi\/wp-json\/wp\/v2\/pages"}],"about":[{"href":"https:\/\/www.kaminakeskus.ee\/fi\/wp-json\/wp\/v2\/types\/page"}],"author":[{"embeddable":true,"href":"https:\/\/www.kaminakeskus.ee\/fi\/wp-json\/wp\/v2\/users\/3"}],"replies":[{"embeddable":true,"href":"https:\/\/www.kaminakeskus.ee\/fi\/wp-json\/wp\/v2\/comments?post=54121"}],"version-history":[{"count":1,"href":"https:\/\/www.kaminakeskus.ee\/fi\/wp-json\/wp\/v2\/pages\/54121\/revisions"}],"predecessor-version":[{"id":54126,"href":"https:\/\/www.kaminakeskus.ee\/fi\/wp-json\/wp\/v2\/pages\/54121\/revisions\/54126"}],"wp:attachment":[{"href":"https:\/\/www.kaminakeskus.ee\/fi\/wp-json\/wp\/v2\/media?parent=54121"}],"curies":[{"name":"wp","href":"https:\/\/api.w.org\/{rel}","templated":true}]}}