{"id":54764,"date":"2021-08-19T09:33:30","date_gmt":"2021-08-19T09:33:30","guid":{"rendered":"https:\/\/www.kaminakeskus.ee\/ulkotakat\/"},"modified":"2021-09-02T16:04:57","modified_gmt":"2021-09-02T16:04:57","slug":"ulkotakat","status":"publish","type":"page","link":"https:\/\/www.kaminakeskus.ee\/fi\/ulkotakat\/","title":{"rendered":"ULKOTAKAT"},"content":{"rendered":"<p><div class=\"fusion-fullwidth fullwidth-box fusion-builder-row-1 fusion-flex-container hundred-percent-fullwidth non-hundred-percent-height-scrolling\" style=\"--awb-border-radius-top-left:0px;--awb-border-radius-top-right:0px;--awb-border-radius-bottom-right:0px;--awb-border-radius-bottom-left:0px;--awb-margin-top:40px;--awb-flex-wrap:wrap;\" ><div class=\"fusion-builder-row fusion-row fusion-flex-align-items-flex-start fusion-flex-content-wrap\" style=\"width:104% !important;max-width:104% !important;margin-left: calc(-4% \/ 2 );margin-right: calc(-4% \/ 2 );\"><div class=\"fusion-layout-column fusion_builder_column fusion-builder-column-0 fusion_builder_column_1_1 1_1 fusion-flex-column\" style=\"--awb-bg-size:cover;--awb-width-large:100%;--awb-margin-top-large:0px;--awb-spacing-right-large:1.92%;--awb-margin-bottom-large:20px;--awb-spacing-left-large:1.92%;--awb-width-medium:100%;--awb-order-medium:0;--awb-spacing-right-medium:1.92%;--awb-spacing-left-medium:1.92%;--awb-width-small:100%;--awb-order-small:0;--awb-spacing-right-small:1.92%;--awb-spacing-left-small:1.92%;\"><div class=\"fusion-column-wrapper fusion-column-has-shadow fusion-flex-justify-content-flex-start fusion-content-layout-column\"><div class=\"fusion-blog-shortcode fusion-blog-shortcode-1 fusion-blog-archive fusion-blog-layout-grid-wrapper fusion-blog-no\"><style type=\"text\/css\">.fusion-blog-shortcode-1 .fusion-blog-layout-grid .fusion-post-grid{padding:12.5px;}.fusion-blog-shortcode-1 .fusion-posts-container{margin-left: -12.5px !important; margin-right:-12.5px !important;}<\/style><div class=\"fusion-posts-container fusion-posts-container-no fusion-no-meta-info fusion-blog-rollover fusion-blog-layout-grid fusion-blog-layout-grid-4 isotope fusion-blog-equal-heights\" data-pages=\"0\" data-grid-col-space=\"25\" style=\"margin: -12.5px -12.5px 0;min-height:500px;\"><article id=\"blog-1-post-76683\" class=\"fusion-post-grid post-76683 post type-post status-publish format-standard hentry category-ulkotakat\">\n<div class=\"fusion-post-wrapper\" style=\"background-color:rgba(255,255,255,1);border:1px solid #a82c23;border-bottom-width:3px;\">\n\n<div class=\"fusion-post-content-wrapper\" style=\"padding:30px 25px 25px 25px;\"><div class=\"fusion-post-content post-content\"><h2 class=\"blog-shortcode-post-title entry-title\"><a href=\"https:\/\/www.kaminakeskus.ee\/fi\/aiakamin-a-caminetti-outdoor-4d\/\">Aiakamin A.Caminetti Outdoor 4D<\/a><\/h2><div class=\"fusion-post-content-container\"><div id=\"attachment_76678\" style=\"width: 101px\" class=\"wp-caption aligncenter\"><a href=\"https:\/\/www.kaminakeskus.ee\/wp-content\/uploads\/2024\/04\/valikamin-a-caminetti-model-outdoor-4d-70x150.jpeg\"><img decoding=\"async\" aria-describedby=\"caption-attachment-76678\" class=\"wp-image-76678\" title=\"Aiakamin Outdoor 4D\" src=\"https:\/\/www.kaminakeskus.ee\/wp-content\/uploads\/2024\/04\/valikamin-a-caminetti-model-outdoor-4d-70x150.jpeg\" alt=\"Aiakamin Outdoor 4D\" width=\"91\" height=\"195\" srcset=\"https:\/\/www.kaminakeskus.ee\/wp-content\/uploads\/2024\/04\/valikamin-a-caminetti-model-outdoor-4d-70x150.jpeg 70w, https:\/\/www.kaminakeskus.ee\/wp-content\/uploads\/2024\/04\/valikamin-a-caminetti-model-outdoor-4d-139x300.jpeg 139w, https:\/\/www.kaminakeskus.ee\/wp-content\/uploads\/2024\/04\/valikamin-a-caminetti-model-outdoor-4d-200x431.jpeg 200w, https:\/\/www.kaminakeskus.ee\/wp-content\/uploads\/2024\/04\/valikamin-a-caminetti-model-outdoor-4d-400x861.jpeg 400w, https:\/\/www.kaminakeskus.ee\/wp-content\/uploads\/2024\/04\/valikamin-a-caminetti-model-outdoor-4d-476x1024.jpeg 476w, https:\/\/www.kaminakeskus.ee\/wp-content\/uploads\/2024\/04\/valikamin-a-caminetti-model-outdoor-4d-600x1292.jpeg 600w, https:\/\/www.kaminakeskus.ee\/wp-content\/uploads\/2024\/04\/valikamin-a-caminetti-model-outdoor-4d-713x1536.jpeg 713w, https:\/\/www.kaminakeskus.ee\/wp-content\/uploads\/2024\/04\/valikamin-a-caminetti-model-outdoor-4d-768x1654.jpeg 768w, https:\/\/www.kaminakeskus.ee\/wp-content\/uploads\/2024\/04\/valikamin-a-caminetti-model-outdoor-4d-800x1723.jpeg 800w, https:\/\/www.kaminakeskus.ee\/wp-content\/uploads\/2024\/04\/valikamin-a-caminetti-model-outdoor-4d-951x2048.jpeg 951w, https:\/\/www.kaminakeskus.ee\/wp-content\/uploads\/2024\/04\/valikamin-a-caminetti-model-outdoor-4d.jpeg 1024w\" sizes=\"(max-width: 91px) 100vw, 91px\" \/><\/a><p id=\"caption-attachment-76678\" class=\"wp-caption-text\"><strong>Aiakamin Outdoor 4D<\/strong><\/p><\/div>\n<p style=\"text-align: center;\">K\u00f5rgus: 961mm<br \/>\nLaius: 550mm<br \/>\nS\u00fcgavus: 526mm<br \/>\nKaal: 78kg<br \/>\nL\u00f5\u00f5ri m\u00f5\u00f5t: 150mm<br \/>\n<strong>Hind: 2074 EUR<\/strong><\/p>\n<\/div><\/div><\/div><div class=\"fusion-clearfix\"><\/div><\/div>\n<\/article>\n<article id=\"blog-1-post-76481\" class=\"fusion-post-grid post-76481 post type-post status-publish format-standard hentry category-soojakiirgurid-fi category-ulkotakat\">\n<div class=\"fusion-post-wrapper\" style=\"background-color:rgba(255,255,255,1);border:1px solid #a82c23;border-bottom-width:3px;\">\n\n<div class=\"fusion-post-content-wrapper\" style=\"padding:30px 25px 25px 25px;\"><div class=\"fusion-post-content post-content\"><h2 class=\"blog-shortcode-post-title entry-title\"><a href=\"https:\/\/www.kaminakeskus.ee\/fi\/soojakiirgur-terrassile-hot-spot-13\/\">Soojakiirgur terrassile Hot Spot 13<\/a><\/h2><div class=\"fusion-post-content-container\"><div id=\"attachment_76476\" style=\"width: 115px\" class=\"wp-caption aligncenter\"><a href=\"https:\/\/www.kaminakeskus.ee\/wp-content\/uploads\/2024\/04\/soojakiirgur-terrassile-pelletiga-laminox-hot-spot-13-79x150.png\"><img decoding=\"async\" aria-describedby=\"caption-attachment-76476\" class=\" wp-image-76476\" src=\"https:\/\/www.kaminakeskus.ee\/wp-content\/uploads\/2024\/04\/soojakiirgur-terrassile-pelletiga-laminox-hot-spot-13-79x150.png\" alt=\"\" width=\"105\" height=\"199\" srcset=\"https:\/\/www.kaminakeskus.ee\/wp-content\/uploads\/2024\/04\/soojakiirgur-terrassile-pelletiga-laminox-hot-spot-13-79x150.png 79w, https:\/\/www.kaminakeskus.ee\/wp-content\/uploads\/2024\/04\/soojakiirgur-terrassile-pelletiga-laminox-hot-spot-13-158x300.png 158w, https:\/\/www.kaminakeskus.ee\/wp-content\/uploads\/2024\/04\/soojakiirgur-terrassile-pelletiga-laminox-hot-spot-13-200x380.png 200w, https:\/\/www.kaminakeskus.ee\/wp-content\/uploads\/2024\/04\/soojakiirgur-terrassile-pelletiga-laminox-hot-spot-13-400x760.png 400w, https:\/\/www.kaminakeskus.ee\/wp-content\/uploads\/2024\/04\/soojakiirgur-terrassile-pelletiga-laminox-hot-spot-13.png 486w\" sizes=\"(max-width: 105px) 100vw, 105px\" \/><\/a><p id=\"caption-attachment-76476\" class=\"wp-caption-text\"><strong>Soojakiirgur terrassile Hot Spot 13 (pelletiga)<\/strong><\/p><\/div>\n<p style=\"text-align: center;\">V\u00f5imsus: 5,8-13kW<br \/>\nIlma elektrita!<br \/>\nK\u00f5rgus: 2120 mm<br \/>\nLaius: 900 mm<br \/>\nS\u00fcgavus: 916 mm<br \/>\nPelleti maht: 12kg<br \/>\nKulu: 1,6-3kg\/h<br \/>\nKaal: 90kg<br \/>\nV\u00e4rv:Valge; punane; must<br \/>\n<a href=\"https:\/\/laminox.com\/ajax\/page\/doFile\/prod-attach\/26\/1\/03-2019%20scheda%20tecnica%20-%20Hot%20Spot%2013.pdf\">Joonis<\/a><br \/>\n<a href=\"https:\/\/laminox.com\/ajax\/page\/doFile\/prod-attach\/26\/5\/Manuale%20Hot%20Spot-rev%202.0_EN.pdf\">Manual<\/a><br \/>\n<strong>Hind: 3125 EUR<\/strong><\/p>\n<\/div><\/div><\/div><div class=\"fusion-clearfix\"><\/div><\/div>\n<\/article>\n<article id=\"blog-1-post-66257\" class=\"fusion-post-grid post-66257 post type-post status-publish format-standard hentry category-dm-ulkotakat category-ulkotakat\">\n<div class=\"fusion-post-wrapper\" style=\"background-color:rgba(255,255,255,1);border:1px solid #a82c23;border-bottom-width:3px;\">\n\n<div class=\"fusion-post-content-wrapper\" style=\"padding:30px 25px 25px 25px;\"><div class=\"fusion-post-content post-content\"><h2 class=\"blog-shortcode-post-title entry-title\"><a href=\"https:\/\/www.kaminakeskus.ee\/fi\/aiakamin-prisma\/\">Aiakamin Prisma<\/a><\/h2><div class=\"fusion-post-content-container\"><div id=\"attachment_66252\" style=\"width: 160px\" class=\"wp-caption aligncenter\"><a href=\"https:\/\/www.kaminakeskus.ee\/wp-content\/uploads\/2023\/03\/Valikamin_prisma-150x150.jpg\"><img decoding=\"async\" aria-describedby=\"caption-attachment-66252\" class=\"wp-image-66252 size-thumbnail\" title=\"Aiakamin Prisma\" src=\"https:\/\/www.kaminakeskus.ee\/wp-content\/uploads\/2023\/03\/Valikamin_prisma-150x150.jpg\" alt=\"Aiakamin, v\u00e4likamin\" width=\"150\" height=\"150\" srcset=\"https:\/\/www.kaminakeskus.ee\/wp-content\/uploads\/2023\/03\/Valikamin_prisma-66x66.jpg 66w, https:\/\/www.kaminakeskus.ee\/wp-content\/uploads\/2023\/03\/Valikamin_prisma-150x150.jpg 150w, https:\/\/www.kaminakeskus.ee\/wp-content\/uploads\/2023\/03\/Valikamin_prisma-200x200.jpg 200w, https:\/\/www.kaminakeskus.ee\/wp-content\/uploads\/2023\/03\/Valikamin_prisma-300x300.jpg 300w, https:\/\/www.kaminakeskus.ee\/wp-content\/uploads\/2023\/03\/Valikamin_prisma-400x400.jpg 400w, https:\/\/www.kaminakeskus.ee\/wp-content\/uploads\/2023\/03\/Valikamin_prisma-600x600.jpg 600w, https:\/\/www.kaminakeskus.ee\/wp-content\/uploads\/2023\/03\/Valikamin_prisma-768x768.jpg 768w, https:\/\/www.kaminakeskus.ee\/wp-content\/uploads\/2023\/03\/Valikamin_prisma-800x800.jpg 800w, https:\/\/www.kaminakeskus.ee\/wp-content\/uploads\/2023\/03\/Valikamin_prisma-1024x1024.jpg 1024w, https:\/\/www.kaminakeskus.ee\/wp-content\/uploads\/2023\/03\/Valikamin_prisma-1200x1200.jpg 1200w, https:\/\/www.kaminakeskus.ee\/wp-content\/uploads\/2023\/03\/Valikamin_prisma-1536x1536.jpg 1536w\" sizes=\"(max-width: 150px) 100vw, 150px\" \/><\/a><p id=\"caption-attachment-66252\" class=\"wp-caption-text\"><strong>Aiakamin Prisma<\/strong><\/p><\/div>\n<p style=\"text-align: center;\">K\u00f5rgus: 1480mm<br \/>\nLaius: 700mm<br \/>\nS\u00fcgavus: 700mm<br \/>\nKaal: 35kg<br \/>\nMaterjal: 3mm teras<br \/>\n<strong>Hind: 459 EUR<\/strong><\/p>\n<\/div><\/div><\/div><div class=\"fusion-clearfix\"><\/div><\/div>\n<\/article>\n<article id=\"blog-1-post-49648\" class=\"fusion-post-grid post-49648 post type-post status-publish format-standard hentry category-dm-ulkotakat category-takat-takat category-ulkotakat\">\n<div class=\"fusion-post-wrapper\" style=\"background-color:rgba(255,255,255,1);border:1px solid #a82c23;border-bottom-width:3px;\">\n\n<div class=\"fusion-post-content-wrapper\" style=\"padding:30px 25px 25px 25px;\"><div class=\"fusion-post-content post-content\"><h2 class=\"blog-shortcode-post-title entry-title\"><a href=\"https:\/\/www.kaminakeskus.ee\/fi\/ulkotakka-gr014\/\">Ulkotakka GR014<\/a><\/h2><div class=\"fusion-post-content-container\"><div id=\"attachment_37704\" style=\"width: 160px\" class=\"wp-caption alignleft\"><a href=\"https:\/\/www.kaminakeskus.ee\/wp-content\/uploads\/2018\/02\/V%C3%A4likamin-GR014.jpg\"><img decoding=\"async\" aria-describedby=\"caption-attachment-37704\" class=\"size-thumbnail wp-image-21415\" src=\"https:\/\/www.kaminakeskus.ee\/wp-content\/uploads\/2018\/02\/V%C3%A4likamin-GR014-150x150.jpg\" alt=\"Ulkotakka GR014\" width=\"150\" height=\"150\"><\/a><p id=\"caption-attachment-37704\" class=\"wp-caption-text\">Ulkotakka GR014<\/p><\/div>\n<p><strong>Ulkotakka GR014<\/strong><br \/>\nKorkeus: 1730mm<br \/>\nHalkaisija: 550mm<br \/>\nTer\u00e4s: 1,2 mm<br \/>\n<strong>Hinta: 289 euroa<\/strong><\/p>\n<\/div><\/div><\/div><div class=\"fusion-clearfix\"><\/div><\/div>\n<\/article>\n<article id=\"blog-1-post-52257\" class=\"fusion-post-grid post-52257 post type-post status-publish format-standard hentry category-grillit-ja-tulentekopaikat category-ulkotakat\">\n<div class=\"fusion-post-wrapper\" style=\"background-color:rgba(255,255,255,1);border:1px solid #a82c23;border-bottom-width:3px;\">\n\n<div class=\"fusion-post-content-wrapper\" style=\"padding:30px 25px 25px 25px;\"><div class=\"fusion-post-content post-content\"><h2 class=\"blog-shortcode-post-title entry-title\"><a href=\"https:\/\/www.kaminakeskus.ee\/fi\/ulkotakka-grilli-parnu\/\">Ulkotakka-grilli P\u00e4rnu<\/a><\/h2><div class=\"fusion-post-content-container\"><div id=\"attachment_41892\" style=\"width: 160px\" class=\"wp-caption alignleft\"><a href=\"https:\/\/www.kaminakeskus.ee\/wp-content\/uploads\/2020\/06\/V%C3%A4likamin-grill-p%C3%A4rnu.jpg\"><img decoding=\"async\" aria-describedby=\"caption-attachment-41892\" class=\"size-thumbnail wp-image-27024\" src=\"https:\/\/www.kaminakeskus.ee\/wp-content\/uploads\/2020\/06\/V%C3%A4likamin-grill-p%C3%A4rnu-150x150.jpg\" alt=\"\" width=\"150\" height=\"150\"><\/a><p id=\"caption-attachment-41892\" class=\"wp-caption-text\">Ulkotakka-grilli P\u00e4rnu<\/p><\/div>\n<p><strong>Ulkotakka-grilli P\u00e4rnu<\/strong><br \/>\nKorkeus: 1980mm<br \/>\nLeveys: 1100mm<br \/>\nSyvyys: 700 mm<br \/>\nPaino: 470kg<\/p>\n<\/div><\/div><\/div><div class=\"fusion-clearfix\"><\/div><\/div>\n<\/article>\n<div class=\"fusion-clearfix\"><\/div><\/div><\/div><\/div><\/div><\/div><\/div><div class=\"fusion-fullwidth fullwidth-box fusion-builder-row-2 fusion-flex-container nonhundred-percent-fullwidth non-hundred-percent-height-scrolling\" style=\"--awb-border-radius-top-left:0px;--awb-border-radius-top-right:0px;--awb-border-radius-bottom-right:0px;--awb-border-radius-bottom-left:0px;--awb-flex-wrap:wrap;\" ><div class=\"fusion-builder-row fusion-row fusion-flex-align-items-flex-start fusion-flex-content-wrap\" style=\"max-width:2392px;margin-left: calc(-4% \/ 2 );margin-right: calc(-4% \/ 2 );\"><div class=\"fusion-layout-column fusion_builder_column fusion-builder-column-1 fusion_builder_column_1_1 1_1 fusion-flex-column\" style=\"--awb-bg-size:cover;--awb-width-large:100%;--awb-margin-top-large:0px;--awb-spacing-right-large:1.92%;--awb-margin-bottom-large:20px;--awb-spacing-left-large:1.92%;--awb-width-medium:100%;--awb-order-medium:0;--awb-spacing-right-medium:1.92%;--awb-spacing-left-medium:1.92%;--awb-width-small:100%;--awb-order-small:0;--awb-spacing-right-small:1.92%;--awb-spacing-left-small:1.92%;\"><div class=\"fusion-column-wrapper fusion-column-has-shadow fusion-flex-justify-content-flex-start fusion-content-layout-column\"><\/div><\/div><\/div><\/div><\/p>\n","protected":false},"excerpt":{"rendered":"","protected":false},"author":3,"featured_media":0,"parent":0,"menu_order":0,"comment_status":"closed","ping_status":"closed","template":"","meta":{"footnotes":""},"class_list":["post-54764","page","type-page","status-publish","hentry"],"yoast_head":"<!-- This site is optimized with the Yoast SEO Premium plugin v27.5 (Yoast SEO v27.5) - https:\/\/yoast.com\/product\/yoast-seo-premium-wordpress\/ -->\n<title>KaminaKeskus<\/title>\n<meta name=\"description\" content=\"Kaminate, pliitide, ahjude ja korstnate m\u00fc\u00fck\" \/>\n<meta name=\"robots\" content=\"index, follow, max-snippet:-1, max-image-preview:large, max-video-preview:-1\" \/>\n<link rel=\"canonical\" href=\"https:\/\/www.kaminakeskus.ee\/fi\/ulkotakat\/\" \/>\n<meta property=\"og:locale\" content=\"fi_FI\" \/>\n<meta property=\"og:type\" content=\"article\" \/>\n<meta property=\"og:title\" content=\"ULKOTAKAT - Kaminakeskus | Kaminad, Ahjud, Pliidid, Saunaahjud, Korstnad, Katlad\" \/>\n<meta property=\"og:description\" content=\"Kaminate, pliitide, ahjude ja korstnate m\u00fc\u00fck\" \/>\n<meta property=\"og:url\" content=\"https:\/\/www.kaminakeskus.ee\/fi\/ulkotakat\/\" \/>\n<meta property=\"og:site_name\" content=\"Kaminakeskus | Kaminad, Ahjud, Pliidid, Saunaahjud, Korstnad, Katlad\" \/>\n<meta property=\"article:publisher\" content=\"https:\/\/www.facebook.com\/kaminakeskus\/yoast\" \/>\n<meta property=\"article:modified_time\" content=\"2021-09-02T16:04:57+00:00\" \/>\n<meta name=\"twitter:card\" content=\"summary_large_image\" \/>\n<meta name=\"twitter:label1\" content=\"Est. reading time\" \/>\n\t<meta name=\"twitter:data1\" content=\"6 minutes\" \/>\n<script type=\"application\/ld+json\" class=\"yoast-schema-graph\">{\"@context\":\"https:\\\/\\\/schema.org\",\"@graph\":[{\"@type\":\"WebPage\",\"@id\":\"https:\\\/\\\/www.kaminakeskus.ee\\\/fi\\\/ulkotakat\\\/\",\"url\":\"https:\\\/\\\/www.kaminakeskus.ee\\\/fi\\\/ulkotakat\\\/\",\"name\":\"KaminaKeskus\",\"isPartOf\":{\"@id\":\"https:\\\/\\\/www.kaminakeskus.ee\\\/fi\\\/#website\"},\"datePublished\":\"2021-08-19T09:33:30+00:00\",\"dateModified\":\"2021-09-02T16:04:57+00:00\",\"description\":\"Kaminate, pliitide, ahjude ja korstnate m\u00fc\u00fck\",\"breadcrumb\":{\"@id\":\"https:\\\/\\\/www.kaminakeskus.ee\\\/fi\\\/ulkotakat\\\/#breadcrumb\"},\"inLanguage\":\"fi-FI\",\"potentialAction\":[{\"@type\":\"ReadAction\",\"target\":[\"https:\\\/\\\/www.kaminakeskus.ee\\\/fi\\\/ulkotakat\\\/\"]}]},{\"@type\":\"BreadcrumbList\",\"@id\":\"https:\\\/\\\/www.kaminakeskus.ee\\\/fi\\\/ulkotakat\\\/#breadcrumb\",\"itemListElement\":[{\"@type\":\"ListItem\",\"position\":1,\"name\":\"Home\",\"item\":\"https:\\\/\\\/www.kaminakeskus.ee\\\/fi\\\/\"},{\"@type\":\"ListItem\",\"position\":2,\"name\":\"ULKOTAKAT\"}]},{\"@type\":\"WebSite\",\"@id\":\"https:\\\/\\\/www.kaminakeskus.ee\\\/fi\\\/#website\",\"url\":\"https:\\\/\\\/www.kaminakeskus.ee\\\/fi\\\/\",\"name\":\"Kaminakeskus | Kaminad, Ahjud, Pliidid, Saunaahjud, Korstnad, Korsten, Moodulkorsten, Katlad\",\"description\":\"Kamin Kaminad Ahi Ahjud Pliit Pliidid Korstnad Katlad\",\"publisher\":{\"@id\":\"https:\\\/\\\/www.kaminakeskus.ee\\\/fi\\\/#organization\"},\"potentialAction\":[{\"@type\":\"SearchAction\",\"target\":{\"@type\":\"EntryPoint\",\"urlTemplate\":\"https:\\\/\\\/www.kaminakeskus.ee\\\/fi\\\/?s={search_term_string}\"},\"query-input\":{\"@type\":\"PropertyValueSpecification\",\"valueRequired\":true,\"valueName\":\"search_term_string\"}}],\"inLanguage\":\"fi-FI\"},{\"@type\":[\"Organization\",\"Place\"],\"@id\":\"https:\\\/\\\/www.kaminakeskus.ee\\\/fi\\\/#organization\",\"name\":\"R\u00e4ndr\u00fc\u00fctel HP O\u00dc\",\"alternateName\":\"KaminaKeskus\",\"url\":\"https:\\\/\\\/www.kaminakeskus.ee\\\/\",\"logo\":{\"@type\":\"ImageObject\",\"inLanguage\":\"fi-FI\",\"@id\":\"https:\\\/\\\/www.kaminakeskus.ee\\\/fi\\\/#\\\/schema\\\/logo\\\/image\\\/\",\"url\":\"https:\\\/\\\/www.kaminakeskus.ee\\\/wp-content\\\/uploads\\\/2026\\\/02\\\/Kaminakeskus-logo-1-1.jpg\",\"contentUrl\":\"https:\\\/\\\/www.kaminakeskus.ee\\\/wp-content\\\/uploads\\\/2026\\\/02\\\/Kaminakeskus-logo-1-1.jpg\",\"width\":2068,\"height\":532,\"caption\":\"R\u00e4ndr\u00fc\u00fctel HP O\u00dc\"},\"image\":{\"@id\":\"https:\\\/\\\/www.kaminakeskus.ee\\\/fi\\\/#\\\/schema\\\/logo\\\/image\\\/\"},\"sameAs\":[\"https:\\\/\\\/www.facebook.com\\\/kaminakeskus\\\/yoast\"],\"description\":\"Sales of fireplaces, chimneys and related goods. Kaminate, ahjude, pliitide, korstnate ja nendega seotud toodete m\u00fc\u00fck.\",\"legalName\":\"R\u00e4ndr\u00fc\u00fctel HP O\u00dc\",\"foundingDate\":\"1997-05-13\",\"leiCode\":\"9845007FC4HB963C8D65\",\"numberOfEmployees\":{\"@type\":\"QuantitativeValue\",\"minValue\":\"1\",\"maxValue\":\"10\"},\"telephone\":[\"+372 5543239\",\"+372 58812360\"],\"contactPoint\":{\"@type\":\"ContactPoint\",\"telephone\":\"+372 5543239\",\"email\":\"kaminakeskus@gmail.com\"},\"email\":\"kaminakeskus@gmail.com\",\"vatID\":\"EE100831739\",\"taxID\":\"10208374\"}]}<\/script>\n<!-- \/ Yoast SEO Premium plugin. -->","yoast_head_json":{"title":"KaminaKeskus","description":"Kaminate, pliitide, ahjude ja korstnate m\u00fc\u00fck","robots":{"index":"index","follow":"follow","max-snippet":"max-snippet:-1","max-image-preview":"max-image-preview:large","max-video-preview":"max-video-preview:-1"},"canonical":"https:\/\/www.kaminakeskus.ee\/fi\/ulkotakat\/","og_locale":"fi_FI","og_type":"article","og_title":"ULKOTAKAT - Kaminakeskus | Kaminad, Ahjud, Pliidid, Saunaahjud, Korstnad, Katlad","og_description":"Kaminate, pliitide, ahjude ja korstnate m\u00fc\u00fck","og_url":"https:\/\/www.kaminakeskus.ee\/fi\/ulkotakat\/","og_site_name":"Kaminakeskus | Kaminad, Ahjud, Pliidid, Saunaahjud, Korstnad, Katlad","article_publisher":"https:\/\/www.facebook.com\/kaminakeskus\/yoast","article_modified_time":"2021-09-02T16:04:57+00:00","twitter_card":"summary_large_image","twitter_misc":{"Est. reading time":"6 minutes"},"schema":{"@context":"https:\/\/schema.org","@graph":[{"@type":"WebPage","@id":"https:\/\/www.kaminakeskus.ee\/fi\/ulkotakat\/","url":"https:\/\/www.kaminakeskus.ee\/fi\/ulkotakat\/","name":"KaminaKeskus","isPartOf":{"@id":"https:\/\/www.kaminakeskus.ee\/fi\/#website"},"datePublished":"2021-08-19T09:33:30+00:00","dateModified":"2021-09-02T16:04:57+00:00","description":"Kaminate, pliitide, ahjude ja korstnate m\u00fc\u00fck","breadcrumb":{"@id":"https:\/\/www.kaminakeskus.ee\/fi\/ulkotakat\/#breadcrumb"},"inLanguage":"fi-FI","potentialAction":[{"@type":"ReadAction","target":["https:\/\/www.kaminakeskus.ee\/fi\/ulkotakat\/"]}]},{"@type":"BreadcrumbList","@id":"https:\/\/www.kaminakeskus.ee\/fi\/ulkotakat\/#breadcrumb","itemListElement":[{"@type":"ListItem","position":1,"name":"Home","item":"https:\/\/www.kaminakeskus.ee\/fi\/"},{"@type":"ListItem","position":2,"name":"ULKOTAKAT"}]},{"@type":"WebSite","@id":"https:\/\/www.kaminakeskus.ee\/fi\/#website","url":"https:\/\/www.kaminakeskus.ee\/fi\/","name":"Kaminakeskus | Kaminad, Ahjud, Pliidid, Saunaahjud, Korstnad, Korsten, Moodulkorsten, Katlad","description":"Kamin Kaminad Ahi Ahjud Pliit Pliidid Korstnad Katlad","publisher":{"@id":"https:\/\/www.kaminakeskus.ee\/fi\/#organization"},"potentialAction":[{"@type":"SearchAction","target":{"@type":"EntryPoint","urlTemplate":"https:\/\/www.kaminakeskus.ee\/fi\/?s={search_term_string}"},"query-input":{"@type":"PropertyValueSpecification","valueRequired":true,"valueName":"search_term_string"}}],"inLanguage":"fi-FI"},{"@type":["Organization","Place"],"@id":"https:\/\/www.kaminakeskus.ee\/fi\/#organization","name":"R\u00e4ndr\u00fc\u00fctel HP O\u00dc","alternateName":"KaminaKeskus","url":"https:\/\/www.kaminakeskus.ee\/","logo":{"@type":"ImageObject","inLanguage":"fi-FI","@id":"https:\/\/www.kaminakeskus.ee\/fi\/#\/schema\/logo\/image\/","url":"https:\/\/www.kaminakeskus.ee\/wp-content\/uploads\/2026\/02\/Kaminakeskus-logo-1-1.jpg","contentUrl":"https:\/\/www.kaminakeskus.ee\/wp-content\/uploads\/2026\/02\/Kaminakeskus-logo-1-1.jpg","width":2068,"height":532,"caption":"R\u00e4ndr\u00fc\u00fctel HP O\u00dc"},"image":{"@id":"https:\/\/www.kaminakeskus.ee\/fi\/#\/schema\/logo\/image\/"},"sameAs":["https:\/\/www.facebook.com\/kaminakeskus\/yoast"],"description":"Sales of fireplaces, chimneys and related goods. Kaminate, ahjude, pliitide, korstnate ja nendega seotud toodete m\u00fc\u00fck.","legalName":"R\u00e4ndr\u00fc\u00fctel HP O\u00dc","foundingDate":"1997-05-13","leiCode":"9845007FC4HB963C8D65","numberOfEmployees":{"@type":"QuantitativeValue","minValue":"1","maxValue":"10"},"telephone":["+372 5543239","+372 58812360"],"contactPoint":{"@type":"ContactPoint","telephone":"+372 5543239","email":"kaminakeskus@gmail.com"},"email":"kaminakeskus@gmail.com","vatID":"EE100831739","taxID":"10208374"}]}},"_links":{"self":[{"href":"https:\/\/www.kaminakeskus.ee\/fi\/wp-json\/wp\/v2\/pages\/54764","targetHints":{"allow":["GET"]}}],"collection":[{"href":"https:\/\/www.kaminakeskus.ee\/fi\/wp-json\/wp\/v2\/pages"}],"about":[{"href":"https:\/\/www.kaminakeskus.ee\/fi\/wp-json\/wp\/v2\/types\/page"}],"author":[{"embeddable":true,"href":"https:\/\/www.kaminakeskus.ee\/fi\/wp-json\/wp\/v2\/users\/3"}],"replies":[{"embeddable":true,"href":"https:\/\/www.kaminakeskus.ee\/fi\/wp-json\/wp\/v2\/comments?post=54764"}],"version-history":[{"count":3,"href":"https:\/\/www.kaminakeskus.ee\/fi\/wp-json\/wp\/v2\/pages\/54764\/revisions"}],"predecessor-version":[{"id":54947,"href":"https:\/\/www.kaminakeskus.ee\/fi\/wp-json\/wp\/v2\/pages\/54764\/revisions\/54947"}],"wp:attachment":[{"href":"https:\/\/www.kaminakeskus.ee\/fi\/wp-json\/wp\/v2\/media?parent=54764"}],"curies":[{"name":"wp","href":"https:\/\/api.w.org\/{rel}","templated":true}]}}