{"id":83259,"date":"2021-08-19T09:01:58","date_gmt":"2021-08-19T09:01:58","guid":{"rendered":"https:\/\/www.kaminakeskus.ee\/pelletikaminad-evacalor\/"},"modified":"2025-05-29T17:59:34","modified_gmt":"2025-05-29T17:59:34","slug":"pelletikaminad-evacalor","status":"publish","type":"page","link":"https:\/\/www.kaminakeskus.ee\/fi\/pelletikaminad-evacalor\/","title":{"rendered":"PELLETTIKANAT H\u00d6YRYSTIN"},"content":{"rendered":"<p><div class=\"fusion-fullwidth fullwidth-box fusion-builder-row-1 fusion-flex-container hundred-percent-fullwidth non-hundred-percent-height-scrolling\" style=\"--awb-border-radius-top-left:0px;--awb-border-radius-top-right:0px;--awb-border-radius-bottom-right:0px;--awb-border-radius-bottom-left:0px;--awb-margin-top:40px;--awb-flex-wrap:wrap;\" ><div class=\"fusion-builder-row fusion-row fusion-flex-align-items-flex-start fusion-flex-content-wrap\" style=\"width:104% !important;max-width:104% !important;margin-left: calc(-4% \/ 2 );margin-right: calc(-4% \/ 2 );\"><div class=\"fusion-layout-column fusion_builder_column fusion-builder-column-0 fusion_builder_column_1_1 1_1 fusion-flex-column\" style=\"--awb-bg-size:cover;--awb-width-large:100%;--awb-margin-top-large:0px;--awb-spacing-right-large:1.92%;--awb-margin-bottom-large:20px;--awb-spacing-left-large:1.92%;--awb-width-medium:100%;--awb-order-medium:0;--awb-spacing-right-medium:1.92%;--awb-spacing-left-medium:1.92%;--awb-width-small:100%;--awb-order-small:0;--awb-spacing-right-small:1.92%;--awb-spacing-left-small:1.92%;\"><div class=\"fusion-column-wrapper fusion-column-has-shadow fusion-flex-justify-content-flex-start fusion-content-layout-column\"><div class=\"fusion-blog-shortcode fusion-blog-shortcode-1 fusion-blog-archive fusion-blog-layout-grid-wrapper fusion-blog-no\"><style type=\"text\/css\">.fusion-blog-shortcode-1 .fusion-blog-layout-grid .fusion-post-grid{padding:12.5px;}.fusion-blog-shortcode-1 .fusion-posts-container{margin-left: -12.5px !important; margin-right:-12.5px !important;}<\/style><div class=\"fusion-posts-container fusion-posts-container-no fusion-no-meta-info fusion-blog-rollover fusion-blog-layout-grid fusion-blog-layout-grid-4 isotope fusion-blog-equal-heights\" data-pages=\"0\" data-grid-col-space=\"25\" style=\"margin: -12.5px -12.5px 0;min-height:500px;\"><article id=\"blog-1-post-48293\" class=\"fusion-post-grid post-48293 post type-post status-publish format-standard hentry category-pelletikaminad-evacalor-fi category-pellettitakat-fi\">\n<div class=\"fusion-post-wrapper\" style=\"background-color:rgba(255,255,255,1);border:1px solid #a82c23;border-bottom-width:3px;\">\n\n<div class=\"fusion-post-content-wrapper\" style=\"padding:30px 25px 25px 25px;\"><div class=\"fusion-post-content post-content\"><h2 class=\"blog-shortcode-post-title entry-title\"><a href=\"https:\/\/www.kaminakeskus.ee\/fi\/pellettitakka-evacalor-kali\/\">Pellettitakka Evacalor Kali<\/a><\/h2><div class=\"fusion-post-content-container\"><div id=\"attachment_41476\" style=\"width: 160px\" class=\"wp-caption aligncenter\"><a href=\"https:\/\/www.kaminakeskus.ee\/wp-content\/uploads\/2020\/04\/pelletkamin-evacalor-kali-150x150.jpg\"><img decoding=\"async\" aria-describedby=\"caption-attachment-41476\" class=\"wp-image-26547 size-thumbnail\" title=\"Pellettitakka EvaCalor Kali\" src=\"https:\/\/www.kaminakeskus.ee\/wp-content\/uploads\/2020\/04\/pelletkamin-evacalor-kali-150x150.jpg\" alt=\"Pellettitakka EvaCalor Kali\" width=\"150\" height=\"150\"><\/a><p id=\"caption-attachment-41476\" class=\"wp-caption-text\"><strong>Pellettitakka EvaCalor Kali<\/strong><\/p><\/div>\n<p style=\"text-align: center;\">Teho: 2,8\u20139,5 kW<br \/>\n Korkeus: 797 mm<br \/>\n Leveys: 438 mm<br \/>\n Syvyys: 455 mm<br \/>\n Pellettikapasiteetti: 11 kg<br \/>\n Kulutus: 0,6\u20132 kg\/h<br \/>\n Paino: 50 kg<br \/>\n <a href=\"https:\/\/www.evacalor.com\/index.php?id=263&amp;lang_id=eng\">V\u00e4ri: Musta; punainen; beige<\/a><br \/>\n <strong>Hinta: 1059 euroa<br \/>\n<\/strong><\/p>\n<\/div><\/div><\/div><div class=\"fusion-clearfix\"><\/div><\/div>\n<\/article>\n<article id=\"blog-1-post-85351\" class=\"fusion-post-grid post-85351 post type-post status-publish format-standard hentry category-pelletikaminad-evacalor-fi category-pellettitakat-fi\">\n<div class=\"fusion-post-wrapper\" style=\"background-color:rgba(255,255,255,1);border:1px solid #a82c23;border-bottom-width:3px;\">\n\n<div class=\"fusion-post-content-wrapper\" style=\"padding:30px 25px 25px 25px;\"><div class=\"fusion-post-content post-content\"><h2 class=\"blog-shortcode-post-title entry-title\"><a href=\"https:\/\/www.kaminakeskus.ee\/fi\/pelletikamin-evacalor-silence-plus-9\/\">Pelletikamin Evacalor Silence Plus 9<\/a><\/h2><div class=\"fusion-post-content-container\"><div id=\"attachment_85346\" style=\"width: 160px\" class=\"wp-caption aligncenter\"><a href=\"https:\/\/www.kaminakeskus.ee\/wp-content\/uploads\/2026\/01\/pelletkamin-evacalor-silence-plus-9-150x150.jpg\"><img decoding=\"async\" aria-describedby=\"caption-attachment-85346\" class=\"wp-image-85346 size-thumbnail\" title=\"Pelletikamin Evacalor Silence Plus 9\" src=\"https:\/\/www.kaminakeskus.ee\/wp-content\/uploads\/2026\/01\/pelletkamin-evacalor-silence-plus-9-150x150.jpg\" alt=\"Pelletikamin Evacalor Silence Plus 9\" width=\"150\" height=\"150\" srcset=\"https:\/\/www.kaminakeskus.ee\/wp-content\/uploads\/2026\/01\/pelletkamin-evacalor-silence-plus-9-66x66.jpg 66w, https:\/\/www.kaminakeskus.ee\/wp-content\/uploads\/2026\/01\/pelletkamin-evacalor-silence-plus-9-150x150.jpg 150w, https:\/\/www.kaminakeskus.ee\/wp-content\/uploads\/2026\/01\/pelletkamin-evacalor-silence-plus-9-200x200.jpg 200w, https:\/\/www.kaminakeskus.ee\/wp-content\/uploads\/2026\/01\/pelletkamin-evacalor-silence-plus-9-300x300.jpg 300w, https:\/\/www.kaminakeskus.ee\/wp-content\/uploads\/2026\/01\/pelletkamin-evacalor-silence-plus-9-400x400.jpg 400w, https:\/\/www.kaminakeskus.ee\/wp-content\/uploads\/2026\/01\/pelletkamin-evacalor-silence-plus-9-600x600.jpg 600w, https:\/\/www.kaminakeskus.ee\/wp-content\/uploads\/2026\/01\/pelletkamin-evacalor-silence-plus-9-768x768.jpg 768w, https:\/\/www.kaminakeskus.ee\/wp-content\/uploads\/2026\/01\/pelletkamin-evacalor-silence-plus-9.jpg 800w\" sizes=\"(max-width: 150px) 100vw, 150px\" \/><\/a><p id=\"caption-attachment-85346\" class=\"wp-caption-text\"><strong>Pelletikamin Evacalor Silence Plus 9<\/strong><\/p><\/div>\n<p style=\"text-align: center;\">V\u00f5imsus: 3,5 \u2013 9,6 kW<br \/>\nK\u00f5rgus: 1165 mm<br \/>\nLaius: 510 mm<br \/>\nS\u00fcgavus: 588 mm<br \/>\nPelleti maht: 15 kg<br \/>\nKulu:0,7- 2 kg\/h<br \/>\nKaal: 180 kg<br \/>\nV\u00e4rv: Must<br \/>\n<a href=\"https:\/\/www.evacalor.com\/index.php?id=332&amp;lang_id=eng\">Tehnilised andmed<\/a><br \/>\n<strong>Hind: 2954 EUR<\/strong><\/p>\n<\/div><\/div><\/div><div class=\"fusion-clearfix\"><\/div><\/div>\n<\/article>\n<article id=\"blog-1-post-86167\" class=\"fusion-post-grid post-86167 post type-post status-publish format-standard hentry category-pelletikaminad-evacalor-fi category-pellettitakat-fi\">\n<div class=\"fusion-post-wrapper\" style=\"background-color:rgba(255,255,255,1);border:1px solid #a82c23;border-bottom-width:3px;\">\n\n<div class=\"fusion-post-content-wrapper\" style=\"padding:30px 25px 25px 25px;\"><div class=\"fusion-post-content post-content\"><h2 class=\"blog-shortcode-post-title entry-title\"><a href=\"https:\/\/www.kaminakeskus.ee\/fi\/pelletikamin-evacalor-ivan\/\">Pelletikamin EvaCalor Ivan<\/a><\/h2><div class=\"fusion-post-content-container\"><p>&nbsp;<\/p>\n<div id=\"attachment_82438\" style=\"width: 160px\" class=\"wp-caption aligncenter\"><a href=\"https:\/\/www.kaminakeskus.ee\/wp-content\/uploads\/2025\/03\/pelletikamin-evacalor-ivan-150x150.jpg\"><img decoding=\"async\" aria-describedby=\"caption-attachment-82438\" class=\"size-thumbnail wp-image-82438\" src=\"https:\/\/www.kaminakeskus.ee\/wp-content\/uploads\/2025\/03\/pelletikamin-evacalor-ivan-150x150.jpg\" alt=\"\" width=\"150\" height=\"150\" srcset=\"https:\/\/www.kaminakeskus.ee\/wp-content\/uploads\/2025\/03\/pelletikamin-evacalor-ivan-66x66.jpg 66w, https:\/\/www.kaminakeskus.ee\/wp-content\/uploads\/2025\/03\/pelletikamin-evacalor-ivan-150x150.jpg 150w, https:\/\/www.kaminakeskus.ee\/wp-content\/uploads\/2025\/03\/pelletikamin-evacalor-ivan-200x200.jpg 200w, https:\/\/www.kaminakeskus.ee\/wp-content\/uploads\/2025\/03\/pelletikamin-evacalor-ivan-300x300.jpg 300w, https:\/\/www.kaminakeskus.ee\/wp-content\/uploads\/2025\/03\/pelletikamin-evacalor-ivan-400x400.jpg 400w, https:\/\/www.kaminakeskus.ee\/wp-content\/uploads\/2025\/03\/pelletikamin-evacalor-ivan-600x600.jpg 600w, https:\/\/www.kaminakeskus.ee\/wp-content\/uploads\/2025\/03\/pelletikamin-evacalor-ivan-768x768.jpg 768w, https:\/\/www.kaminakeskus.ee\/wp-content\/uploads\/2025\/03\/pelletikamin-evacalor-ivan.jpg 800w\" sizes=\"(max-width: 150px) 100vw, 150px\" \/><\/a><p id=\"caption-attachment-82438\" class=\"wp-caption-text\"><strong>Pelletikamin EvaCalor Ivan<\/strong><\/p><\/div>\n<p style=\"text-align: center;\">V\u00f5imsus: 4-15,4kW<br \/>\nK\u00f5rgus: 1303mm<br \/>\nLaius: 500mm<br \/>\nS\u00fcgavus: 568mm<br \/>\nPelleti maht: 36kg<br \/>\nKulu:0,9- 3,4kg\/h<br \/>\nKaal: 126kg<br \/>\n<a href=\"https:\/\/www.evacalor.com\/index.php?id=357&amp;lang_id=eng\">V\u00e4rv: Must<\/a><br \/>\n<strong>Hind: 2954 EUR<br \/>\n<\/strong><\/p>\n<\/div><\/div><\/div><div class=\"fusion-clearfix\"><\/div><\/div>\n<\/article>\n<article id=\"blog-1-post-86172\" class=\"fusion-post-grid post-86172 post type-post status-publish format-standard hentry category-pelletikaminad-evacalor-fi category-pellettitakat-fi\">\n<div class=\"fusion-post-wrapper\" style=\"background-color:rgba(255,255,255,1);border:1px solid #a82c23;border-bottom-width:3px;\">\n\n<div class=\"fusion-post-content-wrapper\" style=\"padding:30px 25px 25px 25px;\"><div class=\"fusion-post-content post-content\"><h2 class=\"blog-shortcode-post-title entry-title\"><a href=\"https:\/\/www.kaminakeskus.ee\/fi\/pelletikamin-evacalor-vanessa\/\">Pelletikamin EvaCalor Vanessa<\/a><\/h2><div class=\"fusion-post-content-container\"><div id=\"attachment_82430\" style=\"width: 160px\" class=\"wp-caption aligncenter\"><a href=\"https:\/\/www.kaminakeskus.ee\/wp-content\/uploads\/2025\/03\/pelletikamin-evacalor-vanessa-150x150.jpg\"><img decoding=\"async\" aria-describedby=\"caption-attachment-82430\" class=\"size-thumbnail wp-image-82430\" src=\"https:\/\/www.kaminakeskus.ee\/wp-content\/uploads\/2025\/03\/pelletikamin-evacalor-vanessa-150x150.jpg\" alt=\"\" width=\"150\" height=\"150\" srcset=\"https:\/\/www.kaminakeskus.ee\/wp-content\/uploads\/2025\/03\/pelletikamin-evacalor-vanessa-66x66.jpg 66w, https:\/\/www.kaminakeskus.ee\/wp-content\/uploads\/2025\/03\/pelletikamin-evacalor-vanessa-150x150.jpg 150w, https:\/\/www.kaminakeskus.ee\/wp-content\/uploads\/2025\/03\/pelletikamin-evacalor-vanessa-200x200.jpg 200w, https:\/\/www.kaminakeskus.ee\/wp-content\/uploads\/2025\/03\/pelletikamin-evacalor-vanessa-300x300.jpg 300w, https:\/\/www.kaminakeskus.ee\/wp-content\/uploads\/2025\/03\/pelletikamin-evacalor-vanessa-400x400.jpg 400w, https:\/\/www.kaminakeskus.ee\/wp-content\/uploads\/2025\/03\/pelletikamin-evacalor-vanessa-600x600.jpg 600w, https:\/\/www.kaminakeskus.ee\/wp-content\/uploads\/2025\/03\/pelletikamin-evacalor-vanessa-768x768.jpg 768w, https:\/\/www.kaminakeskus.ee\/wp-content\/uploads\/2025\/03\/pelletikamin-evacalor-vanessa.jpg 800w\" sizes=\"(max-width: 150px) 100vw, 150px\" \/><\/a><p id=\"caption-attachment-82430\" class=\"wp-caption-text\"><strong>Pelletikamin EvaCalor Vanessa<\/strong><\/p><\/div>\n<p style=\"text-align: center;\">V\u00f5imsus: 2,5-9,5 kW<br \/>\nK\u00f5rgus: 1043mm<br \/>\nLaius: 657mm<br \/>\nS\u00fcgavus: 357mm<br \/>\nPelleti maht: 15kg<br \/>\nKulu:0,6-2kg\/h<br \/>\nKaal: 80kg<br \/>\n<a href=\"https:\/\/www.evacalor.com\/index.php?id=354&amp;lang_id=eng\">V\u00e4rv: Beez; punane; must<\/a><br \/>\n<strong>Hind: 1979 EUR<br \/>\n\u00d5hukanaliga: 2098 EUR<\/strong><\/p>\n<\/div><\/div><\/div><div class=\"fusion-clearfix\"><\/div><\/div>\n<\/article>\n<article id=\"blog-1-post-82421\" class=\"fusion-post-grid post-82421 post type-post status-publish format-standard hentry category-pelletikaminad category-pelletikaminad-evacalor\">\n<div class=\"fusion-post-wrapper\" style=\"background-color:rgba(255,255,255,1);border:1px solid #a82c23;border-bottom-width:3px;\">\n\n<div class=\"fusion-post-content-wrapper\" style=\"padding:30px 25px 25px 25px;\"><div class=\"fusion-post-content post-content\"><h2 class=\"blog-shortcode-post-title entry-title\"><a href=\"https:\/\/www.kaminakeskus.ee\/fi\/pelletikamin-evacalor-vale\/\">Pelletikamin EvaCalor Vale<\/a><\/h2><div class=\"fusion-post-content-container\"><div id=\"attachment_82422\" style=\"width: 160px\" class=\"wp-caption aligncenter\"><a href=\"https:\/\/www.kaminakeskus.ee\/wp-content\/uploads\/2025\/03\/pelletikamin-evacalor-vale.jpg\"><img decoding=\"async\" aria-describedby=\"caption-attachment-82422\" class=\"wp-image-82422 size-thumbnail\" title=\"Pelletikamin EvaCalor Vale\" src=\"https:\/\/www.kaminakeskus.ee\/wp-content\/uploads\/2025\/03\/pelletikamin-evacalor-vale-150x150.jpg\" alt=\"Pelletikamin EvaCalor Vale\" width=\"150\" height=\"150\" srcset=\"https:\/\/www.kaminakeskus.ee\/wp-content\/uploads\/2025\/03\/pelletikamin-evacalor-vale-66x66.jpg 66w, https:\/\/www.kaminakeskus.ee\/wp-content\/uploads\/2025\/03\/pelletikamin-evacalor-vale-150x150.jpg 150w, https:\/\/www.kaminakeskus.ee\/wp-content\/uploads\/2025\/03\/pelletikamin-evacalor-vale-200x200.jpg 200w, https:\/\/www.kaminakeskus.ee\/wp-content\/uploads\/2025\/03\/pelletikamin-evacalor-vale-300x300.jpg 300w, https:\/\/www.kaminakeskus.ee\/wp-content\/uploads\/2025\/03\/pelletikamin-evacalor-vale-400x400.jpg 400w, https:\/\/www.kaminakeskus.ee\/wp-content\/uploads\/2025\/03\/pelletikamin-evacalor-vale-600x600.jpg 600w, https:\/\/www.kaminakeskus.ee\/wp-content\/uploads\/2025\/03\/pelletikamin-evacalor-vale-768x768.jpg 768w, https:\/\/www.kaminakeskus.ee\/wp-content\/uploads\/2025\/03\/pelletikamin-evacalor-vale.jpg 800w\" sizes=\"(max-width: 150px) 100vw, 150px\" \/><\/a><p id=\"caption-attachment-82422\" class=\"wp-caption-text\"><strong>Pelletikamin EvaCalor Vale<\/strong><\/p><\/div>\n<p style=\"text-align: center;\">V\u00f5imsus: 3,1-8kW<br \/>\nK\u00f5rgus: 795mm<br \/>\nLaius: 666mm<br \/>\nS\u00fcgavus: 317mm<br \/>\nPelleti maht: 7,5kg<br \/>\nKulu:0,7- 1,6kg\/h<br \/>\nKaal: 50kg<br \/>\n<a href=\"https:\/\/www.evacalor.com\/index.php?id=356&amp;lang_id=eng\">V\u00e4rv:Valge; punane; must<\/a><strong><br \/>\nHind: 1259 EUR<\/strong><\/p>\n<\/div><\/div><\/div><div class=\"fusion-clearfix\"><\/div><\/div>\n<\/article>\n<article id=\"blog-1-post-82364\" class=\"fusion-post-grid post-82364 post type-post status-publish format-standard hentry category-pelletikaminad category-pelletikaminad-evacalor\">\n<div class=\"fusion-post-wrapper\" style=\"background-color:rgba(255,255,255,1);border:1px solid #a82c23;border-bottom-width:3px;\">\n\n<div class=\"fusion-post-content-wrapper\" style=\"padding:30px 25px 25px 25px;\"><div class=\"fusion-post-content post-content\"><h2 class=\"blog-shortcode-post-title entry-title\"><a href=\"https:\/\/www.kaminakeskus.ee\/fi\/pelletikamin-evacalor-duna\/\">Pelletikamin EvaCalor Duna<\/a><\/h2><div class=\"fusion-post-content-container\"><p>&nbsp;<\/p>\n<div id=\"attachment_82365\" style=\"width: 160px\" class=\"wp-caption aligncenter\"><a href=\"https:\/\/www.kaminakeskus.ee\/wp-content\/uploads\/2025\/03\/pelletikamin-evacalor-duna.jpg\"><img decoding=\"async\" aria-describedby=\"caption-attachment-82365\" class=\"size-thumbnail wp-image-82365\" src=\"https:\/\/www.kaminakeskus.ee\/wp-content\/uploads\/2025\/03\/pelletikamin-evacalor-duna-150x150.jpg\" alt=\"\" width=\"150\" height=\"150\" srcset=\"https:\/\/www.kaminakeskus.ee\/wp-content\/uploads\/2025\/03\/pelletikamin-evacalor-duna-66x66.jpg 66w, https:\/\/www.kaminakeskus.ee\/wp-content\/uploads\/2025\/03\/pelletikamin-evacalor-duna-150x150.jpg 150w, https:\/\/www.kaminakeskus.ee\/wp-content\/uploads\/2025\/03\/pelletikamin-evacalor-duna-200x200.jpg 200w, https:\/\/www.kaminakeskus.ee\/wp-content\/uploads\/2025\/03\/pelletikamin-evacalor-duna-300x300.jpg 300w, https:\/\/www.kaminakeskus.ee\/wp-content\/uploads\/2025\/03\/pelletikamin-evacalor-duna-400x400.jpg 400w, https:\/\/www.kaminakeskus.ee\/wp-content\/uploads\/2025\/03\/pelletikamin-evacalor-duna-600x600.jpg 600w, https:\/\/www.kaminakeskus.ee\/wp-content\/uploads\/2025\/03\/pelletikamin-evacalor-duna-768x768.jpg 768w, https:\/\/www.kaminakeskus.ee\/wp-content\/uploads\/2025\/03\/pelletikamin-evacalor-duna.jpg 800w\" sizes=\"(max-width: 150px) 100vw, 150px\" \/><\/a><p id=\"caption-attachment-82365\" class=\"wp-caption-text\">Pelletikamin Evacalor Duna<\/p><\/div>\n<p style=\"text-align: center;\"><a href=\"https:\/\/www.evacalor.com\/index.php?id=119&amp;lang_id=eng\"><strong>Pelletikamin Duna<\/strong><\/a><br \/>\nV\u00f5imsus: 7,5 &#8211; 19,5 kW<br \/>\nK\u00f5rgus: 1343 mm<br \/>\nLaius: 1039 mm<br \/>\nS\u00fcgavus: 452 mm<br \/>\n<strong>Pelleti maht: 40kg<\/strong><br \/>\nKulu: 1,8 &#8211; 4,6 kg\/h<br \/>\nKaal: 222 kg<br \/>\nV\u00e4rv: Must<br \/>\n<strong>Hind: 4149 EUR<\/strong><\/p>\n<\/div><\/div><\/div><div class=\"fusion-clearfix\"><\/div><\/div>\n<\/article>\n<article id=\"blog-1-post-80446\" class=\"fusion-post-grid post-80446 post type-post status-publish format-standard hentry category-pelletikaminad-evacalor-fi category-pellettitakat-fi\">\n<div class=\"fusion-post-wrapper\" style=\"background-color:rgba(255,255,255,1);border:1px solid #a82c23;border-bottom-width:3px;\">\n\n<div class=\"fusion-post-content-wrapper\" style=\"padding:30px 25px 25px 25px;\"><div class=\"fusion-post-content post-content\"><h2 class=\"blog-shortcode-post-title entry-title\"><a href=\"https:\/\/www.kaminakeskus.ee\/fi\/pelletkamin-evacalor-rosa\/\">Pelletikamin EvaCalor Rosa<\/a><\/h2><div class=\"fusion-post-content-container\"><div id=\"attachment_80441\" style=\"width: 160px\" class=\"wp-caption aligncenter\"><a href=\"https:\/\/www.kaminakeskus.ee\/wp-content\/uploads\/2024\/12\/pelletkamin-evacalor-rosa-150x150.jpg\"><img decoding=\"async\" aria-describedby=\"caption-attachment-80441\" class=\"wp-image-80441 size-thumbnail\" src=\"https:\/\/www.kaminakeskus.ee\/wp-content\/uploads\/2024\/12\/pelletkamin-evacalor-rosa-150x150.jpg\" alt=\"Pelletkamin EvaCalor Rosa\" width=\"150\" height=\"150\" srcset=\"https:\/\/www.kaminakeskus.ee\/wp-content\/uploads\/2024\/12\/pelletkamin-evacalor-rosa-66x66.jpg 66w, https:\/\/www.kaminakeskus.ee\/wp-content\/uploads\/2024\/12\/pelletkamin-evacalor-rosa-150x150.jpg 150w, https:\/\/www.kaminakeskus.ee\/wp-content\/uploads\/2024\/12\/pelletkamin-evacalor-rosa-200x200.jpg 200w, https:\/\/www.kaminakeskus.ee\/wp-content\/uploads\/2024\/12\/pelletkamin-evacalor-rosa-300x300.jpg 300w, https:\/\/www.kaminakeskus.ee\/wp-content\/uploads\/2024\/12\/pelletkamin-evacalor-rosa-400x400.jpg 400w, https:\/\/www.kaminakeskus.ee\/wp-content\/uploads\/2024\/12\/pelletkamin-evacalor-rosa-600x600.jpg 600w, https:\/\/www.kaminakeskus.ee\/wp-content\/uploads\/2024\/12\/pelletkamin-evacalor-rosa-768x768.jpg 768w, https:\/\/www.kaminakeskus.ee\/wp-content\/uploads\/2024\/12\/pelletkamin-evacalor-rosa.jpg 800w\" sizes=\"(max-width: 150px) 100vw, 150px\" \/><\/a><p id=\"caption-attachment-80441\" class=\"wp-caption-text\"><a href=\"https:\/\/www.evacalor.com\/index.php?id=348&amp;lang_id=eng\"><strong>Pelletikamin EvaCalor Rosa<\/strong><\/a><\/p><\/div>\n<p style=\"text-align: center;\">V\u00f5imsus:3-11 kW<br \/>\nK\u00f5rgus: 1026 mm<br \/>\nLaius: 480 mm<br \/>\nS\u00fcgavus: 496 mm<br \/>\nPelleti maht: 15kg<br \/>\nKulu:0,7-2,4kg\/h<br \/>\nKaal: 95kg<br \/>\nV\u00e4rv:Valge;must;punane<br \/>\n<strong>Hind: 2029 EUR<br \/>\n\u00d5hukanaliga: 2219 EUR<\/strong><\/p>\n<\/div><\/div><\/div><div class=\"fusion-clearfix\"><\/div><\/div>\n<\/article>\n<article id=\"blog-1-post-80437\" class=\"fusion-post-grid post-80437 post type-post status-publish format-standard hentry category-pelletikaminad-evacalor-fi category-pellettitakat-fi\">\n<div class=\"fusion-post-wrapper\" style=\"background-color:rgba(255,255,255,1);border:1px solid #a82c23;border-bottom-width:3px;\">\n\n<div class=\"fusion-post-content-wrapper\" style=\"padding:30px 25px 25px 25px;\"><div class=\"fusion-post-content post-content\"><h2 class=\"blog-shortcode-post-title entry-title\"><a href=\"https:\/\/www.kaminakeskus.ee\/fi\/pelletikamin-evacalor-viola\/\">Pelletikamin EvaCalor Viola<\/a><\/h2><div class=\"fusion-post-content-container\"><div id=\"attachment_80432\" style=\"width: 160px\" class=\"wp-caption aligncenter\"><a href=\"https:\/\/www.kaminakeskus.ee\/wp-content\/uploads\/2024\/12\/pelletkamin-evacalor-viola-150x150.jpg\"><img decoding=\"async\" aria-describedby=\"caption-attachment-80432\" class=\"wp-image-80432 size-thumbnail\" src=\"https:\/\/www.kaminakeskus.ee\/wp-content\/uploads\/2024\/12\/pelletkamin-evacalor-viola-150x150.jpg\" alt=\"Pelletikamin EvaCalor Viola\" width=\"150\" height=\"150\" srcset=\"https:\/\/www.kaminakeskus.ee\/wp-content\/uploads\/2024\/12\/pelletkamin-evacalor-viola-66x66.jpg 66w, https:\/\/www.kaminakeskus.ee\/wp-content\/uploads\/2024\/12\/pelletkamin-evacalor-viola-150x150.jpg 150w, https:\/\/www.kaminakeskus.ee\/wp-content\/uploads\/2024\/12\/pelletkamin-evacalor-viola-200x200.jpg 200w, https:\/\/www.kaminakeskus.ee\/wp-content\/uploads\/2024\/12\/pelletkamin-evacalor-viola-300x300.jpg 300w, https:\/\/www.kaminakeskus.ee\/wp-content\/uploads\/2024\/12\/pelletkamin-evacalor-viola-400x400.jpg 400w, https:\/\/www.kaminakeskus.ee\/wp-content\/uploads\/2024\/12\/pelletkamin-evacalor-viola-600x600.jpg 600w, https:\/\/www.kaminakeskus.ee\/wp-content\/uploads\/2024\/12\/pelletkamin-evacalor-viola-768x768.jpg 768w, https:\/\/www.kaminakeskus.ee\/wp-content\/uploads\/2024\/12\/pelletkamin-evacalor-viola.jpg 800w\" sizes=\"(max-width: 150px) 100vw, 150px\" \/><\/a><p id=\"caption-attachment-80432\" class=\"wp-caption-text\"><strong>Pelletikamin EvaCalor Viola<\/strong><\/p><\/div>\n<p style=\"text-align: center;\">Hermeetiline ja sooja\u00f5hukanaliga<br \/>\nV\u00f5imsus:3-11 kW<br \/>\nK\u00f5rgus: 1050 mm<br \/>\nLaius: 822 mm<br \/>\nS\u00fcgavus: 351 mm<br \/>\nPelleti maht: 15kg<br \/>\nKulu:0,7-2,4kg\/h<br \/>\nKaal: 95kg<br \/>\nV\u00e4rv:Valge;must;punane<br \/>\n<strong>Hind: 2445 EUR<\/strong><\/p>\n<\/div><\/div><\/div><div class=\"fusion-clearfix\"><\/div><\/div>\n<\/article>\n<article id=\"blog-1-post-80428\" class=\"fusion-post-grid post-80428 post type-post status-publish format-standard hentry category-pelletikaminad-evacalor-fi category-pellettitakat-fi\">\n<div class=\"fusion-post-wrapper\" style=\"background-color:rgba(255,255,255,1);border:1px solid #a82c23;border-bottom-width:3px;\">\n\n<div class=\"fusion-post-content-wrapper\" style=\"padding:30px 25px 25px 25px;\"><div class=\"fusion-post-content post-content\"><h2 class=\"blog-shortcode-post-title entry-title\"><a href=\"https:\/\/www.kaminakeskus.ee\/fi\/pelletikamin-evacalor-denise\/\">Pelletikamin EvaCalor Denise<\/a><\/h2><div class=\"fusion-post-content-container\"><div id=\"attachment_80423\" style=\"width: 160px\" class=\"wp-caption aligncenter\"><a href=\"https:\/\/www.kaminakeskus.ee\/wp-content\/uploads\/2024\/12\/pelletkamin-evacalor-denise-150x150.jpg\"><img decoding=\"async\" aria-describedby=\"caption-attachment-80423\" class=\"wp-image-80423 size-thumbnail\" src=\"https:\/\/www.kaminakeskus.ee\/wp-content\/uploads\/2024\/12\/pelletkamin-evacalor-denise-150x150.jpg\" alt=\"Pelletikamin Denise\" width=\"150\" height=\"150\" srcset=\"https:\/\/www.kaminakeskus.ee\/wp-content\/uploads\/2024\/12\/pelletkamin-evacalor-denise-66x66.jpg 66w, https:\/\/www.kaminakeskus.ee\/wp-content\/uploads\/2024\/12\/pelletkamin-evacalor-denise-150x150.jpg 150w, https:\/\/www.kaminakeskus.ee\/wp-content\/uploads\/2024\/12\/pelletkamin-evacalor-denise-200x200.jpg 200w, https:\/\/www.kaminakeskus.ee\/wp-content\/uploads\/2024\/12\/pelletkamin-evacalor-denise-300x300.jpg 300w, https:\/\/www.kaminakeskus.ee\/wp-content\/uploads\/2024\/12\/pelletkamin-evacalor-denise-400x400.jpg 400w, https:\/\/www.kaminakeskus.ee\/wp-content\/uploads\/2024\/12\/pelletkamin-evacalor-denise-600x600.jpg 600w, https:\/\/www.kaminakeskus.ee\/wp-content\/uploads\/2024\/12\/pelletkamin-evacalor-denise-768x768.jpg 768w, https:\/\/www.kaminakeskus.ee\/wp-content\/uploads\/2024\/12\/pelletkamin-evacalor-denise.jpg 800w\" sizes=\"(max-width: 150px) 100vw, 150px\" \/><\/a><p id=\"caption-attachment-80423\" class=\"wp-caption-text\"><a href=\"https:\/\/www.evacalor.com\/index.php?id=349&amp;lang_id=eng\"><strong>Pelletikamin Denise<\/strong><\/a><\/p><\/div>\n<p style=\"text-align: center;\">Hermeetiline ja sooja\u00f5hukanaliga<br \/>\nV\u00f5imsus:3-11 kW<br \/>\nK\u00f5rgus: 1050 mm<br \/>\nLaius: 822 mm<br \/>\nS\u00fcgavus: 351 mm<br \/>\nPelleti maht: 15kg<br \/>\nKulu:0,7-2,4kg\/h<br \/>\nKaal: 95kg<br \/>\nV\u00e4rv:Valge;must;punane<br \/>\n<strong>Hind: 2480 EUR<\/strong><\/p>\n<\/div><\/div><\/div><div class=\"fusion-clearfix\"><\/div><\/div>\n<\/article>\n<article id=\"blog-1-post-80414\" class=\"fusion-post-grid post-80414 post type-post status-publish format-standard hentry category-pelletikaminad-evacalor-fi category-pellettitakat-fi\">\n<div class=\"fusion-post-wrapper\" style=\"background-color:rgba(255,255,255,1);border:1px solid #a82c23;border-bottom-width:3px;\">\n\n<div class=\"fusion-post-content-wrapper\" style=\"padding:30px 25px 25px 25px;\"><div class=\"fusion-post-content post-content\"><h2 class=\"blog-shortcode-post-title entry-title\"><a href=\"https:\/\/www.kaminakeskus.ee\/fi\/pelletikamin-evacalor-rachele\/\">Pelletikamin EvaCalor Rachele<\/a><\/h2><div class=\"fusion-post-content-container\"><div id=\"attachment_80394\" style=\"width: 160px\" class=\"wp-caption aligncenter\"><a href=\"https:\/\/www.kaminakeskus.ee\/wp-content\/uploads\/2024\/12\/pelletkamin-evacalor-rachele-150x150.jpg\"><img decoding=\"async\" aria-describedby=\"caption-attachment-80394\" class=\"wp-image-80394 size-thumbnail\" src=\"https:\/\/www.kaminakeskus.ee\/wp-content\/uploads\/2024\/12\/pelletkamin-evacalor-rachele-150x150.jpg\" alt=\"Pelletikamin Rachele\" width=\"150\" height=\"150\" srcset=\"https:\/\/www.kaminakeskus.ee\/wp-content\/uploads\/2024\/12\/pelletkamin-evacalor-rachele-66x66.jpg 66w, https:\/\/www.kaminakeskus.ee\/wp-content\/uploads\/2024\/12\/pelletkamin-evacalor-rachele-150x150.jpg 150w, https:\/\/www.kaminakeskus.ee\/wp-content\/uploads\/2024\/12\/pelletkamin-evacalor-rachele-200x200.jpg 200w, https:\/\/www.kaminakeskus.ee\/wp-content\/uploads\/2024\/12\/pelletkamin-evacalor-rachele-300x300.jpg 300w, https:\/\/www.kaminakeskus.ee\/wp-content\/uploads\/2024\/12\/pelletkamin-evacalor-rachele-400x400.jpg 400w, https:\/\/www.kaminakeskus.ee\/wp-content\/uploads\/2024\/12\/pelletkamin-evacalor-rachele-600x600.jpg 600w, https:\/\/www.kaminakeskus.ee\/wp-content\/uploads\/2024\/12\/pelletkamin-evacalor-rachele-768x768.jpg 768w, https:\/\/www.kaminakeskus.ee\/wp-content\/uploads\/2024\/12\/pelletkamin-evacalor-rachele.jpg 800w\" sizes=\"(max-width: 150px) 100vw, 150px\" \/><\/a><p id=\"caption-attachment-80394\" class=\"wp-caption-text\"><a href=\"https:\/\/www.evacalor.com\/index.php?id=264&amp;lang_id=eng\"><strong>Pelletikamin Rachele<\/strong><\/a><\/p><\/div>\n<p style=\"text-align: center;\">Hermeetiline ja sooja\u00f5hukanaliga<br \/>\nV\u00f5imsus:3-11 kW<br \/>\nK\u00f5rgus: 1050 mm<br \/>\nLaius: 822 mm<br \/>\nS\u00fcgavus: 351 mm<br \/>\nPelleti maht: 15kg<br \/>\nKulu:0,7-2,4kg\/h<br \/>\nKaal: 95kg<br \/>\nV\u00e4rv:Kivikattega<br \/>\n<strong>Hind: 2553 EUR<\/strong><\/p>\n<\/div><\/div><\/div><div class=\"fusion-clearfix\"><\/div><\/div>\n<\/article>\n<article id=\"blog-1-post-79511\" class=\"fusion-post-grid post-79511 post type-post status-publish format-standard hentry category-pelletikaminad-evacalor-fi category-pellettitakat-fi\">\n<div class=\"fusion-post-wrapper\" style=\"background-color:rgba(255,255,255,1);border:1px solid #a82c23;border-bottom-width:3px;\">\n\n<div class=\"fusion-post-content-wrapper\" style=\"padding:30px 25px 25px 25px;\"><div class=\"fusion-post-content post-content\"><h2 class=\"blog-shortcode-post-title entry-title\"><a href=\"https:\/\/www.kaminakeskus.ee\/fi\/pelletikamin-evacalor-rita-plus\/\">Pelletikamin Evacalor Rita Plus<\/a><\/h2><div class=\"fusion-post-content-container\"><p><a href=\"https:\/\/www.kaminakeskus.ee\/wp-content\/uploads\/2024\/10\/pelletkamin-evacalor-rita-plus-150x150.jpg\"><img decoding=\"async\" class=\"aligncenter wp-image-79505\" src=\"https:\/\/www.kaminakeskus.ee\/wp-content\/uploads\/2024\/10\/pelletkamin-evacalor-rita-plus-150x150.jpg\" alt=\"Pelletikamin Rita Plus\" width=\"176\" height=\"176\" srcset=\"https:\/\/www.kaminakeskus.ee\/wp-content\/uploads\/2024\/10\/pelletkamin-evacalor-rita-plus-66x66.jpg 66w, https:\/\/www.kaminakeskus.ee\/wp-content\/uploads\/2024\/10\/pelletkamin-evacalor-rita-plus-150x150.jpg 150w, https:\/\/www.kaminakeskus.ee\/wp-content\/uploads\/2024\/10\/pelletkamin-evacalor-rita-plus-200x200.jpg 200w, https:\/\/www.kaminakeskus.ee\/wp-content\/uploads\/2024\/10\/pelletkamin-evacalor-rita-plus-300x300.jpg 300w, https:\/\/www.kaminakeskus.ee\/wp-content\/uploads\/2024\/10\/pelletkamin-evacalor-rita-plus-400x400.jpg 400w, https:\/\/www.kaminakeskus.ee\/wp-content\/uploads\/2024\/10\/pelletkamin-evacalor-rita-plus-600x600.jpg 600w, https:\/\/www.kaminakeskus.ee\/wp-content\/uploads\/2024\/10\/pelletkamin-evacalor-rita-plus-768x768.jpg 768w, https:\/\/www.kaminakeskus.ee\/wp-content\/uploads\/2024\/10\/pelletkamin-evacalor-rita-plus.jpg 800w\" sizes=\"(max-width: 176px) 100vw, 176px\" \/><\/a><\/p>\n<p style=\"text-align: center;\"><a href=\"https:\/\/www.evacalor.com\/index.php?id=347&amp;lang_id=eng\"><strong>Pelletikamin Rita Plus<\/strong><\/a><br \/>\nVahetatava esipaneeliga<br \/>\nV\u00f5imsus: 2,8-9,5 kW<br \/>\nK\u00f5rgus: 912 mm<br \/>\nLaius: 434 mm<br \/>\nS\u00fcgavus: 506 mm<br \/>\nPelleti maht: 13,5kg<br \/>\nKulu:0,6-2kg\/h<br \/>\nKaal: 60kg<br \/>\nV\u00e4rv:Must; punane; valge<br \/>\n<strong>Hind: 1384 EUR<\/strong><\/p>\n<\/div><\/div><\/div><div class=\"fusion-clearfix\"><\/div><\/div>\n<\/article>\n<article id=\"blog-1-post-67372\" class=\"fusion-post-grid post-67372 post type-post status-publish format-standard hentry category-pelletikaminad-evacalor-fi category-pellettitakat-fi\">\n<div class=\"fusion-post-wrapper\" style=\"background-color:rgba(255,255,255,1);border:1px solid #a82c23;border-bottom-width:3px;\">\n\n<div class=\"fusion-post-content-wrapper\" style=\"padding:30px 25px 25px 25px;\"><div class=\"fusion-post-content post-content\"><h2 class=\"blog-shortcode-post-title entry-title\"><a href=\"https:\/\/www.kaminakeskus.ee\/fi\/pelletkamin-evacalor-karina\/\">Pellettiuuni Evacalor Karina<\/a><\/h2><div class=\"fusion-post-content-container\"><div id=\"attachment_67368\" style=\"width: 160px\" class=\"wp-caption aligncenter\"><a href=\"https:\/\/www.kaminakeskus.ee\/wp-content\/uploads\/2023\/04\/pelletkamin_ecacalor_karina-150x150.jpg\"><img decoding=\"async\" aria-describedby=\"caption-attachment-67368\" class=\"size-thumbnail wp-image-67367\" src=\"https:\/\/www.kaminakeskus.ee\/wp-content\/uploads\/2023\/04\/pelletkamin_ecacalor_karina-150x150.jpg\" alt=\"\" width=\"150\" height=\"150\" srcset=\"https:\/\/www.kaminakeskus.ee\/wp-content\/uploads\/2023\/04\/pelletkamin_ecacalor_karina-66x66.jpg 66w, https:\/\/www.kaminakeskus.ee\/wp-content\/uploads\/2023\/04\/pelletkamin_ecacalor_karina-150x150.jpg 150w, https:\/\/www.kaminakeskus.ee\/wp-content\/uploads\/2023\/04\/pelletkamin_ecacalor_karina-200x200.jpg 200w, https:\/\/www.kaminakeskus.ee\/wp-content\/uploads\/2023\/04\/pelletkamin_ecacalor_karina-300x300.jpg 300w, https:\/\/www.kaminakeskus.ee\/wp-content\/uploads\/2023\/04\/pelletkamin_ecacalor_karina-400x400.jpg 400w, https:\/\/www.kaminakeskus.ee\/wp-content\/uploads\/2023\/04\/pelletkamin_ecacalor_karina-600x600.jpg 600w, https:\/\/www.kaminakeskus.ee\/wp-content\/uploads\/2023\/04\/pelletkamin_ecacalor_karina-768x768.jpg 768w, https:\/\/www.kaminakeskus.ee\/wp-content\/uploads\/2023\/04\/pelletkamin_ecacalor_karina.jpg 800w\" sizes=\"(max-width: 150px) 100vw, 150px\" \/><\/a><p id=\"caption-attachment-67368\" class=\"wp-caption-text\">Pellettiuuni Karina<\/p><\/div>\n<p style=\"text-align: center;\"><a href=\"https:\/\/www.evacalor.com\/index.php?id=262&amp;lang_id=eng\"><strong>Pellettiuuni Karina<\/strong><\/a><br \/>\n Teho: 2,8-9,5 kW<br \/>\n Korkeus: 1004 mm<br \/>\n Leveys: 446 mm<br \/>\n Syvyys: 517 mm<br \/>\n Pellettikapasiteetti: 25 kg<br \/>\n Kulutus: 0,6-2kg\/h<br \/>\n Paino: 65kg<br \/>\n V\u00e4ri: beige; punainen; musta<br \/>\n <strong><del>Hinta: 1705 euroa<\/del><br \/>\n <span style=\"color: #ff0000;\">Hinta: 1399 euroa<\/span><\/strong><\/p>\n<\/div><\/div><\/div><div class=\"fusion-clearfix\"><\/div><\/div>\n<\/article>\n<article id=\"blog-1-post-67254\" class=\"fusion-post-grid post-67254 post type-post status-publish format-standard hentry category-pelletikaminad-evacalor-fi category-pellettitakat-fi\">\n<div class=\"fusion-post-wrapper\" style=\"background-color:rgba(255,255,255,1);border:1px solid #a82c23;border-bottom-width:3px;\">\n\n<div class=\"fusion-post-content-wrapper\" style=\"padding:30px 25px 25px 25px;\"><div class=\"fusion-post-content post-content\"><h2 class=\"blog-shortcode-post-title entry-title\"><a href=\"https:\/\/www.kaminakeskus.ee\/fi\/pelletikamin-evacalor-evelyn\/\">Pelletikamin Evacalor Evelyn<\/a><\/h2><div class=\"fusion-post-content-container\"><div id=\"attachment_67249\" style=\"width: 160px\" class=\"wp-caption aligncenter\"><a href=\"https:\/\/www.kaminakeskus.ee\/wp-content\/uploads\/2023\/04\/pelletkamin_evacalor_evelyn-150x150.jpg\"><img decoding=\"async\" aria-describedby=\"caption-attachment-67249\" class=\"size-thumbnail wp-image-67249\" src=\"https:\/\/www.kaminakeskus.ee\/wp-content\/uploads\/2023\/04\/pelletkamin_evacalor_evelyn-150x150.jpg\" alt=\"\" width=\"150\" height=\"150\" srcset=\"https:\/\/www.kaminakeskus.ee\/wp-content\/uploads\/2023\/04\/pelletkamin_evacalor_evelyn-66x66.jpg 66w, https:\/\/www.kaminakeskus.ee\/wp-content\/uploads\/2023\/04\/pelletkamin_evacalor_evelyn-150x150.jpg 150w, https:\/\/www.kaminakeskus.ee\/wp-content\/uploads\/2023\/04\/pelletkamin_evacalor_evelyn-200x200.jpg 200w, https:\/\/www.kaminakeskus.ee\/wp-content\/uploads\/2023\/04\/pelletkamin_evacalor_evelyn-300x300.jpg 300w, https:\/\/www.kaminakeskus.ee\/wp-content\/uploads\/2023\/04\/pelletkamin_evacalor_evelyn-400x400.jpg 400w, https:\/\/www.kaminakeskus.ee\/wp-content\/uploads\/2023\/04\/pelletkamin_evacalor_evelyn-600x600.jpg 600w, https:\/\/www.kaminakeskus.ee\/wp-content\/uploads\/2023\/04\/pelletkamin_evacalor_evelyn-768x768.jpg 768w, https:\/\/www.kaminakeskus.ee\/wp-content\/uploads\/2023\/04\/pelletkamin_evacalor_evelyn.jpg 800w\" sizes=\"(max-width: 150px) 100vw, 150px\" \/><\/a><p id=\"caption-attachment-67249\" class=\"wp-caption-text\">Pelletikamin Evacalor Evelyn<\/p><\/div>\n<p style=\"text-align: center;\"><a href=\"https:\/\/www.evacalor.com\/index.php?id=261&amp;lang_id=eng\"><strong>Pelletikamin Evelyn<\/strong><\/a><br \/>\nLisa\u00f5hukanaliga<br \/>\nV\u00f5imsus:3,4-11 kW<br \/>\nK\u00f5rgus: 988 mm<br \/>\nLaius: 480 mm<br \/>\nS\u00fcgavus: 545 mm<br \/>\nPelleti maht: 15kg<br \/>\nKulu:0,7-2,4kg\/h<br \/>\nKaal: 106kg<br \/>\nV\u00e4rv:Punane; merevaik<br \/>\n<strong>Hind: 2726 EUR<\/strong><\/p>\n<\/div><\/div><\/div><div class=\"fusion-clearfix\"><\/div><\/div>\n<\/article>\n<article id=\"blog-1-post-67245\" class=\"fusion-post-grid post-67245 post type-post status-publish format-standard hentry category-pelletikaminad-evacalor-fi category-pellettitakat-fi\">\n<div class=\"fusion-post-wrapper\" style=\"background-color:rgba(255,255,255,1);border:1px solid #a82c23;border-bottom-width:3px;\">\n\n<div class=\"fusion-post-content-wrapper\" style=\"padding:30px 25px 25px 25px;\"><div class=\"fusion-post-content post-content\"><h2 class=\"blog-shortcode-post-title entry-title\"><a href=\"https:\/\/www.kaminakeskus.ee\/fi\/pelletikamin-evacalor-manola\/\">Pelletikamin Evacalor Manola<\/a><\/h2><div class=\"fusion-post-content-container\"><div id=\"attachment_67240\" style=\"width: 160px\" class=\"wp-caption aligncenter\"><a href=\"https:\/\/www.kaminakeskus.ee\/wp-content\/uploads\/2023\/04\/pelletkamin_evacalor_manola-150x150.jpg\"><img decoding=\"async\" aria-describedby=\"caption-attachment-67240\" class=\"size-thumbnail wp-image-67240\" src=\"https:\/\/www.kaminakeskus.ee\/wp-content\/uploads\/2023\/04\/pelletkamin_evacalor_manola-150x150.jpg\" alt=\"\" width=\"150\" height=\"150\" srcset=\"https:\/\/www.kaminakeskus.ee\/wp-content\/uploads\/2023\/04\/pelletkamin_evacalor_manola-66x66.jpg 66w, https:\/\/www.kaminakeskus.ee\/wp-content\/uploads\/2023\/04\/pelletkamin_evacalor_manola-150x150.jpg 150w, https:\/\/www.kaminakeskus.ee\/wp-content\/uploads\/2023\/04\/pelletkamin_evacalor_manola-200x200.jpg 200w, https:\/\/www.kaminakeskus.ee\/wp-content\/uploads\/2023\/04\/pelletkamin_evacalor_manola-300x300.jpg 300w, https:\/\/www.kaminakeskus.ee\/wp-content\/uploads\/2023\/04\/pelletkamin_evacalor_manola-400x400.jpg 400w, https:\/\/www.kaminakeskus.ee\/wp-content\/uploads\/2023\/04\/pelletkamin_evacalor_manola-600x600.jpg 600w, https:\/\/www.kaminakeskus.ee\/wp-content\/uploads\/2023\/04\/pelletkamin_evacalor_manola-768x768.jpg 768w, https:\/\/www.kaminakeskus.ee\/wp-content\/uploads\/2023\/04\/pelletkamin_evacalor_manola.jpg 800w\" sizes=\"(max-width: 150px) 100vw, 150px\" \/><\/a><p id=\"caption-attachment-67240\" class=\"wp-caption-text\">Pelletikamin Evacalor Manola<\/p><\/div>\n<p style=\"text-align: center;\"><a href=\"https:\/\/www.evacalor.com\/index.php?id=277&amp;lang_id=eng\"><strong>Pelletikamin Manola<\/strong><\/a><br \/>\nV\u00f5imsus:3,1-9,1 kW<br \/>\nK\u00f5rgus: 1161 mm<br \/>\nLaius: 548 mm<br \/>\nS\u00fcgavus: 569 mm<br \/>\nPelleti maht: 19kg<br \/>\nKulu:0,6-1,9kg\/h<br \/>\nKaal: 110kg<br \/>\nV\u00e4rv:Punane; valge; beez<br \/>\n<strong>Hind: 2286 EUR<\/strong><\/p>\n<\/div><\/div><\/div><div class=\"fusion-clearfix\"><\/div><\/div>\n<\/article>\n<article id=\"blog-1-post-67191\" class=\"fusion-post-grid post-67191 post type-post status-publish format-standard hentry category-pelletikaminad-evacalor-fi category-pellettitakat-fi\">\n<div class=\"fusion-post-wrapper\" style=\"background-color:rgba(255,255,255,1);border:1px solid #a82c23;border-bottom-width:3px;\">\n\n<div class=\"fusion-post-content-wrapper\" style=\"padding:30px 25px 25px 25px;\"><div class=\"fusion-post-content post-content\"><h2 class=\"blog-shortcode-post-title entry-title\"><a href=\"https:\/\/www.kaminakeskus.ee\/fi\/pelletikamin-evacalor-giusy\/\">Pelletikamin Evacalor Giusy<\/a><\/h2><div class=\"fusion-post-content-container\"><div id=\"attachment_67185\" style=\"width: 125px\" class=\"wp-caption aligncenter\"><a href=\"https:\/\/www.kaminakeskus.ee\/wp-content\/uploads\/2023\/04\/pelletkamin_evacalor_giusy-115x150.jpg\"><img decoding=\"async\" aria-describedby=\"caption-attachment-67185\" class=\"size-thumbnail wp-image-67185\" src=\"https:\/\/www.kaminakeskus.ee\/wp-content\/uploads\/2023\/04\/pelletkamin_evacalor_giusy-115x150.jpg\" alt=\"\" width=\"115\" height=\"150\" srcset=\"https:\/\/www.kaminakeskus.ee\/wp-content\/uploads\/2023\/04\/pelletkamin_evacalor_giusy-115x150.jpg 115w, https:\/\/www.kaminakeskus.ee\/wp-content\/uploads\/2023\/04\/pelletkamin_evacalor_giusy-200x261.jpg 200w, https:\/\/www.kaminakeskus.ee\/wp-content\/uploads\/2023\/04\/pelletkamin_evacalor_giusy-230x300.jpg 230w, https:\/\/www.kaminakeskus.ee\/wp-content\/uploads\/2023\/04\/pelletkamin_evacalor_giusy-400x523.jpg 400w, https:\/\/www.kaminakeskus.ee\/wp-content\/uploads\/2023\/04\/pelletkamin_evacalor_giusy-600x784.jpg 600w, https:\/\/www.kaminakeskus.ee\/wp-content\/uploads\/2023\/04\/pelletkamin_evacalor_giusy-768x1004.jpg 768w, https:\/\/www.kaminakeskus.ee\/wp-content\/uploads\/2023\/04\/pelletkamin_evacalor_giusy-783x1024.jpg 783w, https:\/\/www.kaminakeskus.ee\/wp-content\/uploads\/2023\/04\/pelletkamin_evacalor_giusy-800x1046.jpg 800w, https:\/\/www.kaminakeskus.ee\/wp-content\/uploads\/2023\/04\/pelletkamin_evacalor_giusy.jpg 918w\" sizes=\"(max-width: 115px) 100vw, 115px\" \/><\/a><p id=\"caption-attachment-67185\" class=\"wp-caption-text\">Pelletikamin Evacalor Giusy<\/p><\/div>\n<p style=\"text-align: center;\"><a href=\"https:\/\/www.evacalor.com\/index.php?id=321&amp;lang_id=eng\"><strong>Pelletikamin Giusy<\/strong><\/a><br \/>\nKahe \u00f5hu lisakanaliga<br \/>\nV\u00f5imsus:4,2-15,4 kW<br \/>\nK\u00f5rgus: 1141 mm<br \/>\nLaius: 473 mm<br \/>\nS\u00fcgavus: 542 mm<br \/>\nPelleti maht: 16kg<br \/>\nKulu:0,9-3,4kg\/h<br \/>\nKaal: 100kg<br \/>\nV\u00e4rv:Punane; valge; must<br \/>\n<strong>Hind: 2757 EUR<br \/>\n<\/strong><\/p>\n<\/div><\/div><\/div><div class=\"fusion-clearfix\"><\/div><\/div>\n<\/article>\n<article id=\"blog-1-post-67176\" class=\"fusion-post-grid post-67176 post type-post status-publish format-standard hentry category-pelletikaminad-evacalor-fi category-pellettitakat-fi\">\n<div class=\"fusion-post-wrapper\" style=\"background-color:rgba(255,255,255,1);border:1px solid #a82c23;border-bottom-width:3px;\">\n\n<div class=\"fusion-post-content-wrapper\" style=\"padding:30px 25px 25px 25px;\"><div class=\"fusion-post-content post-content\"><h2 class=\"blog-shortcode-post-title entry-title\"><a href=\"https:\/\/www.kaminakeskus.ee\/fi\/pelletikamin-evacalor-letizia\/\">Pelletikamin Evacalor Letizia<\/a><\/h2><div class=\"fusion-post-content-container\"><div id=\"attachment_67171\" style=\"width: 160px\" class=\"wp-caption aligncenter\"><a href=\"https:\/\/www.kaminakeskus.ee\/wp-content\/uploads\/2023\/04\/pelletkamin_evacalor_letizia-150x150.jpg\"><img decoding=\"async\" aria-describedby=\"caption-attachment-67171\" class=\"size-thumbnail wp-image-67171\" src=\"https:\/\/www.kaminakeskus.ee\/wp-content\/uploads\/2023\/04\/pelletkamin_evacalor_letizia-150x150.jpg\" alt=\"\" width=\"150\" height=\"150\" srcset=\"https:\/\/www.kaminakeskus.ee\/wp-content\/uploads\/2023\/04\/pelletkamin_evacalor_letizia-66x66.jpg 66w, https:\/\/www.kaminakeskus.ee\/wp-content\/uploads\/2023\/04\/pelletkamin_evacalor_letizia-150x150.jpg 150w, https:\/\/www.kaminakeskus.ee\/wp-content\/uploads\/2023\/04\/pelletkamin_evacalor_letizia-200x200.jpg 200w, https:\/\/www.kaminakeskus.ee\/wp-content\/uploads\/2023\/04\/pelletkamin_evacalor_letizia-300x300.jpg 300w, https:\/\/www.kaminakeskus.ee\/wp-content\/uploads\/2023\/04\/pelletkamin_evacalor_letizia-400x400.jpg 400w, https:\/\/www.kaminakeskus.ee\/wp-content\/uploads\/2023\/04\/pelletkamin_evacalor_letizia-600x600.jpg 600w, https:\/\/www.kaminakeskus.ee\/wp-content\/uploads\/2023\/04\/pelletkamin_evacalor_letizia-768x768.jpg 768w, https:\/\/www.kaminakeskus.ee\/wp-content\/uploads\/2023\/04\/pelletkamin_evacalor_letizia.jpg 800w\" sizes=\"(max-width: 150px) 100vw, 150px\" \/><\/a><p id=\"caption-attachment-67171\" class=\"wp-caption-text\">Pelletikamin Evacalor Letizia<\/p><\/div>\n<p style=\"text-align: center;\"><a href=\"https:\/\/www.evacalor.com\/index.php?id=196&amp;lang_id=eng\"><strong>Pelletikamin Letizia<\/strong><\/a><br \/>\nKahe \u00f5hujaotuse kanaliga<br \/>\nV\u00f5imsus:4,2-15,4 kW<br \/>\nK\u00f5rgus: 1148 mm<br \/>\nLaius: 480 mm<br \/>\nS\u00fcgavus: 545 mm<br \/>\nPelleti maht: 16kg<br \/>\nKulu:0,9-3,4kg\/h<br \/>\nKaal: 117kg<br \/>\nV\u00e4rv:Corten; rubiinpunane; must<br \/>\n<strong><del>Hind: 3073 EUR<\/del><br \/>\n<span style=\"color: #ff0000;\">Hind: 2399 EUR<\/span><\/strong><\/p>\n<\/div><\/div><\/div><div class=\"fusion-clearfix\"><\/div><\/div>\n<\/article>\n<article id=\"blog-1-post-66783\" class=\"fusion-post-grid post-66783 post type-post status-publish format-standard hentry category-pelletikaminad-evacalor-fi category-pellettitakat-fi\">\n<div class=\"fusion-post-wrapper\" style=\"background-color:rgba(255,255,255,1);border:1px solid #a82c23;border-bottom-width:3px;\">\n\n<div class=\"fusion-post-content-wrapper\" style=\"padding:30px 25px 25px 25px;\"><div class=\"fusion-post-content post-content\"><h2 class=\"blog-shortcode-post-title entry-title\"><a href=\"https:\/\/www.kaminakeskus.ee\/fi\/pelletikamin-evacalor-dante\/\">Pelletikamin Evacalor Dante<\/a><\/h2><div class=\"fusion-post-content-container\"><div id=\"attachment_66778\" style=\"width: 160px\" class=\"wp-caption aligncenter\"><a href=\"https:\/\/www.kaminakeskus.ee\/wp-content\/uploads\/2023\/04\/pelletkamin_evacalor_dante-150x150.jpg\"><img decoding=\"async\" aria-describedby=\"caption-attachment-66778\" class=\"size-thumbnail wp-image-66778\" src=\"https:\/\/www.kaminakeskus.ee\/wp-content\/uploads\/2023\/04\/pelletkamin_evacalor_dante-150x150.jpg\" alt=\"\" width=\"150\" height=\"150\" srcset=\"https:\/\/www.kaminakeskus.ee\/wp-content\/uploads\/2023\/04\/pelletkamin_evacalor_dante-66x66.jpg 66w, https:\/\/www.kaminakeskus.ee\/wp-content\/uploads\/2023\/04\/pelletkamin_evacalor_dante-150x150.jpg 150w, https:\/\/www.kaminakeskus.ee\/wp-content\/uploads\/2023\/04\/pelletkamin_evacalor_dante-200x200.jpg 200w, https:\/\/www.kaminakeskus.ee\/wp-content\/uploads\/2023\/04\/pelletkamin_evacalor_dante-300x300.jpg 300w, https:\/\/www.kaminakeskus.ee\/wp-content\/uploads\/2023\/04\/pelletkamin_evacalor_dante-400x400.jpg 400w, https:\/\/www.kaminakeskus.ee\/wp-content\/uploads\/2023\/04\/pelletkamin_evacalor_dante-600x600.jpg 600w, https:\/\/www.kaminakeskus.ee\/wp-content\/uploads\/2023\/04\/pelletkamin_evacalor_dante-768x768.jpg 768w, https:\/\/www.kaminakeskus.ee\/wp-content\/uploads\/2023\/04\/pelletkamin_evacalor_dante.jpg 800w\" sizes=\"(max-width: 150px) 100vw, 150px\" \/><\/a><p id=\"caption-attachment-66778\" class=\"wp-caption-text\">Pelletikamin Dante<\/p><\/div>\n<p style=\"text-align: center;\"><strong>Pelletikamin Dante<\/strong><br \/>\nV\u00f5imsus:3,5-7,3 kW<br \/>\nK\u00f5rgus: 2150-2800 mm<br \/>\nLaius: 910 mm<br \/>\nS\u00fcgavus: 643 mm<br \/>\nPelleti maht: 20kg<br \/>\nKulu:0,7-1,6kg\/h<br \/>\nKaal: 146kg<br \/>\n<strong>Hind: 4298 EUR<\/strong><\/p>\n<\/div><\/div><\/div><div class=\"fusion-clearfix\"><\/div><\/div>\n<\/article>\n<article id=\"blog-1-post-48380\" class=\"fusion-post-grid post-48380 post type-post status-publish format-standard hentry category-pelletikaminad-evacalor-fi category-pellettitakat-fi\">\n<div class=\"fusion-post-wrapper\" style=\"background-color:rgba(255,255,255,1);border:1px solid #a82c23;border-bottom-width:3px;\">\n\n<div class=\"fusion-post-content-wrapper\" style=\"padding:30px 25px 25px 25px;\"><div class=\"fusion-post-content post-content\"><h2 class=\"blog-shortcode-post-title entry-title\"><a href=\"https:\/\/www.kaminakeskus.ee\/fi\/pellettitakka-evacalor-trevisi\/\">Pellettitakka Evacalor Trevisi<\/a><\/h2><div class=\"fusion-post-content-container\"><div id=\"attachment_41468\" style=\"width: 160px\" class=\"wp-caption alignleft\"><a href=\"https:\/\/www.kaminakeskus.ee\/wp-content\/uploads\/2020\/04\/pelletkamin-evacalor-trevisi-150x150.jpg\"><img decoding=\"async\" aria-describedby=\"caption-attachment-41468\" class=\"size-thumbnail wp-image-41468\" src=\"https:\/\/www.kaminakeskus.ee\/wp-content\/uploads\/2020\/04\/pelletkamin-evacalor-trevisi-150x150.jpg\" alt=\"\" width=\"150\" height=\"150\"><\/a><p id=\"caption-attachment-41468\" class=\"wp-caption-text\">Pellettitakka Trevisi<\/p><\/div>\n<p><a href=\"https:\/\/www.evacalor.com\/index.php?id=260&amp;lang_id=eng\"><strong>Pellettitakka Trevisi<\/strong><\/a><br \/>\nTeho: 4-9 kW<br \/>\nKorkeus: 1297 mm<br \/>\nLeveys: 612 mm<br \/>\nSyvyys: 721 mm<br \/>\nPellettikapasiteetti: 25kg<br \/>\nKulutus: 0,8-1,9 kg \/ h<br \/>\nV\u00e4ri musta<br \/>\n<strong><del>Hinta: 4986 EUR<\/del><br \/>\n<span style=\"color: #ff0000;\">Hinta: 4488 EUR<\/span><\/strong><\/p>\n<\/div><\/div><\/div><div class=\"fusion-clearfix\"><\/div><\/div>\n<\/article>\n<article id=\"blog-1-post-46597\" class=\"fusion-post-grid post-46597 post type-post status-publish format-standard hentry category-pelletikaminad-evacalor-fi category-pellettitakat-fi\">\n<div class=\"fusion-post-wrapper\" style=\"background-color:rgba(255,255,255,1);border:1px solid #a82c23;border-bottom-width:3px;\">\n\n<div class=\"fusion-post-content-wrapper\" style=\"padding:30px 25px 25px 25px;\"><div class=\"fusion-post-content post-content\"><h2 class=\"blog-shortcode-post-title entry-title\"><a href=\"https:\/\/www.kaminakeskus.ee\/fi\/pellettitakka-evacalor-biscotto\/\">Pellettitakka Evacalor Biscotto<\/a><\/h2><div class=\"fusion-post-content-container\"><p><a href=\"https:\/\/www.kaminakeskus.ee\/wp-content\/uploads\/2019\/12\/pelletkamin-evacalor-biscotto-150x150.jpg\"><img decoding=\"async\" class=\"size-thumbnail wp-image-25576\" src=\"https:\/\/www.kaminakeskus.ee\/wp-content\/uploads\/2019\/12\/pelletkamin-evacalor-biscotto-150x150.jpg\" alt=\"\" width=\"150\" height=\"150\"><\/a><\/p>\n<p><a href=\"https:\/\/www.evacalor.com\/index.php?id=175&amp;lang_id=eng\"><strong>Pellettitakka <\/strong><\/a><br \/>\n<a href=\"https:\/\/www.evacalor.com\/index.php?id=175&amp;lang_id=eng\"><strong>Biscotto<\/strong><\/a><br \/>\nTeho: 2,8-8,5 kW<br \/>\nKorkeus: 1578 mm<br \/>\nLeveys: 488 mm<br \/>\nSyvyys: 545 mm<br \/>\nPellettikapasiteetti: 15kg<br \/>\nKulutus: 0,5-1,8 kg \/ h<br \/>\nPaino: 130kg<br \/>\nV\u00e4ri: Musta-alumiini<br \/>\n<strong><del>Hinta: 3028 euroa<\/del><br \/>\n<span style=\"color: #ff0000;\">Hinta: 2490 euroa<\/span><\/strong><\/p>\n<\/div><\/div><\/div><div class=\"fusion-clearfix\"><\/div><\/div>\n<\/article>\n<article id=\"blog-1-post-46240\" class=\"fusion-post-grid post-46240 post type-post status-publish format-standard hentry category-pelletikaminad-evacalor-fi category-pellettitakat-fi\">\n<div class=\"fusion-post-wrapper\" style=\"background-color:rgba(255,255,255,1);border:1px solid #a82c23;border-bottom-width:3px;\">\n\n<div class=\"fusion-post-content-wrapper\" style=\"padding:30px 25px 25px 25px;\"><div class=\"fusion-post-content post-content\"><h2 class=\"blog-shortcode-post-title entry-title\"><a href=\"https:\/\/www.kaminakeskus.ee\/fi\/pellettitakka-evacalor-rita\/\">Pellettitakka EvaCalor Rita<\/a><\/h2><div class=\"fusion-post-content-container\"><div id=\"attachment_40424\" style=\"width: 160px\" class=\"wp-caption alignleft\"><a href=\"https:\/\/www.kaminakeskus.ee\/wp-content\/uploads\/2019\/08\/Pelletkamin-evacalor-rita-150x150.jpg\"><img decoding=\"async\" aria-describedby=\"caption-attachment-40424\" class=\"size-thumbnail wp-image-24887\" src=\"https:\/\/www.kaminakeskus.ee\/wp-content\/uploads\/2019\/08\/Pelletkamin-evacalor-rita-150x150.jpg\" alt=\"\" width=\"150\" height=\"150\"><\/a><p id=\"caption-attachment-40424\" class=\"wp-caption-text\">Pelletkamin Rita<\/p><\/div>\n<p><a href=\"https:\/\/www.evacalor.com\/index.php?id=95&amp;lang_id=eng\"><strong>Pelletkamin Rita<\/strong><\/a><br \/>\nTeho: 2,8-9,5 kW<br \/>\nKorkeus: 912 mm<br \/>\nLeveys: 434 mm<br \/>\nSyvyys: 506 mm<br \/>\nPellettitilavuus: 13,5 kg<br \/>\nKulutus: 0,6-2 kg \/ h<br \/>\nPaino: 60kg<br \/>\nV\u00e4ri musta; Punainen; valkoinen; kerma<br \/>\n<strong>Hinta: 1254 euroa<\/strong><\/p>\n<\/div><\/div><\/div><div class=\"fusion-clearfix\"><\/div><\/div>\n<\/article>\n<article id=\"blog-1-post-46190\" class=\"fusion-post-grid post-46190 post type-post status-publish format-standard hentry category-pelletikaminad-evacalor-fi category-pellettitakat-fi\">\n<div class=\"fusion-post-wrapper\" style=\"background-color:rgba(255,255,255,1);border:1px solid #a82c23;border-bottom-width:3px;\">\n\n<div class=\"fusion-post-content-wrapper\" style=\"padding:30px 25px 25px 25px;\"><div class=\"fusion-post-content post-content\"><h2 class=\"blog-shortcode-post-title entry-title\"><a href=\"https:\/\/www.kaminakeskus.ee\/fi\/pellettitakka-evacalor-karen\/\">Pellettitakka EvaCalor Karen<\/a><\/h2><div class=\"fusion-post-content-container\"><div id=\"attachment_40416\" style=\"width: 160px\" class=\"wp-caption alignleft\"><a href=\"https:\/\/www.kaminakeskus.ee\/wp-content\/uploads\/2019\/08\/Pelletkamin-evacalor-karen-150x150.jpg\"><img decoding=\"async\" aria-describedby=\"caption-attachment-40416\" class=\"size-thumbnail wp-image-24881\" src=\"https:\/\/www.kaminakeskus.ee\/wp-content\/uploads\/2019\/08\/Pelletkamin-evacalor-karen-150x150.jpg\" alt=\"\" width=\"150\" height=\"150\"><\/a><p id=\"caption-attachment-40416\" class=\"wp-caption-text\">Pellettitakka Karen<\/p><\/div>\n<p><a href=\"https:\/\/www.evacalor.com\/index.php?id=240&amp;lang_id=eng\"><strong>Pellettitakka Karen<\/strong><\/a><br \/>\nTeho: 2,8-9,5 kW<br \/>\nKorkeus: 1258 mm<br \/>\nLeveys: 440 mm<br \/>\nSyvyys: 514 mm<br \/>\n<strong>Pellettikapasiteetti: 45kg<\/strong><br \/>\nKulutus: 0,6-2 kg \/ h<br \/>\nPaino: 85kg<br \/>\nV\u00e4ri musta; Punainen; valkoinen<br \/>\n<del><strong>Hinta: 1888 EUR<\/strong><\/del><br \/>\n<span style=\"color: #ff0000;\"><strong>Hinta: 1575 EUR<\/strong><\/span><\/p>\n<\/div><\/div><\/div><div class=\"fusion-clearfix\"><\/div><\/div>\n<\/article>\n<article id=\"blog-1-post-46156\" class=\"fusion-post-grid post-46156 post type-post status-publish format-standard hentry category-pelletikaminad-evacalor-fi category-pellettitakat-fi\">\n<div class=\"fusion-post-wrapper\" style=\"background-color:rgba(255,255,255,1);border:1px solid #a82c23;border-bottom-width:3px;\">\n\n<div class=\"fusion-post-content-wrapper\" style=\"padding:30px 25px 25px 25px;\"><div class=\"fusion-post-content post-content\"><h2 class=\"blog-shortcode-post-title entry-title\"><a href=\"https:\/\/www.kaminakeskus.ee\/fi\/pellettitakka-evacalor-lucilla\/\">Pellettitakka EvaCalor Lucilla<\/a><\/h2><div class=\"fusion-post-content-container\"><div id=\"attachment_40412\" style=\"width: 160px\" class=\"wp-caption alignleft\"><a href=\"https:\/\/www.kaminakeskus.ee\/wp-content\/uploads\/2019\/08\/Pelletkamin-evacalor-lucilla-150x150.jpg\"><img decoding=\"async\" aria-describedby=\"caption-attachment-40412\" class=\"size-thumbnail wp-image-24878\" src=\"https:\/\/www.kaminakeskus.ee\/wp-content\/uploads\/2019\/08\/Pelletkamin-evacalor-lucilla-150x150.jpg\" alt=\"\" width=\"150\" height=\"150\"><\/a><p id=\"caption-attachment-40412\" class=\"wp-caption-text\">Pelletkamin Lucilla<\/p><\/div>\n<p><a href=\"https:\/\/www.evacalor.com\/index.php?id=180&amp;lang_id=eng\"><strong>Pelletkamin Lucilla<\/strong><\/a><br \/>\nTeho: 2,8-9,5 kW<br \/>\nKorkeus: 916 mm<br \/>\nLeveys: 458 mm<br \/>\nSyvyys: 582 mm<br \/>\nPellettitilavuus: 13,5 kg<br \/>\nKulutus: 0,6-2 kg \/ h<br \/>\nPaino: 75kg<br \/>\nV\u00e4ri musta; Punainen; valkoinen<br \/>\n<strong>Hinta: 1584 EUR<\/strong><\/p>\n<\/div><\/div><\/div><div class=\"fusion-clearfix\"><\/div><\/div>\n<\/article>\n<article id=\"blog-1-post-46155\" class=\"fusion-post-grid post-46155 post type-post status-publish format-standard hentry category-pelletikaminad-evacalor-fi category-pellettitakat-fi\">\n<div class=\"fusion-post-wrapper\" style=\"background-color:rgba(255,255,255,1);border:1px solid #a82c23;border-bottom-width:3px;\">\n\n<div class=\"fusion-post-content-wrapper\" style=\"padding:30px 25px 25px 25px;\"><div class=\"fusion-post-content post-content\"><h2 class=\"blog-shortcode-post-title entry-title\"><a href=\"https:\/\/www.kaminakeskus.ee\/fi\/pellettitakka-evacalor-irma\/\">Pellettitakka EvaCalor Irma Plus<\/a><\/h2><div class=\"fusion-post-content-container\"><div id=\"attachment_41884\" style=\"width: 160px\" class=\"wp-caption aligncenter\"><a href=\"https:\/\/www.kaminakeskus.ee\/wp-content\/uploads\/2020\/06\/Pelletkamin-evacalor-irma-150x150.jpg\"><img decoding=\"async\" aria-describedby=\"caption-attachment-41884\" class=\"size-thumbnail wp-image-27017\" src=\"https:\/\/www.kaminakeskus.ee\/wp-content\/uploads\/2020\/06\/Pelletkamin-evacalor-irma-150x150.jpg\" alt=\"\" width=\"150\" height=\"150\"><\/a><p id=\"caption-attachment-41884\" class=\"wp-caption-text\"><a href=\"https:\/\/www.evacalor.com\/index.php?id=94&amp;lang_id=eng\"><strong>Pellettitakka Irma Plus<\/strong><\/a><\/p><\/div>\n<p style=\"text-align: center;\">Lis\u00e4ilmakanavalla Teho: 3,2-9,2 kW Korkeus: 907 mm Leveys: 459 mm Syvyys: 513 mm Pelletin tilavuus: 13,5 kg Kulutus: 0,7-1,9 kg\/h Paino: 61 kg V\u00e4ri: <a href=\"https:\/\/www.evacalor.com\/index.php?id=94&amp;lang_id=eng\">Musta; Punainen; valkoinen<\/a> <del><strong>Hinta: 1611 EUR<\/strong><\/del> <span style=\"color: #ff0000;\"><strong>Hinta: 1499 EUR<\/strong><\/span><\/p>\n<\/div><\/div><\/div><div class=\"fusion-clearfix\"><\/div><\/div>\n<\/article>\n<article id=\"blog-1-post-46182\" class=\"fusion-post-grid post-46182 post type-post status-publish format-standard hentry category-pelletikaminad-evacalor-fi category-pellettitakat-fi\">\n<div class=\"fusion-post-wrapper\" style=\"background-color:rgba(255,255,255,1);border:1px solid #a82c23;border-bottom-width:3px;\">\n\n<div class=\"fusion-post-content-wrapper\" style=\"padding:30px 25px 25px 25px;\"><div class=\"fusion-post-content post-content\"><h2 class=\"blog-shortcode-post-title entry-title\"><a href=\"https:\/\/www.kaminakeskus.ee\/fi\/pellettitakka-evacalor-nora\/\">Pellettitakka EvaCalor Nora<\/a><\/h2><div class=\"fusion-post-content-container\"><div id=\"attachment_40404\" style=\"width: 160px\" class=\"wp-caption alignleft\"><a href=\"https:\/\/www.kaminakeskus.ee\/wp-content\/uploads\/2019\/08\/Pelletkamin-evacalor-nora-150x150.jpg\"><img decoding=\"async\" aria-describedby=\"caption-attachment-40404\" class=\"size-thumbnail wp-image-24872\" src=\"https:\/\/www.kaminakeskus.ee\/wp-content\/uploads\/2019\/08\/Pelletkamin-evacalor-nora-150x150.jpg\" alt=\"\" width=\"150\" height=\"150\"><\/a><p id=\"caption-attachment-40404\" class=\"wp-caption-text\">Pellettitakka Nora<\/p><\/div>\n<p><a href=\"https:\/\/www.evacalor.com\/index.php?id=239&amp;lang_id=eng\"><strong>Pellettitakka Nora<\/strong><\/a><br \/>\nTeho: 2,9-7,6 kW<br \/>\nKorkeus: 974 mm<br \/>\nLeveys: 449 mm<br \/>\nSyvyys: 517 mm<br \/>\nPellettitilavuus: 13,5 kg<br \/>\nKulutus: 0,6-1,6 kg \/ h<br \/>\nPaino: 75kg<br \/>\nV\u00e4ri musta; Punainen; valkoinen<br \/>\n<strong>Hinta: 1793 euroa<\/strong><\/p>\n<\/div><\/div><\/div><div class=\"fusion-clearfix\"><\/div><\/div>\n<\/article>\n<article id=\"blog-1-post-46152\" class=\"fusion-post-grid post-46152 post type-post status-publish format-standard hentry category-pelletikaminad-evacalor-fi category-pellettitakat-fi\">\n<div class=\"fusion-post-wrapper\" style=\"background-color:rgba(255,255,255,1);border:1px solid #a82c23;border-bottom-width:3px;\">\n\n<div class=\"fusion-post-content-wrapper\" style=\"padding:30px 25px 25px 25px;\"><div class=\"fusion-post-content post-content\"><h2 class=\"blog-shortcode-post-title entry-title\"><a href=\"https:\/\/www.kaminakeskus.ee\/fi\/pellettitakka-evacalor-sonia\/\">Pellettitakka EvaCalor Sonia<\/a><\/h2><div class=\"fusion-post-content-container\"><div id=\"attachment_40400\" style=\"width: 160px\" class=\"wp-caption alignleft\"><a href=\"https:\/\/www.kaminakeskus.ee\/wp-content\/uploads\/2019\/08\/Pelletkamin-evacalor-sonia-150x150.jpg\"><img decoding=\"async\" aria-describedby=\"caption-attachment-40400\" class=\"size-thumbnail wp-image-24869\" src=\"https:\/\/www.kaminakeskus.ee\/wp-content\/uploads\/2019\/08\/Pelletkamin-evacalor-sonia-150x150.jpg\" alt=\"\" width=\"150\" height=\"150\" srcset=\"https:\/\/www.kaminakeskus.ee\/wp-content\/uploads\/2019\/08\/Pelletkamin-evacalor-sonia-150x150.jpg 150w, https:\/\/www.kaminakeskus.ee\/wp-content\/uploads\/2019\/08\/Pelletkamin-evacalor-sonia-300x300.jpg 300w, https:\/\/www.kaminakeskus.ee\/wp-content\/uploads\/2019\/08\/Pelletkamin-evacalor-sonia-768x768.jpg 768w, https:\/\/www.kaminakeskus.ee\/wp-content\/uploads\/2019\/08\/Pelletkamin-evacalor-sonia.jpg 800w\" sizes=\"(max-width: 150px) 100vw, 150px\" \/><\/a><p id=\"caption-attachment-40400\" class=\"wp-caption-text\">Pelletkamin Sonia<\/p><\/div>\n<p><a href=\"https:\/\/www.evacalor.com\/index.php?id=90&amp;lang_id=eng\"><strong>Pelletkamin Sonia<\/strong><\/a><br \/>\nTeho: 2,8-9,5 kW<br \/>\nKorkeus: 947 mm<br \/>\nLeveys: 490 mm<br \/>\nSyvyys: 520 mm<br \/>\nPellettitilavuus: 13,5 kg<br \/>\nKulutus: 0,6-2 kg \/ h<br \/>\nPaino: 85kg<br \/>\nV\u00e4ri musta; Punainen; keltainen<br \/>\n<strong>Hinta: 1539 EUR<\/strong><\/p>\n<\/div><\/div><\/div><div class=\"fusion-clearfix\"><\/div><\/div>\n<\/article>\n<article id=\"blog-1-post-46158\" class=\"fusion-post-grid post-46158 post type-post status-publish format-standard hentry category-pelletikaminad-evacalor-fi category-pellettitakat-fi\">\n<div class=\"fusion-post-wrapper\" style=\"background-color:rgba(255,255,255,1);border:1px solid #a82c23;border-bottom-width:3px;\">\n\n<div class=\"fusion-post-content-wrapper\" style=\"padding:30px 25px 25px 25px;\"><div class=\"fusion-post-content post-content\"><h2 class=\"blog-shortcode-post-title entry-title\"><a href=\"https:\/\/www.kaminakeskus.ee\/fi\/pellettitakka-evacalor-paola\/\">Pellettitakka EvaCalor Paola<\/a><\/h2><div class=\"fusion-post-content-container\"><div id=\"attachment_40392\" style=\"width: 160px\" class=\"wp-caption alignleft\"><a href=\"https:\/\/www.kaminakeskus.ee\/wp-content\/uploads\/2019\/08\/Pelletkamin-evacalor-paola-150x150.jpg\"><img decoding=\"async\" aria-describedby=\"caption-attachment-40392\" class=\"size-thumbnail wp-image-24860\" src=\"https:\/\/www.kaminakeskus.ee\/wp-content\/uploads\/2019\/08\/Pelletkamin-evacalor-paola-150x150.jpg\" alt=\"\" width=\"150\" height=\"150\"><\/a><p id=\"caption-attachment-40392\" class=\"wp-caption-text\">Pelletkamin Paola<\/p><\/div>\n<p><a href=\"https:\/\/www.evacalor.com\/index.php?id=91&amp;lang_id=eng\"><strong>Pelletkamin Paola<\/strong><\/a><br \/>\nTeho: 4-13,5 kW<br \/>\nKorkeus: 1044 mm<br \/>\nLeveys: 470 mm<br \/>\nSyvyys: 532 mm<br \/>\nPellettikapasiteetti: 15kg<br \/>\nKulutus: 0,9-2,9 kg \/ h<br \/>\nPaino: 99kg<br \/>\nV\u00e4ri punainen; beige<br \/>\n<strong>Hinta: 2119 euroa<\/strong><\/p>\n<\/div><\/div><\/div><div class=\"fusion-clearfix\"><\/div><\/div>\n<\/article>\n<article id=\"blog-1-post-46174\" class=\"fusion-post-grid post-46174 post type-post status-publish format-standard hentry category-pelletikaminad-evacalor-fi category-pellettitakat-fi\">\n<div class=\"fusion-post-wrapper\" style=\"background-color:rgba(255,255,255,1);border:1px solid #a82c23;border-bottom-width:3px;\">\n\n<div class=\"fusion-post-content-wrapper\" style=\"padding:30px 25px 25px 25px;\"><div class=\"fusion-post-content post-content\"><h2 class=\"blog-shortcode-post-title entry-title\"><a href=\"https:\/\/www.kaminakeskus.ee\/fi\/pellettitakka-evacalor-sofia\/\">Pellettitakka EvaCalor Sofia<\/a><\/h2><div class=\"fusion-post-content-container\"><div id=\"attachment_40380\" style=\"width: 160px\" class=\"wp-caption alignleft\"><a href=\"https:\/\/www.kaminakeskus.ee\/wp-content\/uploads\/2019\/08\/Pelletkamin-evacalor-sofia-150x150.jpg\"><img decoding=\"async\" aria-describedby=\"caption-attachment-40380\" class=\"size-thumbnail wp-image-24851\" src=\"https:\/\/www.kaminakeskus.ee\/wp-content\/uploads\/2019\/08\/Pelletkamin-evacalor-sofia-150x150.jpg\" alt=\"\" width=\"150\" height=\"150\"><\/a><p id=\"caption-attachment-40380\" class=\"wp-caption-text\">Pelletkamin Sofia<\/p><\/div>\n<p><a href=\"https:\/\/www.evacalor.com\/index.php?id=81&amp;lang_id=eng\"><strong>Pelletkamin Sofia<\/strong><\/a><br \/>\nTeho: 2,8-9,5 kW<br \/>\nKorkeus: 970 mm<br \/>\nLeveys: 520 mm<br \/>\nSyvyys: 520 mm<br \/>\nPellettitilavuus: 13,5 kg<br \/>\nKulutus: 0,6-2 kg \/ h<br \/>\nPaino: 98kg<br \/>\nV\u00e4ri punainen; valkoinen; ruskea<br \/>\n<strong>Hinta: 2268 euroa<\/strong><\/p>\n<\/div><\/div><\/div><div class=\"fusion-clearfix\"><\/div><\/div>\n<\/article>\n<article id=\"blog-1-post-46207\" class=\"fusion-post-grid post-46207 post type-post status-publish format-standard hentry category-pelletikaminad-evacalor-fi category-pellettitakat-fi\">\n<div class=\"fusion-post-wrapper\" style=\"background-color:rgba(255,255,255,1);border:1px solid #a82c23;border-bottom-width:3px;\">\n\n<div class=\"fusion-post-content-wrapper\" style=\"padding:30px 25px 25px 25px;\"><div class=\"fusion-post-content post-content\"><h2 class=\"blog-shortcode-post-title entry-title\"><a href=\"https:\/\/www.kaminakeskus.ee\/fi\/pellettitakka-evacalor-greta\/\">Pellettitakka EvaCalor Greta<\/a><\/h2><div class=\"fusion-post-content-container\"><div id=\"attachment_40376\" style=\"width: 160px\" class=\"wp-caption alignleft\"><a href=\"https:\/\/www.kaminakeskus.ee\/wp-content\/uploads\/2019\/08\/Pelletkamin-evacalor-greta-150x150.jpg\"><img decoding=\"async\" aria-describedby=\"caption-attachment-40376\" class=\"size-thumbnail wp-image-24848\" src=\"https:\/\/www.kaminakeskus.ee\/wp-content\/uploads\/2019\/08\/Pelletkamin-evacalor-greta-150x150.jpg\" alt=\"\" width=\"150\" height=\"150\"><\/a><p id=\"caption-attachment-40376\" class=\"wp-caption-text\">Pellettitakka Greta<\/p><\/div>\n<p><a href=\"https:\/\/www.evacalor.com\/index.php?id=178&amp;lang_id=eng\"><strong>Pellettitakka Greta<\/strong><\/a><br \/>\nTeho: 2,8-9,5 kW<br \/>\nKorkeus: 960 mm<br \/>\nLeveys: 473 mm<br \/>\nSyvyys: 525 mm<br \/>\nPellettitilavuus: 13,5 kg<br \/>\nKulutus: 0,6-2 kg \/ h<br \/>\nPaino: 102kg<br \/>\nV\u00e4ri punainen; valkoinen<br \/>\n<strong>Hinta: 1914 EUR<\/strong><\/p>\n<\/div><\/div><\/div><div class=\"fusion-clearfix\"><\/div><\/div>\n<\/article>\n<article id=\"blog-1-post-46167\" class=\"fusion-post-grid post-46167 post type-post status-publish format-standard hentry category-pelletikaminad-evacalor-fi category-pellettitakat-fi\">\n<div class=\"fusion-post-wrapper\" style=\"background-color:rgba(255,255,255,1);border:1px solid #a82c23;border-bottom-width:3px;\">\n\n<div class=\"fusion-post-content-wrapper\" style=\"padding:30px 25px 25px 25px;\"><div class=\"fusion-post-content post-content\"><h2 class=\"blog-shortcode-post-title entry-title\"><a href=\"https:\/\/www.kaminakeskus.ee\/fi\/pellettitakka-evacalor-fiamma\/\">Pellettitakka EvaCalor Fiamma<\/a><\/h2><div class=\"fusion-post-content-container\"><div id=\"attachment_40368\" style=\"width: 160px\" class=\"wp-caption alignleft\"><a href=\"https:\/\/www.kaminakeskus.ee\/wp-content\/uploads\/2019\/08\/Pelletkamin-evacalor-fiamma-150x150.jpg\"><img decoding=\"async\" aria-describedby=\"caption-attachment-40368\" class=\"size-thumbnail wp-image-24842\" src=\"https:\/\/www.kaminakeskus.ee\/wp-content\/uploads\/2019\/08\/Pelletkamin-evacalor-fiamma-150x150.jpg\" alt=\"\" width=\"150\" height=\"150\"><\/a><p id=\"caption-attachment-40368\" class=\"wp-caption-text\">Pellettitakka Fiamma<\/p><\/div>\n<p><a href=\"https:\/\/www.evacalor.com\/index.php?id=84&amp;lang_id=eng\"><strong>Pellettitakka Fiamma<\/strong><\/a><br \/>\nTeho: 4-13,5 kW<br \/>\nKorkeus: 999 mm<br \/>\nLeveys: 482 mm<br \/>\nSyvyys: 532 mm<br \/>\nPellettikapasiteetti: 15kg<br \/>\nKulutus: 0,9-2,9 kg \/ h<br \/>\nPaino: 106kg<br \/>\nV\u00e4ri punainen; ruskea; kerma<br \/>\n<strong>Hinta: 2025 EUR<\/strong><\/p>\n<\/div><\/div><\/div><div class=\"fusion-clearfix\"><\/div><\/div>\n<\/article>\n<article id=\"blog-1-post-46184\" class=\"fusion-post-grid post-46184 post type-post status-publish format-standard hentry category-pelletikaminad-evacalor-fi category-pellettitakat-fi\">\n<div class=\"fusion-post-wrapper\" style=\"background-color:rgba(255,255,255,1);border:1px solid #a82c23;border-bottom-width:3px;\">\n\n<div class=\"fusion-post-content-wrapper\" style=\"padding:30px 25px 25px 25px;\"><div class=\"fusion-post-content post-content\"><h2 class=\"blog-shortcode-post-title entry-title\"><a href=\"https:\/\/www.kaminakeskus.ee\/fi\/pellettitakka-evacalor-milly\/\">Pellettitakka EvaCalor Milly<\/a><\/h2><div class=\"fusion-post-content-container\"><div id=\"attachment_40364\" style=\"width: 160px\" class=\"wp-caption alignleft\"><a href=\"https:\/\/www.kaminakeskus.ee\/wp-content\/uploads\/2019\/08\/Pelletkamin-evacalor-milly-150x150.jpg\"><img decoding=\"async\" aria-describedby=\"caption-attachment-40364\" class=\"size-thumbnail wp-image-24839\" src=\"https:\/\/www.kaminakeskus.ee\/wp-content\/uploads\/2019\/08\/Pelletkamin-evacalor-milly-150x150.jpg\" alt=\"\" width=\"150\" height=\"150\"><\/a><p id=\"caption-attachment-40364\" class=\"wp-caption-text\">Pellettitakka Milly<\/p><\/div>\n<p><a href=\"https:\/\/www.evacalor.com\/index.php?id=93&amp;lang_id=eng\"><strong>Pellettitakka Milly<\/strong><\/a><br \/>\nTeho: 4-13,5 kW<br \/>\nKorkeus: 999 mm<br \/>\nLeveys: 466 mm<br \/>\nSyvyys: 555 mm<br \/>\nPellettikapasiteetti: 15kg<br \/>\nKulutus: 0,9-2,9 kg \/ h<br \/>\nPaino: 110kg<br \/>\nV\u00e4ri punainen; valkoinen<br \/>\n<strong>Hinta: 2585 EUR<\/strong><\/p>\n<\/div><\/div><\/div><div class=\"fusion-clearfix\"><\/div><\/div>\n<\/article>\n<article id=\"blog-1-post-46150\" class=\"fusion-post-grid post-46150 post type-post status-publish format-standard hentry category-pelletikaminad-evacalor-fi category-pellettitakat-fi\">\n<div class=\"fusion-post-wrapper\" style=\"background-color:rgba(255,255,255,1);border:1px solid #a82c23;border-bottom-width:3px;\">\n\n<div class=\"fusion-post-content-wrapper\" style=\"padding:30px 25px 25px 25px;\"><div class=\"fusion-post-content post-content\"><h2 class=\"blog-shortcode-post-title entry-title\"><a href=\"https:\/\/www.kaminakeskus.ee\/fi\/pellettitakka-evacalor-gemma\/\">Pellettitakka EvaCalor Gemma<\/a><\/h2><div class=\"fusion-post-content-container\"><div id=\"attachment_40360\" style=\"width: 160px\" class=\"wp-caption alignleft\"><a href=\"https:\/\/www.kaminakeskus.ee\/wp-content\/uploads\/2019\/08\/Pelletkamin-evacalor-gemma-150x150.jpg\"><img decoding=\"async\" aria-describedby=\"caption-attachment-40360\" class=\"size-thumbnail wp-image-24836\" src=\"https:\/\/www.kaminakeskus.ee\/wp-content\/uploads\/2019\/08\/Pelletkamin-evacalor-gemma-150x150.jpg\" alt=\"\" width=\"150\" height=\"150\"><\/a><p id=\"caption-attachment-40360\" class=\"wp-caption-text\">Pellettitakka Gemma<\/p><\/div>\n<p><a href=\"https:\/\/www.evacalor.com\/index.php?id=195&amp;lang_id=eng\"><strong>Pellettitakka Gemma<\/strong><\/a><br \/>\nLis\u00e4kanavalla<br \/>\nTeho: 5,2-15,4 kW<br \/>\nKorkeus: 1155 mm<br \/>\nLeveys: 481 mm<br \/>\nSyvyys: 537 mm<br \/>\nPellettikapasiteetti: 22kg<br \/>\nKulutus: 1,1-3,4 kg \/ h<br \/>\nPaino: 120kg<br \/>\nV\u00e4ri punainen; valkoinen; musta<br \/>\n<strong>Hinta: 2593 euroa<\/strong><\/p>\n<\/div><\/div><\/div><div class=\"fusion-clearfix\"><\/div><\/div>\n<\/article>\n<article id=\"blog-1-post-46185\" class=\"fusion-post-grid post-46185 post type-post status-publish format-standard hentry category-pelletikaminad-evacalor-fi category-pellettitakat-fi\">\n<div class=\"fusion-post-wrapper\" style=\"background-color:rgba(255,255,255,1);border:1px solid #a82c23;border-bottom-width:3px;\">\n\n<div class=\"fusion-post-content-wrapper\" style=\"padding:30px 25px 25px 25px;\"><div class=\"fusion-post-content post-content\"><h2 class=\"blog-shortcode-post-title entry-title\"><a href=\"https:\/\/www.kaminakeskus.ee\/fi\/pellettitakka-evacalor-laura\/\">Pellettitakka EvaCalor Laura<\/a><\/h2><div class=\"fusion-post-content-container\"><div id=\"attachment_40356\" style=\"width: 160px\" class=\"wp-caption alignleft\"><a href=\"https:\/\/www.kaminakeskus.ee\/wp-content\/uploads\/2019\/08\/Pelletkamin-evacalor-laura-150x150.jpg\"><img decoding=\"async\" aria-describedby=\"caption-attachment-40356\" class=\"size-thumbnail wp-image-24833\" src=\"https:\/\/www.kaminakeskus.ee\/wp-content\/uploads\/2019\/08\/Pelletkamin-evacalor-laura-150x150.jpg\" alt=\"\" width=\"150\" height=\"150\"><\/a><p id=\"caption-attachment-40356\" class=\"wp-caption-text\">Pellettitakka Laura<\/p><\/div>\n<p><a href=\"https:\/\/www.evacalor.com\/index.php?id=80&amp;lang_id=eng\"><strong>Pellettitakka Laura<\/strong><\/a><br \/>\nTeho: 4-13,5 kW<br \/>\nKorkeus: 1090 mm<br \/>\nLeveys: 520 mm<br \/>\nSyvyys: 535 mm<br \/>\nPellettikapasiteetti: 21kg<br \/>\nKulutus: 0,9-2,9 kg \/ h<br \/>\nPaino: 126kg<br \/>\nV\u00e4ri punainen; valkoinen<br \/>\n<strong>Hinta: 2799 EUR<\/strong><\/p>\n<\/div><\/div><\/div><div class=\"fusion-clearfix\"><\/div><\/div>\n<\/article>\n<article id=\"blog-1-post-46193\" class=\"fusion-post-grid post-46193 post type-post status-publish format-standard hentry category-pelletikaminad-evacalor-fi category-pellettitakat-fi\">\n<div class=\"fusion-post-wrapper\" style=\"background-color:rgba(255,255,255,1);border:1px solid #a82c23;border-bottom-width:3px;\">\n\n<div class=\"fusion-post-content-wrapper\" style=\"padding:30px 25px 25px 25px;\"><div class=\"fusion-post-content post-content\"><h2 class=\"blog-shortcode-post-title entry-title\"><a href=\"https:\/\/www.kaminakeskus.ee\/fi\/pellettitakka-evacalor-zaira\/\">Pellettitakka EvaCalor Zaira<\/a><\/h2><div class=\"fusion-post-content-container\"><div id=\"attachment_40352\" style=\"width: 160px\" class=\"wp-caption alignleft\"><a href=\"https:\/\/www.kaminakeskus.ee\/wp-content\/uploads\/2019\/08\/Pelletkamin-evacalor-zaira-150x150.jpg\"><img decoding=\"async\" aria-describedby=\"caption-attachment-40352\" class=\"size-thumbnail wp-image-24830\" src=\"https:\/\/www.kaminakeskus.ee\/wp-content\/uploads\/2019\/08\/Pelletkamin-evacalor-zaira-150x150.jpg\" alt=\"\" width=\"150\" height=\"150\"><\/a><p id=\"caption-attachment-40352\" class=\"wp-caption-text\">Pellettitakka Zaira<\/p><\/div>\n<p><a href=\"https:\/\/www.evacalor.com\/index.php?id=72&amp;lang_id=eng\"><strong>Pellettitakka Zaira<\/strong><\/a><br \/>\nTeho: 4-13,5 kW<br \/>\nKorkeus: 1000 mm<br \/>\nLeveys: 475 mm<br \/>\nSyvyys: 512 mm<br \/>\nPellettikapasiteetti: 15kg<br \/>\nKulutus: 0,9-2,9 kg \/ h<br \/>\nPaino: 127kg<br \/>\nV\u00e4ri musta<br \/>\n<strong>Hinta: 2274 EUR<\/strong><\/p>\n<\/div><\/div><\/div><div class=\"fusion-clearfix\"><\/div><\/div>\n<\/article>\n<article id=\"blog-1-post-46216\" class=\"fusion-post-grid post-46216 post type-post status-publish format-standard hentry category-pelletikaminad-evacalor-fi category-pellettitakat-fi\">\n<div class=\"fusion-post-wrapper\" style=\"background-color:rgba(255,255,255,1);border:1px solid #a82c23;border-bottom-width:3px;\">\n\n<div class=\"fusion-post-content-wrapper\" style=\"padding:30px 25px 25px 25px;\"><div class=\"fusion-post-content post-content\"><h2 class=\"blog-shortcode-post-title entry-title\"><a href=\"https:\/\/www.kaminakeskus.ee\/fi\/pellettitakka-evacalor-debora\/\">Pellettitakka EvaCalor Debora<\/a><\/h2><div class=\"fusion-post-content-container\"><div id=\"attachment_40340\" style=\"width: 160px\" class=\"wp-caption alignleft\"><a href=\"https:\/\/www.kaminakeskus.ee\/wp-content\/uploads\/2019\/08\/Pelletkamin-evacalor-debora-150x150.jpg\"><img decoding=\"async\" aria-describedby=\"caption-attachment-40340\" class=\"size-thumbnail wp-image-24821\" src=\"https:\/\/www.kaminakeskus.ee\/wp-content\/uploads\/2019\/08\/Pelletkamin-evacalor-debora-150x150.jpg\" alt=\"\" width=\"150\" height=\"150\"><\/a><p id=\"caption-attachment-40340\" class=\"wp-caption-text\">Pelletkamin Debora<\/p><\/div>\n<p><a href=\"https:\/\/www.evacalor.com\/index.php?id=196&amp;lang_id=eng\"><strong>Pelletkamin Debora<\/strong><\/a><br \/>\nTeho: 5,2-15,4 kW<br \/>\nKorkeus: 1148 mm<br \/>\nLeveys: 480 mm<br \/>\nSyvyys: 544 mm<br \/>\nPellettikapasiteetti: 22kg<br \/>\nKulutus: 1,1-3,4 kg \/ h<br \/>\nPaino: 117kg<br \/>\nV\u00e4ri punainen; musta; keltainen<br \/>\n<strong>Hinta: 2445 EUR<\/strong><\/p>\n<\/div><\/div><\/div><div class=\"fusion-clearfix\"><\/div><\/div>\n<\/article>\n<article id=\"blog-1-post-46188\" class=\"fusion-post-grid post-46188 post type-post status-publish format-standard hentry category-pelletikaminad-evacalor-fi category-pellettitakat-fi\">\n<div class=\"fusion-post-wrapper\" style=\"background-color:rgba(255,255,255,1);border:1px solid #a82c23;border-bottom-width:3px;\">\n\n<div class=\"fusion-post-content-wrapper\" style=\"padding:30px 25px 25px 25px;\"><div class=\"fusion-post-content post-content\"><h2 class=\"blog-shortcode-post-title entry-title\"><a href=\"https:\/\/www.kaminakeskus.ee\/fi\/pellettitakka-evacalor-ines\/\">Pellettitakka EvaCalor Ines<\/a><\/h2><div class=\"fusion-post-content-container\"><div id=\"attachment_40336\" style=\"width: 160px\" class=\"wp-caption alignleft\"><a href=\"https:\/\/www.kaminakeskus.ee\/wp-content\/uploads\/2019\/08\/Pelletkamin-evacalor-ines-150x150.jpg\"><img decoding=\"async\" aria-describedby=\"caption-attachment-40336\" class=\"size-thumbnail wp-image-24818\" src=\"https:\/\/www.kaminakeskus.ee\/wp-content\/uploads\/2019\/08\/Pelletkamin-evacalor-ines-150x150.jpg\" alt=\"\" width=\"150\" height=\"150\"><\/a><p id=\"caption-attachment-40336\" class=\"wp-caption-text\">Pellettitakka Ines<\/p><\/div>\n<p><a href=\"https:\/\/www.evacalor.com\/index.php?id=92&amp;lang_id=eng\"><strong>Pellettitakka Ines<\/strong><\/a><br \/>\nLis\u00e4kanavalla<br \/>\nTeho: 5,2-15,4 kW<br \/>\nKorkeus: 1159 mm<br \/>\nLeveys: 466 mm<br \/>\nSyvyys: 555 mm<br \/>\nPellettikapasiteetti: 22kg<br \/>\nKulutus: 1,1-3,4 kg \/ h<br \/>\nPaino: 122kg<br \/>\nV\u00e4ri punainen; valkoinen<br \/>\n<strong>Hinta: 2917 euroa<\/strong><\/p>\n<\/div><\/div><\/div><div class=\"fusion-clearfix\"><\/div><\/div>\n<\/article>\n<article id=\"blog-1-post-46154\" class=\"fusion-post-grid post-46154 post type-post status-publish format-standard hentry category-pelletikaminad-evacalor-fi category-pellettitakat-fi\">\n<div class=\"fusion-post-wrapper\" style=\"background-color:rgba(255,255,255,1);border:1px solid #a82c23;border-bottom-width:3px;\">\n\n<div class=\"fusion-post-content-wrapper\" style=\"padding:30px 25px 25px 25px;\"><div class=\"fusion-post-content post-content\"><h2 class=\"blog-shortcode-post-title entry-title\"><a href=\"https:\/\/www.kaminakeskus.ee\/fi\/pellettitakka-evacalor-beatrice\/\">Pellettitakka EvaCalor Beatrice<\/a><\/h2><div class=\"fusion-post-content-container\"><div id=\"attachment_40332\" style=\"width: 160px\" class=\"wp-caption alignleft\"><a href=\"https:\/\/www.kaminakeskus.ee\/wp-content\/uploads\/2019\/08\/Pelletkamin-evacalor-beatrice-150x150.jpg\"><img decoding=\"async\" aria-describedby=\"caption-attachment-40332\" class=\"size-thumbnail wp-image-24815\" src=\"https:\/\/www.kaminakeskus.ee\/wp-content\/uploads\/2019\/08\/Pelletkamin-evacalor-beatrice-150x150.jpg\" alt=\"\" width=\"150\" height=\"150\" srcset=\"https:\/\/www.kaminakeskus.ee\/wp-content\/uploads\/2019\/08\/Pelletkamin-evacalor-beatrice-150x150.jpg 150w, https:\/\/www.kaminakeskus.ee\/wp-content\/uploads\/2019\/08\/Pelletkamin-evacalor-beatrice-300x300.jpg 300w, https:\/\/www.kaminakeskus.ee\/wp-content\/uploads\/2019\/08\/Pelletkamin-evacalor-beatrice-768x768.jpg 768w, https:\/\/www.kaminakeskus.ee\/wp-content\/uploads\/2019\/08\/Pelletkamin-evacalor-beatrice.jpg 800w\" sizes=\"(max-width: 150px) 100vw, 150px\" \/><\/a><p id=\"caption-attachment-40332\" class=\"wp-caption-text\">Pellettitakka Beatrice<\/p><\/div>\n<p><a href=\"https:\/\/www.evacalor.com\/index.php?id=193&amp;lang_id=eng\"><strong>Pellettitakka Beatrice<\/strong><\/a><br \/>\nYhdell\u00e4 lis\u00e4kanavalla<br \/>\nTeho: 5,2-15,4 kW<br \/>\nKorkeus: 1172 mm<br \/>\nLeveys: 562 mm<br \/>\nSyvyys: 555 mm<br \/>\nPellettikapasiteetti: 22kg<br \/>\nKulutus: 1,1-3,4 kg \/ h<br \/>\nPaino: 191kg<br \/>\nV\u00e4ri: Vuolukivi<br \/>\n<strong><del>Hinta: 3456 euroa<\/del><br \/>\n<span style=\"color: #ff0000;\">Hinta: 3190 euroa<\/span><\/strong><\/p>\n<\/div><\/div><\/div><div class=\"fusion-clearfix\"><\/div><\/div>\n<\/article>\n<article id=\"blog-1-post-46175\" class=\"fusion-post-grid post-46175 post type-post status-publish format-standard hentry category-pelletikaminad-evacalor-fi category-pellettitakat-fi\">\n<div class=\"fusion-post-wrapper\" style=\"background-color:rgba(255,255,255,1);border:1px solid #a82c23;border-bottom-width:3px;\">\n\n<div class=\"fusion-post-content-wrapper\" style=\"padding:30px 25px 25px 25px;\"><div class=\"fusion-post-content post-content\"><h2 class=\"blog-shortcode-post-title entry-title\"><a href=\"https:\/\/www.kaminakeskus.ee\/fi\/pellettitakka-evacalor-zoe\/\">Pellettitakka EvaCalor Zoe<\/a><\/h2><div class=\"fusion-post-content-container\"><div id=\"attachment_40328\" style=\"width: 160px\" class=\"wp-caption alignleft\"><a href=\"https:\/\/www.kaminakeskus.ee\/wp-content\/uploads\/2019\/08\/Pelletkamin-evacalor-Zoe-150x150.jpg\"><img decoding=\"async\" aria-describedby=\"caption-attachment-40328\" class=\"size-thumbnail wp-image-24812\" src=\"https:\/\/www.kaminakeskus.ee\/wp-content\/uploads\/2019\/08\/Pelletkamin-evacalor-Zoe-150x150.jpg\" alt=\"\" width=\"150\" height=\"150\"><\/a><p id=\"caption-attachment-40328\" class=\"wp-caption-text\">Pellettitakka Zoe<\/p><\/div>\n<p><a href=\"https:\/\/www.evacalor.com\/index.php?id=82&amp;lang_id=eng\"><strong>Pellettitakka Zoe<\/strong><\/a><br \/>\nTeho: 5,2-15,4 kW<br \/>\nKorkeus: 1174 mm<br \/>\nLeveys: 502 mm<br \/>\nSyvyys: 541 mm<br \/>\nPellettikapasiteetti: 22kg<br \/>\nKulutus: 1,1-3,4 kg \/ h<br \/>\nPaino: 174kg<br \/>\nV\u00e4ri valkoinen; rubiinin punainen<br \/>\n<strong><del>Hinta: 3724 euroa<\/del><br \/>\n<span style=\"color: #ff0000;\">Hinta: 3194 euroa<\/span><\/strong><\/p>\n<\/div><\/div><\/div><div class=\"fusion-clearfix\"><\/div><\/div>\n<\/article>\n<article id=\"blog-1-post-46139\" class=\"fusion-post-grid post-46139 post type-post status-publish format-standard hentry category-pelletikaminad-evacalor-fi category-pellettitakat-fi\">\n<div class=\"fusion-post-wrapper\" style=\"background-color:rgba(255,255,255,1);border:1px solid #a82c23;border-bottom-width:3px;\">\n\n<div class=\"fusion-post-content-wrapper\" style=\"padding:30px 25px 25px 25px;\"><div class=\"fusion-post-content post-content\"><h2 class=\"blog-shortcode-post-title entry-title\"><a href=\"https:\/\/www.kaminakeskus.ee\/fi\/pellettitakka-evacalor-trinity\/\">Pellettitakka EvaCalor Trinity<\/a><\/h2><div class=\"fusion-post-content-container\"><div id=\"attachment_40324\" style=\"width: 160px\" class=\"wp-caption alignleft\"><a href=\"https:\/\/www.kaminakeskus.ee\/wp-content\/uploads\/2019\/08\/Pelletkamin-evacalor-trinity-150x150.jpg\"><img decoding=\"async\" aria-describedby=\"caption-attachment-40324\" class=\"size-thumbnail wp-image-24809\" src=\"https:\/\/www.kaminakeskus.ee\/wp-content\/uploads\/2019\/08\/Pelletkamin-evacalor-trinity-150x150.jpg\" alt=\"\" width=\"150\" height=\"150\"><\/a><p id=\"caption-attachment-40324\" class=\"wp-caption-text\">Pellettitakka Trinity<\/p><\/div>\n<p><a href=\"https:\/\/www.evacalor.com\/index.php?id=238&amp;lang_id=eng\"><strong>Pellettitakka Trinity<\/strong><\/a><br \/>\nTeho: 3,2-10,5 kW<br \/>\nKorkeus: 1120 mm<br \/>\nLeveys: 562 mm<br \/>\nSyvyys: 562 mm<br \/>\nPellettikapasiteetti: 15kg<br \/>\nKulutus: 0,7-2,2 kg \/ h<br \/>\nV\u00e4ri: Musta, valkoinen<br \/>\n<strong><del>Hinta: 3616 euroa<\/del><br \/>\n<span style=\"color: #ff0000;\">Hinta: 2994 euroa<\/span><\/strong><\/p>\n<\/div><\/div><\/div><div class=\"fusion-clearfix\"><\/div><\/div>\n<\/article>\n<article id=\"blog-1-post-46206\" class=\"fusion-post-grid post-46206 post type-post status-publish format-standard hentry category-pelletikaminad-evacalor-fi category-pellettitakat-fi\">\n<div class=\"fusion-post-wrapper\" style=\"background-color:rgba(255,255,255,1);border:1px solid #a82c23;border-bottom-width:3px;\">\n\n<div class=\"fusion-post-content-wrapper\" style=\"padding:30px 25px 25px 25px;\"><div class=\"fusion-post-content post-content\"><h2 class=\"blog-shortcode-post-title entry-title\"><a href=\"https:\/\/www.kaminakeskus.ee\/fi\/pellettitakka-evacalor-adele\/\">Pellettiuuni EvaCalor Adele<\/a><\/h2><div class=\"fusion-post-content-container\"><div id=\"attachment_40296\" style=\"width: 160px\" class=\"wp-caption aligncenter\"><a href=\"https:\/\/www.kaminakeskus.ee\/wp-content\/uploads\/2019\/08\/Pelletkamin-evacalor-adele-150x150.jpg\"><img decoding=\"async\" aria-describedby=\"caption-attachment-40296\" class=\"size-thumbnail wp-image-24783\" src=\"https:\/\/www.kaminakeskus.ee\/wp-content\/uploads\/2019\/08\/Pelletkamin-evacalor-adele-150x150.jpg\" alt=\"\" width=\"150\" height=\"150\"><\/a><p id=\"caption-attachment-40296\" class=\"wp-caption-text\">Pellettiuuni Adele<\/p><\/div>\n<p style=\"text-align: center;\"><a href=\"https:\/\/www.evacalor.com\/index.php?id=37&amp;lang_id=eng\"><strong>Pellettiuuni Adele<\/strong><\/a><br \/>\n Teho: 2,8-9,5 kW<br \/>\n Korkeus: 932 mm<br \/>\n Leveys: 547 mm<br \/>\n Syvyys: 522 mm<br \/>\n Pellettikapasiteetti: 18,5 kg<br \/>\n Kulutus: 0,6-2kg\/h<br \/>\n Paino: 115kg<br \/>\n <strong>Hinta: 2684 euroa<\/strong><\/p>\n<\/div><\/div><\/div><div class=\"fusion-clearfix\"><\/div><\/div>\n<\/article>\n<div class=\"fusion-clearfix\"><\/div><\/div><\/div><\/div><\/div><\/div><\/div><div class=\"fusion-fullwidth fullwidth-box fusion-builder-row-2 fusion-flex-container nonhundred-percent-fullwidth non-hundred-percent-height-scrolling\" style=\"--awb-border-radius-top-left:0px;--awb-border-radius-top-right:0px;--awb-border-radius-bottom-right:0px;--awb-border-radius-bottom-left:0px;--awb-flex-wrap:wrap;\" ><div class=\"fusion-builder-row fusion-row fusion-flex-align-items-flex-start fusion-flex-content-wrap\" style=\"max-width:2392px;margin-left: calc(-4% \/ 2 );margin-right: calc(-4% \/ 2 );\"><div class=\"fusion-layout-column fusion_builder_column fusion-builder-column-1 fusion_builder_column_1_1 1_1 fusion-flex-column\" style=\"--awb-bg-size:cover;--awb-width-large:100%;--awb-margin-top-large:0px;--awb-spacing-right-large:1.92%;--awb-margin-bottom-large:20px;--awb-spacing-left-large:1.92%;--awb-width-medium:100%;--awb-order-medium:0;--awb-spacing-right-medium:1.92%;--awb-spacing-left-medium:1.92%;--awb-width-small:100%;--awb-order-small:0;--awb-spacing-right-small:1.92%;--awb-spacing-left-small:1.92%;\"><div class=\"fusion-column-wrapper fusion-column-has-shadow fusion-flex-justify-content-flex-start fusion-content-layout-column\"><\/div><\/div><\/div><\/div><\/p>\n","protected":false},"excerpt":{"rendered":"<p>ei<\/p>\n","protected":false},"author":3,"featured_media":0,"parent":0,"menu_order":0,"comment_status":"closed","ping_status":"closed","template":"","meta":{"footnotes":""},"class_list":["post-83259","page","type-page","status-publish","hentry"],"yoast_head":"<!-- This site is optimized with the Yoast SEO Premium plugin v27.5 (Yoast SEO v27.5) - https:\/\/yoast.com\/product\/yoast-seo-premium-wordpress\/ -->\n<title>KaminaKeskus<\/title>\n<meta name=\"description\" content=\"Kaminate, pliitide, ahjude ja korstnate m\u00fc\u00fck\" \/>\n<meta name=\"robots\" content=\"index, follow, max-snippet:-1, max-image-preview:large, max-video-preview:-1\" \/>\n<link rel=\"canonical\" href=\"https:\/\/www.kaminakeskus.ee\/fi\/pelletikaminad-evacalor\/\" \/>\n<meta property=\"og:locale\" content=\"fi_FI\" \/>\n<meta property=\"og:type\" content=\"article\" \/>\n<meta property=\"og:title\" content=\"PELLETTIKANAT H\u00d6YRYSTIN - Kaminakeskus | Kaminad, Ahjud, Pliidid, Saunaahjud, Korstnad, Katlad\" \/>\n<meta property=\"og:description\" content=\"Kaminate, pliitide, ahjude ja korstnate m\u00fc\u00fck\" \/>\n<meta property=\"og:url\" content=\"https:\/\/www.kaminakeskus.ee\/fi\/pelletikaminad-evacalor\/\" \/>\n<meta property=\"og:site_name\" content=\"Kaminakeskus | Kaminad, Ahjud, Pliidid, Saunaahjud, Korstnad, Katlad\" \/>\n<meta property=\"article:publisher\" content=\"https:\/\/www.facebook.com\/kaminakeskus\/yoast\" \/>\n<meta property=\"article:modified_time\" content=\"2025-05-29T17:59:34+00:00\" \/>\n<meta name=\"twitter:card\" content=\"summary_large_image\" \/>\n<meta name=\"twitter:label1\" content=\"Est. reading time\" \/>\n\t<meta name=\"twitter:data1\" content=\"918 minutes\" \/>\n<script type=\"application\/ld+json\" class=\"yoast-schema-graph\">{\"@context\":\"https:\\\/\\\/schema.org\",\"@graph\":[{\"@type\":\"WebPage\",\"@id\":\"https:\\\/\\\/www.kaminakeskus.ee\\\/fi\\\/pelletikaminad-evacalor\\\/\",\"url\":\"https:\\\/\\\/www.kaminakeskus.ee\\\/fi\\\/pelletikaminad-evacalor\\\/\",\"name\":\"KaminaKeskus\",\"isPartOf\":{\"@id\":\"https:\\\/\\\/www.kaminakeskus.ee\\\/fi\\\/#website\"},\"datePublished\":\"2021-08-19T09:01:58+00:00\",\"dateModified\":\"2025-05-29T17:59:34+00:00\",\"description\":\"Kaminate, pliitide, ahjude ja korstnate m\u00fc\u00fck\",\"breadcrumb\":{\"@id\":\"https:\\\/\\\/www.kaminakeskus.ee\\\/fi\\\/pelletikaminad-evacalor\\\/#breadcrumb\"},\"inLanguage\":\"fi-FI\",\"potentialAction\":[{\"@type\":\"ReadAction\",\"target\":[\"https:\\\/\\\/www.kaminakeskus.ee\\\/fi\\\/pelletikaminad-evacalor\\\/\"]}]},{\"@type\":\"BreadcrumbList\",\"@id\":\"https:\\\/\\\/www.kaminakeskus.ee\\\/fi\\\/pelletikaminad-evacalor\\\/#breadcrumb\",\"itemListElement\":[{\"@type\":\"ListItem\",\"position\":1,\"name\":\"Home\",\"item\":\"https:\\\/\\\/www.kaminakeskus.ee\\\/fi\\\/\"},{\"@type\":\"ListItem\",\"position\":2,\"name\":\"PELLETTIKANAT H\u00d6YRYSTIN\"}]},{\"@type\":\"WebSite\",\"@id\":\"https:\\\/\\\/www.kaminakeskus.ee\\\/fi\\\/#website\",\"url\":\"https:\\\/\\\/www.kaminakeskus.ee\\\/fi\\\/\",\"name\":\"Kaminakeskus | Kaminad, Ahjud, Pliidid, Saunaahjud, Korstnad, Korsten, Moodulkorsten, Katlad\",\"description\":\"Kamin Kaminad Ahi Ahjud Pliit Pliidid Korstnad Katlad\",\"publisher\":{\"@id\":\"https:\\\/\\\/www.kaminakeskus.ee\\\/fi\\\/#organization\"},\"potentialAction\":[{\"@type\":\"SearchAction\",\"target\":{\"@type\":\"EntryPoint\",\"urlTemplate\":\"https:\\\/\\\/www.kaminakeskus.ee\\\/fi\\\/?s={search_term_string}\"},\"query-input\":{\"@type\":\"PropertyValueSpecification\",\"valueRequired\":true,\"valueName\":\"search_term_string\"}}],\"inLanguage\":\"fi-FI\"},{\"@type\":[\"Organization\",\"Place\"],\"@id\":\"https:\\\/\\\/www.kaminakeskus.ee\\\/fi\\\/#organization\",\"name\":\"R\u00e4ndr\u00fc\u00fctel HP O\u00dc\",\"alternateName\":\"KaminaKeskus\",\"url\":\"https:\\\/\\\/www.kaminakeskus.ee\\\/\",\"logo\":{\"@type\":\"ImageObject\",\"inLanguage\":\"fi-FI\",\"@id\":\"https:\\\/\\\/www.kaminakeskus.ee\\\/fi\\\/#\\\/schema\\\/logo\\\/image\\\/\",\"url\":\"https:\\\/\\\/www.kaminakeskus.ee\\\/wp-content\\\/uploads\\\/2026\\\/02\\\/Kaminakeskus-logo-1-1.jpg\",\"contentUrl\":\"https:\\\/\\\/www.kaminakeskus.ee\\\/wp-content\\\/uploads\\\/2026\\\/02\\\/Kaminakeskus-logo-1-1.jpg\",\"width\":2068,\"height\":532,\"caption\":\"R\u00e4ndr\u00fc\u00fctel HP O\u00dc\"},\"image\":{\"@id\":\"https:\\\/\\\/www.kaminakeskus.ee\\\/fi\\\/#\\\/schema\\\/logo\\\/image\\\/\"},\"sameAs\":[\"https:\\\/\\\/www.facebook.com\\\/kaminakeskus\\\/yoast\"],\"description\":\"Sales of fireplaces, chimneys and related goods. Kaminate, ahjude, pliitide, korstnate ja nendega seotud toodete m\u00fc\u00fck.\",\"legalName\":\"R\u00e4ndr\u00fc\u00fctel HP O\u00dc\",\"foundingDate\":\"1997-05-13\",\"leiCode\":\"9845007FC4HB963C8D65\",\"numberOfEmployees\":{\"@type\":\"QuantitativeValue\",\"minValue\":\"1\",\"maxValue\":\"10\"},\"telephone\":[\"+372 5543239\",\"+372 58812360\"],\"contactPoint\":{\"@type\":\"ContactPoint\",\"telephone\":\"+372 5543239\",\"email\":\"kaminakeskus@gmail.com\"},\"email\":\"kaminakeskus@gmail.com\",\"vatID\":\"EE100831739\",\"taxID\":\"10208374\"}]}<\/script>\n<!-- \/ Yoast SEO Premium plugin. -->","yoast_head_json":{"title":"KaminaKeskus","description":"Kaminate, pliitide, ahjude ja korstnate m\u00fc\u00fck","robots":{"index":"index","follow":"follow","max-snippet":"max-snippet:-1","max-image-preview":"max-image-preview:large","max-video-preview":"max-video-preview:-1"},"canonical":"https:\/\/www.kaminakeskus.ee\/fi\/pelletikaminad-evacalor\/","og_locale":"fi_FI","og_type":"article","og_title":"PELLETTIKANAT H\u00d6YRYSTIN - Kaminakeskus | Kaminad, Ahjud, Pliidid, Saunaahjud, Korstnad, Katlad","og_description":"Kaminate, pliitide, ahjude ja korstnate m\u00fc\u00fck","og_url":"https:\/\/www.kaminakeskus.ee\/fi\/pelletikaminad-evacalor\/","og_site_name":"Kaminakeskus | Kaminad, Ahjud, Pliidid, Saunaahjud, Korstnad, Katlad","article_publisher":"https:\/\/www.facebook.com\/kaminakeskus\/yoast","article_modified_time":"2025-05-29T17:59:34+00:00","twitter_card":"summary_large_image","twitter_misc":{"Est. reading time":"918 minutes"},"schema":{"@context":"https:\/\/schema.org","@graph":[{"@type":"WebPage","@id":"https:\/\/www.kaminakeskus.ee\/fi\/pelletikaminad-evacalor\/","url":"https:\/\/www.kaminakeskus.ee\/fi\/pelletikaminad-evacalor\/","name":"KaminaKeskus","isPartOf":{"@id":"https:\/\/www.kaminakeskus.ee\/fi\/#website"},"datePublished":"2021-08-19T09:01:58+00:00","dateModified":"2025-05-29T17:59:34+00:00","description":"Kaminate, pliitide, ahjude ja korstnate m\u00fc\u00fck","breadcrumb":{"@id":"https:\/\/www.kaminakeskus.ee\/fi\/pelletikaminad-evacalor\/#breadcrumb"},"inLanguage":"fi-FI","potentialAction":[{"@type":"ReadAction","target":["https:\/\/www.kaminakeskus.ee\/fi\/pelletikaminad-evacalor\/"]}]},{"@type":"BreadcrumbList","@id":"https:\/\/www.kaminakeskus.ee\/fi\/pelletikaminad-evacalor\/#breadcrumb","itemListElement":[{"@type":"ListItem","position":1,"name":"Home","item":"https:\/\/www.kaminakeskus.ee\/fi\/"},{"@type":"ListItem","position":2,"name":"PELLETTIKANAT H\u00d6YRYSTIN"}]},{"@type":"WebSite","@id":"https:\/\/www.kaminakeskus.ee\/fi\/#website","url":"https:\/\/www.kaminakeskus.ee\/fi\/","name":"Kaminakeskus | Kaminad, Ahjud, Pliidid, Saunaahjud, Korstnad, Korsten, Moodulkorsten, Katlad","description":"Kamin Kaminad Ahi Ahjud Pliit Pliidid Korstnad Katlad","publisher":{"@id":"https:\/\/www.kaminakeskus.ee\/fi\/#organization"},"potentialAction":[{"@type":"SearchAction","target":{"@type":"EntryPoint","urlTemplate":"https:\/\/www.kaminakeskus.ee\/fi\/?s={search_term_string}"},"query-input":{"@type":"PropertyValueSpecification","valueRequired":true,"valueName":"search_term_string"}}],"inLanguage":"fi-FI"},{"@type":["Organization","Place"],"@id":"https:\/\/www.kaminakeskus.ee\/fi\/#organization","name":"R\u00e4ndr\u00fc\u00fctel HP O\u00dc","alternateName":"KaminaKeskus","url":"https:\/\/www.kaminakeskus.ee\/","logo":{"@type":"ImageObject","inLanguage":"fi-FI","@id":"https:\/\/www.kaminakeskus.ee\/fi\/#\/schema\/logo\/image\/","url":"https:\/\/www.kaminakeskus.ee\/wp-content\/uploads\/2026\/02\/Kaminakeskus-logo-1-1.jpg","contentUrl":"https:\/\/www.kaminakeskus.ee\/wp-content\/uploads\/2026\/02\/Kaminakeskus-logo-1-1.jpg","width":2068,"height":532,"caption":"R\u00e4ndr\u00fc\u00fctel HP O\u00dc"},"image":{"@id":"https:\/\/www.kaminakeskus.ee\/fi\/#\/schema\/logo\/image\/"},"sameAs":["https:\/\/www.facebook.com\/kaminakeskus\/yoast"],"description":"Sales of fireplaces, chimneys and related goods. Kaminate, ahjude, pliitide, korstnate ja nendega seotud toodete m\u00fc\u00fck.","legalName":"R\u00e4ndr\u00fc\u00fctel HP O\u00dc","foundingDate":"1997-05-13","leiCode":"9845007FC4HB963C8D65","numberOfEmployees":{"@type":"QuantitativeValue","minValue":"1","maxValue":"10"},"telephone":["+372 5543239","+372 58812360"],"contactPoint":{"@type":"ContactPoint","telephone":"+372 5543239","email":"kaminakeskus@gmail.com"},"email":"kaminakeskus@gmail.com","vatID":"EE100831739","taxID":"10208374"}]}},"_links":{"self":[{"href":"https:\/\/www.kaminakeskus.ee\/fi\/wp-json\/wp\/v2\/pages\/83259","targetHints":{"allow":["GET"]}}],"collection":[{"href":"https:\/\/www.kaminakeskus.ee\/fi\/wp-json\/wp\/v2\/pages"}],"about":[{"href":"https:\/\/www.kaminakeskus.ee\/fi\/wp-json\/wp\/v2\/types\/page"}],"author":[{"embeddable":true,"href":"https:\/\/www.kaminakeskus.ee\/fi\/wp-json\/wp\/v2\/users\/3"}],"replies":[{"embeddable":true,"href":"https:\/\/www.kaminakeskus.ee\/fi\/wp-json\/wp\/v2\/comments?post=83259"}],"version-history":[{"count":4,"href":"https:\/\/www.kaminakeskus.ee\/fi\/wp-json\/wp\/v2\/pages\/83259\/revisions"}],"predecessor-version":[{"id":83263,"href":"https:\/\/www.kaminakeskus.ee\/fi\/wp-json\/wp\/v2\/pages\/83259\/revisions\/83263"}],"wp:attachment":[{"href":"https:\/\/www.kaminakeskus.ee\/fi\/wp-json\/wp\/v2\/media?parent=83259"}],"curies":[{"name":"wp","href":"https:\/\/api.w.org\/{rel}","templated":true}]}}