{"id":5304,"date":"2010-05-11T21:07:20","date_gmt":"2010-05-11T21:07:20","guid":{"rendered":"http:\/\/www.kaminakeskus.ee\/?page_id=5304"},"modified":"2010-05-11T21:07:20","modified_gmt":"2010-05-11T21:07:20","slug":"abx","status":"publish","type":"page","link":"https:\/\/www.kaminakeskus.ee\/lv\/abx\/","title":{"rendered":"ABX"},"content":{"rendered":"<div class=\"pagecontent\">\n<div>\n<div>\n<h1>ABX<\/h1>\n<div>\n<div>\n<h3><a rel=\"lightbox\" href=\"http:\/\/www.kaminakeskus.ee\/docs\/gallery\/full\/32k6d424u3a5o2l4d2p6.jpg\"><img decoding=\"async\" src=\"http:\/\/www.kaminakeskus.ee\/docs\/gallery\/z7R5q1O5h392s2W2d527.jpg\" alt=\"\" width=\"120\" height=\"150\" \/><\/a><\/h3>\n<h4><strong>Arktis 4\/8<\/strong><br \/>\nJauda: 5\/8 KW<br \/>\nAugstums: 986\/1090 mm<br \/>\nPlatums:  515\/645 mm<br \/>\nDzi\u013cums: 376\/470 mm<br \/>\nD\u016bmvada diametrs: \u00d8 150 mm<br \/>\nKr\u0101su:  pel\u0113ka, gran\u012bts, ziepakmens, ner\u016bs\u0113jo\u0161\u0101 t\u0113rauda<\/p>\n<p><a href=\"http:\/\/www.kaminakeskus.ee\/107\/21\/22\/487\/lat\/fireplaces\/fireplaces\/abx\/arktis-4-8\"><strong>read  more<\/strong><\/a><\/h4>\n<\/div>\n<div>\n<h3><a rel=\"lightbox\" href=\"http:\/\/www.kaminakeskus.ee\/docs\/gallery\/full\/z1W1C231437272p2f333.jpg\"><img decoding=\"async\" src=\"http:\/\/www.kaminakeskus.ee\/docs\/gallery\/41F8q282x2715232h3a6.jpg\" alt=\"\" width=\"120\" height=\"150\" \/><\/a><\/h3>\n<h4><strong>Troll<\/strong><br \/>\nJauda: 14 KW<br \/>\nAugstums: 1127 mm<br \/>\nPlatums: 500 mm<br \/>\nDzi\u013cums:  500 mm<br \/>\nD\u016bmvada diametrs: \u00d8 150 mm<\/p>\n<p><a href=\"http:\/\/www.kaminakeskus.ee\/107\/21\/22\/483\/lat\/fireplaces\/fireplaces\/abx\/troll\"><strong>read  more<\/strong><\/a><\/h4>\n<\/div>\n<div>\n<h3><a rel=\"lightbox\" href=\"http:\/\/www.kaminakeskus.ee\/docs\/gallery\/full\/0247Y2G175H4U351g5a3.jpg\"><img decoding=\"async\" src=\"http:\/\/www.kaminakeskus.ee\/docs\/gallery\/43D105k3i111j2a387x6.jpg\" alt=\"\" width=\"120\" height=\"150\" \/><\/a><\/h3>\n<h4><strong>Polar 4\/6\/8<\/strong><br \/>\nJauda: 5\/6\/8 KW<br \/>\nAugstums: 1086\/1108\/1230 mm<br \/>\nPlatums:  515\/596\/645 mm<br \/>\nDzi\u013cums: 376\/445\/470 mm<br \/>\nD\u016bmvada diametrs: \u00d8 150 mm<br \/>\nKr\u0101su:  pel\u0113ka, gran\u012bts, ziepakmens, ner\u016bs\u0113jo\u0161\u0101 t\u0113rauda<\/p>\n<p><a href=\"http:\/\/www.kaminakeskus.ee\/107\/21\/22\/479\/lat\/fireplaces\/fireplaces\/abx\/polar-4-6-8\"><strong>read  more<\/strong><\/a><\/h4>\n<\/div>\n<p><img decoding=\"async\" src=\"http:\/\/www.kaminakeskus.ee\/docs\/pics\/abxlogo.gif\" alt=\"\" width=\"134\" height=\"47\" \/><br \/>\n<strong><span style=\"font-family: Arial,sans-serif;\"><span style=\"color: #ff0000;\">Skat\u012bt ra\u017eot\u0101ja m\u0101jas lap\u0101:<\/span><\/span><\/strong><br \/>\n<a href=\"http:\/\/www.abx.cz\/index\/www\/katalog_krbova_kamna.php?lang=cz\">http:\/\/www.abx.cz\/index\/www\/katalog_krbova_kamna.php?lang=cz<\/a><\/p>\n<\/div>\n<\/div>\n<\/div>\n<\/div>\n","protected":false},"excerpt":{"rendered":"<p>ABX Arktis 4\/8 Jauda: 5\/8 KW Augstums: 986\/1090 mm Platums:  [&#8230;]<\/p>\n","protected":false},"author":3,"featured_media":0,"parent":0,"menu_order":0,"comment_status":"open","ping_status":"open","template":"tooted.php","meta":{"footnotes":""},"class_list":["post-5304","page","type-page","status-publish","hentry"],"yoast_head":"<!-- This site is optimized with the Yoast SEO Premium plugin v27.5 (Yoast SEO v27.5) - https:\/\/yoast.com\/product\/yoast-seo-premium-wordpress\/ -->\n<title>KaminaKeskus<\/title>\n<meta name=\"description\" content=\"Kaminate, pliitide, ahjude ja korstnate m\u00fc\u00fck\" \/>\n<meta name=\"robots\" content=\"index, follow, max-snippet:-1, max-image-preview:large, max-video-preview:-1\" \/>\n<link rel=\"canonical\" href=\"https:\/\/www.kaminakeskus.ee\/lv\/abx\/\" \/>\n<meta property=\"og:locale\" content=\"lv_LV\" \/>\n<meta property=\"og:type\" content=\"article\" \/>\n<meta property=\"og:title\" content=\"ABX - Kaminakeskus | Kaminad, Ahjud, Pliidid, Saunaahjud, Korstnad, Katlad\" \/>\n<meta property=\"og:description\" content=\"Kaminate, pliitide, ahjude ja korstnate m\u00fc\u00fck\" \/>\n<meta property=\"og:url\" content=\"https:\/\/www.kaminakeskus.ee\/lv\/abx\/\" \/>\n<meta property=\"og:site_name\" content=\"Kaminakeskus | Kaminad, Ahjud, Pliidid, Saunaahjud, Korstnad, Katlad\" \/>\n<meta property=\"article:publisher\" content=\"https:\/\/www.facebook.com\/kaminakeskus\/yoast\" \/>\n<meta property=\"og:image\" content=\"http:\/\/www.kaminakeskus.ee\/docs\/gallery\/z7R5q1O5h392s2W2d527.jpg\" \/>\n<meta name=\"twitter:card\" content=\"summary_large_image\" \/>\n<script type=\"application\/ld+json\" class=\"yoast-schema-graph\">{\"@context\":\"https:\\\/\\\/schema.org\",\"@graph\":[{\"@type\":\"WebPage\",\"@id\":\"https:\\\/\\\/www.kaminakeskus.ee\\\/lv\\\/abx\\\/\",\"url\":\"https:\\\/\\\/www.kaminakeskus.ee\\\/lv\\\/abx\\\/\",\"name\":\"KaminaKeskus\",\"isPartOf\":{\"@id\":\"https:\\\/\\\/www.kaminakeskus.ee\\\/lv\\\/#website\"},\"primaryImageOfPage\":{\"@id\":\"https:\\\/\\\/www.kaminakeskus.ee\\\/lv\\\/abx\\\/#primaryimage\"},\"image\":{\"@id\":\"https:\\\/\\\/www.kaminakeskus.ee\\\/lv\\\/abx\\\/#primaryimage\"},\"thumbnailUrl\":\"http:\\\/\\\/www.kaminakeskus.ee\\\/docs\\\/gallery\\\/z7R5q1O5h392s2W2d527.jpg\",\"datePublished\":\"2010-05-11T21:07:20+00:00\",\"description\":\"Kaminate, pliitide, ahjude ja korstnate m\u00fc\u00fck\",\"breadcrumb\":{\"@id\":\"https:\\\/\\\/www.kaminakeskus.ee\\\/lv\\\/abx\\\/#breadcrumb\"},\"inLanguage\":\"lv-LV\",\"potentialAction\":[{\"@type\":\"ReadAction\",\"target\":[\"https:\\\/\\\/www.kaminakeskus.ee\\\/lv\\\/abx\\\/\"]}]},{\"@type\":\"ImageObject\",\"inLanguage\":\"lv-LV\",\"@id\":\"https:\\\/\\\/www.kaminakeskus.ee\\\/lv\\\/abx\\\/#primaryimage\",\"url\":\"http:\\\/\\\/www.kaminakeskus.ee\\\/docs\\\/gallery\\\/z7R5q1O5h392s2W2d527.jpg\",\"contentUrl\":\"http:\\\/\\\/www.kaminakeskus.ee\\\/docs\\\/gallery\\\/z7R5q1O5h392s2W2d527.jpg\"},{\"@type\":\"BreadcrumbList\",\"@id\":\"https:\\\/\\\/www.kaminakeskus.ee\\\/lv\\\/abx\\\/#breadcrumb\",\"itemListElement\":[{\"@type\":\"ListItem\",\"position\":1,\"name\":\"Home\",\"item\":\"https:\\\/\\\/www.kaminakeskus.ee\\\/lv\\\/\"},{\"@type\":\"ListItem\",\"position\":2,\"name\":\"ABX\"}]},{\"@type\":\"WebSite\",\"@id\":\"https:\\\/\\\/www.kaminakeskus.ee\\\/lv\\\/#website\",\"url\":\"https:\\\/\\\/www.kaminakeskus.ee\\\/lv\\\/\",\"name\":\"Kaminakeskus | Kaminad, Ahjud, Pliidid, Saunaahjud, Korstnad, Korsten, Moodulkorsten, Katlad\",\"description\":\"Kamin Kaminad Ahi Ahjud Pliit Pliidid Korstnad Katlad\",\"publisher\":{\"@id\":\"https:\\\/\\\/www.kaminakeskus.ee\\\/lv\\\/#organization\"},\"potentialAction\":[{\"@type\":\"SearchAction\",\"target\":{\"@type\":\"EntryPoint\",\"urlTemplate\":\"https:\\\/\\\/www.kaminakeskus.ee\\\/lv\\\/?s={search_term_string}\"},\"query-input\":{\"@type\":\"PropertyValueSpecification\",\"valueRequired\":true,\"valueName\":\"search_term_string\"}}],\"inLanguage\":\"lv-LV\"},{\"@type\":[\"Organization\",\"Place\"],\"@id\":\"https:\\\/\\\/www.kaminakeskus.ee\\\/lv\\\/#organization\",\"name\":\"R\u00e4ndr\u00fc\u00fctel HP O\u00dc\",\"alternateName\":\"KaminaKeskus\",\"url\":\"https:\\\/\\\/www.kaminakeskus.ee\\\/\",\"logo\":{\"@type\":\"ImageObject\",\"inLanguage\":\"lv-LV\",\"@id\":\"https:\\\/\\\/www.kaminakeskus.ee\\\/lv\\\/#\\\/schema\\\/logo\\\/image\\\/\",\"url\":\"https:\\\/\\\/www.kaminakeskus.ee\\\/wp-content\\\/uploads\\\/2026\\\/02\\\/Kaminakeskus-logo-1-1.jpg\",\"contentUrl\":\"https:\\\/\\\/www.kaminakeskus.ee\\\/wp-content\\\/uploads\\\/2026\\\/02\\\/Kaminakeskus-logo-1-1.jpg\",\"width\":2068,\"height\":532,\"caption\":\"R\u00e4ndr\u00fc\u00fctel HP O\u00dc\"},\"image\":{\"@id\":\"https:\\\/\\\/www.kaminakeskus.ee\\\/lv\\\/#\\\/schema\\\/logo\\\/image\\\/\"},\"sameAs\":[\"https:\\\/\\\/www.facebook.com\\\/kaminakeskus\\\/yoast\"],\"description\":\"Sales of fireplaces, chimneys and related goods. Kaminate, ahjude, pliitide, korstnate ja nendega seotud toodete m\u00fc\u00fck.\",\"legalName\":\"R\u00e4ndr\u00fc\u00fctel HP O\u00dc\",\"foundingDate\":\"1997-05-13\",\"leiCode\":\"9845007FC4HB963C8D65\",\"numberOfEmployees\":{\"@type\":\"QuantitativeValue\",\"minValue\":\"1\",\"maxValue\":\"10\"},\"telephone\":[\"+372 5543239\",\"+372 58812360\"],\"contactPoint\":{\"@type\":\"ContactPoint\",\"telephone\":\"+372 5543239\",\"email\":\"kaminakeskus@gmail.com\"},\"email\":\"kaminakeskus@gmail.com\",\"vatID\":\"EE100831739\",\"taxID\":\"10208374\"}]}<\/script>\n<!-- \/ Yoast SEO Premium plugin. -->","yoast_head_json":{"title":"KaminaKeskus","description":"Kaminate, pliitide, ahjude ja korstnate m\u00fc\u00fck","robots":{"index":"index","follow":"follow","max-snippet":"max-snippet:-1","max-image-preview":"max-image-preview:large","max-video-preview":"max-video-preview:-1"},"canonical":"https:\/\/www.kaminakeskus.ee\/lv\/abx\/","og_locale":"lv_LV","og_type":"article","og_title":"ABX - Kaminakeskus | Kaminad, Ahjud, Pliidid, Saunaahjud, Korstnad, Katlad","og_description":"Kaminate, pliitide, ahjude ja korstnate m\u00fc\u00fck","og_url":"https:\/\/www.kaminakeskus.ee\/lv\/abx\/","og_site_name":"Kaminakeskus | Kaminad, Ahjud, Pliidid, Saunaahjud, Korstnad, Katlad","article_publisher":"https:\/\/www.facebook.com\/kaminakeskus\/yoast","og_image":[{"url":"http:\/\/www.kaminakeskus.ee\/docs\/gallery\/z7R5q1O5h392s2W2d527.jpg","type":"","width":"","height":""}],"twitter_card":"summary_large_image","schema":{"@context":"https:\/\/schema.org","@graph":[{"@type":"WebPage","@id":"https:\/\/www.kaminakeskus.ee\/lv\/abx\/","url":"https:\/\/www.kaminakeskus.ee\/lv\/abx\/","name":"KaminaKeskus","isPartOf":{"@id":"https:\/\/www.kaminakeskus.ee\/lv\/#website"},"primaryImageOfPage":{"@id":"https:\/\/www.kaminakeskus.ee\/lv\/abx\/#primaryimage"},"image":{"@id":"https:\/\/www.kaminakeskus.ee\/lv\/abx\/#primaryimage"},"thumbnailUrl":"http:\/\/www.kaminakeskus.ee\/docs\/gallery\/z7R5q1O5h392s2W2d527.jpg","datePublished":"2010-05-11T21:07:20+00:00","description":"Kaminate, pliitide, ahjude ja korstnate m\u00fc\u00fck","breadcrumb":{"@id":"https:\/\/www.kaminakeskus.ee\/lv\/abx\/#breadcrumb"},"inLanguage":"lv-LV","potentialAction":[{"@type":"ReadAction","target":["https:\/\/www.kaminakeskus.ee\/lv\/abx\/"]}]},{"@type":"ImageObject","inLanguage":"lv-LV","@id":"https:\/\/www.kaminakeskus.ee\/lv\/abx\/#primaryimage","url":"http:\/\/www.kaminakeskus.ee\/docs\/gallery\/z7R5q1O5h392s2W2d527.jpg","contentUrl":"http:\/\/www.kaminakeskus.ee\/docs\/gallery\/z7R5q1O5h392s2W2d527.jpg"},{"@type":"BreadcrumbList","@id":"https:\/\/www.kaminakeskus.ee\/lv\/abx\/#breadcrumb","itemListElement":[{"@type":"ListItem","position":1,"name":"Home","item":"https:\/\/www.kaminakeskus.ee\/lv\/"},{"@type":"ListItem","position":2,"name":"ABX"}]},{"@type":"WebSite","@id":"https:\/\/www.kaminakeskus.ee\/lv\/#website","url":"https:\/\/www.kaminakeskus.ee\/lv\/","name":"Kaminakeskus | Kaminad, Ahjud, Pliidid, Saunaahjud, Korstnad, Korsten, Moodulkorsten, Katlad","description":"Kamin Kaminad Ahi Ahjud Pliit Pliidid Korstnad Katlad","publisher":{"@id":"https:\/\/www.kaminakeskus.ee\/lv\/#organization"},"potentialAction":[{"@type":"SearchAction","target":{"@type":"EntryPoint","urlTemplate":"https:\/\/www.kaminakeskus.ee\/lv\/?s={search_term_string}"},"query-input":{"@type":"PropertyValueSpecification","valueRequired":true,"valueName":"search_term_string"}}],"inLanguage":"lv-LV"},{"@type":["Organization","Place"],"@id":"https:\/\/www.kaminakeskus.ee\/lv\/#organization","name":"R\u00e4ndr\u00fc\u00fctel HP O\u00dc","alternateName":"KaminaKeskus","url":"https:\/\/www.kaminakeskus.ee\/","logo":{"@type":"ImageObject","inLanguage":"lv-LV","@id":"https:\/\/www.kaminakeskus.ee\/lv\/#\/schema\/logo\/image\/","url":"https:\/\/www.kaminakeskus.ee\/wp-content\/uploads\/2026\/02\/Kaminakeskus-logo-1-1.jpg","contentUrl":"https:\/\/www.kaminakeskus.ee\/wp-content\/uploads\/2026\/02\/Kaminakeskus-logo-1-1.jpg","width":2068,"height":532,"caption":"R\u00e4ndr\u00fc\u00fctel HP O\u00dc"},"image":{"@id":"https:\/\/www.kaminakeskus.ee\/lv\/#\/schema\/logo\/image\/"},"sameAs":["https:\/\/www.facebook.com\/kaminakeskus\/yoast"],"description":"Sales of fireplaces, chimneys and related goods. Kaminate, ahjude, pliitide, korstnate ja nendega seotud toodete m\u00fc\u00fck.","legalName":"R\u00e4ndr\u00fc\u00fctel HP O\u00dc","foundingDate":"1997-05-13","leiCode":"9845007FC4HB963C8D65","numberOfEmployees":{"@type":"QuantitativeValue","minValue":"1","maxValue":"10"},"telephone":["+372 5543239","+372 58812360"],"contactPoint":{"@type":"ContactPoint","telephone":"+372 5543239","email":"kaminakeskus@gmail.com"},"email":"kaminakeskus@gmail.com","vatID":"EE100831739","taxID":"10208374"}]}},"_links":{"self":[{"href":"https:\/\/www.kaminakeskus.ee\/lv\/wp-json\/wp\/v2\/pages\/5304","targetHints":{"allow":["GET"]}}],"collection":[{"href":"https:\/\/www.kaminakeskus.ee\/lv\/wp-json\/wp\/v2\/pages"}],"about":[{"href":"https:\/\/www.kaminakeskus.ee\/lv\/wp-json\/wp\/v2\/types\/page"}],"author":[{"embeddable":true,"href":"https:\/\/www.kaminakeskus.ee\/lv\/wp-json\/wp\/v2\/users\/3"}],"replies":[{"embeddable":true,"href":"https:\/\/www.kaminakeskus.ee\/lv\/wp-json\/wp\/v2\/comments?post=5304"}],"version-history":[{"count":1,"href":"https:\/\/www.kaminakeskus.ee\/lv\/wp-json\/wp\/v2\/pages\/5304\/revisions"}],"predecessor-version":[{"id":5314,"href":"https:\/\/www.kaminakeskus.ee\/lv\/wp-json\/wp\/v2\/pages\/5304\/revisions\/5314"}],"wp:attachment":[{"href":"https:\/\/www.kaminakeskus.ee\/lv\/wp-json\/wp\/v2\/media?parent=5304"}],"curies":[{"name":"wp","href":"https:\/\/api.w.org\/{rel}","templated":true}]}}