{"id":53792,"date":"2021-08-18T06:57:41","date_gmt":"2021-08-18T06:57:41","guid":{"rendered":"https:\/\/www.kaminakeskus.ee\/kamini-panadero\/"},"modified":"2021-09-02T15:52:42","modified_gmt":"2021-09-02T15:52:42","slug":"kamini-panadero","status":"publish","type":"page","link":"https:\/\/www.kaminakeskus.ee\/lv\/kamini-panadero\/","title":{"rendered":"KAM\u012aNI PANADERO"},"content":{"rendered":"<p><div class=\"fusion-fullwidth fullwidth-box fusion-builder-row-1 fusion-flex-container hundred-percent-fullwidth non-hundred-percent-height-scrolling\" style=\"--awb-border-radius-top-left:0px;--awb-border-radius-top-right:0px;--awb-border-radius-bottom-right:0px;--awb-border-radius-bottom-left:0px;--awb-margin-top:40px;--awb-flex-wrap:wrap;\" ><div class=\"fusion-builder-row fusion-row fusion-flex-align-items-flex-start fusion-flex-content-wrap\" style=\"width:104% !important;max-width:104% !important;margin-left: calc(-4% \/ 2 );margin-right: calc(-4% \/ 2 );\"><div class=\"fusion-layout-column fusion_builder_column fusion-builder-column-0 fusion_builder_column_1_1 1_1 fusion-flex-column\" style=\"--awb-bg-size:cover;--awb-width-large:100%;--awb-margin-top-large:0px;--awb-spacing-right-large:1.92%;--awb-margin-bottom-large:20px;--awb-spacing-left-large:1.92%;--awb-width-medium:100%;--awb-order-medium:0;--awb-spacing-right-medium:1.92%;--awb-spacing-left-medium:1.92%;--awb-width-small:100%;--awb-order-small:0;--awb-spacing-right-small:1.92%;--awb-spacing-left-small:1.92%;\"><div class=\"fusion-column-wrapper fusion-column-has-shadow fusion-flex-justify-content-flex-start fusion-content-layout-column\"><div class=\"fusion-blog-shortcode fusion-blog-shortcode-1 fusion-blog-archive fusion-blog-layout-grid-wrapper fusion-blog-no\"><style type=\"text\/css\">.fusion-blog-shortcode-1 .fusion-blog-layout-grid .fusion-post-grid{padding:12.5px;}.fusion-blog-shortcode-1 .fusion-posts-container{margin-left: -12.5px !important; margin-right:-12.5px !important;}<\/style><div class=\"fusion-posts-container fusion-posts-container-no fusion-no-meta-info fusion-blog-rollover fusion-blog-layout-grid fusion-blog-layout-grid-4 isotope fusion-blog-equal-heights\" data-pages=\"0\" data-grid-col-space=\"25\" style=\"margin: -12.5px -12.5px 0;min-height:500px;\"><article id=\"blog-1-post-45561\" class=\"fusion-post-grid post-45561 post type-post status-publish format-standard hentry category-kaminad-kaminad category-kaminad-panadero category-kamini-lv category-kamini-panadero\">\n<div class=\"fusion-post-wrapper\" style=\"background-color:rgba(255,255,255,1);border:1px solid #a82c23;border-bottom-width:3px;\">\n\n<div class=\"fusion-post-content-wrapper\" style=\"padding:30px 25px 25px 25px;\"><div class=\"fusion-post-content post-content\"><h2 class=\"blog-shortcode-post-title entry-title\"><a href=\"https:\/\/www.kaminakeskus.ee\/lv\/kamins-ar-krasns-panadero-krasni\/\">Kam\u012bns ar kr\u0101sns panadero kr\u0101sni<\/a><\/h2><div class=\"fusion-post-content-container\"><div id=\"attachment_42469\" style=\"width: 160px\" class=\"wp-caption alignleft\"><a href=\"https:\/\/www.kaminakeskus.ee\/wp-content\/uploads\/2020\/09\/kamin-praeahjuga-panadero-oven.jpg\"><img decoding=\"async\" aria-describedby=\"caption-attachment-42469\" class=\"size-thumbnail wp-image-42469\" src=\"https:\/\/www.kaminakeskus.ee\/wp-content\/uploads\/2020\/09\/kamin-praeahjuga-panadero-oven-150x150.jpg\" alt=\"\" width=\"150\" height=\"150\" srcset=\"https:\/\/www.kaminakeskus.ee\/wp-content\/uploads\/2020\/09\/kamin-praeahjuga-panadero-oven-150x150.jpg 150w, https:\/\/www.kaminakeskus.ee\/wp-content\/uploads\/2020\/09\/kamin-praeahjuga-panadero-oven.jpg 300w\" sizes=\"(max-width: 150px) 100vw, 150px\" \/><\/a><p id=\"caption-attachment-42469\" class=\"wp-caption-text\">Kam\u012bns ar cepe\u0161kr\u0101sni Cepe\u0161kr\u0101sns<\/p><\/div>\n<p><strong>Kamin kr\u0101sns<\/strong><br \/>\nJauda: 7,1 kW<br \/>\nAugstums: 1000mm<br \/>\nPlatums: 562mm<br \/>\nDzi\u013cums: 481mm<br \/>\nSkurste\u0146a diametrs: 150mm<br \/>\nSvars: 123kg<br \/>\n<strong>Cena: 1475 EUR<\/strong><\/p>\n<\/div><\/div><\/div><div class=\"fusion-clearfix\"><\/div><\/div>\n<\/article>\n<article id=\"blog-1-post-45549\" class=\"fusion-post-grid post-45549 post type-post status-publish format-standard hentry category-kamini-lv category-kamini-panadero\">\n<div class=\"fusion-post-wrapper\" style=\"background-color:rgba(255,255,255,1);border:1px solid #a82c23;border-bottom-width:3px;\">\n\n<div class=\"fusion-post-content-wrapper\" style=\"padding:30px 25px 25px 25px;\"><div class=\"fusion-post-content post-content\"><h2 class=\"blog-shortcode-post-title entry-title\"><a href=\"https:\/\/www.kaminakeskus.ee\/lv\/stura-kamins-ar-krasni-koimbra\/\">St\u016bra kam\u012bns ar kr\u0101sni Koimbr\u0101<\/a><\/h2><div class=\"fusion-post-content-container\"><div id=\"attachment_42465\" style=\"width: 160px\" class=\"wp-caption alignleft\"><a href=\"https:\/\/www.kaminakeskus.ee\/wp-content\/uploads\/2020\/09\/nurgakamin-praeahjuga-COIMBRA-150x150.jpg\"><img decoding=\"async\" aria-describedby=\"caption-attachment-42465\" class=\"size-thumbnail wp-image-27564\" src=\"https:\/\/www.kaminakeskus.ee\/wp-content\/uploads\/2020\/09\/nurgakamin-praeahjuga-COIMBRA-150x150.jpg\" alt=\"\" width=\"150\" height=\"150\" srcset=\"https:\/\/www.kaminakeskus.ee\/wp-content\/uploads\/2020\/09\/nurgakamin-praeahjuga-COIMBRA-150x150.jpg 150w, https:\/\/www.kaminakeskus.ee\/wp-content\/uploads\/2020\/09\/nurgakamin-praeahjuga-COIMBRA.jpg 300w\" sizes=\"(max-width: 150px) 100vw, 150px\" \/><\/a><p id=\"caption-attachment-42465\" class=\"wp-caption-text\">St\u016bra kam\u012bns ar kr\u0101sni Koimbr\u0101<\/p><\/div>\n<p><strong>St\u016bra kam\u012bns Coimbra<\/strong><br \/>\nJauda: 7 kW<br \/>\nAugstums: 1055mm<br \/>\nPlatums: 815mm<br \/>\nDzi\u013cums: 520mm<br \/>\nSkurste\u0146a diametrs: 150mm<br \/>\nSvars: 129kg<br \/>\n<strong>Cena: 1355 EUR<\/strong><\/p>\n<\/div><\/div><\/div><div class=\"fusion-clearfix\"><\/div><\/div>\n<\/article>\n<article id=\"blog-1-post-48445\" class=\"fusion-post-grid post-48445 post type-post status-publish format-standard hentry category-kamini-lv category-kamini-panadero\">\n<div class=\"fusion-post-wrapper\" style=\"background-color:rgba(255,255,255,1);border:1px solid #a82c23;border-bottom-width:3px;\">\n\n<div class=\"fusion-post-content-wrapper\" style=\"padding:30px 25px 25px 25px;\"><div class=\"fusion-post-content post-content\"><h2 class=\"blog-shortcode-post-title entry-title\"><a href=\"https:\/\/www.kaminakeskus.ee\/lv\/kamins-panadero-saphir\/\">Kam\u012bns Panadero Saphir<\/a><\/h2><div class=\"fusion-post-content-container\"><div id=\"attachment_41713\" style=\"width: 160px\" class=\"wp-caption alignleft\"><a href=\"https:\/\/www.kaminakeskus.ee\/wp-content\/uploads\/2020\/05\/kamin-panadero-SAPHIR-150x150.jpg\"><img decoding=\"async\" aria-describedby=\"caption-attachment-41713\" class=\"size-thumbnail wp-image-26805\" src=\"https:\/\/www.kaminakeskus.ee\/wp-content\/uploads\/2020\/05\/kamin-panadero-SAPHIR-150x150.jpg\" alt=\"\" width=\"150\" height=\"150\" srcset=\"https:\/\/www.kaminakeskus.ee\/wp-content\/uploads\/2020\/05\/kamin-panadero-SAPHIR-150x150.jpg 150w, https:\/\/www.kaminakeskus.ee\/wp-content\/uploads\/2020\/05\/kamin-panadero-SAPHIR-300x300.jpg 300w, https:\/\/www.kaminakeskus.ee\/wp-content\/uploads\/2020\/05\/kamin-panadero-SAPHIR.jpg 450w\" sizes=\"(max-width: 150px) 100vw, 150px\" \/><\/a><p id=\"caption-attachment-41713\" class=\"wp-caption-text\">Kam\u012bns Panadero Saphir<\/p><\/div>\n<p><strong>Kamin Saphir<\/strong><br \/>\nJauda: 7.1kW<br \/>\nAugstums: 810mm<br \/>\nPlatums: 563mm<br \/>\nDzi\u013cums: 396mm<br \/>\nSkurste\u0146a diametrs: 150mm<br \/>\nSvars: 103kg<br \/>\n<strong>Cena: 1059 EUR<\/strong><\/p>\n<\/div><\/div><\/div><div class=\"fusion-clearfix\"><\/div><\/div>\n<\/article>\n<article id=\"blog-1-post-48427\" class=\"fusion-post-grid post-48427 post type-post status-publish format-standard hentry category-kamini-lv category-kamini-panadero\">\n<div class=\"fusion-post-wrapper\" style=\"background-color:rgba(255,255,255,1);border:1px solid #a82c23;border-bottom-width:3px;\">\n\n<div class=\"fusion-post-content-wrapper\" style=\"padding:30px 25px 25px 25px;\"><div class=\"fusion-post-content post-content\"><h2 class=\"blog-shortcode-post-title entry-title\"><a href=\"https:\/\/www.kaminakeskus.ee\/lv\/kamins-panadero-onix-3v\/\">Kam\u012bns Panadero Onix 3v<\/a><\/h2><div class=\"fusion-post-content-container\"><div id=\"attachment_41709\" style=\"width: 160px\" class=\"wp-caption alignleft\"><a href=\"https:\/\/www.kaminakeskus.ee\/wp-content\/uploads\/2020\/05\/kamin-panadero-ONIX-3v-150x150.jpg\"><img decoding=\"async\" aria-describedby=\"caption-attachment-41709\" class=\"wp-image-26802 size-thumbnail\" src=\"https:\/\/www.kaminakeskus.ee\/wp-content\/uploads\/2020\/05\/kamin-panadero-ONIX-3v-150x150.jpg\" alt=\"\" width=\"150\" height=\"150\" srcset=\"https:\/\/www.kaminakeskus.ee\/wp-content\/uploads\/2020\/05\/kamin-panadero-ONIX-3v-150x150.jpg 150w, https:\/\/www.kaminakeskus.ee\/wp-content\/uploads\/2020\/05\/kamin-panadero-ONIX-3v-300x300.jpg 300w, https:\/\/www.kaminakeskus.ee\/wp-content\/uploads\/2020\/05\/kamin-panadero-ONIX-3v.jpg 450w\" sizes=\"(max-width: 150px) 100vw, 150px\" \/><\/a><p id=\"caption-attachment-41709\" class=\"wp-caption-text\">Kam\u012bns Onix 3v<\/p><\/div>\n<p><strong>Kam\u012bns Onix 3v<\/strong><br \/>\nJauda: 7.1kW<br \/>\nAugstums: 810mm<br \/>\nPlatums: 563mm<br \/>\nDzi\u013cums: 396mm<br \/>\nSkurste\u0146a diametrs: 150mm<br \/>\nSvars: 103kg<br \/>\n<strong>Cena: 1179 EUR<\/strong><\/p>\n<\/div><\/div><\/div><div class=\"fusion-clearfix\"><\/div><\/div>\n<\/article>\n<article id=\"blog-1-post-47301\" class=\"fusion-post-grid post-47301 post type-post status-publish format-standard hentry category-kamini category-kamini-panadero\">\n<div class=\"fusion-post-wrapper\" style=\"background-color:rgba(255,255,255,1);border:1px solid #a82c23;border-bottom-width:3px;\">\n\n<div class=\"fusion-post-content-wrapper\" style=\"padding:30px 25px 25px 25px;\"><div class=\"fusion-post-content post-content\"><h2 class=\"blog-shortcode-post-title entry-title\"><a href=\"https:\/\/www.kaminakeskus.ee\/lv\/kamins-panadero-atlantic-3v\/\">Kam\u012bns Panadero Atlantic 3V<\/a><\/h2><div class=\"fusion-post-content-container\"><div id=\"attachment_38917\" style=\"width: 160px\" class=\"wp-caption alignleft\"><a href=\"https:\/\/www.kaminakeskus.ee\/kamin-atlantic-3v-2\/\" rel=\"attachment wp-att-22924\"><img decoding=\"async\" aria-describedby=\"caption-attachment-38917\" class=\"size-thumbnail wp-image-22924\" src=\"https:\/\/www.kaminakeskus.ee\/wp-content\/uploads\/2019\/02\/kamin-ATLANTIC-3v-150x150.jpg\" alt=\"\" width=\"150\" height=\"150\" srcset=\"https:\/\/www.kaminakeskus.ee\/wp-content\/uploads\/2019\/02\/kamin-ATLANTIC-3v-150x150.jpg 150w, https:\/\/www.kaminakeskus.ee\/wp-content\/uploads\/2019\/02\/kamin-ATLANTIC-3v-300x300.jpg 300w, https:\/\/www.kaminakeskus.ee\/wp-content\/uploads\/2019\/02\/kamin-ATLANTIC-3v.jpg 450w\" sizes=\"(max-width: 150px) 100vw, 150px\" \/><\/a><p id=\"caption-attachment-38917\" class=\"wp-caption-text\">Kam\u012bns Atlantic 3v<\/p><\/div>\n<p><strong>Kam\u012bns Atlantic 3V<\/strong><br \/>\nJauda: 6,7 kW<br \/>\nApsild\u0101m\u0101 plat\u012bba: 67m2<br \/>\nAugstums: 797 mm<br \/>\nPlatums: 639 mm<br \/>\nDzi\u013cums: 400 mm<br \/>\nD\u016bme\u0146a diametrs: 150 mm<br \/>\nSvars: 101 kg<br \/>\n<strong>Cena: 1189 EUR<\/strong><\/p>\n<\/div><\/div><\/div><div class=\"fusion-clearfix\"><\/div><\/div>\n<\/article>\n<article id=\"blog-1-post-47362\" class=\"fusion-post-grid post-47362 post type-post status-publish format-standard hentry category-kamini category-kamini-panadero\">\n<div class=\"fusion-post-wrapper\" style=\"background-color:rgba(255,255,255,1);border:1px solid #a82c23;border-bottom-width:3px;\">\n\n<div class=\"fusion-post-content-wrapper\" style=\"padding:30px 25px 25px 25px;\"><div class=\"fusion-post-content post-content\"><h2 class=\"blog-shortcode-post-title entry-title\"><a href=\"https:\/\/www.kaminakeskus.ee\/lv\/kamins-panadero-oval-1-stone\/\">Kam\u012bns Panadero Oval 1 Stone<\/a><\/h2><div class=\"fusion-post-content-container\"><div id=\"attachment_38921\" style=\"width: 160px\" class=\"wp-caption alignleft\"><a href=\"https:\/\/www.kaminakeskus.ee\/oval-1-stone-3\/\" rel=\"attachment wp-att-22926\"><img decoding=\"async\" aria-describedby=\"caption-attachment-38921\" class=\"wp-image-22926 size-thumbnail\" src=\"https:\/\/www.kaminakeskus.ee\/wp-content\/uploads\/2019\/02\/OVAL-1-STONE-2-150x150.jpg\" alt=\"Kamin 9,6kw Oval 1 Stone\" width=\"150\" height=\"150\" srcset=\"https:\/\/www.kaminakeskus.ee\/wp-content\/uploads\/2019\/02\/OVAL-1-STONE-2-150x150.jpg 150w, https:\/\/www.kaminakeskus.ee\/wp-content\/uploads\/2019\/02\/OVAL-1-STONE-2-300x300.jpg 300w, https:\/\/www.kaminakeskus.ee\/wp-content\/uploads\/2019\/02\/OVAL-1-STONE-2.jpg 450w\" sizes=\"(max-width: 150px) 100vw, 150px\" \/><\/a><p id=\"caption-attachment-38921\" class=\"wp-caption-text\">Kam\u012bns Ov\u0101ls 1 akmens<\/p><\/div>\n<p><strong>Kam\u012bns Ov\u0101ls 1 akmens<\/strong><br \/>\nJauda: 8,7 kW<br \/>\nApsild\u0101m\u0101 plat\u012bba: 96m2<br \/>\nAugstums: 1048 mm<br \/>\nPlatums: 605 mm<br \/>\nDzi\u013cums: 490 mm<br \/>\nD\u016bme\u0146a diametrs: 150 mm<br \/>\nSvars: 164 kg<br \/>\n<strong>Cena: 1599 EUR<\/strong><\/p>\n<\/div><\/div><\/div><div class=\"fusion-clearfix\"><\/div><\/div>\n<\/article>\n<article id=\"blog-1-post-47376\" class=\"fusion-post-grid post-47376 post type-post status-publish format-standard hentry category-kamini category-kamini-panadero\">\n<div class=\"fusion-post-wrapper\" style=\"background-color:rgba(255,255,255,1);border:1px solid #a82c23;border-bottom-width:3px;\">\n\n<div class=\"fusion-post-content-wrapper\" style=\"padding:30px 25px 25px 25px;\"><div class=\"fusion-post-content post-content\"><h2 class=\"blog-shortcode-post-title entry-title\"><a href=\"https:\/\/www.kaminakeskus.ee\/lv\/kamins-panadero-delta\/\">Kam\u012bns Panadero Delta<\/a><\/h2><div class=\"fusion-post-content-container\"><div id=\"attachment_38745\" style=\"width: 160px\" class=\"wp-caption alignleft\"><a href=\"https:\/\/www.kaminakeskus.ee\/kamin-panadero-delta-2\/\" rel=\"attachment wp-att-22769\"><img decoding=\"async\" aria-describedby=\"caption-attachment-38745\" class=\"wp-image-22769 size-thumbnail\" src=\"http:\/\/www.kaminakeskus.ee\/wp-content\/uploads\/2019\/02\/kamin-panadero-DELTA-150x150.jpg\" alt=\"Kamin Panadero Delta 10kW\" width=\"150\" height=\"150\" srcset=\"https:\/\/www.kaminakeskus.ee\/wp-content\/uploads\/2019\/02\/kamin-panadero-DELTA-150x150.jpg 150w, https:\/\/www.kaminakeskus.ee\/wp-content\/uploads\/2019\/02\/kamin-panadero-DELTA-300x300.jpg 300w, https:\/\/www.kaminakeskus.ee\/wp-content\/uploads\/2019\/02\/kamin-panadero-DELTA.jpg 450w\" sizes=\"(max-width: 150px) 100vw, 150px\" \/><\/a><p id=\"caption-attachment-38745\" class=\"wp-caption-text\">Kam\u012bns Panadero Delta<\/p><\/div>\n<p><strong>Kam\u012bna delta<\/strong><br \/>\nJauda: 10 kW<br \/>\nApsild\u0101m\u0101 plat\u012bba: 100m2<br \/>\nAugstums: 1003 mm<br \/>\nPlatums: 556 mm<br \/>\nDzi\u013cums: 500 mm<br \/>\nD\u016bme\u0146a diametrs: 150 mm<br \/>\nSvars: 152 kg<br \/>\n<strong>Cena: 1349 EUR<\/strong><\/p>\n<\/div><\/div><\/div><div class=\"fusion-clearfix\"><\/div><\/div>\n<\/article>\n<article id=\"blog-1-post-47388\" class=\"fusion-post-grid post-47388 post type-post status-publish format-standard hentry category-kamini category-kamini-panadero\">\n<div class=\"fusion-post-wrapper\" style=\"background-color:rgba(255,255,255,1);border:1px solid #a82c23;border-bottom-width:3px;\">\n\n<div class=\"fusion-post-content-wrapper\" style=\"padding:30px 25px 25px 25px;\"><div class=\"fusion-post-content post-content\"><h2 class=\"blog-shortcode-post-title entry-title\"><a href=\"https:\/\/www.kaminakeskus.ee\/lv\/kamins-panadero-java-3v\/\">Kam\u012bns Panadero Java 3V<\/a><\/h2><div class=\"fusion-post-content-container\"><div id=\"attachment_38713\" style=\"width: 160px\" class=\"wp-caption alignleft\"><a href=\"https:\/\/www.kaminakeskus.ee\/kamin-java-3v\/\" rel=\"attachment wp-att-22708\"><img decoding=\"async\" aria-describedby=\"caption-attachment-38713\" class=\"wp-image-22708 size-thumbnail\" src=\"http:\/\/www.kaminakeskus.ee\/wp-content\/uploads\/2019\/01\/kamin-JAVA-3v-150x150.jpg\" alt=\"Kamin Java 3v 6,7kW\" width=\"150\" height=\"150\" srcset=\"https:\/\/www.kaminakeskus.ee\/wp-content\/uploads\/2019\/01\/kamin-JAVA-3v-150x150.jpg 150w, https:\/\/www.kaminakeskus.ee\/wp-content\/uploads\/2019\/01\/kamin-JAVA-3v-300x300.jpg 300w, https:\/\/www.kaminakeskus.ee\/wp-content\/uploads\/2019\/01\/kamin-JAVA-3v.jpg 450w\" sizes=\"(max-width: 150px) 100vw, 150px\" \/><\/a><p id=\"caption-attachment-38713\" class=\"wp-caption-text\">Kam\u012bns Panadero Java 3V<\/p><\/div>\n<p><strong>Kam\u012bns Java 3V<\/strong><br \/>\nJauda: 6,7 kW<br \/>\nApsild\u0101m\u0101 plat\u012bba: 67m2<br \/>\nAugstums: 695 mm<br \/>\nPlatums: 640 mm<br \/>\nDzi\u013cums: 393 mm<br \/>\nD\u016bme\u0146a diametrs: 150 mm<br \/>\nSvars: 103 kg<br \/>\n<strong>Cena: 1190 EUR<\/strong><\/p>\n<\/div><\/div><\/div><div class=\"fusion-clearfix\"><\/div><\/div>\n<\/article>\n<article id=\"blog-1-post-47389\" class=\"fusion-post-grid post-47389 post type-post status-publish format-standard hentry category-kamini category-kamini-panadero\">\n<div class=\"fusion-post-wrapper\" style=\"background-color:rgba(255,255,255,1);border:1px solid #a82c23;border-bottom-width:3px;\">\n\n<div class=\"fusion-post-content-wrapper\" style=\"padding:30px 25px 25px 25px;\"><div class=\"fusion-post-content post-content\"><h2 class=\"blog-shortcode-post-title entry-title\"><a href=\"https:\/\/www.kaminakeskus.ee\/lv\/kamins-panadero-condor-3v\/\">Kamin Panadero Condor 3V<\/a><\/h2><div class=\"fusion-post-content-container\"><div id=\"attachment_38705\" style=\"width: 160px\" class=\"wp-caption alignleft\"><a href=\"https:\/\/www.kaminakeskus.ee\/kamin-condor-3v\/\" rel=\"attachment wp-att-22702\"><img decoding=\"async\" aria-describedby=\"caption-attachment-38705\" class=\"wp-image-22702 size-thumbnail\" src=\"http:\/\/www.kaminakeskus.ee\/wp-content\/uploads\/2019\/01\/kamin-condor-3v-150x150.jpg\" alt=\"Kamin Panadero Condor 3V\" width=\"150\" height=\"150\" srcset=\"https:\/\/www.kaminakeskus.ee\/wp-content\/uploads\/2019\/01\/kamin-condor-3v-150x150.jpg 150w, https:\/\/www.kaminakeskus.ee\/wp-content\/uploads\/2019\/01\/kamin-condor-3v-300x300.jpg 300w, https:\/\/www.kaminakeskus.ee\/wp-content\/uploads\/2019\/01\/kamin-condor-3v.jpg 450w\" sizes=\"(max-width: 150px) 100vw, 150px\" \/><\/a><p id=\"caption-attachment-38705\" class=\"wp-caption-text\">Kam\u012bns Panadero Condor 3V<\/p><\/div>\n<p><strong>Kam\u012bnkondors 3V<\/strong><br \/>\nJauda: 8,3 kW<br \/>\nApsild\u0101m\u0101 plat\u012bba: 83m2<br \/>\nAugstums: 850 mm<br \/>\nPlatums: 468 mm<br \/>\nDzi\u013cums: 409 mm<br \/>\nD\u016bme\u0146a diametrs: 150 mm<br \/>\nSvars: 118 kg<br \/>\n<strong>Cena: 1249 EUR<\/strong><\/p>\n<\/div><\/div><\/div><div class=\"fusion-clearfix\"><\/div><\/div>\n<\/article>\n<article id=\"blog-1-post-47350\" class=\"fusion-post-grid post-47350 post type-post status-publish format-standard hentry category-kamini category-kamini-panadero\">\n<div class=\"fusion-post-wrapper\" style=\"background-color:rgba(255,255,255,1);border:1px solid #a82c23;border-bottom-width:3px;\">\n\n<div class=\"fusion-post-content-wrapper\" style=\"padding:30px 25px 25px 25px;\"><div class=\"fusion-post-content post-content\"><h2 class=\"blog-shortcode-post-title entry-title\"><a href=\"https:\/\/www.kaminakeskus.ee\/lv\/kamins-panadero-nevada\/\">Kam\u012bns Panadero Nevada<\/a><\/h2><div class=\"fusion-post-content-container\"><div id=\"attachment_38925\" style=\"width: 160px\" class=\"wp-caption alignleft\"><a href=\"https:\/\/www.kaminakeskus.ee\/kamin-nevada-2\/\" rel=\"attachment wp-att-22928\"><img decoding=\"async\" aria-describedby=\"caption-attachment-38925\" class=\"wp-image-22928 size-thumbnail\" src=\"http:\/\/www.kaminakeskus.ee\/wp-content\/uploads\/2019\/02\/kamin-nevada-150x150.jpg\" alt=\"Kamin Panadero Nevada  \" width=\"150\" height=\"150\" srcset=\"https:\/\/www.kaminakeskus.ee\/wp-content\/uploads\/2019\/02\/kamin-nevada-150x150.jpg 150w, https:\/\/www.kaminakeskus.ee\/wp-content\/uploads\/2019\/02\/kamin-nevada-300x300.jpg 300w, https:\/\/www.kaminakeskus.ee\/wp-content\/uploads\/2019\/02\/kamin-nevada.jpg 450w\" sizes=\"(max-width: 150px) 100vw, 150px\" \/><\/a><p id=\"caption-attachment-38925\" class=\"wp-caption-text\">Kam\u012bns Nevad\u0101<\/p><\/div>\n<p><strong>Kam\u012bns Nevad\u0101<\/strong><br \/>\nJauda: 12,4 kW<br \/>\nApsild\u0101m\u0101 plat\u012bba: 124m2<br \/>\nAugstums: 1000 mm<br \/>\nPlatums: 650 mm<br \/>\nDzi\u013cums: 465 mm<br \/>\nD\u016bme\u0146a diametrs: 150 mm<br \/>\nSvars: 141 kg<br \/>\n<strong>Cena: 1595 EUR<\/strong><\/p>\n<\/div><\/div><\/div><div class=\"fusion-clearfix\"><\/div><\/div>\n<\/article>\n<article id=\"blog-1-post-47393\" class=\"fusion-post-grid post-47393 post type-post status-publish format-standard hentry category-kamini category-kamini-panadero\">\n<div class=\"fusion-post-wrapper\" style=\"background-color:rgba(255,255,255,1);border:1px solid #a82c23;border-bottom-width:3px;\">\n\n<div class=\"fusion-post-content-wrapper\" style=\"padding:30px 25px 25px 25px;\"><div class=\"fusion-post-content post-content\"><h2 class=\"blog-shortcode-post-title entry-title\"><a href=\"https:\/\/www.kaminakeskus.ee\/lv\/kamins-panadero-allegro\/\">Kam\u012bns Panadero Allegro<\/a><\/h2><div class=\"fusion-post-content-container\"><div id=\"attachment_38697\" style=\"width: 160px\" class=\"wp-caption alignleft\"><a href=\"https:\/\/www.kaminakeskus.ee\/kamin-panadero-allegro-2\/\" rel=\"attachment wp-att-22694\"><img decoding=\"async\" aria-describedby=\"caption-attachment-38697\" class=\"size-thumbnail wp-image-38697\" src=\"https:\/\/www.kaminakeskus.ee\/wp-content\/uploads\/2019\/01\/kamin-panadero-allegro-1-150x150.jpg\" alt=\"\" width=\"150\" height=\"150\" srcset=\"https:\/\/www.kaminakeskus.ee\/wp-content\/uploads\/2019\/01\/kamin-panadero-allegro-1-150x150.jpg 150w, https:\/\/www.kaminakeskus.ee\/wp-content\/uploads\/2019\/01\/kamin-panadero-allegro-1-300x300.jpg 300w, https:\/\/www.kaminakeskus.ee\/wp-content\/uploads\/2019\/01\/kamin-panadero-allegro-1.jpg 450w\" sizes=\"(max-width: 150px) 100vw, 150px\" \/><\/a><p id=\"caption-attachment-38697\" class=\"wp-caption-text\">Kam\u012bns Panadero Allegro<\/p><\/div>\n<p><strong>Kam\u012bns Panadero Allegro<\/strong><br \/>\nJauda: 9 kW<br \/>\nApsild\u0101m\u0101 plat\u012bba: 90m2<br \/>\nAugstums: 873 mm<br \/>\nPlatums: 1091 mm<br \/>\nDzi\u013cums: 468 mm<br \/>\nD\u016bme\u0146a diametrs: 150 mm<br \/>\nSvars: 142 kg<br \/>\n<strong>Cena: 1949 EUR<\/strong><\/p>\n<\/div><\/div><\/div><div class=\"fusion-clearfix\"><\/div><\/div>\n<\/article>\n<article id=\"blog-1-post-49578\" class=\"fusion-post-grid post-49578 post type-post status-publish format-standard hentry category-kamini category-kamini-panadero\">\n<div class=\"fusion-post-wrapper\" style=\"background-color:rgba(255,255,255,1);border:1px solid #a82c23;border-bottom-width:3px;\">\n\n<div class=\"fusion-post-content-wrapper\" style=\"padding:30px 25px 25px 25px;\"><div class=\"fusion-post-content post-content\"><h2 class=\"blog-shortcode-post-title entry-title\"><a href=\"https:\/\/www.kaminakeskus.ee\/lv\/kamin-harmonie\/\">Kamin Harmonie<\/a><\/h2><div class=\"fusion-post-content-container\"><div id=\"attachment_38873\" style=\"width: 160px\" class=\"wp-caption aligncenter\"><a href=\"https:\/\/www.kaminakeskus.ee\/lv\/kamin-panadero-harmonie-2\/\" rel=\"attachment wp-att-22901\"><img decoding=\"async\" aria-describedby=\"caption-attachment-38873\" class=\"wp-image-22901 size-thumbnail\" title=\"Kamin Panadero Harmonie\" src=\"https:\/\/www.kaminakeskus.ee\/wp-content\/uploads\/2019\/02\/Kamin-Panadero-Harmonie-150x150.jpg\" alt=\"Kamin Panadero Harmonie\" width=\"150\" height=\"150\" srcset=\"https:\/\/www.kaminakeskus.ee\/wp-content\/uploads\/2019\/02\/Kamin-Panadero-Harmonie-150x150.jpg 150w, https:\/\/www.kaminakeskus.ee\/wp-content\/uploads\/2019\/02\/Kamin-Panadero-Harmonie-300x300.jpg 300w, https:\/\/www.kaminakeskus.ee\/wp-content\/uploads\/2019\/02\/Kamin-Panadero-Harmonie.jpg 450w\" sizes=\"(max-width: 150px) 100vw, 150px\" \/><\/a><p id=\"caption-attachment-38873\" class=\"wp-caption-text\"><strong>Kamin Panadero Harmonie<\/strong><\/p><\/div>\n<p style=\"text-align: center;\">Jauda: 7,2 kW<br \/>\n Apsild\u0101m\u0101 plat\u012bba: 72m2<br \/>\n Augstums: 889 mm<br \/>\n Platums: 796 mm<br \/>\n Dzi\u013cums: 482 mm<br \/>\n D\u016bmvada diametrs: 150 mm<br \/>\n Svars: 150 kg<br \/>\n <strong>Cena: \u20ac1585<\/strong><\/p>\n<\/div><\/div><\/div><div class=\"fusion-clearfix\"><\/div><\/div>\n<\/article>\n<article id=\"blog-1-post-49526\" class=\"fusion-post-grid post-49526 post type-post status-publish format-standard hentry category-kamini category-kamini-panadero\">\n<div class=\"fusion-post-wrapper\" style=\"background-color:rgba(255,255,255,1);border:1px solid #a82c23;border-bottom-width:3px;\">\n\n<div class=\"fusion-post-content-wrapper\" style=\"padding:30px 25px 25px 25px;\"><div class=\"fusion-post-content post-content\"><h2 class=\"blog-shortcode-post-title entry-title\"><a href=\"https:\/\/www.kaminakeskus.ee\/lv\/kamins-panadero-canada\/\">Kam\u012bns Panadero Canada<\/a><\/h2><div class=\"fusion-post-content-container\"><div id=\"attachment_38869\" style=\"width: 160px\" class=\"wp-caption alignleft\"><a href=\"https:\/\/www.kaminakeskus.ee\/kamin-panadero-canada\/\" rel=\"attachment wp-att-22899\"><img decoding=\"async\" aria-describedby=\"caption-attachment-38869\" class=\"size-thumbnail wp-image-22899\" src=\"https:\/\/www.kaminakeskus.ee\/wp-content\/uploads\/2019\/02\/Kamin-Panadero-Canada-150x150.jpg\" alt=\"\" width=\"150\" height=\"150\"><\/a><p id=\"caption-attachment-38869\" class=\"wp-caption-text\">Kam\u012bns Panadero Canada<\/p><\/div>\n<p><strong>Kamin Kan\u0101da<\/strong><br \/>\nJauda: 5,9 kW<br \/>\nApsild\u0101m\u0101 virsma: 60-120m2<br \/>\nAugstums: 2067-2835 mm<br \/>\nPlatums: 700 mm<br \/>\nDzi\u013cums: 500 mm<br \/>\nD\u016bme\u0146a diametrs: 150 mm<br \/>\nSvars: 119 kg<br \/>\n<strong>Cena: 1490 EUR<\/strong><\/p>\n<\/div><\/div><\/div><div class=\"fusion-clearfix\"><\/div><\/div>\n<\/article>\n<article id=\"blog-1-post-49557\" class=\"fusion-post-grid post-49557 post type-post status-publish format-standard hentry category-kamini category-kamini-panadero\">\n<div class=\"fusion-post-wrapper\" style=\"background-color:rgba(255,255,255,1);border:1px solid #a82c23;border-bottom-width:3px;\">\n\n<div class=\"fusion-post-content-wrapper\" style=\"padding:30px 25px 25px 25px;\"><div class=\"fusion-post-content post-content\"><h2 class=\"blog-shortcode-post-title entry-title\"><a href=\"https:\/\/www.kaminakeskus.ee\/lv\/kamins-naxos-plus\/\">Kam\u012bns Naxos Plus<\/a><\/h2><div class=\"fusion-post-content-container\"><div id=\"attachment_38881\" style=\"width: 160px\" class=\"wp-caption alignleft\"><a href=\"https:\/\/www.kaminakeskus.ee\/kamin-panadero-naxos-plus\/\" rel=\"attachment wp-att-22906\"><img decoding=\"async\" aria-describedby=\"caption-attachment-38881\" class=\"wp-image-22906 size-thumbnail\" src=\"http:\/\/www.kaminakeskus.ee\/wp-content\/uploads\/2019\/02\/Kamin-Panadero-Naxos-Plus-150x150.jpg\" alt=\"Kamin Panadero Naxos\" width=\"150\" height=\"150\" srcset=\"https:\/\/www.kaminakeskus.ee\/wp-content\/uploads\/2019\/02\/Kamin-Panadero-Naxos-Plus-150x150.jpg 150w, https:\/\/www.kaminakeskus.ee\/wp-content\/uploads\/2019\/02\/Kamin-Panadero-Naxos-Plus-300x300.jpg 300w, https:\/\/www.kaminakeskus.ee\/wp-content\/uploads\/2019\/02\/Kamin-Panadero-Naxos-Plus.jpg 600w\" sizes=\"(max-width: 150px) 100vw, 150px\" \/><\/a><p id=\"caption-attachment-38881\" class=\"wp-caption-text\">Kam\u012bns Panadero Naxos Plus<\/p><\/div>\n<p><strong>Kam\u012bns Naxos Plus<\/strong><br \/>\nJauda: 9 kW<br \/>\nApsild\u0101m\u0101 plat\u012bba: 90m2<br \/>\nAugstums: 695 mm<br \/>\nPlatums: 640 mm<br \/>\nDzi\u013cums: 388 mm<br \/>\nD\u016bme\u0146a diametrs: 150 mm<br \/>\nSvars: 101 kg<br \/>\nD\u016bmg\u0101zu temperat\u016bra: 285 \u00b0<br \/>\n<strong>Cena: 1130 EUR<\/strong><\/p>\n<\/div><\/div><\/div><div class=\"fusion-clearfix\"><\/div><\/div>\n<\/article>\n<article id=\"blog-1-post-49489\" class=\"fusion-post-grid post-49489 post type-post status-publish format-standard hentry category-kamini category-kamini-panadero\">\n<div class=\"fusion-post-wrapper\" style=\"background-color:rgba(255,255,255,1);border:1px solid #a82c23;border-bottom-width:3px;\">\n\n<div class=\"fusion-post-content-wrapper\" style=\"padding:30px 25px 25px 25px;\"><div class=\"fusion-post-content post-content\"><h2 class=\"blog-shortcode-post-title entry-title\"><a href=\"https:\/\/www.kaminakeskus.ee\/lv\/kaminkrasns-boheme\/\">Kam\u012bnkr\u0101sns Boheme<\/a><\/h2><div class=\"fusion-post-content-container\"><div id=\"attachment_38885\" style=\"width: 160px\" class=\"wp-caption alignleft\"><a href=\"https:\/\/www.kaminakeskus.ee\/kamin-pliit-panadero-boheme\/\" rel=\"attachment wp-att-22908\"><img decoding=\"async\" aria-describedby=\"caption-attachment-38885\" class=\"wp-image-22908 size-thumbnail\" src=\"http:\/\/www.kaminakeskus.ee\/wp-content\/uploads\/2019\/02\/Kamin-pliit-Panadero-Boheme-150x150.jpg\" alt=\"Kamin-pliit Panadero Boheme\" width=\"150\" height=\"150\" srcset=\"https:\/\/www.kaminakeskus.ee\/wp-content\/uploads\/2019\/02\/Kamin-pliit-Panadero-Boheme-150x150.jpg 150w, https:\/\/www.kaminakeskus.ee\/wp-content\/uploads\/2019\/02\/Kamin-pliit-Panadero-Boheme.jpg 225w\" sizes=\"(max-width: 150px) 100vw, 150px\" \/><\/a><p id=\"caption-attachment-38885\" class=\"wp-caption-text\">Kam\u012bnkr\u0101sns Panadero Boheme<\/p><\/div>\n<p><strong>Kam\u012bnkr\u0101sns Boheme<\/strong><br \/>\nJauda: 9,9 kW<br \/>\nApsild\u0101m\u0101 plat\u012bba: 99m2<br \/>\nAugstums: 819 mm<br \/>\nPlatums: 718 mm<br \/>\nDzi\u013cums: 447 mm<br \/>\nD\u016bme\u0146a diametrs: 150 mm<br \/>\nSvars: 135 kg<br \/>\nD\u016bmg\u0101zu temperat\u016bra: 323 \u00b0<br \/>\n<strong>Cena: 1239 EUR<\/strong><\/p>\n<\/div><\/div><\/div><div class=\"fusion-clearfix\"><\/div><\/div>\n<\/article>\n<article id=\"blog-1-post-49568\" class=\"fusion-post-grid post-49568 post type-post status-publish format-standard hentry category-kamini category-kamini-panadero\">\n<div class=\"fusion-post-wrapper\" style=\"background-color:rgba(255,255,255,1);border:1px solid #a82c23;border-bottom-width:3px;\">\n\n<div class=\"fusion-post-content-wrapper\" style=\"padding:30px 25px 25px 25px;\"><div class=\"fusion-post-content post-content\"><h2 class=\"blog-shortcode-post-title entry-title\"><a href=\"https:\/\/www.kaminakeskus.ee\/lv\/kamins-panadero-maja-s\/\">Kamin Panadero Maja-S<\/a><\/h2><div class=\"fusion-post-content-container\"><div id=\"attachment_38861\" style=\"width: 160px\" class=\"wp-caption aligncenter\"><a href=\"https:\/\/www.kaminakeskus.ee\/kamin-panadero-maja-plus\/\"><img decoding=\"async\" aria-describedby=\"caption-attachment-38861\" class=\"wp-image-22894 size-thumbnail\" src=\"http:\/\/www.kaminakeskus.ee\/wp-content\/uploads\/2019\/02\/kamin-panadero-Maja-Plus-150x150.jpeg\" alt=\"Kamin Panadero Maja-S\" width=\"150\" height=\"150\" srcset=\"https:\/\/www.kaminakeskus.ee\/wp-content\/uploads\/2019\/02\/kamin-panadero-Maja-Plus-150x150.jpeg 150w, https:\/\/www.kaminakeskus.ee\/wp-content\/uploads\/2019\/02\/kamin-panadero-Maja-Plus.jpeg 853w\" sizes=\"(max-width: 150px) 100vw, 150px\" \/><\/a><p id=\"caption-attachment-38861\" class=\"wp-caption-text\"><strong>Kam\u012bns Panadero m\u0101ja<\/strong><\/p><\/div>\n<p style=\"text-align: center;\"><strong>Kam\u012bns Maja-S<\/strong> Jauda: 7,2 kW Apsild\u0101m\u0101 virsma: 72m2 Augstums: 800 mm Platums: 800 mm Dzi\u013cums: 458 mm D\u016bmvada diametrs: 150 mm Svars: 142 kg D\u016bmg\u0101zu temperat\u016bra: 246\u00b0 <strong>Cena: 1599 EUR<\/strong><\/p>\n<\/div><\/div><\/div><div class=\"fusion-clearfix\"><\/div><\/div>\n<\/article>\n<article id=\"blog-1-post-49492\" class=\"fusion-post-grid post-49492 post type-post status-publish format-standard hentry category-kamini category-kamini-panadero\">\n<div class=\"fusion-post-wrapper\" style=\"background-color:rgba(255,255,255,1);border:1px solid #a82c23;border-bottom-width:3px;\">\n\n<div class=\"fusion-post-content-wrapper\" style=\"padding:30px 25px 25px 25px;\"><div class=\"fusion-post-content post-content\"><h2 class=\"blog-shortcode-post-title entry-title\"><a href=\"https:\/\/www.kaminakeskus.ee\/lv\/kamina-krasns-provence\/\">Kam\u012bna kr\u0101sns Provence<\/a><\/h2><div class=\"fusion-post-content-container\"><div id=\"attachment_38889\" style=\"width: 160px\" class=\"wp-caption alignleft\"><a href=\"https:\/\/www.kaminakeskus.ee\/kamin-pliit-panadero-provence\/\" rel=\"attachment wp-att-22910\"><img decoding=\"async\" aria-describedby=\"caption-attachment-38889\" class=\"wp-image-22910 size-thumbnail\" src=\"http:\/\/www.kaminakeskus.ee\/wp-content\/uploads\/2019\/02\/Kamin-pliit-Panadero-Provence-150x150.jpg\" alt=\"Kamin-pliit Panadero Provence\" width=\"150\" height=\"150\" srcset=\"https:\/\/www.kaminakeskus.ee\/wp-content\/uploads\/2019\/02\/Kamin-pliit-Panadero-Provence-150x150.jpg 150w, https:\/\/www.kaminakeskus.ee\/wp-content\/uploads\/2019\/02\/Kamin-pliit-Panadero-Provence.jpg 243w\" sizes=\"(max-width: 150px) 100vw, 150px\" \/><\/a><p id=\"caption-attachment-38889\" class=\"wp-caption-text\">Kam\u012bnkr\u0101sns Panadero Provence<\/p><\/div>\n<p><strong>Kam\u012bna kr\u0101sns Provence<\/strong><br \/>\nJauda: 9,9 kW<br \/>\nApsild\u0101m\u0101 plat\u012bba: 99m2<br \/>\nAugstums: 760 mm<br \/>\nPlatums: 730 mm<br \/>\nDzi\u013cums: 537 mm<br \/>\nD\u016bme\u0146a diametrs: 150 mm<br \/>\nD\u016bmg\u0101zu temperat\u016bra: 323 \u00b0<br \/>\n<strong>Cena: 1249 EUR<\/strong><strong><br \/>\n<\/strong><\/p>\n<\/div><\/div><\/div><div class=\"fusion-clearfix\"><\/div><\/div>\n<\/article>\n<div class=\"fusion-clearfix\"><\/div><\/div><\/div><\/div><\/div><\/div><\/div><div class=\"fusion-fullwidth fullwidth-box fusion-builder-row-2 fusion-flex-container nonhundred-percent-fullwidth non-hundred-percent-height-scrolling\" style=\"--awb-border-radius-top-left:0px;--awb-border-radius-top-right:0px;--awb-border-radius-bottom-right:0px;--awb-border-radius-bottom-left:0px;--awb-flex-wrap:wrap;\" ><div class=\"fusion-builder-row fusion-row fusion-flex-align-items-flex-start fusion-flex-content-wrap\" style=\"max-width:2392px;margin-left: calc(-4% \/ 2 );margin-right: calc(-4% \/ 2 );\"><div class=\"fusion-layout-column fusion_builder_column fusion-builder-column-1 fusion_builder_column_1_1 1_1 fusion-flex-column\" style=\"--awb-bg-size:cover;--awb-width-large:100%;--awb-margin-top-large:0px;--awb-spacing-right-large:1.92%;--awb-margin-bottom-large:20px;--awb-spacing-left-large:1.92%;--awb-width-medium:100%;--awb-order-medium:0;--awb-spacing-right-medium:1.92%;--awb-spacing-left-medium:1.92%;--awb-width-small:100%;--awb-order-small:0;--awb-spacing-right-small:1.92%;--awb-spacing-left-small:1.92%;\"><div class=\"fusion-column-wrapper fusion-column-has-shadow fusion-flex-justify-content-flex-start fusion-content-layout-column\"><\/div><\/div><\/div><\/div><\/p>\n","protected":false},"excerpt":{"rendered":"","protected":false},"author":3,"featured_media":0,"parent":0,"menu_order":0,"comment_status":"closed","ping_status":"closed","template":"","meta":{"footnotes":""},"class_list":["post-53792","page","type-page","status-publish","hentry"],"yoast_head":"<!-- This site is optimized with the Yoast SEO Premium plugin v27.5 (Yoast SEO v27.5) - https:\/\/yoast.com\/product\/yoast-seo-premium-wordpress\/ -->\n<title>KaminaKeskus<\/title>\n<meta name=\"description\" content=\"Kaminate, pliitide, ahjude ja korstnate m\u00fc\u00fck\" \/>\n<meta name=\"robots\" content=\"index, follow, max-snippet:-1, max-image-preview:large, max-video-preview:-1\" \/>\n<link rel=\"canonical\" href=\"https:\/\/www.kaminakeskus.ee\/lv\/kamini-panadero\/\" \/>\n<meta property=\"og:locale\" content=\"lv_LV\" \/>\n<meta property=\"og:type\" content=\"article\" \/>\n<meta property=\"og:title\" content=\"KAM\u012aNI PANADERO - Kaminakeskus | Kaminad, Ahjud, Pliidid, Saunaahjud, Korstnad, Katlad\" \/>\n<meta property=\"og:description\" content=\"Kaminate, pliitide, ahjude ja korstnate m\u00fc\u00fck\" \/>\n<meta property=\"og:url\" content=\"https:\/\/www.kaminakeskus.ee\/lv\/kamini-panadero\/\" \/>\n<meta property=\"og:site_name\" content=\"Kaminakeskus | Kaminad, Ahjud, Pliidid, Saunaahjud, Korstnad, Katlad\" \/>\n<meta property=\"article:publisher\" content=\"https:\/\/www.facebook.com\/kaminakeskus\/yoast\" \/>\n<meta property=\"article:modified_time\" content=\"2021-09-02T15:52:42+00:00\" \/>\n<meta name=\"twitter:card\" content=\"summary_large_image\" \/>\n<meta name=\"twitter:label1\" content=\"Est. reading time\" \/>\n\t<meta name=\"twitter:data1\" content=\"6 min\u016btes\" \/>\n<script type=\"application\/ld+json\" class=\"yoast-schema-graph\">{\"@context\":\"https:\\\/\\\/schema.org\",\"@graph\":[{\"@type\":\"WebPage\",\"@id\":\"https:\\\/\\\/www.kaminakeskus.ee\\\/lv\\\/kamini-panadero\\\/\",\"url\":\"https:\\\/\\\/www.kaminakeskus.ee\\\/lv\\\/kamini-panadero\\\/\",\"name\":\"KaminaKeskus\",\"isPartOf\":{\"@id\":\"https:\\\/\\\/www.kaminakeskus.ee\\\/lv\\\/#website\"},\"datePublished\":\"2021-08-18T06:57:41+00:00\",\"dateModified\":\"2021-09-02T15:52:42+00:00\",\"description\":\"Kaminate, pliitide, ahjude ja korstnate m\u00fc\u00fck\",\"breadcrumb\":{\"@id\":\"https:\\\/\\\/www.kaminakeskus.ee\\\/lv\\\/kamini-panadero\\\/#breadcrumb\"},\"inLanguage\":\"lv-LV\",\"potentialAction\":[{\"@type\":\"ReadAction\",\"target\":[\"https:\\\/\\\/www.kaminakeskus.ee\\\/lv\\\/kamini-panadero\\\/\"]}]},{\"@type\":\"BreadcrumbList\",\"@id\":\"https:\\\/\\\/www.kaminakeskus.ee\\\/lv\\\/kamini-panadero\\\/#breadcrumb\",\"itemListElement\":[{\"@type\":\"ListItem\",\"position\":1,\"name\":\"Home\",\"item\":\"https:\\\/\\\/www.kaminakeskus.ee\\\/lv\\\/\"},{\"@type\":\"ListItem\",\"position\":2,\"name\":\"KAM\u012aNI PANADERO\"}]},{\"@type\":\"WebSite\",\"@id\":\"https:\\\/\\\/www.kaminakeskus.ee\\\/lv\\\/#website\",\"url\":\"https:\\\/\\\/www.kaminakeskus.ee\\\/lv\\\/\",\"name\":\"Kaminakeskus | Kaminad, Ahjud, Pliidid, Saunaahjud, Korstnad, Korsten, Moodulkorsten, Katlad\",\"description\":\"Kamin Kaminad Ahi Ahjud Pliit Pliidid Korstnad Katlad\",\"publisher\":{\"@id\":\"https:\\\/\\\/www.kaminakeskus.ee\\\/lv\\\/#organization\"},\"potentialAction\":[{\"@type\":\"SearchAction\",\"target\":{\"@type\":\"EntryPoint\",\"urlTemplate\":\"https:\\\/\\\/www.kaminakeskus.ee\\\/lv\\\/?s={search_term_string}\"},\"query-input\":{\"@type\":\"PropertyValueSpecification\",\"valueRequired\":true,\"valueName\":\"search_term_string\"}}],\"inLanguage\":\"lv-LV\"},{\"@type\":[\"Organization\",\"Place\"],\"@id\":\"https:\\\/\\\/www.kaminakeskus.ee\\\/lv\\\/#organization\",\"name\":\"R\u00e4ndr\u00fc\u00fctel HP O\u00dc\",\"alternateName\":\"KaminaKeskus\",\"url\":\"https:\\\/\\\/www.kaminakeskus.ee\\\/\",\"logo\":{\"@type\":\"ImageObject\",\"inLanguage\":\"lv-LV\",\"@id\":\"https:\\\/\\\/www.kaminakeskus.ee\\\/lv\\\/#\\\/schema\\\/logo\\\/image\\\/\",\"url\":\"https:\\\/\\\/www.kaminakeskus.ee\\\/wp-content\\\/uploads\\\/2026\\\/02\\\/Kaminakeskus-logo-1-1.jpg\",\"contentUrl\":\"https:\\\/\\\/www.kaminakeskus.ee\\\/wp-content\\\/uploads\\\/2026\\\/02\\\/Kaminakeskus-logo-1-1.jpg\",\"width\":2068,\"height\":532,\"caption\":\"R\u00e4ndr\u00fc\u00fctel HP O\u00dc\"},\"image\":{\"@id\":\"https:\\\/\\\/www.kaminakeskus.ee\\\/lv\\\/#\\\/schema\\\/logo\\\/image\\\/\"},\"sameAs\":[\"https:\\\/\\\/www.facebook.com\\\/kaminakeskus\\\/yoast\"],\"description\":\"Sales of fireplaces, chimneys and related goods. Kaminate, ahjude, pliitide, korstnate ja nendega seotud toodete m\u00fc\u00fck.\",\"legalName\":\"R\u00e4ndr\u00fc\u00fctel HP O\u00dc\",\"foundingDate\":\"1997-05-13\",\"leiCode\":\"9845007FC4HB963C8D65\",\"numberOfEmployees\":{\"@type\":\"QuantitativeValue\",\"minValue\":\"1\",\"maxValue\":\"10\"},\"telephone\":[\"+372 5543239\",\"+372 58812360\"],\"contactPoint\":{\"@type\":\"ContactPoint\",\"telephone\":\"+372 5543239\",\"email\":\"kaminakeskus@gmail.com\"},\"email\":\"kaminakeskus@gmail.com\",\"vatID\":\"EE100831739\",\"taxID\":\"10208374\"}]}<\/script>\n<!-- \/ Yoast SEO Premium plugin. -->","yoast_head_json":{"title":"KaminaKeskus","description":"Kaminate, pliitide, ahjude ja korstnate m\u00fc\u00fck","robots":{"index":"index","follow":"follow","max-snippet":"max-snippet:-1","max-image-preview":"max-image-preview:large","max-video-preview":"max-video-preview:-1"},"canonical":"https:\/\/www.kaminakeskus.ee\/lv\/kamini-panadero\/","og_locale":"lv_LV","og_type":"article","og_title":"KAM\u012aNI PANADERO - Kaminakeskus | Kaminad, Ahjud, Pliidid, Saunaahjud, Korstnad, Katlad","og_description":"Kaminate, pliitide, ahjude ja korstnate m\u00fc\u00fck","og_url":"https:\/\/www.kaminakeskus.ee\/lv\/kamini-panadero\/","og_site_name":"Kaminakeskus | Kaminad, Ahjud, Pliidid, Saunaahjud, Korstnad, Katlad","article_publisher":"https:\/\/www.facebook.com\/kaminakeskus\/yoast","article_modified_time":"2021-09-02T15:52:42+00:00","twitter_card":"summary_large_image","twitter_misc":{"Est. reading time":"6 min\u016btes"},"schema":{"@context":"https:\/\/schema.org","@graph":[{"@type":"WebPage","@id":"https:\/\/www.kaminakeskus.ee\/lv\/kamini-panadero\/","url":"https:\/\/www.kaminakeskus.ee\/lv\/kamini-panadero\/","name":"KaminaKeskus","isPartOf":{"@id":"https:\/\/www.kaminakeskus.ee\/lv\/#website"},"datePublished":"2021-08-18T06:57:41+00:00","dateModified":"2021-09-02T15:52:42+00:00","description":"Kaminate, pliitide, ahjude ja korstnate m\u00fc\u00fck","breadcrumb":{"@id":"https:\/\/www.kaminakeskus.ee\/lv\/kamini-panadero\/#breadcrumb"},"inLanguage":"lv-LV","potentialAction":[{"@type":"ReadAction","target":["https:\/\/www.kaminakeskus.ee\/lv\/kamini-panadero\/"]}]},{"@type":"BreadcrumbList","@id":"https:\/\/www.kaminakeskus.ee\/lv\/kamini-panadero\/#breadcrumb","itemListElement":[{"@type":"ListItem","position":1,"name":"Home","item":"https:\/\/www.kaminakeskus.ee\/lv\/"},{"@type":"ListItem","position":2,"name":"KAM\u012aNI PANADERO"}]},{"@type":"WebSite","@id":"https:\/\/www.kaminakeskus.ee\/lv\/#website","url":"https:\/\/www.kaminakeskus.ee\/lv\/","name":"Kaminakeskus | Kaminad, Ahjud, Pliidid, Saunaahjud, Korstnad, Korsten, Moodulkorsten, Katlad","description":"Kamin Kaminad Ahi Ahjud Pliit Pliidid Korstnad Katlad","publisher":{"@id":"https:\/\/www.kaminakeskus.ee\/lv\/#organization"},"potentialAction":[{"@type":"SearchAction","target":{"@type":"EntryPoint","urlTemplate":"https:\/\/www.kaminakeskus.ee\/lv\/?s={search_term_string}"},"query-input":{"@type":"PropertyValueSpecification","valueRequired":true,"valueName":"search_term_string"}}],"inLanguage":"lv-LV"},{"@type":["Organization","Place"],"@id":"https:\/\/www.kaminakeskus.ee\/lv\/#organization","name":"R\u00e4ndr\u00fc\u00fctel HP O\u00dc","alternateName":"KaminaKeskus","url":"https:\/\/www.kaminakeskus.ee\/","logo":{"@type":"ImageObject","inLanguage":"lv-LV","@id":"https:\/\/www.kaminakeskus.ee\/lv\/#\/schema\/logo\/image\/","url":"https:\/\/www.kaminakeskus.ee\/wp-content\/uploads\/2026\/02\/Kaminakeskus-logo-1-1.jpg","contentUrl":"https:\/\/www.kaminakeskus.ee\/wp-content\/uploads\/2026\/02\/Kaminakeskus-logo-1-1.jpg","width":2068,"height":532,"caption":"R\u00e4ndr\u00fc\u00fctel HP O\u00dc"},"image":{"@id":"https:\/\/www.kaminakeskus.ee\/lv\/#\/schema\/logo\/image\/"},"sameAs":["https:\/\/www.facebook.com\/kaminakeskus\/yoast"],"description":"Sales of fireplaces, chimneys and related goods. Kaminate, ahjude, pliitide, korstnate ja nendega seotud toodete m\u00fc\u00fck.","legalName":"R\u00e4ndr\u00fc\u00fctel HP O\u00dc","foundingDate":"1997-05-13","leiCode":"9845007FC4HB963C8D65","numberOfEmployees":{"@type":"QuantitativeValue","minValue":"1","maxValue":"10"},"telephone":["+372 5543239","+372 58812360"],"contactPoint":{"@type":"ContactPoint","telephone":"+372 5543239","email":"kaminakeskus@gmail.com"},"email":"kaminakeskus@gmail.com","vatID":"EE100831739","taxID":"10208374"}]}},"_links":{"self":[{"href":"https:\/\/www.kaminakeskus.ee\/lv\/wp-json\/wp\/v2\/pages\/53792","targetHints":{"allow":["GET"]}}],"collection":[{"href":"https:\/\/www.kaminakeskus.ee\/lv\/wp-json\/wp\/v2\/pages"}],"about":[{"href":"https:\/\/www.kaminakeskus.ee\/lv\/wp-json\/wp\/v2\/types\/page"}],"author":[{"embeddable":true,"href":"https:\/\/www.kaminakeskus.ee\/lv\/wp-json\/wp\/v2\/users\/3"}],"replies":[{"embeddable":true,"href":"https:\/\/www.kaminakeskus.ee\/lv\/wp-json\/wp\/v2\/comments?post=53792"}],"version-history":[{"count":1,"href":"https:\/\/www.kaminakeskus.ee\/lv\/wp-json\/wp\/v2\/pages\/53792\/revisions"}],"predecessor-version":[{"id":53793,"href":"https:\/\/www.kaminakeskus.ee\/lv\/wp-json\/wp\/v2\/pages\/53792\/revisions\/53793"}],"wp:attachment":[{"href":"https:\/\/www.kaminakeskus.ee\/lv\/wp-json\/wp\/v2\/media?parent=53792"}],"curies":[{"name":"wp","href":"https:\/\/api.w.org\/{rel}","templated":true}]}}