{"id":53806,"date":"2021-08-18T07:10:24","date_gmt":"2021-08-18T07:10:24","guid":{"rendered":"https:\/\/www.kaminakeskus.ee\/kaminu-blist\/"},"modified":"2023-10-25T12:13:27","modified_gmt":"2023-10-25T12:13:27","slug":"kaminu-blist","status":"publish","type":"page","link":"https:\/\/www.kaminakeskus.ee\/lv\/kaminu-blist\/","title":{"rendered":"KAM\u012aNU BLIST"},"content":{"rendered":"<p><div class=\"fusion-fullwidth fullwidth-box fusion-builder-row-1 fusion-flex-container hundred-percent-fullwidth non-hundred-percent-height-scrolling\" style=\"--awb-border-radius-top-left:0px;--awb-border-radius-top-right:0px;--awb-border-radius-bottom-right:0px;--awb-border-radius-bottom-left:0px;--awb-margin-top:40px;--awb-flex-wrap:wrap;\" ><div class=\"fusion-builder-row fusion-row fusion-flex-align-items-flex-start fusion-flex-content-wrap\" style=\"width:104% !important;max-width:104% !important;margin-left: calc(-4% \/ 2 );margin-right: calc(-4% \/ 2 );\"><div class=\"fusion-layout-column fusion_builder_column fusion-builder-column-0 fusion_builder_column_1_1 1_1 fusion-flex-column\" style=\"--awb-bg-size:cover;--awb-width-large:100%;--awb-margin-top-large:0px;--awb-spacing-right-large:1.92%;--awb-margin-bottom-large:20px;--awb-spacing-left-large:1.92%;--awb-width-medium:100%;--awb-order-medium:0;--awb-spacing-right-medium:1.92%;--awb-spacing-left-medium:1.92%;--awb-width-small:100%;--awb-order-small:0;--awb-spacing-right-small:1.92%;--awb-spacing-left-small:1.92%;\"><div class=\"fusion-column-wrapper fusion-column-has-shadow fusion-flex-justify-content-flex-start fusion-content-layout-column\"><div class=\"fusion-blog-shortcode fusion-blog-shortcode-1 fusion-blog-archive fusion-blog-layout-grid-wrapper fusion-blog-no\"><style type=\"text\/css\">.fusion-blog-shortcode-1 .fusion-blog-layout-grid .fusion-post-grid{padding:12.5px;}.fusion-blog-shortcode-1 .fusion-posts-container{margin-left: -12.5px !important; margin-right:-12.5px !important;}<\/style><div class=\"fusion-posts-container fusion-posts-container-no fusion-no-meta-info fusion-blog-rollover fusion-blog-layout-grid fusion-blog-layout-grid-4 isotope fusion-blog-equal-heights\" data-pages=\"0\" data-grid-col-space=\"25\" style=\"margin: -12.5px -12.5px 0;min-height:500px;\"><article id=\"blog-1-post-70522\" class=\"fusion-post-grid post-70522 post type-post status-publish format-standard hentry category-ipasie-piedavajumi-produktiem-1 category-kamini category-kamini-lv category-kamini-blist category-plitis-lv category-plitis-blist category-specialie-piedavajumi-lv\">\n<div class=\"fusion-post-wrapper\" style=\"background-color:rgba(255,255,255,1);border:1px solid #a82c23;border-bottom-width:3px;\">\n\n<div class=\"fusion-post-content-wrapper\" style=\"padding:30px 25px 25px 25px;\"><div class=\"fusion-post-content post-content\"><h2 class=\"blog-shortcode-post-title entry-title\"><a href=\"https:\/\/www.kaminakeskus.ee\/lv\/pliit-kamin-ekonomik-lux\/\">Pl\u012bts-kam\u012bns Tallin\u0101<\/a><\/h2><div class=\"fusion-post-content-container\"><div id=\"attachment_72609\" style=\"width: 160px\" class=\"wp-caption aligncenter\"><a href=\"https:\/\/www.kaminakeskus.ee\/wp-content\/uploads\/2023\/09\/Kamin_pliit_Eco-luks-150x150.jpeg\"><img decoding=\"async\" aria-describedby=\"caption-attachment-72609\" class=\"wp-image-72607 size-thumbnail\" title=\"Pl\u012bts-kam\u012bns Tallin\u0101\" src=\"https:\/\/www.kaminakeskus.ee\/wp-content\/uploads\/2023\/09\/Kamin_pliit_Eco-luks-150x150.jpeg\" alt=\"Pl\u012bts-kam\u012bns Tallin\u0101\" width=\"150\" height=\"150\" srcset=\"https:\/\/www.kaminakeskus.ee\/wp-content\/uploads\/2023\/09\/Kamin_pliit_Eco-luks-66x66.jpeg 66w, https:\/\/www.kaminakeskus.ee\/wp-content\/uploads\/2023\/09\/Kamin_pliit_Eco-luks-150x150.jpeg 150w, https:\/\/www.kaminakeskus.ee\/wp-content\/uploads\/2023\/09\/Kamin_pliit_Eco-luks-200x200.jpeg 200w, https:\/\/www.kaminakeskus.ee\/wp-content\/uploads\/2023\/09\/Kamin_pliit_Eco-luks-300x300.jpeg 300w, https:\/\/www.kaminakeskus.ee\/wp-content\/uploads\/2023\/09\/Kamin_pliit_Eco-luks-400x400.jpeg 400w, https:\/\/www.kaminakeskus.ee\/wp-content\/uploads\/2023\/09\/Kamin_pliit_Eco-luks-600x600.jpeg 600w, https:\/\/www.kaminakeskus.ee\/wp-content\/uploads\/2023\/09\/Kamin_pliit_Eco-luks-768x768.jpeg 768w, https:\/\/www.kaminakeskus.ee\/wp-content\/uploads\/2023\/09\/Kamin_pliit_Eco-luks-800x800.jpeg 800w, https:\/\/www.kaminakeskus.ee\/wp-content\/uploads\/2023\/09\/Kamin_pliit_Eco-luks.jpeg 900w\" sizes=\"(max-width: 150px) 100vw, 150px\" \/><\/a><p id=\"caption-attachment-72609\" class=\"wp-caption-text\"><strong>Pl\u012bts-kam\u012bns Tallin\u0101<\/strong><\/p><\/div>\n<p style=\"text-align: center;\">Jauda: 7 kW<br \/>\n Augstums: 900 mm<br \/>\n Platums: 400 mm<br \/>\n Dzi\u013cums: 460 mm<br \/>\n D\u016bmvada diametrs: 120 mm<br \/>\n <span style=\"color: #000000;\">Kr\u0101sa: sarkana; b\u0113\u0161a<br \/>\n<\/span> Svars: 48 kg<br \/>\n <span style=\"color: #ff0000;\"><strong><span style=\"color: #000000;\"><del>Cena: 348 EUR<\/del><br \/>\n<\/span> Cena: 298 EUR<\/strong><\/span><\/p>\n<\/div><\/div><\/div><div class=\"fusion-clearfix\"><\/div><\/div>\n<\/article>\n<article id=\"blog-1-post-63470\" class=\"fusion-post-grid post-63470 post type-post status-publish format-standard hentry category-kamini-lv category-kamini category-kamini-blist category-plitis-lv category-plitis-blist category-specialie-piedavajumi-lv\">\n<div class=\"fusion-post-wrapper\" style=\"background-color:rgba(255,255,255,1);border:1px solid #a82c23;border-bottom-width:3px;\">\n\n<div class=\"fusion-post-content-wrapper\" style=\"padding:30px 25px 25px 25px;\"><div class=\"fusion-post-content post-content\"><h2 class=\"blog-shortcode-post-title entry-title\"><a href=\"https:\/\/www.kaminakeskus.ee\/lv\/kamin-pliit-b-max-1\/\">Kam\u012bna kr\u0101sns B Max 1<\/a><\/h2><div class=\"fusion-post-content-container\"><p><strong><a href=\"https:\/\/www.kaminakeskus.ee\/wp-content\/uploads\/2022\/11\/Kamin-B-max-1-150x150.jpg\"><img decoding=\"async\" class=\"size-thumbnail wp-image-63464 alignnone\" src=\"https:\/\/www.kaminakeskus.ee\/wp-content\/uploads\/2022\/11\/Kamin-B-max-1-150x150.jpg\" alt=\"\" width=\"150\" height=\"150\" srcset=\"https:\/\/www.kaminakeskus.ee\/wp-content\/uploads\/2022\/11\/Kamin-B-max-1-66x66.jpg 66w, https:\/\/www.kaminakeskus.ee\/wp-content\/uploads\/2022\/11\/Kamin-B-max-1-150x150.jpg 150w, https:\/\/www.kaminakeskus.ee\/wp-content\/uploads\/2022\/11\/Kamin-B-max-1-200x200.jpg 200w, https:\/\/www.kaminakeskus.ee\/wp-content\/uploads\/2022\/11\/Kamin-B-max-1-300x300.jpg 300w, https:\/\/www.kaminakeskus.ee\/wp-content\/uploads\/2022\/11\/Kamin-B-max-1-400x400.jpg 400w, https:\/\/www.kaminakeskus.ee\/wp-content\/uploads\/2022\/11\/Kamin-B-max-1-600x600.jpg 600w, https:\/\/www.kaminakeskus.ee\/wp-content\/uploads\/2022\/11\/Kamin-B-max-1-768x768.jpg 768w, https:\/\/www.kaminakeskus.ee\/wp-content\/uploads\/2022\/11\/Kamin-B-max-1-800x800.jpg 800w, https:\/\/www.kaminakeskus.ee\/wp-content\/uploads\/2022\/11\/Kamin-B-max-1-1024x1024.jpg 1024w, https:\/\/www.kaminakeskus.ee\/wp-content\/uploads\/2022\/11\/Kamin-B-max-1.jpg 1064w\" sizes=\"(max-width: 150px) 100vw, 150px\" \/><\/a><\/strong><\/p>\n<p><strong>Kam\u012bna kr\u0101sns B Max 1<\/strong> Jauda: 13-15 kw Augstums: 810 mm Platums: 520 mm Dzi\u013cums: 440 mm D\u016bmvada diametrs: 150 mm <span style=\"color: #000000;\">Svars: 103 kg<\/span> <span style=\"color: #ff0000;\"><strong><span style=\"color: #000000;\"><del>Cena: 876 EUR<\/del> <span style=\"color: #ff0000;\">Cena: 498 EUR<\/span><\/span><\/strong><\/span><\/p>\n<\/div><\/div><\/div><div class=\"fusion-clearfix\"><\/div><\/div>\n<\/article>\n<article id=\"blog-1-post-63426\" class=\"fusion-post-grid post-63426 post type-post status-publish format-standard hentry category-kamini-lv category-kamini category-kamini-blist category-specialie-piedavajumi-lv\">\n<div class=\"fusion-post-wrapper\" style=\"background-color:rgba(255,255,255,1);border:1px solid #a82c23;border-bottom-width:3px;\">\n\n<div class=\"fusion-post-content-wrapper\" style=\"padding:30px 25px 25px 25px;\"><div class=\"fusion-post-content post-content\"><h2 class=\"blog-shortcode-post-title entry-title\"><a href=\"https:\/\/www.kaminakeskus.ee\/lv\/kamin-polar\/\">Kam\u012bns Pol\u0101rs<\/a><\/h2><div class=\"fusion-post-content-container\"><div id=\"attachment_63422\" style=\"width: 160px\" class=\"wp-caption alignnone\"><a href=\"https:\/\/www.kaminakeskus.ee\/wp-content\/uploads\/2022\/11\/Kamin-Polar-150x150.jpg\"><img decoding=\"async\" aria-describedby=\"caption-attachment-63422\" class=\"wp-image-63420 size-thumbnail\" src=\"https:\/\/www.kaminakeskus.ee\/wp-content\/uploads\/2022\/11\/Kamin-Polar-150x150.jpg\" alt=\"Kam\u012bns Pol\u0101rs\" width=\"150\" height=\"150\" srcset=\"https:\/\/www.kaminakeskus.ee\/wp-content\/uploads\/2022\/11\/Kamin-Polar-66x66.jpg 66w, https:\/\/www.kaminakeskus.ee\/wp-content\/uploads\/2022\/11\/Kamin-Polar-150x150.jpg 150w, https:\/\/www.kaminakeskus.ee\/wp-content\/uploads\/2022\/11\/Kamin-Polar-200x200.jpg 200w, https:\/\/www.kaminakeskus.ee\/wp-content\/uploads\/2022\/11\/Kamin-Polar-300x300.jpg 300w, https:\/\/www.kaminakeskus.ee\/wp-content\/uploads\/2022\/11\/Kamin-Polar-400x400.jpg 400w, https:\/\/www.kaminakeskus.ee\/wp-content\/uploads\/2022\/11\/Kamin-Polar-600x600.jpg 600w, https:\/\/www.kaminakeskus.ee\/wp-content\/uploads\/2022\/11\/Kamin-Polar-768x768.jpg 768w, https:\/\/www.kaminakeskus.ee\/wp-content\/uploads\/2022\/11\/Kamin-Polar-800x800.jpg 800w, https:\/\/www.kaminakeskus.ee\/wp-content\/uploads\/2022\/11\/Kamin-Polar.jpg 900w\" sizes=\"(max-width: 150px) 100vw, 150px\" \/><\/a><p id=\"caption-attachment-63422\" class=\"wp-caption-text\">Kam\u012bns Polar<\/p><\/div>\n<p><strong>Kam\u012bns Polar<\/strong><br \/>\n Jauda: 6\u20138 kW<br \/>\n Augstums: 1035 mm<br \/>\n Platums: 500 mm<br \/>\n Dzi\u013cums: 410 mm<br \/>\n D\u016bmvada diametrs: 150 mm<br \/>\n<span style=\"color: #000000;\">Svars: 67 kg<\/span><br \/>\n<span style=\"color: #ff0000;\"><strong><span style=\"color: #000000;\"><del>Cena: 887 EUR<\/del><br \/>\n <span style=\"color: #ff0000;\">Cena: 498 EUR<\/span><\/span><\/strong><\/span><\/p>\n<\/div><\/div><\/div><div class=\"fusion-clearfix\"><\/div><\/div>\n<\/article>\n<article id=\"blog-1-post-70531\" class=\"fusion-post-grid post-70531 post type-post status-publish format-standard hentry category-ipasie-piedavajumi-produktiem-1 category-kamini-lv category-kamini-blist category-plitis-lv category-plitis-blist category-specialie-piedavajumi-lv\">\n<div class=\"fusion-post-wrapper\" style=\"background-color:rgba(255,255,255,1);border:1px solid #a82c23;border-bottom-width:3px;\">\n\n<div class=\"fusion-post-content-wrapper\" style=\"padding:30px 25px 25px 25px;\"><div class=\"fusion-post-content post-content\"><h2 class=\"blog-shortcode-post-title entry-title\"><a href=\"https:\/\/www.kaminakeskus.ee\/lv\/kamin-pliit-b1-eko\/\">Kam\u012bns-pl\u012bts B1 EKO<\/a><\/h2><div class=\"fusion-post-content-container\"><p><strong><a href=\"https:\/\/www.kaminakeskus.ee\/wp-content\/uploads\/2022\/11\/Kamin-B1-eko-150x150.jpg\"><img decoding=\"async\" class=\"size-thumbnail wp-image-63359 alignnone\" src=\"https:\/\/www.kaminakeskus.ee\/wp-content\/uploads\/2022\/11\/Kamin-B1-eko-150x150.jpg\" alt=\"\" width=\"150\" height=\"150\"><\/a><\/strong><\/p>\n<p><strong>Kam\u012bns-pl\u012bts B1 EKO<\/strong><br \/>\nJauda: 7-9 kw<br \/>\nAugstums: 770 mm<br \/>\nPlatums: 460 mm<br \/>\nDzi\u013cums: 380 mm<br \/>\nSkurste\u0146a diametrs: 120 mm<br \/>\nSvars: 38 kg<br \/>\n<span style=\"color: #ff0000;\"><strong><span style=\"color: #000000;\"><del>Cena: 275 EUR<\/del><br \/>\n<span style=\"color: #ff0000;\">Cena: 199 EUR<\/span><\/span><\/strong><\/span><\/p>\n<\/div><\/div><\/div><div class=\"fusion-clearfix\"><\/div><\/div>\n<\/article>\n<article id=\"blog-1-post-63458\" class=\"fusion-post-grid post-63458 post type-post status-publish format-standard hentry category-kamini category-kamini-lv category-kamini-blist category-plitis-lv category-plitis-blist category-specialie-piedavajumi-lv\">\n<div class=\"fusion-post-wrapper\" style=\"background-color:rgba(255,255,255,1);border:1px solid #a82c23;border-bottom-width:3px;\">\n\n<div class=\"fusion-post-content-wrapper\" style=\"padding:30px 25px 25px 25px;\"><div class=\"fusion-post-content post-content\"><h2 class=\"blog-shortcode-post-title entry-title\"><a href=\"https:\/\/www.kaminakeskus.ee\/lv\/kamin-pliit-konzul-lm-n\/\">Kam\u012bna kr\u0101sns Konzul LM N<\/a><\/h2><div class=\"fusion-post-content-container\"><p><strong><a href=\"https:\/\/www.kaminakeskus.ee\/wp-content\/uploads\/2022\/11\/Kamin-Konzul-150x150.jpg\"><img decoding=\"async\" class=\"size-thumbnail wp-image-63452 alignnone\" src=\"https:\/\/www.kaminakeskus.ee\/wp-content\/uploads\/2022\/11\/Kamin-Konzul-150x150.jpg\" alt=\"\" width=\"150\" height=\"150\" srcset=\"https:\/\/www.kaminakeskus.ee\/wp-content\/uploads\/2022\/11\/Kamin-Konzul-66x66.jpg 66w, https:\/\/www.kaminakeskus.ee\/wp-content\/uploads\/2022\/11\/Kamin-Konzul-150x150.jpg 150w, https:\/\/www.kaminakeskus.ee\/wp-content\/uploads\/2022\/11\/Kamin-Konzul-200x200.jpg 200w, https:\/\/www.kaminakeskus.ee\/wp-content\/uploads\/2022\/11\/Kamin-Konzul-300x300.jpg 300w, https:\/\/www.kaminakeskus.ee\/wp-content\/uploads\/2022\/11\/Kamin-Konzul-400x400.jpg 400w, https:\/\/www.kaminakeskus.ee\/wp-content\/uploads\/2022\/11\/Kamin-Konzul-600x600.jpg 600w, https:\/\/www.kaminakeskus.ee\/wp-content\/uploads\/2022\/11\/Kamin-Konzul-768x768.jpg 768w, https:\/\/www.kaminakeskus.ee\/wp-content\/uploads\/2022\/11\/Kamin-Konzul-800x800.jpg 800w, https:\/\/www.kaminakeskus.ee\/wp-content\/uploads\/2022\/11\/Kamin-Konzul.jpg 900w\" sizes=\"(max-width: 150px) 100vw, 150px\" \/><\/a><br \/>\nKam\u012bna kr\u0101sns Konzul LM N<\/strong><br \/>\nJauda: 7-9 kw<br \/>\nAugstums: 945 mm<br \/>\nPlatums: 485 mm<br \/>\nDzi\u013cums: 435 mm<br \/>\nSkurste\u0146a diametrs: 120 mm<br \/>\nSvars: 61 kg<br \/>\n<span style=\"color: #000000;\">Kr\u0101sa: b\u0113\u0161a<\/span><br \/>\n<span style=\"color: #ff0000;\"><strong><span style=\"color: #000000;\"><del>Cena: 443 EUR<\/del><br \/>\n<span style=\"color: #ff0000;\">Cena: 355 EUR<\/span><\/span><\/strong><\/span><\/p>\n<\/div><\/div><\/div><div class=\"fusion-clearfix\"><\/div><\/div>\n<\/article>\n<article id=\"blog-1-post-63438\" class=\"fusion-post-grid post-63438 post type-post status-publish format-standard hentry category-kamini-lv category-kamini category-kamini-blist category-plitis-lv category-plitis-blist category-specialie-piedavajumi-lv\">\n<div class=\"fusion-post-wrapper\" style=\"background-color:rgba(255,255,255,1);border:1px solid #a82c23;border-bottom-width:3px;\">\n\n<div class=\"fusion-post-content-wrapper\" style=\"padding:30px 25px 25px 25px;\"><div class=\"fusion-post-content post-content\"><h2 class=\"blog-shortcode-post-title entry-title\"><a href=\"https:\/\/www.kaminakeskus.ee\/lv\/kamin-pliit-padova\/\">Kam\u012bna kr\u0101sns Padova<\/a><\/h2><div class=\"fusion-post-content-container\"><p><strong><a href=\"https:\/\/www.kaminakeskus.ee\/wp-content\/uploads\/2022\/11\/Kamin-Padova-150x150.jpg\"><img decoding=\"async\" class=\"size-thumbnail wp-image-63432 alignnone\" src=\"https:\/\/www.kaminakeskus.ee\/wp-content\/uploads\/2022\/11\/Kamin-Padova-150x150.jpg\" alt=\"\" width=\"150\" height=\"150\" srcset=\"https:\/\/www.kaminakeskus.ee\/wp-content\/uploads\/2022\/11\/Kamin-Padova-66x66.jpg 66w, https:\/\/www.kaminakeskus.ee\/wp-content\/uploads\/2022\/11\/Kamin-Padova-150x150.jpg 150w, https:\/\/www.kaminakeskus.ee\/wp-content\/uploads\/2022\/11\/Kamin-Padova-200x200.jpg 200w, https:\/\/www.kaminakeskus.ee\/wp-content\/uploads\/2022\/11\/Kamin-Padova-300x300.jpg 300w, https:\/\/www.kaminakeskus.ee\/wp-content\/uploads\/2022\/11\/Kamin-Padova-400x400.jpg 400w, https:\/\/www.kaminakeskus.ee\/wp-content\/uploads\/2022\/11\/Kamin-Padova-600x600.jpg 600w, https:\/\/www.kaminakeskus.ee\/wp-content\/uploads\/2022\/11\/Kamin-Padova-768x768.jpg 768w, https:\/\/www.kaminakeskus.ee\/wp-content\/uploads\/2022\/11\/Kamin-Padova-800x800.jpg 800w, https:\/\/www.kaminakeskus.ee\/wp-content\/uploads\/2022\/11\/Kamin-Padova.jpg 900w\" sizes=\"(max-width: 150px) 100vw, 150px\" \/><\/a><br \/>\nKam\u012bna kr\u0101sns Padova<\/strong><br \/>\nJauda: 9-11 kw<br \/>\nAugstums: 910 mm<br \/>\nPlatums: 510 mm<br \/>\nDzi\u013cums: 485 mm<br \/>\nSkurste\u0146a diametrs: 120 mm<br \/>\n<span style=\"color: #000000;\">Svars: 61 kg<\/span><br \/>\n<span style=\"color: #ff0000;\"><strong><span style=\"color: #000000;\"><del>Cena: 443 EUR<\/del><br \/>\n<span style=\"color: #ff0000;\">Cena: 355 EUR<\/span><\/span><\/strong><\/span><\/p>\n<\/div><\/div><\/div><div class=\"fusion-clearfix\"><\/div><\/div>\n<\/article>\n<article id=\"blog-1-post-63414\" class=\"fusion-post-grid post-63414 post type-post status-publish format-standard hentry category-kamini category-kamini-lv category-kamini-blist category-plitis-lv category-plitis-blist category-specialie-piedavajumi-lv\">\n<div class=\"fusion-post-wrapper\" style=\"background-color:rgba(255,255,255,1);border:1px solid #a82c23;border-bottom-width:3px;\">\n\n<div class=\"fusion-post-content-wrapper\" style=\"padding:30px 25px 25px 25px;\"><div class=\"fusion-post-content post-content\"><h2 class=\"blog-shortcode-post-title entry-title\"><a href=\"https:\/\/www.kaminakeskus.ee\/lv\/kamin-pliit-oganj-lm-n\/\">Kam\u012bns-pl\u012bts Oganj LM N<\/a><\/h2><div class=\"fusion-post-content-container\"><div id=\"attachment_63410\" style=\"width: 160px\" class=\"wp-caption alignnone\"><a href=\"https:\/\/www.kaminakeskus.ee\/wp-content\/uploads\/2022\/11\/Kamin-Oganj-LM-N-150x150.jpg\"><img decoding=\"async\" aria-describedby=\"caption-attachment-63410\" class=\"wp-image-63408 size-thumbnail\" src=\"https:\/\/www.kaminakeskus.ee\/wp-content\/uploads\/2022\/11\/Kamin-Oganj-LM-N-150x150.jpg\" alt=\"Kam\u012bnkr\u0101sns Oganj\" width=\"150\" height=\"150\" srcset=\"https:\/\/www.kaminakeskus.ee\/wp-content\/uploads\/2022\/11\/Kamin-Oganj-LM-N-66x66.jpg 66w, https:\/\/www.kaminakeskus.ee\/wp-content\/uploads\/2022\/11\/Kamin-Oganj-LM-N-150x150.jpg 150w, https:\/\/www.kaminakeskus.ee\/wp-content\/uploads\/2022\/11\/Kamin-Oganj-LM-N-200x200.jpg 200w, https:\/\/www.kaminakeskus.ee\/wp-content\/uploads\/2022\/11\/Kamin-Oganj-LM-N-300x300.jpg 300w, https:\/\/www.kaminakeskus.ee\/wp-content\/uploads\/2022\/11\/Kamin-Oganj-LM-N-400x400.jpg 400w, https:\/\/www.kaminakeskus.ee\/wp-content\/uploads\/2022\/11\/Kamin-Oganj-LM-N-600x600.jpg 600w, https:\/\/www.kaminakeskus.ee\/wp-content\/uploads\/2022\/11\/Kamin-Oganj-LM-N-768x768.jpg 768w, https:\/\/www.kaminakeskus.ee\/wp-content\/uploads\/2022\/11\/Kamin-Oganj-LM-N-800x800.jpg 800w, https:\/\/www.kaminakeskus.ee\/wp-content\/uploads\/2022\/11\/Kamin-Oganj-LM-N.jpg 900w\" sizes=\"(max-width: 150px) 100vw, 150px\" \/><\/a><p id=\"caption-attachment-63410\" class=\"wp-caption-text\">Kam\u012bnkr\u0101sns Oganj<\/p><\/div>\n<p><strong>Kam\u012bnkr\u0101sns Oganj LM N<\/strong><br \/>\n Jauda: 7\u20139 kW<br \/>\n Augstums: 945 mm<br \/>\n Platums: 485 mm<br \/>\n Dzi\u013cums: 435 mm<br \/>\n D\u016bmvada diametrs: 120 mm<br \/>\n Svars: 55 kg<br \/>\n<span style=\"color: #000000;\">Kr\u0101sa: sarkana, antrac\u012bts<\/span><br \/>\n<span style=\"color: #ff0000;\"><strong><span style=\"color: #000000;\"><del>Cena: 439 EUR<\/del><br \/>\n <span style=\"color: #ff0000;\">Cena: 352 EUR<\/span><\/span><\/strong><\/span><\/p>\n<\/div><\/div><\/div><div class=\"fusion-clearfix\"><\/div><\/div>\n<\/article>\n<article id=\"blog-1-post-51834\" class=\"fusion-post-grid post-51834 post type-post status-publish format-standard hentry category-kamini-lv category-kamini category-kamini-blist category-plitis-blist\">\n<div class=\"fusion-post-wrapper\" style=\"background-color:rgba(255,255,255,1);border:1px solid #a82c23;border-bottom-width:3px;\">\n\n<div class=\"fusion-post-content-wrapper\" style=\"padding:30px 25px 25px 25px;\"><div class=\"fusion-post-content post-content\"><h2 class=\"blog-shortcode-post-title entry-title\"><a href=\"https:\/\/www.kaminakeskus.ee\/lv\/kamins-krasns-ambasador-r\/\">Kam\u012bns ar kr\u0101sni Roma G<\/a><\/h2><div class=\"fusion-post-content-container\"><p style=\"text-align: center;\"><a href=\"https:\/\/www.kaminakeskus.ee\/wp-content\/uploads\/2015\/12\/Kamin-praeahjuga-Roma-G-150x150.jpg\"><img decoding=\"async\" class=\"size-thumbnail wp-image-83477 alignnone\" src=\"https:\/\/www.kaminakeskus.ee\/wp-content\/uploads\/2015\/12\/Kamin-praeahjuga-Roma-G-150x150.jpg\" alt=\"\" width=\"150\" height=\"150\" srcset=\"https:\/\/www.kaminakeskus.ee\/wp-content\/uploads\/2015\/12\/Kamin-praeahjuga-Roma-G-66x66.jpg 66w, https:\/\/www.kaminakeskus.ee\/wp-content\/uploads\/2015\/12\/Kamin-praeahjuga-Roma-G-150x150.jpg 150w, https:\/\/www.kaminakeskus.ee\/wp-content\/uploads\/2015\/12\/Kamin-praeahjuga-Roma-G-200x200.jpg 200w, https:\/\/www.kaminakeskus.ee\/wp-content\/uploads\/2015\/12\/Kamin-praeahjuga-Roma-G-300x300.jpg 300w, https:\/\/www.kaminakeskus.ee\/wp-content\/uploads\/2015\/12\/Kamin-praeahjuga-Roma-G-400x399.jpg 400w, https:\/\/www.kaminakeskus.ee\/wp-content\/uploads\/2015\/12\/Kamin-praeahjuga-Roma-G-600x599.jpg 600w, https:\/\/www.kaminakeskus.ee\/wp-content\/uploads\/2015\/12\/Kamin-praeahjuga-Roma-G-768x766.jpg 768w, https:\/\/www.kaminakeskus.ee\/wp-content\/uploads\/2015\/12\/Kamin-praeahjuga-Roma-G-800x798.jpg 800w, https:\/\/www.kaminakeskus.ee\/wp-content\/uploads\/2015\/12\/Kamin-praeahjuga-Roma-G.jpg 900w\" sizes=\"(max-width: 150px) 100vw, 150px\" \/><\/a><br \/>\n<strong>Kam\u012bns ar kr\u0101sni Roma G<\/strong><br \/>\n Jauda: 10 kW<br \/>\n Augstums: 1190 mm<br \/>\n Platums: 495 mm<br \/>\n Dzi\u013cums: 440 mm<br \/>\n D\u016bmvada diametrs: 120 mm<br \/>\n Svars: 122 kg<br \/>\n <strong><del>Cena: 775 EUR<\/del><br \/>\n <span style=\"color: #ff0000;\">Cena: 650 EUR<\/span><\/strong><\/p>\n<\/div><\/div><\/div><div class=\"fusion-clearfix\"><\/div><\/div>\n<\/article>\n<div class=\"fusion-clearfix\"><\/div><\/div><\/div><\/div><\/div><\/div><\/div><div class=\"fusion-fullwidth fullwidth-box fusion-builder-row-2 fusion-flex-container nonhundred-percent-fullwidth non-hundred-percent-height-scrolling\" style=\"--awb-border-radius-top-left:0px;--awb-border-radius-top-right:0px;--awb-border-radius-bottom-right:0px;--awb-border-radius-bottom-left:0px;--awb-flex-wrap:wrap;\" ><div class=\"fusion-builder-row fusion-row fusion-flex-align-items-flex-start fusion-flex-content-wrap\" style=\"max-width:2392px;margin-left: calc(-4% \/ 2 );margin-right: calc(-4% \/ 2 );\"><div class=\"fusion-layout-column fusion_builder_column fusion-builder-column-1 fusion_builder_column_1_1 1_1 fusion-flex-column\" style=\"--awb-bg-size:cover;--awb-width-large:100%;--awb-margin-top-large:0px;--awb-spacing-right-large:1.92%;--awb-margin-bottom-large:20px;--awb-spacing-left-large:1.92%;--awb-width-medium:100%;--awb-order-medium:0;--awb-spacing-right-medium:1.92%;--awb-spacing-left-medium:1.92%;--awb-width-small:100%;--awb-order-small:0;--awb-spacing-right-small:1.92%;--awb-spacing-left-small:1.92%;\"><div class=\"fusion-column-wrapper fusion-column-has-shadow fusion-flex-justify-content-flex-start fusion-content-layout-column\"><\/div><\/div><\/div><\/div><\/p>\n","protected":false},"excerpt":{"rendered":"","protected":false},"author":3,"featured_media":0,"parent":0,"menu_order":0,"comment_status":"closed","ping_status":"closed","template":"","meta":{"footnotes":""},"class_list":["post-53806","page","type-page","status-publish","hentry"],"yoast_head":"<!-- This site is optimized with the Yoast SEO Premium plugin v27.5 (Yoast SEO v27.5) - https:\/\/yoast.com\/product\/yoast-seo-premium-wordpress\/ -->\n<title>KaminaKeskus<\/title>\n<meta name=\"description\" content=\"Kaminate, pliitide, ahjude ja korstnate m\u00fc\u00fck\" \/>\n<meta name=\"robots\" content=\"index, follow, max-snippet:-1, max-image-preview:large, max-video-preview:-1\" \/>\n<link rel=\"canonical\" href=\"https:\/\/www.kaminakeskus.ee\/lv\/kaminu-blist\/\" \/>\n<meta property=\"og:locale\" content=\"lv_LV\" \/>\n<meta property=\"og:type\" content=\"article\" \/>\n<meta property=\"og:title\" content=\"KAM\u012aNU BLIST - Kaminakeskus | Kaminad, Ahjud, Pliidid, Saunaahjud, Korstnad, Katlad\" \/>\n<meta property=\"og:description\" content=\"Kaminate, pliitide, ahjude ja korstnate m\u00fc\u00fck\" \/>\n<meta property=\"og:url\" content=\"https:\/\/www.kaminakeskus.ee\/lv\/kaminu-blist\/\" \/>\n<meta property=\"og:site_name\" content=\"Kaminakeskus | Kaminad, Ahjud, Pliidid, Saunaahjud, Korstnad, Katlad\" \/>\n<meta property=\"article:publisher\" content=\"https:\/\/www.facebook.com\/kaminakeskus\/yoast\" \/>\n<meta property=\"article:modified_time\" content=\"2023-10-25T12:13:27+00:00\" \/>\n<meta name=\"twitter:card\" content=\"summary_large_image\" \/>\n<meta name=\"twitter:label1\" content=\"Est. reading time\" \/>\n\t<meta name=\"twitter:data1\" content=\"6 min\u016btes\" \/>\n<script type=\"application\/ld+json\" class=\"yoast-schema-graph\">{\"@context\":\"https:\\\/\\\/schema.org\",\"@graph\":[{\"@type\":\"WebPage\",\"@id\":\"https:\\\/\\\/www.kaminakeskus.ee\\\/lv\\\/kaminu-blist\\\/\",\"url\":\"https:\\\/\\\/www.kaminakeskus.ee\\\/lv\\\/kaminu-blist\\\/\",\"name\":\"KaminaKeskus\",\"isPartOf\":{\"@id\":\"https:\\\/\\\/www.kaminakeskus.ee\\\/lv\\\/#website\"},\"datePublished\":\"2021-08-18T07:10:24+00:00\",\"dateModified\":\"2023-10-25T12:13:27+00:00\",\"description\":\"Kaminate, pliitide, ahjude ja korstnate m\u00fc\u00fck\",\"breadcrumb\":{\"@id\":\"https:\\\/\\\/www.kaminakeskus.ee\\\/lv\\\/kaminu-blist\\\/#breadcrumb\"},\"inLanguage\":\"lv-LV\",\"potentialAction\":[{\"@type\":\"ReadAction\",\"target\":[\"https:\\\/\\\/www.kaminakeskus.ee\\\/lv\\\/kaminu-blist\\\/\"]}]},{\"@type\":\"BreadcrumbList\",\"@id\":\"https:\\\/\\\/www.kaminakeskus.ee\\\/lv\\\/kaminu-blist\\\/#breadcrumb\",\"itemListElement\":[{\"@type\":\"ListItem\",\"position\":1,\"name\":\"Home\",\"item\":\"https:\\\/\\\/www.kaminakeskus.ee\\\/lv\\\/\"},{\"@type\":\"ListItem\",\"position\":2,\"name\":\"KAM\u012aNU BLIST\"}]},{\"@type\":\"WebSite\",\"@id\":\"https:\\\/\\\/www.kaminakeskus.ee\\\/lv\\\/#website\",\"url\":\"https:\\\/\\\/www.kaminakeskus.ee\\\/lv\\\/\",\"name\":\"Kaminakeskus | Kaminad, Ahjud, Pliidid, Saunaahjud, Korstnad, Korsten, Moodulkorsten, Katlad\",\"description\":\"Kamin Kaminad Ahi Ahjud Pliit Pliidid Korstnad Katlad\",\"publisher\":{\"@id\":\"https:\\\/\\\/www.kaminakeskus.ee\\\/lv\\\/#organization\"},\"potentialAction\":[{\"@type\":\"SearchAction\",\"target\":{\"@type\":\"EntryPoint\",\"urlTemplate\":\"https:\\\/\\\/www.kaminakeskus.ee\\\/lv\\\/?s={search_term_string}\"},\"query-input\":{\"@type\":\"PropertyValueSpecification\",\"valueRequired\":true,\"valueName\":\"search_term_string\"}}],\"inLanguage\":\"lv-LV\"},{\"@type\":[\"Organization\",\"Place\"],\"@id\":\"https:\\\/\\\/www.kaminakeskus.ee\\\/lv\\\/#organization\",\"name\":\"R\u00e4ndr\u00fc\u00fctel HP O\u00dc\",\"alternateName\":\"KaminaKeskus\",\"url\":\"https:\\\/\\\/www.kaminakeskus.ee\\\/\",\"logo\":{\"@type\":\"ImageObject\",\"inLanguage\":\"lv-LV\",\"@id\":\"https:\\\/\\\/www.kaminakeskus.ee\\\/lv\\\/#\\\/schema\\\/logo\\\/image\\\/\",\"url\":\"https:\\\/\\\/www.kaminakeskus.ee\\\/wp-content\\\/uploads\\\/2026\\\/02\\\/Kaminakeskus-logo-1-1.jpg\",\"contentUrl\":\"https:\\\/\\\/www.kaminakeskus.ee\\\/wp-content\\\/uploads\\\/2026\\\/02\\\/Kaminakeskus-logo-1-1.jpg\",\"width\":2068,\"height\":532,\"caption\":\"R\u00e4ndr\u00fc\u00fctel HP O\u00dc\"},\"image\":{\"@id\":\"https:\\\/\\\/www.kaminakeskus.ee\\\/lv\\\/#\\\/schema\\\/logo\\\/image\\\/\"},\"sameAs\":[\"https:\\\/\\\/www.facebook.com\\\/kaminakeskus\\\/yoast\"],\"description\":\"Sales of fireplaces, chimneys and related goods. Kaminate, ahjude, pliitide, korstnate ja nendega seotud toodete m\u00fc\u00fck.\",\"legalName\":\"R\u00e4ndr\u00fc\u00fctel HP O\u00dc\",\"foundingDate\":\"1997-05-13\",\"leiCode\":\"9845007FC4HB963C8D65\",\"numberOfEmployees\":{\"@type\":\"QuantitativeValue\",\"minValue\":\"1\",\"maxValue\":\"10\"},\"telephone\":[\"+372 5543239\",\"+372 58812360\"],\"contactPoint\":{\"@type\":\"ContactPoint\",\"telephone\":\"+372 5543239\",\"email\":\"kaminakeskus@gmail.com\"},\"email\":\"kaminakeskus@gmail.com\",\"vatID\":\"EE100831739\",\"taxID\":\"10208374\"}]}<\/script>\n<!-- \/ Yoast SEO Premium plugin. -->","yoast_head_json":{"title":"KaminaKeskus","description":"Kaminate, pliitide, ahjude ja korstnate m\u00fc\u00fck","robots":{"index":"index","follow":"follow","max-snippet":"max-snippet:-1","max-image-preview":"max-image-preview:large","max-video-preview":"max-video-preview:-1"},"canonical":"https:\/\/www.kaminakeskus.ee\/lv\/kaminu-blist\/","og_locale":"lv_LV","og_type":"article","og_title":"KAM\u012aNU BLIST - Kaminakeskus | Kaminad, Ahjud, Pliidid, Saunaahjud, Korstnad, Katlad","og_description":"Kaminate, pliitide, ahjude ja korstnate m\u00fc\u00fck","og_url":"https:\/\/www.kaminakeskus.ee\/lv\/kaminu-blist\/","og_site_name":"Kaminakeskus | Kaminad, Ahjud, Pliidid, Saunaahjud, Korstnad, Katlad","article_publisher":"https:\/\/www.facebook.com\/kaminakeskus\/yoast","article_modified_time":"2023-10-25T12:13:27+00:00","twitter_card":"summary_large_image","twitter_misc":{"Est. reading time":"6 min\u016btes"},"schema":{"@context":"https:\/\/schema.org","@graph":[{"@type":"WebPage","@id":"https:\/\/www.kaminakeskus.ee\/lv\/kaminu-blist\/","url":"https:\/\/www.kaminakeskus.ee\/lv\/kaminu-blist\/","name":"KaminaKeskus","isPartOf":{"@id":"https:\/\/www.kaminakeskus.ee\/lv\/#website"},"datePublished":"2021-08-18T07:10:24+00:00","dateModified":"2023-10-25T12:13:27+00:00","description":"Kaminate, pliitide, ahjude ja korstnate m\u00fc\u00fck","breadcrumb":{"@id":"https:\/\/www.kaminakeskus.ee\/lv\/kaminu-blist\/#breadcrumb"},"inLanguage":"lv-LV","potentialAction":[{"@type":"ReadAction","target":["https:\/\/www.kaminakeskus.ee\/lv\/kaminu-blist\/"]}]},{"@type":"BreadcrumbList","@id":"https:\/\/www.kaminakeskus.ee\/lv\/kaminu-blist\/#breadcrumb","itemListElement":[{"@type":"ListItem","position":1,"name":"Home","item":"https:\/\/www.kaminakeskus.ee\/lv\/"},{"@type":"ListItem","position":2,"name":"KAM\u012aNU BLIST"}]},{"@type":"WebSite","@id":"https:\/\/www.kaminakeskus.ee\/lv\/#website","url":"https:\/\/www.kaminakeskus.ee\/lv\/","name":"Kaminakeskus | Kaminad, Ahjud, Pliidid, Saunaahjud, Korstnad, Korsten, Moodulkorsten, Katlad","description":"Kamin Kaminad Ahi Ahjud Pliit Pliidid Korstnad Katlad","publisher":{"@id":"https:\/\/www.kaminakeskus.ee\/lv\/#organization"},"potentialAction":[{"@type":"SearchAction","target":{"@type":"EntryPoint","urlTemplate":"https:\/\/www.kaminakeskus.ee\/lv\/?s={search_term_string}"},"query-input":{"@type":"PropertyValueSpecification","valueRequired":true,"valueName":"search_term_string"}}],"inLanguage":"lv-LV"},{"@type":["Organization","Place"],"@id":"https:\/\/www.kaminakeskus.ee\/lv\/#organization","name":"R\u00e4ndr\u00fc\u00fctel HP O\u00dc","alternateName":"KaminaKeskus","url":"https:\/\/www.kaminakeskus.ee\/","logo":{"@type":"ImageObject","inLanguage":"lv-LV","@id":"https:\/\/www.kaminakeskus.ee\/lv\/#\/schema\/logo\/image\/","url":"https:\/\/www.kaminakeskus.ee\/wp-content\/uploads\/2026\/02\/Kaminakeskus-logo-1-1.jpg","contentUrl":"https:\/\/www.kaminakeskus.ee\/wp-content\/uploads\/2026\/02\/Kaminakeskus-logo-1-1.jpg","width":2068,"height":532,"caption":"R\u00e4ndr\u00fc\u00fctel HP O\u00dc"},"image":{"@id":"https:\/\/www.kaminakeskus.ee\/lv\/#\/schema\/logo\/image\/"},"sameAs":["https:\/\/www.facebook.com\/kaminakeskus\/yoast"],"description":"Sales of fireplaces, chimneys and related goods. Kaminate, ahjude, pliitide, korstnate ja nendega seotud toodete m\u00fc\u00fck.","legalName":"R\u00e4ndr\u00fc\u00fctel HP O\u00dc","foundingDate":"1997-05-13","leiCode":"9845007FC4HB963C8D65","numberOfEmployees":{"@type":"QuantitativeValue","minValue":"1","maxValue":"10"},"telephone":["+372 5543239","+372 58812360"],"contactPoint":{"@type":"ContactPoint","telephone":"+372 5543239","email":"kaminakeskus@gmail.com"},"email":"kaminakeskus@gmail.com","vatID":"EE100831739","taxID":"10208374"}]}},"_links":{"self":[{"href":"https:\/\/www.kaminakeskus.ee\/lv\/wp-json\/wp\/v2\/pages\/53806","targetHints":{"allow":["GET"]}}],"collection":[{"href":"https:\/\/www.kaminakeskus.ee\/lv\/wp-json\/wp\/v2\/pages"}],"about":[{"href":"https:\/\/www.kaminakeskus.ee\/lv\/wp-json\/wp\/v2\/types\/page"}],"author":[{"embeddable":true,"href":"https:\/\/www.kaminakeskus.ee\/lv\/wp-json\/wp\/v2\/users\/3"}],"replies":[{"embeddable":true,"href":"https:\/\/www.kaminakeskus.ee\/lv\/wp-json\/wp\/v2\/comments?post=53806"}],"version-history":[{"count":2,"href":"https:\/\/www.kaminakeskus.ee\/lv\/wp-json\/wp\/v2\/pages\/53806\/revisions"}],"predecessor-version":[{"id":71509,"href":"https:\/\/www.kaminakeskus.ee\/lv\/wp-json\/wp\/v2\/pages\/53806\/revisions\/71509"}],"wp:attachment":[{"href":"https:\/\/www.kaminakeskus.ee\/lv\/wp-json\/wp\/v2\/media?parent=53806"}],"curies":[{"name":"wp","href":"https:\/\/api.w.org\/{rel}","templated":true}]}}