{"id":54123,"date":"2021-08-26T11:34:18","date_gmt":"2021-08-26T11:34:18","guid":{"rendered":"https:\/\/www.kaminakeskus.ee\/centralas-apkures-kaminis-core-kratki\/"},"modified":"2021-09-02T15:56:22","modified_gmt":"2021-09-02T15:56:22","slug":"centralas-apkures-kaminis-core-kratki","status":"publish","type":"page","link":"https:\/\/www.kaminakeskus.ee\/lv\/centralas-apkures-kaminis-core-kratki\/","title":{"rendered":"CENTR\u0100L\u0100S APKURES KAM\u012aNIS CORE KRATKI"},"content":{"rendered":"<p><div class=\"fusion-fullwidth fullwidth-box fusion-builder-row-1 fusion-flex-container hundred-percent-fullwidth non-hundred-percent-height-scrolling\" style=\"--awb-border-radius-top-left:0px;--awb-border-radius-top-right:0px;--awb-border-radius-bottom-right:0px;--awb-border-radius-bottom-left:0px;--awb-margin-top:40px;--awb-flex-wrap:wrap;\" ><div class=\"fusion-builder-row fusion-row fusion-flex-align-items-flex-start fusion-flex-content-wrap\" style=\"width:104% !important;max-width:104% !important;margin-left: calc(-4% \/ 2 );margin-right: calc(-4% \/ 2 );\"><div class=\"fusion-layout-column fusion_builder_column fusion-builder-column-0 fusion_builder_column_1_1 1_1 fusion-flex-column\" style=\"--awb-bg-size:cover;--awb-width-large:100%;--awb-margin-top-large:0px;--awb-spacing-right-large:1.92%;--awb-margin-bottom-large:20px;--awb-spacing-left-large:1.92%;--awb-width-medium:100%;--awb-order-medium:0;--awb-spacing-right-medium:1.92%;--awb-spacing-left-medium:1.92%;--awb-width-small:100%;--awb-order-small:0;--awb-spacing-right-small:1.92%;--awb-spacing-left-small:1.92%;\"><div class=\"fusion-column-wrapper fusion-column-has-shadow fusion-flex-justify-content-flex-start fusion-content-layout-column\"><div class=\"fusion-blog-shortcode fusion-blog-shortcode-1 fusion-blog-archive fusion-blog-layout-grid-wrapper fusion-blog-no\"><style type=\"text\/css\">.fusion-blog-shortcode-1 .fusion-blog-layout-grid .fusion-post-grid{padding:12.5px;}.fusion-blog-shortcode-1 .fusion-posts-container{margin-left: -12.5px !important; margin-right:-12.5px !important;}<\/style><div class=\"fusion-posts-container fusion-posts-container-no fusion-no-meta-info fusion-blog-rollover fusion-blog-layout-grid fusion-blog-layout-grid-4 isotope fusion-blog-equal-heights\" data-pages=\"0\" data-grid-col-space=\"25\" style=\"margin: -12.5px -12.5px 0;min-height:500px;\"><article id=\"blog-1-post-63928\" class=\"fusion-post-grid post-63928 post type-post status-publish format-standard hentry category-centralapkures-kamina-kodols category-centralapkures-kamina-kodols-kratki\">\n<div class=\"fusion-post-wrapper\" style=\"background-color:rgba(255,255,255,1);border:1px solid #a82c23;border-bottom-width:3px;\">\n\n<div class=\"fusion-post-content-wrapper\" style=\"padding:30px 25px 25px 25px;\"><div class=\"fusion-post-content post-content\"><h2 class=\"blog-shortcode-post-title entry-title\"><a href=\"https:\/\/www.kaminakeskus.ee\/lv\/keskkutte-kaminasudamik-mba-pw-17-l-bs-w\/\">Keskk\u00fctte kaminas\u00fcdamik MBA\/PW\/17\/L\/BS\/W<\/a><\/h2><div class=\"fusion-post-content-container\"><div id=\"attachment_63922\" style=\"width: 160px\" class=\"wp-caption alignleft\"><a href=\"https:\/\/www.kaminakeskus.ee\/wp-content\/uploads\/2022\/12\/keskkytte_kaminasydamik_mba_pw_17_vasak-150x150.png\"><img decoding=\"async\" aria-describedby=\"caption-attachment-63922\" class=\"size-thumbnail wp-image-63922\" src=\"https:\/\/www.kaminakeskus.ee\/wp-content\/uploads\/2022\/12\/keskkytte_kaminasydamik_mba_pw_17_vasak-150x150.png\" alt=\"\" width=\"150\" height=\"150\" srcset=\"https:\/\/www.kaminakeskus.ee\/wp-content\/uploads\/2022\/12\/keskkytte_kaminasydamik_mba_pw_17_vasak-66x66.png 66w, https:\/\/www.kaminakeskus.ee\/wp-content\/uploads\/2022\/12\/keskkytte_kaminasydamik_mba_pw_17_vasak-150x150.png 150w, https:\/\/www.kaminakeskus.ee\/wp-content\/uploads\/2022\/12\/keskkytte_kaminasydamik_mba_pw_17_vasak-200x200.png 200w, https:\/\/www.kaminakeskus.ee\/wp-content\/uploads\/2022\/12\/keskkytte_kaminasydamik_mba_pw_17_vasak-300x300.png 300w, https:\/\/www.kaminakeskus.ee\/wp-content\/uploads\/2022\/12\/keskkytte_kaminasydamik_mba_pw_17_vasak-400x400.png 400w, https:\/\/www.kaminakeskus.ee\/wp-content\/uploads\/2022\/12\/keskkytte_kaminasydamik_mba_pw_17_vasak-600x600.png 600w, https:\/\/www.kaminakeskus.ee\/wp-content\/uploads\/2022\/12\/keskkytte_kaminasydamik_mba_pw_17_vasak.png 650w\" sizes=\"(max-width: 150px) 100vw, 150px\" \/><\/a><p id=\"caption-attachment-63922\" class=\"wp-caption-text\">Keskk\u00fctte kaminas\u00fcdamik MBA\/PW\/17\/L\/BS\/W<\/p><\/div>\n<p><strong>MBA\/PW\/17\/L\/BS\/W<\/strong><br \/>\nV\u00f5imsus: 9-19,5 kW<br \/>\nVeepaagi maht: 47 l<br \/>\nK\u00f5rgus: 1460 mm<br \/>\nLaius: 910 mm<br \/>\nS\u00fcgavus: 575 mm<br \/>\nL\u00f5\u00f5ri l\u00e4bim\u00f5\u00f5t: 200 mm<br \/>\nKaal: 293 kg<br \/>\n<strong>Hind: 3364 EUR<\/strong><\/p>\n<\/div><\/div><\/div><div class=\"fusion-clearfix\"><\/div><\/div>\n<\/article>\n<article id=\"blog-1-post-63915\" class=\"fusion-post-grid post-63915 post type-post status-publish format-standard hentry category-keskkutte-kaminasudamikud category-keskkutte-kaminasudamikud-kratki\">\n<div class=\"fusion-post-wrapper\" style=\"background-color:rgba(255,255,255,1);border:1px solid #a82c23;border-bottom-width:3px;\">\n\n<div class=\"fusion-post-content-wrapper\" style=\"padding:30px 25px 25px 25px;\"><div class=\"fusion-post-content post-content\"><h2 class=\"blog-shortcode-post-title entry-title\"><a href=\"https:\/\/www.kaminakeskus.ee\/lv\/keskkutte-kaminasudamik-mba-pw-17-p-bs-w\/\">Keskk\u00fctte kaminas\u00fcdamik MBA\/PW\/17\/P\/BS\/W<\/a><\/h2><div class=\"fusion-post-content-container\"><div id=\"attachment_63916\" style=\"width: 160px\" class=\"wp-caption alignleft\"><a href=\"https:\/\/www.kaminakeskus.ee\/wp-content\/uploads\/2022\/12\/keskkytte_kaminasydamik_mba_pw_17.png\"><img decoding=\"async\" aria-describedby=\"caption-attachment-63916\" class=\"size-thumbnail wp-image-63916\" src=\"https:\/\/www.kaminakeskus.ee\/wp-content\/uploads\/2022\/12\/keskkytte_kaminasydamik_mba_pw_17-150x150.png\" alt=\"\" width=\"150\" height=\"150\" srcset=\"https:\/\/www.kaminakeskus.ee\/wp-content\/uploads\/2022\/12\/keskkytte_kaminasydamik_mba_pw_17-66x66.png 66w, https:\/\/www.kaminakeskus.ee\/wp-content\/uploads\/2022\/12\/keskkytte_kaminasydamik_mba_pw_17-150x150.png 150w, https:\/\/www.kaminakeskus.ee\/wp-content\/uploads\/2022\/12\/keskkytte_kaminasydamik_mba_pw_17-200x200.png 200w, https:\/\/www.kaminakeskus.ee\/wp-content\/uploads\/2022\/12\/keskkytte_kaminasydamik_mba_pw_17-300x300.png 300w, https:\/\/www.kaminakeskus.ee\/wp-content\/uploads\/2022\/12\/keskkytte_kaminasydamik_mba_pw_17-400x400.png 400w, https:\/\/www.kaminakeskus.ee\/wp-content\/uploads\/2022\/12\/keskkytte_kaminasydamik_mba_pw_17-600x600.png 600w, https:\/\/www.kaminakeskus.ee\/wp-content\/uploads\/2022\/12\/keskkytte_kaminasydamik_mba_pw_17.png 650w\" sizes=\"(max-width: 150px) 100vw, 150px\" \/><\/a><p id=\"caption-attachment-63916\" class=\"wp-caption-text\">Keskk\u00fctte kaminas\u00fcdamik MBA\/PW\/17\/P\/BS\/W<\/p><\/div>\n<p><strong>MBA\/PW\/17\/P\/BS\/W<\/strong><br \/>\nV\u00f5imsus: 9-19,5 kW<br \/>\nVeepaagi maht: 47 l<br \/>\nK\u00f5rgus: 1460 mm<br \/>\nLaius: 910 mm<br \/>\nS\u00fcgavus: 575 mm<br \/>\nL\u00f5\u00f5ri l\u00e4bim\u00f5\u00f5t: 200 mm<br \/>\nKaal: 293 kg<br \/>\n<strong>Hind: 3364 EUR<\/strong><\/p>\n<\/div><\/div><\/div><div class=\"fusion-clearfix\"><\/div><\/div>\n<\/article>\n<article id=\"blog-1-post-63913\" class=\"fusion-post-grid post-63913 post type-post status-publish format-standard hentry category-centralapkures-kamina-kodols category-centralapkures-kamina-kodols-kratki category-kamini\">\n<div class=\"fusion-post-wrapper\" style=\"background-color:rgba(255,255,255,1);border:1px solid #a82c23;border-bottom-width:3px;\">\n\n<div class=\"fusion-post-content-wrapper\" style=\"padding:30px 25px 25px 25px;\"><div class=\"fusion-post-content post-content\"><h2 class=\"blog-shortcode-post-title entry-title\"><a href=\"https:\/\/www.kaminakeskus.ee\/lv\/keskkutte-sudamik-maja-pw-12-deco\/\">Keskk\u00fctte s\u00fcdamik Maja PW 12 Deco<\/a><\/h2><div class=\"fusion-post-content-container\"><div id=\"attachment_63907\" style=\"width: 160px\" class=\"wp-caption alignleft\"><a href=\"https:\/\/www.kaminakeskus.ee\/wp-content\/uploads\/2022\/12\/keskkytte_sydamik_maja_pw_12_deco-150x150.png\"><img decoding=\"async\" aria-describedby=\"caption-attachment-63907\" class=\"size-thumbnail wp-image-63907\" src=\"https:\/\/www.kaminakeskus.ee\/wp-content\/uploads\/2022\/12\/keskkytte_sydamik_maja_pw_12_deco-150x150.png\" alt=\"\" width=\"150\" height=\"150\" srcset=\"https:\/\/www.kaminakeskus.ee\/wp-content\/uploads\/2022\/12\/keskkytte_sydamik_maja_pw_12_deco-66x66.png 66w, https:\/\/www.kaminakeskus.ee\/wp-content\/uploads\/2022\/12\/keskkytte_sydamik_maja_pw_12_deco-150x150.png 150w, https:\/\/www.kaminakeskus.ee\/wp-content\/uploads\/2022\/12\/keskkytte_sydamik_maja_pw_12_deco-200x200.png 200w, https:\/\/www.kaminakeskus.ee\/wp-content\/uploads\/2022\/12\/keskkytte_sydamik_maja_pw_12_deco-300x300.png 300w, https:\/\/www.kaminakeskus.ee\/wp-content\/uploads\/2022\/12\/keskkytte_sydamik_maja_pw_12_deco-400x400.png 400w, https:\/\/www.kaminakeskus.ee\/wp-content\/uploads\/2022\/12\/keskkytte_sydamik_maja_pw_12_deco-600x600.png 600w, https:\/\/www.kaminakeskus.ee\/wp-content\/uploads\/2022\/12\/keskkytte_sydamik_maja_pw_12_deco.png 650w\" sizes=\"(max-width: 150px) 100vw, 150px\" \/><\/a><p id=\"caption-attachment-63907\" class=\"wp-caption-text\">Keskk\u00fctte kaminas\u00fcdamik Maja PW 12 Deco<\/p><\/div>\n<p><strong>Maja PW 12 Deco<\/strong><br \/>\nV\u00f5imsus: 3,5-10 kW<br \/>\nVeepaagi maht: 18 l<br \/>\nK\/L\/S: 677\/635\/384mm<br \/>\nL\u00f5\u00f5ri l\u00e4bim\u00f5\u00f5t: 180 mm<br \/>\nKaal: 110 kg<br \/>\n<strong>Hind: 1529 EUR<\/strong><\/p>\n<p>&nbsp;<\/p>\n<\/div><\/div><\/div><div class=\"fusion-clearfix\"><\/div><\/div>\n<\/article>\n<article id=\"blog-1-post-61531\" class=\"fusion-post-grid post-61531 post type-post status-publish format-standard hentry category-centralapkures-kamina-kodols-kratki category-kamini\">\n<div class=\"fusion-post-wrapper\" style=\"background-color:rgba(255,255,255,1);border:1px solid #a82c23;border-bottom-width:3px;\">\n\n<div class=\"fusion-post-content-wrapper\" style=\"padding:30px 25px 25px 25px;\"><div class=\"fusion-post-content post-content\"><h2 class=\"blog-shortcode-post-title entry-title\"><a href=\"https:\/\/www.kaminakeskus.ee\/lv\/keskkutte-kaminasudamik-aquario-a18-pw\/\">Centr\u0101lapkures kam\u012bna serde AQUARIO A18 PW<\/a><\/h2><div class=\"fusion-post-content-container\"><div id=\"attachment_61523\" style=\"width: 160px\" class=\"wp-caption alignnone\"><a href=\"https:\/\/www.kaminakeskus.ee\/wp-content\/uploads\/2022\/07\/keskkytte_kaminasydamik_AQUARIO_A_18_PW.png\"><img decoding=\"async\" aria-describedby=\"caption-attachment-61523\" class=\"size-thumbnail wp-image-61523\" src=\"https:\/\/www.kaminakeskus.ee\/wp-content\/uploads\/2022\/07\/keskkytte_kaminasydamik_AQUARIO_A_18_PW-150x150.png\" alt=\"\" width=\"150\" height=\"150\" srcset=\"https:\/\/www.kaminakeskus.ee\/wp-content\/uploads\/2022\/07\/keskkytte_kaminasydamik_AQUARIO_A_18_PW-66x66.png 66w, https:\/\/www.kaminakeskus.ee\/wp-content\/uploads\/2022\/07\/keskkytte_kaminasydamik_AQUARIO_A_18_PW-150x150.png 150w, https:\/\/www.kaminakeskus.ee\/wp-content\/uploads\/2022\/07\/keskkytte_kaminasydamik_AQUARIO_A_18_PW-200x200.png 200w, https:\/\/www.kaminakeskus.ee\/wp-content\/uploads\/2022\/07\/keskkytte_kaminasydamik_AQUARIO_A_18_PW-300x300.png 300w, https:\/\/www.kaminakeskus.ee\/wp-content\/uploads\/2022\/07\/keskkytte_kaminasydamik_AQUARIO_A_18_PW-400x400.png 400w, https:\/\/www.kaminakeskus.ee\/wp-content\/uploads\/2022\/07\/keskkytte_kaminasydamik_AQUARIO_A_18_PW-600x600.png 600w, https:\/\/www.kaminakeskus.ee\/wp-content\/uploads\/2022\/07\/keskkytte_kaminasydamik_AQUARIO_A_18_PW.png 650w\" sizes=\"(max-width: 150px) 100vw, 150px\" \/><\/a><p id=\"caption-attachment-61523\" class=\"wp-caption-text\">Centr\u0101lapkures kam\u012bna serde Aquario A18 PW<\/p><\/div>\n<p><strong>AQUARIO A18 PW <\/strong><br \/>\nJauda: 18 kW<br \/>\n\u016adens tvertnes tilpums: 88 l<br \/>\nK \/ L \/ S: 1427\/792 \/ 482mm<br \/>\nD\u016bme\u0146a diametrs: 200 mm<br \/>\nSvars: 328 kg<br \/>\nTehniskais z\u012bm\u0113jums<br \/>\n<strong>Cena: 3529 EUR<\/strong><\/p>\n<\/div><\/div><\/div><div class=\"fusion-clearfix\"><\/div><\/div>\n<\/article>\n<article id=\"blog-1-post-61280\" class=\"fusion-post-grid post-61280 post type-post status-publish format-standard hentry category-centralapkures-kamina-kodols category-centralapkures-kamina-kodols-kratki\">\n<div class=\"fusion-post-wrapper\" style=\"background-color:rgba(255,255,255,1);border:1px solid #a82c23;border-bottom-width:3px;\">\n\n<div class=\"fusion-post-content-wrapper\" style=\"padding:30px 25px 25px 25px;\"><div class=\"fusion-post-content post-content\"><h2 class=\"blog-shortcode-post-title entry-title\"><a href=\"https:\/\/www.kaminakeskus.ee\/lv\/keskkuttekaminasudamik-kratki-lucy-pw-20-w\/\">Centr\u0101lapkures kam\u012bna serde Kratki Lucy\/pw\/20\/w<\/a><\/h2><div class=\"fusion-post-content-container\"><div id=\"attachment_61276\" style=\"width: 160px\" class=\"wp-caption alignnone\"><a href=\"https:\/\/www.kaminakeskus.ee\/wp-content\/uploads\/2022\/07\/keskkytte_kaminasydamik_lucy-pw-20-w.png\"><img decoding=\"async\" aria-describedby=\"caption-attachment-61276\" class=\"size-thumbnail wp-image-61276\" src=\"https:\/\/www.kaminakeskus.ee\/wp-content\/uploads\/2022\/07\/keskkytte_kaminasydamik_lucy-pw-20-w-150x150.png\" alt=\"\" width=\"150\" height=\"150\" srcset=\"https:\/\/www.kaminakeskus.ee\/wp-content\/uploads\/2022\/07\/keskkytte_kaminasydamik_lucy-pw-20-w-66x66.png 66w, https:\/\/www.kaminakeskus.ee\/wp-content\/uploads\/2022\/07\/keskkytte_kaminasydamik_lucy-pw-20-w-150x150.png 150w, https:\/\/www.kaminakeskus.ee\/wp-content\/uploads\/2022\/07\/keskkytte_kaminasydamik_lucy-pw-20-w-200x200.png 200w, https:\/\/www.kaminakeskus.ee\/wp-content\/uploads\/2022\/07\/keskkytte_kaminasydamik_lucy-pw-20-w-300x300.png 300w, https:\/\/www.kaminakeskus.ee\/wp-content\/uploads\/2022\/07\/keskkytte_kaminasydamik_lucy-pw-20-w-400x400.png 400w, https:\/\/www.kaminakeskus.ee\/wp-content\/uploads\/2022\/07\/keskkytte_kaminasydamik_lucy-pw-20-w-600x600.png 600w, https:\/\/www.kaminakeskus.ee\/wp-content\/uploads\/2022\/07\/keskkytte_kaminasydamik_lucy-pw-20-w.png 650w\" sizes=\"(max-width: 150px) 100vw, 150px\" \/><\/a><p id=\"caption-attachment-61276\" class=\"wp-caption-text\">Centr\u0101lapkures kam\u012bna serde Lucy\/PW\/20\/W<\/p><\/div>\n<p><strong>L\u016bsija\/PW\/20\/W<\/strong><br \/>\nJauda: 20kW<br \/>\nJauda \u016bdenim: 13 kW<br \/>\n\u016adens tvertnes tilpums: 45 l<br \/>\nAugstums: 1384 mm<br \/>\nPlatums: 1001 mm<br \/>\nDzi\u013cums: 407 mm<br \/>\nD\u016bme\u0146a diametrs: 200 mm<br \/>\nEfektivit\u0101te: 82%<br \/>\nD\u016bmg\u0101zu temperat\u016bra: 230\u00b0<br \/>\nSvars: 293kg<br \/>\n<strong>Cena: 2495 EUR<\/strong><\/p>\n<\/div><\/div><\/div><div class=\"fusion-clearfix\"><\/div><\/div>\n<\/article>\n<article id=\"blog-1-post-48508\" class=\"fusion-post-grid post-48508 post type-post status-publish format-standard hentry category-centralapkures-kamina-kodols category-centralapkures-kamina-kodols-kratki\">\n<div class=\"fusion-post-wrapper\" style=\"background-color:rgba(255,255,255,1);border:1px solid #a82c23;border-bottom-width:3px;\">\n\n<div class=\"fusion-post-content-wrapper\" style=\"padding:30px 25px 25px 25px;\"><div class=\"fusion-post-content post-content\"><h2 class=\"blog-shortcode-post-title entry-title\"><a href=\"https:\/\/www.kaminakeskus.ee\/lv\/centralapkures-kamina-serde-kratki-aquario-o12-pw-glass\/\">Centr\u0101lapkures kam\u012bna serde Kratki Aquario O12 PW Glass<\/a><\/h2><div class=\"fusion-post-content-container\"><div id=\"attachment_41761\" style=\"width: 160px\" class=\"wp-caption alignleft\"><a href=\"https:\/\/www.kaminakeskus.ee\/wp-content\/uploads\/2020\/05\/keskkutte-kaminasudamik-kratki-aquario-o12-pw-glass.png\"><img decoding=\"async\" aria-describedby=\"caption-attachment-41761\" class=\"size-thumbnail wp-image-26850\" src=\"https:\/\/www.kaminakeskus.ee\/wp-content\/uploads\/2020\/05\/keskkutte-kaminasudamik-kratki-aquario-o12-pw-glass-150x150.png\" alt=\"\" width=\"150\" height=\"150\" srcset=\"https:\/\/www.kaminakeskus.ee\/wp-content\/uploads\/2020\/05\/keskkutte-kaminasudamik-kratki-aquario-o12-pw-glass-150x150.png 150w, https:\/\/www.kaminakeskus.ee\/wp-content\/uploads\/2020\/05\/keskkutte-kaminasudamik-kratki-aquario-o12-pw-glass-300x300.png 300w, https:\/\/www.kaminakeskus.ee\/wp-content\/uploads\/2020\/05\/keskkutte-kaminasudamik-kratki-aquario-o12-pw-glass-768x768.png 768w, https:\/\/www.kaminakeskus.ee\/wp-content\/uploads\/2020\/05\/keskkutte-kaminasudamik-kratki-aquario-o12-pw-glass.png 960w\" sizes=\"(max-width: 150px) 100vw, 150px\" \/><\/a><p id=\"caption-attachment-41761\" class=\"wp-caption-text\">Centr\u0101lapkures kam\u012bna serde Aquario O12 PW Glass<\/p><\/div>\n<p><strong>AQUARIO O12 PW stikls<\/strong><br \/>\nJauda: 12 kW<br \/>\n\u016adens tvertnes tilpums: 58 l<br \/>\nAugstums: 1181mm<br \/>\nPlatums: 784mm<br \/>\nDzi\u013cums: 482mm<br \/>\nD\u016bme\u0146a diametrs: 200 mm<br \/>\nSvars: 275 kg<br \/>\n<strong>Cena: 2105 EUR<br \/>\n<\/strong><\/p>\n<\/div><\/div><\/div><div class=\"fusion-clearfix\"><\/div><\/div>\n<\/article>\n<article id=\"blog-1-post-48573\" class=\"fusion-post-grid post-48573 post type-post status-publish format-standard hentry category-centralapkures-kamina-kodols category-centralapkures-kamina-kodols-kratki\">\n<div class=\"fusion-post-wrapper\" style=\"background-color:rgba(255,255,255,1);border:1px solid #a82c23;border-bottom-width:3px;\">\n\n<div class=\"fusion-post-content-wrapper\" style=\"padding:30px 25px 25px 25px;\"><div class=\"fusion-post-content post-content\"><h2 class=\"blog-shortcode-post-title entry-title\"><a href=\"https:\/\/www.kaminakeskus.ee\/lv\/centralapkures-kamina-serde-kratki-aquario-o12-pw\/\">Centr\u0101lapkures kam\u012bna serde Kratki Aquario O12 PW<\/a><\/h2><div class=\"fusion-post-content-container\"><div id=\"attachment_41757\" style=\"width: 160px\" class=\"wp-caption alignleft\"><a href=\"https:\/\/www.kaminakeskus.ee\/wp-content\/uploads\/2020\/05\/keskkutte-kaminasudamik-kratki-aquario-o-12-pw.png\"><img decoding=\"async\" aria-describedby=\"caption-attachment-41757\" class=\"size-thumbnail wp-image-41757\" src=\"https:\/\/www.kaminakeskus.ee\/wp-content\/uploads\/2020\/05\/keskkutte-kaminasudamik-kratki-aquario-o-12-pw-150x150.png\" alt=\"\" width=\"150\" height=\"150\" srcset=\"https:\/\/www.kaminakeskus.ee\/wp-content\/uploads\/2020\/05\/keskkutte-kaminasudamik-kratki-aquario-o-12-pw-150x150.png 150w, https:\/\/www.kaminakeskus.ee\/wp-content\/uploads\/2020\/05\/keskkutte-kaminasudamik-kratki-aquario-o-12-pw-300x300.png 300w, https:\/\/www.kaminakeskus.ee\/wp-content\/uploads\/2020\/05\/keskkutte-kaminasudamik-kratki-aquario-o-12-pw-768x768.png 768w, https:\/\/www.kaminakeskus.ee\/wp-content\/uploads\/2020\/05\/keskkutte-kaminasudamik-kratki-aquario-o-12-pw.png 960w\" sizes=\"(max-width: 150px) 100vw, 150px\" \/><\/a><p id=\"caption-attachment-41757\" class=\"wp-caption-text\">Centr\u0101lapkures kam\u012bna serde Aquario O12 PW<\/p><\/div>\n<p><strong>AQUARIO O12 PW<\/strong><br \/>\nJauda: 12 kW<br \/>\n\u016adens tvertnes tilpums: 58 l<br \/>\nAugstums: 1181mm<br \/>\nPlatums: 784mm<br \/>\nDzi\u013cums: 482mm<br \/>\nD\u016bme\u0146a diametrs: 200 mm<br \/>\nSvars: 275 kg<br \/>\n<strong>Cena: 2969 EUR<br \/>\n<\/strong><\/p>\n<\/div><\/div><\/div><div class=\"fusion-clearfix\"><\/div><\/div>\n<\/article>\n<article id=\"blog-1-post-48561\" class=\"fusion-post-grid post-48561 post type-post status-publish format-standard hentry category-centralapkures-kamina-kodols category-centralapkures-kamina-kodols-kratki\">\n<div class=\"fusion-post-wrapper\" style=\"background-color:rgba(255,255,255,1);border:1px solid #a82c23;border-bottom-width:3px;\">\n\n<div class=\"fusion-post-content-wrapper\" style=\"padding:30px 25px 25px 25px;\"><div class=\"fusion-post-content post-content\"><h2 class=\"blog-shortcode-post-title entry-title\"><a href=\"https:\/\/www.kaminakeskus.ee\/lv\/centralapkures-kamina-serde-kratki-aquario-o16-pw\/\">Centr\u0101lapkures kam\u012bna serde Kratki Aquario O16 PW<\/a><\/h2><div class=\"fusion-post-content-container\"><div id=\"attachment_41753\" style=\"width: 160px\" class=\"wp-caption alignleft\"><a href=\"https:\/\/www.kaminakeskus.ee\/wp-content\/uploads\/2020\/05\/keskkutte-kaminasudamik-kratki-aquario-o-16-pw.png\"><img decoding=\"async\" aria-describedby=\"caption-attachment-41753\" class=\"size-thumbnail wp-image-41753\" src=\"https:\/\/www.kaminakeskus.ee\/wp-content\/uploads\/2020\/05\/keskkutte-kaminasudamik-kratki-aquario-o-16-pw-150x150.png\" alt=\"\" width=\"150\" height=\"150\" srcset=\"https:\/\/www.kaminakeskus.ee\/wp-content\/uploads\/2020\/05\/keskkutte-kaminasudamik-kratki-aquario-o-16-pw-150x150.png 150w, https:\/\/www.kaminakeskus.ee\/wp-content\/uploads\/2020\/05\/keskkutte-kaminasudamik-kratki-aquario-o-16-pw-300x300.png 300w, https:\/\/www.kaminakeskus.ee\/wp-content\/uploads\/2020\/05\/keskkutte-kaminasudamik-kratki-aquario-o-16-pw-768x768.png 768w, https:\/\/www.kaminakeskus.ee\/wp-content\/uploads\/2020\/05\/keskkutte-kaminasudamik-kratki-aquario-o-16-pw.png 960w\" sizes=\"(max-width: 150px) 100vw, 150px\" \/><\/a><p id=\"caption-attachment-41753\" class=\"wp-caption-text\">Centr\u0101lapkures kam\u012bna serde Aquario O16 PW<\/p><\/div>\n<p><strong>AQUARIO O16 PW<\/strong><br \/>\nJauda: 16 kW<br \/>\n\u016adens tvertnes tilpums: 88 l<br \/>\nAugstums: 1335mm<br \/>\nPlatums: 784mm<br \/>\nDzi\u013cums: 482mm<br \/>\nD\u016bme\u0146a diametrs: 200 mm<br \/>\nSvars: 305 kg<br \/>\n<strong>Cena: 2969 EUR<br \/>\n<\/strong><\/p>\n<\/div><\/div><\/div><div class=\"fusion-clearfix\"><\/div><\/div>\n<\/article>\n<article id=\"blog-1-post-48428\" class=\"fusion-post-grid post-48428 post type-post status-publish format-standard hentry category-centralapkures-kamina-kodols category-centralapkures-kamina-kodols-kratki\">\n<div class=\"fusion-post-wrapper\" style=\"background-color:rgba(255,255,255,1);border:1px solid #a82c23;border-bottom-width:3px;\">\n\n<div class=\"fusion-post-content-wrapper\" style=\"padding:30px 25px 25px 25px;\"><div class=\"fusion-post-content post-content\"><h2 class=\"blog-shortcode-post-title entry-title\"><a href=\"https:\/\/www.kaminakeskus.ee\/lv\/centralapkures-kamina-serde-kratki-aquario-a14-pw-glass\/\">Centr\u0101lapkures kam\u012bna serde Kratki Aquario A14 PW Glass<\/a><\/h2><div class=\"fusion-post-content-container\"><div id=\"attachment_41741\" style=\"width: 160px\" class=\"wp-caption alignleft\"><a href=\"https:\/\/www.kaminakeskus.ee\/wp-content\/uploads\/2020\/05\/keskkutte-kaminasudamik-kratki-aquario-a14-pw-glass.png\"><img decoding=\"async\" aria-describedby=\"caption-attachment-41741\" class=\"size-thumbnail wp-image-41741\" src=\"https:\/\/www.kaminakeskus.ee\/wp-content\/uploads\/2020\/05\/keskkutte-kaminasudamik-kratki-aquario-a14-pw-glass-150x150.png\" alt=\"\" width=\"150\" height=\"150\" srcset=\"https:\/\/www.kaminakeskus.ee\/wp-content\/uploads\/2020\/05\/keskkutte-kaminasudamik-kratki-aquario-a14-pw-glass-150x150.png 150w, https:\/\/www.kaminakeskus.ee\/wp-content\/uploads\/2020\/05\/keskkutte-kaminasudamik-kratki-aquario-a14-pw-glass-300x300.png 300w, https:\/\/www.kaminakeskus.ee\/wp-content\/uploads\/2020\/05\/keskkutte-kaminasudamik-kratki-aquario-a14-pw-glass-768x768.png 768w, https:\/\/www.kaminakeskus.ee\/wp-content\/uploads\/2020\/05\/keskkutte-kaminasudamik-kratki-aquario-a14-pw-glass.png 960w\" sizes=\"(max-width: 150px) 100vw, 150px\" \/><\/a><p id=\"caption-attachment-41741\" class=\"wp-caption-text\">Kekk\u00fctte kam\u012bna serde Aquario A14 PW Glass<\/p><\/div>\n<p><strong>AQUARIO A14 PW STIKLS<\/strong><br \/>\nJauda: 14 kW<br \/>\n\u016adens tvertnes tilpums: 58 l<br \/>\nK \/ L \/ S: 1273\/792 \/ 482mm<br \/>\nD\u016bme\u0146a diametrs: 200 mm<br \/>\nSvars: 293 kg<br \/>\n<strong>Cena: 3114 EUR<\/strong><\/p>\n<\/div><\/div><\/div><div class=\"fusion-clearfix\"><\/div><\/div>\n<\/article>\n<article id=\"blog-1-post-48422\" class=\"fusion-post-grid post-48422 post type-post status-publish format-standard hentry category-centralapkures-kamina-kodols category-centralapkures-kamina-kodols-kratki\">\n<div class=\"fusion-post-wrapper\" style=\"background-color:rgba(255,255,255,1);border:1px solid #a82c23;border-bottom-width:3px;\">\n\n<div class=\"fusion-post-content-wrapper\" style=\"padding:30px 25px 25px 25px;\"><div class=\"fusion-post-content post-content\"><h2 class=\"blog-shortcode-post-title entry-title\"><a href=\"https:\/\/www.kaminakeskus.ee\/lv\/centralapkures-kamina-serde-kratki-aquario-a14-pw\/\">Centr\u0101lapkures kam\u012bna serde Kratki Aquario A14 PW<\/a><\/h2><div class=\"fusion-post-content-container\"><div id=\"attachment_41737\" style=\"width: 160px\" class=\"wp-caption alignleft\"><a href=\"https:\/\/www.kaminakeskus.ee\/wp-content\/uploads\/2020\/05\/keskkutte-kaminasudamik-kratki-aquario-a14-pw.png\"><img decoding=\"async\" aria-describedby=\"caption-attachment-41737\" class=\"size-thumbnail wp-image-41737\" src=\"https:\/\/www.kaminakeskus.ee\/wp-content\/uploads\/2020\/05\/keskkutte-kaminasudamik-kratki-aquario-a14-pw-150x150.png\" alt=\"\" width=\"150\" height=\"150\" srcset=\"https:\/\/www.kaminakeskus.ee\/wp-content\/uploads\/2020\/05\/keskkutte-kaminasudamik-kratki-aquario-a14-pw-150x150.png 150w, https:\/\/www.kaminakeskus.ee\/wp-content\/uploads\/2020\/05\/keskkutte-kaminasudamik-kratki-aquario-a14-pw-300x300.png 300w, https:\/\/www.kaminakeskus.ee\/wp-content\/uploads\/2020\/05\/keskkutte-kaminasudamik-kratki-aquario-a14-pw-768x768.png 768w, https:\/\/www.kaminakeskus.ee\/wp-content\/uploads\/2020\/05\/keskkutte-kaminasudamik-kratki-aquario-a14-pw.png 960w\" sizes=\"(max-width: 150px) 100vw, 150px\" \/><\/a><p id=\"caption-attachment-41737\" class=\"wp-caption-text\">Centr\u0101lapkures kam\u012bna serde Aquario 14A PW<\/p><\/div>\n<p><strong>AQUARIO A14 PW<\/strong><br \/>\nJauda: 14 kW<br \/>\n\u016adens tvertnes tilpums: 58 l<br \/>\nK \/ L \/ S: 1273\/792 \/ 482mm<br \/>\nD\u016bme\u0146a diametrs: 200 mm<br \/>\nSvars: 293 kg<br \/>\n<span style=\"color: #000000;\"><strong>Cena: 2649 EUR<\/strong><\/span><\/p>\n<\/div><\/div><\/div><div class=\"fusion-clearfix\"><\/div><\/div>\n<\/article>\n<article id=\"blog-1-post-48397\" class=\"fusion-post-grid post-48397 post type-post status-publish format-standard hentry category-centralapkures-kamina-kodols category-centralapkures-kamina-kodols-kratki\">\n<div class=\"fusion-post-wrapper\" style=\"background-color:rgba(255,255,255,1);border:1px solid #a82c23;border-bottom-width:3px;\">\n\n<div class=\"fusion-post-content-wrapper\" style=\"padding:30px 25px 25px 25px;\"><div class=\"fusion-post-content post-content\"><h2 class=\"blog-shortcode-post-title entry-title\"><a href=\"https:\/\/www.kaminakeskus.ee\/lv\/centrala-apkure-kamina-serde-kratki-zuzia-pw-15-deco\/\">Centr\u0101l\u0101 apkure Kam\u012bna serde Kratki Zuzia PW 12 Deco<\/a><\/h2><div class=\"fusion-post-content-container\"><div id=\"attachment_41685\" style=\"width: 160px\" class=\"wp-caption alignleft\"><a href=\"https:\/\/www.kaminakeskus.ee\/wp-content\/uploads\/2020\/05\/keskutte-kaminasudamik-zuzia-pw-15-deco.png\"><img decoding=\"async\" aria-describedby=\"caption-attachment-41685\" class=\"size-thumbnail wp-image-41685\" src=\"https:\/\/www.kaminakeskus.ee\/wp-content\/uploads\/2020\/05\/keskutte-kaminasudamik-zuzia-pw-15-deco-150x150.png\" alt=\"\" width=\"150\" height=\"150\" srcset=\"https:\/\/www.kaminakeskus.ee\/wp-content\/uploads\/2020\/05\/keskutte-kaminasudamik-zuzia-pw-15-deco-150x150.png 150w, https:\/\/www.kaminakeskus.ee\/wp-content\/uploads\/2020\/05\/keskutte-kaminasudamik-zuzia-pw-15-deco-300x300.png 300w, https:\/\/www.kaminakeskus.ee\/wp-content\/uploads\/2020\/05\/keskutte-kaminasudamik-zuzia-pw-15-deco-768x768.png 768w, https:\/\/www.kaminakeskus.ee\/wp-content\/uploads\/2020\/05\/keskutte-kaminasudamik-zuzia-pw-15-deco.png 960w\" sizes=\"(max-width: 150px) 100vw, 150px\" \/><\/a><p id=\"caption-attachment-41685\" class=\"wp-caption-text\">Centr\u0101lapkures kam\u012bna serde Zuzia PW 12 Deco<\/p><\/div>\n<p><strong>Zuzia PW 12 Deco<\/strong><br \/>\nJauda: 5-15 kW<br \/>\n\u016adens tvertnes tilpums: 38 l<br \/>\nK \/ L \/ S: 869\/652 \/ 489 mm<br \/>\nD\u016bme\u0146a diametrs: 200 mm<br \/>\nSvars: 182 kg<br \/>\n<strong>Cena: 1959 EUR<\/strong><\/p>\n<\/div><\/div><\/div><div class=\"fusion-clearfix\"><\/div><\/div>\n<\/article>\n<article id=\"blog-1-post-48494\" class=\"fusion-post-grid post-48494 post type-post status-publish format-standard hentry category-centralapkures-kamina-kodols category-centralapkures-kamina-kodols-kratki\">\n<div class=\"fusion-post-wrapper\" style=\"background-color:rgba(255,255,255,1);border:1px solid #a82c23;border-bottom-width:3px;\">\n\n<div class=\"fusion-post-content-wrapper\" style=\"padding:30px 25px 25px 25px;\"><div class=\"fusion-post-content post-content\"><h2 class=\"blog-shortcode-post-title entry-title\"><a href=\"https:\/\/www.kaminakeskus.ee\/lv\/centralapkures-kamina-kodols-maja-pw-12-g\/\">Centr\u0101lapkures kam\u012bna kodols Maja PW 12 G<\/a><\/h2><div class=\"fusion-post-content-container\"><div id=\"attachment_41657\" style=\"width: 160px\" class=\"wp-caption alignleft\"><a href=\"https:\/\/www.kaminakeskus.ee\/wp-content\/uploads\/2020\/05\/keskutte-kaminasudamik-maja-pw-12-g-150x150.png\"><img decoding=\"async\" aria-describedby=\"caption-attachment-41657\" class=\"size-thumbnail wp-image-26748\" src=\"https:\/\/www.kaminakeskus.ee\/wp-content\/uploads\/2020\/05\/keskutte-kaminasudamik-maja-pw-12-g-150x150.png\" alt=\"\" width=\"150\" height=\"150\" srcset=\"https:\/\/www.kaminakeskus.ee\/wp-content\/uploads\/2020\/05\/keskutte-kaminasudamik-maja-pw-12-g-150x150.png 150w, https:\/\/www.kaminakeskus.ee\/wp-content\/uploads\/2020\/05\/keskutte-kaminasudamik-maja-pw-12-g-300x300.png 300w, https:\/\/www.kaminakeskus.ee\/wp-content\/uploads\/2020\/05\/keskutte-kaminasudamik-maja-pw-12-g-768x768.png 768w, https:\/\/www.kaminakeskus.ee\/wp-content\/uploads\/2020\/05\/keskutte-kaminasudamik-maja-pw-12-g.png 960w\" sizes=\"(max-width: 150px) 100vw, 150px\" \/><\/a><p id=\"caption-attachment-41657\" class=\"wp-caption-text\">Centr\u0101lapkures kam\u012bna kodols Maja PW 12 G<\/p><\/div>\n<p><strong>M\u0101ja PW 12 G<\/strong><br \/>\nJauda: 3,5-10 kW<br \/>\n\u016adens tvertnes tilpums: 18 l<br \/>\nK \/ L \/ S: 1120\/763 \/ 465 mm<br \/>\nSkurste\u0146a diametrs: 180 mm<br \/>\nSvars: 182 kg<br \/>\n<strong>Cena: 2439 EUR<\/strong><\/p>\n<\/div><\/div><\/div><div class=\"fusion-clearfix\"><\/div><\/div>\n<\/article>\n<article id=\"blog-1-post-47467\" class=\"fusion-post-grid post-47467 post type-post status-publish format-standard hentry category-centralapkures-kamina-kodols category-centralapkures-kamina-kodols-kratki category-keskkutte-kaminasudamikud category-keskkutte-kaminasudamikud-kratki\">\n<div class=\"fusion-post-wrapper\" style=\"background-color:rgba(255,255,255,1);border:1px solid #a82c23;border-bottom-width:3px;\">\n\n<div class=\"fusion-post-content-wrapper\" style=\"padding:30px 25px 25px 25px;\"><div class=\"fusion-post-content post-content\"><h2 class=\"blog-shortcode-post-title entry-title\"><a href=\"https:\/\/www.kaminakeskus.ee\/lv\/centralapkures-kamina-serde-mbz-pw-ar-13-sturiem\/\">Centr\u0101lapkures kam\u012bna serde MBZ PW ar 13 st\u016briem<\/a><\/h2><div class=\"fusion-post-content-container\"><div id=\"attachment_39041\" style=\"width: 160px\" class=\"wp-caption alignleft\"><a href=\"https:\/\/www.kaminakeskus.ee\/wp-content\/uploads\/2019\/03\/Keskk%C3%BCtte-kaminas%C3%BCdamik-MBZ-PW-13.png\"><img decoding=\"async\" aria-describedby=\"caption-attachment-39041\" class=\"size-thumbnail wp-image-23070\" src=\"https:\/\/www.kaminakeskus.ee\/wp-content\/uploads\/2019\/03\/Keskk%C3%BCtte-kaminas%C3%BCdamik-MBZ-PW-13-150x150.png\" alt=\"\" width=\"150\" height=\"150\"><\/a><p id=\"caption-attachment-39041\" class=\"wp-caption-text\">Centr\u0101lapkures kam\u012bna serde MBZ PW 13<\/p><\/div>\n<p><strong>Centr\u0101l\u0101s apkures kam\u012bna serde<br \/>\nMBZ PW 13 atst\u0101ja BS<\/strong><br \/>\nJauda: 13 kW<br \/>\n\u016adens tvertnes tilpums: 34 l<br \/>\nK \/ L \/ S: 1340\/780 \/ 575mm<br \/>\nD\u016bme\u0146a diametrs: 200 mm<br \/>\nSvars: 240kg<br \/>\n<strong>Cena: 2684 EUR<\/strong><\/p>\n<\/div><\/div><\/div><div class=\"fusion-clearfix\"><\/div><\/div>\n<\/article>\n<article id=\"blog-1-post-47323\" class=\"fusion-post-grid post-47323 post type-post status-publish format-standard hentry category-centralapkures-kamina-kodols category-centralapkures-kamina-kodols-kratki category-kamini\">\n<div class=\"fusion-post-wrapper\" style=\"background-color:rgba(255,255,255,1);border:1px solid #a82c23;border-bottom-width:3px;\">\n\n<div class=\"fusion-post-content-wrapper\" style=\"padding:30px 25px 25px 25px;\"><div class=\"fusion-post-content post-content\"><h2 class=\"blog-shortcode-post-title entry-title\"><a href=\"https:\/\/www.kaminakeskus.ee\/lv\/centralapkures-kamina-kodols-zuzia-pw-19-t\/\">Centr\u0101lapkures kam\u012bna kodols Zuzia PW 19 T<\/a><\/h2><div class=\"fusion-post-content-container\"><div id=\"attachment_42857\" style=\"width: 160px\" class=\"wp-caption alignleft\"><a href=\"http:\/\/www.kaminakeskus.ee\/wp-content\/uploads\/2019\/01\/keskkuttesudamik-zuzia-pw-19-t.png\"><img decoding=\"async\" aria-describedby=\"caption-attachment-42857\" class=\"wp-image-42857 size-thumbnail\" src=\"https:\/\/www.kaminakeskus.ee\/wp-content\/uploads\/2019\/01\/keskkuttesudamik-zuzia-pw-19-t-150x150.png\" alt=\"\" width=\"150\" height=\"150\" srcset=\"https:\/\/www.kaminakeskus.ee\/wp-content\/uploads\/2019\/01\/keskkuttesudamik-zuzia-pw-19-t-150x150.png 150w, https:\/\/www.kaminakeskus.ee\/wp-content\/uploads\/2019\/01\/keskkuttesudamik-zuzia-pw-19-t-300x300.png 300w, https:\/\/www.kaminakeskus.ee\/wp-content\/uploads\/2019\/01\/keskkuttesudamik-zuzia-pw-19-t-768x768.png 768w, https:\/\/www.kaminakeskus.ee\/wp-content\/uploads\/2019\/01\/keskkuttesudamik-zuzia-pw-19-t.png 960w\" sizes=\"(max-width: 150px) 100vw, 150px\" \/><\/a><p id=\"caption-attachment-42857\" class=\"wp-caption-text\">Centr\u0101lapkures kodols Zuzia PW 19 T<\/p><\/div>\n<p><strong>Centr\u0101l\u0101s apkures kam\u012bna serde<br \/>\nZuzia PW 19 T<\/strong><br \/>\nJauda: 10-24 kW<br \/>\n\u016adens tvertnes tilpums: 25 l<br \/>\nK \/ L \/ S: 742\/652 \/ 443 mm<br \/>\nSkurste\u0146a diametrs: 180 mm<br \/>\nSvars: 163kg<br \/>\n<strong>Cena: 1899 EUR<\/strong><\/p>\n<\/div><\/div><\/div><div class=\"fusion-clearfix\"><\/div><\/div>\n<\/article>\n<article id=\"blog-1-post-49678\" class=\"fusion-post-grid post-49678 post type-post status-publish format-standard hentry category-centralapkures-kamina-kodols category-centralapkures-kamina-kodols-kratki category-kamini\">\n<div class=\"fusion-post-wrapper\" style=\"background-color:rgba(255,255,255,1);border:1px solid #a82c23;border-bottom-width:3px;\">\n\n<div class=\"fusion-post-content-wrapper\" style=\"padding:30px 25px 25px 25px;\"><div class=\"fusion-post-content post-content\"><h2 class=\"blog-shortcode-post-title entry-title\"><a href=\"https:\/\/www.kaminakeskus.ee\/lv\/centralapkures-kamina-serde-mba-pw-17-giljotina\/\">Centr\u0101lapkures kam\u012bna serde MBA PW 17 giljot\u012bna<\/a><\/h2><div class=\"fusion-post-content-container\"><div id=\"attachment_37521\" style=\"width: 160px\" class=\"wp-caption alignleft\"><a href=\"https:\/\/www.kaminakeskus.ee\/wp-content\/uploads\/2018\/02\/Keskk%C3%BCtte-kaminas%C3%BCdamik-MBA-PW-17-guillotine.png\"><img decoding=\"async\" aria-describedby=\"caption-attachment-37521\" class=\"size-thumbnail wp-image-21258\" src=\"https:\/\/www.kaminakeskus.ee\/wp-content\/uploads\/2018\/02\/Keskk%C3%BCtte-kaminas%C3%BCdamik-MBA-PW-17-guillotine-150x150.png\" alt=\"Keskk\u00fctte kaminas\u00fcdamik MBA PW 17 guillotine\" width=\"150\" height=\"150\"><\/a><p id=\"caption-attachment-37521\" class=\"wp-caption-text\">Centr\u0101lapkures kam\u012bna serde MBA PW 17 giljot\u012bna<\/p><\/div>\n<p><strong>Centr\u0101l\u0101s apkures kam\u012bna serde<br \/>\nMBA PW 17 giljot\u012bna<\/strong><br \/>\nJauda: 17 kW<br \/>\n\u016adens tvertnes tilpums: 47 l<br \/>\nK \/ L \/ S: 1429\/965 \/ 537 mm<br \/>\nD\u016bme\u0146a diametrs: 200 mm<br \/>\n<a href=\"https:\/\/kratki.com\/sklep\/en\/produkt\/2762\/water-fireplace-mba-pw-17-guillotine\">Tehniskais z\u012bm\u0113jums<\/a><br \/>\n<strong>Cena: 2472 EUR<\/strong><\/p>\n<\/div><\/div><\/div><div class=\"fusion-clearfix\"><\/div><\/div>\n<\/article>\n<article id=\"blog-1-post-49632\" class=\"fusion-post-grid post-49632 post type-post status-publish format-standard hentry category-centralapkures-kamina-kodols category-centralapkures-kamina-kodols-kratki category-kamini\">\n<div class=\"fusion-post-wrapper\" style=\"background-color:rgba(255,255,255,1);border:1px solid #a82c23;border-bottom-width:3px;\">\n\n<div class=\"fusion-post-content-wrapper\" style=\"padding:30px 25px 25px 25px;\"><div class=\"fusion-post-content post-content\"><h2 class=\"blog-shortcode-post-title entry-title\"><a href=\"https:\/\/www.kaminakeskus.ee\/lv\/udens-sildisanas-kamina-serde-aquario-o16-pw-glass\/\">Veek\u00fctte kaminas\u00fcdamik AQUARIO O16 PW GLASS<\/a><\/h2><div class=\"fusion-post-content-container\"><div id=\"attachment_37513\" style=\"width: 160px\" class=\"wp-caption alignleft\"><a href=\"https:\/\/www.kaminakeskus.ee\/wp-content\/uploads\/2018\/02\/Veek%C3%BCtte-kaminas%C3%BCdamik-AQUARIO-O16-PW-GLASS.png\"><img decoding=\"async\" aria-describedby=\"caption-attachment-37513\" class=\"size-thumbnail wp-image-21249\" src=\"https:\/\/www.kaminakeskus.ee\/wp-content\/uploads\/2018\/02\/Veek%C3%BCtte-kaminas%C3%BCdamik-AQUARIO-O16-PW-GLASS-150x150.png\" alt=\"Veek\u00fctte kaminas\u00fcdamik AQUARIO O16 PW GLASS\" width=\"150\" height=\"150\"><\/a><p id=\"caption-attachment-37513\" class=\"wp-caption-text\">Veek\u00fctte kaminas\u00fcdamik AQUARIO O16 PW GLASS<\/p><\/div>\n<p><strong>AQUARIO O16 PW STIKLS<\/strong><br \/>\nJauda: 16 kW<br \/>\n\u016adens tvertnes tilpums: 88 l<br \/>\nAugstums: 1335mm<br \/>\nPlatums: 784mm<br \/>\nDzi\u013cums: 482mm<br \/>\nD\u016bme\u0146a diametrs: 200 mm<br \/>\nSvars: 305 kg<br \/>\n<strong>Cena: 3389 EUR<\/strong><\/p>\n<\/div><\/div><\/div><div class=\"fusion-clearfix\"><\/div><\/div>\n<\/article>\n<article id=\"blog-1-post-49693\" class=\"fusion-post-grid post-49693 post type-post status-publish format-standard hentry category-centralapkures-kamina-kodols category-centralapkures-kamina-kodols-kratki category-kamini\">\n<div class=\"fusion-post-wrapper\" style=\"background-color:rgba(255,255,255,1);border:1px solid #a82c23;border-bottom-width:3px;\">\n\n<div class=\"fusion-post-content-wrapper\" style=\"padding:30px 25px 25px 25px;\"><div class=\"fusion-post-content post-content\"><h2 class=\"blog-shortcode-post-title entry-title\"><a href=\"https:\/\/www.kaminakeskus.ee\/lv\/centralapkures-kamina-serde-aquario-a18-pw-glass\/\">Centr\u0101lapkures kam\u012bna serde AQUARIO A18 PW GLASS<\/a><\/h2><div class=\"fusion-post-content-container\"><div id=\"attachment_37509\" style=\"width: 160px\" class=\"wp-caption alignleft\"><a href=\"https:\/\/www.kaminakeskus.ee\/wp-content\/uploads\/2018\/02\/Keskk%C3%BCtte-kaminas%C3%BCdamik-AQUARIO-A18-PW-GLASS.png\"><img decoding=\"async\" aria-describedby=\"caption-attachment-37509\" class=\"size-thumbnail wp-image-21242\" src=\"https:\/\/www.kaminakeskus.ee\/wp-content\/uploads\/2018\/02\/Keskk%C3%BCtte-kaminas%C3%BCdamik-AQUARIO-A18-PW-GLASS-150x150.png\" alt=\"\" width=\"150\" height=\"150\"><\/a><p id=\"caption-attachment-37509\" class=\"wp-caption-text\">Centr\u0101lapkures kam\u012bna serde AQUARIO A18 PW GLASS<\/p><\/div>\n<p><strong>AQUARIO A18 PW STIKLS<\/strong><br \/>\nJauda: 18 kW<br \/>\n\u016adens tvertnes tilpums: 88 l<br \/>\nK \/ L \/ S: 1427\/792 \/ 482mm<br \/>\nD\u016bme\u0146a diametrs: 200 mm<br \/>\nSvars: 328 kg<br \/>\n<a href=\"https:\/\/kratki.com\/sklep\/en\/produkt\/3021\/water-fireplace-aquario-a18-pw-glass\">Tehniskais z\u012bm\u0113jums<\/a><br \/>\n<strong>Cena: 2677 EUR<\/strong><\/p>\n<\/div><\/div><\/div><div class=\"fusion-clearfix\"><\/div><\/div>\n<\/article>\n<article id=\"blog-1-post-49697\" class=\"fusion-post-grid post-49697 post type-post status-publish format-standard hentry category-centralapkures-kamina-kodols category-centralapkures-kamina-kodols-kratki category-kamini\">\n<div class=\"fusion-post-wrapper\" style=\"background-color:rgba(255,255,255,1);border:1px solid #a82c23;border-bottom-width:3px;\">\n\n<div class=\"fusion-post-content-wrapper\" style=\"padding:30px 25px 25px 25px;\"><div class=\"fusion-post-content post-content\"><h2 class=\"blog-shortcode-post-title entry-title\"><a href=\"https:\/\/www.kaminakeskus.ee\/lv\/centralapkures-kamina-serde-aquario-a18-pw-glass\/\">Centr\u0101lapkures kam\u012bna serde AQUARIO A18 PW GLASS<\/a><\/h2><div class=\"fusion-post-content-container\"><div id=\"attachment_37509\" style=\"width: 160px\" class=\"wp-caption alignleft\"><a href=\"https:\/\/www.kaminakeskus.ee\/wp-content\/uploads\/2018\/02\/Keskk%C3%BCtte-kaminas%C3%BCdamik-AQUARIO-A18-PW-GLASS.png\"><img decoding=\"async\" aria-describedby=\"caption-attachment-37509\" class=\"size-thumbnail wp-image-21242\" src=\"https:\/\/www.kaminakeskus.ee\/wp-content\/uploads\/2018\/02\/Keskk%C3%BCtte-kaminas%C3%BCdamik-AQUARIO-A18-PW-GLASS-150x150.png\" alt=\"\" width=\"150\" height=\"150\"><\/a><p id=\"caption-attachment-37509\" class=\"wp-caption-text\">Centr\u0101lapkures kam\u012bna serde AQUARIO A18 PW GLASS<\/p><\/div>\n<p><strong>AQUARIO A18 PW STIKLS<\/strong><br \/>\nJauda: 18 kW<br \/>\n\u016adens tvertnes tilpums: 88 l<br \/>\nK \/ L \/ S: 1427\/792 \/ 482mm<br \/>\nD\u016bme\u0146a diametrs: 200 mm<br \/>\nSvars: 328 kg<br \/>\n<a href=\"https:\/\/kratki.com\/sklep\/en\/produkt\/3021\/water-fireplace-aquario-a18-pw-glass\">Tehniskais z\u012bm\u0113jums<\/a><br \/>\n<strong>Cena: 3578 EUR<\/strong><\/p>\n<\/div><\/div><\/div><div class=\"fusion-clearfix\"><\/div><\/div>\n<\/article>\n<article id=\"blog-1-post-49130\" class=\"fusion-post-grid post-49130 post type-post status-publish format-standard hentry category-centralapkures-kamina-kodols category-centralapkures-kamina-kodols-kratki\">\n<div class=\"fusion-post-wrapper\" style=\"background-color:rgba(255,255,255,1);border:1px solid #a82c23;border-bottom-width:3px;\">\n\n<div class=\"fusion-post-content-wrapper\" style=\"padding:30px 25px 25px 25px;\"><div class=\"fusion-post-content post-content\"><h2 class=\"blog-shortcode-post-title entry-title\"><a href=\"https:\/\/www.kaminakeskus.ee\/lv\/centralapkures-kamina-kodols-zuzia-pw-19-atstaja-bs-deco\/\">Centr\u0101lapkures kam\u012bna serde Zuzia PW 12 kreisi BS DECO<\/a><\/h2><div class=\"fusion-post-content-container\"><div id=\"attachment_36465\" style=\"width: 160px\" class=\"wp-caption alignleft\"><a href=\"https:\/\/www.kaminakeskus.ee\/wp-content\/uploads\/2017\/03\/zuzia-pw-15-bsl-150x150.png\"><img decoding=\"async\" aria-describedby=\"caption-attachment-36465\" class=\"wp-image-19415 size-thumbnail\" src=\"https:\/\/www.kaminakeskus.ee\/wp-content\/uploads\/2017\/03\/zuzia-pw-15-bsl-150x150.png\" alt=\"\" width=\"150\" height=\"150\" srcset=\"https:\/\/www.kaminakeskus.ee\/wp-content\/uploads\/2017\/03\/zuzia-pw-15-bsl-150x150.png 150w, https:\/\/www.kaminakeskus.ee\/wp-content\/uploads\/2017\/03\/zuzia-pw-15-bsl-300x300.png 300w, https:\/\/www.kaminakeskus.ee\/wp-content\/uploads\/2017\/03\/zuzia-pw-15-bsl-768x768.png 768w, https:\/\/www.kaminakeskus.ee\/wp-content\/uploads\/2017\/03\/zuzia-pw-15-bsl.png 960w\" sizes=\"(max-width: 150px) 100vw, 150px\" \/><\/a><p id=\"caption-attachment-36465\" class=\"wp-caption-text\">Zuzia PW 12 pa kreisi BS DECO<\/p><\/div>\n<p><strong>Zuzia PW 12 kreisais\/labais<\/strong><br \/>\nJauda: 5-15 kW<br \/>\nJauda \u016bdenim: 8 kW<br \/>\n\u016adens tvertnes tilpums: 38 l<br \/>\nAugstums: 993 mm<br \/>\nPlatums: 737 mm<br \/>\nDzi\u013cums: 524 mm<br \/>\nD\u016bme\u0146a diametrs: 200 mm<br \/>\nSvars: 193 kg<br \/>\n<strong>Cena: 2385 EUR<br \/>\n<\/strong><\/p>\n<\/div><\/div><\/div><div class=\"fusion-clearfix\"><\/div><\/div>\n<\/article>\n<article id=\"blog-1-post-51507\" class=\"fusion-post-grid post-51507 post type-post status-publish format-standard hentry category-centralapkures-kamina-kodols category-centralapkures-kamina-kodols-kratki category-kamini\">\n<div class=\"fusion-post-wrapper\" style=\"background-color:rgba(255,255,255,1);border:1px solid #a82c23;border-bottom-width:3px;\">\n\n<div class=\"fusion-post-content-wrapper\" style=\"padding:30px 25px 25px 25px;\"><div class=\"fusion-post-content post-content\"><h2 class=\"blog-shortcode-post-title entry-title\"><a href=\"https:\/\/www.kaminakeskus.ee\/lv\/centralapkures-kamina-serde-felix-pw-14-deco\/\">Centr\u0101lapkures kam\u012bna serde Felix PW 14 Deco<\/a><\/h2><div class=\"fusion-post-content-container\"><div id=\"attachment_35253\" style=\"width: 160px\" class=\"wp-caption alignleft\"><a href=\"http:\/\/www.kaminakeskus.ee\/wp-content\/uploads\/2015\/10\/Felix-14.jpg\"><img decoding=\"async\" aria-describedby=\"caption-attachment-35253\" class=\"size-thumbnail wp-image-15659\" title=\"Felix 14\" src=\"http:\/\/www.kaminakeskus.ee\/wp-content\/uploads\/2015\/10\/Felix-14-150x150.jpg\" alt=\"kam\u012bni, kr\u0101snis, pl\u012btis, katli, pirts kr\u0101snis, skurste\u0146i, skurste\u0146i, modu\u013cu skurste\u0146i\" width=\"150\" height=\"150\" srcset=\"https:\/\/www.kaminakeskus.ee\/wp-content\/uploads\/2015\/10\/Felix-14-150x150.jpg 150w, https:\/\/www.kaminakeskus.ee\/wp-content\/uploads\/2015\/10\/Felix-14.jpg 269w\" sizes=\"(max-width: 150px) 100vw, 150px\" \/><\/a><p id=\"caption-attachment-35253\" class=\"wp-caption-text\">Centr\u0101lapkures kam\u012bna ieliktnis Felix PW 14 Deco<\/p><\/div>\n<p><strong>Felix PW 14 deko<\/strong><br \/>\nJauda: 13 kW<br \/>\n\u016adens tvertnes tilpums: 17 l<br \/>\nAugstums: 792 mm<br \/>\nPlatums: 770 mm<br \/>\nDzi\u013cums: 445 mm<br \/>\nD\u016bme\u0146a diametrs: 200 mm<br \/>\nSvars: 130 kg<br \/>\n<strong>Cena: 1222 EUR<br \/>\n<\/strong><a href=\"http:\/\/kratki.com\/sklep\/en\/produkt\/1546\/water-fireplace-felix-pw-14-deco\"> M\u0101jas lapa<\/a><\/p>\n<\/div><\/div><\/div><div class=\"fusion-clearfix\"><\/div><\/div>\n<\/article>\n<article id=\"blog-1-post-50838\" class=\"fusion-post-grid post-50838 post type-post status-publish format-standard hentry category-centralapkures-kamina-kodols category-centralapkures-kamina-kodols-kratki\">\n<div class=\"fusion-post-wrapper\" style=\"background-color:rgba(255,255,255,1);border:1px solid #a82c23;border-bottom-width:3px;\">\n\n<div class=\"fusion-post-content-wrapper\" style=\"padding:30px 25px 25px 25px;\"><div class=\"fusion-post-content post-content\"><h2 class=\"blog-shortcode-post-title entry-title\"><a href=\"https:\/\/www.kaminakeskus.ee\/lv\/centralapkures-kamina-kodols-maja-pw-12\/\">Centr\u0101lapkures kam\u012bna kodols Maja PW 12<\/a><\/h2><div class=\"fusion-post-content-container\"><div id=\"attachment_32837\" style=\"width: 160px\" class=\"wp-caption alignnone\"><a href=\"http:\/\/www.kaminakeskus.ee\/wp-content\/uploads\/2013\/05\/Keskk%C3%BCtte-kaminas%C3%BCdamik-Maja-12kW.jpg\"><img decoding=\"async\" aria-describedby=\"caption-attachment-32837\" class=\"size-thumbnail wp-image-13083\" title=\"Centr\u0101lapkures kam\u012bna serde\u0146a m\u0101ja 12kW\" src=\"http:\/\/www.kaminakeskus.ee\/wp-content\/uploads\/2013\/05\/Keskk%C3%BCtte-kaminas%C3%BCdamik-Maja-12kW-150x150.jpg\" alt=\"kam\u012bni, kr\u0101snis, pl\u012btis, katli, pirts kr\u0101snis, skurste\u0146i, skurste\u0146i, modu\u013cu skurste\u0146i\" width=\"150\" height=\"150\"><\/a><p id=\"caption-attachment-32837\" class=\"wp-caption-text\">Centr\u0101lapkures kam\u012bna kodols Maja PW 12<\/p><\/div>\n<p><strong>M\u0101ja PW12<\/strong><br \/>\nJauda: 12 kW<br \/>\n\u016adens tvertnes tilpums: 18 l<br \/>\nAugstums: 677 mm<br \/>\nPlatums: 600 mm<br \/>\nDzi\u013cums: 493 mm<br \/>\nSkurste\u0146a diametrs: 180 mm<br \/>\nSvars: 115 kg<br \/>\n<strong>Cena: 1385 EUR<\/strong><br \/>\n<a href=\"http:\/\/kratki.com\/sklep\/en\/produkt\/542\/water-fireplace-maja-pw-12\">M\u0101jas lapa<\/a><\/p>\n<\/div><\/div><\/div><div class=\"fusion-clearfix\"><\/div><\/div>\n<\/article>\n<article id=\"blog-1-post-50993\" class=\"fusion-post-grid post-50993 post type-post status-publish format-standard hentry category-centralapkures-kamina-kodols category-centralapkures-kamina-kodols-kratki\">\n<div class=\"fusion-post-wrapper\" style=\"background-color:rgba(255,255,255,1);border:1px solid #a82c23;border-bottom-width:3px;\">\n\n<div class=\"fusion-post-content-wrapper\" style=\"padding:30px 25px 25px 25px;\"><div class=\"fusion-post-content post-content\"><h2 class=\"blog-shortcode-post-title entry-title\"><a href=\"https:\/\/www.kaminakeskus.ee\/lv\/centralapkures-kamina-kodols-zuzia-pw-15\/\">Centr\u0101lapkures kam\u012bna serde Zuzia PW 15<\/a><\/h2><div class=\"fusion-post-content-container\"><div id=\"attachment_32833\" style=\"width: 160px\" class=\"wp-caption alignnone\"><a href=\"http:\/\/www.kaminakeskus.ee\/wp-content\/uploads\/2013\/05\/Keskk%C3%BCtte-kaminas%C3%BCdamik-Zuzia-15kW.jpg\"><img decoding=\"async\" aria-describedby=\"caption-attachment-32833\" class=\"size-thumbnail wp-image-13079\" title=\"Centr\u0101lapkures kam\u012bna kodols Zuzia 15kW\" src=\"http:\/\/www.kaminakeskus.ee\/wp-content\/uploads\/2013\/05\/Keskk%C3%BCtte-kaminas%C3%BCdamik-Zuzia-15kW-150x150.jpg\" alt=\"kam\u012bni, kr\u0101snis, pl\u012btis, katli, pirts kr\u0101snis, skurste\u0146i, skurste\u0146i, modu\u013cu skurste\u0146i\" width=\"150\" height=\"150\"><\/a><p id=\"caption-attachment-32833\" class=\"wp-caption-text\">Centr\u0101lapkures kam\u012bna kodols Zuzia PW 15<\/p><\/div>\n<p><strong>Zuzia PW15<\/strong><br \/>\nJauda: 15 kW<br \/>\n\u016adens tvertnes tilpums: 38 l<br \/>\nAugstums: 869 mm<br \/>\nPlatums: 652 mm<br \/>\nDzi\u013cums: 577 mm<br \/>\nD\u016bme\u0146a diametrs: 200 mm<br \/>\nSvars: 156 kg<br \/>\n<strong>Cena: 1599 EUR<\/strong><br \/>\n<a href=\"http:\/\/kratki.com\/sklep\/en\/produkt\/545\/water-fireplace-zuzia-pw-15\">M\u0101jas lapa<\/a><\/p>\n<\/div><\/div><\/div><div class=\"fusion-clearfix\"><\/div><\/div>\n<\/article>\n<article id=\"blog-1-post-51087\" class=\"fusion-post-grid post-51087 post type-post status-publish format-standard hentry category-centralapkures-kamina-kodols category-centralapkures-kamina-kodols-kratki category-kamini\">\n<div class=\"fusion-post-wrapper\" style=\"background-color:rgba(255,255,255,1);border:1px solid #a82c23;border-bottom-width:3px;\">\n\n<div class=\"fusion-post-content-wrapper\" style=\"padding:30px 25px 25px 25px;\"><div class=\"fusion-post-content post-content\"><h2 class=\"blog-shortcode-post-title entry-title\"><a href=\"https:\/\/www.kaminakeskus.ee\/lv\/centralas-apkures-kamina-serdens-antek-pw-8\/\">Centr\u0101lapkures kam\u012bna kodols M\u0101ja PW 8<\/a><\/h2><div class=\"fusion-post-content-container\"><div id=\"attachment_32821\" style=\"width: 160px\" class=\"wp-caption alignnone\"><a href=\"http:\/\/www.kaminakeskus.ee\/wp-content\/uploads\/2013\/05\/Keskk%C3%BCtte-kaminas%C3%BCdamik-Antek-8kW.jpg\"><img decoding=\"async\" aria-describedby=\"caption-attachment-32821\" class=\"size-thumbnail wp-image-13060\" title=\"Centr\u0101l\u0101s apkures kam\u012bna serde\u0146\u0161 Antek 8kW\" src=\"http:\/\/www.kaminakeskus.ee\/wp-content\/uploads\/2013\/05\/Keskk%C3%BCtte-kaminas%C3%BCdamik-Antek-8kW-150x150.jpg\" alt=\"kam\u012bni, kr\u0101snis, pl\u012btis, katli, pirts kr\u0101snis, skurste\u0146i, skurste\u0146i, modu\u013cu skurste\u0146i\" width=\"150\" height=\"150\"><\/a><p id=\"caption-attachment-32821\" class=\"wp-caption-text\">Centr\u0101lapkures kam\u012bna kodols M\u0101ja PW 8<\/p><\/div>\n<p><strong>M\u0101ja PW8<\/strong><br \/>\nNom. jauda: 8 kW (3,5\u201310 kW)<br \/>\n\u016adens tvertnes tilpums: 18 l<br \/>\nAugstums: 677 mm<br \/>\nPlatums: 600 mm<br \/>\nDzi\u013cums: 390 mm<br \/>\nSkurste\u0146a diametrs: 180 mm<br \/>\nSvars: 109 kg<br \/>\n<strong>Cena: 1369 EUR<\/strong><\/p>\n<\/div><\/div><\/div><div class=\"fusion-clearfix\"><\/div><\/div>\n<\/article>\n<div class=\"fusion-clearfix\"><\/div><\/div><\/div><\/div><\/div><\/div><\/div><div class=\"fusion-fullwidth fullwidth-box fusion-builder-row-2 fusion-flex-container nonhundred-percent-fullwidth non-hundred-percent-height-scrolling\" style=\"--awb-border-radius-top-left:0px;--awb-border-radius-top-right:0px;--awb-border-radius-bottom-right:0px;--awb-border-radius-bottom-left:0px;--awb-flex-wrap:wrap;\" ><div class=\"fusion-builder-row fusion-row fusion-flex-align-items-flex-start fusion-flex-content-wrap\" style=\"max-width:2392px;margin-left: calc(-4% \/ 2 );margin-right: calc(-4% \/ 2 );\"><div class=\"fusion-layout-column fusion_builder_column fusion-builder-column-1 fusion_builder_column_1_1 1_1 fusion-flex-column\" style=\"--awb-bg-size:cover;--awb-width-large:100%;--awb-margin-top-large:0px;--awb-spacing-right-large:1.92%;--awb-margin-bottom-large:20px;--awb-spacing-left-large:1.92%;--awb-width-medium:100%;--awb-order-medium:0;--awb-spacing-right-medium:1.92%;--awb-spacing-left-medium:1.92%;--awb-width-small:100%;--awb-order-small:0;--awb-spacing-right-small:1.92%;--awb-spacing-left-small:1.92%;\"><div class=\"fusion-column-wrapper fusion-column-has-shadow fusion-flex-justify-content-flex-start fusion-content-layout-column\"><\/div><\/div><\/div><\/div><\/p>\n","protected":false},"excerpt":{"rendered":"<p>N\u0113<\/p>\n","protected":false},"author":3,"featured_media":0,"parent":0,"menu_order":0,"comment_status":"closed","ping_status":"closed","template":"","meta":{"footnotes":""},"class_list":["post-54123","page","type-page","status-publish","hentry"],"yoast_head":"<!-- This site is optimized with the Yoast SEO Premium plugin v27.5 (Yoast SEO v27.5) - https:\/\/yoast.com\/product\/yoast-seo-premium-wordpress\/ -->\n<title>KaminaKeskus<\/title>\n<meta name=\"description\" content=\"Kaminate, pliitide, ahjude ja korstnate m\u00fc\u00fck\" \/>\n<meta name=\"robots\" content=\"index, follow, max-snippet:-1, max-image-preview:large, max-video-preview:-1\" \/>\n<link rel=\"canonical\" href=\"https:\/\/www.kaminakeskus.ee\/lv\/centralas-apkures-kaminis-core-kratki\/\" \/>\n<meta property=\"og:locale\" content=\"lv_LV\" \/>\n<meta property=\"og:type\" content=\"article\" \/>\n<meta property=\"og:title\" content=\"CENTR\u0100L\u0100S APKURES KAM\u012aNIS CORE KRATKI - Kaminakeskus | Kaminad, Ahjud, Pliidid, Saunaahjud, Korstnad, Katlad\" \/>\n<meta property=\"og:description\" content=\"Kaminate, pliitide, ahjude ja korstnate m\u00fc\u00fck\" \/>\n<meta property=\"og:url\" content=\"https:\/\/www.kaminakeskus.ee\/lv\/centralas-apkures-kaminis-core-kratki\/\" \/>\n<meta property=\"og:site_name\" content=\"Kaminakeskus | Kaminad, Ahjud, Pliidid, Saunaahjud, Korstnad, Katlad\" \/>\n<meta property=\"article:publisher\" content=\"https:\/\/www.facebook.com\/kaminakeskus\/yoast\" \/>\n<meta property=\"article:modified_time\" content=\"2021-09-02T15:56:22+00:00\" \/>\n<meta name=\"twitter:card\" content=\"summary_large_image\" \/>\n<meta name=\"twitter:label1\" content=\"Est. reading time\" \/>\n\t<meta name=\"twitter:data1\" content=\"6 min\u016btes\" \/>\n<script type=\"application\/ld+json\" class=\"yoast-schema-graph\">{\"@context\":\"https:\\\/\\\/schema.org\",\"@graph\":[{\"@type\":\"WebPage\",\"@id\":\"https:\\\/\\\/www.kaminakeskus.ee\\\/lv\\\/centralas-apkures-kaminis-core-kratki\\\/\",\"url\":\"https:\\\/\\\/www.kaminakeskus.ee\\\/lv\\\/centralas-apkures-kaminis-core-kratki\\\/\",\"name\":\"KaminaKeskus\",\"isPartOf\":{\"@id\":\"https:\\\/\\\/www.kaminakeskus.ee\\\/lv\\\/#website\"},\"datePublished\":\"2021-08-26T11:34:18+00:00\",\"dateModified\":\"2021-09-02T15:56:22+00:00\",\"description\":\"Kaminate, pliitide, ahjude ja korstnate m\u00fc\u00fck\",\"breadcrumb\":{\"@id\":\"https:\\\/\\\/www.kaminakeskus.ee\\\/lv\\\/centralas-apkures-kaminis-core-kratki\\\/#breadcrumb\"},\"inLanguage\":\"lv-LV\",\"potentialAction\":[{\"@type\":\"ReadAction\",\"target\":[\"https:\\\/\\\/www.kaminakeskus.ee\\\/lv\\\/centralas-apkures-kaminis-core-kratki\\\/\"]}]},{\"@type\":\"BreadcrumbList\",\"@id\":\"https:\\\/\\\/www.kaminakeskus.ee\\\/lv\\\/centralas-apkures-kaminis-core-kratki\\\/#breadcrumb\",\"itemListElement\":[{\"@type\":\"ListItem\",\"position\":1,\"name\":\"Home\",\"item\":\"https:\\\/\\\/www.kaminakeskus.ee\\\/lv\\\/\"},{\"@type\":\"ListItem\",\"position\":2,\"name\":\"CENTR\u0100L\u0100S APKURES KAM\u012aNIS CORE KRATKI\"}]},{\"@type\":\"WebSite\",\"@id\":\"https:\\\/\\\/www.kaminakeskus.ee\\\/lv\\\/#website\",\"url\":\"https:\\\/\\\/www.kaminakeskus.ee\\\/lv\\\/\",\"name\":\"Kaminakeskus | Kaminad, Ahjud, Pliidid, Saunaahjud, Korstnad, Korsten, Moodulkorsten, Katlad\",\"description\":\"Kamin Kaminad Ahi Ahjud Pliit Pliidid Korstnad Katlad\",\"publisher\":{\"@id\":\"https:\\\/\\\/www.kaminakeskus.ee\\\/lv\\\/#organization\"},\"potentialAction\":[{\"@type\":\"SearchAction\",\"target\":{\"@type\":\"EntryPoint\",\"urlTemplate\":\"https:\\\/\\\/www.kaminakeskus.ee\\\/lv\\\/?s={search_term_string}\"},\"query-input\":{\"@type\":\"PropertyValueSpecification\",\"valueRequired\":true,\"valueName\":\"search_term_string\"}}],\"inLanguage\":\"lv-LV\"},{\"@type\":[\"Organization\",\"Place\"],\"@id\":\"https:\\\/\\\/www.kaminakeskus.ee\\\/lv\\\/#organization\",\"name\":\"R\u00e4ndr\u00fc\u00fctel HP O\u00dc\",\"alternateName\":\"KaminaKeskus\",\"url\":\"https:\\\/\\\/www.kaminakeskus.ee\\\/\",\"logo\":{\"@type\":\"ImageObject\",\"inLanguage\":\"lv-LV\",\"@id\":\"https:\\\/\\\/www.kaminakeskus.ee\\\/lv\\\/#\\\/schema\\\/logo\\\/image\\\/\",\"url\":\"https:\\\/\\\/www.kaminakeskus.ee\\\/wp-content\\\/uploads\\\/2026\\\/02\\\/Kaminakeskus-logo-1-1.jpg\",\"contentUrl\":\"https:\\\/\\\/www.kaminakeskus.ee\\\/wp-content\\\/uploads\\\/2026\\\/02\\\/Kaminakeskus-logo-1-1.jpg\",\"width\":2068,\"height\":532,\"caption\":\"R\u00e4ndr\u00fc\u00fctel HP O\u00dc\"},\"image\":{\"@id\":\"https:\\\/\\\/www.kaminakeskus.ee\\\/lv\\\/#\\\/schema\\\/logo\\\/image\\\/\"},\"sameAs\":[\"https:\\\/\\\/www.facebook.com\\\/kaminakeskus\\\/yoast\"],\"description\":\"Sales of fireplaces, chimneys and related goods. Kaminate, ahjude, pliitide, korstnate ja nendega seotud toodete m\u00fc\u00fck.\",\"legalName\":\"R\u00e4ndr\u00fc\u00fctel HP O\u00dc\",\"foundingDate\":\"1997-05-13\",\"leiCode\":\"9845007FC4HB963C8D65\",\"numberOfEmployees\":{\"@type\":\"QuantitativeValue\",\"minValue\":\"1\",\"maxValue\":\"10\"},\"telephone\":[\"+372 5543239\",\"+372 58812360\"],\"contactPoint\":{\"@type\":\"ContactPoint\",\"telephone\":\"+372 5543239\",\"email\":\"kaminakeskus@gmail.com\"},\"email\":\"kaminakeskus@gmail.com\",\"vatID\":\"EE100831739\",\"taxID\":\"10208374\"}]}<\/script>\n<!-- \/ Yoast SEO Premium plugin. -->","yoast_head_json":{"title":"KaminaKeskus","description":"Kaminate, pliitide, ahjude ja korstnate m\u00fc\u00fck","robots":{"index":"index","follow":"follow","max-snippet":"max-snippet:-1","max-image-preview":"max-image-preview:large","max-video-preview":"max-video-preview:-1"},"canonical":"https:\/\/www.kaminakeskus.ee\/lv\/centralas-apkures-kaminis-core-kratki\/","og_locale":"lv_LV","og_type":"article","og_title":"CENTR\u0100L\u0100S APKURES KAM\u012aNIS CORE KRATKI - Kaminakeskus | Kaminad, Ahjud, Pliidid, Saunaahjud, Korstnad, Katlad","og_description":"Kaminate, pliitide, ahjude ja korstnate m\u00fc\u00fck","og_url":"https:\/\/www.kaminakeskus.ee\/lv\/centralas-apkures-kaminis-core-kratki\/","og_site_name":"Kaminakeskus | Kaminad, Ahjud, Pliidid, Saunaahjud, Korstnad, Katlad","article_publisher":"https:\/\/www.facebook.com\/kaminakeskus\/yoast","article_modified_time":"2021-09-02T15:56:22+00:00","twitter_card":"summary_large_image","twitter_misc":{"Est. reading time":"6 min\u016btes"},"schema":{"@context":"https:\/\/schema.org","@graph":[{"@type":"WebPage","@id":"https:\/\/www.kaminakeskus.ee\/lv\/centralas-apkures-kaminis-core-kratki\/","url":"https:\/\/www.kaminakeskus.ee\/lv\/centralas-apkures-kaminis-core-kratki\/","name":"KaminaKeskus","isPartOf":{"@id":"https:\/\/www.kaminakeskus.ee\/lv\/#website"},"datePublished":"2021-08-26T11:34:18+00:00","dateModified":"2021-09-02T15:56:22+00:00","description":"Kaminate, pliitide, ahjude ja korstnate m\u00fc\u00fck","breadcrumb":{"@id":"https:\/\/www.kaminakeskus.ee\/lv\/centralas-apkures-kaminis-core-kratki\/#breadcrumb"},"inLanguage":"lv-LV","potentialAction":[{"@type":"ReadAction","target":["https:\/\/www.kaminakeskus.ee\/lv\/centralas-apkures-kaminis-core-kratki\/"]}]},{"@type":"BreadcrumbList","@id":"https:\/\/www.kaminakeskus.ee\/lv\/centralas-apkures-kaminis-core-kratki\/#breadcrumb","itemListElement":[{"@type":"ListItem","position":1,"name":"Home","item":"https:\/\/www.kaminakeskus.ee\/lv\/"},{"@type":"ListItem","position":2,"name":"CENTR\u0100L\u0100S APKURES KAM\u012aNIS CORE KRATKI"}]},{"@type":"WebSite","@id":"https:\/\/www.kaminakeskus.ee\/lv\/#website","url":"https:\/\/www.kaminakeskus.ee\/lv\/","name":"Kaminakeskus | Kaminad, Ahjud, Pliidid, Saunaahjud, Korstnad, Korsten, Moodulkorsten, Katlad","description":"Kamin Kaminad Ahi Ahjud Pliit Pliidid Korstnad Katlad","publisher":{"@id":"https:\/\/www.kaminakeskus.ee\/lv\/#organization"},"potentialAction":[{"@type":"SearchAction","target":{"@type":"EntryPoint","urlTemplate":"https:\/\/www.kaminakeskus.ee\/lv\/?s={search_term_string}"},"query-input":{"@type":"PropertyValueSpecification","valueRequired":true,"valueName":"search_term_string"}}],"inLanguage":"lv-LV"},{"@type":["Organization","Place"],"@id":"https:\/\/www.kaminakeskus.ee\/lv\/#organization","name":"R\u00e4ndr\u00fc\u00fctel HP O\u00dc","alternateName":"KaminaKeskus","url":"https:\/\/www.kaminakeskus.ee\/","logo":{"@type":"ImageObject","inLanguage":"lv-LV","@id":"https:\/\/www.kaminakeskus.ee\/lv\/#\/schema\/logo\/image\/","url":"https:\/\/www.kaminakeskus.ee\/wp-content\/uploads\/2026\/02\/Kaminakeskus-logo-1-1.jpg","contentUrl":"https:\/\/www.kaminakeskus.ee\/wp-content\/uploads\/2026\/02\/Kaminakeskus-logo-1-1.jpg","width":2068,"height":532,"caption":"R\u00e4ndr\u00fc\u00fctel HP O\u00dc"},"image":{"@id":"https:\/\/www.kaminakeskus.ee\/lv\/#\/schema\/logo\/image\/"},"sameAs":["https:\/\/www.facebook.com\/kaminakeskus\/yoast"],"description":"Sales of fireplaces, chimneys and related goods. Kaminate, ahjude, pliitide, korstnate ja nendega seotud toodete m\u00fc\u00fck.","legalName":"R\u00e4ndr\u00fc\u00fctel HP O\u00dc","foundingDate":"1997-05-13","leiCode":"9845007FC4HB963C8D65","numberOfEmployees":{"@type":"QuantitativeValue","minValue":"1","maxValue":"10"},"telephone":["+372 5543239","+372 58812360"],"contactPoint":{"@type":"ContactPoint","telephone":"+372 5543239","email":"kaminakeskus@gmail.com"},"email":"kaminakeskus@gmail.com","vatID":"EE100831739","taxID":"10208374"}]}},"_links":{"self":[{"href":"https:\/\/www.kaminakeskus.ee\/lv\/wp-json\/wp\/v2\/pages\/54123","targetHints":{"allow":["GET"]}}],"collection":[{"href":"https:\/\/www.kaminakeskus.ee\/lv\/wp-json\/wp\/v2\/pages"}],"about":[{"href":"https:\/\/www.kaminakeskus.ee\/lv\/wp-json\/wp\/v2\/types\/page"}],"author":[{"embeddable":true,"href":"https:\/\/www.kaminakeskus.ee\/lv\/wp-json\/wp\/v2\/users\/3"}],"replies":[{"embeddable":true,"href":"https:\/\/www.kaminakeskus.ee\/lv\/wp-json\/wp\/v2\/comments?post=54123"}],"version-history":[{"count":1,"href":"https:\/\/www.kaminakeskus.ee\/lv\/wp-json\/wp\/v2\/pages\/54123\/revisions"}],"predecessor-version":[{"id":54129,"href":"https:\/\/www.kaminakeskus.ee\/lv\/wp-json\/wp\/v2\/pages\/54123\/revisions\/54129"}],"wp:attachment":[{"href":"https:\/\/www.kaminakeskus.ee\/lv\/wp-json\/wp\/v2\/media?parent=54123"}],"curies":[{"name":"wp","href":"https:\/\/api.w.org\/{rel}","templated":true}]}}