{"id":54189,"date":"2021-08-19T09:01:58","date_gmt":"2021-08-19T09:01:58","guid":{"rendered":"https:\/\/www.kaminakeskus.ee\/peletu-kamini-evacalor\/"},"modified":"2025-05-29T17:59:34","modified_gmt":"2025-05-29T17:59:34","slug":"peletu-kamini-evacalor","status":"publish","type":"page","link":"https:\/\/www.kaminakeskus.ee\/lv\/peletu-kamini-evacalor\/","title":{"rendered":"GRANULU KR\u0100SNIS EVAKALOR"},"content":{"rendered":"<p><div class=\"fusion-fullwidth fullwidth-box fusion-builder-row-1 fusion-flex-container hundred-percent-fullwidth non-hundred-percent-height-scrolling\" style=\"--awb-border-radius-top-left:0px;--awb-border-radius-top-right:0px;--awb-border-radius-bottom-right:0px;--awb-border-radius-bottom-left:0px;--awb-margin-top:40px;--awb-flex-wrap:wrap;\" ><div class=\"fusion-builder-row fusion-row fusion-flex-align-items-flex-start fusion-flex-content-wrap\" style=\"width:104% !important;max-width:104% !important;margin-left: calc(-4% \/ 2 );margin-right: calc(-4% \/ 2 );\"><div class=\"fusion-layout-column fusion_builder_column fusion-builder-column-0 fusion_builder_column_1_1 1_1 fusion-flex-column\" style=\"--awb-bg-size:cover;--awb-width-large:100%;--awb-margin-top-large:0px;--awb-spacing-right-large:1.92%;--awb-margin-bottom-large:20px;--awb-spacing-left-large:1.92%;--awb-width-medium:100%;--awb-order-medium:0;--awb-spacing-right-medium:1.92%;--awb-spacing-left-medium:1.92%;--awb-width-small:100%;--awb-order-small:0;--awb-spacing-right-small:1.92%;--awb-spacing-left-small:1.92%;\"><div class=\"fusion-column-wrapper fusion-column-has-shadow fusion-flex-justify-content-flex-start fusion-content-layout-column\"><div class=\"fusion-blog-shortcode fusion-blog-shortcode-1 fusion-blog-archive fusion-blog-layout-grid-wrapper fusion-blog-no\"><style type=\"text\/css\">.fusion-blog-shortcode-1 .fusion-blog-layout-grid .fusion-post-grid{padding:12.5px;}.fusion-blog-shortcode-1 .fusion-posts-container{margin-left: -12.5px !important; margin-right:-12.5px !important;}<\/style><div class=\"fusion-posts-container fusion-posts-container-no fusion-no-meta-info fusion-blog-rollover fusion-blog-layout-grid fusion-blog-layout-grid-4 isotope fusion-blog-equal-heights\" data-pages=\"0\" data-grid-col-space=\"25\" style=\"margin: -12.5px -12.5px 0;min-height:500px;\"><article id=\"blog-1-post-48379\" class=\"fusion-post-grid post-48379 post type-post status-publish format-standard hentry category-granulu-kamini category-granulu-kamini-evacalor\">\n<div class=\"fusion-post-wrapper\" style=\"background-color:rgba(255,255,255,1);border:1px solid #a82c23;border-bottom-width:3px;\">\n\n<div class=\"fusion-post-content-wrapper\" style=\"padding:30px 25px 25px 25px;\"><div class=\"fusion-post-content post-content\"><h2 class=\"blog-shortcode-post-title entry-title\"><a href=\"https:\/\/www.kaminakeskus.ee\/lv\/granulu-kamins-evacalor-kali\/\">Granulu kr\u0101sns Evacalor Kali<\/a><\/h2><div class=\"fusion-post-content-container\"><div id=\"attachment_41477\" style=\"width: 160px\" class=\"wp-caption aligncenter\"><a href=\"https:\/\/www.kaminakeskus.ee\/wp-content\/uploads\/2020\/04\/pelletkamin-evacalor-kali-150x150.jpg\"><img decoding=\"async\" aria-describedby=\"caption-attachment-41477\" class=\"wp-image-26547 size-thumbnail\" title=\"Granulu kr\u0101sns EvaCalor Kali\" src=\"https:\/\/www.kaminakeskus.ee\/wp-content\/uploads\/2020\/04\/pelletkamin-evacalor-kali-150x150.jpg\" alt=\"Granulu kr\u0101sns EvaCalor Kali\" width=\"150\" height=\"150\"><\/a><p id=\"caption-attachment-41477\" class=\"wp-caption-text\"><strong>Granulu kr\u0101sns EvaCalor Kali<\/strong><\/p><\/div>\n<p style=\"text-align: center;\">Jauda: 2,8\u20139,5 kW<br \/>\n Augstums: 797 mm<br \/>\n Platums: 438 mm<br \/>\n Dzi\u013cums: 455 mm<br \/>\n Granulu ietilp\u012bba: 11 kg<br \/>\n Pat\u0113ri\u0146\u0161: 0,6\u20132 kg\/h<br \/>\n Svars: 50 kg<br \/>\n <a href=\"https:\/\/www.evacalor.com\/index.php?id=263&amp;lang_id=eng\">Kr\u0101sa: melna; sarkana; b\u0113\u0161a<\/a><br \/>\n <strong>Cena: 1059 EUR<br \/>\n<\/strong><\/p>\n<\/div><\/div><\/div><div class=\"fusion-clearfix\"><\/div><\/div>\n<\/article>\n<article id=\"blog-1-post-85352\" class=\"fusion-post-grid post-85352 post type-post status-publish format-standard hentry category-granulu-kamini category-granulu-kamini-evacalor\">\n<div class=\"fusion-post-wrapper\" style=\"background-color:rgba(255,255,255,1);border:1px solid #a82c23;border-bottom-width:3px;\">\n\n<div class=\"fusion-post-content-wrapper\" style=\"padding:30px 25px 25px 25px;\"><div class=\"fusion-post-content post-content\"><h2 class=\"blog-shortcode-post-title entry-title\"><a href=\"https:\/\/www.kaminakeskus.ee\/lv\/pelletikamin-evacalor-silence-plus-9\/\">Pelletikamin Evacalor Silence Plus 9<\/a><\/h2><div class=\"fusion-post-content-container\"><div id=\"attachment_85346\" style=\"width: 160px\" class=\"wp-caption aligncenter\"><a href=\"https:\/\/www.kaminakeskus.ee\/wp-content\/uploads\/2026\/01\/pelletkamin-evacalor-silence-plus-9-150x150.jpg\"><img decoding=\"async\" aria-describedby=\"caption-attachment-85346\" class=\"wp-image-85346 size-thumbnail\" title=\"Pelletikamin Evacalor Silence Plus 9\" src=\"https:\/\/www.kaminakeskus.ee\/wp-content\/uploads\/2026\/01\/pelletkamin-evacalor-silence-plus-9-150x150.jpg\" alt=\"Pelletikamin Evacalor Silence Plus 9\" width=\"150\" height=\"150\" srcset=\"https:\/\/www.kaminakeskus.ee\/wp-content\/uploads\/2026\/01\/pelletkamin-evacalor-silence-plus-9-66x66.jpg 66w, https:\/\/www.kaminakeskus.ee\/wp-content\/uploads\/2026\/01\/pelletkamin-evacalor-silence-plus-9-150x150.jpg 150w, https:\/\/www.kaminakeskus.ee\/wp-content\/uploads\/2026\/01\/pelletkamin-evacalor-silence-plus-9-200x200.jpg 200w, https:\/\/www.kaminakeskus.ee\/wp-content\/uploads\/2026\/01\/pelletkamin-evacalor-silence-plus-9-300x300.jpg 300w, https:\/\/www.kaminakeskus.ee\/wp-content\/uploads\/2026\/01\/pelletkamin-evacalor-silence-plus-9-400x400.jpg 400w, https:\/\/www.kaminakeskus.ee\/wp-content\/uploads\/2026\/01\/pelletkamin-evacalor-silence-plus-9-600x600.jpg 600w, https:\/\/www.kaminakeskus.ee\/wp-content\/uploads\/2026\/01\/pelletkamin-evacalor-silence-plus-9-768x768.jpg 768w, https:\/\/www.kaminakeskus.ee\/wp-content\/uploads\/2026\/01\/pelletkamin-evacalor-silence-plus-9.jpg 800w\" sizes=\"(max-width: 150px) 100vw, 150px\" \/><\/a><p id=\"caption-attachment-85346\" class=\"wp-caption-text\"><strong>Pelletikamin Evacalor Silence Plus 9<\/strong><\/p><\/div>\n<p style=\"text-align: center;\">V\u00f5imsus: 3,5 \u2013 9,6 kW<br \/>\nK\u00f5rgus: 1165 mm<br \/>\nLaius: 510 mm<br \/>\nS\u00fcgavus: 588 mm<br \/>\nPelleti maht: 15 kg<br \/>\nKulu:0,7- 2 kg\/h<br \/>\nKaal: 180 kg<br \/>\nV\u00e4rv: Must<br \/>\n<a href=\"https:\/\/www.evacalor.com\/index.php?id=332&amp;lang_id=eng\">Tehnilised andmed<\/a><br \/>\n<strong>Hind: 2954 EUR<\/strong><\/p>\n<\/div><\/div><\/div><div class=\"fusion-clearfix\"><\/div><\/div>\n<\/article>\n<article id=\"blog-1-post-82443\" class=\"fusion-post-grid post-82443 post type-post status-publish format-standard hentry category-granulu-kamini category-granulu-kamini-evacalor\">\n<div class=\"fusion-post-wrapper\" style=\"background-color:rgba(255,255,255,1);border:1px solid #a82c23;border-bottom-width:3px;\">\n\n<div class=\"fusion-post-content-wrapper\" style=\"padding:30px 25px 25px 25px;\"><div class=\"fusion-post-content post-content\"><h2 class=\"blog-shortcode-post-title entry-title\"><a href=\"https:\/\/www.kaminakeskus.ee\/lv\/pelletikamin-evacalor-ivan\/\">Pelletikamin EvaCalor Ivan<\/a><\/h2><div class=\"fusion-post-content-container\"><p>&nbsp;<\/p>\n<div id=\"attachment_82438\" style=\"width: 160px\" class=\"wp-caption aligncenter\"><a href=\"https:\/\/www.kaminakeskus.ee\/wp-content\/uploads\/2025\/03\/pelletikamin-evacalor-ivan-150x150.jpg\"><img decoding=\"async\" aria-describedby=\"caption-attachment-82438\" class=\"size-thumbnail wp-image-82438\" src=\"https:\/\/www.kaminakeskus.ee\/wp-content\/uploads\/2025\/03\/pelletikamin-evacalor-ivan-150x150.jpg\" alt=\"\" width=\"150\" height=\"150\" srcset=\"https:\/\/www.kaminakeskus.ee\/wp-content\/uploads\/2025\/03\/pelletikamin-evacalor-ivan-66x66.jpg 66w, https:\/\/www.kaminakeskus.ee\/wp-content\/uploads\/2025\/03\/pelletikamin-evacalor-ivan-150x150.jpg 150w, https:\/\/www.kaminakeskus.ee\/wp-content\/uploads\/2025\/03\/pelletikamin-evacalor-ivan-200x200.jpg 200w, https:\/\/www.kaminakeskus.ee\/wp-content\/uploads\/2025\/03\/pelletikamin-evacalor-ivan-300x300.jpg 300w, https:\/\/www.kaminakeskus.ee\/wp-content\/uploads\/2025\/03\/pelletikamin-evacalor-ivan-400x400.jpg 400w, https:\/\/www.kaminakeskus.ee\/wp-content\/uploads\/2025\/03\/pelletikamin-evacalor-ivan-600x600.jpg 600w, https:\/\/www.kaminakeskus.ee\/wp-content\/uploads\/2025\/03\/pelletikamin-evacalor-ivan-768x768.jpg 768w, https:\/\/www.kaminakeskus.ee\/wp-content\/uploads\/2025\/03\/pelletikamin-evacalor-ivan.jpg 800w\" sizes=\"(max-width: 150px) 100vw, 150px\" \/><\/a><p id=\"caption-attachment-82438\" class=\"wp-caption-text\"><strong>Pelletikamin EvaCalor Ivan<\/strong><\/p><\/div>\n<p style=\"text-align: center;\">V\u00f5imsus: 4-15,4kW<br \/>\nK\u00f5rgus: 1303mm<br \/>\nLaius: 500mm<br \/>\nS\u00fcgavus: 568mm<br \/>\nPelleti maht: 36kg<br \/>\nKulu:0,9- 3,4kg\/h<br \/>\nKaal: 126kg<br \/>\n<a href=\"https:\/\/www.evacalor.com\/index.php?id=357&amp;lang_id=eng\">V\u00e4rv: Must<\/a><br \/>\n<strong>Hind: 2954 EUR<br \/>\n<\/strong><\/p>\n<\/div><\/div><\/div><div class=\"fusion-clearfix\"><\/div><\/div>\n<\/article>\n<article id=\"blog-1-post-82435\" class=\"fusion-post-grid post-82435 post type-post status-publish format-standard hentry category-granulu-kamini category-granulu-kamini-evacalor\">\n<div class=\"fusion-post-wrapper\" style=\"background-color:rgba(255,255,255,1);border:1px solid #a82c23;border-bottom-width:3px;\">\n\n<div class=\"fusion-post-content-wrapper\" style=\"padding:30px 25px 25px 25px;\"><div class=\"fusion-post-content post-content\"><h2 class=\"blog-shortcode-post-title entry-title\"><a href=\"https:\/\/www.kaminakeskus.ee\/lv\/pelletikamin-evacalor-vanessa\/\">Pelletikamin EvaCalor Vanessa<\/a><\/h2><div class=\"fusion-post-content-container\"><div id=\"attachment_82430\" style=\"width: 160px\" class=\"wp-caption aligncenter\"><a href=\"https:\/\/www.kaminakeskus.ee\/wp-content\/uploads\/2025\/03\/pelletikamin-evacalor-vanessa-150x150.jpg\"><img decoding=\"async\" aria-describedby=\"caption-attachment-82430\" class=\"size-thumbnail wp-image-82430\" src=\"https:\/\/www.kaminakeskus.ee\/wp-content\/uploads\/2025\/03\/pelletikamin-evacalor-vanessa-150x150.jpg\" alt=\"\" width=\"150\" height=\"150\" srcset=\"https:\/\/www.kaminakeskus.ee\/wp-content\/uploads\/2025\/03\/pelletikamin-evacalor-vanessa-66x66.jpg 66w, https:\/\/www.kaminakeskus.ee\/wp-content\/uploads\/2025\/03\/pelletikamin-evacalor-vanessa-150x150.jpg 150w, https:\/\/www.kaminakeskus.ee\/wp-content\/uploads\/2025\/03\/pelletikamin-evacalor-vanessa-200x200.jpg 200w, https:\/\/www.kaminakeskus.ee\/wp-content\/uploads\/2025\/03\/pelletikamin-evacalor-vanessa-300x300.jpg 300w, https:\/\/www.kaminakeskus.ee\/wp-content\/uploads\/2025\/03\/pelletikamin-evacalor-vanessa-400x400.jpg 400w, https:\/\/www.kaminakeskus.ee\/wp-content\/uploads\/2025\/03\/pelletikamin-evacalor-vanessa-600x600.jpg 600w, https:\/\/www.kaminakeskus.ee\/wp-content\/uploads\/2025\/03\/pelletikamin-evacalor-vanessa-768x768.jpg 768w, https:\/\/www.kaminakeskus.ee\/wp-content\/uploads\/2025\/03\/pelletikamin-evacalor-vanessa.jpg 800w\" sizes=\"(max-width: 150px) 100vw, 150px\" \/><\/a><p id=\"caption-attachment-82430\" class=\"wp-caption-text\"><strong>Pelletikamin EvaCalor Vanessa<\/strong><\/p><\/div>\n<p style=\"text-align: center;\">V\u00f5imsus: 2,5-9,5 kW<br \/>\nK\u00f5rgus: 1043mm<br \/>\nLaius: 657mm<br \/>\nS\u00fcgavus: 357mm<br \/>\nPelleti maht: 15kg<br \/>\nKulu:0,6-2kg\/h<br \/>\nKaal: 80kg<br \/>\n<a href=\"https:\/\/www.evacalor.com\/index.php?id=354&amp;lang_id=eng\">V\u00e4rv: Beez; punane; must<\/a><br \/>\n<strong>Hind: 1979 EUR<br \/>\n\u00d5hukanaliga: 2098 EUR<\/strong><\/p>\n<\/div><\/div><\/div><div class=\"fusion-clearfix\"><\/div><\/div>\n<\/article>\n<article id=\"blog-1-post-82427\" class=\"fusion-post-grid post-82427 post type-post status-publish format-standard hentry category-granulu-kamini category-granulu-kamini-evacalor\">\n<div class=\"fusion-post-wrapper\" style=\"background-color:rgba(255,255,255,1);border:1px solid #a82c23;border-bottom-width:3px;\">\n\n<div class=\"fusion-post-content-wrapper\" style=\"padding:30px 25px 25px 25px;\"><div class=\"fusion-post-content post-content\"><h2 class=\"blog-shortcode-post-title entry-title\"><a href=\"https:\/\/www.kaminakeskus.ee\/lv\/pelletikamin-evacalor-vale\/\">Pelletikamin EvaCalor Vale<\/a><\/h2><div class=\"fusion-post-content-container\"><div id=\"attachment_82422\" style=\"width: 160px\" class=\"wp-caption aligncenter\"><a href=\"https:\/\/www.kaminakeskus.ee\/wp-content\/uploads\/2025\/03\/pelletikamin-evacalor-vale-150x150.jpg\"><img decoding=\"async\" aria-describedby=\"caption-attachment-82422\" class=\"wp-image-82422 size-thumbnail\" title=\"Pelletikamin EvaCalor Vale\" src=\"https:\/\/www.kaminakeskus.ee\/wp-content\/uploads\/2025\/03\/pelletikamin-evacalor-vale-150x150.jpg\" alt=\"Pelletikamin EvaCalor Vale\" width=\"150\" height=\"150\" srcset=\"https:\/\/www.kaminakeskus.ee\/wp-content\/uploads\/2025\/03\/pelletikamin-evacalor-vale-66x66.jpg 66w, https:\/\/www.kaminakeskus.ee\/wp-content\/uploads\/2025\/03\/pelletikamin-evacalor-vale-150x150.jpg 150w, https:\/\/www.kaminakeskus.ee\/wp-content\/uploads\/2025\/03\/pelletikamin-evacalor-vale-200x200.jpg 200w, https:\/\/www.kaminakeskus.ee\/wp-content\/uploads\/2025\/03\/pelletikamin-evacalor-vale-300x300.jpg 300w, https:\/\/www.kaminakeskus.ee\/wp-content\/uploads\/2025\/03\/pelletikamin-evacalor-vale-400x400.jpg 400w, https:\/\/www.kaminakeskus.ee\/wp-content\/uploads\/2025\/03\/pelletikamin-evacalor-vale-600x600.jpg 600w, https:\/\/www.kaminakeskus.ee\/wp-content\/uploads\/2025\/03\/pelletikamin-evacalor-vale-768x768.jpg 768w, https:\/\/www.kaminakeskus.ee\/wp-content\/uploads\/2025\/03\/pelletikamin-evacalor-vale.jpg 800w\" sizes=\"(max-width: 150px) 100vw, 150px\" \/><\/a><p id=\"caption-attachment-82422\" class=\"wp-caption-text\"><strong>Pelletikamin EvaCalor Vale<\/strong><\/p><\/div>\n<p style=\"text-align: center;\">V\u00f5imsus: 3,1-8kW<br \/>\nK\u00f5rgus: 795mm<br \/>\nLaius: 666mm<br \/>\nS\u00fcgavus: 317mm<br \/>\nPelleti maht: 7,5kg<br \/>\nKulu:0,7- 1,6kg\/h<br \/>\nKaal: 50kg<br \/>\n<a href=\"https:\/\/www.evacalor.com\/index.php?id=356&amp;lang_id=eng\">V\u00e4rv:Valge; punane; must<\/a><strong><br \/>\nHind: 1259 EUR<\/strong><\/p>\n<\/div><\/div><\/div><div class=\"fusion-clearfix\"><\/div><\/div>\n<\/article>\n<article id=\"blog-1-post-82370\" class=\"fusion-post-grid post-82370 post type-post status-publish format-standard hentry category-granulu-kamini category-granulu-kamini-evacalor\">\n<div class=\"fusion-post-wrapper\" style=\"background-color:rgba(255,255,255,1);border:1px solid #a82c23;border-bottom-width:3px;\">\n\n<div class=\"fusion-post-content-wrapper\" style=\"padding:30px 25px 25px 25px;\"><div class=\"fusion-post-content post-content\"><h2 class=\"blog-shortcode-post-title entry-title\"><a href=\"https:\/\/www.kaminakeskus.ee\/lv\/pelletikamin-evacalor-duna\/\">Pelletikamin EvaCalor Duna<\/a><\/h2><div class=\"fusion-post-content-container\"><p>&nbsp;<\/p>\n<div id=\"attachment_82365\" style=\"width: 160px\" class=\"wp-caption aligncenter\"><a href=\"https:\/\/www.kaminakeskus.ee\/wp-content\/uploads\/2025\/03\/pelletikamin-evacalor-duna-150x150.jpg\"><img decoding=\"async\" aria-describedby=\"caption-attachment-82365\" class=\"size-thumbnail wp-image-82365\" src=\"https:\/\/www.kaminakeskus.ee\/wp-content\/uploads\/2025\/03\/pelletikamin-evacalor-duna-150x150.jpg\" alt=\"\" width=\"150\" height=\"150\" srcset=\"https:\/\/www.kaminakeskus.ee\/wp-content\/uploads\/2025\/03\/pelletikamin-evacalor-duna-66x66.jpg 66w, https:\/\/www.kaminakeskus.ee\/wp-content\/uploads\/2025\/03\/pelletikamin-evacalor-duna-150x150.jpg 150w, https:\/\/www.kaminakeskus.ee\/wp-content\/uploads\/2025\/03\/pelletikamin-evacalor-duna-200x200.jpg 200w, https:\/\/www.kaminakeskus.ee\/wp-content\/uploads\/2025\/03\/pelletikamin-evacalor-duna-300x300.jpg 300w, https:\/\/www.kaminakeskus.ee\/wp-content\/uploads\/2025\/03\/pelletikamin-evacalor-duna-400x400.jpg 400w, https:\/\/www.kaminakeskus.ee\/wp-content\/uploads\/2025\/03\/pelletikamin-evacalor-duna-600x600.jpg 600w, https:\/\/www.kaminakeskus.ee\/wp-content\/uploads\/2025\/03\/pelletikamin-evacalor-duna-768x768.jpg 768w, https:\/\/www.kaminakeskus.ee\/wp-content\/uploads\/2025\/03\/pelletikamin-evacalor-duna.jpg 800w\" sizes=\"(max-width: 150px) 100vw, 150px\" \/><\/a><p id=\"caption-attachment-82365\" class=\"wp-caption-text\">Pelletikamin Evacalor Duna<\/p><\/div>\n<p style=\"text-align: center;\"><a href=\"https:\/\/www.evacalor.com\/index.php?id=119&amp;lang_id=eng\"><strong>Pelletikamin Duna<\/strong><\/a><br \/>\nV\u00f5imsus: 7,5 &#8211; 19,5 kW<br \/>\nK\u00f5rgus: 1343 mm<br \/>\nLaius: 1039 mm<br \/>\nS\u00fcgavus: 452 mm<br \/>\n<strong>Pelleti maht: 40kg<\/strong><br \/>\nKulu: 1,8 &#8211; 4,6 kg\/h<br \/>\nKaal: 222 kg<br \/>\nV\u00e4rv: Must<br \/>\n<strong>Hind: 4149 EUR<\/strong><\/p>\n<\/div><\/div><\/div><div class=\"fusion-clearfix\"><\/div><\/div>\n<\/article>\n<article id=\"blog-1-post-80447\" class=\"fusion-post-grid post-80447 post type-post status-publish format-standard hentry category-granulu-kamini category-granulu-kamini-evacalor\">\n<div class=\"fusion-post-wrapper\" style=\"background-color:rgba(255,255,255,1);border:1px solid #a82c23;border-bottom-width:3px;\">\n\n<div class=\"fusion-post-content-wrapper\" style=\"padding:30px 25px 25px 25px;\"><div class=\"fusion-post-content post-content\"><h2 class=\"blog-shortcode-post-title entry-title\"><a href=\"https:\/\/www.kaminakeskus.ee\/lv\/pelletkamin-evacalor-rosa\/\">Pelletikamin EvaCalor Rosa<\/a><\/h2><div class=\"fusion-post-content-container\"><div id=\"attachment_80441\" style=\"width: 160px\" class=\"wp-caption aligncenter\"><a href=\"https:\/\/www.kaminakeskus.ee\/wp-content\/uploads\/2024\/12\/pelletkamin-evacalor-rosa-150x150.jpg\"><img decoding=\"async\" aria-describedby=\"caption-attachment-80441\" class=\"wp-image-80441 size-thumbnail\" src=\"https:\/\/www.kaminakeskus.ee\/wp-content\/uploads\/2024\/12\/pelletkamin-evacalor-rosa-150x150.jpg\" alt=\"Pelletkamin EvaCalor Rosa\" width=\"150\" height=\"150\" srcset=\"https:\/\/www.kaminakeskus.ee\/wp-content\/uploads\/2024\/12\/pelletkamin-evacalor-rosa-66x66.jpg 66w, https:\/\/www.kaminakeskus.ee\/wp-content\/uploads\/2024\/12\/pelletkamin-evacalor-rosa-150x150.jpg 150w, https:\/\/www.kaminakeskus.ee\/wp-content\/uploads\/2024\/12\/pelletkamin-evacalor-rosa-200x200.jpg 200w, https:\/\/www.kaminakeskus.ee\/wp-content\/uploads\/2024\/12\/pelletkamin-evacalor-rosa-300x300.jpg 300w, https:\/\/www.kaminakeskus.ee\/wp-content\/uploads\/2024\/12\/pelletkamin-evacalor-rosa-400x400.jpg 400w, https:\/\/www.kaminakeskus.ee\/wp-content\/uploads\/2024\/12\/pelletkamin-evacalor-rosa-600x600.jpg 600w, https:\/\/www.kaminakeskus.ee\/wp-content\/uploads\/2024\/12\/pelletkamin-evacalor-rosa-768x768.jpg 768w, https:\/\/www.kaminakeskus.ee\/wp-content\/uploads\/2024\/12\/pelletkamin-evacalor-rosa.jpg 800w\" sizes=\"(max-width: 150px) 100vw, 150px\" \/><\/a><p id=\"caption-attachment-80441\" class=\"wp-caption-text\"><a href=\"https:\/\/www.evacalor.com\/index.php?id=348&amp;lang_id=eng\"><strong>Pelletikamin EvaCalor Rosa<\/strong><\/a><\/p><\/div>\n<p style=\"text-align: center;\">V\u00f5imsus:3-11 kW<br \/>\nK\u00f5rgus: 1026 mm<br \/>\nLaius: 480 mm<br \/>\nS\u00fcgavus: 496 mm<br \/>\nPelleti maht: 15kg<br \/>\nKulu:0,7-2,4kg\/h<br \/>\nKaal: 95kg<br \/>\nV\u00e4rv:Valge;must;punane<br \/>\n<strong>Hind: 2029 EUR<br \/>\n\u00d5hukanaliga: 2219 EUR<\/strong><\/p>\n<\/div><\/div><\/div><div class=\"fusion-clearfix\"><\/div><\/div>\n<\/article>\n<article id=\"blog-1-post-80438\" class=\"fusion-post-grid post-80438 post type-post status-publish format-standard hentry category-granulu-kamini category-granulu-kamini-evacalor\">\n<div class=\"fusion-post-wrapper\" style=\"background-color:rgba(255,255,255,1);border:1px solid #a82c23;border-bottom-width:3px;\">\n\n<div class=\"fusion-post-content-wrapper\" style=\"padding:30px 25px 25px 25px;\"><div class=\"fusion-post-content post-content\"><h2 class=\"blog-shortcode-post-title entry-title\"><a href=\"https:\/\/www.kaminakeskus.ee\/lv\/pelletikamin-evacalor-viola\/\">Pelletikamin EvaCalor Viola<\/a><\/h2><div class=\"fusion-post-content-container\"><div id=\"attachment_80432\" style=\"width: 160px\" class=\"wp-caption aligncenter\"><a href=\"https:\/\/www.kaminakeskus.ee\/wp-content\/uploads\/2024\/12\/pelletkamin-evacalor-viola-150x150.jpg\"><img decoding=\"async\" aria-describedby=\"caption-attachment-80432\" class=\"wp-image-80432 size-thumbnail\" src=\"https:\/\/www.kaminakeskus.ee\/wp-content\/uploads\/2024\/12\/pelletkamin-evacalor-viola-150x150.jpg\" alt=\"Pelletikamin EvaCalor Viola\" width=\"150\" height=\"150\" srcset=\"https:\/\/www.kaminakeskus.ee\/wp-content\/uploads\/2024\/12\/pelletkamin-evacalor-viola-66x66.jpg 66w, https:\/\/www.kaminakeskus.ee\/wp-content\/uploads\/2024\/12\/pelletkamin-evacalor-viola-150x150.jpg 150w, https:\/\/www.kaminakeskus.ee\/wp-content\/uploads\/2024\/12\/pelletkamin-evacalor-viola-200x200.jpg 200w, https:\/\/www.kaminakeskus.ee\/wp-content\/uploads\/2024\/12\/pelletkamin-evacalor-viola-300x300.jpg 300w, https:\/\/www.kaminakeskus.ee\/wp-content\/uploads\/2024\/12\/pelletkamin-evacalor-viola-400x400.jpg 400w, https:\/\/www.kaminakeskus.ee\/wp-content\/uploads\/2024\/12\/pelletkamin-evacalor-viola-600x600.jpg 600w, https:\/\/www.kaminakeskus.ee\/wp-content\/uploads\/2024\/12\/pelletkamin-evacalor-viola-768x768.jpg 768w, https:\/\/www.kaminakeskus.ee\/wp-content\/uploads\/2024\/12\/pelletkamin-evacalor-viola.jpg 800w\" sizes=\"(max-width: 150px) 100vw, 150px\" \/><\/a><p id=\"caption-attachment-80432\" class=\"wp-caption-text\"><strong>Pelletikamin EvaCalor Viola<\/strong><\/p><\/div>\n<p style=\"text-align: center;\">Hermeetiline ja sooja\u00f5hukanaliga<br \/>\nV\u00f5imsus:3-11 kW<br \/>\nK\u00f5rgus: 1050 mm<br \/>\nLaius: 822 mm<br \/>\nS\u00fcgavus: 351 mm<br \/>\nPelleti maht: 15kg<br \/>\nKulu:0,7-2,4kg\/h<br \/>\nKaal: 95kg<br \/>\nV\u00e4rv:Valge;must;punane<br \/>\n<strong>Hind: 2445 EUR<\/strong><\/p>\n<\/div><\/div><\/div><div class=\"fusion-clearfix\"><\/div><\/div>\n<\/article>\n<article id=\"blog-1-post-80429\" class=\"fusion-post-grid post-80429 post type-post status-publish format-standard hentry category-granulu-kamini category-granulu-kamini-evacalor\">\n<div class=\"fusion-post-wrapper\" style=\"background-color:rgba(255,255,255,1);border:1px solid #a82c23;border-bottom-width:3px;\">\n\n<div class=\"fusion-post-content-wrapper\" style=\"padding:30px 25px 25px 25px;\"><div class=\"fusion-post-content post-content\"><h2 class=\"blog-shortcode-post-title entry-title\"><a href=\"https:\/\/www.kaminakeskus.ee\/lv\/pelletikamin-evacalor-denise\/\">Pelletikamin EvaCalor Denise<\/a><\/h2><div class=\"fusion-post-content-container\"><div id=\"attachment_80423\" style=\"width: 160px\" class=\"wp-caption aligncenter\"><a href=\"https:\/\/www.kaminakeskus.ee\/wp-content\/uploads\/2024\/12\/pelletkamin-evacalor-denise-150x150.jpg\"><img decoding=\"async\" aria-describedby=\"caption-attachment-80423\" class=\"wp-image-80423 size-thumbnail\" src=\"https:\/\/www.kaminakeskus.ee\/wp-content\/uploads\/2024\/12\/pelletkamin-evacalor-denise-150x150.jpg\" alt=\"Pelletikamin Denise\" width=\"150\" height=\"150\" srcset=\"https:\/\/www.kaminakeskus.ee\/wp-content\/uploads\/2024\/12\/pelletkamin-evacalor-denise-66x66.jpg 66w, https:\/\/www.kaminakeskus.ee\/wp-content\/uploads\/2024\/12\/pelletkamin-evacalor-denise-150x150.jpg 150w, https:\/\/www.kaminakeskus.ee\/wp-content\/uploads\/2024\/12\/pelletkamin-evacalor-denise-200x200.jpg 200w, https:\/\/www.kaminakeskus.ee\/wp-content\/uploads\/2024\/12\/pelletkamin-evacalor-denise-300x300.jpg 300w, https:\/\/www.kaminakeskus.ee\/wp-content\/uploads\/2024\/12\/pelletkamin-evacalor-denise-400x400.jpg 400w, https:\/\/www.kaminakeskus.ee\/wp-content\/uploads\/2024\/12\/pelletkamin-evacalor-denise-600x600.jpg 600w, https:\/\/www.kaminakeskus.ee\/wp-content\/uploads\/2024\/12\/pelletkamin-evacalor-denise-768x768.jpg 768w, https:\/\/www.kaminakeskus.ee\/wp-content\/uploads\/2024\/12\/pelletkamin-evacalor-denise.jpg 800w\" sizes=\"(max-width: 150px) 100vw, 150px\" \/><\/a><p id=\"caption-attachment-80423\" class=\"wp-caption-text\"><a href=\"https:\/\/www.evacalor.com\/index.php?id=349&amp;lang_id=eng\"><strong>Pelletikamin Denise<\/strong><\/a><\/p><\/div>\n<p style=\"text-align: center;\">Hermeetiline ja sooja\u00f5hukanaliga<br \/>\nV\u00f5imsus:3-11 kW<br \/>\nK\u00f5rgus: 1050 mm<br \/>\nLaius: 822 mm<br \/>\nS\u00fcgavus: 351 mm<br \/>\nPelleti maht: 15kg<br \/>\nKulu:0,7-2,4kg\/h<br \/>\nKaal: 95kg<br \/>\nV\u00e4rv:Valge;must;punane<br \/>\n<strong>Hind: 2480 EUR<\/strong><\/p>\n<\/div><\/div><\/div><div class=\"fusion-clearfix\"><\/div><\/div>\n<\/article>\n<article id=\"blog-1-post-80415\" class=\"fusion-post-grid post-80415 post type-post status-publish format-standard hentry category-granulu-kamini category-granulu-kamini-evacalor\">\n<div class=\"fusion-post-wrapper\" style=\"background-color:rgba(255,255,255,1);border:1px solid #a82c23;border-bottom-width:3px;\">\n\n<div class=\"fusion-post-content-wrapper\" style=\"padding:30px 25px 25px 25px;\"><div class=\"fusion-post-content post-content\"><h2 class=\"blog-shortcode-post-title entry-title\"><a href=\"https:\/\/www.kaminakeskus.ee\/lv\/pelletikamin-evacalor-rachele\/\">Pelletikamin EvaCalor Rachele<\/a><\/h2><div class=\"fusion-post-content-container\"><div id=\"attachment_80394\" style=\"width: 160px\" class=\"wp-caption aligncenter\"><a href=\"https:\/\/www.kaminakeskus.ee\/wp-content\/uploads\/2024\/12\/pelletkamin-evacalor-rachele-150x150.jpg\"><img decoding=\"async\" aria-describedby=\"caption-attachment-80394\" class=\"wp-image-80394 size-thumbnail\" src=\"https:\/\/www.kaminakeskus.ee\/wp-content\/uploads\/2024\/12\/pelletkamin-evacalor-rachele-150x150.jpg\" alt=\"Pelletikamin Rachele\" width=\"150\" height=\"150\" srcset=\"https:\/\/www.kaminakeskus.ee\/wp-content\/uploads\/2024\/12\/pelletkamin-evacalor-rachele-66x66.jpg 66w, https:\/\/www.kaminakeskus.ee\/wp-content\/uploads\/2024\/12\/pelletkamin-evacalor-rachele-150x150.jpg 150w, https:\/\/www.kaminakeskus.ee\/wp-content\/uploads\/2024\/12\/pelletkamin-evacalor-rachele-200x200.jpg 200w, https:\/\/www.kaminakeskus.ee\/wp-content\/uploads\/2024\/12\/pelletkamin-evacalor-rachele-300x300.jpg 300w, https:\/\/www.kaminakeskus.ee\/wp-content\/uploads\/2024\/12\/pelletkamin-evacalor-rachele-400x400.jpg 400w, https:\/\/www.kaminakeskus.ee\/wp-content\/uploads\/2024\/12\/pelletkamin-evacalor-rachele-600x600.jpg 600w, https:\/\/www.kaminakeskus.ee\/wp-content\/uploads\/2024\/12\/pelletkamin-evacalor-rachele-768x768.jpg 768w, https:\/\/www.kaminakeskus.ee\/wp-content\/uploads\/2024\/12\/pelletkamin-evacalor-rachele.jpg 800w\" sizes=\"(max-width: 150px) 100vw, 150px\" \/><\/a><p id=\"caption-attachment-80394\" class=\"wp-caption-text\"><a href=\"https:\/\/www.evacalor.com\/index.php?id=264&amp;lang_id=eng\"><strong>Pelletikamin Rachele<\/strong><\/a><\/p><\/div>\n<p style=\"text-align: center;\">Hermeetiline ja sooja\u00f5hukanaliga<br \/>\nV\u00f5imsus:3-11 kW<br \/>\nK\u00f5rgus: 1050 mm<br \/>\nLaius: 822 mm<br \/>\nS\u00fcgavus: 351 mm<br \/>\nPelleti maht: 15kg<br \/>\nKulu:0,7-2,4kg\/h<br \/>\nKaal: 95kg<br \/>\nV\u00e4rv:Kivikattega<br \/>\n<strong>Hind: 2553 EUR<\/strong><\/p>\n<\/div><\/div><\/div><div class=\"fusion-clearfix\"><\/div><\/div>\n<\/article>\n<article id=\"blog-1-post-79512\" class=\"fusion-post-grid post-79512 post type-post status-publish format-standard hentry category-granulu-kamini category-granulu-kamini-evacalor\">\n<div class=\"fusion-post-wrapper\" style=\"background-color:rgba(255,255,255,1);border:1px solid #a82c23;border-bottom-width:3px;\">\n\n<div class=\"fusion-post-content-wrapper\" style=\"padding:30px 25px 25px 25px;\"><div class=\"fusion-post-content post-content\"><h2 class=\"blog-shortcode-post-title entry-title\"><a href=\"https:\/\/www.kaminakeskus.ee\/lv\/pelletikamin-evacalor-rita-plus\/\">Pelletikamin Evacalor Rita Plus<\/a><\/h2><div class=\"fusion-post-content-container\"><p><a href=\"https:\/\/www.kaminakeskus.ee\/wp-content\/uploads\/2024\/10\/pelletkamin-evacalor-rita-plus-150x150.jpg\"><img decoding=\"async\" class=\"aligncenter wp-image-79505\" src=\"https:\/\/www.kaminakeskus.ee\/wp-content\/uploads\/2024\/10\/pelletkamin-evacalor-rita-plus-150x150.jpg\" alt=\"Pelletikamin Rita Plus\" width=\"176\" height=\"176\" srcset=\"https:\/\/www.kaminakeskus.ee\/wp-content\/uploads\/2024\/10\/pelletkamin-evacalor-rita-plus-66x66.jpg 66w, https:\/\/www.kaminakeskus.ee\/wp-content\/uploads\/2024\/10\/pelletkamin-evacalor-rita-plus-150x150.jpg 150w, https:\/\/www.kaminakeskus.ee\/wp-content\/uploads\/2024\/10\/pelletkamin-evacalor-rita-plus-200x200.jpg 200w, https:\/\/www.kaminakeskus.ee\/wp-content\/uploads\/2024\/10\/pelletkamin-evacalor-rita-plus-300x300.jpg 300w, https:\/\/www.kaminakeskus.ee\/wp-content\/uploads\/2024\/10\/pelletkamin-evacalor-rita-plus-400x400.jpg 400w, https:\/\/www.kaminakeskus.ee\/wp-content\/uploads\/2024\/10\/pelletkamin-evacalor-rita-plus-600x600.jpg 600w, https:\/\/www.kaminakeskus.ee\/wp-content\/uploads\/2024\/10\/pelletkamin-evacalor-rita-plus-768x768.jpg 768w, https:\/\/www.kaminakeskus.ee\/wp-content\/uploads\/2024\/10\/pelletkamin-evacalor-rita-plus.jpg 800w\" sizes=\"(max-width: 176px) 100vw, 176px\" \/><\/a><\/p>\n<p style=\"text-align: center;\"><a href=\"https:\/\/www.evacalor.com\/index.php?id=347&amp;lang_id=eng\"><strong>Pelletikamin Rita Plus<\/strong><\/a><br \/>\nVahetatava esipaneeliga<br \/>\nV\u00f5imsus: 2,8-9,5 kW<br \/>\nK\u00f5rgus: 912 mm<br \/>\nLaius: 434 mm<br \/>\nS\u00fcgavus: 506 mm<br \/>\nPelleti maht: 13,5kg<br \/>\nKulu:0,6-2kg\/h<br \/>\nKaal: 60kg<br \/>\nV\u00e4rv:Must; punane; valge<br \/>\n<strong>Hind: 1384 EUR<\/strong><\/p>\n<\/div><\/div><\/div><div class=\"fusion-clearfix\"><\/div><\/div>\n<\/article>\n<article id=\"blog-1-post-67373\" class=\"fusion-post-grid post-67373 post type-post status-publish format-standard hentry category-granulu-kamini category-granulu-kamini-evacalor\">\n<div class=\"fusion-post-wrapper\" style=\"background-color:rgba(255,255,255,1);border:1px solid #a82c23;border-bottom-width:3px;\">\n\n<div class=\"fusion-post-content-wrapper\" style=\"padding:30px 25px 25px 25px;\"><div class=\"fusion-post-content post-content\"><h2 class=\"blog-shortcode-post-title entry-title\"><a href=\"https:\/\/www.kaminakeskus.ee\/lv\/pelletkamin-evacalor-karina\/\">Granulu kr\u0101sns Evacalor Karina<\/a><\/h2><div class=\"fusion-post-content-container\"><div id=\"attachment_82454\" style=\"width: 160px\" class=\"wp-caption aligncenter\"><a href=\"https:\/\/www.kaminakeskus.ee\/wp-content\/uploads\/2023\/04\/pelletikamin-evacalor-karina-150x150.jpg\"><img decoding=\"async\" aria-describedby=\"caption-attachment-82454\" class=\"size-thumbnail wp-image-82452\" src=\"https:\/\/www.kaminakeskus.ee\/wp-content\/uploads\/2023\/04\/pelletikamin-evacalor-karina-150x150.jpg\" alt=\"\" width=\"150\" height=\"150\" srcset=\"https:\/\/www.kaminakeskus.ee\/wp-content\/uploads\/2023\/04\/pelletikamin-evacalor-karina-66x66.jpg 66w, https:\/\/www.kaminakeskus.ee\/wp-content\/uploads\/2023\/04\/pelletikamin-evacalor-karina-150x150.jpg 150w, https:\/\/www.kaminakeskus.ee\/wp-content\/uploads\/2023\/04\/pelletikamin-evacalor-karina-200x200.jpg 200w, https:\/\/www.kaminakeskus.ee\/wp-content\/uploads\/2023\/04\/pelletikamin-evacalor-karina-300x300.jpg 300w, https:\/\/www.kaminakeskus.ee\/wp-content\/uploads\/2023\/04\/pelletikamin-evacalor-karina-400x400.jpg 400w, https:\/\/www.kaminakeskus.ee\/wp-content\/uploads\/2023\/04\/pelletikamin-evacalor-karina-600x600.jpg 600w, https:\/\/www.kaminakeskus.ee\/wp-content\/uploads\/2023\/04\/pelletikamin-evacalor-karina-768x768.jpg 768w, https:\/\/www.kaminakeskus.ee\/wp-content\/uploads\/2023\/04\/pelletikamin-evacalor-karina.jpg 800w\" sizes=\"(max-width: 150px) 100vw, 150px\" \/><\/a><p id=\"caption-attachment-82454\" class=\"wp-caption-text\">Granulu kr\u0101sns EvaCalor Karina<\/p><\/div>\n<p style=\"text-align: center;\"><a href=\"https:\/\/www.evacalor.com\/index.php?id=262&amp;lang_id=eng\"><strong>Granulu kr\u0101sns Kar\u012bna<\/strong><\/a><br \/>\n Jauda:2,8-9,5 kW<br \/>\n Augstums: 1101 mm<br \/>\n Platums: 446 mm<br \/>\n Dzi\u013cums: 496 mm<br \/>\n Granulu ietilp\u012bba: 25 kg<br \/>\n Pat\u0113ri\u0146\u0161: 0,6-2kg\/h<br \/>\n Svars: 75 kg<br \/>\n Kr\u0101sa: b\u0113\u0161a; sarkans; melns<br \/>\n <strong>Cena: 1579 EUR<\/strong><\/p>\n<\/div><\/div><\/div><div class=\"fusion-clearfix\"><\/div><\/div>\n<\/article>\n<article id=\"blog-1-post-67255\" class=\"fusion-post-grid post-67255 post type-post status-publish format-standard hentry category-granulu-kamini category-granulu-kamini-evacalor\">\n<div class=\"fusion-post-wrapper\" style=\"background-color:rgba(255,255,255,1);border:1px solid #a82c23;border-bottom-width:3px;\">\n\n<div class=\"fusion-post-content-wrapper\" style=\"padding:30px 25px 25px 25px;\"><div class=\"fusion-post-content post-content\"><h2 class=\"blog-shortcode-post-title entry-title\"><a href=\"https:\/\/www.kaminakeskus.ee\/lv\/pelletikamin-evacalor-evelyn\/\">Pelletikamin Evacalor Evelyn<\/a><\/h2><div class=\"fusion-post-content-container\"><div id=\"attachment_67249\" style=\"width: 160px\" class=\"wp-caption aligncenter\"><a href=\"https:\/\/www.kaminakeskus.ee\/wp-content\/uploads\/2023\/04\/pelletkamin_evacalor_evelyn-150x150.jpg\"><img decoding=\"async\" aria-describedby=\"caption-attachment-67249\" class=\"size-thumbnail wp-image-67249\" src=\"https:\/\/www.kaminakeskus.ee\/wp-content\/uploads\/2023\/04\/pelletkamin_evacalor_evelyn-150x150.jpg\" alt=\"\" width=\"150\" height=\"150\" srcset=\"https:\/\/www.kaminakeskus.ee\/wp-content\/uploads\/2023\/04\/pelletkamin_evacalor_evelyn-66x66.jpg 66w, https:\/\/www.kaminakeskus.ee\/wp-content\/uploads\/2023\/04\/pelletkamin_evacalor_evelyn-150x150.jpg 150w, https:\/\/www.kaminakeskus.ee\/wp-content\/uploads\/2023\/04\/pelletkamin_evacalor_evelyn-200x200.jpg 200w, https:\/\/www.kaminakeskus.ee\/wp-content\/uploads\/2023\/04\/pelletkamin_evacalor_evelyn-300x300.jpg 300w, https:\/\/www.kaminakeskus.ee\/wp-content\/uploads\/2023\/04\/pelletkamin_evacalor_evelyn-400x400.jpg 400w, https:\/\/www.kaminakeskus.ee\/wp-content\/uploads\/2023\/04\/pelletkamin_evacalor_evelyn-600x600.jpg 600w, https:\/\/www.kaminakeskus.ee\/wp-content\/uploads\/2023\/04\/pelletkamin_evacalor_evelyn-768x768.jpg 768w, https:\/\/www.kaminakeskus.ee\/wp-content\/uploads\/2023\/04\/pelletkamin_evacalor_evelyn.jpg 800w\" sizes=\"(max-width: 150px) 100vw, 150px\" \/><\/a><p id=\"caption-attachment-67249\" class=\"wp-caption-text\">Pelletikamin Evacalor Evelyn<\/p><\/div>\n<p style=\"text-align: center;\"><a href=\"https:\/\/www.evacalor.com\/index.php?id=261&amp;lang_id=eng\"><strong>Pelletikamin Evelyn<\/strong><\/a><br \/>\nLisa\u00f5hukanaliga<br \/>\nV\u00f5imsus:3,4-11 kW<br \/>\nK\u00f5rgus: 988 mm<br \/>\nLaius: 480 mm<br \/>\nS\u00fcgavus: 545 mm<br \/>\nPelleti maht: 15kg<br \/>\nKulu:0,7-2,4kg\/h<br \/>\nKaal: 106kg<br \/>\nV\u00e4rv:Punane; merevaik<br \/>\n<strong>Hind: 2726 EUR<\/strong><\/p>\n<\/div><\/div><\/div><div class=\"fusion-clearfix\"><\/div><\/div>\n<\/article>\n<article id=\"blog-1-post-67246\" class=\"fusion-post-grid post-67246 post type-post status-publish format-standard hentry category-granulu-kamini category-granulu-kamini-evacalor\">\n<div class=\"fusion-post-wrapper\" style=\"background-color:rgba(255,255,255,1);border:1px solid #a82c23;border-bottom-width:3px;\">\n\n<div class=\"fusion-post-content-wrapper\" style=\"padding:30px 25px 25px 25px;\"><div class=\"fusion-post-content post-content\"><h2 class=\"blog-shortcode-post-title entry-title\"><a href=\"https:\/\/www.kaminakeskus.ee\/lv\/pelletikamin-evacalor-manola\/\">Pelletikamin Evacalor Manola<\/a><\/h2><div class=\"fusion-post-content-container\"><div id=\"attachment_67240\" style=\"width: 160px\" class=\"wp-caption aligncenter\"><a href=\"https:\/\/www.kaminakeskus.ee\/wp-content\/uploads\/2023\/04\/pelletkamin_evacalor_manola-150x150.jpg\"><img decoding=\"async\" aria-describedby=\"caption-attachment-67240\" class=\"size-thumbnail wp-image-67240\" src=\"https:\/\/www.kaminakeskus.ee\/wp-content\/uploads\/2023\/04\/pelletkamin_evacalor_manola-150x150.jpg\" alt=\"\" width=\"150\" height=\"150\" srcset=\"https:\/\/www.kaminakeskus.ee\/wp-content\/uploads\/2023\/04\/pelletkamin_evacalor_manola-66x66.jpg 66w, https:\/\/www.kaminakeskus.ee\/wp-content\/uploads\/2023\/04\/pelletkamin_evacalor_manola-150x150.jpg 150w, https:\/\/www.kaminakeskus.ee\/wp-content\/uploads\/2023\/04\/pelletkamin_evacalor_manola-200x200.jpg 200w, https:\/\/www.kaminakeskus.ee\/wp-content\/uploads\/2023\/04\/pelletkamin_evacalor_manola-300x300.jpg 300w, https:\/\/www.kaminakeskus.ee\/wp-content\/uploads\/2023\/04\/pelletkamin_evacalor_manola-400x400.jpg 400w, https:\/\/www.kaminakeskus.ee\/wp-content\/uploads\/2023\/04\/pelletkamin_evacalor_manola-600x600.jpg 600w, https:\/\/www.kaminakeskus.ee\/wp-content\/uploads\/2023\/04\/pelletkamin_evacalor_manola-768x768.jpg 768w, https:\/\/www.kaminakeskus.ee\/wp-content\/uploads\/2023\/04\/pelletkamin_evacalor_manola.jpg 800w\" sizes=\"(max-width: 150px) 100vw, 150px\" \/><\/a><p id=\"caption-attachment-67240\" class=\"wp-caption-text\">Pelletikamin Evacalor Manola<\/p><\/div>\n<p style=\"text-align: center;\"><a href=\"https:\/\/www.evacalor.com\/index.php?id=277&amp;lang_id=eng\"><strong>Pelletikamin Manola<\/strong><\/a><br \/>\nV\u00f5imsus:3,1-9,1 kW<br \/>\nK\u00f5rgus: 1161 mm<br \/>\nLaius: 548 mm<br \/>\nS\u00fcgavus: 569 mm<br \/>\nPelleti maht: 19kg<br \/>\nKulu:0,6-1,9kg\/h<br \/>\nKaal: 110kg<br \/>\nV\u00e4rv:Punane; valge; beez<br \/>\n<strong>Hind: 2286 EUR<\/strong><\/p>\n<\/div><\/div><\/div><div class=\"fusion-clearfix\"><\/div><\/div>\n<\/article>\n<article id=\"blog-1-post-67192\" class=\"fusion-post-grid post-67192 post type-post status-publish format-standard hentry category-granulu-kamini category-granulu-kamini-evacalor\">\n<div class=\"fusion-post-wrapper\" style=\"background-color:rgba(255,255,255,1);border:1px solid #a82c23;border-bottom-width:3px;\">\n\n<div class=\"fusion-post-content-wrapper\" style=\"padding:30px 25px 25px 25px;\"><div class=\"fusion-post-content post-content\"><h2 class=\"blog-shortcode-post-title entry-title\"><a href=\"https:\/\/www.kaminakeskus.ee\/lv\/pelletikamin-evacalor-giusy\/\">Pelletikamin Evacalor Giusy<\/a><\/h2><div class=\"fusion-post-content-container\"><div id=\"attachment_67185\" style=\"width: 125px\" class=\"wp-caption aligncenter\"><a href=\"https:\/\/www.kaminakeskus.ee\/wp-content\/uploads\/2023\/04\/pelletkamin_evacalor_giusy-115x150.jpg\"><img decoding=\"async\" aria-describedby=\"caption-attachment-67185\" class=\"size-thumbnail wp-image-67185\" src=\"https:\/\/www.kaminakeskus.ee\/wp-content\/uploads\/2023\/04\/pelletkamin_evacalor_giusy-115x150.jpg\" alt=\"\" width=\"115\" height=\"150\" srcset=\"https:\/\/www.kaminakeskus.ee\/wp-content\/uploads\/2023\/04\/pelletkamin_evacalor_giusy-115x150.jpg 115w, https:\/\/www.kaminakeskus.ee\/wp-content\/uploads\/2023\/04\/pelletkamin_evacalor_giusy-200x261.jpg 200w, https:\/\/www.kaminakeskus.ee\/wp-content\/uploads\/2023\/04\/pelletkamin_evacalor_giusy-230x300.jpg 230w, https:\/\/www.kaminakeskus.ee\/wp-content\/uploads\/2023\/04\/pelletkamin_evacalor_giusy-400x523.jpg 400w, https:\/\/www.kaminakeskus.ee\/wp-content\/uploads\/2023\/04\/pelletkamin_evacalor_giusy-600x784.jpg 600w, https:\/\/www.kaminakeskus.ee\/wp-content\/uploads\/2023\/04\/pelletkamin_evacalor_giusy-768x1004.jpg 768w, https:\/\/www.kaminakeskus.ee\/wp-content\/uploads\/2023\/04\/pelletkamin_evacalor_giusy-783x1024.jpg 783w, https:\/\/www.kaminakeskus.ee\/wp-content\/uploads\/2023\/04\/pelletkamin_evacalor_giusy-800x1046.jpg 800w, https:\/\/www.kaminakeskus.ee\/wp-content\/uploads\/2023\/04\/pelletkamin_evacalor_giusy.jpg 918w\" sizes=\"(max-width: 115px) 100vw, 115px\" \/><\/a><p id=\"caption-attachment-67185\" class=\"wp-caption-text\">Pelletikamin Evacalor Giusy<\/p><\/div>\n<p style=\"text-align: center;\"><a href=\"https:\/\/www.evacalor.com\/index.php?id=321&amp;lang_id=eng\"><strong>Pelletikamin Giusy<\/strong><\/a><br \/>\nKahe \u00f5hu lisakanaliga<br \/>\nV\u00f5imsus:4,2-15,4 kW<br \/>\nK\u00f5rgus: 1141 mm<br \/>\nLaius: 473 mm<br \/>\nS\u00fcgavus: 542 mm<br \/>\nPelleti maht: 16kg<br \/>\nKulu:0,9-3,4kg\/h<br \/>\nKaal: 100kg<br \/>\nV\u00e4rv:Punane; valge; must<br \/>\n<strong>Hind: 2757 EUR<br \/>\n<\/strong><\/p>\n<\/div><\/div><\/div><div class=\"fusion-clearfix\"><\/div><\/div>\n<\/article>\n<article id=\"blog-1-post-67177\" class=\"fusion-post-grid post-67177 post type-post status-publish format-standard hentry category-granulu-kamini category-granulu-kamini-evacalor\">\n<div class=\"fusion-post-wrapper\" style=\"background-color:rgba(255,255,255,1);border:1px solid #a82c23;border-bottom-width:3px;\">\n\n<div class=\"fusion-post-content-wrapper\" style=\"padding:30px 25px 25px 25px;\"><div class=\"fusion-post-content post-content\"><h2 class=\"blog-shortcode-post-title entry-title\"><a href=\"https:\/\/www.kaminakeskus.ee\/lv\/pelletikamin-evacalor-letizia\/\">Pelletikamin Evacalor Letizia<\/a><\/h2><div class=\"fusion-post-content-container\"><div id=\"attachment_67171\" style=\"width: 160px\" class=\"wp-caption aligncenter\"><a href=\"https:\/\/www.kaminakeskus.ee\/wp-content\/uploads\/2023\/04\/pelletkamin_evacalor_letizia-150x150.jpg\"><img decoding=\"async\" aria-describedby=\"caption-attachment-67171\" class=\"size-thumbnail wp-image-67171\" src=\"https:\/\/www.kaminakeskus.ee\/wp-content\/uploads\/2023\/04\/pelletkamin_evacalor_letizia-150x150.jpg\" alt=\"\" width=\"150\" height=\"150\" srcset=\"https:\/\/www.kaminakeskus.ee\/wp-content\/uploads\/2023\/04\/pelletkamin_evacalor_letizia-66x66.jpg 66w, https:\/\/www.kaminakeskus.ee\/wp-content\/uploads\/2023\/04\/pelletkamin_evacalor_letizia-150x150.jpg 150w, https:\/\/www.kaminakeskus.ee\/wp-content\/uploads\/2023\/04\/pelletkamin_evacalor_letizia-200x200.jpg 200w, https:\/\/www.kaminakeskus.ee\/wp-content\/uploads\/2023\/04\/pelletkamin_evacalor_letizia-300x300.jpg 300w, https:\/\/www.kaminakeskus.ee\/wp-content\/uploads\/2023\/04\/pelletkamin_evacalor_letizia-400x400.jpg 400w, https:\/\/www.kaminakeskus.ee\/wp-content\/uploads\/2023\/04\/pelletkamin_evacalor_letizia-600x600.jpg 600w, https:\/\/www.kaminakeskus.ee\/wp-content\/uploads\/2023\/04\/pelletkamin_evacalor_letizia-768x768.jpg 768w, https:\/\/www.kaminakeskus.ee\/wp-content\/uploads\/2023\/04\/pelletkamin_evacalor_letizia.jpg 800w\" sizes=\"(max-width: 150px) 100vw, 150px\" \/><\/a><p id=\"caption-attachment-67171\" class=\"wp-caption-text\">Pelletikamin Evacalor Letizia<\/p><\/div>\n<p style=\"text-align: center;\"><a href=\"https:\/\/www.evacalor.com\/index.php?id=196&amp;lang_id=eng\"><strong>Pelletikamin Letizia<\/strong><\/a><br \/>\nKahe \u00f5hujaotuse kanaliga<br \/>\nV\u00f5imsus:4,2-15,4 kW<br \/>\nK\u00f5rgus: 1148 mm<br \/>\nLaius: 480 mm<br \/>\nS\u00fcgavus: 545 mm<br \/>\nPelleti maht: 16kg<br \/>\nKulu:0,9-3,4kg\/h<br \/>\nKaal: 117kg<br \/>\nV\u00e4rv:Corten; rubiinpunane; must<br \/>\n<strong><del>Hind: 3073 EUR<\/del><br \/>\n<span style=\"color: #ff0000;\">Hind: 2399 EUR<\/span><\/strong><\/p>\n<\/div><\/div><\/div><div class=\"fusion-clearfix\"><\/div><\/div>\n<\/article>\n<article id=\"blog-1-post-66784\" class=\"fusion-post-grid post-66784 post type-post status-publish format-standard hentry category-granulu-kamini category-granulu-kamini-evacalor\">\n<div class=\"fusion-post-wrapper\" style=\"background-color:rgba(255,255,255,1);border:1px solid #a82c23;border-bottom-width:3px;\">\n\n<div class=\"fusion-post-content-wrapper\" style=\"padding:30px 25px 25px 25px;\"><div class=\"fusion-post-content post-content\"><h2 class=\"blog-shortcode-post-title entry-title\"><a href=\"https:\/\/www.kaminakeskus.ee\/lv\/pelletikamin-evacalor-dante\/\">Pelletikamin Evacalor Dante<\/a><\/h2><div class=\"fusion-post-content-container\"><div id=\"attachment_66778\" style=\"width: 160px\" class=\"wp-caption aligncenter\"><a href=\"https:\/\/www.kaminakeskus.ee\/wp-content\/uploads\/2023\/04\/pelletkamin_evacalor_dante-150x150.jpg\"><img decoding=\"async\" aria-describedby=\"caption-attachment-66778\" class=\"size-thumbnail wp-image-66778\" src=\"https:\/\/www.kaminakeskus.ee\/wp-content\/uploads\/2023\/04\/pelletkamin_evacalor_dante-150x150.jpg\" alt=\"\" width=\"150\" height=\"150\" srcset=\"https:\/\/www.kaminakeskus.ee\/wp-content\/uploads\/2023\/04\/pelletkamin_evacalor_dante-66x66.jpg 66w, https:\/\/www.kaminakeskus.ee\/wp-content\/uploads\/2023\/04\/pelletkamin_evacalor_dante-150x150.jpg 150w, https:\/\/www.kaminakeskus.ee\/wp-content\/uploads\/2023\/04\/pelletkamin_evacalor_dante-200x200.jpg 200w, https:\/\/www.kaminakeskus.ee\/wp-content\/uploads\/2023\/04\/pelletkamin_evacalor_dante-300x300.jpg 300w, https:\/\/www.kaminakeskus.ee\/wp-content\/uploads\/2023\/04\/pelletkamin_evacalor_dante-400x400.jpg 400w, https:\/\/www.kaminakeskus.ee\/wp-content\/uploads\/2023\/04\/pelletkamin_evacalor_dante-600x600.jpg 600w, https:\/\/www.kaminakeskus.ee\/wp-content\/uploads\/2023\/04\/pelletkamin_evacalor_dante-768x768.jpg 768w, https:\/\/www.kaminakeskus.ee\/wp-content\/uploads\/2023\/04\/pelletkamin_evacalor_dante.jpg 800w\" sizes=\"(max-width: 150px) 100vw, 150px\" \/><\/a><p id=\"caption-attachment-66778\" class=\"wp-caption-text\">Pelletikamin Dante<\/p><\/div>\n<p style=\"text-align: center;\"><strong>Pelletikamin Dante<\/strong><br \/>\nV\u00f5imsus:3,5-7,3 kW<br \/>\nK\u00f5rgus: 2150-2800 mm<br \/>\nLaius: 910 mm<br \/>\nS\u00fcgavus: 643 mm<br \/>\nPelleti maht: 20kg<br \/>\nKulu:0,7-1,6kg\/h<br \/>\nKaal: 146kg<br \/>\n<strong>Hind: 4298 EUR<\/strong><\/p>\n<\/div><\/div><\/div><div class=\"fusion-clearfix\"><\/div><\/div>\n<\/article>\n<article id=\"blog-1-post-48316\" class=\"fusion-post-grid post-48316 post type-post status-publish format-standard hentry category-granulu-kamini category-granulu-kamini-evacalor\">\n<div class=\"fusion-post-wrapper\" style=\"background-color:rgba(255,255,255,1);border:1px solid #a82c23;border-bottom-width:3px;\">\n\n<div class=\"fusion-post-content-wrapper\" style=\"padding:30px 25px 25px 25px;\"><div class=\"fusion-post-content post-content\"><h2 class=\"blog-shortcode-post-title entry-title\"><a href=\"https:\/\/www.kaminakeskus.ee\/lv\/granulu-kamins-evacalor-trevisi\/\">Granulu kam\u012bns Evacalor Trevisi<\/a><\/h2><div class=\"fusion-post-content-container\"><div id=\"attachment_41469\" style=\"width: 160px\" class=\"wp-caption alignleft\"><a href=\"https:\/\/www.kaminakeskus.ee\/wp-content\/uploads\/2020\/04\/pelletkamin-evacalor-trevisi-150x150.jpg\"><img decoding=\"async\" aria-describedby=\"caption-attachment-41469\" class=\"size-thumbnail wp-image-41469\" src=\"https:\/\/www.kaminakeskus.ee\/wp-content\/uploads\/2020\/04\/pelletkamin-evacalor-trevisi-150x150.jpg\" alt=\"\" width=\"150\" height=\"150\"><\/a><p id=\"caption-attachment-41469\" class=\"wp-caption-text\">Granulu kam\u012bns Trevisi<\/p><\/div>\n<p><a href=\"https:\/\/www.evacalor.com\/index.php?id=260&amp;lang_id=eng\"><strong>Granulu kam\u012bns Trevisi<\/strong><\/a><br \/>\nJauda: 4-9 kW<br \/>\nAugstums: 1297 mm<br \/>\nPlatums: 612 mm<br \/>\nDzi\u013cums: 721 mm<br \/>\nGranulu ietilp\u012bba: 25kg<br \/>\nPat\u0113ri\u0146\u0161: 0,8-1,9 kg \/ h<br \/>\nKr\u0101sa: melna<br \/>\n<strong><del>Cena: 4986 EUR<\/del><br \/>\n<span style=\"color: #ff0000;\">Cena: 4488 EUR<\/span><\/strong><\/p>\n<\/div><\/div><\/div><div class=\"fusion-clearfix\"><\/div><\/div>\n<\/article>\n<article id=\"blog-1-post-48323\" class=\"fusion-post-grid post-48323 post type-post status-publish format-standard hentry category-granulu-kamini category-granulu-kamini-evacalor\">\n<div class=\"fusion-post-wrapper\" style=\"background-color:rgba(255,255,255,1);border:1px solid #a82c23;border-bottom-width:3px;\">\n\n<div class=\"fusion-post-content-wrapper\" style=\"padding:30px 25px 25px 25px;\"><div class=\"fusion-post-content post-content\"><h2 class=\"blog-shortcode-post-title entry-title\"><a href=\"https:\/\/www.kaminakeskus.ee\/lv\/pelletkamin-evacalor-melisa\/\">Pelletkamin Evacalor Melisa<\/a><\/h2><div class=\"fusion-post-content-container\"><div id=\"attachment_41449\" style=\"width: 160px\" class=\"wp-caption alignleft\"><a href=\"https:\/\/www.kaminakeskus.ee\/wp-content\/uploads\/2020\/04\/pelletkamin-evacalor-melissa.jpg\"><img decoding=\"async\" aria-describedby=\"caption-attachment-41449\" class=\"size-thumbnail wp-image-26469\" src=\"https:\/\/www.kaminakeskus.ee\/wp-content\/uploads\/2020\/04\/pelletkamin-evacalor-melissa-150x150.jpg\" alt=\"\" width=\"150\" height=\"150\"><\/a><p id=\"caption-attachment-41449\" class=\"wp-caption-text\">Pelletkamin Melisa<\/p><\/div>\n<p><a href=\"https:\/\/www.evacalor.com\/index.php?id=259&amp;lang_id=eng\"><strong>Pelletkamin Melisa<\/strong><\/a><br \/>\nJauda: 3,4-8,6 kW<br \/>\nAugstums: 1270 mm<br \/>\nPlatums: 505 mm<br \/>\nDzi\u013cums: 524 mm<br \/>\nGranulu ietilp\u012bba: 15kg<br \/>\nPat\u0113ri\u0146\u0161: 0,7-1,8 kg \/ h<br \/>\nSvars: 100kg<br \/>\nKr\u0101sa: melna<br \/>\n<strong><del>Cena: 2290 EUR<\/del><br \/>\n<span style=\"color: #ff0000;\">Cena: 2061 EUR<\/span><\/strong><\/p>\n<\/div><\/div><\/div><div class=\"fusion-clearfix\"><\/div><\/div>\n<\/article>\n<article id=\"blog-1-post-46579\" class=\"fusion-post-grid post-46579 post type-post status-publish format-standard hentry category-granulu-kamini category-granulu-kamini-evacalor\">\n<div class=\"fusion-post-wrapper\" style=\"background-color:rgba(255,255,255,1);border:1px solid #a82c23;border-bottom-width:3px;\">\n\n<div class=\"fusion-post-content-wrapper\" style=\"padding:30px 25px 25px 25px;\"><div class=\"fusion-post-content post-content\"><h2 class=\"blog-shortcode-post-title entry-title\"><a href=\"https:\/\/www.kaminakeskus.ee\/lv\/granulu-kamins-evacalor-biscotto\/\">Granulu kam\u012bns Evacalor Biscotto<\/a><\/h2><div class=\"fusion-post-content-container\"><p><a href=\"https:\/\/www.kaminakeskus.ee\/wp-content\/uploads\/2019\/12\/pelletkamin-evacalor-biscotto-150x150.jpg\"><img decoding=\"async\" class=\"size-thumbnail wp-image-25576\" src=\"https:\/\/www.kaminakeskus.ee\/wp-content\/uploads\/2019\/12\/pelletkamin-evacalor-biscotto-150x150.jpg\" alt=\"\" width=\"150\" height=\"150\"><\/a><\/p>\n<p><a href=\"https:\/\/www.evacalor.com\/index.php?id=175&amp;lang_id=eng\"><strong>Ar granulu kam\u012bna kr\u0101sni <\/strong><\/a><br \/>\n<a href=\"https:\/\/www.evacalor.com\/index.php?id=175&amp;lang_id=eng\"><strong>Biscotto<\/strong><\/a><br \/>\nJauda: 2,8-8,5 kW<br \/>\nAugstums: 1578 mm<br \/>\nPlatums: 488 mm<br \/>\nDzi\u013cums: 545 mm<br \/>\nGranulu ietilp\u012bba: 15kg<br \/>\nPat\u0113ri\u0146\u0161: 0,5-1,8 kg \/ h<br \/>\nSvars: 130kg<br \/>\nKr\u0101sa: melns-alum\u012bnijs<br \/>\n<strong><del>Cena: 3028 EUR<\/del><br \/>\n<span style=\"color: #ff0000;\">Cena: 2490 EUR<\/span><\/strong><\/p>\n<\/div><\/div><\/div><div class=\"fusion-clearfix\"><\/div><\/div>\n<\/article>\n<article id=\"blog-1-post-46258\" class=\"fusion-post-grid post-46258 post type-post status-publish format-standard hentry category-granulu-kamini category-granulu-kamini-evacalor\">\n<div class=\"fusion-post-wrapper\" style=\"background-color:rgba(255,255,255,1);border:1px solid #a82c23;border-bottom-width:3px;\">\n\n<div class=\"fusion-post-content-wrapper\" style=\"padding:30px 25px 25px 25px;\"><div class=\"fusion-post-content post-content\"><h2 class=\"blog-shortcode-post-title entry-title\"><a href=\"https:\/\/www.kaminakeskus.ee\/lv\/granulu-kamins-evacalor-rita\/\">Granulu kam\u012bns EvaCalor Rita<\/a><\/h2><div class=\"fusion-post-content-container\"><div id=\"attachment_40425\" style=\"width: 160px\" class=\"wp-caption alignleft\"><a href=\"https:\/\/www.kaminakeskus.ee\/wp-content\/uploads\/2019\/08\/Pelletkamin-evacalor-rita-150x150.jpg\"><img decoding=\"async\" aria-describedby=\"caption-attachment-40425\" class=\"size-thumbnail wp-image-24887\" src=\"https:\/\/www.kaminakeskus.ee\/wp-content\/uploads\/2019\/08\/Pelletkamin-evacalor-rita-150x150.jpg\" alt=\"\" width=\"150\" height=\"150\"><\/a><p id=\"caption-attachment-40425\" class=\"wp-caption-text\">Pelletkamin Rita<\/p><\/div>\n<p><a href=\"https:\/\/www.evacalor.com\/index.php?id=95&amp;lang_id=eng\"><strong>Pelletkamin Rita<\/strong><\/a><br \/>\nJauda: 2,8\u20139,5 kW<br \/>\nAugstums: 912 mm<br \/>\nPlatums: 434 mm<br \/>\nDzi\u013cums: 506 mm<br \/>\nGranulu tilpums: 13,5 kg<br \/>\nPat\u0113ri\u0146\u0161: 0,6-2kg \/ h<br \/>\nSvars: 60kg<br \/>\nKr\u0101sa: melna; Sarkans; balts; kr\u0113ms<br \/>\n<strong>Cena: 1254 EUR<\/strong><\/p>\n<\/div><\/div><\/div><div class=\"fusion-clearfix\"><\/div><\/div>\n<\/article>\n<article id=\"blog-1-post-46138\" class=\"fusion-post-grid post-46138 post type-post status-publish format-standard hentry category-granulu-kamini category-granulu-kamini-evacalor\">\n<div class=\"fusion-post-wrapper\" style=\"background-color:rgba(255,255,255,1);border:1px solid #a82c23;border-bottom-width:3px;\">\n\n<div class=\"fusion-post-content-wrapper\" style=\"padding:30px 25px 25px 25px;\"><div class=\"fusion-post-content post-content\"><h2 class=\"blog-shortcode-post-title entry-title\"><a href=\"https:\/\/www.kaminakeskus.ee\/lv\/granulu-kamins-evacalor-karen\/\">Granulu kam\u012bns EvaCalor Karen<\/a><\/h2><div class=\"fusion-post-content-container\"><div id=\"attachment_40417\" style=\"width: 160px\" class=\"wp-caption alignleft\"><a href=\"https:\/\/www.kaminakeskus.ee\/wp-content\/uploads\/2019\/08\/Pelletkamin-evacalor-karen-150x150.jpg\"><img decoding=\"async\" aria-describedby=\"caption-attachment-40417\" class=\"size-thumbnail wp-image-24881\" src=\"https:\/\/www.kaminakeskus.ee\/wp-content\/uploads\/2019\/08\/Pelletkamin-evacalor-karen-150x150.jpg\" alt=\"\" width=\"150\" height=\"150\"><\/a><p id=\"caption-attachment-40417\" class=\"wp-caption-text\">Granulu kam\u012bns Karen<\/p><\/div>\n<p><a href=\"https:\/\/www.evacalor.com\/index.php?id=240&amp;lang_id=eng\"><strong>Granulu kam\u012bns Karen<\/strong><\/a><br \/>\nJauda: 2,8\u20139,5 kW<br \/>\nAugstums: 1258 mm<br \/>\nPlatums: 440 mm<br \/>\nDzi\u013cums: 514 mm<br \/>\n<strong>Granulu ietilp\u012bba: 45kg<\/strong><br \/>\nPat\u0113ri\u0146\u0161: 0,6-2kg \/ h<br \/>\nSvars: 85kg<br \/>\nKr\u0101sa: melna; Sarkans; balts<br \/>\n<del><strong>Cena: 1888 EUR<\/strong><\/del><br \/>\n<span style=\"color: #ff0000;\"><strong>Cena: 1575 EUR<\/strong><\/span><\/p>\n<\/div><\/div><\/div><div class=\"fusion-clearfix\"><\/div><\/div>\n<\/article>\n<article id=\"blog-1-post-46144\" class=\"fusion-post-grid post-46144 post type-post status-publish format-standard hentry category-granulu-kamini category-granulu-kamini-evacalor\">\n<div class=\"fusion-post-wrapper\" style=\"background-color:rgba(255,255,255,1);border:1px solid #a82c23;border-bottom-width:3px;\">\n\n<div class=\"fusion-post-content-wrapper\" style=\"padding:30px 25px 25px 25px;\"><div class=\"fusion-post-content post-content\"><h2 class=\"blog-shortcode-post-title entry-title\"><a href=\"https:\/\/www.kaminakeskus.ee\/lv\/granulu-kamins-evacalor-lucilla\/\">Granulu kam\u012bns EvaCalor Lucilla<\/a><\/h2><div class=\"fusion-post-content-container\"><div id=\"attachment_40413\" style=\"width: 160px\" class=\"wp-caption alignleft\"><a href=\"https:\/\/www.kaminakeskus.ee\/wp-content\/uploads\/2019\/08\/Pelletkamin-evacalor-lucilla-150x150.jpg\"><img decoding=\"async\" aria-describedby=\"caption-attachment-40413\" class=\"size-thumbnail wp-image-24878\" src=\"https:\/\/www.kaminakeskus.ee\/wp-content\/uploads\/2019\/08\/Pelletkamin-evacalor-lucilla-150x150.jpg\" alt=\"\" width=\"150\" height=\"150\"><\/a><p id=\"caption-attachment-40413\" class=\"wp-caption-text\">Pelletkamin Lucilla<\/p><\/div>\n<p><a href=\"https:\/\/www.evacalor.com\/index.php?id=180&amp;lang_id=eng\"><strong>Pelletkamin Lucilla<\/strong><\/a><br \/>\nJauda: 2,8\u20139,5 kW<br \/>\nAugstums: 916 mm<br \/>\nPlatums: 458 mm<br \/>\nDzi\u013cums: 582 mm<br \/>\nGranulu tilpums: 13,5 kg<br \/>\nPat\u0113ri\u0146\u0161: 0,6-2kg \/ h<br \/>\nSvars: 75kg<br \/>\nKr\u0101sa: melna; Sarkans; balts<br \/>\n<strong>Cena: 1584 EUR<\/strong><\/p>\n<\/div><\/div><\/div><div class=\"fusion-clearfix\"><\/div><\/div>\n<\/article>\n<article id=\"blog-1-post-46217\" class=\"fusion-post-grid post-46217 post type-post status-publish format-standard hentry category-granulu-kamini category-granulu-kamini-evacalor\">\n<div class=\"fusion-post-wrapper\" style=\"background-color:rgba(255,255,255,1);border:1px solid #a82c23;border-bottom-width:3px;\">\n\n<div class=\"fusion-post-content-wrapper\" style=\"padding:30px 25px 25px 25px;\"><div class=\"fusion-post-content post-content\"><h2 class=\"blog-shortcode-post-title entry-title\"><a href=\"https:\/\/www.kaminakeskus.ee\/lv\/granulu-kamins-evacalor-irma\/\">EvaCalor Irma Plus granulu kr\u0101sns<\/a><\/h2><div class=\"fusion-post-content-container\"><div id=\"attachment_41885\" style=\"width: 160px\" class=\"wp-caption aligncenter\"><a href=\"https:\/\/www.kaminakeskus.ee\/wp-content\/uploads\/2020\/06\/Pelletkamin-evacalor-irma-150x150.jpg\"><img decoding=\"async\" aria-describedby=\"caption-attachment-41885\" class=\"size-thumbnail wp-image-27017\" src=\"https:\/\/www.kaminakeskus.ee\/wp-content\/uploads\/2020\/06\/Pelletkamin-evacalor-irma-150x150.jpg\" alt=\"\" width=\"150\" height=\"150\"><\/a><p id=\"caption-attachment-41885\" class=\"wp-caption-text\"><a href=\"https:\/\/www.evacalor.com\/index.php?id=94&amp;lang_id=eng\"><strong>Granulu kam\u012bns Irma Plus<\/strong><\/a><\/p><\/div>\n<p style=\"text-align: center;\">Ar papildu gaisa kan\u0101lu Jauda: 3,2-9,2 kW Augstums: 907 mm Platums: 459 mm Dzi\u013cums: 513 mm Granulu tilpums: 13,5 kg Pat\u0113ri\u0146\u0161: 0,7-1,9 kg\/h Svars: 61 kg Kr\u0101sa: <a href=\"https:\/\/www.evacalor.com\/index.php?id=94&amp;lang_id=eng\">Melna; Sarkans; balts<\/a> <del><strong>Cena: 1611 EUR<\/strong><\/del> <span style=\"color: #ff0000;\"><strong>Cena: 1499 EUR<\/strong><\/span><\/p>\n<\/div><\/div><\/div><div class=\"fusion-clearfix\"><\/div><\/div>\n<\/article>\n<article id=\"blog-1-post-46166\" class=\"fusion-post-grid post-46166 post type-post status-publish format-standard hentry category-granulu-kamini category-granulu-kamini-evacalor\">\n<div class=\"fusion-post-wrapper\" style=\"background-color:rgba(255,255,255,1);border:1px solid #a82c23;border-bottom-width:3px;\">\n\n<div class=\"fusion-post-content-wrapper\" style=\"padding:30px 25px 25px 25px;\"><div class=\"fusion-post-content post-content\"><h2 class=\"blog-shortcode-post-title entry-title\"><a href=\"https:\/\/www.kaminakeskus.ee\/lv\/granulu-kamins-evacalor-nora\/\">Granulu kam\u012bns EvaCalor Nora<\/a><\/h2><div class=\"fusion-post-content-container\"><div id=\"attachment_40405\" style=\"width: 160px\" class=\"wp-caption alignleft\"><a href=\"https:\/\/www.kaminakeskus.ee\/wp-content\/uploads\/2019\/08\/Pelletkamin-evacalor-nora-150x150.jpg\"><img decoding=\"async\" aria-describedby=\"caption-attachment-40405\" class=\"size-thumbnail wp-image-24872\" src=\"https:\/\/www.kaminakeskus.ee\/wp-content\/uploads\/2019\/08\/Pelletkamin-evacalor-nora-150x150.jpg\" alt=\"\" width=\"150\" height=\"150\"><\/a><p id=\"caption-attachment-40405\" class=\"wp-caption-text\">Granulu kam\u012bns Nora<\/p><\/div>\n<p><a href=\"https:\/\/www.evacalor.com\/index.php?id=239&amp;lang_id=eng\"><strong>Granulu kam\u012bns Nora<\/strong><\/a><br \/>\nJauda: 2,9-7,6 kW<br \/>\nAugstums: 974 mm<br \/>\nPlatums: 449 mm<br \/>\nDzi\u013cums: 517 mm<br \/>\nGranulu tilpums: 13,5 kg<br \/>\nPat\u0113ri\u0146\u0161: 0,6-1,6 kg \/ h<br \/>\nSvars: 75kg<br \/>\nKr\u0101sa: melna; Sarkans; balts<br \/>\n<strong>Cena: 1793 EUR<\/strong><\/p>\n<\/div><\/div><\/div><div class=\"fusion-clearfix\"><\/div><\/div>\n<\/article>\n<article id=\"blog-1-post-46226\" class=\"fusion-post-grid post-46226 post type-post status-publish format-standard hentry category-granulu-kamini category-granulu-kamini-evacalor\">\n<div class=\"fusion-post-wrapper\" style=\"background-color:rgba(255,255,255,1);border:1px solid #a82c23;border-bottom-width:3px;\">\n\n<div class=\"fusion-post-content-wrapper\" style=\"padding:30px 25px 25px 25px;\"><div class=\"fusion-post-content post-content\"><h2 class=\"blog-shortcode-post-title entry-title\"><a href=\"https:\/\/www.kaminakeskus.ee\/lv\/granulu-kamins-evacalor-sonia\/\">Granulu kam\u012bns EvaCalor Sonia<\/a><\/h2><div class=\"fusion-post-content-container\"><div id=\"attachment_40401\" style=\"width: 160px\" class=\"wp-caption alignleft\"><a href=\"https:\/\/www.kaminakeskus.ee\/wp-content\/uploads\/2019\/08\/Pelletkamin-evacalor-sonia-150x150.jpg\"><img decoding=\"async\" aria-describedby=\"caption-attachment-40401\" class=\"size-thumbnail wp-image-24869\" src=\"https:\/\/www.kaminakeskus.ee\/wp-content\/uploads\/2019\/08\/Pelletkamin-evacalor-sonia-150x150.jpg\" alt=\"\" width=\"150\" height=\"150\" srcset=\"https:\/\/www.kaminakeskus.ee\/wp-content\/uploads\/2019\/08\/Pelletkamin-evacalor-sonia-150x150.jpg 150w, https:\/\/www.kaminakeskus.ee\/wp-content\/uploads\/2019\/08\/Pelletkamin-evacalor-sonia-300x300.jpg 300w, https:\/\/www.kaminakeskus.ee\/wp-content\/uploads\/2019\/08\/Pelletkamin-evacalor-sonia-768x768.jpg 768w, https:\/\/www.kaminakeskus.ee\/wp-content\/uploads\/2019\/08\/Pelletkamin-evacalor-sonia.jpg 800w\" sizes=\"(max-width: 150px) 100vw, 150px\" \/><\/a><p id=\"caption-attachment-40401\" class=\"wp-caption-text\">Pelletkamin Sonia<\/p><\/div>\n<p><a href=\"https:\/\/www.evacalor.com\/index.php?id=90&amp;lang_id=eng\"><strong>Pelletkamin Sonia<\/strong><\/a><br \/>\nJauda: 2,8\u20139,5 kW<br \/>\nAugstums: 947 mm<br \/>\nPlatums: 490 mm<br \/>\nDzi\u013cums: 520 mm<br \/>\nGranulu tilpums: 13,5 kg<br \/>\nPat\u0113ri\u0146\u0161: 0,6-2kg \/ h<br \/>\nSvars: 85kg<br \/>\nKr\u0101sa: melna; Sarkans; dzintars<br \/>\n<strong>Cena: 1539 EUR<\/strong><\/p>\n<\/div><\/div><\/div><div class=\"fusion-clearfix\"><\/div><\/div>\n<\/article>\n<article id=\"blog-1-post-46172\" class=\"fusion-post-grid post-46172 post type-post status-publish format-standard hentry category-granulu-kamini category-granulu-kamini-evacalor\">\n<div class=\"fusion-post-wrapper\" style=\"background-color:rgba(255,255,255,1);border:1px solid #a82c23;border-bottom-width:3px;\">\n\n<div class=\"fusion-post-content-wrapper\" style=\"padding:30px 25px 25px 25px;\"><div class=\"fusion-post-content post-content\"><h2 class=\"blog-shortcode-post-title entry-title\"><a href=\"https:\/\/www.kaminakeskus.ee\/lv\/granulu-kamins-evacalor-paola\/\">Granulu kr\u0101sns EvaCalor Paola<\/a><\/h2><div class=\"fusion-post-content-container\"><div id=\"attachment_82461\" style=\"width: 160px\" class=\"wp-caption aligncenter\"><a href=\"https:\/\/www.kaminakeskus.ee\/wp-content\/uploads\/2019\/08\/pelletikamin-evacalor-paola-150x150.jpg\"><img decoding=\"async\" aria-describedby=\"caption-attachment-82461\" class=\"size-thumbnail wp-image-82459\" src=\"https:\/\/www.kaminakeskus.ee\/wp-content\/uploads\/2019\/08\/pelletikamin-evacalor-paola-150x150.jpg\" alt=\"\" width=\"150\" height=\"150\" srcset=\"https:\/\/www.kaminakeskus.ee\/wp-content\/uploads\/2019\/08\/pelletikamin-evacalor-paola-66x66.jpg 66w, https:\/\/www.kaminakeskus.ee\/wp-content\/uploads\/2019\/08\/pelletikamin-evacalor-paola-150x150.jpg 150w, https:\/\/www.kaminakeskus.ee\/wp-content\/uploads\/2019\/08\/pelletikamin-evacalor-paola-200x200.jpg 200w, https:\/\/www.kaminakeskus.ee\/wp-content\/uploads\/2019\/08\/pelletikamin-evacalor-paola-300x300.jpg 300w, https:\/\/www.kaminakeskus.ee\/wp-content\/uploads\/2019\/08\/pelletikamin-evacalor-paola-400x400.jpg 400w, https:\/\/www.kaminakeskus.ee\/wp-content\/uploads\/2019\/08\/pelletikamin-evacalor-paola-600x600.jpg 600w, https:\/\/www.kaminakeskus.ee\/wp-content\/uploads\/2019\/08\/pelletikamin-evacalor-paola-768x768.jpg 768w, https:\/\/www.kaminakeskus.ee\/wp-content\/uploads\/2019\/08\/pelletikamin-evacalor-paola.jpg 800w\" sizes=\"(max-width: 150px) 100vw, 150px\" \/><\/a><p id=\"caption-attachment-82461\" class=\"wp-caption-text\">Granulu kr\u0101sns EvaCalor Paola<\/p><\/div>\n<p style=\"text-align: center;\"><a href=\"https:\/\/www.evacalor.com\/index.php?id=91&amp;lang_id=eng\"><strong>Granulu kr\u0101sns Paola<\/strong><\/a><br \/>\n Jauda:4-13,5 kW<br \/>\n Augstums: 1044 mm<br \/>\n Platums: 470 mm<br \/>\n Dzi\u013cums: 532 mm<br \/>\n Granulu ietilp\u012bba: 15 kg<br \/>\n Pat\u0113ri\u0146\u0161: 0,9-2,9kg\/h<br \/>\n Svars: 99 kg<br \/>\n Kr\u0101sa: Sarkana; balts<br \/>\n <strong>Cena: 2119 EUR<\/strong><\/p>\n<\/div><\/div><\/div><div class=\"fusion-clearfix\"><\/div><\/div>\n<\/article>\n<article id=\"blog-1-post-46215\" class=\"fusion-post-grid post-46215 post type-post status-publish format-standard hentry category-granulu-kamini category-granulu-kamini-evacalor\">\n<div class=\"fusion-post-wrapper\" style=\"background-color:rgba(255,255,255,1);border:1px solid #a82c23;border-bottom-width:3px;\">\n\n<div class=\"fusion-post-content-wrapper\" style=\"padding:30px 25px 25px 25px;\"><div class=\"fusion-post-content post-content\"><h2 class=\"blog-shortcode-post-title entry-title\"><a href=\"https:\/\/www.kaminakeskus.ee\/lv\/granulu-kamins-evacalor-sofia\/\">Granulu kam\u012bns EvaCalor Sofia<\/a><\/h2><div class=\"fusion-post-content-container\"><div id=\"attachment_40381\" style=\"width: 160px\" class=\"wp-caption alignleft\"><a href=\"https:\/\/www.kaminakeskus.ee\/wp-content\/uploads\/2019\/08\/Pelletkamin-evacalor-sofia-150x150.jpg\"><img decoding=\"async\" aria-describedby=\"caption-attachment-40381\" class=\"size-thumbnail wp-image-24851\" src=\"https:\/\/www.kaminakeskus.ee\/wp-content\/uploads\/2019\/08\/Pelletkamin-evacalor-sofia-150x150.jpg\" alt=\"\" width=\"150\" height=\"150\"><\/a><p id=\"caption-attachment-40381\" class=\"wp-caption-text\">Pelletkamin Sofija<\/p><\/div>\n<p><a href=\"https:\/\/www.evacalor.com\/index.php?id=81&amp;lang_id=eng\"><strong>Pelletkamin Sofija<\/strong><\/a><br \/>\nJauda: 2,8\u20139,5 kW<br \/>\nAugstums: 970 mm<br \/>\nPlatums: 520 mm<br \/>\nDzi\u013cums: 520 mm<br \/>\nGranulu tilpums: 13,5 kg<br \/>\nPat\u0113ri\u0146\u0161: 0,6-2kg \/ h<br \/>\nSvars: 98kg<br \/>\nKr\u0101sa: sarkana; balts; br\u016bns<br \/>\n<strong>Cena: 2268 EUR<\/strong><\/p>\n<\/div><\/div><\/div><div class=\"fusion-clearfix\"><\/div><\/div>\n<\/article>\n<article id=\"blog-1-post-46219\" class=\"fusion-post-grid post-46219 post type-post status-publish format-standard hentry category-granulu-kamini category-granulu-kamini-evacalor\">\n<div class=\"fusion-post-wrapper\" style=\"background-color:rgba(255,255,255,1);border:1px solid #a82c23;border-bottom-width:3px;\">\n\n<div class=\"fusion-post-content-wrapper\" style=\"padding:30px 25px 25px 25px;\"><div class=\"fusion-post-content post-content\"><h2 class=\"blog-shortcode-post-title entry-title\"><a href=\"https:\/\/www.kaminakeskus.ee\/lv\/granulu-kamins-evacalor-greta\/\">Granulu kam\u012bns EvaCalor Greta<\/a><\/h2><div class=\"fusion-post-content-container\"><div id=\"attachment_40377\" style=\"width: 160px\" class=\"wp-caption alignleft\"><a href=\"https:\/\/www.kaminakeskus.ee\/wp-content\/uploads\/2019\/08\/Pelletkamin-evacalor-greta-150x150.jpg\"><img decoding=\"async\" aria-describedby=\"caption-attachment-40377\" class=\"size-thumbnail wp-image-24848\" src=\"https:\/\/www.kaminakeskus.ee\/wp-content\/uploads\/2019\/08\/Pelletkamin-evacalor-greta-150x150.jpg\" alt=\"\" width=\"150\" height=\"150\"><\/a><p id=\"caption-attachment-40377\" class=\"wp-caption-text\">Granulu kam\u012bns Greta<\/p><\/div>\n<p><a href=\"https:\/\/www.evacalor.com\/index.php?id=178&amp;lang_id=eng\"><strong>Granulu kam\u012bns Greta<\/strong><\/a><br \/>\nJauda: 2,8\u20139,5 kW<br \/>\nAugstums: 960 mm<br \/>\nPlatums: 473 mm<br \/>\nDzi\u013cums: 525 mm<br \/>\nGranulu tilpums: 13,5 kg<br \/>\nPat\u0113ri\u0146\u0161: 0,6-2kg \/ h<br \/>\nSvars: 102kg<br \/>\nKr\u0101sa: sarkana; balts<br \/>\n<strong>Cena: 1914 EUR<\/strong><\/p>\n<\/div><\/div><\/div><div class=\"fusion-clearfix\"><\/div><\/div>\n<\/article>\n<article id=\"blog-1-post-46129\" class=\"fusion-post-grid post-46129 post type-post status-publish format-standard hentry category-granulu-kamini category-granulu-kamini-evacalor\">\n<div class=\"fusion-post-wrapper\" style=\"background-color:rgba(255,255,255,1);border:1px solid #a82c23;border-bottom-width:3px;\">\n\n<div class=\"fusion-post-content-wrapper\" style=\"padding:30px 25px 25px 25px;\"><div class=\"fusion-post-content post-content\"><h2 class=\"blog-shortcode-post-title entry-title\"><a href=\"https:\/\/www.kaminakeskus.ee\/lv\/granulu-kamins-evacalor-fiamma\/\">Granulu kam\u012bns EvaCalor Fiamma<\/a><\/h2><div class=\"fusion-post-content-container\"><div id=\"attachment_40369\" style=\"width: 160px\" class=\"wp-caption alignleft\"><a href=\"https:\/\/www.kaminakeskus.ee\/wp-content\/uploads\/2019\/08\/Pelletkamin-evacalor-fiamma-150x150.jpg\"><img decoding=\"async\" aria-describedby=\"caption-attachment-40369\" class=\"size-thumbnail wp-image-24842\" src=\"https:\/\/www.kaminakeskus.ee\/wp-content\/uploads\/2019\/08\/Pelletkamin-evacalor-fiamma-150x150.jpg\" alt=\"\" width=\"150\" height=\"150\"><\/a><p id=\"caption-attachment-40369\" class=\"wp-caption-text\">Granulu kam\u012bns Fiamma<\/p><\/div>\n<p><a href=\"https:\/\/www.evacalor.com\/index.php?id=84&amp;lang_id=eng\"><strong>Granulu kam\u012bns Fiamma<\/strong><\/a><br \/>\nJauda: 4-13,5 kW<br \/>\nAugstums: 999 mm<br \/>\nPlatums: 482 mm<br \/>\nDzi\u013cums: 532 mm<br \/>\nGranulu ietilp\u012bba: 15kg<br \/>\nPat\u0113ri\u0146\u0161: 0,9-2,9 kg \/ h<br \/>\nSvars: 106kg<br \/>\nKr\u0101sa: sarkana; br\u016bns; kr\u0113ms<br \/>\n<strong>Cena: 2025 EUR<\/strong><\/p>\n<\/div><\/div><\/div><div class=\"fusion-clearfix\"><\/div><\/div>\n<\/article>\n<article id=\"blog-1-post-46210\" class=\"fusion-post-grid post-46210 post type-post status-publish format-standard hentry category-granulu-kamini category-granulu-kamini-evacalor\">\n<div class=\"fusion-post-wrapper\" style=\"background-color:rgba(255,255,255,1);border:1px solid #a82c23;border-bottom-width:3px;\">\n\n<div class=\"fusion-post-content-wrapper\" style=\"padding:30px 25px 25px 25px;\"><div class=\"fusion-post-content post-content\"><h2 class=\"blog-shortcode-post-title entry-title\"><a href=\"https:\/\/www.kaminakeskus.ee\/lv\/granulu-kamins-evacalor-milly\/\">Granulu kam\u012bns EvaCalor Milly<\/a><\/h2><div class=\"fusion-post-content-container\"><div id=\"attachment_40365\" style=\"width: 160px\" class=\"wp-caption alignleft\"><a href=\"https:\/\/www.kaminakeskus.ee\/wp-content\/uploads\/2019\/08\/Pelletkamin-evacalor-milly-150x150.jpg\"><img decoding=\"async\" aria-describedby=\"caption-attachment-40365\" class=\"size-thumbnail wp-image-24839\" src=\"https:\/\/www.kaminakeskus.ee\/wp-content\/uploads\/2019\/08\/Pelletkamin-evacalor-milly-150x150.jpg\" alt=\"\" width=\"150\" height=\"150\"><\/a><p id=\"caption-attachment-40365\" class=\"wp-caption-text\">Granulu kam\u012bns Milly<\/p><\/div>\n<p><a href=\"https:\/\/www.evacalor.com\/index.php?id=93&amp;lang_id=eng\"><strong>Granulu kam\u012bns Milly<\/strong><\/a><br \/>\nJauda: 4-13,5 kW<br \/>\nAugstums: 999 mm<br \/>\nPlatums: 466 mm<br \/>\nDzi\u013cums: 555 mm<br \/>\nGranulu ietilp\u012bba: 15kg<br \/>\nPat\u0113ri\u0146\u0161: 0,9-2,9 kg \/ h<br \/>\nSvars: 110kg<br \/>\nKr\u0101sa: sarkana; balts<br \/>\n<strong>Cena: 2585 EUR<\/strong><\/p>\n<\/div><\/div><\/div><div class=\"fusion-clearfix\"><\/div><\/div>\n<\/article>\n<article id=\"blog-1-post-46157\" class=\"fusion-post-grid post-46157 post type-post status-publish format-standard hentry category-granulu-kamini category-granulu-kamini-evacalor\">\n<div class=\"fusion-post-wrapper\" style=\"background-color:rgba(255,255,255,1);border:1px solid #a82c23;border-bottom-width:3px;\">\n\n<div class=\"fusion-post-content-wrapper\" style=\"padding:30px 25px 25px 25px;\"><div class=\"fusion-post-content post-content\"><h2 class=\"blog-shortcode-post-title entry-title\"><a href=\"https:\/\/www.kaminakeskus.ee\/lv\/granulu-kamins-evacalor-gemma\/\">Granulu kam\u012bns EvaCalor Gemma<\/a><\/h2><div class=\"fusion-post-content-container\"><div id=\"attachment_40361\" style=\"width: 160px\" class=\"wp-caption alignleft\"><a href=\"https:\/\/www.kaminakeskus.ee\/wp-content\/uploads\/2019\/08\/Pelletkamin-evacalor-gemma-150x150.jpg\"><img decoding=\"async\" aria-describedby=\"caption-attachment-40361\" class=\"size-thumbnail wp-image-24836\" src=\"https:\/\/www.kaminakeskus.ee\/wp-content\/uploads\/2019\/08\/Pelletkamin-evacalor-gemma-150x150.jpg\" alt=\"\" width=\"150\" height=\"150\"><\/a><p id=\"caption-attachment-40361\" class=\"wp-caption-text\">Granulu kam\u012bns Gemma<\/p><\/div>\n<p><a href=\"https:\/\/www.evacalor.com\/index.php?id=195&amp;lang_id=eng\"><strong>Granulu kam\u012bns Gemma<\/strong><\/a><br \/>\nAr papildu gaisa vadu<br \/>\nJauda: 5,2-15,4 kW<br \/>\nAugstums: 1155 mm<br \/>\nPlatums: 481 mm<br \/>\nDzi\u013cums: 537 mm<br \/>\nGranulu ietilp\u012bba: 22kg<br \/>\nPat\u0113ri\u0146\u0161: 1,1-3,4 kg \/ h<br \/>\nSvars: 120kg<br \/>\nKr\u0101sa: sarkana; balts; melns<br \/>\n<strong>Cena: 2593 EUR<\/strong><\/p>\n<\/div><\/div><\/div><div class=\"fusion-clearfix\"><\/div><\/div>\n<\/article>\n<article id=\"blog-1-post-46211\" class=\"fusion-post-grid post-46211 post type-post status-publish format-standard hentry category-granulu-kamini category-granulu-kamini-evacalor\">\n<div class=\"fusion-post-wrapper\" style=\"background-color:rgba(255,255,255,1);border:1px solid #a82c23;border-bottom-width:3px;\">\n\n<div class=\"fusion-post-content-wrapper\" style=\"padding:30px 25px 25px 25px;\"><div class=\"fusion-post-content post-content\"><h2 class=\"blog-shortcode-post-title entry-title\"><a href=\"https:\/\/www.kaminakeskus.ee\/lv\/granulu-kamins-evacalor-laura\/\">Granulu kam\u012bns EvaCalor Laura<\/a><\/h2><div class=\"fusion-post-content-container\"><div id=\"attachment_40357\" style=\"width: 160px\" class=\"wp-caption alignleft\"><a href=\"https:\/\/www.kaminakeskus.ee\/wp-content\/uploads\/2019\/08\/Pelletkamin-evacalor-laura-150x150.jpg\"><img decoding=\"async\" aria-describedby=\"caption-attachment-40357\" class=\"size-thumbnail wp-image-24833\" src=\"https:\/\/www.kaminakeskus.ee\/wp-content\/uploads\/2019\/08\/Pelletkamin-evacalor-laura-150x150.jpg\" alt=\"\" width=\"150\" height=\"150\"><\/a><p id=\"caption-attachment-40357\" class=\"wp-caption-text\">Granulu kam\u012bns Laura<\/p><\/div>\n<p><a href=\"https:\/\/www.evacalor.com\/index.php?id=80&amp;lang_id=eng\"><strong>Granulu kam\u012bns Laura<\/strong><\/a><br \/>\nJauda: 4-13,5 kW<br \/>\nAugstums: 1090 mm<br \/>\nPlatums: 520 mm<br \/>\nDzi\u013cums: 535 mm<br \/>\nGranulu ietilp\u012bba: 21kg<br \/>\nPat\u0113ri\u0146\u0161: 0,9-2,9 kg \/ h<br \/>\nSvars: 126kg<br \/>\nKr\u0101sa: sarkana; balts<br \/>\n<strong>Cena: 2799 EUR<\/strong><\/p>\n<\/div><\/div><\/div><div class=\"fusion-clearfix\"><\/div><\/div>\n<\/article>\n<article id=\"blog-1-post-46230\" class=\"fusion-post-grid post-46230 post type-post status-publish format-standard hentry category-granulu-kamini category-granulu-kamini-evacalor\">\n<div class=\"fusion-post-wrapper\" style=\"background-color:rgba(255,255,255,1);border:1px solid #a82c23;border-bottom-width:3px;\">\n\n<div class=\"fusion-post-content-wrapper\" style=\"padding:30px 25px 25px 25px;\"><div class=\"fusion-post-content post-content\"><h2 class=\"blog-shortcode-post-title entry-title\"><a href=\"https:\/\/www.kaminakeskus.ee\/lv\/granulu-kamins-evacalor-zaira\/\">Granulu kam\u012bns EvaCalor Zaira<\/a><\/h2><div class=\"fusion-post-content-container\"><div id=\"attachment_40353\" style=\"width: 160px\" class=\"wp-caption alignleft\"><a href=\"https:\/\/www.kaminakeskus.ee\/wp-content\/uploads\/2019\/08\/Pelletkamin-evacalor-zaira-150x150.jpg\"><img decoding=\"async\" aria-describedby=\"caption-attachment-40353\" class=\"size-thumbnail wp-image-24830\" src=\"https:\/\/www.kaminakeskus.ee\/wp-content\/uploads\/2019\/08\/Pelletkamin-evacalor-zaira-150x150.jpg\" alt=\"\" width=\"150\" height=\"150\"><\/a><p id=\"caption-attachment-40353\" class=\"wp-caption-text\">Granulu kam\u012bns Zaira<\/p><\/div>\n<p><a href=\"https:\/\/www.evacalor.com\/index.php?id=72&amp;lang_id=eng\"><strong>Granulu kam\u012bns Zaira<\/strong><\/a><br \/>\nJauda: 4-13,5 kW<br \/>\nAugstums: 1000 mm<br \/>\nPlatums: 475 mm<br \/>\nDzi\u013cums: 512 mm<br \/>\nGranulu ietilp\u012bba: 15kg<br \/>\nPat\u0113ri\u0146\u0161: 0,9-2,9 kg \/ h<br \/>\nSvars: 127kg<br \/>\nKr\u0101sa: melna<br \/>\n<strong>Cena: 2274 EUR<\/strong><\/p>\n<\/div><\/div><\/div><div class=\"fusion-clearfix\"><\/div><\/div>\n<\/article>\n<article id=\"blog-1-post-46176\" class=\"fusion-post-grid post-46176 post type-post status-publish format-standard hentry category-granulu-kamini category-granulu-kamini-evacalor\">\n<div class=\"fusion-post-wrapper\" style=\"background-color:rgba(255,255,255,1);border:1px solid #a82c23;border-bottom-width:3px;\">\n\n<div class=\"fusion-post-content-wrapper\" style=\"padding:30px 25px 25px 25px;\"><div class=\"fusion-post-content post-content\"><h2 class=\"blog-shortcode-post-title entry-title\"><a href=\"https:\/\/www.kaminakeskus.ee\/lv\/granulu-kamins-evacalor-debora\/\">Granulu kam\u012bns EvaCalor Debora<\/a><\/h2><div class=\"fusion-post-content-container\"><div id=\"attachment_40341\" style=\"width: 160px\" class=\"wp-caption alignleft\"><a href=\"https:\/\/www.kaminakeskus.ee\/wp-content\/uploads\/2019\/08\/Pelletkamin-evacalor-debora-150x150.jpg\"><img decoding=\"async\" aria-describedby=\"caption-attachment-40341\" class=\"size-thumbnail wp-image-24821\" src=\"https:\/\/www.kaminakeskus.ee\/wp-content\/uploads\/2019\/08\/Pelletkamin-evacalor-debora-150x150.jpg\" alt=\"\" width=\"150\" height=\"150\"><\/a><p id=\"caption-attachment-40341\" class=\"wp-caption-text\">Pelletkamin Debora<\/p><\/div>\n<p><a href=\"https:\/\/www.evacalor.com\/index.php?id=196&amp;lang_id=eng\"><strong>Pelletkamin Debora<\/strong><\/a><br \/>\nJauda: 5,2-15,4 kW<br \/>\nAugstums: 1148 mm<br \/>\nPlatums: 480 mm<br \/>\nDzi\u013cums: 544 mm<br \/>\nGranulu ietilp\u012bba: 22kg<br \/>\nPat\u0113ri\u0146\u0161: 1,1-3,4 kg \/ h<br \/>\nSvars: 117kg<br \/>\nKr\u0101sa: sarkana; melns; dzintars<br \/>\n<strong>Cena: 2445 EUR<\/strong><\/p>\n<\/div><\/div><\/div><div class=\"fusion-clearfix\"><\/div><\/div>\n<\/article>\n<article id=\"blog-1-post-46133\" class=\"fusion-post-grid post-46133 post type-post status-publish format-standard hentry category-granulu-kamini category-granulu-kamini-evacalor\">\n<div class=\"fusion-post-wrapper\" style=\"background-color:rgba(255,255,255,1);border:1px solid #a82c23;border-bottom-width:3px;\">\n\n<div class=\"fusion-post-content-wrapper\" style=\"padding:30px 25px 25px 25px;\"><div class=\"fusion-post-content post-content\"><h2 class=\"blog-shortcode-post-title entry-title\"><a href=\"https:\/\/www.kaminakeskus.ee\/lv\/granulu-kamins-evacalor-ines\/\">Granulu kam\u012bns EvaCalor Ines<\/a><\/h2><div class=\"fusion-post-content-container\"><div id=\"attachment_40337\" style=\"width: 160px\" class=\"wp-caption alignleft\"><a href=\"https:\/\/www.kaminakeskus.ee\/wp-content\/uploads\/2019\/08\/Pelletkamin-evacalor-ines-150x150.jpg\"><img decoding=\"async\" aria-describedby=\"caption-attachment-40337\" class=\"size-thumbnail wp-image-24818\" src=\"https:\/\/www.kaminakeskus.ee\/wp-content\/uploads\/2019\/08\/Pelletkamin-evacalor-ines-150x150.jpg\" alt=\"\" width=\"150\" height=\"150\"><\/a><p id=\"caption-attachment-40337\" class=\"wp-caption-text\">Granulu kam\u012bns Ines<\/p><\/div>\n<p><a href=\"https:\/\/www.evacalor.com\/index.php?id=92&amp;lang_id=eng\"><strong>Granulu kam\u012bns Ines<\/strong><\/a><br \/>\nAr papildu gaisa vadu<br \/>\nJauda: 5,2-15,4 kW<br \/>\nAugstums: 1159 mm<br \/>\nPlatums: 466 mm<br \/>\nDzi\u013cums: 555 mm<br \/>\nGranulu ietilp\u012bba: 22kg<br \/>\nPat\u0113ri\u0146\u0161: 1,1-3,4 kg \/ h<br \/>\nSvars: 122kg<br \/>\nKr\u0101sa: sarkana; balts<br \/>\n<strong>Cena: 2917 EUR<\/strong><\/p>\n<\/div><\/div><\/div><div class=\"fusion-clearfix\"><\/div><\/div>\n<\/article>\n<article id=\"blog-1-post-46148\" class=\"fusion-post-grid post-46148 post type-post status-publish format-standard hentry category-granulu-kamini category-granulu-kamini-evacalor\">\n<div class=\"fusion-post-wrapper\" style=\"background-color:rgba(255,255,255,1);border:1px solid #a82c23;border-bottom-width:3px;\">\n\n<div class=\"fusion-post-content-wrapper\" style=\"padding:30px 25px 25px 25px;\"><div class=\"fusion-post-content post-content\"><h2 class=\"blog-shortcode-post-title entry-title\"><a href=\"https:\/\/www.kaminakeskus.ee\/lv\/granulu-kamins-evacalor-beatrice\/\">Granulu kam\u012bns EvaCalor Beatrice<\/a><\/h2><div class=\"fusion-post-content-container\"><div id=\"attachment_40333\" style=\"width: 160px\" class=\"wp-caption alignleft\"><a href=\"https:\/\/www.kaminakeskus.ee\/wp-content\/uploads\/2019\/08\/Pelletkamin-evacalor-beatrice-150x150.jpg\"><img decoding=\"async\" aria-describedby=\"caption-attachment-40333\" class=\"size-thumbnail wp-image-24815\" src=\"https:\/\/www.kaminakeskus.ee\/wp-content\/uploads\/2019\/08\/Pelletkamin-evacalor-beatrice-150x150.jpg\" alt=\"\" width=\"150\" height=\"150\" srcset=\"https:\/\/www.kaminakeskus.ee\/wp-content\/uploads\/2019\/08\/Pelletkamin-evacalor-beatrice-150x150.jpg 150w, https:\/\/www.kaminakeskus.ee\/wp-content\/uploads\/2019\/08\/Pelletkamin-evacalor-beatrice-300x300.jpg 300w, https:\/\/www.kaminakeskus.ee\/wp-content\/uploads\/2019\/08\/Pelletkamin-evacalor-beatrice-768x768.jpg 768w, https:\/\/www.kaminakeskus.ee\/wp-content\/uploads\/2019\/08\/Pelletkamin-evacalor-beatrice.jpg 800w\" sizes=\"(max-width: 150px) 100vw, 150px\" \/><\/a><p id=\"caption-attachment-40333\" class=\"wp-caption-text\">Granulu kam\u012bns Beatrice<\/p><\/div>\n<p><a href=\"https:\/\/www.evacalor.com\/index.php?id=193&amp;lang_id=eng\"><strong>Granulu kam\u012bns Beatrice<\/strong><\/a><br \/>\nAr vienu papildu kan\u0101lu<br \/>\nJauda: 5,2-15,4 kW<br \/>\nAugstums: 1172 mm<br \/>\nPlatums: 562 mm<br \/>\nDzi\u013cums: 555 mm<br \/>\nGranulu ietilp\u012bba: 22kg<br \/>\nPat\u0113ri\u0146\u0161: 1,1-3,4 kg \/ h<br \/>\nSvars: 191kg<br \/>\nKr\u0101sa: ziepakmens<br \/>\n<strong><del>Cena: 3456 EUR<\/del><br \/>\n<span style=\"color: #ff0000;\">Cena: 3190 EUR<\/span><\/strong><\/p>\n<\/div><\/div><\/div><div class=\"fusion-clearfix\"><\/div><\/div>\n<\/article>\n<article id=\"blog-1-post-46163\" class=\"fusion-post-grid post-46163 post type-post status-publish format-standard hentry category-granulu-kamini category-granulu-kamini-evacalor\">\n<div class=\"fusion-post-wrapper\" style=\"background-color:rgba(255,255,255,1);border:1px solid #a82c23;border-bottom-width:3px;\">\n\n<div class=\"fusion-post-content-wrapper\" style=\"padding:30px 25px 25px 25px;\"><div class=\"fusion-post-content post-content\"><h2 class=\"blog-shortcode-post-title entry-title\"><a href=\"https:\/\/www.kaminakeskus.ee\/lv\/granulu-kamins-evacalor-zoe\/\">Granulu kam\u012bns EvaCalor Zoe<\/a><\/h2><div class=\"fusion-post-content-container\"><div id=\"attachment_40329\" style=\"width: 160px\" class=\"wp-caption alignleft\"><a href=\"https:\/\/www.kaminakeskus.ee\/wp-content\/uploads\/2019\/08\/Pelletkamin-evacalor-Zoe-150x150.jpg\"><img decoding=\"async\" aria-describedby=\"caption-attachment-40329\" class=\"size-thumbnail wp-image-24812\" src=\"https:\/\/www.kaminakeskus.ee\/wp-content\/uploads\/2019\/08\/Pelletkamin-evacalor-Zoe-150x150.jpg\" alt=\"\" width=\"150\" height=\"150\"><\/a><p id=\"caption-attachment-40329\" class=\"wp-caption-text\">Granulu kam\u012bns Zoja<\/p><\/div>\n<p><a href=\"https:\/\/www.evacalor.com\/index.php?id=82&amp;lang_id=eng\"><strong>Granulu kam\u012bns Zoja<\/strong><\/a><br \/>\nJauda: 5,2-15,4 kW<br \/>\nAugstums: 1174 mm<br \/>\nPlatums: 502 mm<br \/>\nDzi\u013cums: 541 mm<br \/>\nGranulu ietilp\u012bba: 22kg<br \/>\nPat\u0113ri\u0146\u0161: 1,1-3,4 kg \/ h<br \/>\nSvars: 174kg<br \/>\nKr\u0101sa: balta; rub\u012bnsarkans<br \/>\n<strong><del>Cena: 3724 EUR<\/del><br \/>\n<span style=\"color: #ff0000;\">Cena: 3194 EUR<\/span><\/strong><\/p>\n<\/div><\/div><\/div><div class=\"fusion-clearfix\"><\/div><\/div>\n<\/article>\n<article id=\"blog-1-post-46196\" class=\"fusion-post-grid post-46196 post type-post status-publish format-standard hentry category-granulu-kamini category-granulu-kamini-evacalor\">\n<div class=\"fusion-post-wrapper\" style=\"background-color:rgba(255,255,255,1);border:1px solid #a82c23;border-bottom-width:3px;\">\n\n<div class=\"fusion-post-content-wrapper\" style=\"padding:30px 25px 25px 25px;\"><div class=\"fusion-post-content post-content\"><h2 class=\"blog-shortcode-post-title entry-title\"><a href=\"https:\/\/www.kaminakeskus.ee\/lv\/granulu-kamins-evacalor-trinity\/\">Granulu kam\u012bns EvaCalor Trinity<\/a><\/h2><div class=\"fusion-post-content-container\"><div id=\"attachment_40325\" style=\"width: 160px\" class=\"wp-caption alignleft\"><a href=\"https:\/\/www.kaminakeskus.ee\/wp-content\/uploads\/2019\/08\/Pelletkamin-evacalor-trinity-150x150.jpg\"><img decoding=\"async\" aria-describedby=\"caption-attachment-40325\" class=\"size-thumbnail wp-image-24809\" src=\"https:\/\/www.kaminakeskus.ee\/wp-content\/uploads\/2019\/08\/Pelletkamin-evacalor-trinity-150x150.jpg\" alt=\"\" width=\"150\" height=\"150\"><\/a><p id=\"caption-attachment-40325\" class=\"wp-caption-text\">Granulu kam\u012bns Trinity<\/p><\/div>\n<p><a href=\"https:\/\/www.evacalor.com\/index.php?id=238&amp;lang_id=eng\"><strong>Granulu kam\u012bns Trinity<\/strong><\/a><br \/>\nJauda: 3,2-10,5 kW<br \/>\nAugstums: 1120 mm<br \/>\nPlatums: 562 mm<br \/>\nDzi\u013cums: 562 mm<br \/>\nGranulu ietilp\u012bba: 15kg<br \/>\nPat\u0113ri\u0146\u0161: 0,7-2,2 kg \/ h<br \/>\nKr\u0101sa: melna, balta<br \/>\n<strong><del>Cena: 3616 EUR<\/del><br \/>\n<span style=\"color: #ff0000;\">Cena: 2994 EUR<\/span><\/strong><\/p>\n<\/div><\/div><\/div><div class=\"fusion-clearfix\"><\/div><\/div>\n<\/article>\n<article id=\"blog-1-post-46124\" class=\"fusion-post-grid post-46124 post type-post status-publish format-standard hentry category-granulu-kamini category-granulu-kamini-evacalor\">\n<div class=\"fusion-post-wrapper\" style=\"background-color:rgba(255,255,255,1);border:1px solid #a82c23;border-bottom-width:3px;\">\n\n<div class=\"fusion-post-content-wrapper\" style=\"padding:30px 25px 25px 25px;\"><div class=\"fusion-post-content post-content\"><h2 class=\"blog-shortcode-post-title entry-title\"><a href=\"https:\/\/www.kaminakeskus.ee\/lv\/granulu-kamins-evacalor-silence-9\/\">Granulu kam\u012bns EvaCalor Silence 9<\/a><\/h2><div class=\"fusion-post-content-container\"><div id=\"attachment_40321\" style=\"width: 160px\" class=\"wp-caption alignleft\"><a href=\"https:\/\/www.kaminakeskus.ee\/wp-content\/uploads\/2019\/08\/Pelletkamin-evacalor-silence-9.jpg\"><img decoding=\"async\" aria-describedby=\"caption-attachment-40321\" class=\"size-thumbnail wp-image-24805\" src=\"https:\/\/www.kaminakeskus.ee\/wp-content\/uploads\/2019\/08\/Pelletkamin-evacalor-silence-9-150x150.jpg\" alt=\"\" width=\"150\" height=\"150\" srcset=\"https:\/\/www.kaminakeskus.ee\/wp-content\/uploads\/2019\/08\/Pelletkamin-evacalor-silence-9-150x150.jpg 150w, https:\/\/www.kaminakeskus.ee\/wp-content\/uploads\/2019\/08\/Pelletkamin-evacalor-silence-9-300x300.jpg 300w, https:\/\/www.kaminakeskus.ee\/wp-content\/uploads\/2019\/08\/Pelletkamin-evacalor-silence-9-768x768.jpg 768w, https:\/\/www.kaminakeskus.ee\/wp-content\/uploads\/2019\/08\/Pelletkamin-evacalor-silence-9.jpg 800w\" sizes=\"(max-width: 150px) 100vw, 150px\" \/><\/a><p id=\"caption-attachment-40321\" class=\"wp-caption-text\">Granulu kam\u012bns Klusums 9<\/p><\/div>\n<p><a href=\"https:\/\/www.evacalor.com\/index.php?id=192&amp;lang_id=eng\"><strong>Granulu kam\u012bns Klusums 9<\/strong><\/a><br \/>\n\u012apa\u0161i kluss<br \/>\nJauda: 3,4-9,5 kW<br \/>\nAugstums: 1165 mm<br \/>\nPlatums: 510 mm<br \/>\nDzi\u013cums: 588 mm<br \/>\nGranulu ietilp\u012bba: 15kg<br \/>\nPat\u0113ri\u0146\u0161: 0,7-1,9 kg \/ h<br \/>\nKr\u0101sa: melna, sarkana, pel\u0113ka<br \/>\n<strong><del>Cena: 3520 EUR<\/del><br \/>\n<span style=\"color: #ff0000;\">Cena: 3168 EUR<\/span><\/strong><\/p>\n<\/div><\/div><\/div><div class=\"fusion-clearfix\"><\/div><\/div>\n<\/article>\n<article id=\"blog-1-post-46170\" class=\"fusion-post-grid post-46170 post type-post status-publish format-standard hentry category-granulu-kamini category-granulu-kamini-evacalor\">\n<div class=\"fusion-post-wrapper\" style=\"background-color:rgba(255,255,255,1);border:1px solid #a82c23;border-bottom-width:3px;\">\n\n<div class=\"fusion-post-content-wrapper\" style=\"padding:30px 25px 25px 25px;\"><div class=\"fusion-post-content post-content\"><h2 class=\"blog-shortcode-post-title entry-title\"><a href=\"https:\/\/www.kaminakeskus.ee\/lv\/granulu-kamins-evacalor-silence-11\/\">Granulu kam\u012bns EvaCalor Silence 11<\/a><\/h2><div class=\"fusion-post-content-container\"><div id=\"attachment_40317\" style=\"width: 160px\" class=\"wp-caption alignleft\"><a href=\"https:\/\/www.kaminakeskus.ee\/wp-content\/uploads\/2019\/08\/Pelletkamin-silence-11.jpg\"><img decoding=\"async\" aria-describedby=\"caption-attachment-40317\" class=\"size-thumbnail wp-image-24799\" src=\"https:\/\/www.kaminakeskus.ee\/wp-content\/uploads\/2019\/08\/Pelletkamin-silence-11-150x150.jpg\" alt=\"\" width=\"150\" height=\"150\"><\/a><p id=\"caption-attachment-40317\" class=\"wp-caption-text\">Granulu kam\u012bns Klusums 11<\/p><\/div>\n<p><a href=\"https:\/\/www.evacalor.com\/index.php?id=191&amp;lang_id=eng\"><strong>Granulu kam\u012bns Klusums 11<\/strong><\/a><br \/>\nJauda: 3,4-11,3 kW<br \/>\nAugstums: 1165 mm<br \/>\nPlatums: 510 mm<br \/>\nDzi\u013cums: 588 mm<br \/>\nGranulu ietilp\u012bba: 15kg<br \/>\nPat\u0113ri\u0146\u0161: 0,7-2,3 kg \/ h<br \/>\nKr\u0101sa: melna, b\u0113\u0161a<br \/>\n<strong><del>Cena: 3820 EUR<\/del><br \/>\n<span style=\"color: #ff0000;\">Cena: 3399 EUR<\/span><\/strong><\/p>\n<\/div><\/div><\/div><div class=\"fusion-clearfix\"><\/div><\/div>\n<\/article>\n<article id=\"blog-1-post-46130\" class=\"fusion-post-grid post-46130 post type-post status-publish format-standard hentry category-granulu-kamini category-granulu-kamini-evacalor\">\n<div class=\"fusion-post-wrapper\" style=\"background-color:rgba(255,255,255,1);border:1px solid #a82c23;border-bottom-width:3px;\">\n\n<div class=\"fusion-post-content-wrapper\" style=\"padding:30px 25px 25px 25px;\"><div class=\"fusion-post-content post-content\"><h2 class=\"blog-shortcode-post-title entry-title\"><a href=\"https:\/\/www.kaminakeskus.ee\/lv\/granulu-kamins-evacalor-giotto\/\">Granulu kam\u012bns Evacalor Giotto<\/a><\/h2><div class=\"fusion-post-content-container\"><div id=\"attachment_40313\" style=\"width: 160px\" class=\"wp-caption alignleft\"><a href=\"https:\/\/www.kaminakeskus.ee\/wp-content\/uploads\/2019\/08\/Pelletkamin-evacalor-giotto-150x150.jpg\"><img decoding=\"async\" aria-describedby=\"caption-attachment-40313\" class=\"size-thumbnail wp-image-24796\" src=\"https:\/\/www.kaminakeskus.ee\/wp-content\/uploads\/2019\/08\/Pelletkamin-evacalor-giotto-150x150.jpg\" alt=\"\" width=\"150\" height=\"150\"><\/a><p id=\"caption-attachment-40313\" class=\"wp-caption-text\">Granulu kam\u012bns Giotto<\/p><\/div>\n<p><a href=\"https:\/\/www.evacalor.com\/index.php?id=70&amp;lang_id=eng\"><strong>Granulu kam\u012bns Giotto<\/strong><\/a><br \/>\nZiepakmens<br \/>\nJauda: 3,7-12 kW<br \/>\nAugstums: 2288 mm<br \/>\nPlatums: 1221 mm<br \/>\nDzi\u013cums: 865 mm<br \/>\nGranulu ietilp\u012bba: 13kg<br \/>\nPat\u0113ri\u0146\u0161: 0,7-2,4 kg \/ h<br \/>\n<strong><del>Cena: 4314 EUR<\/del><br \/>\n<span style=\"color: #ff0000;\">Cena: 3294 EUR<\/span><\/strong><\/p>\n<\/div><\/div><\/div><div class=\"fusion-clearfix\"><\/div><\/div>\n<\/article>\n<article id=\"blog-1-post-46224\" class=\"fusion-post-grid post-46224 post type-post status-publish format-standard hentry category-granulu-kamini category-granulu-kamini-evacalor\">\n<div class=\"fusion-post-wrapper\" style=\"background-color:rgba(255,255,255,1);border:1px solid #a82c23;border-bottom-width:3px;\">\n\n<div class=\"fusion-post-content-wrapper\" style=\"padding:30px 25px 25px 25px;\"><div class=\"fusion-post-content post-content\"><h2 class=\"blog-shortcode-post-title entry-title\"><a href=\"https:\/\/www.kaminakeskus.ee\/lv\/granulu-krasns-evacalor-raffaello\/\">Granulu kr\u0101sns EvaCalor Raffaello<\/a><\/h2><div class=\"fusion-post-content-container\"><div id=\"attachment_40309\" style=\"width: 160px\" class=\"wp-caption alignleft\"><a href=\"https:\/\/www.kaminakeskus.ee\/wp-content\/uploads\/2019\/08\/Pelletkamin-evacalor-raffaello-150x150.jpg\"><img decoding=\"async\" aria-describedby=\"caption-attachment-40309\" class=\"size-thumbnail wp-image-24793\" src=\"https:\/\/www.kaminakeskus.ee\/wp-content\/uploads\/2019\/08\/Pelletkamin-evacalor-raffaello-150x150.jpg\" alt=\"\" width=\"150\" height=\"150\"><\/a><p id=\"caption-attachment-40309\" class=\"wp-caption-text\">Pelletkamin Raffaello<\/p><\/div>\n<p><a href=\"https:\/\/www.evacalor.com\/index.php?id=70&amp;lang_id=eng\"><strong>Pelletkamin Raffaello<\/strong><\/a><br \/>\nJauda: 3,7-12 kW<br \/>\nAugstums: 2105 mm<br \/>\nPlatums: 1180 mm<br \/>\nDzi\u013cums: 835 mm<br \/>\nGranulu ietilp\u012bba: 13kg<br \/>\nPat\u0113ri\u0146\u0161: 0,7-2,4 kg \/ h<br \/>\nSvars: 190kg<br \/>\n<del><strong>Cena: 4014 EUR<\/strong><\/del><br \/>\n<span style=\"color: #ff0000;\"><strong>Cena 3249 EUR<\/strong><\/span><\/p>\n<\/div><\/div><\/div><div class=\"fusion-clearfix\"><\/div><\/div>\n<\/article>\n<article id=\"blog-1-post-46168\" class=\"fusion-post-grid post-46168 post type-post status-publish format-standard hentry category-granulu-kamini category-granulu-kamini-evacalor\">\n<div class=\"fusion-post-wrapper\" style=\"background-color:rgba(255,255,255,1);border:1px solid #a82c23;border-bottom-width:3px;\">\n\n<div class=\"fusion-post-content-wrapper\" style=\"padding:30px 25px 25px 25px;\"><div class=\"fusion-post-content post-content\"><h2 class=\"blog-shortcode-post-title entry-title\"><a href=\"https:\/\/www.kaminakeskus.ee\/lv\/granulu-kamins-evacalor-donatello\/\">Granulu kam\u012bns Evacalor Donatello<\/a><\/h2><div class=\"fusion-post-content-container\"><div id=\"attachment_40305\" style=\"width: 160px\" class=\"wp-caption alignleft\"><a href=\"https:\/\/www.kaminakeskus.ee\/wp-content\/uploads\/2019\/08\/Pelletkamin-evacalor-donatello.jpg\"><img decoding=\"async\" aria-describedby=\"caption-attachment-40305\" class=\"size-thumbnail wp-image-24790\" src=\"https:\/\/www.kaminakeskus.ee\/wp-content\/uploads\/2019\/08\/Pelletkamin-evacalor-donatello-150x150.jpg\" alt=\"\" width=\"150\" height=\"150\"><\/a><p id=\"caption-attachment-40305\" class=\"wp-caption-text\">Granulu kam\u012bns Donatello<\/p><\/div>\n<p><a href=\"https:\/\/www.evacalor.com\/index.php?id=69&amp;lang_id=eng\"><strong>Granulu kam\u012bns Donatello<\/strong><\/a><br \/>\nJauda: 3-11 kW<br \/>\nAugstums: 2460-2800 mm<br \/>\nPlatums: 1145 mm<br \/>\nDzi\u013cums: 850 mm<br \/>\nGranulu ietilp\u012bba: 15kg<br \/>\nPat\u0113ri\u0146\u0161: 0,6-2,3 kg \/ h<br \/>\nSvars: 240kg<br \/>\n<strong>Cena: 3298 EUR<\/strong><\/p>\n<\/div><\/div><\/div><div class=\"fusion-clearfix\"><\/div><\/div>\n<\/article>\n<article id=\"blog-1-post-46145\" class=\"fusion-post-grid post-46145 post type-post status-publish format-standard hentry category-granulu-kamini category-granulu-kamini-evacalor\">\n<div class=\"fusion-post-wrapper\" style=\"background-color:rgba(255,255,255,1);border:1px solid #a82c23;border-bottom-width:3px;\">\n\n<div class=\"fusion-post-content-wrapper\" style=\"padding:30px 25px 25px 25px;\"><div class=\"fusion-post-content post-content\"><h2 class=\"blog-shortcode-post-title entry-title\"><a href=\"https:\/\/www.kaminakeskus.ee\/lv\/granulu-kamins-evacalor-michelangelo\/\">Granulu kam\u012bns Evacalor Michelangelo<\/a><\/h2><div class=\"fusion-post-content-container\"><div id=\"attachment_40301\" style=\"width: 160px\" class=\"wp-caption alignleft\"><a href=\"https:\/\/www.kaminakeskus.ee\/wp-content\/uploads\/2019\/08\/Pelletkamin-evacalor-michelangelo-150x150.jpg\"><img decoding=\"async\" aria-describedby=\"caption-attachment-40301\" class=\"size-thumbnail wp-image-24786\" src=\"https:\/\/www.kaminakeskus.ee\/wp-content\/uploads\/2019\/08\/Pelletkamin-evacalor-michelangelo-150x150.jpg\" alt=\"\" width=\"150\" height=\"150\"><\/a><p id=\"caption-attachment-40301\" class=\"wp-caption-text\">Granulu kam\u012bns Mikeland\u017eelo<\/p><\/div>\n<p><a href=\"https:\/\/www.evacalor.com\/index.php?id=68&amp;lang_id=eng\"><strong>Granulu kam\u012bns Mikeland\u017eelo<\/strong><\/a><br \/>\nJauda: 3,7-12 kW<br \/>\nAugstums: 2570-2800 mm<br \/>\nPlatums: 1303 mm<br \/>\nDzi\u013cums: 712 mm<br \/>\nGranulu ietilp\u012bba: 15kg<br \/>\nPat\u0113ri\u0146\u0161: 0,7-2,4 kg \/ h<br \/>\nSvars: 310kg<br \/>\n<strong>Cena: 5498 EUR<\/strong><\/p>\n<\/div><\/div><\/div><div class=\"fusion-clearfix\"><\/div><\/div>\n<\/article>\n<article id=\"blog-1-post-46140\" class=\"fusion-post-grid post-46140 post type-post status-publish format-standard hentry category-granulu-kamini category-granulu-kamini-evacalor\">\n<div class=\"fusion-post-wrapper\" style=\"background-color:rgba(255,255,255,1);border:1px solid #a82c23;border-bottom-width:3px;\">\n\n<div class=\"fusion-post-content-wrapper\" style=\"padding:30px 25px 25px 25px;\"><div class=\"fusion-post-content post-content\"><h2 class=\"blog-shortcode-post-title entry-title\"><a href=\"https:\/\/www.kaminakeskus.ee\/lv\/granulu-kamins-evacalor-adele\/\">Granulu kr\u0101sns EvaCalor Adele<\/a><\/h2><div class=\"fusion-post-content-container\"><div id=\"attachment_40297\" style=\"width: 160px\" class=\"wp-caption aligncenter\"><a href=\"https:\/\/www.kaminakeskus.ee\/wp-content\/uploads\/2019\/08\/Pelletkamin-evacalor-adele-150x150.jpg\"><img decoding=\"async\" aria-describedby=\"caption-attachment-40297\" class=\"size-thumbnail wp-image-24783\" src=\"https:\/\/www.kaminakeskus.ee\/wp-content\/uploads\/2019\/08\/Pelletkamin-evacalor-adele-150x150.jpg\" alt=\"\" width=\"150\" height=\"150\"><\/a><p id=\"caption-attachment-40297\" class=\"wp-caption-text\">Granulu kr\u0101sns Adele<\/p><\/div>\n<p style=\"text-align: center;\"><a href=\"https:\/\/www.evacalor.com\/index.php?id=37&amp;lang_id=eng\"><strong>Granulu kr\u0101sns Adele<\/strong><\/a><br \/>\n Jauda:2,8-9,5 kW<br \/>\n Augstums: 932 mm<br \/>\n Platums: 547 mm<br \/>\n Dzi\u013cums: 522 mm<br \/>\n Granulu ietilp\u012bba: 18,5 kg<br \/>\n Pat\u0113ri\u0146\u0161: 0,6-2kg\/h<br \/>\n Svars: 115 kg<br \/>\n <strong>Cena: 2684 EUR<\/strong><\/p>\n<\/div><\/div><\/div><div class=\"fusion-clearfix\"><\/div><\/div>\n<\/article>\n<article id=\"blog-1-post-24779\" class=\"fusion-post-grid post-24779 post type-post status-publish format-standard hentry category-pelletikaminad category-pelletikaminad-evacalor\">\n<div class=\"fusion-post-wrapper\" style=\"background-color:rgba(255,255,255,1);border:1px solid #a82c23;border-bottom-width:3px;\">\n\n<div class=\"fusion-post-content-wrapper\" style=\"padding:30px 25px 25px 25px;\"><div class=\"fusion-post-content post-content\"><h2 class=\"blog-shortcode-post-title entry-title\"><a href=\"https:\/\/www.kaminakeskus.ee\/lv\/pelletkamin-evacalor-erminy\/\">Pelletkamin EvaCalor Erminy<\/a><\/h2><div class=\"fusion-post-content-container\"><div id=\"attachment_24780\" style=\"width: 160px\" class=\"wp-caption alignleft\"><a href=\"https:\/\/www.kaminakeskus.ee\/wp-content\/uploads\/2019\/08\/Pelletkamin-evacalor-erminy.jpg\"><img decoding=\"async\" aria-describedby=\"caption-attachment-24780\" class=\"size-thumbnail wp-image-24780\" src=\"https:\/\/www.kaminakeskus.ee\/wp-content\/uploads\/2019\/08\/Pelletkamin-evacalor-erminy-150x150.jpg\" alt=\"\" width=\"150\" height=\"150\" \/><\/a><p id=\"caption-attachment-24780\" class=\"wp-caption-text\">Pelletkamin Erminy<\/p><\/div>\n<p><a href=\"https:\/\/www.evacalor.com\/index.php?id=38&amp;lang_id=eng\"><strong>Pelletkamin Erminy<\/strong><\/a><br \/>\nV\u00f5imsus:2,8-9,5 kW<br \/>\nK\u00f5rgus: 932 mm<br \/>\nLaius: 547 mm<br \/>\nS\u00fcgavus: 522 mm<br \/>\nPelleti maht: 18,5kg<br \/>\nKulu:0,6-2kg\/h<br \/>\nKaal: 115kg<br \/>\n<strong>Hind: 2543 EUR<\/strong><\/p>\n<\/div><\/div><\/div><div class=\"fusion-clearfix\"><\/div><\/div>\n<\/article>\n<article id=\"blog-1-post-46192\" class=\"fusion-post-grid post-46192 post type-post status-publish format-standard hentry category-granulu-kamini category-granulu-kamini-evacalor\">\n<div class=\"fusion-post-wrapper\" style=\"background-color:rgba(255,255,255,1);border:1px solid #a82c23;border-bottom-width:3px;\">\n\n<div class=\"fusion-post-content-wrapper\" style=\"padding:30px 25px 25px 25px;\"><div class=\"fusion-post-content post-content\"><h2 class=\"blog-shortcode-post-title entry-title\"><a href=\"https:\/\/www.kaminakeskus.ee\/lv\/granulu-kamins-evacalor-alina\/\">Granulu kam\u012bns EvaCalor Alina<\/a><\/h2><div class=\"fusion-post-content-container\"><div id=\"attachment_40289\" style=\"width: 160px\" class=\"wp-caption alignleft\"><a href=\"https:\/\/www.kaminakeskus.ee\/wp-content\/uploads\/2019\/08\/Pelletkamin-evacalor-alina-150x150.jpg\"><img decoding=\"async\" aria-describedby=\"caption-attachment-40289\" class=\"size-thumbnail wp-image-24777\" src=\"https:\/\/www.kaminakeskus.ee\/wp-content\/uploads\/2019\/08\/Pelletkamin-evacalor-alina-150x150.jpg\" alt=\"\" width=\"150\" height=\"150\"><\/a><p id=\"caption-attachment-40289\" class=\"wp-caption-text\">Granulu kam\u012bns Al\u012bna<\/p><\/div>\n<p><a href=\"https:\/\/www.evacalor.com\/index.php?id=58&amp;lang_id=eng\"><strong>Granulu kam\u012bns Al\u012bna<\/strong><\/a><br \/>\nJauda: 2,8\u20139,5 kW<br \/>\nAugstums: 932 mm<br \/>\nPlatums: 547 mm<br \/>\nDzi\u013cums: 522 mm<br \/>\nGranulu tilpums: 13,5 kg<br \/>\nPat\u0113ri\u0146\u0161: 0,6-2kg \/ h<br \/>\nSvars: 105kg<br \/>\n<strong>Cena: 2279 EUR<\/strong><\/p>\n<\/div><\/div><\/div><div class=\"fusion-clearfix\"><\/div><\/div>\n<\/article>\n<article id=\"blog-1-post-48111\" class=\"fusion-post-grid post-48111 post type-post status-publish format-standard hentry category-granulu-kamini category-granulu-kamini-evacalor\">\n<div class=\"fusion-post-wrapper\" style=\"background-color:rgba(255,255,255,1);border:1px solid #a82c23;border-bottom-width:3px;\">\n\n<div class=\"fusion-post-content-wrapper\" style=\"padding:30px 25px 25px 25px;\"><div class=\"fusion-post-content post-content\"><h2 class=\"blog-shortcode-post-title entry-title\"><a href=\"https:\/\/www.kaminakeskus.ee\/lv\/granulu-kamins-evacalor-agnese\/\">Granulu kam\u012bns EvaCalor Agnese<\/a><\/h2><div class=\"fusion-post-content-container\"><div id=\"attachment_40285\" style=\"width: 160px\" class=\"wp-caption alignleft\"><a href=\"https:\/\/www.kaminakeskus.ee\/wp-content\/uploads\/2019\/08\/Pelletkamin-evacalor-agnese-1.jpg\"><img decoding=\"async\" aria-describedby=\"caption-attachment-40285\" class=\"size-thumbnail wp-image-24774\" src=\"https:\/\/www.kaminakeskus.ee\/wp-content\/uploads\/2019\/08\/Pelletkamin-evacalor-agnese-1-150x150.jpg\" alt=\"\" width=\"150\" height=\"150\" srcset=\"https:\/\/www.kaminakeskus.ee\/wp-content\/uploads\/2019\/08\/Pelletkamin-evacalor-agnese-1-150x150.jpg 150w, https:\/\/www.kaminakeskus.ee\/wp-content\/uploads\/2019\/08\/Pelletkamin-evacalor-agnese-1-300x300.jpg 300w, https:\/\/www.kaminakeskus.ee\/wp-content\/uploads\/2019\/08\/Pelletkamin-evacalor-agnese-1-768x768.jpg 768w, https:\/\/www.kaminakeskus.ee\/wp-content\/uploads\/2019\/08\/Pelletkamin-evacalor-agnese-1.jpg 800w\" sizes=\"(max-width: 150px) 100vw, 150px\" \/><\/a><p id=\"caption-attachment-40285\" class=\"wp-caption-text\">Granulu kam\u012bns Agnese<\/p><\/div>\n<p><a href=\"https:\/\/www.evacalor.com\/index.php?id=63&amp;lang_id=eng\"><strong>Granulu kam\u012bns Agnese<\/strong><\/a><br \/>\nJauda: 3-11 kW<br \/>\nAugstums: 1129 mm<br \/>\nPlatums: 952 mm<br \/>\nDzi\u013cums: 626 mm<br \/>\nGranulu ietilp\u012bba: 55kg<br \/>\nPat\u0113ri\u0146\u0161: 0,6-2,3 kg \/ h<br \/>\nSvars: 245kg<br \/>\n<strong>Cena: 3832 EUR<\/strong><\/p>\n<\/div><\/div><\/div><div class=\"fusion-clearfix\"><\/div><\/div>\n<\/article>\n<article id=\"blog-1-post-48090\" class=\"fusion-post-grid post-48090 post type-post status-publish format-standard hentry category-granulu-kamini category-granulu-kamini-evacalor\">\n<div class=\"fusion-post-wrapper\" style=\"background-color:rgba(255,255,255,1);border:1px solid #a82c23;border-bottom-width:3px;\">\n\n<div class=\"fusion-post-content-wrapper\" style=\"padding:30px 25px 25px 25px;\"><div class=\"fusion-post-content post-content\"><h2 class=\"blog-shortcode-post-title entry-title\"><a href=\"https:\/\/www.kaminakeskus.ee\/lv\/granulu-krasns-evacalor-lucia\/\">Granulu kr\u0101sns EvaCalor Lucia<\/a><\/h2><div class=\"fusion-post-content-container\"><div id=\"attachment_40277\" style=\"width: 160px\" class=\"wp-caption alignleft\"><a href=\"https:\/\/www.kaminakeskus.ee\/wp-content\/uploads\/2019\/08\/Pelletkamin-evacalor-lucia.jpg\"><img decoding=\"async\" aria-describedby=\"caption-attachment-40277\" class=\"size-thumbnail wp-image-24765\" src=\"https:\/\/www.kaminakeskus.ee\/wp-content\/uploads\/2019\/08\/Pelletkamin-evacalor-lucia-150x150.jpg\" alt=\"\" width=\"150\" height=\"150\"><\/a><p id=\"caption-attachment-40277\" class=\"wp-caption-text\">Pelletkamin Lucia<\/p><\/div>\n<p><a href=\"https:\/\/www.evacalor.com\/index.php?id=64&amp;lang_id=eng\"><strong>Pelletkamin Lucia<\/strong><\/a><br \/>\nJauda: 3-11 kW<br \/>\nAugstums: 1129 mm<br \/>\nPlatums: 952 mm<br \/>\nDzi\u013cums: 626 mm<br \/>\nGranulu ietilp\u012bba: 55kg<br \/>\nPat\u0113ri\u0146\u0161: 0,6-2,3 kg \/ h<br \/>\nSvars: 245kg<br \/>\n<strong>Cena: 3716 EUR<\/strong><\/p>\n<\/div><\/div><\/div><div class=\"fusion-clearfix\"><\/div><\/div>\n<\/article>\n<article id=\"blog-1-post-48112\" class=\"fusion-post-grid post-48112 post type-post status-publish format-standard hentry category-granulu-kamini category-granulu-kamini-evacalor\">\n<div class=\"fusion-post-wrapper\" style=\"background-color:rgba(255,255,255,1);border:1px solid #a82c23;border-bottom-width:3px;\">\n\n<div class=\"fusion-post-content-wrapper\" style=\"padding:30px 25px 25px 25px;\"><div class=\"fusion-post-content post-content\"><h2 class=\"blog-shortcode-post-title entry-title\"><a href=\"https:\/\/www.kaminakeskus.ee\/lv\/granulu-kamins-evacalor-diana\/\">Granulu kam\u012bns EvaCalor Diana<\/a><\/h2><div class=\"fusion-post-content-container\"><div id=\"attachment_40273\" style=\"width: 160px\" class=\"wp-caption alignleft\"><a href=\"https:\/\/www.kaminakeskus.ee\/wp-content\/uploads\/2019\/08\/Pelletkamin-evacalor-diana-150x150.jpg\"><img decoding=\"async\" aria-describedby=\"caption-attachment-40273\" class=\"size-thumbnail wp-image-24762\" src=\"https:\/\/www.kaminakeskus.ee\/wp-content\/uploads\/2019\/08\/Pelletkamin-evacalor-diana-150x150.jpg\" alt=\"\" width=\"150\" height=\"150\"><\/a><p id=\"caption-attachment-40273\" class=\"wp-caption-text\">Granulu kam\u012bns Evacalor Diana<\/p><\/div>\n<p><a href=\"https:\/\/www.evacalor.com\/index.php?id=60&amp;lang_id=eng\"><strong>Granulu kam\u012bns Di\u0101na<\/strong><\/a><br \/>\nAr zelta rot\u0101jumu<br \/>\nJauda: 4-13,5 kW<br \/>\nAugstums: 1368 mm<br \/>\nPlatums: 731 mm<br \/>\nDzi\u013cums: 586 mm<br \/>\nGranulu ietilp\u012bba: 25kg<br \/>\nPat\u0113ri\u0146\u0161: 0,9-2,9 kg \/ h<br \/>\nSvars: 226kg<\/p>\n<p><strong>Cena: 4759 EUR<\/strong><\/p>\n<\/div><\/div><\/div><div class=\"fusion-clearfix\"><\/div><\/div>\n<\/article>\n<article id=\"blog-1-post-48169\" class=\"fusion-post-grid post-48169 post type-post status-publish format-standard hentry category-granulu-kamini category-granulu-kamini-evacalor\">\n<div class=\"fusion-post-wrapper\" style=\"background-color:rgba(255,255,255,1);border:1px solid #a82c23;border-bottom-width:3px;\">\n\n<div class=\"fusion-post-content-wrapper\" style=\"padding:30px 25px 25px 25px;\"><div class=\"fusion-post-content post-content\"><h2 class=\"blog-shortcode-post-title entry-title\"><a href=\"https:\/\/www.kaminakeskus.ee\/lv\/granulu-kamins-evacalor-rosy\/\">Granulu kam\u012bns EvaCalor Rosy<\/a><\/h2><div class=\"fusion-post-content-container\"><div id=\"attachment_40269\" style=\"width: 160px\" class=\"wp-caption alignleft\"><a href=\"https:\/\/www.kaminakeskus.ee\/wp-content\/uploads\/2019\/08\/Pelletkamin-evacalor-rosy-150x150.jpg\"><img decoding=\"async\" aria-describedby=\"caption-attachment-40269\" class=\"size-thumbnail wp-image-24759\" src=\"https:\/\/www.kaminakeskus.ee\/wp-content\/uploads\/2019\/08\/Pelletkamin-evacalor-rosy-150x150.jpg\" alt=\"\" width=\"150\" height=\"150\"><\/a><p id=\"caption-attachment-40269\" class=\"wp-caption-text\">Pelletkamin Rosy<\/p><\/div>\n<p><a href=\"https:\/\/www.evacalor.com\/index.php?id=61&amp;lang_id=eng\"><strong>Pelletkamin Rosy<\/strong><\/a><br \/>\nJauda: 4-13,5 kW<br \/>\nAugstums: 1368 mm<br \/>\nPlatums: 731 mm<br \/>\nDzi\u013cums: 586 mm<br \/>\nGranulu ietilp\u012bba: 25kg<br \/>\nPat\u0113ri\u0146\u0161: 0,9-2,9 kg \/ h<br \/>\nSvars: 226kg<br \/>\n<strong>Cena: 4545 EUR<\/strong><\/p>\n<\/div><\/div><\/div><div class=\"fusion-clearfix\"><\/div><\/div>\n<\/article>\n<article id=\"blog-1-post-48175\" class=\"fusion-post-grid post-48175 post type-post status-publish format-standard hentry category-granulu-kamini category-granulu-kamini-evacalor\">\n<div class=\"fusion-post-wrapper\" style=\"background-color:rgba(255,255,255,1);border:1px solid #a82c23;border-bottom-width:3px;\">\n\n<div class=\"fusion-post-content-wrapper\" style=\"padding:30px 25px 25px 25px;\"><div class=\"fusion-post-content post-content\"><h2 class=\"blog-shortcode-post-title entry-title\"><a href=\"https:\/\/www.kaminakeskus.ee\/lv\/granulu-kamins-evacalor-maria\/\">Granulu kam\u012bns EvaCalor Maria<\/a><\/h2><div class=\"fusion-post-content-container\"><div id=\"attachment_40265\" style=\"width: 160px\" class=\"wp-caption alignleft\"><a href=\"https:\/\/www.kaminakeskus.ee\/wp-content\/uploads\/2019\/08\/Pelletkamin-evacalor-maria-150x150.jpg\"><img decoding=\"async\" aria-describedby=\"caption-attachment-40265\" class=\"wp-image-24756 size-thumbnail\" src=\"https:\/\/www.kaminakeskus.ee\/wp-content\/uploads\/2019\/08\/Pelletkamin-evacalor-maria-150x150.jpg\" alt=\"\" width=\"150\" height=\"150\"><\/a><p id=\"caption-attachment-40265\" class=\"wp-caption-text\">Pelletkamin Maria<\/p><\/div>\n<p><a href=\"https:\/\/www.evacalor.com\/index.php?id=62&amp;lang_id=eng\"><strong>Pelletkamin Maria<\/strong><\/a><br \/>\nJauda: 4-13,5 kW<br \/>\nAugstums: 1129 mm<br \/>\nPlatums: 731 mm<br \/>\nDzi\u013cums: 586 mm<br \/>\nGranulu ietilp\u012bba: 20kg<br \/>\nPat\u0113ri\u0146\u0161: 0,9-2,9 kg \/ h<br \/>\nSvars: 210kg<br \/>\n<strong>Cena: 4164<\/strong> <strong>EUR<\/strong><\/p>\n<\/div><\/div><\/div><div class=\"fusion-clearfix\"><\/div><\/div>\n<\/article>\n<div class=\"fusion-clearfix\"><\/div><\/div><\/div><\/div><\/div><\/div><\/div><div class=\"fusion-fullwidth fullwidth-box fusion-builder-row-2 fusion-flex-container nonhundred-percent-fullwidth non-hundred-percent-height-scrolling\" style=\"--awb-border-radius-top-left:0px;--awb-border-radius-top-right:0px;--awb-border-radius-bottom-right:0px;--awb-border-radius-bottom-left:0px;--awb-flex-wrap:wrap;\" ><div class=\"fusion-builder-row fusion-row fusion-flex-align-items-flex-start fusion-flex-content-wrap\" style=\"max-width:2392px;margin-left: calc(-4% \/ 2 );margin-right: calc(-4% \/ 2 );\"><div class=\"fusion-layout-column fusion_builder_column fusion-builder-column-1 fusion_builder_column_1_1 1_1 fusion-flex-column\" style=\"--awb-bg-size:cover;--awb-width-large:100%;--awb-margin-top-large:0px;--awb-spacing-right-large:1.92%;--awb-margin-bottom-large:20px;--awb-spacing-left-large:1.92%;--awb-width-medium:100%;--awb-order-medium:0;--awb-spacing-right-medium:1.92%;--awb-spacing-left-medium:1.92%;--awb-width-small:100%;--awb-order-small:0;--awb-spacing-right-small:1.92%;--awb-spacing-left-small:1.92%;\"><div class=\"fusion-column-wrapper fusion-column-has-shadow fusion-flex-justify-content-flex-start fusion-content-layout-column\"><\/div><\/div><\/div><\/div><\/p>\n","protected":false},"excerpt":{"rendered":"<p>N\u0113<\/p>\n","protected":false},"author":3,"featured_media":0,"parent":0,"menu_order":0,"comment_status":"closed","ping_status":"closed","template":"","meta":{"footnotes":""},"class_list":["post-54189","page","type-page","status-publish","hentry"],"yoast_head":"<!-- This site is optimized with the Yoast SEO Premium plugin v27.5 (Yoast SEO v27.5) - https:\/\/yoast.com\/product\/yoast-seo-premium-wordpress\/ -->\n<title>KaminaKeskus<\/title>\n<meta name=\"description\" content=\"Kaminate, pliitide, ahjude ja korstnate m\u00fc\u00fck\" \/>\n<meta name=\"robots\" content=\"index, follow, max-snippet:-1, max-image-preview:large, max-video-preview:-1\" \/>\n<link rel=\"canonical\" href=\"https:\/\/www.kaminakeskus.ee\/lv\/peletu-kamini-evacalor\/\" \/>\n<meta property=\"og:locale\" content=\"lv_LV\" \/>\n<meta property=\"og:type\" content=\"article\" \/>\n<meta property=\"og:title\" content=\"GRANULU KR\u0100SNIS EVAKALOR - Kaminakeskus | Kaminad, Ahjud, Pliidid, Saunaahjud, Korstnad, Katlad\" \/>\n<meta property=\"og:description\" content=\"Kaminate, pliitide, ahjude ja korstnate m\u00fc\u00fck\" \/>\n<meta property=\"og:url\" content=\"https:\/\/www.kaminakeskus.ee\/lv\/peletu-kamini-evacalor\/\" \/>\n<meta property=\"og:site_name\" content=\"Kaminakeskus | Kaminad, Ahjud, Pliidid, Saunaahjud, Korstnad, Katlad\" \/>\n<meta property=\"article:publisher\" content=\"https:\/\/www.facebook.com\/kaminakeskus\/yoast\" \/>\n<meta property=\"article:modified_time\" content=\"2025-05-29T17:59:34+00:00\" \/>\n<meta name=\"twitter:card\" content=\"summary_large_image\" \/>\n<meta name=\"twitter:label1\" content=\"Est. reading time\" \/>\n\t<meta name=\"twitter:data1\" content=\"6 min\u016btes\" \/>\n<script type=\"application\/ld+json\" class=\"yoast-schema-graph\">{\"@context\":\"https:\\\/\\\/schema.org\",\"@graph\":[{\"@type\":\"WebPage\",\"@id\":\"https:\\\/\\\/www.kaminakeskus.ee\\\/lv\\\/peletu-kamini-evacalor\\\/\",\"url\":\"https:\\\/\\\/www.kaminakeskus.ee\\\/lv\\\/peletu-kamini-evacalor\\\/\",\"name\":\"KaminaKeskus\",\"isPartOf\":{\"@id\":\"https:\\\/\\\/www.kaminakeskus.ee\\\/lv\\\/#website\"},\"datePublished\":\"2021-08-19T09:01:58+00:00\",\"dateModified\":\"2025-05-29T17:59:34+00:00\",\"description\":\"Kaminate, pliitide, ahjude ja korstnate m\u00fc\u00fck\",\"breadcrumb\":{\"@id\":\"https:\\\/\\\/www.kaminakeskus.ee\\\/lv\\\/peletu-kamini-evacalor\\\/#breadcrumb\"},\"inLanguage\":\"lv-LV\",\"potentialAction\":[{\"@type\":\"ReadAction\",\"target\":[\"https:\\\/\\\/www.kaminakeskus.ee\\\/lv\\\/peletu-kamini-evacalor\\\/\"]}]},{\"@type\":\"BreadcrumbList\",\"@id\":\"https:\\\/\\\/www.kaminakeskus.ee\\\/lv\\\/peletu-kamini-evacalor\\\/#breadcrumb\",\"itemListElement\":[{\"@type\":\"ListItem\",\"position\":1,\"name\":\"Home\",\"item\":\"https:\\\/\\\/www.kaminakeskus.ee\\\/lv\\\/\"},{\"@type\":\"ListItem\",\"position\":2,\"name\":\"GRANULU KR\u0100SNIS EVAKALOR\"}]},{\"@type\":\"WebSite\",\"@id\":\"https:\\\/\\\/www.kaminakeskus.ee\\\/lv\\\/#website\",\"url\":\"https:\\\/\\\/www.kaminakeskus.ee\\\/lv\\\/\",\"name\":\"Kaminakeskus | Kaminad, Ahjud, Pliidid, Saunaahjud, Korstnad, Korsten, Moodulkorsten, Katlad\",\"description\":\"Kamin Kaminad Ahi Ahjud Pliit Pliidid Korstnad Katlad\",\"publisher\":{\"@id\":\"https:\\\/\\\/www.kaminakeskus.ee\\\/lv\\\/#organization\"},\"potentialAction\":[{\"@type\":\"SearchAction\",\"target\":{\"@type\":\"EntryPoint\",\"urlTemplate\":\"https:\\\/\\\/www.kaminakeskus.ee\\\/lv\\\/?s={search_term_string}\"},\"query-input\":{\"@type\":\"PropertyValueSpecification\",\"valueRequired\":true,\"valueName\":\"search_term_string\"}}],\"inLanguage\":\"lv-LV\"},{\"@type\":[\"Organization\",\"Place\"],\"@id\":\"https:\\\/\\\/www.kaminakeskus.ee\\\/lv\\\/#organization\",\"name\":\"R\u00e4ndr\u00fc\u00fctel HP O\u00dc\",\"alternateName\":\"KaminaKeskus\",\"url\":\"https:\\\/\\\/www.kaminakeskus.ee\\\/\",\"logo\":{\"@type\":\"ImageObject\",\"inLanguage\":\"lv-LV\",\"@id\":\"https:\\\/\\\/www.kaminakeskus.ee\\\/lv\\\/#\\\/schema\\\/logo\\\/image\\\/\",\"url\":\"https:\\\/\\\/www.kaminakeskus.ee\\\/wp-content\\\/uploads\\\/2026\\\/02\\\/Kaminakeskus-logo-1-1.jpg\",\"contentUrl\":\"https:\\\/\\\/www.kaminakeskus.ee\\\/wp-content\\\/uploads\\\/2026\\\/02\\\/Kaminakeskus-logo-1-1.jpg\",\"width\":2068,\"height\":532,\"caption\":\"R\u00e4ndr\u00fc\u00fctel HP O\u00dc\"},\"image\":{\"@id\":\"https:\\\/\\\/www.kaminakeskus.ee\\\/lv\\\/#\\\/schema\\\/logo\\\/image\\\/\"},\"sameAs\":[\"https:\\\/\\\/www.facebook.com\\\/kaminakeskus\\\/yoast\"],\"description\":\"Sales of fireplaces, chimneys and related goods. Kaminate, ahjude, pliitide, korstnate ja nendega seotud toodete m\u00fc\u00fck.\",\"legalName\":\"R\u00e4ndr\u00fc\u00fctel HP O\u00dc\",\"foundingDate\":\"1997-05-13\",\"leiCode\":\"9845007FC4HB963C8D65\",\"numberOfEmployees\":{\"@type\":\"QuantitativeValue\",\"minValue\":\"1\",\"maxValue\":\"10\"},\"telephone\":[\"+372 5543239\",\"+372 58812360\"],\"contactPoint\":{\"@type\":\"ContactPoint\",\"telephone\":\"+372 5543239\",\"email\":\"kaminakeskus@gmail.com\"},\"email\":\"kaminakeskus@gmail.com\",\"vatID\":\"EE100831739\",\"taxID\":\"10208374\"}]}<\/script>\n<!-- \/ Yoast SEO Premium plugin. -->","yoast_head_json":{"title":"KaminaKeskus","description":"Kaminate, pliitide, ahjude ja korstnate m\u00fc\u00fck","robots":{"index":"index","follow":"follow","max-snippet":"max-snippet:-1","max-image-preview":"max-image-preview:large","max-video-preview":"max-video-preview:-1"},"canonical":"https:\/\/www.kaminakeskus.ee\/lv\/peletu-kamini-evacalor\/","og_locale":"lv_LV","og_type":"article","og_title":"GRANULU KR\u0100SNIS EVAKALOR - Kaminakeskus | Kaminad, Ahjud, Pliidid, Saunaahjud, Korstnad, Katlad","og_description":"Kaminate, pliitide, ahjude ja korstnate m\u00fc\u00fck","og_url":"https:\/\/www.kaminakeskus.ee\/lv\/peletu-kamini-evacalor\/","og_site_name":"Kaminakeskus | Kaminad, Ahjud, Pliidid, Saunaahjud, Korstnad, Katlad","article_publisher":"https:\/\/www.facebook.com\/kaminakeskus\/yoast","article_modified_time":"2025-05-29T17:59:34+00:00","twitter_card":"summary_large_image","twitter_misc":{"Est. reading time":"6 min\u016btes"},"schema":{"@context":"https:\/\/schema.org","@graph":[{"@type":"WebPage","@id":"https:\/\/www.kaminakeskus.ee\/lv\/peletu-kamini-evacalor\/","url":"https:\/\/www.kaminakeskus.ee\/lv\/peletu-kamini-evacalor\/","name":"KaminaKeskus","isPartOf":{"@id":"https:\/\/www.kaminakeskus.ee\/lv\/#website"},"datePublished":"2021-08-19T09:01:58+00:00","dateModified":"2025-05-29T17:59:34+00:00","description":"Kaminate, pliitide, ahjude ja korstnate m\u00fc\u00fck","breadcrumb":{"@id":"https:\/\/www.kaminakeskus.ee\/lv\/peletu-kamini-evacalor\/#breadcrumb"},"inLanguage":"lv-LV","potentialAction":[{"@type":"ReadAction","target":["https:\/\/www.kaminakeskus.ee\/lv\/peletu-kamini-evacalor\/"]}]},{"@type":"BreadcrumbList","@id":"https:\/\/www.kaminakeskus.ee\/lv\/peletu-kamini-evacalor\/#breadcrumb","itemListElement":[{"@type":"ListItem","position":1,"name":"Home","item":"https:\/\/www.kaminakeskus.ee\/lv\/"},{"@type":"ListItem","position":2,"name":"GRANULU KR\u0100SNIS EVAKALOR"}]},{"@type":"WebSite","@id":"https:\/\/www.kaminakeskus.ee\/lv\/#website","url":"https:\/\/www.kaminakeskus.ee\/lv\/","name":"Kaminakeskus | Kaminad, Ahjud, Pliidid, Saunaahjud, Korstnad, Korsten, Moodulkorsten, Katlad","description":"Kamin Kaminad Ahi Ahjud Pliit Pliidid Korstnad Katlad","publisher":{"@id":"https:\/\/www.kaminakeskus.ee\/lv\/#organization"},"potentialAction":[{"@type":"SearchAction","target":{"@type":"EntryPoint","urlTemplate":"https:\/\/www.kaminakeskus.ee\/lv\/?s={search_term_string}"},"query-input":{"@type":"PropertyValueSpecification","valueRequired":true,"valueName":"search_term_string"}}],"inLanguage":"lv-LV"},{"@type":["Organization","Place"],"@id":"https:\/\/www.kaminakeskus.ee\/lv\/#organization","name":"R\u00e4ndr\u00fc\u00fctel HP O\u00dc","alternateName":"KaminaKeskus","url":"https:\/\/www.kaminakeskus.ee\/","logo":{"@type":"ImageObject","inLanguage":"lv-LV","@id":"https:\/\/www.kaminakeskus.ee\/lv\/#\/schema\/logo\/image\/","url":"https:\/\/www.kaminakeskus.ee\/wp-content\/uploads\/2026\/02\/Kaminakeskus-logo-1-1.jpg","contentUrl":"https:\/\/www.kaminakeskus.ee\/wp-content\/uploads\/2026\/02\/Kaminakeskus-logo-1-1.jpg","width":2068,"height":532,"caption":"R\u00e4ndr\u00fc\u00fctel HP O\u00dc"},"image":{"@id":"https:\/\/www.kaminakeskus.ee\/lv\/#\/schema\/logo\/image\/"},"sameAs":["https:\/\/www.facebook.com\/kaminakeskus\/yoast"],"description":"Sales of fireplaces, chimneys and related goods. Kaminate, ahjude, pliitide, korstnate ja nendega seotud toodete m\u00fc\u00fck.","legalName":"R\u00e4ndr\u00fc\u00fctel HP O\u00dc","foundingDate":"1997-05-13","leiCode":"9845007FC4HB963C8D65","numberOfEmployees":{"@type":"QuantitativeValue","minValue":"1","maxValue":"10"},"telephone":["+372 5543239","+372 58812360"],"contactPoint":{"@type":"ContactPoint","telephone":"+372 5543239","email":"kaminakeskus@gmail.com"},"email":"kaminakeskus@gmail.com","vatID":"EE100831739","taxID":"10208374"}]}},"_links":{"self":[{"href":"https:\/\/www.kaminakeskus.ee\/lv\/wp-json\/wp\/v2\/pages\/54189","targetHints":{"allow":["GET"]}}],"collection":[{"href":"https:\/\/www.kaminakeskus.ee\/lv\/wp-json\/wp\/v2\/pages"}],"about":[{"href":"https:\/\/www.kaminakeskus.ee\/lv\/wp-json\/wp\/v2\/types\/page"}],"author":[{"embeddable":true,"href":"https:\/\/www.kaminakeskus.ee\/lv\/wp-json\/wp\/v2\/users\/3"}],"replies":[{"embeddable":true,"href":"https:\/\/www.kaminakeskus.ee\/lv\/wp-json\/wp\/v2\/comments?post=54189"}],"version-history":[{"count":8,"href":"https:\/\/www.kaminakeskus.ee\/lv\/wp-json\/wp\/v2\/pages\/54189\/revisions"}],"predecessor-version":[{"id":83265,"href":"https:\/\/www.kaminakeskus.ee\/lv\/wp-json\/wp\/v2\/pages\/54189\/revisions\/83265"}],"wp:attachment":[{"href":"https:\/\/www.kaminakeskus.ee\/lv\/wp-json\/wp\/v2\/media?parent=54189"}],"curies":[{"name":"wp","href":"https:\/\/api.w.org\/{rel}","templated":true}]}}