{"id":54207,"date":"2021-08-26T12:51:41","date_gmt":"2021-08-26T12:51:41","guid":{"rendered":"https:\/\/www.kaminakeskus.ee\/centralas-apkures-kaminas-core-bef\/"},"modified":"2021-09-02T16:07:11","modified_gmt":"2021-09-02T16:07:11","slug":"centralas-apkures-kaminas-core-bef","status":"publish","type":"page","link":"https:\/\/www.kaminakeskus.ee\/lv\/centralas-apkures-kaminas-core-bef\/","title":{"rendered":"CENTR\u0100L\u0100S APKURES KAM\u012aNAS CORE BEF"},"content":{"rendered":"<p><div class=\"fusion-fullwidth fullwidth-box fusion-builder-row-1 fusion-flex-container hundred-percent-fullwidth non-hundred-percent-height-scrolling\" style=\"--awb-border-radius-top-left:0px;--awb-border-radius-top-right:0px;--awb-border-radius-bottom-right:0px;--awb-border-radius-bottom-left:0px;--awb-margin-top:40px;--awb-flex-wrap:wrap;\" ><div class=\"fusion-builder-row fusion-row fusion-flex-align-items-flex-start fusion-flex-content-wrap\" style=\"width:104% !important;max-width:104% !important;margin-left: calc(-4% \/ 2 );margin-right: calc(-4% \/ 2 );\"><div class=\"fusion-layout-column fusion_builder_column fusion-builder-column-0 fusion_builder_column_1_1 1_1 fusion-flex-column\" style=\"--awb-bg-size:cover;--awb-width-large:100%;--awb-margin-top-large:0px;--awb-spacing-right-large:1.92%;--awb-margin-bottom-large:20px;--awb-spacing-left-large:1.92%;--awb-width-medium:100%;--awb-order-medium:0;--awb-spacing-right-medium:1.92%;--awb-spacing-left-medium:1.92%;--awb-width-small:100%;--awb-order-small:0;--awb-spacing-right-small:1.92%;--awb-spacing-left-small:1.92%;\"><div class=\"fusion-column-wrapper fusion-column-has-shadow fusion-flex-justify-content-flex-start fusion-content-layout-column\"><div class=\"fusion-blog-shortcode fusion-blog-shortcode-1 fusion-blog-archive fusion-blog-layout-grid-wrapper fusion-blog-no\"><style type=\"text\/css\">.fusion-blog-shortcode-1 .fusion-blog-layout-grid .fusion-post-grid{padding:12.5px;}.fusion-blog-shortcode-1 .fusion-posts-container{margin-left: -12.5px !important; margin-right:-12.5px !important;}<\/style><div class=\"fusion-posts-container fusion-posts-container-no fusion-no-meta-info fusion-blog-rollover fusion-blog-layout-grid fusion-blog-layout-grid-4 isotope fusion-blog-equal-heights\" data-pages=\"0\" data-grid-col-space=\"25\" style=\"margin: -12.5px -12.5px 0;min-height:500px;\"><article id=\"blog-1-post-74036\" class=\"fusion-post-grid post-74036 post type-post status-publish format-standard hentry category-centralapkures-kamina-kodols category-centralapkures-kamina-kodols-bef\">\n<div class=\"fusion-post-wrapper\" style=\"background-color:rgba(255,255,255,1);border:1px solid #a82c23;border-bottom-width:3px;\">\n\n<div class=\"fusion-post-content-wrapper\" style=\"padding:30px 25px 25px 25px;\"><div class=\"fusion-post-content post-content\"><h2 class=\"blog-shortcode-post-title entry-title\"><a href=\"https:\/\/www.kaminakeskus.ee\/lv\/keskkutte-kaminasudamik-aquatic-wh-v-80-cp\/\">Keskk\u00fctte kaminas\u00fcdamik\u00a0 AQUATIC WH V 80 CP<\/a><\/h2><div class=\"fusion-post-content-container\"><div id=\"attachment_74015\" style=\"width: 160px\" class=\"wp-caption aligncenter\"><a href=\"https:\/\/www.kaminakeskus.ee\/wp-content\/uploads\/2024\/02\/keskkutte-kaminasudamik-bef-aquatic-wh-v80cp-150x150.jpeg\"><img decoding=\"async\" aria-describedby=\"caption-attachment-74015\" class=\"size-thumbnail wp-image-74015\" src=\"https:\/\/www.kaminakeskus.ee\/wp-content\/uploads\/2024\/02\/keskkutte-kaminasudamik-bef-aquatic-wh-v80cp-150x150.jpeg\" alt=\"\" width=\"150\" height=\"150\" srcset=\"https:\/\/www.kaminakeskus.ee\/wp-content\/uploads\/2024\/02\/keskkutte-kaminasudamik-bef-aquatic-wh-v80cp-66x66.jpeg 66w, https:\/\/www.kaminakeskus.ee\/wp-content\/uploads\/2024\/02\/keskkutte-kaminasudamik-bef-aquatic-wh-v80cp-150x150.jpeg 150w, https:\/\/www.kaminakeskus.ee\/wp-content\/uploads\/2024\/02\/keskkutte-kaminasudamik-bef-aquatic-wh-v80cp-200x200.jpeg 200w, https:\/\/www.kaminakeskus.ee\/wp-content\/uploads\/2024\/02\/keskkutte-kaminasudamik-bef-aquatic-wh-v80cp-300x300.jpeg 300w, https:\/\/www.kaminakeskus.ee\/wp-content\/uploads\/2024\/02\/keskkutte-kaminasudamik-bef-aquatic-wh-v80cp-400x400.jpeg 400w, https:\/\/www.kaminakeskus.ee\/wp-content\/uploads\/2024\/02\/keskkutte-kaminasudamik-bef-aquatic-wh-v80cp-600x600.jpeg 600w, https:\/\/www.kaminakeskus.ee\/wp-content\/uploads\/2024\/02\/keskkutte-kaminasudamik-bef-aquatic-wh-v80cp-768x768.jpeg 768w, https:\/\/www.kaminakeskus.ee\/wp-content\/uploads\/2024\/02\/keskkutte-kaminasudamik-bef-aquatic-wh-v80cp-800x800.jpeg 800w, https:\/\/www.kaminakeskus.ee\/wp-content\/uploads\/2024\/02\/keskkutte-kaminasudamik-bef-aquatic-wh-v80cp-1024x1024.jpeg 1024w, https:\/\/www.kaminakeskus.ee\/wp-content\/uploads\/2024\/02\/keskkutte-kaminasudamik-bef-aquatic-wh-v80cp.jpeg 1200w\" sizes=\"(max-width: 150px) 100vw, 150px\" \/><\/a><p id=\"caption-attachment-74015\" class=\"wp-caption-text\">Keskk\u00fctte kaminas\u00fcdamik\u00a0 AQUATIC WH V 80 CP<\/p><\/div>\n<p style=\"text-align: center;\"><strong>Keskk\u00fctte kaminas\u00fcdamik\u00a0<\/strong><br \/>\n<strong>AQUATIC WH V 80 CP<\/strong><br \/>\nV\u00f5imsus: 14,5 kW<br \/>\nVette: 7,5kW<br \/>\nL\u00f5\u00f5ri l\u00e4bim\u00f5\u00f5t: 180 mm<br \/>\n<a href=\"https:\/\/www.krby-bef.cz\/download\/tl-bef-aquatic-wh-v-80-cp-1367_en.pdf\">Joonis<\/a><br \/>\n<strong>Hind: 5795 EUR<\/strong><\/p>\n<\/div><\/div><\/div><div class=\"fusion-clearfix\"><\/div><\/div>\n<\/article>\n<article id=\"blog-1-post-74040\" class=\"fusion-post-grid post-74040 post type-post status-publish format-standard hentry category-centralapkures-kamina-kodols category-centralapkures-kamina-kodols-bef\">\n<div class=\"fusion-post-wrapper\" style=\"background-color:rgba(255,255,255,1);border:1px solid #a82c23;border-bottom-width:3px;\">\n\n<div class=\"fusion-post-content-wrapper\" style=\"padding:30px 25px 25px 25px;\"><div class=\"fusion-post-content post-content\"><h2 class=\"blog-shortcode-post-title entry-title\"><a href=\"https:\/\/www.kaminakeskus.ee\/lv\/keskkutte-kaminasudamik-aquatic-wh-v-80-cl\/\">Keskk\u00fctte kaminas\u00fcdamik  AQUATIC WH V 80 CL<\/a><\/h2><div class=\"fusion-post-content-container\"><div id=\"attachment_74009\" style=\"width: 160px\" class=\"wp-caption aligncenter\"><a href=\"https:\/\/www.kaminakeskus.ee\/wp-content\/uploads\/2024\/02\/keskkutte-kaminasudamik-bef-aquatic-wh-v80cl-150x150.jpeg\"><img decoding=\"async\" aria-describedby=\"caption-attachment-74009\" class=\"size-thumbnail wp-image-74009\" src=\"https:\/\/www.kaminakeskus.ee\/wp-content\/uploads\/2024\/02\/keskkutte-kaminasudamik-bef-aquatic-wh-v80cl-150x150.jpeg\" alt=\"\" width=\"150\" height=\"150\" srcset=\"https:\/\/www.kaminakeskus.ee\/wp-content\/uploads\/2024\/02\/keskkutte-kaminasudamik-bef-aquatic-wh-v80cl-66x66.jpeg 66w, https:\/\/www.kaminakeskus.ee\/wp-content\/uploads\/2024\/02\/keskkutte-kaminasudamik-bef-aquatic-wh-v80cl-150x150.jpeg 150w, https:\/\/www.kaminakeskus.ee\/wp-content\/uploads\/2024\/02\/keskkutte-kaminasudamik-bef-aquatic-wh-v80cl-200x200.jpeg 200w, https:\/\/www.kaminakeskus.ee\/wp-content\/uploads\/2024\/02\/keskkutte-kaminasudamik-bef-aquatic-wh-v80cl-300x300.jpeg 300w, https:\/\/www.kaminakeskus.ee\/wp-content\/uploads\/2024\/02\/keskkutte-kaminasudamik-bef-aquatic-wh-v80cl-400x400.jpeg 400w, https:\/\/www.kaminakeskus.ee\/wp-content\/uploads\/2024\/02\/keskkutte-kaminasudamik-bef-aquatic-wh-v80cl-600x600.jpeg 600w, https:\/\/www.kaminakeskus.ee\/wp-content\/uploads\/2024\/02\/keskkutte-kaminasudamik-bef-aquatic-wh-v80cl-768x768.jpeg 768w, https:\/\/www.kaminakeskus.ee\/wp-content\/uploads\/2024\/02\/keskkutte-kaminasudamik-bef-aquatic-wh-v80cl-800x800.jpeg 800w, https:\/\/www.kaminakeskus.ee\/wp-content\/uploads\/2024\/02\/keskkutte-kaminasudamik-bef-aquatic-wh-v80cl-1024x1024.jpeg 1024w, https:\/\/www.kaminakeskus.ee\/wp-content\/uploads\/2024\/02\/keskkutte-kaminasudamik-bef-aquatic-wh-v80cl.jpeg 1200w\" sizes=\"(max-width: 150px) 100vw, 150px\" \/><\/a><p id=\"caption-attachment-74009\" class=\"wp-caption-text\">Keskk\u00fctte kaminas\u00fcdamik<br \/>AQUATIC WH V 80 CL<\/p><\/div>\n<p style=\"text-align: center;\"><strong>Keskk\u00fctte kaminas\u00fcdamik\u00a0<\/strong><br \/>\n<strong>AQUATIC WH V 80 CL<\/strong><br \/>\nV\u00f5imsus: 14,5 kW<br \/>\nVette: 7,5kW<br \/>\nL\u00f5\u00f5ri l\u00e4bim\u00f5\u00f5t: 180 mm<br \/>\n<a href=\"https:\/\/www.krby-bef.cz\/download\/tl-bef-aquatic-wh-v-80_-cl-1366_en.pdf\">Joonis<\/a><br \/>\n<strong>Hind: 5795 EUR<\/strong><\/p>\n<\/div><\/div><\/div><div class=\"fusion-clearfix\"><\/div><\/div>\n<\/article>\n<article id=\"blog-1-post-70933\" class=\"fusion-post-grid post-70933 post type-post status-publish format-standard hentry category-centralapkures-kamina-kodols category-centralapkures-kamina-kodols-bef\">\n<div class=\"fusion-post-wrapper\" style=\"background-color:rgba(255,255,255,1);border:1px solid #a82c23;border-bottom-width:3px;\">\n\n<div class=\"fusion-post-content-wrapper\" style=\"padding:30px 25px 25px 25px;\"><div class=\"fusion-post-content post-content\"><h2 class=\"blog-shortcode-post-title entry-title\"><a href=\"https:\/\/www.kaminakeskus.ee\/lv\/keskkutte-kaminasudamik-aquatic-wh-70-cp\/\">Centr\u0101lapkures kam\u012bna serde AQUATIC WH 70 CP<\/a><\/h2><div class=\"fusion-post-content-container\"><div id=\"attachment_70929\" style=\"width: 160px\" class=\"wp-caption aligncenter\"><a href=\"https:\/\/www.kaminakeskus.ee\/wp-content\/uploads\/2023\/09\/keskkutte-kaminasudamik-bef-aquatic-wh-70-cp-150x150.jpeg\"><img decoding=\"async\" aria-describedby=\"caption-attachment-70929\" class=\"size-thumbnail wp-image-70927\" src=\"https:\/\/www.kaminakeskus.ee\/wp-content\/uploads\/2023\/09\/keskkutte-kaminasudamik-bef-aquatic-wh-70-cp-150x150.jpeg\" alt=\"\" width=\"150\" height=\"150\" srcset=\"https:\/\/www.kaminakeskus.ee\/wp-content\/uploads\/2023\/09\/keskkutte-kaminasudamik-bef-aquatic-wh-70-cp-66x66.jpeg 66w, https:\/\/www.kaminakeskus.ee\/wp-content\/uploads\/2023\/09\/keskkutte-kaminasudamik-bef-aquatic-wh-70-cp-150x150.jpeg 150w, https:\/\/www.kaminakeskus.ee\/wp-content\/uploads\/2023\/09\/keskkutte-kaminasudamik-bef-aquatic-wh-70-cp-200x200.jpeg 200w, https:\/\/www.kaminakeskus.ee\/wp-content\/uploads\/2023\/09\/keskkutte-kaminasudamik-bef-aquatic-wh-70-cp-300x300.jpeg 300w, https:\/\/www.kaminakeskus.ee\/wp-content\/uploads\/2023\/09\/keskkutte-kaminasudamik-bef-aquatic-wh-70-cp-400x400.jpeg 400w, https:\/\/www.kaminakeskus.ee\/wp-content\/uploads\/2023\/09\/keskkutte-kaminasudamik-bef-aquatic-wh-70-cp-600x600.jpeg 600w, https:\/\/www.kaminakeskus.ee\/wp-content\/uploads\/2023\/09\/keskkutte-kaminasudamik-bef-aquatic-wh-70-cp.jpeg 750w\" sizes=\"(max-width: 150px) 100vw, 150px\" \/><\/a><p id=\"caption-attachment-70929\" class=\"wp-caption-text\">Centr\u0101lapkures kam\u012bna serde WH 70 CP<\/p><\/div>\n<p style=\"text-align: center;\"><strong>Centr\u0101l\u0101s apkures kam\u012bna serde<br \/>\nAQUATIC WH 70 KP<\/strong><br \/>\nJauda: 11 kw<br \/>\nJauda \u016bdenim: 7 kW<br \/>\nA\/P\/D: 1409\/627\/521 mm<br \/>\nD\u016bme\u0146a diametrs: 150 mm<br \/>\nSvars: 230kg<br \/>\nEfektivit\u0101te: 87%<br \/>\nDubultstiklojums<br \/>\n<a href=\"https:\/\/www.krby-bef.cz\/download\/tl-bef-aquatic-wh-70-cp-1402_en.pdf\">Pl\u0101ns<\/a><br \/>\n<strong>Cena: 4330 EUR<\/strong><\/p>\n<\/div><\/div><\/div><div class=\"fusion-clearfix\"><\/div><\/div>\n<\/article>\n<article id=\"blog-1-post-73924\" class=\"fusion-post-grid post-73924 post type-post status-publish format-standard hentry category-centralapkures-kamina-kodols category-centralapkures-kamina-kodols-bef\">\n<div class=\"fusion-post-wrapper\" style=\"background-color:rgba(255,255,255,1);border:1px solid #a82c23;border-bottom-width:3px;\">\n\n<div class=\"fusion-post-content-wrapper\" style=\"padding:30px 25px 25px 25px;\"><div class=\"fusion-post-content post-content\"><h2 class=\"blog-shortcode-post-title entry-title\"><a href=\"https:\/\/www.kaminakeskus.ee\/lv\/keskkutte-kaminasudamik-bef-aquatic-wh-70-cl\/\">centr\u0101l\u0101 apkure kam\u012bna serde bef aquatic wh 70 cl<\/a><\/h2><div class=\"fusion-post-content-container\"><div id=\"attachment_70923\" style=\"width: 160px\" class=\"wp-caption aligncenter\"><a href=\"https:\/\/www.kaminakeskus.ee\/wp-content\/uploads\/2023\/09\/keskkutte-kaminasudamik-bef-aquatic-wh-70-cl-150x150.jpeg\"><img decoding=\"async\" aria-describedby=\"caption-attachment-70923\" class=\"size-thumbnail wp-image-70921\" src=\"https:\/\/www.kaminakeskus.ee\/wp-content\/uploads\/2023\/09\/keskkutte-kaminasudamik-bef-aquatic-wh-70-cl-150x150.jpeg\" alt=\"\" width=\"150\" height=\"150\" srcset=\"https:\/\/www.kaminakeskus.ee\/wp-content\/uploads\/2023\/09\/keskkutte-kaminasudamik-bef-aquatic-wh-70-cl-66x66.jpeg 66w, https:\/\/www.kaminakeskus.ee\/wp-content\/uploads\/2023\/09\/keskkutte-kaminasudamik-bef-aquatic-wh-70-cl-150x150.jpeg 150w, https:\/\/www.kaminakeskus.ee\/wp-content\/uploads\/2023\/09\/keskkutte-kaminasudamik-bef-aquatic-wh-70-cl-200x200.jpeg 200w, https:\/\/www.kaminakeskus.ee\/wp-content\/uploads\/2023\/09\/keskkutte-kaminasudamik-bef-aquatic-wh-70-cl-300x300.jpeg 300w, https:\/\/www.kaminakeskus.ee\/wp-content\/uploads\/2023\/09\/keskkutte-kaminasudamik-bef-aquatic-wh-70-cl-400x400.jpeg 400w, https:\/\/www.kaminakeskus.ee\/wp-content\/uploads\/2023\/09\/keskkutte-kaminasudamik-bef-aquatic-wh-70-cl-600x600.jpeg 600w, https:\/\/www.kaminakeskus.ee\/wp-content\/uploads\/2023\/09\/keskkutte-kaminasudamik-bef-aquatic-wh-70-cl.jpeg 750w\" sizes=\"(max-width: 150px) 100vw, 150px\" \/><\/a><p id=\"caption-attachment-70923\" class=\"wp-caption-text\">BeF Aquatic WH 70 CL<\/p><\/div>\n<p style=\"text-align: center;\"><strong>Centr\u0101l\u0101s apkures kam\u012bna serde<br \/>\nAQUATIC WH 70 CL<\/strong><br \/>\nJauda: 11 kw<br \/>\nJauda \u016bdenim: 7 kW<br \/>\nA\/P\/D: 1409\/627\/521 mm<br \/>\nD\u016bme\u0146a diametrs: 150 mm<br \/>\nSvars: 230kg<br \/>\nEfektivit\u0101te: 87%<br \/>\nDubultstiklojums<br \/>\n<a href=\"https:\/\/www.krby-bef.cz\/download\/tl-bef-aquatic-wh-70-cl-1404_en.pdf\">Pl\u0101ns<\/a><br \/>\n<strong>Cena: 4330 EUR<\/strong><\/p>\n<\/div><\/div><\/div><div class=\"fusion-clearfix\"><\/div><\/div>\n<\/article>\n<article id=\"blog-1-post-73939\" class=\"fusion-post-grid post-73939 post type-post status-publish format-standard hentry category-centralapkures-kamina-kodols category-centralapkures-kamina-kodols-bef\">\n<div class=\"fusion-post-wrapper\" style=\"background-color:rgba(255,255,255,1);border:1px solid #a82c23;border-bottom-width:3px;\">\n\n<div class=\"fusion-post-content-wrapper\" style=\"padding:30px 25px 25px 25px;\"><div class=\"fusion-post-content post-content\"><h2 class=\"blog-shortcode-post-title entry-title\"><a href=\"https:\/\/www.kaminakeskus.ee\/lv\/keskkutte-kaminasudamik-bef-aquatic-wh-v-70\/\">centr\u0101l\u0101 apkure kam\u012bna serde bef aquatic wh v 70<\/a><\/h2><div class=\"fusion-post-content-container\"><div id=\"attachment_70917\" style=\"width: 160px\" class=\"wp-caption aligncenter\"><a href=\"https:\/\/www.kaminakeskus.ee\/wp-content\/uploads\/2023\/09\/keskkuttesudamik-bef-aquatic-wh-v-70-150x150.jpeg\"><img decoding=\"async\" aria-describedby=\"caption-attachment-70917\" class=\"size-thumbnail wp-image-70915\" src=\"https:\/\/www.kaminakeskus.ee\/wp-content\/uploads\/2023\/09\/keskkuttesudamik-bef-aquatic-wh-v-70-150x150.jpeg\" alt=\"\" width=\"150\" height=\"150\" srcset=\"https:\/\/www.kaminakeskus.ee\/wp-content\/uploads\/2023\/09\/keskkuttesudamik-bef-aquatic-wh-v-70-66x66.jpeg 66w, https:\/\/www.kaminakeskus.ee\/wp-content\/uploads\/2023\/09\/keskkuttesudamik-bef-aquatic-wh-v-70-150x150.jpeg 150w, https:\/\/www.kaminakeskus.ee\/wp-content\/uploads\/2023\/09\/keskkuttesudamik-bef-aquatic-wh-v-70-200x200.jpeg 200w, https:\/\/www.kaminakeskus.ee\/wp-content\/uploads\/2023\/09\/keskkuttesudamik-bef-aquatic-wh-v-70-300x300.jpeg 300w, https:\/\/www.kaminakeskus.ee\/wp-content\/uploads\/2023\/09\/keskkuttesudamik-bef-aquatic-wh-v-70-400x400.jpeg 400w, https:\/\/www.kaminakeskus.ee\/wp-content\/uploads\/2023\/09\/keskkuttesudamik-bef-aquatic-wh-v-70-600x600.jpeg 600w, https:\/\/www.kaminakeskus.ee\/wp-content\/uploads\/2023\/09\/keskkuttesudamik-bef-aquatic-wh-v-70-768x768.jpeg 768w, https:\/\/www.kaminakeskus.ee\/wp-content\/uploads\/2023\/09\/keskkuttesudamik-bef-aquatic-wh-v-70-800x800.jpeg 800w, https:\/\/www.kaminakeskus.ee\/wp-content\/uploads\/2023\/09\/keskkuttesudamik-bef-aquatic-wh-v-70.jpeg 1000w\" sizes=\"(max-width: 150px) 100vw, 150px\" \/><\/a><p id=\"caption-attachment-70917\" class=\"wp-caption-text\">Centr\u0101lapkures kodols BeF Aquatic WH V 70<\/p><\/div>\n<p style=\"text-align: center;\"><strong>Centr\u0101l\u0101s apkures kam\u012bna serde<br \/>\nAQUATIC WH V 70<\/strong><br \/>\nJauda: 11 kw<br \/>\nJauda \u016bdenim: 8 kW<br \/>\nA\/P\/D: 1593\/901\/521 mm<br \/>\nD\u016bme\u0146a diametrs: 150 mm<br \/>\nSvars: 352 kg<br \/>\nEfektivit\u0101te: 87%<br \/>\nDubultstiklojums<br \/>\n<a href=\"https:\/\/www.krby-bef.cz\/download\/tl_bef_aquatic_wh_v_70_000-0001401_en.pdf\">Pl\u0101ns<\/a><br \/>\n<strong>Cena: 4575 EUR<\/strong><\/p>\n<\/div><\/div><\/div><div class=\"fusion-clearfix\"><\/div><\/div>\n<\/article>\n<article id=\"blog-1-post-47642\" class=\"fusion-post-grid post-47642 post type-post status-publish format-standard hentry category-centralapkures-kamina-kodols category-centralapkures-kamina-kodols-bef\">\n<div class=\"fusion-post-wrapper\" style=\"background-color:rgba(255,255,255,1);border:1px solid #a82c23;border-bottom-width:3px;\">\n\n<div class=\"fusion-post-content-wrapper\" style=\"padding:30px 25px 25px 25px;\"><div class=\"fusion-post-content post-content\"><h2 class=\"blog-shortcode-post-title entry-title\"><a href=\"https:\/\/www.kaminakeskus.ee\/lv\/centralapkures-kamina-serde-aquatic-wh-75\/\">Centr\u0101lapkures kam\u012bna serde AQUATIC WH 70<\/a><\/h2><div class=\"fusion-post-content-container\"><div id=\"attachment_59029\" style=\"width: 160px\" class=\"wp-caption aligncenter\"><a href=\"https:\/\/www.kaminakeskus.ee\/wp-content\/uploads\/2019\/03\/keskkytte-kaminasydamik-bef-aquatic-wh-70_b-150x150.jpg\"><img decoding=\"async\" aria-describedby=\"caption-attachment-59029\" class=\"size-thumbnail wp-image-59027\" src=\"https:\/\/www.kaminakeskus.ee\/wp-content\/uploads\/2019\/03\/keskkytte-kaminasydamik-bef-aquatic-wh-70_b-150x150.jpg\" alt=\"\" width=\"150\" height=\"150\" srcset=\"https:\/\/www.kaminakeskus.ee\/wp-content\/uploads\/2019\/03\/keskkytte-kaminasydamik-bef-aquatic-wh-70_b-66x66.jpg 66w, https:\/\/www.kaminakeskus.ee\/wp-content\/uploads\/2019\/03\/keskkytte-kaminasydamik-bef-aquatic-wh-70_b-150x150.jpg 150w, https:\/\/www.kaminakeskus.ee\/wp-content\/uploads\/2019\/03\/keskkytte-kaminasydamik-bef-aquatic-wh-70_b-400x403.jpg 400w, https:\/\/www.kaminakeskus.ee\/wp-content\/uploads\/2019\/03\/keskkytte-kaminasydamik-bef-aquatic-wh-70_b-600x605.jpg 600w, https:\/\/www.kaminakeskus.ee\/wp-content\/uploads\/2019\/03\/keskkytte-kaminasydamik-bef-aquatic-wh-70_b.jpg 700w\" sizes=\"(max-width: 150px) 100vw, 150px\" \/><\/a><p id=\"caption-attachment-59029\" class=\"wp-caption-text\">Centr\u0101lapkures kam\u012bna serde BeF Aquatic WH 70<\/p><\/div>\n<p style=\"text-align: center;\"><strong>Centr\u0101l\u0101s apkures kam\u012bna serde<br \/>\nAQUATIC WH 70<\/strong><br \/>\nJauda: 11 kw<br \/>\nK \/ L \/ S: 1410\/740 \/ 503 mm<br \/>\nD\u016bme\u0146a diametrs: 150 mm<br \/>\nSvars: 279 kg<br \/>\nEfektivit\u0101te: 87%<br \/>\nDubultstiklojums<br \/>\n<a href=\"https:\/\/www.krby-bef.cz\/download\/tl_bef_aquatic_wh_70_000-0001401_en.pdf\">Pl\u0101ns<\/a><br \/>\n<strong>Cena: 3599 EUR<\/strong><\/p>\n<\/div><\/div><\/div><div class=\"fusion-clearfix\"><\/div><\/div>\n<\/article>\n<article id=\"blog-1-post-47629\" class=\"fusion-post-grid post-47629 post type-post status-publish format-standard hentry category-centralapkures-kamina-kodols category-centralapkures-kamina-kodols-bef\">\n<div class=\"fusion-post-wrapper\" style=\"background-color:rgba(255,255,255,1);border:1px solid #a82c23;border-bottom-width:3px;\">\n\n<div class=\"fusion-post-content-wrapper\" style=\"padding:30px 25px 25px 25px;\"><div class=\"fusion-post-content post-content\"><h2 class=\"blog-shortcode-post-title entry-title\"><a href=\"https:\/\/www.kaminakeskus.ee\/lv\/centralapkures-kamina-serde-aquatic-wh-v-100\/\">Centr\u0101lapkures kam\u012bna serde AQUATIC WH V 100<\/a><\/h2><div class=\"fusion-post-content-container\"><div id=\"attachment_39093\" style=\"width: 160px\" class=\"wp-caption aligncenter\"><a href=\"https:\/\/www.kaminakeskus.ee\/wp-content\/uploads\/2019\/03\/Keskk%C3%BCtte-kaminas%C3%BCdamik-AQUATIC-WH-V-100.jpg\"><img decoding=\"async\" aria-describedby=\"caption-attachment-39093\" class=\"size-thumbnail wp-image-23138\" src=\"https:\/\/www.kaminakeskus.ee\/wp-content\/uploads\/2019\/03\/Keskk%C3%BCtte-kaminas%C3%BCdamik-AQUATIC-WH-V-100-150x150.jpg\" alt=\"\" width=\"150\" height=\"150\"><\/a><p id=\"caption-attachment-39093\" class=\"wp-caption-text\">Centr\u0101lapkures kam\u012bna serde AQUATIC WH V 100<\/p><\/div>\n<p style=\"text-align: center;\"><strong>Centr\u0101l\u0101s apkures kam\u012bna serde<br \/>\n\u016aDENS WH WH 100<\/strong><br \/>\nJauda: 14,5 \/ 9,5 kw<br \/>\nK \/ L \/ S: 1423\/1020 \/ 510mm<br \/>\nD\u016bme\u0146a diametrs: 200 mm<br \/>\nSvars: 343kg<br \/>\nDubultstiklojums<br \/>\n<a href=\"http:\/\/www.krby-bef.cz\/download\/tl-aquatic-wh-v-100-1301_en.pdf\">Pl\u0101ns<\/a><br \/>\n<strong>Cena: 5368 EUR<br \/>\n<\/strong><\/p>\n<\/div><\/div><\/div><div class=\"fusion-clearfix\"><\/div><\/div>\n<\/article>\n<article id=\"blog-1-post-47386\" class=\"fusion-post-grid post-47386 post type-post status-publish format-standard hentry category-centralapkures-kamina-kodols category-centralapkures-kamina-kodols-bef category-kamini\">\n<div class=\"fusion-post-wrapper\" style=\"background-color:rgba(255,255,255,1);border:1px solid #a82c23;border-bottom-width:3px;\">\n\n<div class=\"fusion-post-content-wrapper\" style=\"padding:30px 25px 25px 25px;\"><div class=\"fusion-post-content post-content\"><h2 class=\"blog-shortcode-post-title entry-title\"><a href=\"https:\/\/www.kaminakeskus.ee\/lv\/centralapkures-kamina-serdena-aqualite-6\/\">Centr\u0101lapkures kam\u012bna serde bef Aqualite 6<\/a><\/h2><div class=\"fusion-post-content-container\"><div id=\"attachment_39057\" style=\"width: 160px\" class=\"wp-caption aligncenter\"><a href=\"https:\/\/www.kaminakeskus.ee\/wp-content\/uploads\/2019\/03\/Keskk%C3%BCtte-kaminas%C3%BCdamik-aqualite-6.jpg\"><img decoding=\"async\" aria-describedby=\"caption-attachment-39057\" class=\"size-thumbnail wp-image-23108\" src=\"https:\/\/www.kaminakeskus.ee\/wp-content\/uploads\/2019\/03\/Keskk%C3%BCtte-kaminas%C3%BCdamik-aqualite-6-150x150.jpg\" alt=\"\" width=\"150\" height=\"150\"><\/a><p id=\"caption-attachment-39057\" class=\"wp-caption-text\">Centr\u0101lapkures kam\u012bna serde\u0146a Aqualite 6<\/p><\/div>\n<p style=\"text-align: center;\"><strong>Centr\u0101l\u0101s apkures kam\u012bna serde <\/strong><br \/>\n<strong>Aqualite 6<\/strong><br \/>\nJauda: 8 kW<br \/>\nVette: 6,2 kW<br \/>\nK \/ L \/ S: 1314\/610\/510 mm<br \/>\nD\u016bme\u0146a diametrs: 150 mm<br \/>\nSvars: 231kg<br \/>\nAr tr\u012bsk\u0101r\u0161u stiklojumu<br \/>\n<a href=\"https:\/\/www.krby-bef.cz\/download\/tl-bef-aqualite-6-1582_en.pdf\">Projekts<\/a><br \/>\n <strong>Cena: 3050 EUR<\/strong><\/p>\n<\/div><\/div><\/div><div class=\"fusion-clearfix\"><\/div><\/div>\n<\/article>\n<article id=\"blog-1-post-47435\" class=\"fusion-post-grid post-47435 post type-post status-publish format-standard hentry category-centralapkures-kamina-kodols category-centralapkures-kamina-kodols-bef category-kamini\">\n<div class=\"fusion-post-wrapper\" style=\"background-color:rgba(255,255,255,1);border:1px solid #a82c23;border-bottom-width:3px;\">\n\n<div class=\"fusion-post-content-wrapper\" style=\"padding:30px 25px 25px 25px;\"><div class=\"fusion-post-content post-content\"><h2 class=\"blog-shortcode-post-title entry-title\"><a href=\"https:\/\/www.kaminakeskus.ee\/lv\/centralapkures-kamina-serde-aqualite-7\/\">Centr\u0101lapkures kam\u012bna serde bef AQUALITE 7<\/a><\/h2><div class=\"fusion-post-content-container\"><div id=\"attachment_39053\" style=\"width: 160px\" class=\"wp-caption aligncenter\"><a href=\"https:\/\/www.kaminakeskus.ee\/wp-content\/uploads\/2019\/03\/Keskk%C3%BCtte-kaminas%C3%BCdamik-BeF-Aqua-Lite-7.jpg\"><img decoding=\"async\" aria-describedby=\"caption-attachment-39053\" class=\"size-thumbnail wp-image-23105\" src=\"https:\/\/www.kaminakeskus.ee\/wp-content\/uploads\/2019\/03\/Keskk%C3%BCtte-kaminas%C3%BCdamik-BeF-Aqua-Lite-7-150x150.jpg\" alt=\"\" width=\"150\" height=\"150\"><\/a><p id=\"caption-attachment-39053\" class=\"wp-caption-text\">Centr\u0101lapkures kam\u012bna serde Aqualite 7<\/p><\/div>\n<p style=\"text-align: center;\"><strong>Centr\u0101l\u0101s apkures kam\u012bna serde <\/strong><br \/>\n<strong>Aqualite 7<\/strong><br \/>\nJauda: 14 kW<br \/>\nVette: 8,5 kW<br \/>\nK \/ L \/ S: 1314\/610\/510 mm<br \/>\nD\u016bme\u0146a diametrs: 150 mm<br \/>\nSvars: 231kg<br \/>\nAr tr\u012bsk\u0101r\u0161u stiklojumu<br \/>\n<a href=\"https:\/\/www.krby-bef.cz\/download\/tl-bef-aqualite-7-1583_en.pdf\">Pl\u0101ns<\/a><br \/>\n<strong>Cena: 3233 EUR<\/strong><\/p>\n<\/div><\/div><\/div><div class=\"fusion-clearfix\"><\/div><\/div>\n<\/article>\n<article id=\"blog-1-post-47486\" class=\"fusion-post-grid post-47486 post type-post status-publish format-standard hentry category-centralapkures-kamina-kodols category-centralapkures-kamina-kodols-bef\">\n<div class=\"fusion-post-wrapper\" style=\"background-color:rgba(255,255,255,1);border:1px solid #a82c23;border-bottom-width:3px;\">\n\n<div class=\"fusion-post-content-wrapper\" style=\"padding:30px 25px 25px 25px;\"><div class=\"fusion-post-content post-content\"><h2 class=\"blog-shortcode-post-title entry-title\"><a href=\"https:\/\/www.kaminakeskus.ee\/lv\/centralapkures-kamina-serde-aquatic-wh-450\/\">Centr\u0101lapkures kam\u012bna serde AQUATIC WH 450<\/a><\/h2><div class=\"fusion-post-content-container\"><div id=\"attachment_39037\" style=\"width: 160px\" class=\"wp-caption alignleft\"><a href=\"https:\/\/www.kaminakeskus.ee\/wp-content\/uploads\/2019\/03\/Keskk%C3%BCtte-kaminas%C3%BCdamik-BeF-Aquatic-WH-450.jpg\"><img decoding=\"async\" aria-describedby=\"caption-attachment-39037\" class=\"size-thumbnail wp-image-23058\" src=\"https:\/\/www.kaminakeskus.ee\/wp-content\/uploads\/2019\/03\/Keskk%C3%BCtte-kaminas%C3%BCdamik-BeF-Aquatic-WH-450-150x150.jpg\" alt=\"\" width=\"150\" height=\"150\"><\/a><p id=\"caption-attachment-39037\" class=\"wp-caption-text\">Centr\u0101l\u0101s apkures kam\u012bna serde\u0146\u0161 BeF Aquatic WH 450<\/p><\/div>\n<p><strong>Centr\u0101l\u0101s apkures kam\u012bna serde<br \/>\n\u016adens WH 450<\/strong><br \/>\nKop\u0113j\u0101 jauda: 7,8kW<br \/>\nVette: 5,8 kW<br \/>\nSvars: 246 kg<br \/>\n<a href=\"https:\/\/www.krby-bef.cz\/download\/tl-bef-aquatic-wh-450-1706_en.pdf\">Pl\u0101ns<\/a><br \/>\n<strong>Cena: 3294 EUR<\/strong><\/p>\n<\/div><\/div><\/div><div class=\"fusion-clearfix\"><\/div><\/div>\n<\/article>\n<article id=\"blog-1-post-47471\" class=\"fusion-post-grid post-47471 post type-post status-publish format-standard hentry category-centralapkures-kamina-kodols category-centralapkures-kamina-kodols-bef\">\n<div class=\"fusion-post-wrapper\" style=\"background-color:rgba(255,255,255,1);border:1px solid #a82c23;border-bottom-width:3px;\">\n\n<div class=\"fusion-post-content-wrapper\" style=\"padding:30px 25px 25px 25px;\"><div class=\"fusion-post-content post-content\"><h2 class=\"blog-shortcode-post-title entry-title\"><a href=\"https:\/\/www.kaminakeskus.ee\/lv\/centralapkures-kamina-serde-aquatic-wh-450-e\/\">Centr\u0101lapkures kam\u012bna serde AQUATIC WH 450 E<\/a><\/h2><div class=\"fusion-post-content-container\"><div id=\"attachment_39033\" style=\"width: 160px\" class=\"wp-caption aligncenter\"><a href=\"https:\/\/www.kaminakeskus.ee\/wp-content\/uploads\/2019\/03\/Keskk%C3%BCtte-kaminas%C3%BCdamik-Aquatic-WH-450-E.jpg\"><img decoding=\"async\" aria-describedby=\"caption-attachment-39033\" class=\"size-thumbnail wp-image-23055\" src=\"https:\/\/www.kaminakeskus.ee\/wp-content\/uploads\/2019\/03\/Keskk%C3%BCtte-kaminas%C3%BCdamik-Aquatic-WH-450-E-150x150.jpg\" alt=\"\" width=\"150\" height=\"150\"><\/a><p id=\"caption-attachment-39033\" class=\"wp-caption-text\">Centr\u0101lapkures kam\u012bna serde Aquatic WH 450 E<\/p><\/div>\n<p style=\"text-align: center;\"><strong>Centr\u0101l\u0101s apkures kam\u012bna serde<br \/>\n\u016adens WH 450 E<\/strong><br \/>\nKop\u0113j\u0101 jauda: 7,8kW<br \/>\nVette: 5,8 kW<br \/>\nSvars: 232 kg<br \/>\n<a href=\"https:\/\/www.krby-bef.cz\/download\/tl-bef-aquatic-wh-450-e-1708_en.pdf\">Pl\u0101ns<\/a><br \/>\n<strong>Cena: 3904 EUR<\/strong><\/p>\n<\/div><\/div><\/div><div class=\"fusion-clearfix\"><\/div><\/div>\n<\/article>\n<article id=\"blog-1-post-47416\" class=\"fusion-post-grid post-47416 post type-post status-publish format-standard hentry category-centralapkures-kamina-kodols category-centralapkures-kamina-kodols-bef\">\n<div class=\"fusion-post-wrapper\" style=\"background-color:rgba(255,255,255,1);border:1px solid #a82c23;border-bottom-width:3px;\">\n\n<div class=\"fusion-post-content-wrapper\" style=\"padding:30px 25px 25px 25px;\"><div class=\"fusion-post-content post-content\"><h2 class=\"blog-shortcode-post-title entry-title\"><a href=\"https:\/\/www.kaminakeskus.ee\/lv\/centralapkures-kamina-serde-bef-aquatic-wh-80\/\">Centr\u0101lapkures kam\u012bna serde BEF AQUATIC WH 80<\/a><\/h2><div class=\"fusion-post-content-container\"><div id=\"attachment_39001\" style=\"width: 160px\" class=\"wp-caption aligncenter\"><a href=\"https:\/\/www.kaminakeskus.ee\/wp-content\/uploads\/2019\/03\/keskk%C3%BCtte-kaminas%C3%BCdamik-bef-aquatic-wh80.jpg\"><img decoding=\"async\" aria-describedby=\"caption-attachment-39001\" class=\"size-thumbnail wp-image-23030\" src=\"https:\/\/www.kaminakeskus.ee\/wp-content\/uploads\/2019\/03\/keskk%C3%BCtte-kaminas%C3%BCdamik-bef-aquatic-wh80-150x150.jpg\" alt=\"\" width=\"150\" height=\"150\"><\/a><p id=\"caption-attachment-39001\" class=\"wp-caption-text\">Centr\u0101lapkures kam\u012bna serde AQUATIC WH 80<\/p><\/div>\n<p style=\"text-align: center;\"><strong>Centr\u0101l\u0101s apkures kam\u012bna serde <\/strong><br \/>\n<strong>\u016aDENS WH 80<\/strong><br \/>\nJauda: 9-16 kW<br \/>\nVette: 10kW<br \/>\nAugstums: 1444 mm<br \/>\nPlatums: 790 mm<br \/>\nDzi\u013cums: 510 mm<br \/>\nSkurste\u0146a diametrs: 180 mm<br \/>\n<a href=\"https:\/\/www.krby-bef.cz\/download\/tl-bef-aquatic-wh-80-1360_en.pdf\">Pl\u0101ns<\/a><br \/>\n<strong>Cena: 4148 EUR<\/strong><\/p>\n<\/div><\/div><\/div><div class=\"fusion-clearfix\"><\/div><\/div>\n<\/article>\n<article id=\"blog-1-post-47484\" class=\"fusion-post-grid post-47484 post type-post status-publish format-standard hentry category-centralapkures-kamina-kodols category-centralapkures-kamina-kodols-bef\">\n<div class=\"fusion-post-wrapper\" style=\"background-color:rgba(255,255,255,1);border:1px solid #a82c23;border-bottom-width:3px;\">\n\n<div class=\"fusion-post-content-wrapper\" style=\"padding:30px 25px 25px 25px;\"><div class=\"fusion-post-content post-content\"><h2 class=\"blog-shortcode-post-title entry-title\"><a href=\"https:\/\/www.kaminakeskus.ee\/lv\/centralapkures-kamina-serde-bef-aquatic-wh-80-cl\/\">Centr\u0101lapkures kam\u012bna serde BEF AQUATIC WH 80 CL<\/a><\/h2><div class=\"fusion-post-content-container\"><div id=\"attachment_38997\" style=\"width: 160px\" class=\"wp-caption aligncenter\"><a href=\"https:\/\/www.kaminakeskus.ee\/wp-content\/uploads\/2019\/03\/keskk%C3%BCtte-kaminas%C3%BCdamik-bef-aquatic-wh80cl.jpg\"><img decoding=\"async\" aria-describedby=\"caption-attachment-38997\" class=\"size-thumbnail wp-image-23027\" src=\"https:\/\/www.kaminakeskus.ee\/wp-content\/uploads\/2019\/03\/keskk%C3%BCtte-kaminas%C3%BCdamik-bef-aquatic-wh80cl-150x150.jpg\" alt=\"\" width=\"150\" height=\"150\"><\/a><p id=\"caption-attachment-38997\" class=\"wp-caption-text\">Centr\u0101lapkures kam\u012bna serde AQUATIC WH 80 CL<\/p><\/div>\n<p style=\"text-align: center;\"><strong>Centr\u0101l\u0101s apkures kam\u012bna serde <\/strong><br \/>\n<strong>\u016aDENS WH 80 CL<\/strong><br \/>\nJauda: 14,5 kW<br \/>\nVette: 7,5 kW<br \/>\nAugstums: 1444 mm<br \/>\nPlatums: 677 mm<br \/>\nDzi\u013cums: 510 mm<br \/>\nSkurste\u0146a diametrs: 180 mm<br \/>\n<a href=\"https:\/\/www.krby-bef.cz\/download\/tl-bef-aquatic-wh-80-cl-1364_en.pdf\">Pl\u0101ns<\/a><br \/>\n<strong>Cena: 4880 EUR<\/strong><\/p>\n<\/div><\/div><\/div><div class=\"fusion-clearfix\"><\/div><\/div>\n<\/article>\n<article id=\"blog-1-post-47447\" class=\"fusion-post-grid post-47447 post type-post status-publish format-standard hentry category-centralapkures-kamina-kodols category-centralapkures-kamina-kodols-bef\">\n<div class=\"fusion-post-wrapper\" style=\"background-color:rgba(255,255,255,1);border:1px solid #a82c23;border-bottom-width:3px;\">\n\n<div class=\"fusion-post-content-wrapper\" style=\"padding:30px 25px 25px 25px;\"><div class=\"fusion-post-content post-content\"><h2 class=\"blog-shortcode-post-title entry-title\"><a href=\"https:\/\/www.kaminakeskus.ee\/lv\/centralapkures-kamina-serde-bef-aquatic-wh-80-cp\/\">Centr\u0101lapkures kam\u012bna serde BEF AQUATIC WH 80 CP<\/a><\/h2><div class=\"fusion-post-content-container\"><div id=\"attachment_38993\" style=\"width: 160px\" class=\"wp-caption aligncenter\"><a href=\"https:\/\/www.kaminakeskus.ee\/wp-content\/uploads\/2019\/03\/keskk%C3%BCtte-kaminas%C3%BCdamik-bef-aquatic-wh80cp.jpg\"><img decoding=\"async\" aria-describedby=\"caption-attachment-38993\" class=\"size-thumbnail wp-image-23020\" src=\"https:\/\/www.kaminakeskus.ee\/wp-content\/uploads\/2019\/03\/keskk%C3%BCtte-kaminas%C3%BCdamik-bef-aquatic-wh80cp-150x150.jpg\" alt=\"\" width=\"150\" height=\"150\"><\/a><p id=\"caption-attachment-38993\" class=\"wp-caption-text\">Centr\u0101lapkures kam\u012bna serde AQUATIC WH 80 CP<\/p><\/div>\n<p style=\"text-align: center;\"><strong>Centr\u0101l\u0101s apkures kam\u012bna serde <\/strong><br \/>\n<strong>\u016aDENS WH WH 80 KP<\/strong><br \/>\nJauda: 14,5 kW<br \/>\nVette: 7,5 kW<br \/>\nAugstums: 1444 mm<br \/>\nPlatums: 677 mm<br \/>\nDzi\u013cums: 510 mm<br \/>\nSkurste\u0146a diametrs: 180 mm<br \/>\n<a href=\"https:\/\/www.krby-bef.cz\/download\/tl-bef-aquatic-wh-80-cp-1365_en.pdf\">Pl\u0101ns<\/a><br \/>\n<strong>Cena: 4880 EUR<\/strong><\/p>\n<\/div><\/div><\/div><div class=\"fusion-clearfix\"><\/div><\/div>\n<\/article>\n<article id=\"blog-1-post-47445\" class=\"fusion-post-grid post-47445 post type-post status-publish format-standard hentry category-centralapkures-kamina-kodols category-centralapkures-kamina-kodols-bef\">\n<div class=\"fusion-post-wrapper\" style=\"background-color:rgba(255,255,255,1);border:1px solid #a82c23;border-bottom-width:3px;\">\n\n<div class=\"fusion-post-content-wrapper\" style=\"padding:30px 25px 25px 25px;\"><div class=\"fusion-post-content post-content\"><h2 class=\"blog-shortcode-post-title entry-title\"><a href=\"https:\/\/www.kaminakeskus.ee\/lv\/centralas-apkures-kamina-serde-bef-aquatic-wh-85\/\">Centr\u0101l\u0101s apkures kam\u012bna serde BEF AQUATIC WH 85<\/a><\/h2><div class=\"fusion-post-content-container\"><div id=\"attachment_38989\" style=\"width: 160px\" class=\"wp-caption alignleft\"><a href=\"https:\/\/www.kaminakeskus.ee\/wp-content\/uploads\/2019\/03\/keskk%C3%BCtte-kaminas%C3%BCdamik-bef-aquatic-wh-85.jpg\"><img decoding=\"async\" aria-describedby=\"caption-attachment-38989\" class=\"size-thumbnail wp-image-23017\" src=\"https:\/\/www.kaminakeskus.ee\/wp-content\/uploads\/2019\/03\/keskk%C3%BCtte-kaminas%C3%BCdamik-bef-aquatic-wh-85-150x150.jpg\" alt=\"\" width=\"150\" height=\"150\"><\/a><p id=\"caption-attachment-38989\" class=\"wp-caption-text\">Centr\u0101lapkures kam\u012bna serde AQUATIC WH 85<\/p><\/div>\n<p><strong>Centr\u0101l\u0101s apkures kam\u012bna serde <\/strong><br \/>\n<strong>\u016aDENS WH 85<\/strong><br \/>\nJauda: 22 kW<br \/>\nVette: 16 kW<br \/>\nAugstums: 1444 mm<br \/>\nPlatums: 800 mm<br \/>\nDzi\u013cums: 510 mm<br \/>\nSkurste\u0146a diametrs: 180 mm<br \/>\n<strong>Cena: 2836 EUR<\/strong><\/p>\n<\/div><\/div><\/div><div class=\"fusion-clearfix\"><\/div><\/div>\n<\/article>\n<article id=\"blog-1-post-47497\" class=\"fusion-post-grid post-47497 post type-post status-publish format-standard hentry category-centralapkures-kamina-kodols category-centralapkures-kamina-kodols-bef\">\n<div class=\"fusion-post-wrapper\" style=\"background-color:rgba(255,255,255,1);border:1px solid #a82c23;border-bottom-width:3px;\">\n\n<div class=\"fusion-post-content-wrapper\" style=\"padding:30px 25px 25px 25px;\"><div class=\"fusion-post-content post-content\"><h2 class=\"blog-shortcode-post-title entry-title\"><a href=\"https:\/\/www.kaminakeskus.ee\/lv\/centralapkures-kamina-serde-bef-aquatic-wh-v-450\/\">Centr\u0101lapkures kam\u012bna serde BEF AQUATIC WH V 450<\/a><\/h2><div class=\"fusion-post-content-container\"><div id=\"attachment_38985\" style=\"width: 160px\" class=\"wp-caption aligncenter\"><a href=\"https:\/\/www.kaminakeskus.ee\/wp-content\/uploads\/2019\/03\/Keskk%C3%BCtte-kaminas%C3%BCdamik-BeF-Aquatic-WH-V-450.jpg\"><img decoding=\"async\" aria-describedby=\"caption-attachment-38985\" class=\"size-thumbnail wp-image-23013\" src=\"https:\/\/www.kaminakeskus.ee\/wp-content\/uploads\/2019\/03\/Keskk%C3%BCtte-kaminas%C3%BCdamik-BeF-Aquatic-WH-V-450-150x150.jpg\" alt=\"\" width=\"150\" height=\"150\"><\/a><p id=\"caption-attachment-38985\" class=\"wp-caption-text\">Centr\u0101l\u0101s apkures kam\u012bna serde BeF Aquatic WH V 450<\/p><\/div>\n<p style=\"text-align: center;\"><strong>Centr\u0101l\u0101s apkures kam\u012bna serde<br \/>\n\u016adens WH V 450<\/strong><br \/>\nKop\u0113j\u0101 jauda: 7,8kW<br \/>\nVette: 5,8 kW<br \/>\nSvars: 326 kg<br \/>\n<a href=\"https:\/\/www.krby-bef.cz\/download\/tl-bef-aquatic-wh-v-450-1707_en.pdf\">Pl\u0101ns<\/a><br \/>\n<strong>Cena: 4385 EUR<\/strong><\/p>\n<\/div><\/div><\/div><div class=\"fusion-clearfix\"><\/div><\/div>\n<\/article>\n<article id=\"blog-1-post-47466\" class=\"fusion-post-grid post-47466 post type-post status-publish format-standard hentry category-centralapkures-kamina-kodols category-centralapkures-kamina-kodols-bef\">\n<div class=\"fusion-post-wrapper\" style=\"background-color:rgba(255,255,255,1);border:1px solid #a82c23;border-bottom-width:3px;\">\n\n<div class=\"fusion-post-content-wrapper\" style=\"padding:30px 25px 25px 25px;\"><div class=\"fusion-post-content post-content\"><h2 class=\"blog-shortcode-post-title entry-title\"><a href=\"https:\/\/www.kaminakeskus.ee\/lv\/centralapkures-kamina-serde-bef-aquatic-wh-v-450-e\/\">Centr\u0101lapkures kam\u012bna serde BEF AQUATIC WH V 450 E<\/a><\/h2><div class=\"fusion-post-content-container\"><div id=\"attachment_38981\" style=\"width: 160px\" class=\"wp-caption aligncenter\"><a href=\"https:\/\/www.kaminakeskus.ee\/wp-content\/uploads\/2019\/03\/Keskk%C3%BCtte-kaminas%C3%BCdamik-Aquatic-WH-V-450-E.jpg\"><img decoding=\"async\" aria-describedby=\"caption-attachment-38981\" class=\"size-thumbnail wp-image-23010\" src=\"https:\/\/www.kaminakeskus.ee\/wp-content\/uploads\/2019\/03\/Keskk%C3%BCtte-kaminas%C3%BCdamik-Aquatic-WH-V-450-E-150x150.jpg\" alt=\"\" width=\"150\" height=\"150\"><\/a><p id=\"caption-attachment-38981\" class=\"wp-caption-text\">Centr\u0101lapkures kam\u012bna serde Aquatic WH V 450 E<\/p><\/div>\n<p style=\"text-align: center;\"><strong>Centr\u0101l\u0101s apkures kam\u012bna serde<br \/>\n\u016adens WH V 450 E<\/strong><br \/>\nKop\u0113j\u0101 jauda: 7,8kW<br \/>\nVette: 5,8 kW<br \/>\nSvars: 325 kg<br \/>\n<a href=\"https:\/\/www.krby-bef.cz\/download\/tl-bef-aquatic-wh-v-450-e-1709_en.pdf\">Pl\u0101ns<\/a><br \/>\n<strong>Cena: 5478 EUR<\/strong><\/p>\n<\/div><\/div><\/div><div class=\"fusion-clearfix\"><\/div><\/div>\n<\/article>\n<div class=\"fusion-clearfix\"><\/div><\/div><\/div><\/div><\/div><\/div><\/div><div class=\"fusion-fullwidth fullwidth-box fusion-builder-row-2 fusion-flex-container nonhundred-percent-fullwidth non-hundred-percent-height-scrolling\" style=\"--awb-border-radius-top-left:0px;--awb-border-radius-top-right:0px;--awb-border-radius-bottom-right:0px;--awb-border-radius-bottom-left:0px;--awb-flex-wrap:wrap;\" ><div class=\"fusion-builder-row fusion-row fusion-flex-align-items-flex-start fusion-flex-content-wrap\" style=\"max-width:2392px;margin-left: calc(-4% \/ 2 );margin-right: calc(-4% \/ 2 );\"><div class=\"fusion-layout-column fusion_builder_column fusion-builder-column-1 fusion_builder_column_1_1 1_1 fusion-flex-column\" style=\"--awb-bg-size:cover;--awb-width-large:100%;--awb-margin-top-large:0px;--awb-spacing-right-large:1.92%;--awb-margin-bottom-large:20px;--awb-spacing-left-large:1.92%;--awb-width-medium:100%;--awb-order-medium:0;--awb-spacing-right-medium:1.92%;--awb-spacing-left-medium:1.92%;--awb-width-small:100%;--awb-order-small:0;--awb-spacing-right-small:1.92%;--awb-spacing-left-small:1.92%;\"><div class=\"fusion-column-wrapper fusion-column-has-shadow fusion-flex-justify-content-flex-start fusion-content-layout-column\"><\/div><\/div><\/div><\/div><\/p>\n","protected":false},"excerpt":{"rendered":"","protected":false},"author":3,"featured_media":0,"parent":0,"menu_order":0,"comment_status":"closed","ping_status":"closed","template":"","meta":{"footnotes":""},"class_list":["post-54207","page","type-page","status-publish","hentry"],"yoast_head":"<!-- This site is optimized with the Yoast SEO Premium plugin v27.5 (Yoast SEO v27.5) - https:\/\/yoast.com\/product\/yoast-seo-premium-wordpress\/ -->\n<title>KaminaKeskus<\/title>\n<meta name=\"description\" content=\"Kaminate, pliitide, ahjude ja korstnate m\u00fc\u00fck\" \/>\n<meta name=\"robots\" content=\"index, follow, max-snippet:-1, max-image-preview:large, max-video-preview:-1\" \/>\n<link rel=\"canonical\" href=\"https:\/\/www.kaminakeskus.ee\/lv\/centralas-apkures-kaminas-core-bef\/\" \/>\n<meta property=\"og:locale\" content=\"lv_LV\" \/>\n<meta property=\"og:type\" content=\"article\" \/>\n<meta property=\"og:title\" content=\"CENTR\u0100L\u0100S APKURES KAM\u012aNAS CORE BEF - Kaminakeskus | Kaminad, Ahjud, Pliidid, Saunaahjud, Korstnad, Katlad\" \/>\n<meta property=\"og:description\" content=\"Kaminate, pliitide, ahjude ja korstnate m\u00fc\u00fck\" \/>\n<meta property=\"og:url\" content=\"https:\/\/www.kaminakeskus.ee\/lv\/centralas-apkures-kaminas-core-bef\/\" \/>\n<meta property=\"og:site_name\" content=\"Kaminakeskus | Kaminad, Ahjud, Pliidid, Saunaahjud, Korstnad, Katlad\" \/>\n<meta property=\"article:publisher\" content=\"https:\/\/www.facebook.com\/kaminakeskus\/yoast\" \/>\n<meta property=\"article:modified_time\" content=\"2021-09-02T16:07:11+00:00\" \/>\n<meta name=\"twitter:card\" content=\"summary_large_image\" \/>\n<meta name=\"twitter:label1\" content=\"Est. reading time\" \/>\n\t<meta name=\"twitter:data1\" content=\"6 min\u016btes\" \/>\n<script type=\"application\/ld+json\" class=\"yoast-schema-graph\">{\"@context\":\"https:\\\/\\\/schema.org\",\"@graph\":[{\"@type\":\"WebPage\",\"@id\":\"https:\\\/\\\/www.kaminakeskus.ee\\\/lv\\\/centralas-apkures-kaminas-core-bef\\\/\",\"url\":\"https:\\\/\\\/www.kaminakeskus.ee\\\/lv\\\/centralas-apkures-kaminas-core-bef\\\/\",\"name\":\"KaminaKeskus\",\"isPartOf\":{\"@id\":\"https:\\\/\\\/www.kaminakeskus.ee\\\/lv\\\/#website\"},\"datePublished\":\"2021-08-26T12:51:41+00:00\",\"dateModified\":\"2021-09-02T16:07:11+00:00\",\"description\":\"Kaminate, pliitide, ahjude ja korstnate m\u00fc\u00fck\",\"breadcrumb\":{\"@id\":\"https:\\\/\\\/www.kaminakeskus.ee\\\/lv\\\/centralas-apkures-kaminas-core-bef\\\/#breadcrumb\"},\"inLanguage\":\"lv-LV\",\"potentialAction\":[{\"@type\":\"ReadAction\",\"target\":[\"https:\\\/\\\/www.kaminakeskus.ee\\\/lv\\\/centralas-apkures-kaminas-core-bef\\\/\"]}]},{\"@type\":\"BreadcrumbList\",\"@id\":\"https:\\\/\\\/www.kaminakeskus.ee\\\/lv\\\/centralas-apkures-kaminas-core-bef\\\/#breadcrumb\",\"itemListElement\":[{\"@type\":\"ListItem\",\"position\":1,\"name\":\"Home\",\"item\":\"https:\\\/\\\/www.kaminakeskus.ee\\\/lv\\\/\"},{\"@type\":\"ListItem\",\"position\":2,\"name\":\"CENTR\u0100L\u0100S APKURES KAM\u012aNAS CORE BEF\"}]},{\"@type\":\"WebSite\",\"@id\":\"https:\\\/\\\/www.kaminakeskus.ee\\\/lv\\\/#website\",\"url\":\"https:\\\/\\\/www.kaminakeskus.ee\\\/lv\\\/\",\"name\":\"Kaminakeskus | Kaminad, Ahjud, Pliidid, Saunaahjud, Korstnad, Korsten, Moodulkorsten, Katlad\",\"description\":\"Kamin Kaminad Ahi Ahjud Pliit Pliidid Korstnad Katlad\",\"publisher\":{\"@id\":\"https:\\\/\\\/www.kaminakeskus.ee\\\/lv\\\/#organization\"},\"potentialAction\":[{\"@type\":\"SearchAction\",\"target\":{\"@type\":\"EntryPoint\",\"urlTemplate\":\"https:\\\/\\\/www.kaminakeskus.ee\\\/lv\\\/?s={search_term_string}\"},\"query-input\":{\"@type\":\"PropertyValueSpecification\",\"valueRequired\":true,\"valueName\":\"search_term_string\"}}],\"inLanguage\":\"lv-LV\"},{\"@type\":[\"Organization\",\"Place\"],\"@id\":\"https:\\\/\\\/www.kaminakeskus.ee\\\/lv\\\/#organization\",\"name\":\"R\u00e4ndr\u00fc\u00fctel HP O\u00dc\",\"alternateName\":\"KaminaKeskus\",\"url\":\"https:\\\/\\\/www.kaminakeskus.ee\\\/\",\"logo\":{\"@type\":\"ImageObject\",\"inLanguage\":\"lv-LV\",\"@id\":\"https:\\\/\\\/www.kaminakeskus.ee\\\/lv\\\/#\\\/schema\\\/logo\\\/image\\\/\",\"url\":\"https:\\\/\\\/www.kaminakeskus.ee\\\/wp-content\\\/uploads\\\/2026\\\/02\\\/Kaminakeskus-logo-1-1.jpg\",\"contentUrl\":\"https:\\\/\\\/www.kaminakeskus.ee\\\/wp-content\\\/uploads\\\/2026\\\/02\\\/Kaminakeskus-logo-1-1.jpg\",\"width\":2068,\"height\":532,\"caption\":\"R\u00e4ndr\u00fc\u00fctel HP O\u00dc\"},\"image\":{\"@id\":\"https:\\\/\\\/www.kaminakeskus.ee\\\/lv\\\/#\\\/schema\\\/logo\\\/image\\\/\"},\"sameAs\":[\"https:\\\/\\\/www.facebook.com\\\/kaminakeskus\\\/yoast\"],\"description\":\"Sales of fireplaces, chimneys and related goods. Kaminate, ahjude, pliitide, korstnate ja nendega seotud toodete m\u00fc\u00fck.\",\"legalName\":\"R\u00e4ndr\u00fc\u00fctel HP O\u00dc\",\"foundingDate\":\"1997-05-13\",\"leiCode\":\"9845007FC4HB963C8D65\",\"numberOfEmployees\":{\"@type\":\"QuantitativeValue\",\"minValue\":\"1\",\"maxValue\":\"10\"},\"telephone\":[\"+372 5543239\",\"+372 58812360\"],\"contactPoint\":{\"@type\":\"ContactPoint\",\"telephone\":\"+372 5543239\",\"email\":\"kaminakeskus@gmail.com\"},\"email\":\"kaminakeskus@gmail.com\",\"vatID\":\"EE100831739\",\"taxID\":\"10208374\"}]}<\/script>\n<!-- \/ Yoast SEO Premium plugin. -->","yoast_head_json":{"title":"KaminaKeskus","description":"Kaminate, pliitide, ahjude ja korstnate m\u00fc\u00fck","robots":{"index":"index","follow":"follow","max-snippet":"max-snippet:-1","max-image-preview":"max-image-preview:large","max-video-preview":"max-video-preview:-1"},"canonical":"https:\/\/www.kaminakeskus.ee\/lv\/centralas-apkures-kaminas-core-bef\/","og_locale":"lv_LV","og_type":"article","og_title":"CENTR\u0100L\u0100S APKURES KAM\u012aNAS CORE BEF - Kaminakeskus | Kaminad, Ahjud, Pliidid, Saunaahjud, Korstnad, Katlad","og_description":"Kaminate, pliitide, ahjude ja korstnate m\u00fc\u00fck","og_url":"https:\/\/www.kaminakeskus.ee\/lv\/centralas-apkures-kaminas-core-bef\/","og_site_name":"Kaminakeskus | Kaminad, Ahjud, Pliidid, Saunaahjud, Korstnad, Katlad","article_publisher":"https:\/\/www.facebook.com\/kaminakeskus\/yoast","article_modified_time":"2021-09-02T16:07:11+00:00","twitter_card":"summary_large_image","twitter_misc":{"Est. reading time":"6 min\u016btes"},"schema":{"@context":"https:\/\/schema.org","@graph":[{"@type":"WebPage","@id":"https:\/\/www.kaminakeskus.ee\/lv\/centralas-apkures-kaminas-core-bef\/","url":"https:\/\/www.kaminakeskus.ee\/lv\/centralas-apkures-kaminas-core-bef\/","name":"KaminaKeskus","isPartOf":{"@id":"https:\/\/www.kaminakeskus.ee\/lv\/#website"},"datePublished":"2021-08-26T12:51:41+00:00","dateModified":"2021-09-02T16:07:11+00:00","description":"Kaminate, pliitide, ahjude ja korstnate m\u00fc\u00fck","breadcrumb":{"@id":"https:\/\/www.kaminakeskus.ee\/lv\/centralas-apkures-kaminas-core-bef\/#breadcrumb"},"inLanguage":"lv-LV","potentialAction":[{"@type":"ReadAction","target":["https:\/\/www.kaminakeskus.ee\/lv\/centralas-apkures-kaminas-core-bef\/"]}]},{"@type":"BreadcrumbList","@id":"https:\/\/www.kaminakeskus.ee\/lv\/centralas-apkures-kaminas-core-bef\/#breadcrumb","itemListElement":[{"@type":"ListItem","position":1,"name":"Home","item":"https:\/\/www.kaminakeskus.ee\/lv\/"},{"@type":"ListItem","position":2,"name":"CENTR\u0100L\u0100S APKURES KAM\u012aNAS CORE BEF"}]},{"@type":"WebSite","@id":"https:\/\/www.kaminakeskus.ee\/lv\/#website","url":"https:\/\/www.kaminakeskus.ee\/lv\/","name":"Kaminakeskus | Kaminad, Ahjud, Pliidid, Saunaahjud, Korstnad, Korsten, Moodulkorsten, Katlad","description":"Kamin Kaminad Ahi Ahjud Pliit Pliidid Korstnad Katlad","publisher":{"@id":"https:\/\/www.kaminakeskus.ee\/lv\/#organization"},"potentialAction":[{"@type":"SearchAction","target":{"@type":"EntryPoint","urlTemplate":"https:\/\/www.kaminakeskus.ee\/lv\/?s={search_term_string}"},"query-input":{"@type":"PropertyValueSpecification","valueRequired":true,"valueName":"search_term_string"}}],"inLanguage":"lv-LV"},{"@type":["Organization","Place"],"@id":"https:\/\/www.kaminakeskus.ee\/lv\/#organization","name":"R\u00e4ndr\u00fc\u00fctel HP O\u00dc","alternateName":"KaminaKeskus","url":"https:\/\/www.kaminakeskus.ee\/","logo":{"@type":"ImageObject","inLanguage":"lv-LV","@id":"https:\/\/www.kaminakeskus.ee\/lv\/#\/schema\/logo\/image\/","url":"https:\/\/www.kaminakeskus.ee\/wp-content\/uploads\/2026\/02\/Kaminakeskus-logo-1-1.jpg","contentUrl":"https:\/\/www.kaminakeskus.ee\/wp-content\/uploads\/2026\/02\/Kaminakeskus-logo-1-1.jpg","width":2068,"height":532,"caption":"R\u00e4ndr\u00fc\u00fctel HP O\u00dc"},"image":{"@id":"https:\/\/www.kaminakeskus.ee\/lv\/#\/schema\/logo\/image\/"},"sameAs":["https:\/\/www.facebook.com\/kaminakeskus\/yoast"],"description":"Sales of fireplaces, chimneys and related goods. Kaminate, ahjude, pliitide, korstnate ja nendega seotud toodete m\u00fc\u00fck.","legalName":"R\u00e4ndr\u00fc\u00fctel HP O\u00dc","foundingDate":"1997-05-13","leiCode":"9845007FC4HB963C8D65","numberOfEmployees":{"@type":"QuantitativeValue","minValue":"1","maxValue":"10"},"telephone":["+372 5543239","+372 58812360"],"contactPoint":{"@type":"ContactPoint","telephone":"+372 5543239","email":"kaminakeskus@gmail.com"},"email":"kaminakeskus@gmail.com","vatID":"EE100831739","taxID":"10208374"}]}},"_links":{"self":[{"href":"https:\/\/www.kaminakeskus.ee\/lv\/wp-json\/wp\/v2\/pages\/54207","targetHints":{"allow":["GET"]}}],"collection":[{"href":"https:\/\/www.kaminakeskus.ee\/lv\/wp-json\/wp\/v2\/pages"}],"about":[{"href":"https:\/\/www.kaminakeskus.ee\/lv\/wp-json\/wp\/v2\/types\/page"}],"author":[{"embeddable":true,"href":"https:\/\/www.kaminakeskus.ee\/lv\/wp-json\/wp\/v2\/users\/3"}],"replies":[{"embeddable":true,"href":"https:\/\/www.kaminakeskus.ee\/lv\/wp-json\/wp\/v2\/comments?post=54207"}],"version-history":[{"count":3,"href":"https:\/\/www.kaminakeskus.ee\/lv\/wp-json\/wp\/v2\/pages\/54207\/revisions"}],"predecessor-version":[{"id":55182,"href":"https:\/\/www.kaminakeskus.ee\/lv\/wp-json\/wp\/v2\/pages\/54207\/revisions\/55182"}],"wp:attachment":[{"href":"https:\/\/www.kaminakeskus.ee\/lv\/wp-json\/wp\/v2\/media?parent=54207"}],"curies":[{"name":"wp","href":"https:\/\/api.w.org\/{rel}","templated":true}]}}