{"id":54588,"date":"2021-08-29T08:36:40","date_gmt":"2021-08-29T08:36:40","guid":{"rendered":"https:\/\/www.kaminakeskus.ee\/lincar-stoves\/"},"modified":"2021-09-02T16:09:50","modified_gmt":"2021-09-02T16:09:50","slug":"lincar-stoves","status":"publish","type":"page","link":"https:\/\/www.kaminakeskus.ee\/lv\/lincar-stoves\/","title":{"rendered":"LINCAR STOVES"},"content":{"rendered":"<p><div class=\"fusion-fullwidth fullwidth-box fusion-builder-row-1 fusion-flex-container hundred-percent-fullwidth non-hundred-percent-height-scrolling\" style=\"--awb-border-radius-top-left:0px;--awb-border-radius-top-right:0px;--awb-border-radius-bottom-right:0px;--awb-border-radius-bottom-left:0px;--awb-margin-top:40px;--awb-flex-wrap:wrap;\" ><div class=\"fusion-builder-row fusion-row fusion-flex-align-items-flex-start fusion-flex-content-wrap\" style=\"width:104% !important;max-width:104% !important;margin-left: calc(-4% \/ 2 );margin-right: calc(-4% \/ 2 );\"><div class=\"fusion-layout-column fusion_builder_column fusion-builder-column-0 fusion_builder_column_1_1 1_1 fusion-flex-column\" style=\"--awb-bg-size:cover;--awb-width-large:100%;--awb-margin-top-large:0px;--awb-spacing-right-large:1.92%;--awb-margin-bottom-large:20px;--awb-spacing-left-large:1.92%;--awb-width-medium:100%;--awb-order-medium:0;--awb-spacing-right-medium:1.92%;--awb-spacing-left-medium:1.92%;--awb-width-small:100%;--awb-order-small:0;--awb-spacing-right-small:1.92%;--awb-spacing-left-small:1.92%;\"><div class=\"fusion-column-wrapper fusion-column-has-shadow fusion-flex-justify-content-flex-start fusion-content-layout-column\"><div class=\"fusion-blog-shortcode fusion-blog-shortcode-1 fusion-blog-archive fusion-blog-layout-grid-wrapper fusion-blog-no\"><style type=\"text\/css\">.fusion-blog-shortcode-1 .fusion-blog-layout-grid .fusion-post-grid{padding:12.5px;}.fusion-blog-shortcode-1 .fusion-posts-container{margin-left: -12.5px !important; margin-right:-12.5px !important;}<\/style><div class=\"fusion-posts-container fusion-posts-container-no fusion-no-meta-info fusion-blog-rollover fusion-blog-layout-grid fusion-blog-layout-grid-4 isotope fusion-blog-equal-heights\" data-pages=\"0\" data-grid-col-space=\"25\" style=\"margin: -12.5px -12.5px 0;min-height:500px;\"><article id=\"blog-1-post-69924\" class=\"fusion-post-grid post-69924 post type-post status-publish format-standard hentry category-kamini category-kamini-lincar category-plitis-lv category-plitis-lincar\">\n<div class=\"fusion-post-wrapper\" style=\"background-color:rgba(255,255,255,1);border:1px solid #a82c23;border-bottom-width:3px;\">\n\n<div class=\"fusion-post-content-wrapper\" style=\"padding:30px 25px 25px 25px;\"><div class=\"fusion-post-content post-content\"><h2 class=\"blog-shortcode-post-title entry-title\"><a href=\"https:\/\/www.kaminakeskus.ee\/lv\/pliit-kamin-lincar-gioia-470-az\/\">Pl\u012bts-kam\u012bns lincar gioia 470 AZ<\/a><\/h2><div class=\"fusion-post-content-container\"><div id=\"attachment_69920\" style=\"width: 160px\" class=\"wp-caption aligncenter\"><a href=\"https:\/\/www.kaminakeskus.ee\/wp-content\/uploads\/2023\/08\/pliit-gioia-470-az-150x142.png\"><img decoding=\"async\" aria-describedby=\"caption-attachment-69920\" class=\"wp-image-69918 size-thumbnail\" title=\"Kam\u012bnkr\u0101sns Gioia 470 AZ\" src=\"https:\/\/www.kaminakeskus.ee\/wp-content\/uploads\/2023\/08\/pliit-gioia-470-az-150x142.png\" alt=\"Kam\u012bnkr\u0101sns Gioia 470 AZ\" width=\"150\" height=\"142\" srcset=\"https:\/\/www.kaminakeskus.ee\/wp-content\/uploads\/2023\/08\/pliit-gioia-470-az-150x142.png 150w, https:\/\/www.kaminakeskus.ee\/wp-content\/uploads\/2023\/08\/pliit-gioia-470-az-200x189.png 200w, https:\/\/www.kaminakeskus.ee\/wp-content\/uploads\/2023\/08\/pliit-gioia-470-az-300x283.png 300w, https:\/\/www.kaminakeskus.ee\/wp-content\/uploads\/2023\/08\/pliit-gioia-470-az-400x378.png 400w, https:\/\/www.kaminakeskus.ee\/wp-content\/uploads\/2023\/08\/pliit-gioia-470-az-600x567.png 600w, https:\/\/www.kaminakeskus.ee\/wp-content\/uploads\/2023\/08\/pliit-gioia-470-az.png 760w\" sizes=\"(max-width: 150px) 100vw, 150px\" \/><\/a><p id=\"caption-attachment-69920\" class=\"wp-caption-text\"><strong>Kam\u012bnkr\u0101sns Gioia 470 AZ<\/strong><\/p><\/div>\n<p style=\"text-align: center;\">Jauda: 6,6 kW<br \/>\n Augstums: 880 mm<br \/>\n Platums: 470 mm<br \/>\n Dzi\u013cums: 490 mm<br \/>\n D\u016bmvads: \u00d8130 mm, aug\u0161pus\u0113<br \/>\n Svars: 87 kg<br \/>\n Kr\u0101sa: pel\u0113ka; balta; kapu\u010d\u012bno<br \/>\n <a href=\"https:\/\/drive.google.com\/file\/d\/1P9-PYPKCl55B8CGbvpc7u0jW5IMiBQb8\/view\">Manu\u0101li<\/a><br \/>\n <strong>Cena: 1100 EUR<\/strong><\/p>\n<\/div><\/div><\/div><div class=\"fusion-clearfix\"><\/div><\/div>\n<\/article>\n<article id=\"blog-1-post-69908\" class=\"fusion-post-grid post-69908 post type-post status-publish format-standard hentry category-plitis-lv category-plitis-lincar\">\n<div class=\"fusion-post-wrapper\" style=\"background-color:rgba(255,255,255,1);border:1px solid #a82c23;border-bottom-width:3px;\">\n\n<div class=\"fusion-post-content-wrapper\" style=\"padding:30px 25px 25px 25px;\"><div class=\"fusion-post-content post-content\"><h2 class=\"blog-shortcode-post-title entry-title\"><a href=\"https:\/\/www.kaminakeskus.ee\/lv\/pliit-lincar-omega\/\">pl\u012bts lincar omega<\/a><\/h2><div class=\"fusion-post-content-container\"><div id=\"attachment_69903\" style=\"width: 160px\" class=\"wp-caption alignleft\"><a href=\"https:\/\/www.kaminakeskus.ee\/wp-content\/uploads\/2023\/08\/pliit-lincar-omega-150x150.jpeg\"><img decoding=\"async\" aria-describedby=\"caption-attachment-69903\" class=\"size-thumbnail wp-image-69901\" src=\"https:\/\/www.kaminakeskus.ee\/wp-content\/uploads\/2023\/08\/pliit-lincar-omega-150x150.jpeg\" alt=\"\" width=\"150\" height=\"150\" srcset=\"https:\/\/www.kaminakeskus.ee\/wp-content\/uploads\/2023\/08\/pliit-lincar-omega-66x66.jpeg 66w, https:\/\/www.kaminakeskus.ee\/wp-content\/uploads\/2023\/08\/pliit-lincar-omega-150x150.jpeg 150w, https:\/\/www.kaminakeskus.ee\/wp-content\/uploads\/2023\/08\/pliit-lincar-omega-200x200.jpeg 200w, https:\/\/www.kaminakeskus.ee\/wp-content\/uploads\/2023\/08\/pliit-lincar-omega-300x300.jpeg 300w, https:\/\/www.kaminakeskus.ee\/wp-content\/uploads\/2023\/08\/pliit-lincar-omega-400x400.jpeg 400w, https:\/\/www.kaminakeskus.ee\/wp-content\/uploads\/2023\/08\/pliit-lincar-omega.jpeg 502w\" sizes=\"(max-width: 150px) 100vw, 150px\" \/><\/a><p id=\"caption-attachment-69903\" class=\"wp-caption-text\">Pl\u012bts Omega<\/p><\/div>\n<p><strong>Pl\u012bts Omega<\/strong><br \/>\nJauda: 9,33 kW<br \/>\nAugstums: 850-890 mm<br \/>\nPlatums: 845 mm<br \/>\nDzi\u013cums: 630 mm<br \/>\nD\u016bmvads: \u00d8130mm, aug\u0161pus\u0113<br \/>\nSvars: 135kg<br \/>\nKr\u0101sa: melna; balts; kapu\u010d\u012bno<br \/>\n<a href=\"https:\/\/drive.google.com\/file\/d\/1UdYpN-iBAf8tC1Q72a9x-BWNWuPz8XjC\/view\">Rokasgr\u0101mata<\/a><br \/>\n<strong>Cena: 2200 EUR<\/strong><\/p>\n<\/div><\/div><\/div><div class=\"fusion-clearfix\"><\/div><\/div>\n<\/article>\n<article id=\"blog-1-post-69894\" class=\"fusion-post-grid post-69894 post type-post status-publish format-standard hentry category-pliidid-pliidid category-lincar-pliidid-pliidid-pliidid\">\n<div class=\"fusion-post-wrapper\" style=\"background-color:rgba(255,255,255,1);border:1px solid #a82c23;border-bottom-width:3px;\">\n\n<div class=\"fusion-post-content-wrapper\" style=\"padding:30px 25px 25px 25px;\"><div class=\"fusion-post-content post-content\"><h2 class=\"blog-shortcode-post-title entry-title\"><a href=\"https:\/\/www.kaminakeskus.ee\/lv\/pliit-lincar-fusion-x\/\">pliit lincar fusion x<\/a><\/h2><div class=\"fusion-post-content-container\"><div id=\"attachment_69895\" style=\"width: 160px\" class=\"wp-caption alignleft\"><a href=\"https:\/\/www.kaminakeskus.ee\/wp-content\/uploads\/2023\/08\/pliit-lincar-fusion-x.jpeg\"><img decoding=\"async\" aria-describedby=\"caption-attachment-69895\" class=\"size-thumbnail wp-image-69895\" src=\"https:\/\/www.kaminakeskus.ee\/wp-content\/uploads\/2023\/08\/pliit-lincar-fusion-x-150x150.jpeg\" alt=\"\" width=\"150\" height=\"150\" srcset=\"https:\/\/www.kaminakeskus.ee\/wp-content\/uploads\/2023\/08\/pliit-lincar-fusion-x-66x66.jpeg 66w, https:\/\/www.kaminakeskus.ee\/wp-content\/uploads\/2023\/08\/pliit-lincar-fusion-x-150x150.jpeg 150w, https:\/\/www.kaminakeskus.ee\/wp-content\/uploads\/2023\/08\/pliit-lincar-fusion-x-200x200.jpeg 200w, https:\/\/www.kaminakeskus.ee\/wp-content\/uploads\/2023\/08\/pliit-lincar-fusion-x-300x300.jpeg 300w, https:\/\/www.kaminakeskus.ee\/wp-content\/uploads\/2023\/08\/pliit-lincar-fusion-x-400x400.jpeg 400w, https:\/\/www.kaminakeskus.ee\/wp-content\/uploads\/2023\/08\/pliit-lincar-fusion-x.jpeg 502w\" sizes=\"(max-width: 150px) 100vw, 150px\" \/><\/a><p id=\"caption-attachment-69895\" class=\"wp-caption-text\">Pliit Fusion X<\/p><\/div>\n<p><strong>Pliit Fusion X<\/strong><br \/>\nV\u00f5imsus: 9,33kW<br \/>\nK\u00f5rgus:850-890mm<br \/>\nLaius:900mm<br \/>\nS\u00fcgavus:600mm<br \/>\nL\u00f5\u00f5r:\u00d8130mm,pealt\/tagant<br \/>\nKaal:160kg<br \/>\nV\u00e4rv: Roostevaba<br \/>\n<strong>Hind: 3900 EUR<\/strong><\/p>\n<\/div><\/div><\/div><div class=\"fusion-clearfix\"><\/div><\/div>\n<\/article>\n<article id=\"blog-1-post-69889\" class=\"fusion-post-grid post-69889 post type-post status-publish format-standard hentry category-plitis-lv category-plitis-lincar\">\n<div class=\"fusion-post-wrapper\" style=\"background-color:rgba(255,255,255,1);border:1px solid #a82c23;border-bottom-width:3px;\">\n\n<div class=\"fusion-post-content-wrapper\" style=\"padding:30px 25px 25px 25px;\"><div class=\"fusion-post-content post-content\"><h2 class=\"blog-shortcode-post-title entry-title\"><a href=\"https:\/\/www.kaminakeskus.ee\/lv\/pliit-lincar-fusion\/\">pl\u012bts lincar fusion<\/a><\/h2><div class=\"fusion-post-content-container\"><div id=\"attachment_69885\" style=\"width: 160px\" class=\"wp-caption alignleft\"><a href=\"https:\/\/www.kaminakeskus.ee\/wp-content\/uploads\/2023\/08\/pliit-lincar-fusion-hall-150x147.png\"><img decoding=\"async\" aria-describedby=\"caption-attachment-69885\" class=\"size-thumbnail wp-image-69883\" src=\"https:\/\/www.kaminakeskus.ee\/wp-content\/uploads\/2023\/08\/pliit-lincar-fusion-hall-150x147.png\" alt=\"\" width=\"150\" height=\"147\" srcset=\"https:\/\/www.kaminakeskus.ee\/wp-content\/uploads\/2023\/08\/pliit-lincar-fusion-hall-66x66.png 66w, https:\/\/www.kaminakeskus.ee\/wp-content\/uploads\/2023\/08\/pliit-lincar-fusion-hall-150x147.png 150w, https:\/\/www.kaminakeskus.ee\/wp-content\/uploads\/2023\/08\/pliit-lincar-fusion-hall-200x196.png 200w, https:\/\/www.kaminakeskus.ee\/wp-content\/uploads\/2023\/08\/pliit-lincar-fusion-hall-300x294.png 300w, https:\/\/www.kaminakeskus.ee\/wp-content\/uploads\/2023\/08\/pliit-lincar-fusion-hall-400x392.png 400w, https:\/\/www.kaminakeskus.ee\/wp-content\/uploads\/2023\/08\/pliit-lincar-fusion-hall-600x588.png 600w, https:\/\/www.kaminakeskus.ee\/wp-content\/uploads\/2023\/08\/pliit-lincar-fusion-hall-768x753.png 768w, https:\/\/www.kaminakeskus.ee\/wp-content\/uploads\/2023\/08\/pliit-lincar-fusion-hall-800x784.png 800w, https:\/\/www.kaminakeskus.ee\/wp-content\/uploads\/2023\/08\/pliit-lincar-fusion-hall-1024x1004.png 1024w, https:\/\/www.kaminakeskus.ee\/wp-content\/uploads\/2023\/08\/pliit-lincar-fusion-hall-1200x1176.png 1200w, https:\/\/www.kaminakeskus.ee\/wp-content\/uploads\/2023\/08\/pliit-lincar-fusion-hall-1536x1506.png 1536w\" sizes=\"(max-width: 150px) 100vw, 150px\" \/><\/a><p id=\"caption-attachment-69885\" class=\"wp-caption-text\">Pl\u012bts Fusion<\/p><\/div>\n<p><strong>Pl\u012bts Fusion<\/strong><br \/>\nJauda: 9,33 kW<br \/>\nAugstums: 850-890 mm<br \/>\nPlatums: 900mm<br \/>\nDzi\u013cums: 600mm<br \/>\nV\u012btne: \u00d8130mm, aug\u0161\u0101\/aizmugur\u0113<br \/>\nSvars: 160kg<br \/>\nKr\u0101sa: antrac\u012bts; balts; sarkans<br \/>\n<strong>Cena: 3700 EUR<\/strong><\/p>\n<\/div><\/div><\/div><div class=\"fusion-clearfix\"><\/div><\/div>\n<\/article>\n<article id=\"blog-1-post-84251\" class=\"fusion-post-grid post-84251 post type-post status-publish format-standard hentry category-plitis-lv category-plitis-lincar\">\n<div class=\"fusion-post-wrapper\" style=\"background-color:rgba(255,255,255,1);border:1px solid #a82c23;border-bottom-width:3px;\">\n\n<div class=\"fusion-post-content-wrapper\" style=\"padding:30px 25px 25px 25px;\"><div class=\"fusion-post-content post-content\"><h2 class=\"blog-shortcode-post-title entry-title\"><a href=\"https:\/\/www.kaminakeskus.ee\/lv\/pliit-lincar-ravenna\/\">pliit lincar ravenna<\/a><\/h2><div class=\"fusion-post-content-container\"><div id=\"attachment_69877\" style=\"width: 160px\" class=\"wp-caption aligncenter\"><a href=\"https:\/\/www.kaminakeskus.ee\/wp-content\/uploads\/2023\/08\/pliit-lincar-ravenna-150x142.jpeg\"><img decoding=\"async\" aria-describedby=\"caption-attachment-69877\" class=\"wp-image-69877 size-thumbnail\" title=\"Pliit Ravenna\" src=\"https:\/\/www.kaminakeskus.ee\/wp-content\/uploads\/2023\/08\/pliit-lincar-ravenna-150x142.jpeg\" alt=\"Pliit Lincar Ravenna\" width=\"150\" height=\"142\" srcset=\"https:\/\/www.kaminakeskus.ee\/wp-content\/uploads\/2023\/08\/pliit-lincar-ravenna-150x142.jpeg 150w, https:\/\/www.kaminakeskus.ee\/wp-content\/uploads\/2023\/08\/pliit-lincar-ravenna-200x189.jpeg 200w, https:\/\/www.kaminakeskus.ee\/wp-content\/uploads\/2023\/08\/pliit-lincar-ravenna-300x283.jpeg 300w, https:\/\/www.kaminakeskus.ee\/wp-content\/uploads\/2023\/08\/pliit-lincar-ravenna-400x378.jpeg 400w, https:\/\/www.kaminakeskus.ee\/wp-content\/uploads\/2023\/08\/pliit-lincar-ravenna-600x567.jpeg 600w, https:\/\/www.kaminakeskus.ee\/wp-content\/uploads\/2023\/08\/pliit-lincar-ravenna.jpeg 761w\" sizes=\"(max-width: 150px) 100vw, 150px\" \/><\/a><p id=\"caption-attachment-69877\" class=\"wp-caption-text\"><strong>Pliit Ravenna<\/strong><\/p><\/div>\n<p style=\"text-align: center;\">V\u00f5imsus: 9,69kW<br \/>\nK\u00f5rgus: 850-920mm<br \/>\nLaius: 775mm<br \/>\nS\u00fcgavus: 695mm<br \/>\nL\u00f5\u00f5r:\u00d8150mm,pealt\/tagant<br \/>\nKaal:170-190kg<br \/>\n<a href=\"https:\/\/drive.google.com\/file\/d\/1rcd64Wc4hP4tlKYCSH6y9IZJyynnq6_9\/view\">Manual<\/a><br \/>\n<strong>Mosaico hind: 3570 EUR<br \/>\nV\u00e4rviline: 3000 EUR<br \/>\nKivi: 3339 EUR<\/strong><\/p>\n<\/div><\/div><\/div><div class=\"fusion-clearfix\"><\/div><\/div>\n<\/article>\n<article id=\"blog-1-post-69871\" class=\"fusion-post-grid post-69871 post type-post status-publish format-standard hentry category-plitis-lv category-plitis-lincar\">\n<div class=\"fusion-post-wrapper\" style=\"background-color:rgba(255,255,255,1);border:1px solid #a82c23;border-bottom-width:3px;\">\n\n<div class=\"fusion-post-content-wrapper\" style=\"padding:30px 25px 25px 25px;\"><div class=\"fusion-post-content post-content\"><h2 class=\"blog-shortcode-post-title entry-title\"><a href=\"https:\/\/www.kaminakeskus.ee\/lv\/pliit-lincar-deneris\/\">Pl\u012bts linkar den\u0113r\u0101<\/a><\/h2><div class=\"fusion-post-content-container\"><div id=\"attachment_69867\" style=\"width: 160px\" class=\"wp-caption alignleft\"><a href=\"https:\/\/www.kaminakeskus.ee\/wp-content\/uploads\/2023\/08\/pliit-lincar-deneris-150x142.jpeg\"><img decoding=\"async\" aria-describedby=\"caption-attachment-69867\" class=\"size-thumbnail wp-image-69865\" src=\"https:\/\/www.kaminakeskus.ee\/wp-content\/uploads\/2023\/08\/pliit-lincar-deneris-150x142.jpeg\" alt=\"\" width=\"150\" height=\"142\" srcset=\"https:\/\/www.kaminakeskus.ee\/wp-content\/uploads\/2023\/08\/pliit-lincar-deneris-150x142.jpeg 150w, https:\/\/www.kaminakeskus.ee\/wp-content\/uploads\/2023\/08\/pliit-lincar-deneris-200x189.jpeg 200w, https:\/\/www.kaminakeskus.ee\/wp-content\/uploads\/2023\/08\/pliit-lincar-deneris-300x283.jpeg 300w, https:\/\/www.kaminakeskus.ee\/wp-content\/uploads\/2023\/08\/pliit-lincar-deneris-400x378.jpeg 400w, https:\/\/www.kaminakeskus.ee\/wp-content\/uploads\/2023\/08\/pliit-lincar-deneris-600x567.jpeg 600w, https:\/\/www.kaminakeskus.ee\/wp-content\/uploads\/2023\/08\/pliit-lincar-deneris.jpeg 761w\" sizes=\"(max-width: 150px) 100vw, 150px\" \/><\/a><p id=\"caption-attachment-69867\" class=\"wp-caption-text\">Pl\u012bts Den\u0113r\u0101<\/p><\/div>\n<p><strong>Pl\u012bts Den\u0113r\u0101<\/strong><br \/>\nJauda: 10,22 kW<br \/>\nAugstums: 850-920 mm<br \/>\nPlatums: 1140 mm<br \/>\nDzi\u013cums: 670mm<br \/>\nV\u012btne: \u00d8150mm, aug\u0161\u0101\/aizmugur\u0113<br \/>\nSvars: 230-258 kg<br \/>\n<a href=\"https:\/\/drive.google.com\/file\/d\/14zz_DJrPSfZsjYl8j7UxWPxOand4NrRe\/view\">Rokasgr\u0101mata<\/a><br \/>\n<strong>Moza\u012bkas cena: 4850 EUR<br \/>\nKr\u0101sa: 3960 EUR<br \/>\nAkmens: 4300 EUR<\/strong><\/p>\n<\/div><\/div><\/div><div class=\"fusion-clearfix\"><\/div><\/div>\n<\/article>\n<article id=\"blog-1-post-69859\" class=\"fusion-post-grid post-69859 post type-post status-publish format-standard hentry category-plitis-lv category-plitis-lincar\">\n<div class=\"fusion-post-wrapper\" style=\"background-color:rgba(255,255,255,1);border:1px solid #a82c23;border-bottom-width:3px;\">\n\n<div class=\"fusion-post-content-wrapper\" style=\"padding:30px 25px 25px 25px;\"><div class=\"fusion-post-content post-content\"><h2 class=\"blog-shortcode-post-title entry-title\"><a href=\"https:\/\/www.kaminakeskus.ee\/lv\/pliit-lincar-duchessa-pietra-a060\/\">pl\u012bts lincar duchessa pietra a060<\/a><\/h2><div class=\"fusion-post-content-container\"><div id=\"attachment_69855\" style=\"width: 160px\" class=\"wp-caption alignleft\"><a href=\"https:\/\/www.kaminakeskus.ee\/wp-content\/uploads\/2023\/08\/pliit-duchessa-pietra-a060-150x147.png\"><img decoding=\"async\" aria-describedby=\"caption-attachment-69855\" class=\"size-thumbnail wp-image-69853\" src=\"https:\/\/www.kaminakeskus.ee\/wp-content\/uploads\/2023\/08\/pliit-duchessa-pietra-a060-150x147.png\" alt=\"\" width=\"150\" height=\"147\" srcset=\"https:\/\/www.kaminakeskus.ee\/wp-content\/uploads\/2023\/08\/pliit-duchessa-pietra-a060-66x66.png 66w, https:\/\/www.kaminakeskus.ee\/wp-content\/uploads\/2023\/08\/pliit-duchessa-pietra-a060-150x147.png 150w, https:\/\/www.kaminakeskus.ee\/wp-content\/uploads\/2023\/08\/pliit-duchessa-pietra-a060-200x196.png 200w, https:\/\/www.kaminakeskus.ee\/wp-content\/uploads\/2023\/08\/pliit-duchessa-pietra-a060-300x294.png 300w, https:\/\/www.kaminakeskus.ee\/wp-content\/uploads\/2023\/08\/pliit-duchessa-pietra-a060-400x392.png 400w, https:\/\/www.kaminakeskus.ee\/wp-content\/uploads\/2023\/08\/pliit-duchessa-pietra-a060-600x588.png 600w, https:\/\/www.kaminakeskus.ee\/wp-content\/uploads\/2023\/08\/pliit-duchessa-pietra-a060-768x753.png 768w, https:\/\/www.kaminakeskus.ee\/wp-content\/uploads\/2023\/08\/pliit-duchessa-pietra-a060-800x784.png 800w, https:\/\/www.kaminakeskus.ee\/wp-content\/uploads\/2023\/08\/pliit-duchessa-pietra-a060-1024x1004.png 1024w, https:\/\/www.kaminakeskus.ee\/wp-content\/uploads\/2023\/08\/pliit-duchessa-pietra-a060-1200x1176.png 1200w, https:\/\/www.kaminakeskus.ee\/wp-content\/uploads\/2023\/08\/pliit-duchessa-pietra-a060-1536x1506.png 1536w\" sizes=\"(max-width: 150px) 100vw, 150px\" \/><\/a><p id=\"caption-attachment-69855\" class=\"wp-caption-text\">Pl\u012bts Duchessa Pietra A060<\/p><\/div>\n<p><strong>Pl\u012bts Duchessa Pietra A060<\/strong><br \/>\nJauda: 14,9 kW<br \/>\nAugstums: 850-920 mm<br \/>\nPlatums: 1255 mm<br \/>\nDzi\u013cums: 670mm<br \/>\nV\u012btne: \u00d8150mm, aug\u0161\u0101\/aizmugur\u0113<br \/>\nSvars: 260 kg<br \/>\n<a href=\"https:\/\/drive.google.com\/file\/d\/1MajKKcQjddJcq0n28MXJhPHjXXLLCe_b\/view?pli=1\">Rokasgr\u0101mata<\/a><br \/>\n<strong>Cena: 4890 EUR<\/strong><\/p>\n<\/div><\/div><\/div><div class=\"fusion-clearfix\"><\/div><\/div>\n<\/article>\n<article id=\"blog-1-post-69846\" class=\"fusion-post-grid post-69846 post type-post status-publish format-standard hentry category-plitis-lv category-plitis-lincar\">\n<div class=\"fusion-post-wrapper\" style=\"background-color:rgba(255,255,255,1);border:1px solid #a82c23;border-bottom-width:3px;\">\n\n<div class=\"fusion-post-content-wrapper\" style=\"padding:30px 25px 25px 25px;\"><div class=\"fusion-post-content post-content\"><h2 class=\"blog-shortcode-post-title entry-title\"><a href=\"https:\/\/www.kaminakeskus.ee\/lv\/pliit-lincar-duchessa-avorio-0000\/\">pl\u012bts lincar duchessa avorio 0000<\/a><\/h2><div class=\"fusion-post-content-container\"><div id=\"attachment_69842\" style=\"width: 160px\" class=\"wp-caption alignleft\"><a href=\"https:\/\/www.kaminakeskus.ee\/wp-content\/uploads\/2023\/08\/pliit_duchessa_avorio_0000-150x147.png\"><img decoding=\"async\" aria-describedby=\"caption-attachment-69842\" class=\"size-thumbnail wp-image-69840\" src=\"https:\/\/www.kaminakeskus.ee\/wp-content\/uploads\/2023\/08\/pliit_duchessa_avorio_0000-150x147.png\" alt=\"\" width=\"150\" height=\"147\" srcset=\"https:\/\/www.kaminakeskus.ee\/wp-content\/uploads\/2023\/08\/pliit_duchessa_avorio_0000-66x66.png 66w, https:\/\/www.kaminakeskus.ee\/wp-content\/uploads\/2023\/08\/pliit_duchessa_avorio_0000-150x147.png 150w, https:\/\/www.kaminakeskus.ee\/wp-content\/uploads\/2023\/08\/pliit_duchessa_avorio_0000-200x196.png 200w, https:\/\/www.kaminakeskus.ee\/wp-content\/uploads\/2023\/08\/pliit_duchessa_avorio_0000-300x294.png 300w, https:\/\/www.kaminakeskus.ee\/wp-content\/uploads\/2023\/08\/pliit_duchessa_avorio_0000-400x392.png 400w, https:\/\/www.kaminakeskus.ee\/wp-content\/uploads\/2023\/08\/pliit_duchessa_avorio_0000-600x588.png 600w, https:\/\/www.kaminakeskus.ee\/wp-content\/uploads\/2023\/08\/pliit_duchessa_avorio_0000-768x753.png 768w, https:\/\/www.kaminakeskus.ee\/wp-content\/uploads\/2023\/08\/pliit_duchessa_avorio_0000-800x784.png 800w, https:\/\/www.kaminakeskus.ee\/wp-content\/uploads\/2023\/08\/pliit_duchessa_avorio_0000-1024x1004.png 1024w, https:\/\/www.kaminakeskus.ee\/wp-content\/uploads\/2023\/08\/pliit_duchessa_avorio_0000-1200x1176.png 1200w, https:\/\/www.kaminakeskus.ee\/wp-content\/uploads\/2023\/08\/pliit_duchessa_avorio_0000-1536x1506.png 1536w\" sizes=\"(max-width: 150px) 100vw, 150px\" \/><\/a><p id=\"caption-attachment-69842\" class=\"wp-caption-text\">Pl\u012bts Duchessa Avorio 0000<\/p><\/div>\n<p><strong>Pl\u012bts Duchessa Avorio 0000<\/strong><br \/>\nJauda: 14,9 kW<br \/>\nAugstums: 850-920 mm<br \/>\nPlatums: 1255 mm<br \/>\nDzi\u013cums: 670mm<br \/>\nV\u012btne: \u00d8150mm, aug\u0161\u0101\/aizmugur\u0113<br \/>\nSvars: 260 kg<br \/>\n<a href=\"https:\/\/drive.google.com\/file\/d\/1MajKKcQjddJcq0n28MXJhPHjXXLLCe_b\/view?pli=1\">Rokasgr\u0101mata<\/a><br \/>\n<strong>Cena: 4570 EUR<\/strong><\/p>\n<\/div><\/div><\/div><div class=\"fusion-clearfix\"><\/div><\/div>\n<\/article>\n<article id=\"blog-1-post-69834\" class=\"fusion-post-grid post-69834 post type-post status-publish format-standard hentry category-plitis-lv category-plitis-lincar\">\n<div class=\"fusion-post-wrapper\" style=\"background-color:rgba(255,255,255,1);border:1px solid #a82c23;border-bottom-width:3px;\">\n\n<div class=\"fusion-post-content-wrapper\" style=\"padding:30px 25px 25px 25px;\"><div class=\"fusion-post-content post-content\"><h2 class=\"blog-shortcode-post-title entry-title\"><a href=\"https:\/\/www.kaminakeskus.ee\/lv\/pliit-duchessa-rosso-0505\/\">pl\u012bts duchessa rosso 0505<\/a><\/h2><div class=\"fusion-post-content-container\"><div id=\"attachment_69830\" style=\"width: 160px\" class=\"wp-caption alignleft\"><a href=\"https:\/\/www.kaminakeskus.ee\/wp-content\/uploads\/2023\/08\/pliit_duchessa_rosso_0505-150x147.png\"><img decoding=\"async\" aria-describedby=\"caption-attachment-69830\" class=\"size-thumbnail wp-image-69828\" src=\"https:\/\/www.kaminakeskus.ee\/wp-content\/uploads\/2023\/08\/pliit_duchessa_rosso_0505-150x147.png\" alt=\"\" width=\"150\" height=\"147\" srcset=\"https:\/\/www.kaminakeskus.ee\/wp-content\/uploads\/2023\/08\/pliit_duchessa_rosso_0505-66x66.png 66w, https:\/\/www.kaminakeskus.ee\/wp-content\/uploads\/2023\/08\/pliit_duchessa_rosso_0505-150x147.png 150w, https:\/\/www.kaminakeskus.ee\/wp-content\/uploads\/2023\/08\/pliit_duchessa_rosso_0505-200x196.png 200w, https:\/\/www.kaminakeskus.ee\/wp-content\/uploads\/2023\/08\/pliit_duchessa_rosso_0505-300x294.png 300w, https:\/\/www.kaminakeskus.ee\/wp-content\/uploads\/2023\/08\/pliit_duchessa_rosso_0505-400x392.png 400w, https:\/\/www.kaminakeskus.ee\/wp-content\/uploads\/2023\/08\/pliit_duchessa_rosso_0505-600x588.png 600w, https:\/\/www.kaminakeskus.ee\/wp-content\/uploads\/2023\/08\/pliit_duchessa_rosso_0505-768x753.png 768w, https:\/\/www.kaminakeskus.ee\/wp-content\/uploads\/2023\/08\/pliit_duchessa_rosso_0505-800x784.png 800w, https:\/\/www.kaminakeskus.ee\/wp-content\/uploads\/2023\/08\/pliit_duchessa_rosso_0505-1024x1004.png 1024w, https:\/\/www.kaminakeskus.ee\/wp-content\/uploads\/2023\/08\/pliit_duchessa_rosso_0505-1200x1176.png 1200w, https:\/\/www.kaminakeskus.ee\/wp-content\/uploads\/2023\/08\/pliit_duchessa_rosso_0505-1536x1506.png 1536w\" sizes=\"(max-width: 150px) 100vw, 150px\" \/><\/a><p id=\"caption-attachment-69830\" class=\"wp-caption-text\">Pl\u012bts Duchessa Rosso 0505<\/p><\/div>\n<p><strong>Pl\u012bts Duchessa Rosso 0505<\/strong><br \/>\nJauda: 14,9 kW<br \/>\nAugstums: 850-920 mm<br \/>\nPlatums: 1255 mm<br \/>\nDzi\u013cums: 670mm<br \/>\nV\u012btne: \u00d8150mm, aug\u0161\u0101\/aizmugur\u0113<br \/>\nSvars: 260 kg<br \/>\n<a href=\"https:\/\/drive.google.com\/file\/d\/1MajKKcQjddJcq0n28MXJhPHjXXLLCe_b\/view?pli=1\">Rokasgr\u0101mata<\/a><br \/>\n<strong>Cena: 4570 EUR<\/strong><\/p>\n<\/div><\/div><\/div><div class=\"fusion-clearfix\"><\/div><\/div>\n<\/article>\n<article id=\"blog-1-post-69822\" class=\"fusion-post-grid post-69822 post type-post status-publish format-standard hentry category-plitis-lv category-plitis-lincar\">\n<div class=\"fusion-post-wrapper\" style=\"background-color:rgba(255,255,255,1);border:1px solid #a82c23;border-bottom-width:3px;\">\n\n<div class=\"fusion-post-content-wrapper\" style=\"padding:30px 25px 25px 25px;\"><div class=\"fusion-post-content post-content\"><h2 class=\"blog-shortcode-post-title entry-title\"><a href=\"https:\/\/www.kaminakeskus.ee\/lv\/pliit-lincar-duchessa-mosaico-a040\/\">Pl\u012bts lincar duchessa mosaico a040<\/a><\/h2><div class=\"fusion-post-content-container\"><div id=\"attachment_69818\" style=\"width: 160px\" class=\"wp-caption aligncenter\"><a href=\"https:\/\/www.kaminakeskus.ee\/wp-content\/uploads\/2023\/08\/pliit_lincar_duchessa_a040-150x147.png\"><img decoding=\"async\" aria-describedby=\"caption-attachment-69818\" class=\"wp-image-69816 size-thumbnail\" title=\"Pl\u012bts Duchessa Mosaico A040\" src=\"https:\/\/www.kaminakeskus.ee\/wp-content\/uploads\/2023\/08\/pliit_lincar_duchessa_a040-150x147.png\" alt=\"Pl\u012bts Duchessa Mosaico A040\" width=\"150\" height=\"147\" srcset=\"https:\/\/www.kaminakeskus.ee\/wp-content\/uploads\/2023\/08\/pliit_lincar_duchessa_a040-66x66.png 66w, https:\/\/www.kaminakeskus.ee\/wp-content\/uploads\/2023\/08\/pliit_lincar_duchessa_a040-150x147.png 150w, https:\/\/www.kaminakeskus.ee\/wp-content\/uploads\/2023\/08\/pliit_lincar_duchessa_a040-200x196.png 200w, https:\/\/www.kaminakeskus.ee\/wp-content\/uploads\/2023\/08\/pliit_lincar_duchessa_a040-300x294.png 300w, https:\/\/www.kaminakeskus.ee\/wp-content\/uploads\/2023\/08\/pliit_lincar_duchessa_a040-400x392.png 400w, https:\/\/www.kaminakeskus.ee\/wp-content\/uploads\/2023\/08\/pliit_lincar_duchessa_a040-600x588.png 600w, https:\/\/www.kaminakeskus.ee\/wp-content\/uploads\/2023\/08\/pliit_lincar_duchessa_a040-768x753.png 768w, https:\/\/www.kaminakeskus.ee\/wp-content\/uploads\/2023\/08\/pliit_lincar_duchessa_a040-800x784.png 800w, https:\/\/www.kaminakeskus.ee\/wp-content\/uploads\/2023\/08\/pliit_lincar_duchessa_a040-1024x1004.png 1024w, https:\/\/www.kaminakeskus.ee\/wp-content\/uploads\/2023\/08\/pliit_lincar_duchessa_a040-1200x1176.png 1200w, https:\/\/www.kaminakeskus.ee\/wp-content\/uploads\/2023\/08\/pliit_lincar_duchessa_a040-1536x1506.png 1536w\" sizes=\"(max-width: 150px) 100vw, 150px\" \/><\/a><p id=\"caption-attachment-69818\" class=\"wp-caption-text\"><strong>Pl\u012bts Duchessa Mosaico A040<\/strong><\/p><\/div>\n<p style=\"text-align: center;\">Jauda: 14,9 kW<br \/>\n Augstums: 850\u2013920 mm<br \/>\n Platums: 1255 mm<br \/>\n Dzi\u013cums: 670 mm<br \/>\n D\u016bmvads: \u00d8150 mm, aug\u0161pus\u0113\/aizmugur\u0113<br \/>\n Svars: 260 kg<br \/>\n <a href=\"https:\/\/drive.google.com\/file\/d\/1MajKKcQjddJcq0n28MXJhPHjXXLLCe_b\/view?pli=1\">Manu\u0101li<\/a><br \/>\n <strong>Cena: 5070 EUR<\/strong><\/p>\n<\/div><\/div><\/div><div class=\"fusion-clearfix\"><\/div><\/div>\n<\/article>\n<article id=\"blog-1-post-69809\" class=\"fusion-post-grid post-69809 post type-post status-publish format-standard hentry category-pliidid-pliidid category-lincar-pliidid-pliidid-pliidid\">\n<div class=\"fusion-post-wrapper\" style=\"background-color:rgba(255,255,255,1);border:1px solid #a82c23;border-bottom-width:3px;\">\n\n<div class=\"fusion-post-content-wrapper\" style=\"padding:30px 25px 25px 25px;\"><div class=\"fusion-post-content post-content\"><h2 class=\"blog-shortcode-post-title entry-title\"><a href=\"https:\/\/www.kaminakeskus.ee\/lv\/pliit-lincar-duchessa-mosaico-a041\/\">Pliit Lincar Duchessa Mosaico A041<\/a><\/h2><div class=\"fusion-post-content-container\"><div id=\"attachment_69810\" style=\"width: 160px\" class=\"wp-caption alignleft\"><a href=\"https:\/\/www.kaminakeskus.ee\/wp-content\/uploads\/2023\/08\/pliit_lincar_duchessa_a041.png\"><img decoding=\"async\" aria-describedby=\"caption-attachment-69810\" class=\"size-thumbnail wp-image-69810\" src=\"https:\/\/www.kaminakeskus.ee\/wp-content\/uploads\/2023\/08\/pliit_lincar_duchessa_a041-150x147.png\" alt=\"\" width=\"150\" height=\"147\" srcset=\"https:\/\/www.kaminakeskus.ee\/wp-content\/uploads\/2023\/08\/pliit_lincar_duchessa_a041-66x66.png 66w, https:\/\/www.kaminakeskus.ee\/wp-content\/uploads\/2023\/08\/pliit_lincar_duchessa_a041-150x147.png 150w, https:\/\/www.kaminakeskus.ee\/wp-content\/uploads\/2023\/08\/pliit_lincar_duchessa_a041-200x196.png 200w, https:\/\/www.kaminakeskus.ee\/wp-content\/uploads\/2023\/08\/pliit_lincar_duchessa_a041-300x294.png 300w, https:\/\/www.kaminakeskus.ee\/wp-content\/uploads\/2023\/08\/pliit_lincar_duchessa_a041-400x392.png 400w, https:\/\/www.kaminakeskus.ee\/wp-content\/uploads\/2023\/08\/pliit_lincar_duchessa_a041-600x588.png 600w, https:\/\/www.kaminakeskus.ee\/wp-content\/uploads\/2023\/08\/pliit_lincar_duchessa_a041-768x753.png 768w, https:\/\/www.kaminakeskus.ee\/wp-content\/uploads\/2023\/08\/pliit_lincar_duchessa_a041-800x784.png 800w, https:\/\/www.kaminakeskus.ee\/wp-content\/uploads\/2023\/08\/pliit_lincar_duchessa_a041-1024x1004.png 1024w, https:\/\/www.kaminakeskus.ee\/wp-content\/uploads\/2023\/08\/pliit_lincar_duchessa_a041-1200x1176.png 1200w, https:\/\/www.kaminakeskus.ee\/wp-content\/uploads\/2023\/08\/pliit_lincar_duchessa_a041-1536x1506.png 1536w\" sizes=\"(max-width: 150px) 100vw, 150px\" \/><\/a><p id=\"caption-attachment-69810\" class=\"wp-caption-text\">Pliit Duchessa A041<\/p><\/div>\n<p><strong>Pliit Duchessa Mosaico A041<\/strong><br \/>\nV\u00f5imsus: 14,9kW<br \/>\nK\u00f5rgus:850-920mm<br \/>\nLaius:1255mm<br \/>\nS\u00fcgavus:670mm<br \/>\nL\u00f5\u00f5r:\u00d8150mm,pealt\/tagant<br \/>\nKaal:260kg<br \/>\n<a href=\"https:\/\/drive.google.com\/file\/d\/1MajKKcQjddJcq0n28MXJhPHjXXLLCe_b\/view?pli=1\">Manual<\/a><br \/>\n<strong>Hind: 5070 EUR<\/strong><\/p>\n<\/div><\/div><\/div><div class=\"fusion-clearfix\"><\/div><\/div>\n<\/article>\n<article id=\"blog-1-post-69804\" class=\"fusion-post-grid post-69804 post type-post status-publish format-standard hentry category-plitis-lv category-plitis-lincar\">\n<div class=\"fusion-post-wrapper\" style=\"background-color:rgba(255,255,255,1);border:1px solid #a82c23;border-bottom-width:3px;\">\n\n<div class=\"fusion-post-content-wrapper\" style=\"padding:30px 25px 25px 25px;\"><div class=\"fusion-post-content post-content\"><h2 class=\"blog-shortcode-post-title entry-title\"><a href=\"https:\/\/www.kaminakeskus.ee\/lv\/pliit-lincar-duchessa-mosaico-a042\/\">Pl\u012bts Lincar Duchessa Mosaico A042<\/a><\/h2><div class=\"fusion-post-content-container\"><div id=\"attachment_69800\" style=\"width: 160px\" class=\"wp-caption alignleft\"><a href=\"https:\/\/www.kaminakeskus.ee\/wp-content\/uploads\/2023\/08\/pliit_lincar_duchessa-150x147.png\"><img decoding=\"async\" aria-describedby=\"caption-attachment-69800\" class=\"size-thumbnail wp-image-69798\" src=\"https:\/\/www.kaminakeskus.ee\/wp-content\/uploads\/2023\/08\/pliit_lincar_duchessa-150x147.png\" alt=\"\" width=\"150\" height=\"147\" srcset=\"https:\/\/www.kaminakeskus.ee\/wp-content\/uploads\/2023\/08\/pliit_lincar_duchessa-66x66.png 66w, https:\/\/www.kaminakeskus.ee\/wp-content\/uploads\/2023\/08\/pliit_lincar_duchessa-150x147.png 150w, https:\/\/www.kaminakeskus.ee\/wp-content\/uploads\/2023\/08\/pliit_lincar_duchessa-200x196.png 200w, https:\/\/www.kaminakeskus.ee\/wp-content\/uploads\/2023\/08\/pliit_lincar_duchessa-300x294.png 300w, https:\/\/www.kaminakeskus.ee\/wp-content\/uploads\/2023\/08\/pliit_lincar_duchessa-400x392.png 400w, https:\/\/www.kaminakeskus.ee\/wp-content\/uploads\/2023\/08\/pliit_lincar_duchessa-600x588.png 600w, https:\/\/www.kaminakeskus.ee\/wp-content\/uploads\/2023\/08\/pliit_lincar_duchessa-768x753.png 768w, https:\/\/www.kaminakeskus.ee\/wp-content\/uploads\/2023\/08\/pliit_lincar_duchessa-800x784.png 800w, https:\/\/www.kaminakeskus.ee\/wp-content\/uploads\/2023\/08\/pliit_lincar_duchessa-1024x1004.png 1024w, https:\/\/www.kaminakeskus.ee\/wp-content\/uploads\/2023\/08\/pliit_lincar_duchessa-1200x1176.png 1200w, https:\/\/www.kaminakeskus.ee\/wp-content\/uploads\/2023\/08\/pliit_lincar_duchessa-1536x1506.png 1536w\" sizes=\"(max-width: 150px) 100vw, 150px\" \/><\/a><p id=\"caption-attachment-69800\" class=\"wp-caption-text\">Pl\u012bts Duchessa Mosaico A042<\/p><\/div>\n<p><strong>Pl\u012bts Duchessa Mosaico A042<\/strong><br \/>\nJauda: 14,9 kW<br \/>\nAugstums: 850-920 mm<br \/>\nPlatums: 1255 mm<br \/>\nDzi\u013cums: 670mm<br \/>\nV\u012btne: \u00d8150mm, aug\u0161\u0101\/aizmugur\u0113<br \/>\nSvars: 260 kg<br \/>\n<a href=\"https:\/\/drive.google.com\/file\/d\/1MajKKcQjddJcq0n28MXJhPHjXXLLCe_b\/view?pli=1\">Rokasgr\u0101mata<\/a><br \/>\n<strong>Cena: 5070 EUR<\/strong><\/p>\n<\/div><\/div><\/div><div class=\"fusion-clearfix\"><\/div><\/div>\n<\/article>\n<article id=\"blog-1-post-68233\" class=\"fusion-post-grid post-68233 post type-post status-publish format-standard hentry category-plitis-lv category-plitis-lincar\">\n<div class=\"fusion-post-wrapper\" style=\"background-color:rgba(255,255,255,1);border:1px solid #a82c23;border-bottom-width:3px;\">\n\n<div class=\"fusion-post-content-wrapper\" style=\"padding:30px 25px 25px 25px;\"><div class=\"fusion-post-content post-content\"><h2 class=\"blog-shortcode-post-title entry-title\"><a href=\"https:\/\/www.kaminakeskus.ee\/lv\/pliit-lincar-gaia-149-av\/\">Pl\u012bts Lincar Gaia 149 AV\/AV SX<\/a><\/h2><div class=\"fusion-post-content-container\"><div id=\"attachment_56516\" class=\"wp-caption aligncenter\">\n<p id=\"caption-attachment-56516\" class=\"wp-caption-text\"><img decoding=\"async\" class=\"alignleft size-thumbnail wp-image-68227\" src=\"https:\/\/www.kaminakeskus.ee\/wp-content\/uploads\/2023\/05\/GAIA-149-V_fucile-150x142.png\" alt=\"\" width=\"150\" height=\"142\" srcset=\"https:\/\/www.kaminakeskus.ee\/wp-content\/uploads\/2023\/05\/GAIA-149-V_fucile-150x142.png 150w, https:\/\/www.kaminakeskus.ee\/wp-content\/uploads\/2023\/05\/GAIA-149-V_fucile-200x189.png 200w, https:\/\/www.kaminakeskus.ee\/wp-content\/uploads\/2023\/05\/GAIA-149-V_fucile-300x283.png 300w, https:\/\/www.kaminakeskus.ee\/wp-content\/uploads\/2023\/05\/GAIA-149-V_fucile-400x378.png 400w, https:\/\/www.kaminakeskus.ee\/wp-content\/uploads\/2023\/05\/GAIA-149-V_fucile-600x567.png 600w, https:\/\/www.kaminakeskus.ee\/wp-content\/uploads\/2023\/05\/GAIA-149-V_fucile.png 760w\" sizes=\"(max-width: 150px) 100vw, 150px\" \/><strong>Pl\u012bts Gaia 149 AV\/AV SX<\/strong><br \/>\n Jauda: 7,4 kW<br \/>\nAugstums: 850mm<br \/>\nPlatums: 980 mm<br \/>\nDzi\u013cums: 620mm<br \/>\nD\u016bmvads: \u00d8130mm, aug\u0161pus\u0113, aizmugur\u0113<br \/>\nSvars: 145 kg<br \/>\nKr\u0101sa: kapu\u010d\u012bno, balta, antrac\u012bts<br \/>\n<strong>Cena: 1999 EUR\/2099 EUR (kreisaj\u0101 pus\u0113)<\/strong><\/p>\n<\/div>\n<\/div><\/div><\/div><div class=\"fusion-clearfix\"><\/div><\/div>\n<\/article>\n<article id=\"blog-1-post-69682\" class=\"fusion-post-grid post-69682 post type-post status-publish format-standard hentry category-plitis-lv category-plitis-lincar\">\n<div class=\"fusion-post-wrapper\" style=\"background-color:rgba(255,255,255,1);border:1px solid #a82c23;border-bottom-width:3px;\">\n\n<div class=\"fusion-post-content-wrapper\" style=\"padding:30px 25px 25px 25px;\"><div class=\"fusion-post-content post-content\"><h2 class=\"blog-shortcode-post-title entry-title\"><a href=\"https:\/\/www.kaminakeskus.ee\/lv\/pliit-lincar-nada\/\">Pl\u012bts Lincar Nada<\/a><\/h2><div class=\"fusion-post-content-container\"><div id=\"attachment_56518\" style=\"width: 160px\" class=\"wp-caption alignleft\"><a href=\"https:\/\/www.kaminakeskus.ee\/wp-content\/uploads\/2021\/09\/pliit_lincar_nada_cappuccino-150x142.png\"><img decoding=\"async\" aria-describedby=\"caption-attachment-56518\" class=\"size-thumbnail wp-image-56516\" src=\"https:\/\/www.kaminakeskus.ee\/wp-content\/uploads\/2021\/09\/pliit_lincar_nada_cappuccino-150x142.png\" alt=\"\" width=\"150\" height=\"142\" srcset=\"https:\/\/www.kaminakeskus.ee\/wp-content\/uploads\/2021\/09\/pliit_lincar_nada_cappuccino-150x142.png 150w, https:\/\/www.kaminakeskus.ee\/wp-content\/uploads\/2021\/09\/pliit_lincar_nada_cappuccino-200x189.png 200w, https:\/\/www.kaminakeskus.ee\/wp-content\/uploads\/2021\/09\/pliit_lincar_nada_cappuccino-300x283.png 300w, https:\/\/www.kaminakeskus.ee\/wp-content\/uploads\/2021\/09\/pliit_lincar_nada_cappuccino-400x378.png 400w, https:\/\/www.kaminakeskus.ee\/wp-content\/uploads\/2021\/09\/pliit_lincar_nada_cappuccino-600x567.png 600w, https:\/\/www.kaminakeskus.ee\/wp-content\/uploads\/2021\/09\/pliit_lincar_nada_cappuccino.png 760w\" sizes=\"(max-width: 150px) 100vw, 150px\" \/><\/a><p id=\"caption-attachment-56518\" class=\"wp-caption-text\">Pl\u012bts Nada kapu\u010d\u012bno<\/p><\/div>\n<p><strong>Pl\u012bts Lincar Nada<\/strong><br \/>\nJauda: 9kW<br \/>\nAugstums: 830 mm<br \/>\nPlatums: 980 mm<br \/>\nDzi\u013cums: 620mm<br \/>\nD\u016bmvads: \u00d8130mm, aug\u0161pus\u0113<br \/>\nSvars: 120kg<br \/>\nKr\u0101sa: kapu\u010d\u012bno, balta, melna<br \/>\n<strong>Cena: 1720 EUR<\/strong><\/p>\n<\/div><\/div><\/div><div class=\"fusion-clearfix\"><\/div><\/div>\n<\/article>\n<article id=\"blog-1-post-47685\" class=\"fusion-post-grid post-47685 post type-post status-publish format-standard hentry category-plitis-lv category-plitis-lincar\">\n<div class=\"fusion-post-wrapper\" style=\"background-color:rgba(255,255,255,1);border:1px solid #a82c23;border-bottom-width:3px;\">\n\n<div class=\"fusion-post-content-wrapper\" style=\"padding:30px 25px 25px 25px;\"><div class=\"fusion-post-content post-content\"><h2 class=\"blog-shortcode-post-title entry-title\"><a href=\"https:\/\/www.kaminakeskus.ee\/lv\/malkas-krasns-lincar-gaia-140-av\/\">Malkas kr\u0101sns Lincar Gaia 140 AV<\/a><\/h2><div class=\"fusion-post-content-container\"><div id=\"attachment_39245\" style=\"width: 160px\" class=\"wp-caption alignleft\"><a href=\"https:\/\/www.kaminakeskus.ee\/wp-content\/uploads\/2019\/04\/Puupliit_gaia_149_av.jpg\"><img decoding=\"async\" aria-describedby=\"caption-attachment-39245\" class=\"size-thumbnail wp-image-23337\" src=\"https:\/\/www.kaminakeskus.ee\/wp-content\/uploads\/2019\/04\/Puupliit_gaia_149_av-150x150.jpg\" alt=\"\" width=\"150\" height=\"150\"><\/a><p id=\"caption-attachment-39245\" class=\"wp-caption-text\">Malkas kr\u0101sns Gaia 149 AV<\/p><\/div>\n<p><strong>Malkas kr\u0101sns Gaia 149 AV<\/strong><br \/>\nJauda: 9,5 kW<br \/>\nHxWxD: 850x980x620mm<br \/>\nApsild\u0101ma telpa: 200m\u00b3<br \/>\nD\u016bmvads: \u00d8130mm, aug\u0161pus\u0113, aizmugur\u0113<br \/>\nSvars: 140kg<br \/>\nKr\u0101sa: kapu\u010d\u012bno, balta, melna<br \/>\n<strong>Cena: 1836 EUR<\/strong><\/p>\n<\/div><\/div><\/div><div class=\"fusion-clearfix\"><\/div><\/div>\n<\/article>\n<article id=\"blog-1-post-47563\" class=\"fusion-post-grid post-47563 post type-post status-publish format-standard hentry category-plitis-lv category-plitis-lincar\">\n<div class=\"fusion-post-wrapper\" style=\"background-color:rgba(255,255,255,1);border:1px solid #a82c23;border-bottom-width:3px;\">\n\n<div class=\"fusion-post-content-wrapper\" style=\"padding:30px 25px 25px 25px;\"><div class=\"fusion-post-content post-content\"><h2 class=\"blog-shortcode-post-title entry-title\"><a href=\"https:\/\/www.kaminakeskus.ee\/lv\/malkas-krasns-lincar-gaia-sinistra\/\">Malkas kr\u0101sns Lincar Gaia Sinistra<\/a><\/h2><div class=\"fusion-post-content-container\"><div id=\"attachment_39241\" style=\"width: 160px\" class=\"wp-caption alignleft\"><a href=\"https:\/\/www.kaminakeskus.ee\/wp-content\/uploads\/2019\/04\/Puupliit_Gaia_sinistra_Cappuccino.jpg\"><img decoding=\"async\" aria-describedby=\"caption-attachment-39241\" class=\"size-thumbnail wp-image-23330\" src=\"https:\/\/www.kaminakeskus.ee\/wp-content\/uploads\/2019\/04\/Puupliit_Gaia_sinistra_Cappuccino-150x150.jpg\" alt=\"\" width=\"150\" height=\"150\"><\/a><p id=\"caption-attachment-39241\" class=\"wp-caption-text\">Malkas kr\u0101sns Gaia Sinistra<\/p><\/div>\n<p><strong>Malkas kr\u0101sns Gaia Sinistra<\/strong><br \/>\nJauda: 9,5 kW<br \/>\nHxWxD: 850x980x620mm<br \/>\nApsild\u0101ma telpa: 200m\u00b3<br \/>\nD\u016bmvads: \u00d8130mm, aug\u0161pus\u0113, aizmugur\u0113<br \/>\nSvars: 140kg<br \/>\nKr\u0101sa: kapu\u010d\u012bno, balta, melna<br \/>\n<strong>Cena: 1920 EUR<\/strong><\/p>\n<\/div><\/div><\/div><div class=\"fusion-clearfix\"><\/div><\/div>\n<\/article>\n<article id=\"blog-1-post-47531\" class=\"fusion-post-grid post-47531 post type-post status-publish format-standard hentry category-plitis-lv category-plitis-lincar\">\n<div class=\"fusion-post-wrapper\" style=\"background-color:rgba(255,255,255,1);border:1px solid #a82c23;border-bottom-width:3px;\">\n\n<div class=\"fusion-post-content-wrapper\" style=\"padding:30px 25px 25px 25px;\"><div class=\"fusion-post-content post-content\"><h2 class=\"blog-shortcode-post-title entry-title\"><a href=\"https:\/\/www.kaminakeskus.ee\/lv\/malkas-krasns-aurora-149av\/\">Malkas kr\u0101sns Aurora 149AV<\/a><\/h2><div class=\"fusion-post-content-container\"><div id=\"attachment_39237\" style=\"width: 160px\" class=\"wp-caption alignleft\"><a href=\"https:\/\/www.kaminakeskus.ee\/wp-content\/uploads\/2019\/04\/puupliit_aurora-149-AV.png\"><img decoding=\"async\" aria-describedby=\"caption-attachment-39237\" class=\"size-thumbnail wp-image-23326\" src=\"https:\/\/www.kaminakeskus.ee\/wp-content\/uploads\/2019\/04\/puupliit_aurora-149-AV-150x150.png\" alt=\"\" width=\"150\" height=\"150\"><\/a><p id=\"caption-attachment-39237\" class=\"wp-caption-text\">Malkas kr\u0101sns Aurora 149 AV<\/p><\/div>\n<p><strong>Malkas kr\u0101sns AURORA 149 AV<\/strong><br \/>\nJauda: 9,5 kW<br \/>\nHxWxD: 850x980x620mm<br \/>\nApsild\u0101ma telpa: 200m\u00b3<br \/>\nD\u016bmvads: \u00d8130mm, aug\u0161pus\u0113, aizmugur\u0113<br \/>\nSvars: 150kg<br \/>\nKr\u0101sa: kapu\u010d\u012bno, balta, melna<br \/>\n<strong>Cena: 2076 EUR<\/strong><\/p>\n<p>&nbsp;<\/p>\n<\/div><\/div><\/div><div class=\"fusion-clearfix\"><\/div><\/div>\n<\/article>\n<article id=\"blog-1-post-47540\" class=\"fusion-post-grid post-47540 post type-post status-publish format-standard hentry category-plitis category-plitis-lv category-plitis-lincar\">\n<div class=\"fusion-post-wrapper\" style=\"background-color:rgba(255,255,255,1);border:1px solid #a82c23;border-bottom-width:3px;\">\n\n<div class=\"fusion-post-content-wrapper\" style=\"padding:30px 25px 25px 25px;\"><div class=\"fusion-post-content post-content\"><h2 class=\"blog-shortcode-post-title entry-title\"><a href=\"https:\/\/www.kaminakeskus.ee\/lv\/malkas-krasns-lincar-valentina-149-av\/\">Malkas kr\u0101sns Lincar Valentina 149 AV<\/a><\/h2><div class=\"fusion-post-content-container\"><div id=\"attachment_39225\" style=\"width: 160px\" class=\"wp-caption alignleft\"><a href=\"https:\/\/www.kaminakeskus.ee\/wp-content\/uploads\/2019\/04\/Puupliit_Valentina_149_AV-.jpg\"><img decoding=\"async\" aria-describedby=\"caption-attachment-39225\" class=\"size-thumbnail wp-image-23321\" src=\"https:\/\/www.kaminakeskus.ee\/wp-content\/uploads\/2019\/04\/Puupliit_Valentina_149_AV--150x150.jpg\" alt=\"\" width=\"150\" height=\"150\"><\/a><p id=\"caption-attachment-39225\" class=\"wp-caption-text\">Malkas kr\u0101sns Valentina 149 AV<\/p><\/div>\n<p><strong>Malkas kr\u0101sns Valentina 149 AV<\/strong><br \/>\nJauda: 9,5 kW<br \/>\nHxWxD: 850x980x670mm<br \/>\nApsild\u0101ma telpa: 200m\u00b3<br \/>\nD\u016bmvads: \u00d8130mm, aug\u0161pus\u0113, aizmugur\u0113<br \/>\nSvars: 155kg<br \/>\nKr\u0101sa: melna<br \/>\n<strong>Cena: 2340 EUR<\/strong><\/p>\n<\/div><\/div><\/div><div class=\"fusion-clearfix\"><\/div><\/div>\n<\/article>\n<article id=\"blog-1-post-47608\" class=\"fusion-post-grid post-47608 post type-post status-publish format-standard hentry category-plitis-lv category-plitis-lincar\">\n<div class=\"fusion-post-wrapper\" style=\"background-color:rgba(255,255,255,1);border:1px solid #a82c23;border-bottom-width:3px;\">\n\n<div class=\"fusion-post-content-wrapper\" style=\"padding:30px 25px 25px 25px;\"><div class=\"fusion-post-content post-content\"><h2 class=\"blog-shortcode-post-title entry-title\"><a href=\"https:\/\/www.kaminakeskus.ee\/lv\/malkas-krasns-lincar-valentina-149-av-2\/\">Malkas kr\u0101sns Lincar Valentina 149 AV<\/a><\/h2><div class=\"fusion-post-content-container\"><div id=\"attachment_39221\" style=\"width: 160px\" class=\"wp-caption alignleft\"><a href=\"https:\/\/www.kaminakeskus.ee\/wp-content\/uploads\/2019\/04\/Puupliit_Valentina_149_AV_cappuccino.jpg\"><img decoding=\"async\" aria-describedby=\"caption-attachment-39221\" class=\"size-thumbnail wp-image-23318\" src=\"https:\/\/www.kaminakeskus.ee\/wp-content\/uploads\/2019\/04\/Puupliit_Valentina_149_AV_cappuccino-150x150.jpg\" alt=\"\" width=\"150\" height=\"150\"><\/a><p id=\"caption-attachment-39221\" class=\"wp-caption-text\">Malkas kr\u0101sns Valentina 149 AV<\/p><\/div>\n<p><strong>Malkas kr\u0101sns Valentina 149 AV<\/strong><br \/>\nJauda: 9,5 kW<br \/>\nHxWxD: 850x980x670mm<br \/>\nApsild\u0101ma telpa: 200m\u00b3<br \/>\nD\u016bmvads: \u00d8130mm, aug\u0161pus\u0113, aizmugur\u0113<br \/>\nSvars: 155kg<br \/>\nKr\u0101sa: kapu\u010d\u012bno<br \/>\n<strong>Cena: 2340 EUR<\/strong><\/p>\n<\/div><\/div><\/div><div class=\"fusion-clearfix\"><\/div><\/div>\n<\/article>\n<article id=\"blog-1-post-47512\" class=\"fusion-post-grid post-47512 post type-post status-publish format-standard hentry category-plitis category-plitis-lv category-plitis-lincar\">\n<div class=\"fusion-post-wrapper\" style=\"background-color:rgba(255,255,255,1);border:1px solid #a82c23;border-bottom-width:3px;\">\n\n<div class=\"fusion-post-content-wrapper\" style=\"padding:30px 25px 25px 25px;\"><div class=\"fusion-post-content post-content\"><h2 class=\"blog-shortcode-post-title entry-title\"><a href=\"https:\/\/www.kaminakeskus.ee\/lv\/malkas-krasns-lincar-aurora-149-ar-ziepakmeni\/\">Malkas kr\u0101sns Lincar AURORA 149 ar ziepakmeni<\/a><\/h2><div class=\"fusion-post-content-container\"><div id=\"attachment_39217\" style=\"width: 160px\" class=\"wp-caption alignleft\"><a href=\"https:\/\/www.kaminakeskus.ee\/wp-content\/uploads\/2019\/04\/Puupliit_Aurora_149_voolukiviga.jpg\"><img decoding=\"async\" aria-describedby=\"caption-attachment-39217\" class=\"size-thumbnail wp-image-23315\" src=\"https:\/\/www.kaminakeskus.ee\/wp-content\/uploads\/2019\/04\/Puupliit_Aurora_149_voolukiviga-150x150.jpg\" alt=\"\" width=\"150\" height=\"150\"><\/a><p id=\"caption-attachment-39217\" class=\"wp-caption-text\">Malkas kr\u0101sns AURORA 149 AVL<\/p><\/div>\n<p><strong>Malkas kr\u0101sns AURORA 149 AVL<\/strong><br \/>\nJauda: 9,5 kW<br \/>\nHxWxD: 850x980x620mm<br \/>\nApsild\u0101ma telpa: 200m\u00b3<br \/>\nD\u016bmvads: \u00d8130mm, aug\u0161pus\u0113, aizmugur\u0113<br \/>\nSvars: 174kg<br \/>\nKr\u0101sa: ziepakmens<br \/>\n<strong>Cena: 2499 EUR<\/strong><\/p>\n<\/div><\/div><\/div><div class=\"fusion-clearfix\"><\/div><\/div>\n<\/article>\n<article id=\"blog-1-post-47552\" class=\"fusion-post-grid post-47552 post type-post status-publish format-standard hentry category-plitis-lv category-plitis-lincar\">\n<div class=\"fusion-post-wrapper\" style=\"background-color:rgba(255,255,255,1);border:1px solid #a82c23;border-bottom-width:3px;\">\n\n<div class=\"fusion-post-content-wrapper\" style=\"padding:30px 25px 25px 25px;\"><div class=\"fusion-post-content post-content\"><h2 class=\"blog-shortcode-post-title entry-title\"><a href=\"https:\/\/www.kaminakeskus.ee\/lv\/malkas-krasns-lincar-aurora-149-avl\/\">Malkas kr\u0101sns Lincar AURORA 149 AVL<\/a><\/h2><div class=\"fusion-post-content-container\"><div id=\"attachment_39213\" style=\"width: 160px\" class=\"wp-caption alignleft\"><a href=\"https:\/\/www.kaminakeskus.ee\/wp-content\/uploads\/2019\/04\/Puupliit_Aurora_Beige_149_A_VL.jpg\"><img decoding=\"async\" aria-describedby=\"caption-attachment-39213\" class=\"size-thumbnail wp-image-23308\" src=\"https:\/\/www.kaminakeskus.ee\/wp-content\/uploads\/2019\/04\/Puupliit_Aurora_Beige_149_A_VL-150x150.jpg\" alt=\"\" width=\"150\" height=\"150\"><\/a><p id=\"caption-attachment-39213\" class=\"wp-caption-text\">Malkas kr\u0101sns Aurora Beige 149<\/p><\/div>\n<p><strong>Malkas kr\u0101sns AURORA 149 AVL<\/strong><br \/>\nJauda: 9,5 kW<br \/>\nHxWxD: 850x980x620mm<br \/>\nApsild\u0101ma telpa: 200m\u00b3<br \/>\nD\u016bmvads: \u00d8130mm, aug\u0161pus\u0113, aizmugur\u0113<br \/>\nSvars: 174kg<br \/>\nKr\u0101sa: b\u0113\u0161a<br \/>\n<strong>Cena: 2499 EUR<\/strong><\/p>\n<\/div><\/div><\/div><div class=\"fusion-clearfix\"><\/div><\/div>\n<\/article>\n<article id=\"blog-1-post-47710\" class=\"fusion-post-grid post-47710 post type-post status-publish format-standard hentry category-plitis-lv category-plitis-lincar\">\n<div class=\"fusion-post-wrapper\" style=\"background-color:rgba(255,255,255,1);border:1px solid #a82c23;border-bottom-width:3px;\">\n\n<div class=\"fusion-post-content-wrapper\" style=\"padding:30px 25px 25px 25px;\"><div class=\"fusion-post-content post-content\"><h2 class=\"blog-shortcode-post-title entry-title\"><a href=\"https:\/\/www.kaminakeskus.ee\/lv\/malkas-krasns-lincar-aurora-149-avl-2\/\">Malkas kr\u0101sns Lincar AURORA 149 AVL<\/a><\/h2><div class=\"fusion-post-content-container\"><div id=\"attachment_39209\" style=\"width: 160px\" class=\"wp-caption alignleft\"><a href=\"https:\/\/www.kaminakeskus.ee\/wp-content\/uploads\/2019\/04\/149-A-VL_Aurora_Fucile_Bordeaux.jpg\"><img decoding=\"async\" aria-describedby=\"caption-attachment-39209\" class=\"size-thumbnail wp-image-23305\" src=\"https:\/\/www.kaminakeskus.ee\/wp-content\/uploads\/2019\/04\/149-A-VL_Aurora_Fucile_Bordeaux-150x150.jpg\" alt=\"\" width=\"150\" height=\"150\"><\/a><p id=\"caption-attachment-39209\" class=\"wp-caption-text\">Malkas kr\u0101sns Lincar Aurora 149 AVL<\/p><\/div>\n<p><strong>Malkas kr\u0101sns AURORA 149 AVL<\/strong><br \/>\nJauda: 9,5 kW<br \/>\nHxWxD: 850x980x620mm<br \/>\nApsild\u0101ma telpa: 200m\u00b3<br \/>\nD\u016bmvads: \u00d8130mm, aug\u0161pus\u0113, aizmugur\u0113<br \/>\nSvars: 174kg<br \/>\nKr\u0101sa: sarkana<br \/>\n<strong>Cena: 2499 EUR<\/strong><\/p>\n<\/div><\/div><\/div><div class=\"fusion-clearfix\"><\/div><\/div>\n<\/article>\n<article id=\"blog-1-post-47541\" class=\"fusion-post-grid post-47541 post type-post status-publish format-standard hentry category-plitis category-plitis-lv category-plitis-lincar\">\n<div class=\"fusion-post-wrapper\" style=\"background-color:rgba(255,255,255,1);border:1px solid #a82c23;border-bottom-width:3px;\">\n\n<div class=\"fusion-post-content-wrapper\" style=\"padding:30px 25px 25px 25px;\"><div class=\"fusion-post-content post-content\"><h2 class=\"blog-shortcode-post-title entry-title\"><a href=\"https:\/\/www.kaminakeskus.ee\/lv\/malkas-krasns-lincar-bea-702a-g\/\">Malkas kr\u0101sns Lincar BEA 702A G<\/a><\/h2><div class=\"fusion-post-content-container\"><div id=\"attachment_39205\" style=\"width: 160px\" class=\"wp-caption alignleft\"><a href=\"https:\/\/www.kaminakeskus.ee\/wp-content\/uploads\/2019\/04\/puupliit-lincar-bea-702-g-marrone.png\"><img decoding=\"async\" aria-describedby=\"caption-attachment-39205\" class=\"size-thumbnail wp-image-23274\" src=\"https:\/\/www.kaminakeskus.ee\/wp-content\/uploads\/2019\/04\/puupliit-lincar-bea-702-g-marrone-150x150.png\" alt=\"\" width=\"150\" height=\"150\"><\/a><p id=\"caption-attachment-39205\" class=\"wp-caption-text\">Malkas kr\u0101sns BEA 702A G<\/p><\/div>\n<p><strong>Malkas kr\u0101sns BEA 702A G<\/strong><br \/>\nJauda: 9,5-11,8kW<br \/>\nHxWxD: 850x1005x640mm<br \/>\nApsild\u0101ma telpa: 220m\u00b3<br \/>\nD\u016bmvads: \u00d8150mm, aug\u0161pus\u0113, aizmugur\u0113<br \/>\nSvars: 190kg<br \/>\nKr\u0101sa: br\u016bna, balta, pel\u0113ka<br \/>\n<strong>Cena: 2799 EUR<\/strong><\/p>\n<\/div><\/div><\/div><div class=\"fusion-clearfix\"><\/div><\/div>\n<\/article>\n<article id=\"blog-1-post-47528\" class=\"fusion-post-grid post-47528 post type-post status-publish format-standard hentry category-plitis-lv category-plitis category-plitis-lincar\">\n<div class=\"fusion-post-wrapper\" style=\"background-color:rgba(255,255,255,1);border:1px solid #a82c23;border-bottom-width:3px;\">\n\n<div class=\"fusion-post-content-wrapper\" style=\"padding:30px 25px 25px 25px;\"><div class=\"fusion-post-content post-content\"><h2 class=\"blog-shortcode-post-title entry-title\"><a href=\"https:\/\/www.kaminakeskus.ee\/lv\/malkas-krasns-lincar-bea-702a-gl\/\">Malkas kr\u0101sns Lincar BEA 702A GL<\/a><\/h2><div class=\"fusion-post-content-container\"><div id=\"attachment_39201\" style=\"width: 160px\" class=\"wp-caption alignleft\"><a href=\"https:\/\/www.kaminakeskus.ee\/wp-content\/uploads\/2019\/04\/puupliit-lincar-bea-702-gl-150x150.png\"><img decoding=\"async\" aria-describedby=\"caption-attachment-39201\" class=\"size-thumbnail wp-image-23267\" src=\"https:\/\/www.kaminakeskus.ee\/wp-content\/uploads\/2019\/04\/puupliit-lincar-bea-702-gl-150x150.png\" alt=\"\" width=\"150\" height=\"150\"><\/a><p id=\"caption-attachment-39201\" class=\"wp-caption-text\">Malkas kr\u0101sns BEA 702 GL<\/p><\/div>\n<p><strong>Malkas kr\u0101sns BEA 702A GL<\/strong><br \/>\nJauda: 9,5-11,8kW<br \/>\nHxWxD: 850x1005x640mm<br \/>\nApsild\u0101ma telpa: 220m\u00b3<br \/>\nD\u016bmvads: \u00d8150mm, aug\u0161pus\u0113, aizmugur\u0113<br \/>\nSvars: 210kg<br \/>\nKr\u0101sa: sarkana, b\u0113\u0161a<br \/>\n<strong>Cena: 3250 EUR<\/strong><\/p>\n<\/div><\/div><\/div><div class=\"fusion-clearfix\"><\/div><\/div>\n<\/article>\n<article id=\"blog-1-post-50605\" class=\"fusion-post-grid post-50605 post type-post status-publish format-standard hentry category-plitis-lincar\">\n<div class=\"fusion-post-wrapper\" style=\"background-color:rgba(255,255,255,1);border:1px solid #a82c23;border-bottom-width:3px;\">\n\n<div class=\"fusion-post-content-wrapper\" style=\"padding:30px 25px 25px 25px;\"><div class=\"fusion-post-content post-content\"><h2 class=\"blog-shortcode-post-title entry-title\"><a href=\"https:\/\/www.kaminakeskus.ee\/lv\/lincar-3\/\">Lincar<\/a><\/h2><div class=\"fusion-post-content-container\"><p><img decoding=\"async\" src=\"http:\/\/www.kaminakeskus.ee\/docs\/pics\/logo_lincar%281%29.gif\" alt=\"kam\u012bni, kr\u0101snis, pl\u012btis, katli, pirts kr\u0101snis, skurste\u0146i, skurste\u0146i, modu\u013cu skurste\u0146i\" width=\"160\" height=\"65\"><br \/>\n<a href=\"https:\/\/www.lincarstufe.com\/en\/wood-line\/\" target=\"_blank\" rel=\"noopener\">Skatiet ra\u017eot\u0101ja vietni<\/a><\/p>\n<\/div><\/div><\/div><div class=\"fusion-clearfix\"><\/div><\/div>\n<\/article>\n<div class=\"fusion-clearfix\"><\/div><\/div><\/div><\/div><\/div><\/div><\/div><div class=\"fusion-fullwidth fullwidth-box fusion-builder-row-2 fusion-flex-container nonhundred-percent-fullwidth non-hundred-percent-height-scrolling\" style=\"--awb-border-radius-top-left:0px;--awb-border-radius-top-right:0px;--awb-border-radius-bottom-right:0px;--awb-border-radius-bottom-left:0px;--awb-flex-wrap:wrap;\" ><div class=\"fusion-builder-row fusion-row fusion-flex-align-items-flex-start fusion-flex-content-wrap\" style=\"max-width:2392px;margin-left: calc(-4% \/ 2 );margin-right: calc(-4% \/ 2 );\"><div class=\"fusion-layout-column fusion_builder_column fusion-builder-column-1 fusion_builder_column_1_1 1_1 fusion-flex-column\" style=\"--awb-bg-size:cover;--awb-width-large:100%;--awb-margin-top-large:0px;--awb-spacing-right-large:1.92%;--awb-margin-bottom-large:20px;--awb-spacing-left-large:1.92%;--awb-width-medium:100%;--awb-order-medium:0;--awb-spacing-right-medium:1.92%;--awb-spacing-left-medium:1.92%;--awb-width-small:100%;--awb-order-small:0;--awb-spacing-right-small:1.92%;--awb-spacing-left-small:1.92%;\"><div class=\"fusion-column-wrapper fusion-column-has-shadow fusion-flex-justify-content-flex-start fusion-content-layout-column\"><\/div><\/div><\/div><\/div><\/p>\n","protected":false},"excerpt":{"rendered":"","protected":false},"author":3,"featured_media":0,"parent":0,"menu_order":0,"comment_status":"closed","ping_status":"closed","template":"","meta":{"footnotes":""},"class_list":["post-54588","page","type-page","status-publish","hentry"],"yoast_head":"<!-- This site is optimized with the Yoast SEO Premium plugin v27.5 (Yoast SEO v27.5) - https:\/\/yoast.com\/product\/yoast-seo-premium-wordpress\/ -->\n<title>KaminaKeskus<\/title>\n<meta name=\"description\" content=\"Kaminate, pliitide, ahjude ja korstnate m\u00fc\u00fck\" \/>\n<meta name=\"robots\" content=\"index, follow, max-snippet:-1, max-image-preview:large, max-video-preview:-1\" \/>\n<link rel=\"canonical\" href=\"https:\/\/www.kaminakeskus.ee\/lv\/lincar-stoves\/\" \/>\n<meta property=\"og:locale\" content=\"lv_LV\" \/>\n<meta property=\"og:type\" content=\"article\" \/>\n<meta property=\"og:title\" content=\"LINCAR STOVES - Kaminakeskus | Kaminad, Ahjud, Pliidid, Saunaahjud, Korstnad, Katlad\" \/>\n<meta property=\"og:description\" content=\"Kaminate, pliitide, ahjude ja korstnate m\u00fc\u00fck\" \/>\n<meta property=\"og:url\" content=\"https:\/\/www.kaminakeskus.ee\/lv\/lincar-stoves\/\" \/>\n<meta property=\"og:site_name\" content=\"Kaminakeskus | Kaminad, Ahjud, Pliidid, Saunaahjud, Korstnad, Katlad\" \/>\n<meta property=\"article:publisher\" content=\"https:\/\/www.facebook.com\/kaminakeskus\/yoast\" \/>\n<meta property=\"article:modified_time\" content=\"2021-09-02T16:09:50+00:00\" \/>\n<meta name=\"twitter:card\" content=\"summary_large_image\" \/>\n<meta name=\"twitter:label1\" content=\"Est. reading time\" \/>\n\t<meta name=\"twitter:data1\" content=\"6 min\u016btes\" \/>\n<script type=\"application\/ld+json\" class=\"yoast-schema-graph\">{\"@context\":\"https:\\\/\\\/schema.org\",\"@graph\":[{\"@type\":\"WebPage\",\"@id\":\"https:\\\/\\\/www.kaminakeskus.ee\\\/lv\\\/lincar-stoves\\\/\",\"url\":\"https:\\\/\\\/www.kaminakeskus.ee\\\/lv\\\/lincar-stoves\\\/\",\"name\":\"KaminaKeskus\",\"isPartOf\":{\"@id\":\"https:\\\/\\\/www.kaminakeskus.ee\\\/lv\\\/#website\"},\"datePublished\":\"2021-08-29T08:36:40+00:00\",\"dateModified\":\"2021-09-02T16:09:50+00:00\",\"description\":\"Kaminate, pliitide, ahjude ja korstnate m\u00fc\u00fck\",\"breadcrumb\":{\"@id\":\"https:\\\/\\\/www.kaminakeskus.ee\\\/lv\\\/lincar-stoves\\\/#breadcrumb\"},\"inLanguage\":\"lv-LV\",\"potentialAction\":[{\"@type\":\"ReadAction\",\"target\":[\"https:\\\/\\\/www.kaminakeskus.ee\\\/lv\\\/lincar-stoves\\\/\"]}]},{\"@type\":\"BreadcrumbList\",\"@id\":\"https:\\\/\\\/www.kaminakeskus.ee\\\/lv\\\/lincar-stoves\\\/#breadcrumb\",\"itemListElement\":[{\"@type\":\"ListItem\",\"position\":1,\"name\":\"Home\",\"item\":\"https:\\\/\\\/www.kaminakeskus.ee\\\/lv\\\/\"},{\"@type\":\"ListItem\",\"position\":2,\"name\":\"LINCAR STOVES\"}]},{\"@type\":\"WebSite\",\"@id\":\"https:\\\/\\\/www.kaminakeskus.ee\\\/lv\\\/#website\",\"url\":\"https:\\\/\\\/www.kaminakeskus.ee\\\/lv\\\/\",\"name\":\"Kaminakeskus | Kaminad, Ahjud, Pliidid, Saunaahjud, Korstnad, Korsten, Moodulkorsten, Katlad\",\"description\":\"Kamin Kaminad Ahi Ahjud Pliit Pliidid Korstnad Katlad\",\"publisher\":{\"@id\":\"https:\\\/\\\/www.kaminakeskus.ee\\\/lv\\\/#organization\"},\"potentialAction\":[{\"@type\":\"SearchAction\",\"target\":{\"@type\":\"EntryPoint\",\"urlTemplate\":\"https:\\\/\\\/www.kaminakeskus.ee\\\/lv\\\/?s={search_term_string}\"},\"query-input\":{\"@type\":\"PropertyValueSpecification\",\"valueRequired\":true,\"valueName\":\"search_term_string\"}}],\"inLanguage\":\"lv-LV\"},{\"@type\":[\"Organization\",\"Place\"],\"@id\":\"https:\\\/\\\/www.kaminakeskus.ee\\\/lv\\\/#organization\",\"name\":\"R\u00e4ndr\u00fc\u00fctel HP O\u00dc\",\"alternateName\":\"KaminaKeskus\",\"url\":\"https:\\\/\\\/www.kaminakeskus.ee\\\/\",\"logo\":{\"@type\":\"ImageObject\",\"inLanguage\":\"lv-LV\",\"@id\":\"https:\\\/\\\/www.kaminakeskus.ee\\\/lv\\\/#\\\/schema\\\/logo\\\/image\\\/\",\"url\":\"https:\\\/\\\/www.kaminakeskus.ee\\\/wp-content\\\/uploads\\\/2026\\\/02\\\/Kaminakeskus-logo-1-1.jpg\",\"contentUrl\":\"https:\\\/\\\/www.kaminakeskus.ee\\\/wp-content\\\/uploads\\\/2026\\\/02\\\/Kaminakeskus-logo-1-1.jpg\",\"width\":2068,\"height\":532,\"caption\":\"R\u00e4ndr\u00fc\u00fctel HP O\u00dc\"},\"image\":{\"@id\":\"https:\\\/\\\/www.kaminakeskus.ee\\\/lv\\\/#\\\/schema\\\/logo\\\/image\\\/\"},\"sameAs\":[\"https:\\\/\\\/www.facebook.com\\\/kaminakeskus\\\/yoast\"],\"description\":\"Sales of fireplaces, chimneys and related goods. Kaminate, ahjude, pliitide, korstnate ja nendega seotud toodete m\u00fc\u00fck.\",\"legalName\":\"R\u00e4ndr\u00fc\u00fctel HP O\u00dc\",\"foundingDate\":\"1997-05-13\",\"leiCode\":\"9845007FC4HB963C8D65\",\"numberOfEmployees\":{\"@type\":\"QuantitativeValue\",\"minValue\":\"1\",\"maxValue\":\"10\"},\"telephone\":[\"+372 5543239\",\"+372 58812360\"],\"contactPoint\":{\"@type\":\"ContactPoint\",\"telephone\":\"+372 5543239\",\"email\":\"kaminakeskus@gmail.com\"},\"email\":\"kaminakeskus@gmail.com\",\"vatID\":\"EE100831739\",\"taxID\":\"10208374\"}]}<\/script>\n<!-- \/ Yoast SEO Premium plugin. -->","yoast_head_json":{"title":"KaminaKeskus","description":"Kaminate, pliitide, ahjude ja korstnate m\u00fc\u00fck","robots":{"index":"index","follow":"follow","max-snippet":"max-snippet:-1","max-image-preview":"max-image-preview:large","max-video-preview":"max-video-preview:-1"},"canonical":"https:\/\/www.kaminakeskus.ee\/lv\/lincar-stoves\/","og_locale":"lv_LV","og_type":"article","og_title":"LINCAR STOVES - Kaminakeskus | Kaminad, Ahjud, Pliidid, Saunaahjud, Korstnad, Katlad","og_description":"Kaminate, pliitide, ahjude ja korstnate m\u00fc\u00fck","og_url":"https:\/\/www.kaminakeskus.ee\/lv\/lincar-stoves\/","og_site_name":"Kaminakeskus | Kaminad, Ahjud, Pliidid, Saunaahjud, Korstnad, Katlad","article_publisher":"https:\/\/www.facebook.com\/kaminakeskus\/yoast","article_modified_time":"2021-09-02T16:09:50+00:00","twitter_card":"summary_large_image","twitter_misc":{"Est. reading time":"6 min\u016btes"},"schema":{"@context":"https:\/\/schema.org","@graph":[{"@type":"WebPage","@id":"https:\/\/www.kaminakeskus.ee\/lv\/lincar-stoves\/","url":"https:\/\/www.kaminakeskus.ee\/lv\/lincar-stoves\/","name":"KaminaKeskus","isPartOf":{"@id":"https:\/\/www.kaminakeskus.ee\/lv\/#website"},"datePublished":"2021-08-29T08:36:40+00:00","dateModified":"2021-09-02T16:09:50+00:00","description":"Kaminate, pliitide, ahjude ja korstnate m\u00fc\u00fck","breadcrumb":{"@id":"https:\/\/www.kaminakeskus.ee\/lv\/lincar-stoves\/#breadcrumb"},"inLanguage":"lv-LV","potentialAction":[{"@type":"ReadAction","target":["https:\/\/www.kaminakeskus.ee\/lv\/lincar-stoves\/"]}]},{"@type":"BreadcrumbList","@id":"https:\/\/www.kaminakeskus.ee\/lv\/lincar-stoves\/#breadcrumb","itemListElement":[{"@type":"ListItem","position":1,"name":"Home","item":"https:\/\/www.kaminakeskus.ee\/lv\/"},{"@type":"ListItem","position":2,"name":"LINCAR STOVES"}]},{"@type":"WebSite","@id":"https:\/\/www.kaminakeskus.ee\/lv\/#website","url":"https:\/\/www.kaminakeskus.ee\/lv\/","name":"Kaminakeskus | Kaminad, Ahjud, Pliidid, Saunaahjud, Korstnad, Korsten, Moodulkorsten, Katlad","description":"Kamin Kaminad Ahi Ahjud Pliit Pliidid Korstnad Katlad","publisher":{"@id":"https:\/\/www.kaminakeskus.ee\/lv\/#organization"},"potentialAction":[{"@type":"SearchAction","target":{"@type":"EntryPoint","urlTemplate":"https:\/\/www.kaminakeskus.ee\/lv\/?s={search_term_string}"},"query-input":{"@type":"PropertyValueSpecification","valueRequired":true,"valueName":"search_term_string"}}],"inLanguage":"lv-LV"},{"@type":["Organization","Place"],"@id":"https:\/\/www.kaminakeskus.ee\/lv\/#organization","name":"R\u00e4ndr\u00fc\u00fctel HP O\u00dc","alternateName":"KaminaKeskus","url":"https:\/\/www.kaminakeskus.ee\/","logo":{"@type":"ImageObject","inLanguage":"lv-LV","@id":"https:\/\/www.kaminakeskus.ee\/lv\/#\/schema\/logo\/image\/","url":"https:\/\/www.kaminakeskus.ee\/wp-content\/uploads\/2026\/02\/Kaminakeskus-logo-1-1.jpg","contentUrl":"https:\/\/www.kaminakeskus.ee\/wp-content\/uploads\/2026\/02\/Kaminakeskus-logo-1-1.jpg","width":2068,"height":532,"caption":"R\u00e4ndr\u00fc\u00fctel HP O\u00dc"},"image":{"@id":"https:\/\/www.kaminakeskus.ee\/lv\/#\/schema\/logo\/image\/"},"sameAs":["https:\/\/www.facebook.com\/kaminakeskus\/yoast"],"description":"Sales of fireplaces, chimneys and related goods. Kaminate, ahjude, pliitide, korstnate ja nendega seotud toodete m\u00fc\u00fck.","legalName":"R\u00e4ndr\u00fc\u00fctel HP O\u00dc","foundingDate":"1997-05-13","leiCode":"9845007FC4HB963C8D65","numberOfEmployees":{"@type":"QuantitativeValue","minValue":"1","maxValue":"10"},"telephone":["+372 5543239","+372 58812360"],"contactPoint":{"@type":"ContactPoint","telephone":"+372 5543239","email":"kaminakeskus@gmail.com"},"email":"kaminakeskus@gmail.com","vatID":"EE100831739","taxID":"10208374"}]}},"_links":{"self":[{"href":"https:\/\/www.kaminakeskus.ee\/lv\/wp-json\/wp\/v2\/pages\/54588","targetHints":{"allow":["GET"]}}],"collection":[{"href":"https:\/\/www.kaminakeskus.ee\/lv\/wp-json\/wp\/v2\/pages"}],"about":[{"href":"https:\/\/www.kaminakeskus.ee\/lv\/wp-json\/wp\/v2\/types\/page"}],"author":[{"embeddable":true,"href":"https:\/\/www.kaminakeskus.ee\/lv\/wp-json\/wp\/v2\/users\/3"}],"replies":[{"embeddable":true,"href":"https:\/\/www.kaminakeskus.ee\/lv\/wp-json\/wp\/v2\/comments?post=54588"}],"version-history":[{"count":5,"href":"https:\/\/www.kaminakeskus.ee\/lv\/wp-json\/wp\/v2\/pages\/54588\/revisions"}],"predecessor-version":[{"id":55473,"href":"https:\/\/www.kaminakeskus.ee\/lv\/wp-json\/wp\/v2\/pages\/54588\/revisions\/55473"}],"wp:attachment":[{"href":"https:\/\/www.kaminakeskus.ee\/lv\/wp-json\/wp\/v2\/media?parent=54588"}],"curies":[{"name":"wp","href":"https:\/\/api.w.org\/{rel}","templated":true}]}}